{"id":8593,"date":"2024-07-22T11:47:57","date_gmt":"2024-07-22T09:47:57","guid":{"rendered":"https:\/\/petiteceinture.org\/?page_id=8593"},"modified":"2024-07-22T11:47:57","modified_gmt":"2024-07-22T09:47:57","slug":"23-juillet-1934-adieu-service-voyageurs","status":"publish","type":"page","link":"https:\/\/petiteceinture.org\/en\/la-ligne\/histoire-petite-ceinture\/23-juillet-1934-adieu-service-voyageurs\/","title":{"rendered":"23 juillet 1934&nbsp;: l\u2019adieu au service voyageurs de la Petite Ceinture"},"content":{"rendered":"<p>Juillet 1934&nbsp;: sans un bruit, les <strong>trains de voyageurs<\/strong> de la Petite Ceinture faisaient leurs <strong>adieux<\/strong>. Dans cet article, paru dans l\u2019hebdomadaire <strong>\u00ab&nbsp;Le Miroir du Monde&nbsp;\u00bb<\/strong> dat\u00e9 du <strong>4 ao\u00fbt 1934<\/strong>, l\u2019auteur relate son <strong>premier (et dernier) voyage<\/strong> \u00e0 bord d\u2019un train de Ceinture, de <strong>Courcelles-Ceinture<\/strong> jusqu\u2019\u00e0 <strong>Auteuil-Boulogne<\/strong>. Un r\u00e9cit touchant, o\u00f9 se m\u00ealent t\u00e9moignages d\u2019habitu\u00e9s et observations sur les lieux travers\u00e9s.<\/p>\n\n\n\n<figure class=\"wp-block-image size-full\"><img fetchpriority=\"high\" decoding=\"async\" width=\"1024\" height=\"646\" src=\"https:\/\/petiteceinture.org\/wp-content\/uploads\/2024\/07\/Courcelles-Ceinture_2.jpg\" alt=\"Service voyageurs Petite Ceinture Courcelles-Ceinture\" class=\"wp-image-8618\" srcset=\"https:\/\/petiteceinture.org\/wp-content\/uploads\/2024\/07\/Courcelles-Ceinture_2.jpg 1024w, https:\/\/petiteceinture.org\/wp-content\/uploads\/2024\/07\/Courcelles-Ceinture_2-300x189.jpg 300w, https:\/\/petiteceinture.org\/wp-content\/uploads\/2024\/07\/Courcelles-Ceinture_2-768x485.jpg 768w\" sizes=\"(max-width: 1024px) 100vw, 1024px\"><\/figure>\n\n\n\n<p><em><span style=\"text-decoration: underline;\">Notes<\/span>&nbsp;: plusieurs \u00e9l\u00e9ments de contexte sont explicit\u00e9s dans la partie \u00ab&nbsp;Notes et r\u00e9f\u00e9rences&nbsp;\u00bb au bas de cet article.<\/em><\/p>\n\n\n\n<blockquote class=\"wp-block-quote is-layout-flow wp-block-quote-is-layout-flow\">\n<p>Le bruit courait que le chemin de fer de la Petite Ceinture allait dispara\u00eetre. Rumeur fond\u00e9e&nbsp;; une signature en as d\u2019une d\u00e9cision du Conseil Municipal et ces trains, chers aux vieux Parisiens, ont v\u00e9cu<sup data-fn=\"d69c6393-cac8-427e-ad86-ca23feceb1da\" class=\"fn\"><a id=\"d69c6393-cac8-427e-ad86-ca23feceb1da-link\" href=\"#d69c6393-cac8-427e-ad86-ca23feceb1da\">1<\/a><\/sup>\u2026<\/p>\n\n\n\n<p>Voil\u00e0 pourquoi je me suis pay\u00e9 un billet de vingt-cinq sous \u00e0 la gare de Courcelles-Ceinture<sup data-fn=\"b6cb4f78-7a9a-425d-bce9-1abd9686e2e7\" class=\"fn\"><a id=\"b6cb4f78-7a9a-425d-bce9-1abd9686e2e7-link\" href=\"#b6cb4f78-7a9a-425d-bce9-1abd9686e2e7\">2<\/a><\/sup> afin de partir pour un grand, grand voyage\u2026 Un des derniers, h\u00e9las&nbsp;!<\/p>\n\n\n\n<p>La gare a un aspect paisible et provincial qui \u00e9tonne. On ne s\u2019attend pas \u00e0 voir, par-dessus le d\u00e9blai, la perspective nette de beaux immeubles modernes. Le quai rappelle une vague station de sous-pr\u00e9fecture. Peu de monde, \u00e0 part trois ou quatre employ\u00e9s de chemin de fer qui font la causette&nbsp;; l\u2019un porte sous le bras un drapeau rouge&nbsp;; un autre balance \u00e0 la main une lanterne de cuivre bien astiqu\u00e9e.&nbsp;<\/p>\n\n\n\n<p>Au bout d\u2019une rame de wagons, hal\u00e8te une locomotive poussive. Elle doit dater de 70<sup data-fn=\"faf50da1-410b-41f1-97a0-cf1983ce12ee\" class=\"fn\"><a id=\"faf50da1-410b-41f1-97a0-cf1983ce12ee-link\" href=\"#faf50da1-410b-41f1-97a0-cf1983ce12ee\">3<\/a><\/sup>.<\/p>\n\n\n\n<p><span class=\"dquo\">\u00ab<\/span> \u2013 En voiture&nbsp;!&nbsp;\u00bb Cri pouss\u00e9 gentiment, plus paternel qu\u2019imp\u00e9ratif. On attend les retardataires.&nbsp;<\/p>\n\n\n\n<p>C\u2019est une brave m\u00e9nag\u00e8re qui d\u00e9vale en trombe l\u2019escalier de bois. Une porti\u00e8re claque\u2026<\/p>\n\n\n\n<p>Le d\u00e9part n\u2019a rien de touchant. Le train s\u2019en va lentement, m\u00eame pas retenu par les amarres des poign\u00e9es de mains. D\u00e9cid\u00e9ment, la Ceinture n\u2019est pas une grande ligne. Pas de mouchoirs agit\u00e9s jusqu\u2019\u00e0 la courbe de la voie. Petite vitesse \u2013 comme les colis<sup data-fn=\"ea2dca97-af38-4283-ba9d-761cee25f7ec\" class=\"fn\"><a id=\"ea2dca97-af38-4283-ba9d-761cee25f7ec-link\" href=\"#ea2dca97-af38-4283-ba9d-761cee25f7ec\">4<\/a><\/sup>. Allure de \u00ab&nbsp;p\u00e8re peinard&nbsp;\u00bb\u2026. Tant mieux&nbsp;: on pourra contempler le paysage \u00e0 son&nbsp;aise.<\/p>\n\n\n\n<p>Dans mon compartiment, il y a un vieux monsieur qui fume la pipe, b\u00e9atement, les pieds pos\u00e9s sur la banquette. Apparence de petit rentier.<\/p>\n\n\n\n<p>Conversation&nbsp;:<\/p>\n\n\n\n<p><span class=\"dquo\">\u00ab<\/span> \u2013 Ils ne m\u2019emballent pas, ces trains\u2026&nbsp;\u00bb<\/p>\n\n\n\n<p>Regard de reproche et ton&nbsp;sec&nbsp;:<\/p>\n\n\n\n<p><span class=\"dquo\">\u00ab<\/span> \u2013 Mais il sont bien commodes\u2026Voil\u00e0 plus de quarante ans que je les prends\u2026<\/p>\n\n\n\n<p><span class=\"dquo\">\u00ab<\/span>&nbsp;\u2011Depuis leur cr\u00e9ation, alors&nbsp;?<\/p>\n\n\n\n<p><span class=\"dquo\">\u00ab<\/span> \u2013 Non, bien apr\u00e8s, la Ceinture date de 1867<sup data-fn=\"a49b8079-ff06-4223-86f6-2b43653ae40a\" class=\"fn\"><a id=\"a49b8079-ff06-4223-86f6-2b43653ae40a-link\" href=\"#a49b8079-ff06-4223-86f6-2b43653ae40a\">5<\/a><\/sup>.&nbsp;\u00bb<\/p>\n\n\n\n<p>La ligne suit les anciennes fortifications. Par endroit apparaissent des tron\u00e7ons de fortifs<sup data-fn=\"95e7ab54-676a-4c78-8c2e-0b66abfd43d4\" class=\"fn\"><a id=\"95e7ab54-676a-4c78-8c2e-0b66abfd43d4-link\" href=\"#95e7ab54-676a-4c78-8c2e-0b66abfd43d4\">6<\/a><\/sup>, en bas desquelles des grues spasmodiques dressent leurs carcasses d\u2019animaux pr\u00e9historiques, et des bastions militaires en d\u00e9molition.<\/p>\n\n\n\n<p>De temps en temps, le train s\u2019arr\u00eate. On crie les gares aux jolis noms d\u2019anciens villages&nbsp;: <a href=\"https:\/\/petiteceinture.org\/gares-petite-ceinture\/chapelle-saint-denis\/\">La Chapelle<\/a>, <a href=\"https:\/\/petiteceinture.org\/gares-petite-ceinture\/belleville-villette\/\">La Villette<\/a>, <a href=\"https:\/\/petiteceinture.org\/gares-petite-ceinture\/menilmontant\/\">M\u00e9nilmontant<\/a>\u2026 Oh&nbsp;! La pittoresque gare avec sa passerelle a\u00e9rienne et la toile de fond de ses maisons \u00e9tag\u00e9es en acropole.&nbsp;..<\/p>\n<\/blockquote>\n\n\n\n<figure class=\"wp-block-image size-large\"><img decoding=\"async\" width=\"1024\" height=\"637\" src=\"https:\/\/petiteceinture.org\/wp-content\/uploads\/2020\/12\/menilmontant-1024x637.jpg\" alt class=\"wp-image-2958\" srcset=\"https:\/\/petiteceinture.org\/wp-content\/uploads\/2020\/12\/menilmontant-1024x637.jpg 1024w, https:\/\/petiteceinture.org\/wp-content\/uploads\/2020\/12\/menilmontant-300x187.jpg 300w, https:\/\/petiteceinture.org\/wp-content\/uploads\/2020\/12\/menilmontant-768x478.jpg 768w, https:\/\/petiteceinture.org\/wp-content\/uploads\/2020\/12\/menilmontant.jpg 1400w\" sizes=\"(max-width: 1024px) 100vw, 1024px\"><figcaption class=\"wp-element-caption\">Un train circulaire de la Petite Ceinture, tir\u00e9 par une locomotive 030T, marque une halte \u00e0 M\u00e9nilmontant. Ce type de machine, inaugur\u00e9 en 1900, est typique du service voyageurs de la Petite Ceinture.<\/figcaption><\/figure>\n\n\n\n<blockquote class=\"wp-block-quote is-layout-flow wp-block-quote-is-layout-flow\">\n<p>Un couple d\u2019amoureux vient de monter. Il para\u00eet contrari\u00e9 de trouver des voyageurs. Il comptait \u00eatre tranquille durant le trajet et roucouler \u00e0 son&nbsp;aise.<\/p>\n\n\n\n<p>Un tunnel. \u00c0 la sortie, je remarque deux l\u00e8vres pourpres sur la joue du jeune homme. La Ceinture est la providence des tourtereaux en mal de baisers<sup data-fn=\"9ea6be67-01dd-43bd-bfbc-7285da757a55\" class=\"fn\"><a id=\"9ea6be67-01dd-43bd-bfbc-7285da757a55-link\" href=\"#9ea6be67-01dd-43bd-bfbc-7285da757a55\">7<\/a><\/sup>.&nbsp;<\/p>\n\n\n\n<p>Un virage en remblai, d\u2019o\u00f9 l\u2019on d\u00e9couvre le Sacr\u00e9-C\u0153ur embras\u00e9 par le soleil qui d\u00e9cline lentement au-dessus de Levallois ou de Neuilly\u2026<\/p>\n\n\n\n<p>\u00c0 la <a href=\"https:\/\/petiteceinture.org\/gares-petite-ceinture\/avenue-vincennes\/\">gare de Vincennes<\/a>, je change de compartiment. Il faut laisser la jeunesse \u00e0 ses&nbsp;jeux.&nbsp;<\/p>\n\n\n\n<p>Je suis seul. Je regarde le film du paysage. \u00c0 gauche, entrecoup\u00e9e de hautes constructions modernes, la zone de Montreuil<sup data-fn=\"8796263a-1c6e-4798-81c8-8f461190b0f8\" class=\"fn\"><a id=\"8796263a-1c6e-4798-81c8-8f461190b0f8-link\" href=\"#8796263a-1c6e-4798-81c8-8f461190b0f8\">8<\/a><\/sup>&nbsp;! masures aux toits de t\u00f4le ondul\u00e9e, roulottes de romanis s\u00e9dentaires, bouquets d\u2019arbres maigrichons et terrains vagues bord\u00e9s de planches.&nbsp;<\/p>\n\n\n\n<p>On enjambe la Seine sur le pont de Bercy<sup data-fn=\"3298a789-d0d0-4cb8-a0f6-5ac33e54ad52\" class=\"fn\"><a id=\"3298a789-d0d0-4cb8-a0f6-5ac33e54ad52-link\" href=\"#3298a789-d0d0-4cb8-a0f6-5ac33e54ad52\">9<\/a><\/sup>. Les quais ont l\u2019air d\u2019\u00e9tag\u00e8res \u00e0 tonneaux. Juch\u00e9s sur des tas de cailloux, des p\u00eacheurs&nbsp;\u00e0 la ligne,&nbsp;sto\u00efques, concentrent leur attention sur un bout de bouchon qui tangue. Ils maudissent le roulement de tonnerre du train qui risque d\u2019effrayer les poissons.&nbsp;<\/p>\n<\/blockquote>\n\n\n\n<figure class=\"wp-block-image size-large\"><img decoding=\"async\" width=\"1024\" height=\"784\" src=\"https:\/\/petiteceinture.org\/wp-content\/uploads\/2022\/02\/Petite-Ceinture-Pont-National-avant-transformation-Agence-Meurisse-1932-BNF-1024x784.jpeg\" alt class=\"wp-image-5575\" srcset=\"https:\/\/petiteceinture.org\/wp-content\/uploads\/2022\/02\/Petite-Ceinture-Pont-National-avant-transformation-Agence-Meurisse-1932-BNF-1024x784.jpeg 1024w, https:\/\/petiteceinture.org\/wp-content\/uploads\/2022\/02\/Petite-Ceinture-Pont-National-avant-transformation-Agence-Meurisse-1932-BNF-300x230.jpeg 300w, https:\/\/petiteceinture.org\/wp-content\/uploads\/2022\/02\/Petite-Ceinture-Pont-National-avant-transformation-Agence-Meurisse-1932-BNF-768x588.jpeg 768w, https:\/\/petiteceinture.org\/wp-content\/uploads\/2022\/02\/Petite-Ceinture-Pont-National-avant-transformation-Agence-Meurisse-1932-BNF.jpeg 1377w\" sizes=\"(max-width: 1024px) 100vw, 1024px\"><figcaption class=\"wp-element-caption\">Le Pont National, Agence Meurisse, 1932. Source&nbsp;: gallica.bnf.fr \/ Biblioth\u00e8que nationale de France<\/figcaption><\/figure>\n\n\n\n<blockquote class=\"wp-block-quote is-layout-flow wp-block-quote-is-layout-flow\">\n<p>Apr\u00e8s, entre le remblai et les mornes boulevards de la p\u00e9riph\u00e9rie, des jardinets plant\u00e9s de choux rabougris. Une usine \u00e0 gaz&nbsp;; de longues chemin\u00e9es.&nbsp;<\/p>\n\n\n\n<p>Arr\u00eat. On annonce&nbsp;: \u00ab&nbsp;Montsouris, Montsouris&nbsp;!&nbsp;\u00bb<\/p>\n\n\n\n<p>La porti\u00e8re de mon compartiment s\u2019ouvre. Une dame \u00e9l\u00e9gante s\u2019installe dans un angle. C\u2019est la premi\u00e8re femme seule \u2013 et jolie \u2013 que je voie monter depuis le d\u00e9part. En cours de route, le train a ramass\u00e9 quelques terrassiers ou gars du b\u00e2timent<sup data-fn=\"08f57873-baf8-4fad-ad67-bb82cd53556f\" class=\"fn\"><a id=\"08f57873-baf8-4fad-ad67-bb82cd53556f-link\" href=\"#08f57873-baf8-4fad-ad67-bb82cd53556f\">10<\/a><\/sup>.&nbsp;C\u2019est tout.<\/p>\n\n\n\n<p><span class=\"dquo\">\u00ab<\/span> \u2013 C\u2019est commode, cette&nbsp;ligne&nbsp;!&nbsp;\u00bb<\/p>\n\n\n\n<p>\u00c0 ces paroles, la voyageuse parfum\u00e9e a sorti son fin minois de derri\u00e8re son journal. Elle m\u2019a longuement d\u00e9visag\u00e9 avant de r\u00e9pondre&nbsp;:<\/p>\n\n\n\n<p><span class=\"dquo\">\u00ab<\/span> \u2013 Tr\u00e8s commode&nbsp;; je prends tous les jours le train de quatre heures pour aller \u00e0 Auteuil chercher ma fille \u00e0 la sortie du cours L\u2026 Il y a plus d\u2019air que dans le m\u00e9tro<sup data-fn=\"a9697bd2-8eda-4c92-bedf-cbc4ba9a9d03\" class=\"fn\"><a id=\"a9697bd2-8eda-4c92-bedf-cbc4ba9a9d03-link\" href=\"#a9697bd2-8eda-4c92-bedf-cbc4ba9a9d03\">11<\/a><\/sup> et \u00e7a co\u00fbte tr\u00e8s bon march\u00e9 lorsqu\u2019on a un abonnement\u2026&nbsp;\u00bb<\/p>\n\n\n\n<p>Grenelle d\u00e9roule ses murs noircis de fum\u00e9e. Et revoici la Seine que l\u2019on franchit sur le viaduc d\u2019Auteuil<sup data-fn=\"b54b05f9-1df2-41a8-bdf4-9c33323c0f09\" class=\"fn\"><a id=\"b54b05f9-1df2-41a8-bdf4-9c33323c0f09-link\" href=\"#b54b05f9-1df2-41a8-bdf4-9c33323c0f09\">12<\/a><\/sup>. Les lumi\u00e8res de la ville commencent de s\u2019allumer&nbsp;; la Tour Eiffel, au ventre tatou\u00e9 d\u2019aiguilles phosphorescentes, rappelle, selon le mot du po\u00e8te, une \u00ab&nbsp;berg\u00e8re de nuages&nbsp;\u00bb\u2026<\/p>\n<\/blockquote>\n\n\n\n<figure class=\"wp-block-image size-large\"><img loading=\"lazy\" decoding=\"async\" width=\"1024\" height=\"729\" src=\"https:\/\/petiteceinture.org\/wp-content\/uploads\/2024\/07\/Roger-Henrard-Viaduc-dAuteuil-Tour-Eiffel-1400-1024x729.jpg\" alt=\"Viaduc d'Auteuil Petite Ceinture Roger Henrard\" class=\"wp-image-8621\" srcset=\"https:\/\/petiteceinture.org\/wp-content\/uploads\/2024\/07\/Roger-Henrard-Viaduc-dAuteuil-Tour-Eiffel-1400-1024x729.jpg 1024w, https:\/\/petiteceinture.org\/wp-content\/uploads\/2024\/07\/Roger-Henrard-Viaduc-dAuteuil-Tour-Eiffel-1400-300x214.jpg 300w, https:\/\/petiteceinture.org\/wp-content\/uploads\/2024\/07\/Roger-Henrard-Viaduc-dAuteuil-Tour-Eiffel-1400-768x547.jpg 768w, https:\/\/petiteceinture.org\/wp-content\/uploads\/2024\/07\/Roger-Henrard-Viaduc-dAuteuil-Tour-Eiffel-1400.jpg 1400w\" sizes=\"(max-width: 1024px) 100vw, 1024px\"><figcaption class=\"wp-element-caption\">Vue a\u00e9rienne du Viaduc d\u2019Auteuil. Sur la droite du clich\u00e9, les usines Citro\u00ebn du quai de Javel. Roger Henrard, 1949. \u00a9 Mus\u00e9e Carnavalet.<\/figcaption><\/figure>\n\n\n\n<blockquote class=\"wp-block-quote is-layout-flow wp-block-quote-is-layout-flow\">\n<p><span class=\"dquo\">\u00ab<\/span> \u2013 Savez vous, Madame, que je prends ce train pour la premi\u00e8re fois&nbsp;?<\/p>\n\n\n\n<p><span class=\"dquo\">\u00ab<\/span> \u2013 Ah&nbsp;!\u2026 Et ce voyage vous&nbsp;pla\u00eet&nbsp;?<\/p>\n\n\n\n<p><span class=\"dquo\">\u00ab<\/span> \u2013 Comme un kal\u00e9idoscope magique\u2026 Des maisons sordides de Belleville aux riches buildings du boulevard Exelmans\u2026&nbsp;Le linge multicolore qui s\u00e8che aux fen\u00eatres et les terrasses garnies de tennis grillag\u00e9s<sup data-fn=\"eb846ffd-0336-441a-bc80-9671aa314278\" class=\"fn\"><a id=\"eb846ffd-0336-441a-bc80-9671aa314278-link\" href=\"#eb846ffd-0336-441a-bc80-9671aa314278\">13<\/a><\/sup>. Paris en raccourci en une s\u00e9ance permanente d\u2019une heure trois quarts\u2026<\/p>\n\n\n\n<p><span class=\"dquo\">\u00ab<\/span> \u2013 Vous consid\u00e9rez votre voyage comme un documentaire&nbsp;?<\/p>\n\n\n\n<p><span class=\"dquo\">\u00ab<\/span> \u2013 Exactement. Vous voyez, ce n\u2019est pas la peine de faire le tour du monde pour avoir des impressions neuves\u2026 La Ceinture de Paris m\u2019a&nbsp;suffi.&nbsp;<\/p>\n\n\n\n<p><span class=\"dquo\">\u00ab<\/span> \u2013 Vous \u00eates facile \u00e0 contenter.&nbsp;\u00bb<\/p>\n\n\n\n<p>\u2026Stop. Auteuil, terminus<sup data-fn=\"07b36ed6-5baa-4644-9a11-cc0bf821d509\" class=\"fn\"><a id=\"07b36ed6-5baa-4644-9a11-cc0bf821d509-link\" href=\"#07b36ed6-5baa-4644-9a11-cc0bf821d509\">14<\/a><\/sup>. Tout le monde descend\u2026<\/p>\n\n\n\n<p>Nous avons fait un beau voyage&nbsp;: et d\u2019autant plus s\u00e9duisant qu\u2019en vingt-cinq ans le seul accident survenu sur ce r\u00e9seau favoris\u00e9 des dieux a \u00e9t\u00e9 un tamponnement sous le tunnel de Charonne<sup data-fn=\"1e6cb983-bc1b-493f-8baf-fe2c6a0dcc1b\" class=\"fn\"><a id=\"1e6cb983-bc1b-493f-8baf-fe2c6a0dcc1b-link\" href=\"#1e6cb983-bc1b-493f-8baf-fe2c6a0dcc1b\">15<\/a><\/sup>\u2026<\/p>\n<\/blockquote>\n\n\n\n<p><strong>Jean Bazal<\/strong>. <\/p>\n\n\n\n<p>Article paru dans l\u2019hebdomadaire <strong>\u00ab&nbsp;Le Miroir du Monde&nbsp;\u00bb<\/strong>, num\u00e9ro 231, dat\u00e9 du 4 ao\u00fbt&nbsp;1934.<\/p>\n\n\n\n<h2 class=\"wp-block-heading\">Notes<\/h2>\n\n\n<ol class=\"wp-block-footnotes\"><li id=\"d69c6393-cac8-427e-ad86-ca23feceb1da\">Le Conseil Municipal n\u2019est pas le seul responsable&nbsp;: depuis longtemps, le <strong>Syndicat de Ceinture<\/strong> cherchait \u00e0 r\u00e9duire les co\u00fbts du service voyageurs de la PC. Le transfert vers la route est alors apparu comma la solution la plus \u00e9conomique \u2013 et la plus rationnelle. <a href=\"#d69c6393-cac8-427e-ad86-ca23feceb1da-link\" aria-label=\"Jump to footnote reference 1\">\u21a9\ufe0e<\/a><\/li><li id=\"b6cb4f78-7a9a-425d-bce9-1abd9686e2e7\">Ouverte en 1869, <strong>Courcelles-Ceinture<\/strong> fut pendant 65 ans la \u00ab&nbsp;gare-terminus&nbsp;\u00bb des trains de Ceinture. Une correspondance avec la gare de Courcelles-Levallois (<a href=\"https:\/\/petiteceinture.org\/la-ligne\/histoire-petite-ceinture\/ligne-dauteuil-rer-c-170-ans-histoire-ferroviaire\/\">ligne d\u2019Auteuil<\/a>) \u00e9tait assur\u00e9e via un passage souterrain. <a href=\"#b6cb4f78-7a9a-425d-bce9-1abd9686e2e7-link\" aria-label=\"Jump to footnote reference 2\">\u21a9\ufe0e<\/a><\/li><li id=\"faf50da1-410b-41f1-97a0-cf1983ce12ee\">1870. La locomotive mentionn\u00e9e est certainement une <strong>030T<\/strong> \u2013 v\u00e9ritable ic\u00f4ne de la Petite Ceinture. Ce type de machine entre en service entre 1900 et 1903&nbsp;: celles-ci ne sont pas aussi anciennes que ne le croit l\u2019auteur&nbsp;! <a href=\"#faf50da1-410b-41f1-97a0-cf1983ce12ee-link\" aria-label=\"Jump to footnote reference 3\">\u21a9\ufe0e<\/a><\/li><li id=\"ea2dca97-af38-4283-ba9d-761cee25f7ec\">Les marchandises transport\u00e9es sur la Petite Ceinture relevaient en effet du <strong>r\u00e9gime de la \u00ab&nbsp;petite vitesse&nbsp;\u00bb<\/strong>, d\u00e9signant des trains lourds et lents, recompos\u00e9s au gr\u00e9 des gares de triage. Pour en savoir plus sur la diff\u00e9rence petite\/grande vitesse, nous vous recommandons la lecture de <a href=\"https:\/\/docrail.fr\/les-regimes-ordinaire-et-accelere\/\">cet article<\/a> du site Docrail.fr. <a href=\"#ea2dca97-af38-4283-ba9d-761cee25f7ec-link\" aria-label=\"Jump to footnote reference 4\">\u21a9\ufe0e<\/a><\/li><li id=\"a49b8079-ff06-4223-86f6-2b43653ae40a\">On pourrait r\u00e9torquer que la Petite Ceinture Rive Droite est inaugur\u00e9e d\u00e8s <strong>1854<\/strong>, et que les trains de voyageurs y font (modestement) leurs premiers tours de roue en <strong>1862<\/strong>&nbsp;! <a href=\"#a49b8079-ff06-4223-86f6-2b43653ae40a-link\" aria-label=\"Jump to footnote reference 5\">\u21a9\ufe0e<\/a><\/li><li id=\"95e7ab54-676a-4c78-8c2e-0b66abfd43d4\">Les <a href=\"https:\/\/petiteceinture.org\/la-ligne\/histoire-petite-ceinture\/histoire-fortifications-peripherique\/\">Fortifications de Thiers<\/a> ont \u00e9t\u00e9 supprim\u00e9es graduellement en <strong>1921<\/strong>&nbsp;; lors de l\u2019\u00e9criture de cet article, 13 ans plus tard, certains bastions sont encore visibles. <a href=\"#95e7ab54-676a-4c78-8c2e-0b66abfd43d4-link\" aria-label=\"Jump to footnote reference 6\">\u21a9\ufe0e<\/a><\/li><li id=\"9ea6be67-01dd-43bd-bfbc-7285da757a55\">D\u2019apr\u00e8s certains t\u00e9moignages, les <strong>vo\u00fbtes du Viaduc d\u2019Auteuil<\/strong>, le long du boulevard Exelmans, servait \u00e9galement d\u2019abri aux couples en qu\u00eate de plus de discr\u00e9tion\u2026 <a href=\"#9ea6be67-01dd-43bd-bfbc-7285da757a55-link\" aria-label=\"Jump to footnote reference 7\">\u21a9\ufe0e<\/a><\/li><li id=\"8796263a-1c6e-4798-81c8-8f461190b0f8\">Entre la Porte de Saint-Mand\u00e9 et la Porte Dor\u00e9e. L\u2019auteur ne fait (h\u00e9las) pas mention de la <a href=\"https:\/\/petiteceinture.org\/gares-petite-ceinture\/bel-air-ceinture\/\">gare de Bel-Air<\/a> et du raccordement avec la <strong>ligne de Vincennes<\/strong>. <a href=\"#8796263a-1c6e-4798-81c8-8f461190b0f8-link\" aria-label=\"Jump to footnote reference 8\">\u21a9\ufe0e<\/a><\/li><li id=\"3298a789-d0d0-4cb8-a0f6-5ac33e54ad52\">L\u2019auteur a sans doute fait une erreur&nbsp;: le pont de Bercy est situ\u00e9 plus en aval, et fait passer la ligne 6 du m\u00e9tro sur son tablier sup\u00e9rieur&nbsp;; les voies de Ceinture, eux, traversent la Seine via le <a href=\"https:\/\/petiteceinture.org\/parcours-petite-ceinture\/pont-national-petite-ceinture-union-rives-seine\/\">Pont National<\/a>. <a href=\"#3298a789-d0d0-4cb8-a0f6-5ac33e54ad52-link\" aria-label=\"Jump to footnote reference 9\">\u21a9\ufe0e<\/a><\/li><li id=\"08f57873-baf8-4fad-ad67-bb82cd53556f\">La Ceinture \u00e9tait, en effet, une ligne souvent emprunt\u00e9e par des <strong>ouvriers<\/strong> \u2013 log\u00e9s notamment dans les <strong>HBM<\/strong> (immeubles en briques construits \u00e0 la place des Fortifications) <a href=\"#08f57873-baf8-4fad-ad67-bb82cd53556f-link\" aria-label=\"Jump to footnote reference 10\">\u21a9\ufe0e<\/a><\/li><li id=\"a9697bd2-8eda-4c92-bedf-cbc4ba9a9d03\">L\u2019un des principaux reproches adress\u00e9s au <strong>m\u00e9tro<\/strong> \u00e0 cette \u00e9poque \u00e9tait le manque d\u2019a\u00e9ration des stations et des tunnels. <a href=\"#a9697bd2-8eda-4c92-bedf-cbc4ba9a9d03-link\" aria-label=\"Jump to footnote reference 11\">\u21a9\ufe0e<\/a><\/li><li id=\"b54b05f9-1df2-41a8-bdf4-9c33323c0f09\">The <strong>Viaduc d\u2019Auteuil<\/strong> est (h\u00e9las !) d\u00e9moli <strong>entre 1958 et 1960<\/strong>. <a href=\"#b54b05f9-1df2-41a8-bdf4-9c33323c0f09-link\" aria-label=\"Jump to footnote reference 12\">\u21a9\ufe0e<\/a><\/li><li id=\"eb846ffd-0336-441a-bc80-9671aa314278\">L\u2019auteur fait sans doute r\u00e9f\u00e9rence aux tennis de la <a href=\"https:\/\/petiteceinture.org\/gares-petite-ceinture\/vaugirard-ceinture\/\">gare de Vaugirard<\/a>, destin\u00e9s aux cheminots <a href=\"#eb846ffd-0336-441a-bc80-9671aa314278-link\" aria-label=\"Jump to footnote reference 13\">\u21a9\ufe0e<\/a><\/li><li id=\"07b36ed6-5baa-4644-9a11-cc0bf821d509\">Depuis <strong>1915<\/strong>, les trains de Ceinture n\u2019empruntaient plus les voies de la <a href=\"https:\/\/petiteceinture.org\/la-ligne\/histoire-petite-ceinture\/ligne-dauteuil-rer-c-170-ans-histoire-ferroviaire\/\">ligne d\u2019Auteuil<\/a>, et n\u2019effectuaient que les 3\/4 de la boucle (Courcelles-Ceinture vers Auteuil via la Chapelle, la Rap\u00e9e-Bercy et Grenelle). <a href=\"#07b36ed6-5baa-4644-9a11-cc0bf821d509-link\" aria-label=\"Jump to footnote reference 14\">\u21a9\ufe0e<\/a><\/li><li id=\"1e6cb983-bc1b-493f-8baf-fe2c6a0dcc1b\">En <strong>1893<\/strong>, cet accident survenu dans le tunnel de Charonne (entre les gares de M\u00e9nilmontant et de Charonne, cause des blessures \u00e0 une soixantaine de passagers.  <a href=\"#1e6cb983-bc1b-493f-8baf-fe2c6a0dcc1b-link\" aria-label=\"Jump to footnote reference 15\">\u21a9\ufe0e<\/a><\/li><\/ol>","protected":false},"excerpt":{"rendered":"<p>Juillet 1934&nbsp;: sans un bruit, les trains de voyageurs de la Petite Ceinture faisaient leurs adieux. Dans cet article, paru dans l\u2019hebdomadaire \u00ab&nbsp;Le Miroir du Monde&nbsp;\u00bb dat\u00e9 du 4 ao\u00fbt 1934, l\u2019auteur relate son premier (et dernier) voyage \u00e0 bord d\u2019un train de Ceinture, de Courcelles-Ceinture jusqu\u2019\u00e0 Auteuil-Boulogne. Un r\u00e9cit touchant, o\u00f9 se m\u00ealent t\u00e9moignages d\u2019habitu\u00e9s et observations sur les lieux travers\u00e9s.<\/p>","protected":false},"author":4,"featured_media":8615,"parent":1715,"menu_order":19,"comment_status":"closed","ping_status":"closed","template":"","meta":{"wp_typography_post_enhancements_disabled":false,"ocean_post_layout":"right-sidebar","ocean_both_sidebars_style":"","ocean_both_sidebars_content_width":0,"ocean_both_sidebars_sidebars_width":0,"ocean_sidebar":"","ocean_second_sidebar":"","ocean_disable_margins":"enable","ocean_add_body_class":"","ocean_shortcode_before_top_bar":"","ocean_shortcode_after_top_bar":"","ocean_shortcode_before_header":"","ocean_shortcode_after_header":"","ocean_has_shortcode":"","ocean_shortcode_after_title":"","ocean_shortcode_before_footer_widgets":"","ocean_shortcode_after_footer_widgets":"","ocean_shortcode_before_footer_bottom":"","ocean_shortcode_after_footer_bottom":"","ocean_display_top_bar":"default","ocean_display_header":"on","ocean_header_style":"","ocean_center_header_left_menu":"","ocean_custom_header_template":"","ocean_custom_logo":0,"ocean_custom_retina_logo":0,"ocean_custom_logo_max_width":0,"ocean_custom_logo_tablet_max_width":0,"ocean_custom_logo_mobile_max_width":0,"ocean_custom_logo_max_height":0,"ocean_custom_logo_tablet_max_height":0,"ocean_custom_logo_mobile_max_height":0,"ocean_header_custom_menu":"","ocean_menu_typo_font_family":"","ocean_menu_typo_font_subset":"","ocean_menu_typo_font_size":0,"ocean_menu_typo_font_size_tablet":0,"ocean_menu_typo_font_size_mobile":0,"ocean_menu_typo_font_size_unit":"px","ocean_menu_typo_font_weight":"","ocean_menu_typo_font_weight_tablet":"","ocean_menu_typo_font_weight_mobile":"","ocean_menu_typo_transform":"","ocean_menu_typo_transform_tablet":"","ocean_menu_typo_transform_mobile":"","ocean_menu_typo_line_height":0,"ocean_menu_typo_line_height_tablet":0,"ocean_menu_typo_line_height_mobile":0,"ocean_menu_typo_line_height_unit":"","ocean_menu_typo_spacing":0,"ocean_menu_typo_spacing_tablet":0,"ocean_menu_typo_spacing_mobile":0,"ocean_menu_typo_spacing_unit":"","ocean_menu_link_color":"","ocean_menu_link_color_hover":"","ocean_menu_link_color_active":"","ocean_menu_link_background":"","ocean_menu_link_hover_background":"","ocean_menu_link_active_background":"","ocean_menu_social_links_bg":"","ocean_menu_social_hover_links_bg":"","ocean_menu_social_links_color":"","ocean_menu_social_hover_links_color":"","ocean_disable_title":"enable","ocean_disable_heading":"default","ocean_post_title":"","ocean_post_subheading":"","ocean_post_title_style":"background-image","ocean_post_title_background_color":"","ocean_post_title_background":8615,"ocean_post_title_bg_image_position":"","ocean_post_title_bg_image_attachment":"","ocean_post_title_bg_image_repeat":"","ocean_post_title_bg_image_size":"","ocean_post_title_height":0,"ocean_post_title_bg_overlay":0.5,"ocean_post_title_bg_overlay_color":"","ocean_disable_breadcrumbs":"default","ocean_breadcrumbs_color":"","ocean_breadcrumbs_separator_color":"","ocean_breadcrumbs_links_color":"","ocean_breadcrumbs_links_hover_color":"","ocean_display_footer_widgets":"default","ocean_display_footer_bottom":"default","ocean_custom_footer_template":"","ofc_meta_disable_footer_callout":"","ofc_meta_callout_button_url":"","ofc_meta_callout_button_txt":"","ofc_meta_callout_text":"","ofc_enable_fullscreen":"disable","ofc_fullscreen_speed":0,"ofc_fullscreen_nav":"enable","ofc_fullscreen_nav_pos":"right","ofc_fullscreen_nav_color":"","ofc_fullscreen_nav_tooltip_color":"","ofc_fullscreen_responsive":0,"footnotes":"[{\"content\":\"Le Conseil Municipal n'est pas le seul responsable : depuis longtemps, le <strong>Syndicat de Ceinture<\/strong> cherchait \u00e0 r\u00e9duire les co\u00fbts du service voyageurs de la PC. Le transfert vers la route est alors apparu comma la solution la plus \u00e9conomique \u2013 et la plus rationnelle.\",\"id\":\"d69c6393-cac8-427e-ad86-ca23feceb1da\"},{\"content\":\"Ouverte en 1869, <strong>Courcelles-Ceinture<\/strong> fut pendant 65 ans la \\\"gare-terminus\\\" des trains de Ceinture. Une correspondance avec la gare de Courcelles-Levallois (<a href=\\\"https:\/\/petiteceinture.org\/la-ligne\/histoire-petite-ceinture\/ligne-dauteuil-rer-c-170-ans-histoire-ferroviaire\/\\\">ligne d'Auteuil<\/a>) \u00e9tait assur\u00e9e via un passage souterrain.\",\"id\":\"b6cb4f78-7a9a-425d-bce9-1abd9686e2e7\"},{\"content\":\"1870. La locomotive mentionn\u00e9e est certainement une <strong>030T<\/strong> \u2013 v\u00e9ritable ic\u00f4ne de la Petite Ceinture. Ce type de machine entre en service entre 1900 et 1903 : celles-ci ne sont pas aussi anciennes que ne le croit l'auteur !\",\"id\":\"faf50da1-410b-41f1-97a0-cf1983ce12ee\"},{\"content\":\"Les marchandises transport\u00e9es sur la Petite Ceinture relevaient en effet du <strong>r\u00e9gime de la \\\"petite vitesse\\\"<\/strong>, d\u00e9signant des trains lourds et lents, recompos\u00e9s au gr\u00e9 des gares de triage. Pour en savoir plus sur la diff\u00e9rence petite\/grande vitesse, nous vous recommandons la lecture de <a href=\\\"https:\/\/docrail.fr\/les-regimes-ordinaire-et-accelere\/\\\">cet article<\/a> du site Docrail.fr.\",\"id\":\"ea2dca97-af38-4283-ba9d-761cee25f7ec\"},{\"content\":\"On pourrait r\u00e9torquer que la Petite Ceinture Rive Droite est inaugur\u00e9e d\u00e8s <strong>1854<\/strong>, et que les trains de voyageurs y font (modestement) leurs premiers tours de roue en <strong>1862<\/strong> !\",\"id\":\"a49b8079-ff06-4223-86f6-2b43653ae40a\"},{\"content\":\"Les <a href=\\\"https:\/\/petiteceinture.org\/la-ligne\/histoire-petite-ceinture\/histoire-fortifications-peripherique\/\\\">Fortifications de Thiers<\/a> ont \u00e9t\u00e9 supprim\u00e9es graduellement en <strong>1921<\/strong> ; lors de l'\u00e9criture de cet article, 13 ans plus tard, certains bastions sont encore visibles.\",\"id\":\"95e7ab54-676a-4c78-8c2e-0b66abfd43d4\"},{\"content\":\"D'apr\u00e8s certains t\u00e9moignages, les <strong>vo\u00fbtes du Viaduc d'Auteuil<\/strong>, le long du boulevard Exelmans, servait \u00e9galement d'abri aux couples en qu\u00eate de plus de discr\u00e9tion...\",\"id\":\"9ea6be67-01dd-43bd-bfbc-7285da757a55\"},{\"content\":\"Entre la Porte de Saint-Mand\u00e9 et la Porte Dor\u00e9e. L'auteur ne fait (h\u00e9las) pas mention de la <a href=\\\"https:\/\/petiteceinture.org\/gares-petite-ceinture\/bel-air-ceinture\/\\\">gare de Bel-Air<\/a> et du raccordement avec la <strong>ligne de Vincennes<\/strong>.\",\"id\":\"8796263a-1c6e-4798-81c8-8f461190b0f8\"},{\"content\":\"L'auteur a sans doute fait une erreur : le pont de Bercy est situ\u00e9 plus en aval, et fait passer la ligne 6 du m\u00e9tro sur son tablier sup\u00e9rieur ; les voies de Ceinture, eux, traversent la Seine via le <a href=\\\"https:\/\/petiteceinture.org\/parcours-petite-ceinture\/pont-national-petite-ceinture-union-rives-seine\/\\\">Pont National<\/a>.\",\"id\":\"3298a789-d0d0-4cb8-a0f6-5ac33e54ad52\"},{\"content\":\"La Ceinture \u00e9tait, en effet, une ligne souvent emprunt\u00e9e par des <strong>ouvriers<\/strong> \u2013 log\u00e9s notamment dans les <strong>HBM<\/strong> (immeubles en briques construits \u00e0 la place des Fortifications)\",\"id\":\"08f57873-baf8-4fad-ad67-bb82cd53556f\"},{\"content\":\"L'un des principaux reproches adress\u00e9s au <strong>m\u00e9tro<\/strong> \u00e0 cette \u00e9poque \u00e9tait le manque d'a\u00e9ration des stations et des tunnels.\",\"id\":\"a9697bd2-8eda-4c92-bedf-cbc4ba9a9d03\"},{\"content\":\"Le <strong>Viaduc d'Auteuil<\/strong> est (h\u00e9las !) d\u00e9moli <strong>entre 1958 et 1960<\/strong>.\",\"id\":\"b54b05f9-1df2-41a8-bdf4-9c33323c0f09\"},{\"content\":\"L'auteur fait sans doute r\u00e9f\u00e9rence aux tennis de la <a href=\\\"https:\/\/petiteceinture.org\/gares-petite-ceinture\/vaugirard-ceinture\/\\\">gare de Vaugirard<\/a>, destin\u00e9s aux cheminots\",\"id\":\"eb846ffd-0336-441a-bc80-9671aa314278\"},{\"content\":\"Depuis <strong>1915<\/strong>, les trains de Ceinture n'empruntaient plus les voies de la <a href=\\\"https:\/\/petiteceinture.org\/la-ligne\/histoire-petite-ceinture\/ligne-dauteuil-rer-c-170-ans-histoire-ferroviaire\/\\\">ligne d'Auteuil<\/a>, et n'effectuaient que les 3\/4 de la boucle (Courcelles-Ceinture vers Auteuil via la Chapelle, la Rap\u00e9e-Bercy et Grenelle).\",\"id\":\"07b36ed6-5baa-4644-9a11-cc0bf821d509\"},{\"content\":\"En <strong>1893<\/strong>, cet accident survenu dans le tunnel de Charonne (entre les gares de M\u00e9nilmontant et de Charonne, cause des blessures \u00e0 une soixantaine de passagers. \",\"id\":\"1e6cb983-bc1b-493f-8baf-fe2c6a0dcc1b\"}]"},"class_list":["post-8593","page","type-page","status-publish","has-post-thumbnail","hentry","entry","has-media"],"yoast_head":"<!-- This site is optimized with the Yoast SEO plugin v27.4 - https:\/\/yoast.com\/product\/yoast-seo-wordpress\/ -->\n<title>L&#039;adieu au service voyageurs de la Petite Ceinture - ASPCRF<\/title>\n<meta name=\"description\" content=\"Le 23 juillet 1934 la Petite Ceinture ferroviaire de Paris voit passer ses derniers trains circulaires de voyageurs. R\u00e9cit d&#039;un des derniers voyageurs.\" \/>\n<meta name=\"robots\" content=\"index, follow, max-snippet:-1, max-image-preview:large, max-video-preview:-1\" \/>\n<link rel=\"canonical\" href=\"https:\/\/petiteceinture.org\/en\/the-line\/histoire-petite-ceinture\/23-juillet-1934-adieu-service-voyageurs\/\" \/>\n<meta property=\"og:locale\" content=\"en_GB\" \/>\n<meta property=\"og:type\" content=\"article\" \/>\n<meta property=\"og:title\" content=\"L&#039;adieu au service voyageurs de la Petite Ceinture - ASPCRF\" \/>\n<meta property=\"og:description\" content=\"Le 23 juillet 1934 la Petite Ceinture ferroviaire de Paris voit passer ses derniers trains circulaires de voyageurs. R\u00e9cit d&#039;un des derniers voyageurs.\" \/>\n<meta property=\"og:url\" content=\"https:\/\/petiteceinture.org\/en\/the-line\/histoire-petite-ceinture\/23-juillet-1934-adieu-service-voyageurs\/\" \/>\n<meta property=\"og:site_name\" content=\"Association Sauvegarde Petite Ceinture\" \/>\n<meta property=\"article:publisher\" content=\"https:\/\/www.facebook.com\/pages\/Petite-Ceinture-Ferroviaire-de-Paris\/384748434945135\" \/>\n<meta property=\"og:image\" content=\"https:\/\/petiteceinture.org\/wp-content\/uploads\/2024\/07\/Albert-Dubois-dernier-train-circulaire-Auteuil-22-juillet-1934-C-HD.jpg\" \/>\n\t<meta property=\"og:image:width\" content=\"1200\" \/>\n\t<meta property=\"og:image:height\" content=\"783\" \/>\n\t<meta property=\"og:image:type\" content=\"image\/jpeg\" \/>\n<meta name=\"twitter:card\" content=\"summary_large_image\" \/>\n<meta name=\"twitter:site\" content=\"@aspcrf\" \/>\n<meta name=\"twitter:label1\" content=\"Estimated reading time\" \/>\n\t<meta name=\"twitter:data1\" content=\"2 minutes\" \/>\n<script type=\"application\/ld+json\" class=\"yoast-schema-graph\">{\"@context\":\"https:\\\/\\\/schema.org\",\"@graph\":[{\"@type\":\"WebPage\",\"@id\":\"https:\\\/\\\/petiteceinture.org\\\/la-ligne\\\/histoire-petite-ceinture\\\/23-juillet-1934-adieu-service-voyageurs\\\/\",\"url\":\"https:\\\/\\\/petiteceinture.org\\\/la-ligne\\\/histoire-petite-ceinture\\\/23-juillet-1934-adieu-service-voyageurs\\\/\",\"name\":\"L'adieu au service voyageurs de la Petite Ceinture - ASPCRF\",\"isPartOf\":{\"@id\":\"https:\\\/\\\/petiteceinture.org\\\/#website\"},\"primaryImageOfPage\":{\"@id\":\"https:\\\/\\\/petiteceinture.org\\\/la-ligne\\\/histoire-petite-ceinture\\\/23-juillet-1934-adieu-service-voyageurs\\\/#primaryimage\"},\"image\":{\"@id\":\"https:\\\/\\\/petiteceinture.org\\\/la-ligne\\\/histoire-petite-ceinture\\\/23-juillet-1934-adieu-service-voyageurs\\\/#primaryimage\"},\"thumbnailUrl\":\"https:\\\/\\\/petiteceinture.org\\\/wp-content\\\/uploads\\\/2024\\\/07\\\/Albert-Dubois-dernier-train-circulaire-Auteuil-22-juillet-1934-C-HD.jpg\",\"datePublished\":\"2024-07-22T09:47:57+00:00\",\"description\":\"Le 23 juillet 1934 la Petite Ceinture ferroviaire de Paris voit passer ses derniers trains circulaires de voyageurs. R\u00e9cit d'un des derniers voyageurs.\",\"breadcrumb\":{\"@id\":\"https:\\\/\\\/petiteceinture.org\\\/la-ligne\\\/histoire-petite-ceinture\\\/23-juillet-1934-adieu-service-voyageurs\\\/#breadcrumb\"},\"inLanguage\":\"en-GB\",\"potentialAction\":[{\"@type\":\"ReadAction\",\"target\":[\"https:\\\/\\\/petiteceinture.org\\\/la-ligne\\\/histoire-petite-ceinture\\\/23-juillet-1934-adieu-service-voyageurs\\\/\"]}]},{\"@type\":\"ImageObject\",\"inLanguage\":\"en-GB\",\"@id\":\"https:\\\/\\\/petiteceinture.org\\\/la-ligne\\\/histoire-petite-ceinture\\\/23-juillet-1934-adieu-service-voyageurs\\\/#primaryimage\",\"url\":\"https:\\\/\\\/petiteceinture.org\\\/wp-content\\\/uploads\\\/2024\\\/07\\\/Albert-Dubois-dernier-train-circulaire-Auteuil-22-juillet-1934-C-HD.jpg\",\"contentUrl\":\"https:\\\/\\\/petiteceinture.org\\\/wp-content\\\/uploads\\\/2024\\\/07\\\/Albert-Dubois-dernier-train-circulaire-Auteuil-22-juillet-1934-C-HD.jpg\",\"width\":1200,\"height\":783},{\"@type\":\"BreadcrumbList\",\"@id\":\"https:\\\/\\\/petiteceinture.org\\\/la-ligne\\\/histoire-petite-ceinture\\\/23-juillet-1934-adieu-service-voyageurs\\\/#breadcrumb\",\"itemListElement\":[{\"@type\":\"ListItem\",\"position\":1,\"name\":\"Accueil\",\"item\":\"https:\\\/\\\/petiteceinture.org\\\/\"},{\"@type\":\"ListItem\",\"position\":2,\"name\":\"La petite ceinture ferroviaire de paris\",\"item\":\"https:\\\/\\\/petiteceinture.org\\\/la-ligne\\\/\"},{\"@type\":\"ListItem\",\"position\":3,\"name\":\"Histoire de la Petite Ceinture\",\"item\":\"https:\\\/\\\/petiteceinture.org\\\/la-ligne\\\/histoire-petite-ceinture\\\/\"},{\"@type\":\"ListItem\",\"position\":4,\"name\":\"23 juillet 1934&nbsp;: l\u2019adieu au service voyageurs de la Petite Ceinture\"}]},{\"@type\":\"WebSite\",\"@id\":\"https:\\\/\\\/petiteceinture.org\\\/#website\",\"url\":\"https:\\\/\\\/petiteceinture.org\\\/\",\"name\":\"Association Sauvegarde Petite Ceinture\",\"description\":\"Association pour la Sauvegarde de la Petite Ceinture et de son r\u00e9seau ferr\u00e9\",\"publisher\":{\"@id\":\"https:\\\/\\\/petiteceinture.org\\\/#organization\"},\"potentialAction\":[{\"@type\":\"SearchAction\",\"target\":{\"@type\":\"EntryPoint\",\"urlTemplate\":\"https:\\\/\\\/petiteceinture.org\\\/?s={search_term_string}\"},\"query-input\":{\"@type\":\"PropertyValueSpecification\",\"valueRequired\":true,\"valueName\":\"search_term_string\"}}],\"inLanguage\":\"en-GB\"},{\"@type\":\"Organization\",\"@id\":\"https:\\\/\\\/petiteceinture.org\\\/#organization\",\"name\":\"Association Sauvegarde de la Petite Ceinture et de son R\u00e9seau Ferr\u00e9\",\"url\":\"https:\\\/\\\/petiteceinture.org\\\/\",\"logo\":{\"@type\":\"ImageObject\",\"inLanguage\":\"en-GB\",\"@id\":\"https:\\\/\\\/petiteceinture.org\\\/#\\\/schema\\\/logo\\\/image\\\/\",\"url\":\"https:\\\/\\\/petiteceinture.org\\\/wp-content\\\/uploads\\\/2020\\\/01\\\/Logo-SPC-fond-blanc-200.png\",\"contentUrl\":\"https:\\\/\\\/petiteceinture.org\\\/wp-content\\\/uploads\\\/2020\\\/01\\\/Logo-SPC-fond-blanc-200.png\",\"width\":200,\"height\":206,\"caption\":\"Association Sauvegarde de la Petite Ceinture et de son R\u00e9seau Ferr\u00e9\"},\"image\":{\"@id\":\"https:\\\/\\\/petiteceinture.org\\\/#\\\/schema\\\/logo\\\/image\\\/\"},\"sameAs\":[\"https:\\\/\\\/www.facebook.com\\\/pages\\\/Petite-Ceinture-Ferroviaire-de-Paris\\\/384748434945135\",\"https:\\\/\\\/x.com\\\/aspcrf\",\"https:\\\/\\\/www.instagram.com\\\/petiteceintureparis\",\"https:\\\/\\\/www.pinterest.fr\\\/petiteceintureparis\\\/\",\"https:\\\/\\\/www.youtube.com\\\/channel\\\/UC-HE5oJlzq506aGkEsaZzWA\"]}]}<\/script>\n<!-- \/ Yoast SEO plugin. -->","yoast_head_json":{"title":"L\u2019adieu au service voyageurs de la Petite Ceinture \u2013 ASPCRF","description":"Le 23 juillet 1934 la Petite Ceinture ferroviaire de Paris voit passer ses derniers trains circulaires de voyageurs. R\u00e9cit d\u2019un des derniers voyageurs.","robots":{"index":"index","follow":"follow","max-snippet":"max-snippet:-1","max-image-preview":"max-image-preview:large","max-video-preview":"max-video-preview:-1"},"canonical":"https:\/\/petiteceinture.org\/en\/the-line\/histoire-petite-ceinture\/23-juillet-1934-adieu-service-voyageurs\/","og_locale":"en_GB","og_type":"article","og_title":"L'adieu au service voyageurs de la Petite Ceinture - ASPCRF","og_description":"Le 23 juillet 1934 la Petite Ceinture ferroviaire de Paris voit passer ses derniers trains circulaires de voyageurs. R\u00e9cit d'un des derniers voyageurs.","og_url":"https:\/\/petiteceinture.org\/en\/the-line\/histoire-petite-ceinture\/23-juillet-1934-adieu-service-voyageurs\/","og_site_name":"Association Sauvegarde Petite Ceinture","article_publisher":"https:\/\/www.facebook.com\/pages\/Petite-Ceinture-Ferroviaire-de-Paris\/384748434945135","og_image":[{"width":1200,"height":783,"url":"https:\/\/petiteceinture.org\/wp-content\/uploads\/2024\/07\/Albert-Dubois-dernier-train-circulaire-Auteuil-22-juillet-1934-C-HD.jpg","type":"image\/jpeg"}],"twitter_card":"summary_large_image","twitter_site":"@aspcrf","twitter_misc":{"Estimated reading time":"2 minutes"},"schema":{"@context":"https:\/\/schema.org","@graph":[{"@type":"WebPage","@id":"https:\/\/petiteceinture.org\/la-ligne\/histoire-petite-ceinture\/23-juillet-1934-adieu-service-voyageurs\/","url":"https:\/\/petiteceinture.org\/la-ligne\/histoire-petite-ceinture\/23-juillet-1934-adieu-service-voyageurs\/","name":"L\u2019adieu au service voyageurs de la Petite Ceinture \u2013 ASPCRF","isPartOf":{"@id":"https:\/\/petiteceinture.org\/#website"},"primaryImageOfPage":{"@id":"https:\/\/petiteceinture.org\/la-ligne\/histoire-petite-ceinture\/23-juillet-1934-adieu-service-voyageurs\/#primaryimage"},"image":{"@id":"https:\/\/petiteceinture.org\/la-ligne\/histoire-petite-ceinture\/23-juillet-1934-adieu-service-voyageurs\/#primaryimage"},"thumbnailUrl":"https:\/\/petiteceinture.org\/wp-content\/uploads\/2024\/07\/Albert-Dubois-dernier-train-circulaire-Auteuil-22-juillet-1934-C-HD.jpg","datePublished":"2024-07-22T09:47:57+00:00","description":"Le 23 juillet 1934 la Petite Ceinture ferroviaire de Paris voit passer ses derniers trains circulaires de voyageurs. R\u00e9cit d\u2019un des derniers voyageurs.","breadcrumb":{"@id":"https:\/\/petiteceinture.org\/la-ligne\/histoire-petite-ceinture\/23-juillet-1934-adieu-service-voyageurs\/#breadcrumb"},"inLanguage":"en-GB","potentialAction":[{"@type":"ReadAction","target":["https:\/\/petiteceinture.org\/la-ligne\/histoire-petite-ceinture\/23-juillet-1934-adieu-service-voyageurs\/"]}]},{"@type":"ImageObject","inLanguage":"en-GB","@id":"https:\/\/petiteceinture.org\/la-ligne\/histoire-petite-ceinture\/23-juillet-1934-adieu-service-voyageurs\/#primaryimage","url":"https:\/\/petiteceinture.org\/wp-content\/uploads\/2024\/07\/Albert-Dubois-dernier-train-circulaire-Auteuil-22-juillet-1934-C-HD.jpg","contentUrl":"https:\/\/petiteceinture.org\/wp-content\/uploads\/2024\/07\/Albert-Dubois-dernier-train-circulaire-Auteuil-22-juillet-1934-C-HD.jpg","width":1200,"height":783},{"@type":"BreadcrumbList","@id":"https:\/\/petiteceinture.org\/la-ligne\/histoire-petite-ceinture\/23-juillet-1934-adieu-service-voyageurs\/#breadcrumb","itemListElement":[{"@type":"ListItem","position":1,"name":"Accueil","item":"https:\/\/petiteceinture.org\/"},{"@type":"ListItem","position":2,"name":"La petite ceinture ferroviaire de paris","item":"https:\/\/petiteceinture.org\/la-ligne\/"},{"@type":"ListItem","position":3,"name":"Histoire de la Petite Ceinture","item":"https:\/\/petiteceinture.org\/la-ligne\/histoire-petite-ceinture\/"},{"@type":"ListItem","position":4,"name":"23 juillet 1934&nbsp;: l\u2019adieu au service voyageurs de la Petite Ceinture"}]},{"@type":"WebSite","@id":"https:\/\/petiteceinture.org\/#website","url":"https:\/\/petiteceinture.org\/","name":"Association Sauvegarde Petite Ceinture","description":"Association for the Safeguarding of the Petite Ceinture and its Rail Network","publisher":{"@id":"https:\/\/petiteceinture.org\/#organization"},"potentialAction":[{"@type":"SearchAction","target":{"@type":"EntryPoint","urlTemplate":"https:\/\/petiteceinture.org\/?s={search_term_string}"},"query-input":{"@type":"PropertyValueSpecification","valueRequired":true,"valueName":"search_term_string"}}],"inLanguage":"en-GB"},{"@type":"Organization","@id":"https:\/\/petiteceinture.org\/#organization","name":"Association for the Safeguard of the Petite Ceinture and its Railway Network","url":"https:\/\/petiteceinture.org\/","logo":{"@type":"ImageObject","inLanguage":"en-GB","@id":"https:\/\/petiteceinture.org\/#\/schema\/logo\/image\/","url":"https:\/\/petiteceinture.org\/wp-content\/uploads\/2020\/01\/Logo-SPC-fond-blanc-200.png","contentUrl":"https:\/\/petiteceinture.org\/wp-content\/uploads\/2020\/01\/Logo-SPC-fond-blanc-200.png","width":200,"height":206,"caption":"Association Sauvegarde de la Petite Ceinture et de son R\u00e9seau Ferr\u00e9"},"image":{"@id":"https:\/\/petiteceinture.org\/#\/schema\/logo\/image\/"},"sameAs":["https:\/\/www.facebook.com\/pages\/Petite-Ceinture-Ferroviaire-de-Paris\/384748434945135","https:\/\/x.com\/aspcrf","https:\/\/www.instagram.com\/petiteceintureparis","https:\/\/www.pinterest.fr\/petiteceintureparis\/","https:\/\/www.youtube.com\/channel\/UC-HE5oJlzq506aGkEsaZzWA"]}]}},"_links":{"self":[{"href":"https:\/\/petiteceinture.org\/en\/wp-json\/wp\/v2\/pages\/8593","targetHints":{"allow":["GET"]}}],"collection":[{"href":"https:\/\/petiteceinture.org\/en\/wp-json\/wp\/v2\/pages"}],"about":[{"href":"https:\/\/petiteceinture.org\/en\/wp-json\/wp\/v2\/types\/page"}],"author":[{"embeddable":true,"href":"https:\/\/petiteceinture.org\/en\/wp-json\/wp\/v2\/users\/4"}],"replies":[{"embeddable":true,"href":"https:\/\/petiteceinture.org\/en\/wp-json\/wp\/v2\/comments?post=8593"}],"version-history":[{"count":12,"href":"https:\/\/petiteceinture.org\/en\/wp-json\/wp\/v2\/pages\/8593\/revisions"}],"predecessor-version":[{"id":8630,"href":"https:\/\/petiteceinture.org\/en\/wp-json\/wp\/v2\/pages\/8593\/revisions\/8630"}],"up":[{"embeddable":true,"href":"https:\/\/petiteceinture.org\/en\/wp-json\/wp\/v2\/pages\/1715"}],"wp:featuredmedia":[{"embeddable":true,"href":"https:\/\/petiteceinture.org\/en\/wp-json\/wp\/v2\/media\/8615"}],"wp:attachment":[{"href":"https:\/\/petiteceinture.org\/en\/wp-json\/wp\/v2\/media?parent=8593"}],"curies":[{"name":"wp","href":"https:\/\/api.w.org\/{rel}","templated":true}]}}