{"id":8416,"date":"2024-05-02T18:13:30","date_gmt":"2024-05-02T16:13:30","guid":{"rendered":"https:\/\/petiteceinture.org\/?page_id=8416"},"modified":"2024-08-12T13:14:21","modified_gmt":"2024-08-12T11:14:21","slug":"ligne-dauteuil-rer-c-170-ans-histoire-ferroviaire","status":"publish","type":"page","link":"https:\/\/petiteceinture.org\/en\/la-ligne\/histoire-petite-ceinture\/ligne-dauteuil-rer-c-170-ans-histoire-ferroviaire\/","title":{"rendered":"De la ligne d\u2019Auteuil au RER C&nbsp;: 170 ans d\u2019histoire ferroviaire"},"content":{"rendered":"\n<p>Inaugur\u00e9e le <strong>2 mai 1854<\/strong>, la ligne d&rsquo;Auteuil f\u00eate son<strong> 170e anniversaire<\/strong>. De sa naissance \u00e0 son int\u00e9gration \u00e0 la branche \u00ab\u00a0VMI\u00a0\u00bb du <strong>RER C<\/strong>, son histoire est \u00e9troitement li\u00e9e \u00e0 celle la <strong>Petite Ceinture ferroviaire<\/strong>. D\u00e9couvrez avec nous l&rsquo;histoire passionnante de cette <strong>ligne mythique<\/strong> <strong>de l&rsquo;ouest parisien<\/strong>, qui peut \u00eatre consid\u00e9r\u00e9e comme le <strong>v\u00e9ritable anc\u00eatre du m\u00e9tro<\/strong>&#8230; et dont 4 des gares sont toujours actives aujourd&rsquo;hui !<\/p>\n\n\n\n<figure class=\"wp-block-image size-large\"><img fetchpriority=\"high\" decoding=\"async\" width=\"1024\" height=\"654\" src=\"https:\/\/petiteceinture.org\/wp-content\/uploads\/2024\/05\/Maarten-van-der-Velden-Auteuil-080984-1024x654.jpg\" alt=\"Ligne d'Auteuil\" class=\"wp-image-8480\" srcset=\"https:\/\/petiteceinture.org\/wp-content\/uploads\/2024\/05\/Maarten-van-der-Velden-Auteuil-080984-1024x654.jpg 1024w, https:\/\/petiteceinture.org\/wp-content\/uploads\/2024\/05\/Maarten-van-der-Velden-Auteuil-080984-300x192.jpg 300w, https:\/\/petiteceinture.org\/wp-content\/uploads\/2024\/05\/Maarten-van-der-Velden-Auteuil-080984-768x491.jpg 768w, https:\/\/petiteceinture.org\/wp-content\/uploads\/2024\/05\/Maarten-van-der-Velden-Auteuil-080984-1536x982.jpg 1536w, https:\/\/petiteceinture.org\/wp-content\/uploads\/2024\/05\/Maarten-van-der-Velden-Auteuil-080984.jpg 1610w\" sizes=\"(max-width: 1024px) 100vw, 1024px\" \/><figcaption class=\"wp-element-caption\">Une rame Standard \u00e0 son terminus d&rsquo;Auteuil-Boulogne, le 8 septembre 1984. Cr\u00e9dit photo : <a href=\"https:\/\/www.flickr.com\/photos\/154547444@N06\/\">Maarten van der Velden<\/a>.<\/figcaption><\/figure>\n\n\n\n<h2 class=\"wp-block-heading\">1852-1854&nbsp;: aux origines de la ligne d\u2019Auteuil<\/h2>\n\n\n\n<p>L&rsquo;histoire de la ligne d&rsquo;Auteuil est indissociable des fr\u00e8res <strong>Emile et Isaac Pereire<\/strong>. Ces deux banquiers avis\u00e9s, d\u00e9j\u00e0 \u00e0 l&rsquo;origine de la ligne reliant depuis <strong>1837<\/strong> la ligne reliant Paris \u00e0 <strong>Saint-Germain-en-Laye<\/strong> via Le Pecq, d\u00e9cident de contribuer \u00e0 <strong>l&rsquo;am\u00e9nagement de l&rsquo;ouest parisien<\/strong>. La ligne d&rsquo;Auteuil est donc tout autant une <strong>ligne de chemin de fer<\/strong> qu&rsquo;un <strong>grand projet d&rsquo;urbanisme<\/strong>.<\/p>\n\n\n\n<figure class=\"wp-block-image size-large\"><img decoding=\"async\" width=\"1024\" height=\"766\" src=\"https:\/\/petiteceinture.org\/wp-content\/uploads\/2024\/05\/Chemin_de_Fer_Gare_de_.Bouffard_L_btv1b530353648_1-1024x766.jpeg\" alt=\"\" class=\"wp-image-8490\" srcset=\"https:\/\/petiteceinture.org\/wp-content\/uploads\/2024\/05\/Chemin_de_Fer_Gare_de_.Bouffard_L_btv1b530353648_1-1024x766.jpeg 1024w, https:\/\/petiteceinture.org\/wp-content\/uploads\/2024\/05\/Chemin_de_Fer_Gare_de_.Bouffard_L_btv1b530353648_1-300x224.jpeg 300w, https:\/\/petiteceinture.org\/wp-content\/uploads\/2024\/05\/Chemin_de_Fer_Gare_de_.Bouffard_L_btv1b530353648_1-768x575.jpeg 768w, https:\/\/petiteceinture.org\/wp-content\/uploads\/2024\/05\/Chemin_de_Fer_Gare_de_.Bouffard_L_btv1b530353648_1.jpeg 1409w\" sizes=\"(max-width: 1024px) 100vw, 1024px\" \/><figcaption class=\"wp-element-caption\">Comme en t\u00e9moigne cette carte de 1836, l&rsquo;actuelle gare Saint-Lazare aurait pu se trouver \u00e0 l&rsquo;angle de la rue Tronchet et de la rue des Mathurins. Dans cette configuration, le terminus lignes de Saint-Germain, de Versailles et d&rsquo;Auteuil aurait \u00e9t\u00e9 voisin de l&rsquo;\u00e9glise de la Madeline ! <\/figcaption><\/figure>\n\n\n\n<p>Visionnaires, les fr\u00e8res Pereire imaginent une <strong>vaste op\u00e9ration immobili\u00e8re<\/strong>. Les terrains de la <strong>Plaine Monceau<\/strong> sont <strong>achet\u00e9s \u00e0 vil prix.<\/strong> Une fois r\u00e9alis\u00e9e, la ligne de chemin de fer sert ainsi <strong>d&rsquo;argument de vente<\/strong> aux immeubles construits juste apr\u00e8s sur le nouveau boulevard Pereire.<\/p>\n\n\n\n<figure class=\"wp-block-image size-large\"><img decoding=\"async\" width=\"1024\" height=\"701\" src=\"https:\/\/petiteceinture.org\/wp-content\/uploads\/2024\/04\/Place-Pereire-1854-1400px-1024x701.jpg\" alt=\"Ligne d'Auteuil\" class=\"wp-image-8418\" srcset=\"https:\/\/petiteceinture.org\/wp-content\/uploads\/2024\/04\/Place-Pereire-1854-1400px-1024x701.jpg 1024w, https:\/\/petiteceinture.org\/wp-content\/uploads\/2024\/04\/Place-Pereire-1854-1400px-300x206.jpg 300w, https:\/\/petiteceinture.org\/wp-content\/uploads\/2024\/04\/Place-Pereire-1854-1400px-768x526.jpg 768w, https:\/\/petiteceinture.org\/wp-content\/uploads\/2024\/04\/Place-Pereire-1854-1400px.jpg 1400w\" sizes=\"(max-width: 1024px) 100vw, 1024px\" \/><figcaption class=\"wp-element-caption\">Les immeubles du boulevard Pereire n&rsquo;ont pas encore \u00e9t\u00e9 construits sur cette photo de 1854 : la gare de Courcelles-Levallois (actuelle Pereire-Levallois) se sent esseul\u00e9e&#8230;<\/figcaption><\/figure>\n\n\n\n<p>Le <strong>9 ao\u00fbt 1852<\/strong> est donc sign\u00e9 une <strong>convention<\/strong> avec le <strong>minist\u00e8re des Travaux Publics<\/strong>. La compagnie de Saint-Germain s\u2019engage ainsi \u00e0 construire <strong>\u00ab&nbsp;\u00e0 ses frais, risques et p\u00e9rils,<\/strong> un chemin de fer [\u2026] qui, se d\u00e9tachant de la ligne principale du chemin de fer de Paris \u00e0 Saint-Germain dans la commune des <strong>Batignolles<\/strong> [\u2026] se dirigera sur les communes de <strong>Neuilly<\/strong>, de <strong>Passy<\/strong> et <strong>d\u2019Auteuil&nbsp;\u00bb<\/strong>.<\/p>\n\n\n\n<p>Point notable&nbsp;: \u00e0 l\u2019origine, la totalit\u00e9 de la ligne est situ\u00e9e <strong>\u00e0 l\u2019ext\u00e9rieur de la ville de Paris<\/strong> \u2013 mais \u00e0 l\u2019int\u00e9rieur du cercle form\u00e9 par l\u2019enceinte de Thiers. Ce n\u2019est qu\u2019en <strong>1860<\/strong>, lorsque Paris prend ses dimensions actuelles, que la ligne d\u2019Auteuil est situ\u00e9e <strong>intra-muros<\/strong>.<\/p>\n\n\n\n<figure class=\"wp-block-image size-large\"><img loading=\"lazy\" decoding=\"async\" width=\"1024\" height=\"874\" src=\"https:\/\/petiteceinture.org\/wp-content\/uploads\/2024\/04\/Carte-Paris-1859-ligne-dAuteuil-Petite-Ceinture-1024x874.jpg\" alt=\"Ligne d'Auteuil\" class=\"wp-image-8417\" srcset=\"https:\/\/petiteceinture.org\/wp-content\/uploads\/2024\/04\/Carte-Paris-1859-ligne-dAuteuil-Petite-Ceinture-1024x874.jpg 1024w, https:\/\/petiteceinture.org\/wp-content\/uploads\/2024\/04\/Carte-Paris-1859-ligne-dAuteuil-Petite-Ceinture-300x256.jpg 300w, https:\/\/petiteceinture.org\/wp-content\/uploads\/2024\/04\/Carte-Paris-1859-ligne-dAuteuil-Petite-Ceinture-768x656.jpg 768w, https:\/\/petiteceinture.org\/wp-content\/uploads\/2024\/04\/Carte-Paris-1859-ligne-dAuteuil-Petite-Ceinture-1536x1311.jpg 1536w, https:\/\/petiteceinture.org\/wp-content\/uploads\/2024\/04\/Carte-Paris-1859-ligne-dAuteuil-Petite-Ceinture-2048x1748.jpg 2048w\" sizes=\"(max-width: 1024px) 100vw, 1024px\" \/><figcaption class=\"wp-element-caption\">Paris en 1859 : les fortifications de Thiers sont en rouge, les limites de Paris en bleu. La trac\u00e9 de la ligne d&rsquo;Auteuil est indiqu\u00e9 en vert, celui de la Petite Ceinture Rive Droite en orange.<\/figcaption><\/figure>\n\n\n\n<p>L\u2019Histoire a retenu les fr\u00e8res Pereire, qui ont impuls\u00e9 (et financ\u00e9) la construction de la ligne. On conna\u00eet moins le nom <strong>d\u2019Eug\u00e8ne Flachat<\/strong>, qui fut charg\u00e9 de la construction de la ligne (entre autres r\u00e9alisations).<\/p>\n\n\n\n<p>Gr\u00e2ce \u00e0 lui, la ligne d\u2019Auteuil ne comporte <strong>aucun passage \u00e0 niveau<\/strong> \u2013 ce qui constitue un grand progr\u00e8s par rapport \u00e0 la Petite Ceinture Rive Droite qui en comporte 10 entre les Batignolles et Bercy. Initialement pr\u00e9vu en viaduc, la ligne est \u00e9tablie en <strong>tranch\u00e9e ouverte<\/strong>, les rues et avenues passant au-dessus du chemin de fer <sup data-fn=\"f482afb6-90d4-4b05-a9d8-7c0f0fc7ecf3\" class=\"fn\"><a id=\"f482afb6-90d4-4b05-a9d8-7c0f0fc7ecf3-link\" href=\"#f482afb6-90d4-4b05-a9d8-7c0f0fc7ecf3\">1<\/a><\/sup>.<\/p>\n\n\n\n<figure class=\"wp-block-image size-full\"><img loading=\"lazy\" decoding=\"async\" width=\"1400\" height=\"879\" src=\"https:\/\/petiteceinture.org\/wp-content\/uploads\/2024\/04\/Courcelles-Levallois-train-venant-des-Batignolles-1400.jpg\" alt=\"Ligne d'Auteuil\" class=\"wp-image-8422\" srcset=\"https:\/\/petiteceinture.org\/wp-content\/uploads\/2024\/04\/Courcelles-Levallois-train-venant-des-Batignolles-1400.jpg 1400w, https:\/\/petiteceinture.org\/wp-content\/uploads\/2024\/04\/Courcelles-Levallois-train-venant-des-Batignolles-1400-300x188.jpg 300w, https:\/\/petiteceinture.org\/wp-content\/uploads\/2024\/04\/Courcelles-Levallois-train-venant-des-Batignolles-1400-1024x643.jpg 1024w, https:\/\/petiteceinture.org\/wp-content\/uploads\/2024\/04\/Courcelles-Levallois-train-venant-des-Batignolles-1400-768x482.jpg 768w\" sizes=\"(max-width: 1400px) 100vw, 1400px\" \/><figcaption class=\"wp-element-caption\">Fin XIXe si\u00e8cle : venant de la gare Saint-Lazare, un train de la ligne d&rsquo;Auteuil traverse la tranch\u00e9e Pereire.<\/figcaption><\/figure>\n\n\n\n<h2 class=\"wp-block-heading\">2 mai 1854&nbsp;: l\u2019inauguration de la ligne d\u2019Auteuil<\/h2>\n\n\n\n<p>Un train sp\u00e9cial est affr\u00e9t\u00e9 pour les membres du Conseil d\u2019Administration le 21 mars 1854. <strong>L\u2019inauguration officielle<\/strong>, pr\u00e9vue le 20 avril, a finalement lieu le <strong>2 mai 1854<\/strong> sous un temps pluvieux.<\/p>\n\n\n\n<p>Cependant, la ligne conna\u00eet tr\u00e8s rapidement un <strong>grand succ\u00e8s<\/strong>, les Parisiens \u00e9tant d\u00e9sireux de d\u00e9couvrir les <strong>embellissements du Bois de Boulogne<\/strong> vant\u00e9s par la presse et d\u2019assister aux courses \u00e0 <strong>l\u2019hippodrome de Longchamp<\/strong> (inaugur\u00e9 en 1857).&nbsp;&nbsp;Ce faisant, la ligne d\u2019Auteuil est <strong>la toute premi\u00e8re ligne de voyageurs de Paris<\/strong> <sup data-fn=\"872b8337-83bf-4d60-a168-963b23c58ff4\" class=\"fn\"><a id=\"872b8337-83bf-4d60-a168-963b23c58ff4-link\" href=\"#872b8337-83bf-4d60-a168-963b23c58ff4\">2<\/a><\/sup>, bien avant la construction du m\u00e9tro.<\/p>\n\n\n\n<figure class=\"wp-block-image size-large\"><img loading=\"lazy\" decoding=\"async\" width=\"1024\" height=\"640\" src=\"https:\/\/petiteceinture.org\/wp-content\/uploads\/2020\/07\/gare-saint-lazare-quai-de-ceinture-r-1024x640.jpg\" alt=\"Ligne d'Auteuil\" class=\"wp-image-1515\" srcset=\"https:\/\/petiteceinture.org\/wp-content\/uploads\/2020\/07\/gare-saint-lazare-quai-de-ceinture-r-1024x640.jpg 1024w, https:\/\/petiteceinture.org\/wp-content\/uploads\/2020\/07\/gare-saint-lazare-quai-de-ceinture-r-300x188.jpg 300w, https:\/\/petiteceinture.org\/wp-content\/uploads\/2020\/07\/gare-saint-lazare-quai-de-ceinture-r-768x480.jpg 768w, https:\/\/petiteceinture.org\/wp-content\/uploads\/2020\/07\/gare-saint-lazare-quai-de-ceinture-r.jpg 1152w\" sizes=\"(max-width: 1024px) 100vw, 1024px\" \/><figcaption class=\"wp-element-caption\">Gare Saint-Lazare<\/figcaption><\/figure>\n\n\n\n<p>Entre la gare Saint-Lazare et Auteuil, la ligne compte 6 gares interm\u00e9diaires&nbsp;:&nbsp;<\/p>\n\n\n\n<ul class=\"wp-block-list\">\n<li><strong>Batignolles<\/strong> (implant\u00e9e \u00e0 la demande de la commune du m\u00eame nom et renomm\u00e9 \u00ab&nbsp;Pont Cardinet&nbsp;\u00bb en 1919)<\/li>\n\n\n\n<li><strong>Courcelles-Levallois<\/strong> (renomm\u00e9e \u00ab&nbsp;Pereire-Levallois \u00bb en 1988)<\/li>\n\n\n\n<li><strong>Neuilly-Porte Maillot<\/strong><\/li>\n\n\n\n<li><strong>Avenue de l&rsquo;Imp\u00e9ratrice<\/strong> (renomm\u00e9e \u00ab&nbsp;Avenue Uhrich \u00bb en 1871, puis \u00ab&nbsp;Gare du Bois de Boulogne \u00bb, puis \u00ab&nbsp;Avenue Foch \u00bb en 1929)<\/li>\n\n\n\n<li><strong>Avenue du Trocad\u00e9ro<\/strong> (construite en 1877 et renomm\u00e9 \u00ab&nbsp;Avenue Henri-Martin&nbsp;\u00bb th\u00e9oriquement en 1885 et effectivement en 1900)<\/li>\n\n\n\n<li><strong>Passy-la-Muette<\/strong> (reconstruite en 1891)<\/li>\n<\/ul>\n\n\n<p><iframe width=\"100%\" height=\"400px\" frameborder=\"0\" allowfullscreen=\"\" allow=\"geolocation\" src=\"\/\/umap.openstreetmap.fr\/fr\/map\/petite-ceinture-ferroviaire-de-paris_420615?scaleControl=false&amp;miniMap=false&amp;scrollWheelZoom=false&amp;zoomControl=true&amp;editMode=disabled&amp;moreControl=false&amp;searchControl=null&amp;tilelayersControl=null&amp;embedControl=null&amp;datalayersControl=null&amp;onLoadPanel=none&amp;captionBar=false&amp;captionMenus=true&amp;datalayers=709ef4e1-c95e-46a9-b97f-c775d994fcbc%2Cef48efab-7118-4590-bdd8-7841ad99f786&amp;fullscreenControl=null#12\/48.8700\/2.2580\"><\/iframe><\/p>\n\n\n\n<p>Les <strong>gares<\/strong> et les quais sont <strong>enti\u00e8rement couverts<\/strong>. Les b\u00e2timents des voyageurs, simples et fonctionnels, sont plac\u00e9s <strong>\u00e0-cheval au-dessus des voies<\/strong>. Un style largement repris pour les gares de la <strong>Petite Ceinture Rive Gauche<\/strong> et de la <strong>ligne des Moulineaux<\/strong>. Seule la gare des <strong>Batignolles<\/strong> diff\u00e8re par son <strong>quai central<\/strong>.<\/p>\n\n\n\n<figure class=\"wp-block-image size-large\"><img loading=\"lazy\" decoding=\"async\" width=\"1024\" height=\"628\" src=\"https:\/\/petiteceinture.org\/wp-content\/uploads\/2024\/04\/Batignolles4-PS-1400-1024x628.jpg\" alt=\"Ligne d'Auteuil\" class=\"wp-image-8424\" srcset=\"https:\/\/petiteceinture.org\/wp-content\/uploads\/2024\/04\/Batignolles4-PS-1400-1024x628.jpg 1024w, https:\/\/petiteceinture.org\/wp-content\/uploads\/2024\/04\/Batignolles4-PS-1400-300x184.jpg 300w, https:\/\/petiteceinture.org\/wp-content\/uploads\/2024\/04\/Batignolles4-PS-1400-768x471.jpg 768w, https:\/\/petiteceinture.org\/wp-content\/uploads\/2024\/04\/Batignolles4-PS-1400.jpg 1400w\" sizes=\"(max-width: 1024px) 100vw, 1024px\" \/><figcaption class=\"wp-element-caption\">La gare des Batignolles (anc\u00eatre de la gare de Pont-Cardinet), premier arr\u00eate interm\u00e9diaire sur la ligne d&rsquo;Auteuil.<\/figcaption><\/figure>\n\n\n\n<h2 class=\"wp-block-heading\">1867-1900&nbsp;: croissance de la ligne d\u2019Auteuil et de la Petite Ceinture<\/h2>\n\n\n\n<p>Le <strong>succ\u00e8s de la ligne d\u2019Auteuil<\/strong> entra\u00eene son <strong>prolongement par le Sud<\/strong> jusqu\u2019\u00e0 la gare <strong>d\u2019Orl\u00e9ans<\/strong> (actuelle gare d\u2019Austerlitz), \u00e0 l\u2019occasion de <strong>l\u2019Exposition universelle de 1867<\/strong>. C\u2019est \u00e0 cette occasion que voit le jour le <strong>Viaduc d\u2019Auteuil<\/strong>&nbsp;: via la gare du Point-du-Jour, ce magnifique ouvrage d&rsquo;art permet aux trains de franchir la Seine entre Auteuil et Grenelle.<\/p>\n\n\n\n<figure class=\"wp-block-image size-large\"><img loading=\"lazy\" decoding=\"async\" width=\"1024\" height=\"653\" src=\"https:\/\/petiteceinture.org\/wp-content\/uploads\/2024\/04\/Viaduc-dAuteuil-CPA-1400-1024x653.jpg\" alt=\"Ligne d'Auteuil\" class=\"wp-image-8425\" srcset=\"https:\/\/petiteceinture.org\/wp-content\/uploads\/2024\/04\/Viaduc-dAuteuil-CPA-1400-1024x653.jpg 1024w, https:\/\/petiteceinture.org\/wp-content\/uploads\/2024\/04\/Viaduc-dAuteuil-CPA-1400-300x191.jpg 300w, https:\/\/petiteceinture.org\/wp-content\/uploads\/2024\/04\/Viaduc-dAuteuil-CPA-1400-768x490.jpg 768w, https:\/\/petiteceinture.org\/wp-content\/uploads\/2024\/04\/Viaduc-dAuteuil-CPA-1400.jpg 1400w\" sizes=\"(max-width: 1024px) 100vw, 1024px\" \/><\/figure>\n\n\n\n<p>La ligne d\u2019Auteuil est <strong>int\u00e9gr\u00e9e \u00e0 la Petite Ceinture<\/strong>, les trains pouvant relier la <strong>gare Saint-Lazare<\/strong> \u00e0 <a href=\"https:\/\/petiteceinture.org\/gares-petite-ceinture\/avenue-de-clichy\/\">l\u2019Avenue de Clichy<\/a>. Deux ans plus tard, en <strong>1869<\/strong>, les convois peuvent effectuer le tour complet de Paris, gr\u00e2ce \u00e0 l\u2019inauguration du <strong>raccordement de Courcelles<\/strong>.<\/p>\n\n\n\n<p>La gare de <strong>Courcelles-Ceinture<\/strong>, voisine de Courcelles-Levallois, devient le \u00ab&nbsp;terminus&nbsp;\u00bb des trains de Ceinture&nbsp;; de son c\u00f4t\u00e9, la gare <strong>d\u2019Auteuil-Boulogne<\/strong> est \u00e0 la fois le <strong>terminus <\/strong>des trains de la ligne d\u2019Auteuil et une <strong>gare de passage<\/strong> pour les trains de <strong>Ceinture<\/strong>.<\/p>\n\n\n\n<figure class=\"wp-block-image size-large\"><img loading=\"lazy\" decoding=\"async\" width=\"1024\" height=\"560\" src=\"https:\/\/petiteceinture.org\/wp-content\/uploads\/2024\/04\/Auteuil-Boulogne_correspondance_numero-62_Collection_Pereve-1400-1024x560.jpg\" alt=\"Ligne d'Auteuil\" class=\"wp-image-8426\" srcset=\"https:\/\/petiteceinture.org\/wp-content\/uploads\/2024\/04\/Auteuil-Boulogne_correspondance_numero-62_Collection_Pereve-1400-1024x560.jpg 1024w, https:\/\/petiteceinture.org\/wp-content\/uploads\/2024\/04\/Auteuil-Boulogne_correspondance_numero-62_Collection_Pereve-1400-300x164.jpg 300w, https:\/\/petiteceinture.org\/wp-content\/uploads\/2024\/04\/Auteuil-Boulogne_correspondance_numero-62_Collection_Pereve-1400-768x420.jpg 768w, https:\/\/petiteceinture.org\/wp-content\/uploads\/2024\/04\/Auteuil-Boulogne_correspondance_numero-62_Collection_Pereve-1400.jpg 1400w\" sizes=\"(max-width: 1024px) 100vw, 1024px\" \/><figcaption class=\"wp-element-caption\">Intense activit\u00e9 ferroviaire \u00e0 la gare d&rsquo;Auteuil-Boulogne vers 1905. Au premier plan, deux trains de la ligne d&rsquo;Auteuil sont gar\u00e9s sur les voies en butoir. Au second plan, le panache blanc est \u00e9mis par une locomotive en t\u00eate d&rsquo;un train de Ceinture.<\/figcaption><\/figure>\n\n\n\n<p>Devant l\u2019engouement autour de la ligne, les municipalit\u00e9s environnantes \u00e0 r\u00e9clament un <strong>prolongement au-del\u00e0 d\u2019Auteuil<\/strong>. En 1876, la Compagnie obtient une concession pour desservir l\u2019hippodrome. En 1886, les municipalit\u00e9s demandent un prolongement vers <strong>Suresnes<\/strong> et <strong>Saint-Cloud<\/strong> mais ces projets restent sans suite.<\/p>\n\n\n\n<p>Notons cependant que la ligne conna\u00eet des <strong>d\u00e9g\u00e2ts tr\u00e8s importants en 1871<\/strong> suite aux <strong>bombardements des \u00ab&nbsp;Versaillais&nbsp;\u00bb<\/strong> oppos\u00e9s aux insurg\u00e9s de la <strong>Commune<\/strong>. Les gares de la <strong>Porte Maillot<\/strong> et <strong>d\u2019Auteuil<\/strong> sont <strong>totalement d\u00e9truites<\/strong> et le <strong>Viaduc d\u2019Auteuil<\/strong> fortement <strong>endommag\u00e9<\/strong>. Toutefois, les r\u00e9parations sont rapidement effectu\u00e9es.<\/p>\n\n\n\n<figure class=\"wp-block-image size-large\"><img loading=\"lazy\" decoding=\"async\" width=\"1024\" height=\"660\" src=\"https:\/\/petiteceinture.org\/wp-content\/uploads\/2024\/04\/Gare-Auteuil-bombardee-1871-1024x660.jpg\" alt=\"Ligne d'Auteuil\" class=\"wp-image-8427\" srcset=\"https:\/\/petiteceinture.org\/wp-content\/uploads\/2024\/04\/Gare-Auteuil-bombardee-1871-1024x660.jpg 1024w, https:\/\/petiteceinture.org\/wp-content\/uploads\/2024\/04\/Gare-Auteuil-bombardee-1871-300x193.jpg 300w, https:\/\/petiteceinture.org\/wp-content\/uploads\/2024\/04\/Gare-Auteuil-bombardee-1871-768x495.jpg 768w, https:\/\/petiteceinture.org\/wp-content\/uploads\/2024\/04\/Gare-Auteuil-bombardee-1871.jpg 1400w\" sizes=\"(max-width: 1024px) 100vw, 1024px\" \/><figcaption class=\"wp-element-caption\">La gare d&rsquo;Auteuil-Boulogne au lendemain des bombardement des Versaillais, en 1871.<\/figcaption><\/figure>\n\n\n\n<h2 class=\"wp-block-heading\">La ligne d\u2019Auteuil et la gare des souverains<\/h2>\n\n\n\n<p>Il est difficile d\u2019\u00e9voquer l\u2019histoire de la ligne d\u2019Auteuil sans mentionner les nombreuses t\u00eates couronn\u00e9es qui y ont transit\u00e9. \u00c0 tel point que la <strong>gare du Bois de Boulogne<\/strong> (actuelle Avenue Foch) a pendant longtemps \u00e9t\u00e9 surnomm\u00e9e la <strong>\u00ab&nbsp;gare des souverains&nbsp;\u00bb<\/strong>. De m\u00eame, la voie ext\u00e9rieure, reli\u00e9e \u00e0 la Petite Ceinture via le raccordement de Courcelles, a \u00e9t\u00e9 surnomm\u00e9e <strong>\u00ab&nbsp;voie des souverains&nbsp;\u00bb<\/strong> pour cette m\u00eame raison.<\/p>\n\n\n\n<figure class=\"wp-block-image size-large\"><img loading=\"lazy\" decoding=\"async\" width=\"1024\" height=\"716\" src=\"https:\/\/petiteceinture.org\/wp-content\/uploads\/2024\/04\/Avenue_Bois_de_Boulogne_preparatifs_reception_Roi_Espagne_1400-1024x716.jpg\" alt=\"\" class=\"wp-image-8430\" srcset=\"https:\/\/petiteceinture.org\/wp-content\/uploads\/2024\/04\/Avenue_Bois_de_Boulogne_preparatifs_reception_Roi_Espagne_1400-1024x716.jpg 1024w, https:\/\/petiteceinture.org\/wp-content\/uploads\/2024\/04\/Avenue_Bois_de_Boulogne_preparatifs_reception_Roi_Espagne_1400-300x210.jpg 300w, https:\/\/petiteceinture.org\/wp-content\/uploads\/2024\/04\/Avenue_Bois_de_Boulogne_preparatifs_reception_Roi_Espagne_1400-768x537.jpg 768w, https:\/\/petiteceinture.org\/wp-content\/uploads\/2024\/04\/Avenue_Bois_de_Boulogne_preparatifs_reception_Roi_Espagne_1400.jpg 1400w\" sizes=\"(max-width: 1024px) 100vw, 1024px\" \/><figcaption class=\"wp-element-caption\">1905 : la gare de l&rsquo;Avenue Foch se pr\u00e9pare \u00e0 recevoir la visite du roi d&rsquo;Espagne.<\/figcaption><\/figure>\n\n\n\n<p>Le premier souverain \u00e0 inaugurer ce protocole est le <strong>Shah de Perse<\/strong> le <strong>6 juillet 1873<\/strong>. Point notable, il est re\u00e7u \u00e0 la gare de <strong>Passy<\/strong>, pavois\u00e9e sp\u00e9cialement \u00e0 cette occasion. En <strong>1896<\/strong>, le<strong> tsar de<\/strong> <strong>Russie Nicolas II<\/strong> y est \u00e9galement re\u00e7u. Un pavillon est construit expr\u00e8s&nbsp;: il est mentionn\u00e9 par la presse en tant que <strong>\u00ab&nbsp;gare du Ranelagh&nbsp;\u00bb<\/strong>.<\/p>\n\n\n\n<figure class=\"wp-block-image size-large\"><img loading=\"lazy\" decoding=\"async\" width=\"1024\" height=\"752\" src=\"https:\/\/petiteceinture.org\/wp-content\/uploads\/2024\/04\/Gare-Ranelagh-1896-Tsar-Nicolas-II-1024x752.jpg\" alt=\"\" class=\"wp-image-8428\" srcset=\"https:\/\/petiteceinture.org\/wp-content\/uploads\/2024\/04\/Gare-Ranelagh-1896-Tsar-Nicolas-II-1024x752.jpg 1024w, https:\/\/petiteceinture.org\/wp-content\/uploads\/2024\/04\/Gare-Ranelagh-1896-Tsar-Nicolas-II-300x220.jpg 300w, https:\/\/petiteceinture.org\/wp-content\/uploads\/2024\/04\/Gare-Ranelagh-1896-Tsar-Nicolas-II-768x564.jpg 768w, https:\/\/petiteceinture.org\/wp-content\/uploads\/2024\/04\/Gare-Ranelagh-1896-Tsar-Nicolas-II.jpg 1400w\" sizes=\"(max-width: 1024px) 100vw, 1024px\" \/><figcaption class=\"wp-element-caption\">Le pavillon provisoire de la gare de Passy, surnomm\u00e9 \u00ab\u00a0gare du Ranelagh\u00a0\u00bb, lors de l&rsquo;arriv\u00e9e du Tsar Nicolas II en 1896.<\/figcaption><\/figure>\n\n\n\n<p>Mais c\u2019est surtout la <strong>gare du Bois de Boulogne<\/strong> (Av. Foch) qui a vu passer le plus grand nombre de monarques&nbsp;:&nbsp;<\/p>\n\n\n\n<ul class=\"wp-block-list\">\n<li>1903&nbsp;: \u00c9douard VII, roi d\u2019Angleterre<\/li>\n\n\n\n<li>1905&nbsp;: Alphonse XIII, roi d\u2019Espagne<\/li>\n\n\n\n<li>1907&nbsp;: Fr\u00e9d\u00e9ric VIII, roi du Danemark<\/li>\n\n\n\n<li>1908&nbsp;: Victor-Emmanuel III, roi d\u2019Italie<\/li>\n\n\n\n<li>1918&nbsp;: Albert 1<sup>er<\/sup>, roi des Belges<\/li>\n\n\n\n<li>1919&nbsp;: Woodrow Wilson, pr\u00e9sident des \u00c9tats-Unis<\/li>\n\n\n\n<li>1922&nbsp;: empereur d\u2019Annam<\/li>\n\n\n\n<li>1938&nbsp;: Georges VI, roi d\u2019Angleterre<\/li>\n\n\n\n<li>1945&nbsp;: Bey de Tunis<\/li>\n\n\n\n<li>1950&nbsp;: Fr\u00e9d\u00e9ric IX, roi du Danemark<\/li>\n\n\n\n<li>1956&nbsp;: Mar\u00e9chal Tito<\/li>\n<\/ul>\n\n\n\n<figure class=\"wp-block-image size-large\"><img loading=\"lazy\" decoding=\"async\" width=\"1024\" height=\"1024\" src=\"https:\/\/petiteceinture.org\/wp-content\/uploads\/2024\/05\/Sardo-Edouard-VII-1024x1024.jpg\" alt=\"Ligne d'Auteuil\" class=\"wp-image-8469\" srcset=\"https:\/\/petiteceinture.org\/wp-content\/uploads\/2024\/05\/Sardo-Edouard-VII-1024x1024.jpg 1024w, https:\/\/petiteceinture.org\/wp-content\/uploads\/2024\/05\/Sardo-Edouard-VII-300x300.jpg 300w, https:\/\/petiteceinture.org\/wp-content\/uploads\/2024\/05\/Sardo-Edouard-VII-150x150.jpg 150w, https:\/\/petiteceinture.org\/wp-content\/uploads\/2024\/05\/Sardo-Edouard-VII-768x768.jpg 768w, https:\/\/petiteceinture.org\/wp-content\/uploads\/2024\/05\/Sardo-Edouard-VII-600x600.jpg 600w, https:\/\/petiteceinture.org\/wp-content\/uploads\/2024\/05\/Sardo-Edouard-VII.jpg 1400w\" sizes=\"(max-width: 1024px) 100vw, 1024px\" \/><figcaption class=\"wp-element-caption\">Edouard VII et le pr\u00e9sident Loubet se rendant \u00e0 l&rsquo;ambassade d&rsquo;Angleterre. Paris, 1903. Le convoi est vu devant le b\u00e2timent de la gare de l&rsquo;Avenue du Bois de Boulogne (actuelle Avenue Foch).<\/figcaption><\/figure>\n\n\n\n<h2 class=\"wp-block-heading\">1900&nbsp;: l\u2019apog\u00e9e de la ligne d\u2019Auteuil<\/h2>\n\n\n\n<p>En vue de <strong>l\u2019Exposition universelle<\/strong> de <strong>1900<\/strong>, la Compagnie des Chemins de fer de l\u2019Ouest <sup data-fn=\"b7bb24c2-6c3f-4149-895e-78b06287ac5b\" class=\"fn\"><a id=\"b7bb24c2-6c3f-4149-895e-78b06287ac5b-link\" href=\"#b7bb24c2-6c3f-4149-895e-78b06287ac5b\">3<\/a><\/sup>&nbsp;construit cependant le <strong>raccordement de Boulainvilliers<\/strong>. Entre <strong>Courcelles-Levallois<\/strong> et <strong>l\u2019Avenue Henri-Martin<\/strong>, la lignes passe \u00e9galement \u00e0 <strong>4 voies <\/strong>en rempla\u00e7ant les talus lat\u00e9raux par des murs droits de sout\u00e8nement.<\/p>\n\n\n\n<p>Au d\u00e9part de la <strong>gare Saint-Lazare<\/strong>, les trains peuvent ainsi se rendre directement au <strong>Champ de Mars<\/strong>. Au-del\u00e0 de la gare de l\u2019Av. Henri-Martin, les convois se d\u00e9tachent de la ligne d\u2019Auteuil en empruntant un <strong>saut de mouton<\/strong>.<\/p>\n\n\n\n<figure class=\"wp-block-image size-large\"><img loading=\"lazy\" decoding=\"async\" width=\"1024\" height=\"644\" src=\"https:\/\/petiteceinture.org\/wp-content\/uploads\/2024\/04\/Avenue-Henri-Martin-030T-Boer-1024x644.jpg\" alt=\"Ligne d'Auteuil\" class=\"wp-image-8431\" srcset=\"https:\/\/petiteceinture.org\/wp-content\/uploads\/2024\/04\/Avenue-Henri-Martin-030T-Boer-1024x644.jpg 1024w, https:\/\/petiteceinture.org\/wp-content\/uploads\/2024\/04\/Avenue-Henri-Martin-030T-Boer-300x189.jpg 300w, https:\/\/petiteceinture.org\/wp-content\/uploads\/2024\/04\/Avenue-Henri-Martin-030T-Boer-768x483.jpg 768w, https:\/\/petiteceinture.org\/wp-content\/uploads\/2024\/04\/Avenue-Henri-Martin-030T-Boer-1536x965.jpg 1536w, https:\/\/petiteceinture.org\/wp-content\/uploads\/2024\/04\/Avenue-Henri-Martin-030T-Boer.jpg 2048w\" sizes=\"(max-width: 1024px) 100vw, 1024px\" \/><figcaption class=\"wp-element-caption\">En t\u00eate d&rsquo;un train de Ceinture, une 030T Boer quitte la gare de l&rsquo;Avenue Henri-Martin et se dirige vers Passy-la-Muette. Le long des murs de sout\u00e8nement, on distingue les deux voies lat\u00e9rales du raccordement de Boulainvilliers.<\/figcaption><\/figure>\n\n\n\n<p>Ils traversent ensuite la gare monumentale de <strong>Boulainvilliers<\/strong> ainsi que la petite halte du Quai de Passy. Avant d\u2019arriver au terminus du Champ de Mars, ils traversent la Seine via un tr\u00e8s bel ouvrage en courbe&nbsp;: le <strong>Pont Rouelle<\/strong>.<\/p>\n\n\n\n<figure class=\"wp-block-gallery has-nested-images columns-default is-cropped wp-block-gallery-1 is-layout-flex wp-block-gallery-is-layout-flex\">\n<figure class=\"wp-block-image size-large\"><a href=\"https:\/\/petiteceinture.org\/wp-content\/uploads\/2024\/04\/Genie-Civil-Pont-Rouelle-expo-1900-1.jpg\"><img loading=\"lazy\" decoding=\"async\" width=\"1024\" height=\"701\" data-id=\"8434\" src=\"https:\/\/petiteceinture.org\/wp-content\/uploads\/2024\/04\/Genie-Civil-Pont-Rouelle-expo-1900-1-1024x701.jpg\" alt=\"\" class=\"wp-image-8434\" srcset=\"https:\/\/petiteceinture.org\/wp-content\/uploads\/2024\/04\/Genie-Civil-Pont-Rouelle-expo-1900-1-1024x701.jpg 1024w, https:\/\/petiteceinture.org\/wp-content\/uploads\/2024\/04\/Genie-Civil-Pont-Rouelle-expo-1900-1-300x205.jpg 300w, https:\/\/petiteceinture.org\/wp-content\/uploads\/2024\/04\/Genie-Civil-Pont-Rouelle-expo-1900-1-768x526.jpg 768w, https:\/\/petiteceinture.org\/wp-content\/uploads\/2024\/04\/Genie-Civil-Pont-Rouelle-expo-1900-1.jpg 1410w\" sizes=\"(max-width: 1024px) 100vw, 1024px\" \/><\/a><\/figure>\n\n\n\n<figure class=\"wp-block-image size-large\"><a href=\"https:\/\/petiteceinture.org\/wp-content\/uploads\/2024\/04\/Genie-Civil-Pont-Rouelle-expo-1900-3.jpg\"><img loading=\"lazy\" decoding=\"async\" width=\"850\" height=\"595\" data-id=\"8432\" src=\"https:\/\/petiteceinture.org\/wp-content\/uploads\/2024\/04\/Genie-Civil-Pont-Rouelle-expo-1900-3.jpg\" alt=\"\" class=\"wp-image-8432\" srcset=\"https:\/\/petiteceinture.org\/wp-content\/uploads\/2024\/04\/Genie-Civil-Pont-Rouelle-expo-1900-3.jpg 850w, https:\/\/petiteceinture.org\/wp-content\/uploads\/2024\/04\/Genie-Civil-Pont-Rouelle-expo-1900-3-300x210.jpg 300w, https:\/\/petiteceinture.org\/wp-content\/uploads\/2024\/04\/Genie-Civil-Pont-Rouelle-expo-1900-3-768x538.jpg 768w\" sizes=\"(max-width: 850px) 100vw, 850px\" \/><\/a><\/figure>\n\n\n\n<figure class=\"wp-block-image size-large\"><a href=\"https:\/\/petiteceinture.org\/wp-content\/uploads\/2024\/04\/Genie-Civil-Pont-Rouelle-expo-1900-2.jpg\"><img loading=\"lazy\" decoding=\"async\" width=\"956\" height=\"622\" data-id=\"8433\" src=\"https:\/\/petiteceinture.org\/wp-content\/uploads\/2024\/04\/Genie-Civil-Pont-Rouelle-expo-1900-2.jpg\" alt=\"\" class=\"wp-image-8433\" srcset=\"https:\/\/petiteceinture.org\/wp-content\/uploads\/2024\/04\/Genie-Civil-Pont-Rouelle-expo-1900-2.jpg 956w, https:\/\/petiteceinture.org\/wp-content\/uploads\/2024\/04\/Genie-Civil-Pont-Rouelle-expo-1900-2-300x195.jpg 300w, https:\/\/petiteceinture.org\/wp-content\/uploads\/2024\/04\/Genie-Civil-Pont-Rouelle-expo-1900-2-768x500.jpg 768w\" sizes=\"(max-width: 956px) 100vw, 956px\" \/><\/a><\/figure>\n<figcaption class=\"blocks-gallery-caption wp-element-caption\">Trois vues de la construction du Pont Rouelle, au-dessus de la Seine, parues dans la rue Le G\u00e9nie Civil du 2 juin 1900.<\/figcaption><\/figure>\n\n\n\n<figure class=\"wp-block-image size-large\"><img loading=\"lazy\" decoding=\"async\" width=\"1024\" height=\"383\" src=\"https:\/\/petiteceinture.org\/wp-content\/uploads\/2024\/04\/Pont-Rouelle-schema-Genie-Civil-1024x383.jpg\" alt=\"Ligne d'Auteuil\" class=\"wp-image-8435\" srcset=\"https:\/\/petiteceinture.org\/wp-content\/uploads\/2024\/04\/Pont-Rouelle-schema-Genie-Civil-1024x383.jpg 1024w, https:\/\/petiteceinture.org\/wp-content\/uploads\/2024\/04\/Pont-Rouelle-schema-Genie-Civil-300x112.jpg 300w, https:\/\/petiteceinture.org\/wp-content\/uploads\/2024\/04\/Pont-Rouelle-schema-Genie-Civil-768x287.jpg 768w, https:\/\/petiteceinture.org\/wp-content\/uploads\/2024\/04\/Pont-Rouelle-schema-Genie-Civil.jpg 1524w\" sizes=\"(max-width: 1024px) 100vw, 1024px\" \/><figcaption class=\"wp-element-caption\">Le Pont Rouelle, compos\u00e9 de l&rsquo;ouvrage du petit bras de la Seine (en haut) et du grand bras de la Seine (en bas). Tr\u00e8s spectaculaire, ce dernier est d&rsquo;une port\u00e9e de 85 m\u00e8tres.<\/figcaption><\/figure>\n\n\n\n<p><strong>L\u2019ann\u00e9e 1900<\/strong> est le point culminant de l\u2019exploitation de la ligne d\u2019Auteuil et de la Petite Ceinture, avec pr\u00e8s de <strong>30 millions de voyageurs<\/strong>. \u00c0 comparer avec les quelques 2,6 millions d\u2019habitants \u00e0 Paris \u00e0 cette \u00e9poque.<\/p>\n\n\n\n<figure class=\"wp-block-gallery has-nested-images columns-default is-cropped wp-block-gallery-2 is-layout-flex wp-block-gallery-is-layout-flex\">\n<figure class=\"wp-block-image size-large\"><a href=\"https:\/\/petiteceinture.org\/wp-content\/uploads\/2024\/04\/Gare-Champ-de-Mars-expo-1900-SIP.jpg\"><img loading=\"lazy\" decoding=\"async\" width=\"1024\" height=\"919\" data-id=\"8436\" src=\"https:\/\/petiteceinture.org\/wp-content\/uploads\/2024\/04\/Gare-Champ-de-Mars-expo-1900-SIP-1024x919.jpg\" alt=\"\" class=\"wp-image-8436\" srcset=\"https:\/\/petiteceinture.org\/wp-content\/uploads\/2024\/04\/Gare-Champ-de-Mars-expo-1900-SIP-1024x919.jpg 1024w, https:\/\/petiteceinture.org\/wp-content\/uploads\/2024\/04\/Gare-Champ-de-Mars-expo-1900-SIP-300x269.jpg 300w, https:\/\/petiteceinture.org\/wp-content\/uploads\/2024\/04\/Gare-Champ-de-Mars-expo-1900-SIP-768x689.jpg 768w, https:\/\/petiteceinture.org\/wp-content\/uploads\/2024\/04\/Gare-Champ-de-Mars-expo-1900-SIP.jpg 1400w\" sizes=\"(max-width: 1024px) 100vw, 1024px\" \/><\/a><\/figure>\n\n\n\n<figure class=\"wp-block-image size-large\"><a href=\"https:\/\/petiteceinture.org\/wp-content\/uploads\/2024\/04\/gare_Champ_de_Mars_Exposition_Universelle_1900-1400.jpg\"><img loading=\"lazy\" decoding=\"async\" width=\"1024\" height=\"993\" data-id=\"8437\" src=\"https:\/\/petiteceinture.org\/wp-content\/uploads\/2024\/04\/gare_Champ_de_Mars_Exposition_Universelle_1900-1400-1024x993.jpg\" alt=\"\" class=\"wp-image-8437\" srcset=\"https:\/\/petiteceinture.org\/wp-content\/uploads\/2024\/04\/gare_Champ_de_Mars_Exposition_Universelle_1900-1400-1024x993.jpg 1024w, https:\/\/petiteceinture.org\/wp-content\/uploads\/2024\/04\/gare_Champ_de_Mars_Exposition_Universelle_1900-1400-300x291.jpg 300w, https:\/\/petiteceinture.org\/wp-content\/uploads\/2024\/04\/gare_Champ_de_Mars_Exposition_Universelle_1900-1400-768x744.jpg 768w, https:\/\/petiteceinture.org\/wp-content\/uploads\/2024\/04\/gare_Champ_de_Mars_Exposition_Universelle_1900-1400.jpg 1400w\" sizes=\"(max-width: 1024px) 100vw, 1024px\" \/><\/a><\/figure>\n<figcaption class=\"blocks-gallery-caption wp-element-caption\">Deux vues de la gare du Champ-de-Mars lors de l&rsquo;Exposition universelle de 1900.<\/figcaption><\/figure>\n\n\n\n<h2 class=\"wp-block-heading\">1900-1925&nbsp;: la ligne d\u2019Auteuil en mutation<\/h2>\n\n\n\n<p>Fortement d\u00e9ficitaire, la Compagnie des Chemins de fer de l\u2019Ouest est rachet\u00e9e par l\u2019\u00c9tat en 1908. Avant de dispara\u00eetre, la Compagnie entreprend de construire, entre 1907 \u00e0 1909, une <strong>4<sup>e<\/sup>&nbsp;vo\u00fbte<\/strong> est ajout\u00e9e au <strong>tunnel des Batignolles<\/strong>. Elle est exclusivement emprunt\u00e9e par les trains de la <strong>ligne d\u2019Auteuil<\/strong>. L\u2019ancienne gare des Batignolles et son quai unique sont <strong>d\u00e9molis en 1911<\/strong>, et remplac\u00e9s par un b\u00e2timent provisoire.<\/p>\n\n\n\n<p>Les premiers projets <strong>d\u2019\u00e9lectrification<\/strong> des lignes <strong>d\u2019Auteuil<\/strong>, de <strong>Versailles Rive-Droite<\/strong> et de <strong>Saint-Germain<\/strong> sont d\u00e9clar\u00e9s d&rsquo;utilit\u00e9 publique <a href=\"https:\/\/gallica.bnf.fr\/ark:\/12148\/bpt6k6489870k\/f11.item.r=(prOx:%20%22souterraine%22%2020%20%22lazare%22)\">en mai 1912<\/a>. En outre, les trois lignes devaient aboutir \u00e0 une <a href=\"https:\/\/gallica.bnf.fr\/ark:\/12148\/bpt6k5488366f\/f7.image.r=(prOx:%20%22souterraine%22%2020%20%22lazare%22)?rk=42918;4\">gare souterraine plac\u00e9e sous la cour de Rome<\/a>, en correspondance avec le m\u00e9tro. Au m\u00eame moment, quatre arr\u00eats suppl\u00e9mentaires sont envisag\u00e9s sur le parcours de la ligne d\u2019Auteuil&nbsp;: place Wagram, rue Bayen, rue Lalo et boulevard Suchet.<\/p>\n\n\n\n<figure class=\"wp-block-image size-large\"><img loading=\"lazy\" decoding=\"async\" width=\"1024\" height=\"691\" src=\"https:\/\/petiteceinture.org\/wp-content\/uploads\/2024\/04\/Chantier-nouvelles-halles-messageries-Batignolles-1914-1024x691.jpg\" alt=\"\" class=\"wp-image-8440\" srcset=\"https:\/\/petiteceinture.org\/wp-content\/uploads\/2024\/04\/Chantier-nouvelles-halles-messageries-Batignolles-1914-1024x691.jpg 1024w, https:\/\/petiteceinture.org\/wp-content\/uploads\/2024\/04\/Chantier-nouvelles-halles-messageries-Batignolles-1914-300x202.jpg 300w, https:\/\/petiteceinture.org\/wp-content\/uploads\/2024\/04\/Chantier-nouvelles-halles-messageries-Batignolles-1914-768x518.jpg 768w, https:\/\/petiteceinture.org\/wp-content\/uploads\/2024\/04\/Chantier-nouvelles-halles-messageries-Batignolles-1914.jpg 1536w\" sizes=\"(max-width: 1024px) 100vw, 1024px\" \/><figcaption class=\"wp-element-caption\">Le projet de gare souterraine \u00e0 Saint-Lazare n&rsquo;a pas vu le jour ; en revanche, une nouvelle halle de messageries est construite \u00e0 partir de 1914. Elle compl\u00e8te celle construite en 1886, que l&rsquo;on voit au second plan. Source : <a href=\"https:\/\/gallica.bnf.fr\/ark:\/12148\/bpt6k6503778q\/f1.item.r=(prOx:%20%22souterraine%22%2020%20%22lazare%22)\">Le G\u00e9nie Civil, 27 juin 1914<\/a>.<\/figcaption><\/figure>\n\n\n\n<p>La <strong>Premi\u00e8re Guerre mondiale<\/strong> met tous ces projets <strong>en sommeil<\/strong>. En outre, \u00e0 partir du <strong>20 d\u00e9cembre 1915,<\/strong> les trains de <strong>Ceinture<\/strong> ne circulent plus sur la<strong> ligne d&rsquo;Auteuil<\/strong> \u2013 par mesure d&rsquo;\u00e9conomie. Les trains n&rsquo;effectuent ne roulent plus qu&rsquo;entre <strong>Courcelles-Ceinture<\/strong> et <strong>Auteuil<\/strong> <strong><em>via<\/em> La Rap\u00e9e-Bercy<\/strong>. Ce qui impose donc une correspondance aux voyageurs \u00e0 ces deux gares.<\/p>\n\n\n\n<figure class=\"wp-block-image size-large\"><img loading=\"lazy\" decoding=\"async\" width=\"1024\" height=\"662\" src=\"https:\/\/petiteceinture.org\/wp-content\/uploads\/2024\/04\/Gare-Auteuil-viaduc-boulevard-Exelmans-1024x662.jpg\" alt=\"Petite Ceinture Ligne d'Auteuil\" class=\"wp-image-8445\" srcset=\"https:\/\/petiteceinture.org\/wp-content\/uploads\/2024\/04\/Gare-Auteuil-viaduc-boulevard-Exelmans-1024x662.jpg 1024w, https:\/\/petiteceinture.org\/wp-content\/uploads\/2024\/04\/Gare-Auteuil-viaduc-boulevard-Exelmans-300x194.jpg 300w, https:\/\/petiteceinture.org\/wp-content\/uploads\/2024\/04\/Gare-Auteuil-viaduc-boulevard-Exelmans-768x496.jpg 768w, https:\/\/petiteceinture.org\/wp-content\/uploads\/2024\/04\/Gare-Auteuil-viaduc-boulevard-Exelmans.jpg 1400w\" sizes=\"(max-width: 1024px) 100vw, 1024px\" \/><figcaption class=\"wp-element-caption\">En gare d&rsquo;Auteuil, un train de Ceinture s&rsquo;appr\u00eate \u00e0 emprunter le viaduc d&rsquo;Auteuil, le long du boulevard Exelmans. On notera le tramway en bas du viaduc : ses portes \u00e9tant situ\u00e9es \u00e0 droite, il doit donc circuler&#8230; \u00e0 contresens du reste de la circulation !<\/figcaption><\/figure>\n\n\n\n<p>Au sortir de la guerre, l\u2019exploitation reprend, mais le manque d\u2019entretien des mat\u00e9riels se fait sentir. Toutefois, un drame vient provoquer un \u00e9lectrochoc. Le <strong>5 octobre 1921,<\/strong> un train en tamponne un autre dans l\u2019un des tunnels des Batignolles. Un incendie se d\u00e9clare, suivi d\u2019explosions provoqu\u00e9es par le gaz servant \u00e0 l\u2019\u00e9clairage des voitures. L\u2019accident provoque la mort de <strong>28 personnes<\/strong>. La <strong>d\u00e9molition de 3 des 4 vo\u00fbtes du tunnel des Batignolles<\/strong>, envisag\u00e9e d\u00e8s 1912, est mise en chantier. Les travaux durent jusqu\u2019en 1926.<\/p>\n\n\n\n<figure class=\"wp-block-image size-large\"><img loading=\"lazy\" decoding=\"async\" width=\"1024\" height=\"747\" src=\"https:\/\/petiteceinture.org\/wp-content\/uploads\/2024\/04\/13_3_26_demolition_du_tunnel_des_.Agence_Rol_btv1b531593099_1-1024x747.jpeg\" alt=\"\" class=\"wp-image-8441\" srcset=\"https:\/\/petiteceinture.org\/wp-content\/uploads\/2024\/04\/13_3_26_demolition_du_tunnel_des_.Agence_Rol_btv1b531593099_1-1024x747.jpeg 1024w, https:\/\/petiteceinture.org\/wp-content\/uploads\/2024\/04\/13_3_26_demolition_du_tunnel_des_.Agence_Rol_btv1b531593099_1-300x219.jpeg 300w, https:\/\/petiteceinture.org\/wp-content\/uploads\/2024\/04\/13_3_26_demolition_du_tunnel_des_.Agence_Rol_btv1b531593099_1-768x560.jpeg 768w, https:\/\/petiteceinture.org\/wp-content\/uploads\/2024\/04\/13_3_26_demolition_du_tunnel_des_.Agence_Rol_btv1b531593099_1.jpeg 1445w\" sizes=\"(max-width: 1024px) 100vw, 1024px\" \/><figcaption class=\"wp-element-caption\">D\u00e9molition de trois des quatre tunnels des Batignolles,. 13 mars 1926. Les vo\u00fbtes sont mises \u00e0 nu avant d&rsquo;\u00eatre d\u00e9molies. Au-dessus, les immeubles ont \u00e9t\u00e9 ras\u00e9s, la terre \u00f4t\u00e9e. La ligne 2 du m\u00e9tro passe d\u00e9sormais dans un caisson, visible au-dessus des vo\u00fbtes. Source : <a href=\"https:\/\/gallica.bnf.fr\/ark:\/12148\/btv1b531593099.item#\">Agence Roll<\/a>.<\/figcaption><\/figure>\n\n\n\n<p>Cependant, la <strong>d\u00e9molition du tunnel des Batignolles<\/strong> (\u00e0 l\u2019exception de celui situ\u00e9 sous la rue de Rome) a un <strong>impact direct sur la ligne d\u2019Auteuil<\/strong>. Afin de ne pas g\u00eaner le trafic des autres lignes de banlieue, les trains ont pour terminus la gare du <strong>Pont Cardinet<\/strong> \u00e0 partir du<strong> 1<sup>er<\/sup>&nbsp;avril 1922<\/strong>. Le <strong>groupe I<\/strong> de la gare Saint-Lazare <strong>dispara\u00eet<\/strong>.<\/p>\n\n\n\n<p>Quelques jours plus tard, le <strong>15 mai 1922<\/strong>, la \u00ab\u00a0nouvelle gare\u00a0\u00bb du Pont Cardinet est inaugur\u00e9e. Son architecture, <strong>Julien Polti<\/strong>, a fait preuve d&rsquo;originalit\u00e9 tant par le <strong>plan basilical<\/strong> et les vo\u00fbtes en <strong>ogive<\/strong> de l&rsquo;\u00e9difice que par le choix du <strong>ciment arm\u00e9<\/strong> comme mat\u00e9riau de construction.<\/p>\n\n\n\n<figure class=\"wp-block-image size-large\"><img loading=\"lazy\" decoding=\"async\" width=\"1024\" height=\"658\" src=\"https:\/\/petiteceinture.org\/wp-content\/uploads\/2024\/05\/Batignolles-Pont-Cardinet-CPA-1024x658.jpg\" alt=\"\" class=\"wp-image-8484\" srcset=\"https:\/\/petiteceinture.org\/wp-content\/uploads\/2024\/05\/Batignolles-Pont-Cardinet-CPA-1024x658.jpg 1024w, https:\/\/petiteceinture.org\/wp-content\/uploads\/2024\/05\/Batignolles-Pont-Cardinet-CPA-300x193.jpg 300w, https:\/\/petiteceinture.org\/wp-content\/uploads\/2024\/05\/Batignolles-Pont-Cardinet-CPA-768x493.jpg 768w, https:\/\/petiteceinture.org\/wp-content\/uploads\/2024\/05\/Batignolles-Pont-Cardinet-CPA.jpg 1400w\" sizes=\"(max-width: 1024px) 100vw, 1024px\" \/><figcaption class=\"wp-element-caption\">La gare du Pont Cardinet, inaugur\u00e9e en 1922.<\/figcaption><\/figure>\n\n\n\n<h2 class=\"wp-block-heading\">1900-1923&nbsp;: la ligne d\u2019Auteuil face au m\u00e9tropolitain<\/h2>\n\n\n\n<p>L\u2019ann\u00e9e 1900 est aussi (et surtout) l\u2019ann\u00e9e de l\u2019inauguration du <strong>chemin de fer m\u00e9tropolitain<\/strong> <sup data-fn=\"a19655c5-46b2-489e-b0c3-c43fdd182c3b\" class=\"fn\"><a id=\"a19655c5-46b2-489e-b0c3-c43fdd182c3b-link\" href=\"#a19655c5-46b2-489e-b0c3-c43fdd182c3b\">4<\/a><\/sup>. De 30 millions de voyageurs transport\u00e9s cette ann\u00e9e-l\u00e0, la ligne passe \u00e0&nbsp;:<\/p>\n\n\n\n<ul class=\"wp-block-list\">\n<li>26 millions en 1901<\/li>\n\n\n\n<li>24 millions en 1903<\/li>\n\n\n\n<li>15 millions en 1911<\/li>\n\n\n\n<li>13 millions en 1913<\/li>\n\n\n\n<li>4 millions en 1923<\/li>\n<\/ul>\n\n\n\n<p>Comment expliquer cette d\u00e9gringolade&nbsp;? La <strong>1<sup>e<\/sup>&nbsp;ligne<\/strong> du m\u00e9tropolitain ouvre le <strong>19 juillet 1900<\/strong> (seulement 27 mois apr\u00e8s la loi d\u00e9clarative d\u2019utilit\u00e9 publique) entre la Porte de Vincennes et la Porte Maillot. Une antenne vers la Porte Dauphine ouvre le 13 d\u00e9cembre 1900. D\u00e9j\u00e0 deux gares de la ligne d\u2019Auteuil sont <strong>mises en<\/strong> <strong>concurrence avec le m\u00e9tro<\/strong>. Et son r\u00e9seau ne cessera de <strong>s\u2019\u00e9tendre<\/strong>.<\/p>\n\n\n\n<figure class=\"wp-block-image size-large\"><img loading=\"lazy\" decoding=\"async\" width=\"1024\" height=\"843\" src=\"https:\/\/petiteceinture.org\/wp-content\/uploads\/2024\/04\/Cours-de-Vincennes-train-PC-construction-metro-1400-1024x843.jpeg\" alt=\"\" class=\"wp-image-8443\" srcset=\"https:\/\/petiteceinture.org\/wp-content\/uploads\/2024\/04\/Cours-de-Vincennes-train-PC-construction-metro-1400-1024x843.jpeg 1024w, https:\/\/petiteceinture.org\/wp-content\/uploads\/2024\/04\/Cours-de-Vincennes-train-PC-construction-metro-1400-300x247.jpeg 300w, https:\/\/petiteceinture.org\/wp-content\/uploads\/2024\/04\/Cours-de-Vincennes-train-PC-construction-metro-1400-768x633.jpeg 768w, https:\/\/petiteceinture.org\/wp-content\/uploads\/2024\/04\/Cours-de-Vincennes-train-PC-construction-metro-1400.jpeg 1400w\" sizes=\"(max-width: 1024px) 100vw, 1024px\" \/><figcaption class=\"wp-element-caption\">Construction de la station \u00ab\u00a0Porte de Vincennes\u00a0\u00bb au pied du viaduc de la Petite Ceinture, o\u00f9 circule un train de marchandises. Coll. C. Kertouche.<\/figcaption><\/figure>\n\n\n\n<p>Le 23 mai 1910, la ligne 3 relie la <strong>place Pereire<\/strong> \u00e0 la <strong>gare Saint-Lazare<\/strong>. Mais c\u2019est surtout le <strong>prolongement de la ligne 9 vers Exelmans<\/strong> (8 novembre 1922) puis vers la <strong>Porte de Saint-Cloud <\/strong>(27 septembre 1923) qui porte le plus grand coup \u00e0 la ligne d\u2019Auteuil, en reliant directement les quartiers chics du 16<sup>e<\/sup>&nbsp;arrondissement au c\u0153ur de la ville \u2013 tout en offrant des <strong>correspondances plus nombreuses<\/strong> (et avec le m\u00eame ticket !) sur son parcours.<\/p>\n\n\n\n<figure class=\"wp-block-image size-large\"><img loading=\"lazy\" decoding=\"async\" width=\"1024\" height=\"768\" src=\"https:\/\/petiteceinture.org\/wp-content\/uploads\/2024\/04\/Petite-Ceinture-centenaire-ligne-9-JN-Lehec-0850-1024x768.jpg\" alt=\"\" class=\"wp-image-8444\" srcset=\"https:\/\/petiteceinture.org\/wp-content\/uploads\/2024\/04\/Petite-Ceinture-centenaire-ligne-9-JN-Lehec-0850-1024x768.jpg 1024w, https:\/\/petiteceinture.org\/wp-content\/uploads\/2024\/04\/Petite-Ceinture-centenaire-ligne-9-JN-Lehec-0850-300x225.jpg 300w, https:\/\/petiteceinture.org\/wp-content\/uploads\/2024\/04\/Petite-Ceinture-centenaire-ligne-9-JN-Lehec-0850-768x576.jpg 768w, https:\/\/petiteceinture.org\/wp-content\/uploads\/2024\/04\/Petite-Ceinture-centenaire-ligne-9-JN-Lehec-0850.jpg 1400w\" sizes=\"(max-width: 1024px) 100vw, 1024px\" \/><figcaption class=\"wp-element-caption\">Une rame Sprague \u00e0 la station \u00ab\u00a0Porte de Saint-Cloud\u00a0\u00bb lors des festivit\u00e9s du centenaire de la ligne 9, le 6 novembre 2022. \u00a9 Jean-Nicolas Lehec.<\/figcaption><\/figure>\n\n\n\n<p>La petite navette entre <strong>l\u2019Avenue Henri-Martin<\/strong> et le <strong>Champ-de-Mars<\/strong> est la premi\u00e8re victime de cette concurrence acharn\u00e9e. Mise en sommeil en 1917 et rouverte en 1919, elle est <strong>ferm\u00e9e d\u00e9finitivement en 1924<\/strong>.<\/p>\n\n\n\n<figure class=\"wp-block-image size-large\"><img loading=\"lazy\" decoding=\"async\" width=\"1024\" height=\"768\" src=\"https:\/\/petiteceinture.org\/wp-content\/uploads\/2024\/04\/Rame-standard-Porte-Maillot-vers-Champ-de-Mars-Etudes-sur-Paris-1024x768.jpg\" alt=\"\" class=\"wp-image-8442\" srcset=\"https:\/\/petiteceinture.org\/wp-content\/uploads\/2024\/04\/Rame-standard-Porte-Maillot-vers-Champ-de-Mars-Etudes-sur-Paris-1024x768.jpg 1024w, https:\/\/petiteceinture.org\/wp-content\/uploads\/2024\/04\/Rame-standard-Porte-Maillot-vers-Champ-de-Mars-Etudes-sur-Paris-300x225.jpg 300w, https:\/\/petiteceinture.org\/wp-content\/uploads\/2024\/04\/Rame-standard-Porte-Maillot-vers-Champ-de-Mars-Etudes-sur-Paris-768x576.jpg 768w, https:\/\/petiteceinture.org\/wp-content\/uploads\/2024\/04\/Rame-standard-Porte-Maillot-vers-Champ-de-Mars-Etudes-sur-Paris.jpg 1400w\" sizes=\"(max-width: 1024px) 100vw, 1024px\" \/><figcaption class=\"wp-element-caption\">Se dirigeant vers le Champ de Mars, une automotrice de 2e s\u00e9rie est vue \u00e0 la hauteur de la Porte Maillot.<\/figcaption><\/figure>\n\n\n\n<p>Pour autant, plusieurs <strong>projets de rapprochement<\/strong> (voire de fusion) <a href=\"https:\/\/gallica.bnf.fr\/ark:\/12148\/bpt6k6506150h\/f596.item.r=ceinture\">entre la ligne d\u2019Auteuil et le M\u00e9tropolitain<\/a> ont \u00e9merg\u00e9. En 1922, il est question d\u2019\u00e9tablir un <strong>raccordement<\/strong> de la ligne avec la <strong>ligne Nord-Sud<\/strong> (actuelle ligne 13) au niveau de la <strong>porte de Clichy<\/strong> \u2013 et de supprimer la section entre Pont-Cardinet et Courcelles-Levallois. En 1924, des pourparlers se tiennent entre la Ville de Paris et la Compagnie des Chemins de fer de l\u2019\u00c9tat afin <strong>d\u2019incorporer la ligne d\u2019Auteuil au m\u00e9tropolitain<\/strong>. Mais aucun de ces projets n\u2019aboutit.<\/p>\n\n\n\n<figure class=\"wp-block-image size-large\"><img loading=\"lazy\" decoding=\"async\" width=\"1024\" height=\"663\" src=\"https:\/\/petiteceinture.org\/wp-content\/uploads\/2024\/04\/Passy-La-Muette_train_2-1400-1024x663.jpg\" alt=\"Ligne d'Auteuil\" class=\"wp-image-8447\" srcset=\"https:\/\/petiteceinture.org\/wp-content\/uploads\/2024\/04\/Passy-La-Muette_train_2-1400-1024x663.jpg 1024w, https:\/\/petiteceinture.org\/wp-content\/uploads\/2024\/04\/Passy-La-Muette_train_2-1400-300x194.jpg 300w, https:\/\/petiteceinture.org\/wp-content\/uploads\/2024\/04\/Passy-La-Muette_train_2-1400-768x497.jpg 768w, https:\/\/petiteceinture.org\/wp-content\/uploads\/2024\/04\/Passy-La-Muette_train_2-1400.jpg 1400w\" sizes=\"(max-width: 1024px) 100vw, 1024px\" \/><figcaption class=\"wp-element-caption\">Les quais de la gare de Passy-la-Muette, au d\u00e9but du XXe si\u00e8cle.<\/figcaption><\/figure>\n\n\n\n<h2 class=\"wp-block-heading\">1925-1985&nbsp;: \u00e9lectricit\u00e9 et continuit\u00e9.<\/h2>\n\n\n\n<p>En 1924, l\u2019\u00e9lectrification du r\u00e9seau de la gare Saint-Lazare d\u00e9bute avec les lignes de Paris \u00e0 B\u00e9con-les-Bruy\u00e8res et Bois-Colombes. Le <strong>2 janvier 1925<\/strong>, la ligne d\u2019Auteuil se convertit elle aussi \u00e0 <strong>l\u2019\u00e9lectricit\u00e9<\/strong> <sup data-fn=\"c1896d58-eb0d-4523-9542-2b2b45fa5a1b\" class=\"fn\"><a id=\"c1896d58-eb0d-4523-9542-2b2b45fa5a1b-link\" href=\"#c1896d58-eb0d-4523-9542-2b2b45fa5a1b\">5<\/a><\/sup>. S\u2019ouvre le r\u00e8gne des <strong>rames Standard<\/strong>, ces trains vert bouteille \u00e0 bande jaune que bon nombre de Parisiens ont connu.<\/p>\n\n\n\n<figure class=\"wp-block-image size-full\"><img loading=\"lazy\" decoding=\"async\" width=\"1024\" height=\"683\" src=\"https:\/\/petiteceinture.org\/wp-content\/uploads\/2024\/05\/Robert-Rynerson-decembre-1960-2.jpeg\" alt=\"Ligne d'Auteuil\" class=\"wp-image-8483\" srcset=\"https:\/\/petiteceinture.org\/wp-content\/uploads\/2024\/05\/Robert-Rynerson-decembre-1960-2.jpeg 1024w, https:\/\/petiteceinture.org\/wp-content\/uploads\/2024\/05\/Robert-Rynerson-decembre-1960-2-300x200.jpeg 300w, https:\/\/petiteceinture.org\/wp-content\/uploads\/2024\/05\/Robert-Rynerson-decembre-1960-2-768x512.jpeg 768w\" sizes=\"(max-width: 1024px) 100vw, 1024px\" \/><figcaption class=\"wp-element-caption\">Auteuil-Boulogne, premi\u00e8re classe ! Cr\u00e9dit photo :  <a href=\"https:\/\/www.flickr.com\/photos\/135141530@N04\/\">Robert Rynerson<\/a>.<\/figcaption><\/figure>\n\n\n\n<p>Malgr\u00e9 la <strong>correspondance<\/strong> impos\u00e9e \u00e0 <strong>Pont Cardinet<\/strong> pour rejoindre la gare Saint-Lazare, la ligne est fr\u00e9quent\u00e9e par un <strong>public d\u2019habitu\u00e9s<\/strong>&nbsp;: habitants des 16<sup>e<\/sup>&nbsp;et 17<sup>e<\/sup>&nbsp;se rendant au centre de Paris pour affaires, turfistes se rendant \u00e0 l\u2019hippodrome d\u2019Auteuil, promeneurs se rendant au Bois de Boulogne. La client\u00e8le appr\u00e9cie le <strong>prix bas des billets<\/strong>, ainsi que la <strong>r\u00e9gularit\u00e9 du service<\/strong>.<\/p>\n\n\n\n<figure class=\"wp-block-image size-full\"><img loading=\"lazy\" decoding=\"async\" width=\"1024\" height=\"683\" src=\"https:\/\/petiteceinture.org\/wp-content\/uploads\/2024\/05\/Robert-Rynerson-decembre-1960-1.jpg\" alt=\"Ligne d'Auteuil\" class=\"wp-image-8482\" srcset=\"https:\/\/petiteceinture.org\/wp-content\/uploads\/2024\/05\/Robert-Rynerson-decembre-1960-1.jpg 1024w, https:\/\/petiteceinture.org\/wp-content\/uploads\/2024\/05\/Robert-Rynerson-decembre-1960-1-300x200.jpg 300w, https:\/\/petiteceinture.org\/wp-content\/uploads\/2024\/05\/Robert-Rynerson-decembre-1960-1-768x512.jpg 768w\" sizes=\"(max-width: 1024px) 100vw, 1024px\" \/><figcaption class=\"wp-element-caption\">Un voyageurs de la ligne d&rsquo;Auteuil et deux rames Standard sous une lumi\u00e8re hivernale, en d\u00e9cembre 1960. Cr\u00e9dit photo : <a href=\"https:\/\/www.flickr.com\/photos\/135141530@N04\/\">Robert Rynerson<\/a>.<\/figcaption><\/figure>\n\n\n\n<p>Le <strong>23 juillet 1934<\/strong>, le <strong>service voyageurs<\/strong> de la Petite Ceinture est <strong>supprim\u00e9<\/strong>. Exploit\u00e9 avec des m\u00e9thodes archa\u00efques, il est victime tant de la <strong>concurrence<\/strong> que de <strong>l\u2019immobilisme<\/strong>. Il est remplac\u00e9 par les bus \u00ab&nbsp;Petite Ceinture&nbsp;\u00bb. La gare d\u2019Auteuil-Boulogne redevient un <strong>\u00ab&nbsp;simple&nbsp;\u00bb terminus de la ligne d\u2019Auteuil<\/strong>.<\/p>\n\n\n\n<figure class=\"wp-block-image size-large\"><img loading=\"lazy\" decoding=\"async\" width=\"1024\" height=\"663\" src=\"https:\/\/petiteceinture.org\/wp-content\/uploads\/2024\/04\/030T_Ceinture_numero_28_Auteuil_Collection_Vie_du_Rail-1400-1024x663.jpg\" alt=\"\" class=\"wp-image-8457\" srcset=\"https:\/\/petiteceinture.org\/wp-content\/uploads\/2024\/04\/030T_Ceinture_numero_28_Auteuil_Collection_Vie_du_Rail-1400-1024x663.jpg 1024w, https:\/\/petiteceinture.org\/wp-content\/uploads\/2024\/04\/030T_Ceinture_numero_28_Auteuil_Collection_Vie_du_Rail-1400-300x194.jpg 300w, https:\/\/petiteceinture.org\/wp-content\/uploads\/2024\/04\/030T_Ceinture_numero_28_Auteuil_Collection_Vie_du_Rail-1400-768x498.jpg 768w, https:\/\/petiteceinture.org\/wp-content\/uploads\/2024\/04\/030T_Ceinture_numero_28_Auteuil_Collection_Vie_du_Rail-1400.jpg 1400w\" sizes=\"(max-width: 1024px) 100vw, 1024px\" \/><figcaption class=\"wp-element-caption\">L&rsquo;un des ultimes trains circulaires \u00e0 la gare d&rsquo;Auteuil. Coll. LVDR<\/figcaption><\/figure>\n\n\n\n<p>Sous l\u2019impulsion de <strong>Raoul Dautry<\/strong>, directeur g\u00e9n\u00e9ral de la ligne, l\u2019exploitation de la ligne d&rsquo;Auteuil est <strong>rationalis\u00e9e<\/strong>&nbsp;: suppression du service bagages <sup data-fn=\"f13a4a12-5c69-4764-8c7d-33fce233f3e0\" class=\"fn\"><a href=\"#f13a4a12-5c69-4764-8c7d-33fce233f3e0\" id=\"f13a4a12-5c69-4764-8c7d-33fce233f3e0-link\">6<\/a><\/sup>, adoption d\u2019une tarification \u00ab&nbsp;m\u00e9tro&nbsp;\u00bb avec classe unique, <strong>cadencement des horaires<\/strong> (20 minutes en heure creuse, 10 minutes en heure de pointe), trains de 2 \u00e9l\u00e9ments, installation du block automatique et de terminus automatiques aux 2 extr\u00e9mit\u00e9s.<\/p>\n\n\n<div class=\"wp-block-image\">\n<figure class=\"aligncenter size-full\"><img loading=\"lazy\" decoding=\"async\" width=\"594\" height=\"424\" src=\"https:\/\/petiteceinture.org\/wp-content\/uploads\/2024\/05\/Getty-locomotive-Crampton-Auteuil-1954.jpg\" alt=\"\" class=\"wp-image-8471\" srcset=\"https:\/\/petiteceinture.org\/wp-content\/uploads\/2024\/05\/Getty-locomotive-Crampton-Auteuil-1954.jpg 594w, https:\/\/petiteceinture.org\/wp-content\/uploads\/2024\/05\/Getty-locomotive-Crampton-Auteuil-1954-300x214.jpg 300w\" sizes=\"(max-width: 594px) 100vw, 594px\" \/><figcaption class=\"wp-element-caption\">Locomotive &lsquo;Crampton&rsquo; expos\u00e9e \u00e0 la gare d&rsquo;Auteuil-Boulogne, pour le centenaire de la ligne d&rsquo;Auteuil, le 24 mai 1954. (Photo by Keystone-France\/Gamma-Rapho via Getty Images)<\/figcaption><\/figure>\n<\/div>\n\n\n<p>Par souci d\u2019\u00e9conomies, le plan des voies est remani\u00e9. Ainsi seules <strong>2 des 4 voies sont utilis\u00e9es<\/strong> par les trains d\u2019Auteuil sur la section entre Pereire-Levallois et l\u2019Av. Henri Martin. Dans les 4 gares interm\u00e9diaires, seul le <strong>quai int\u00e9rieur<\/strong> est utilis\u00e9, l\u2019autre laiss\u00e9 \u00e0 l\u2019abandon. Ne subsiste plus que la <strong>\u00ab&nbsp;voie des Souverains&nbsp;\u00bb <\/strong>(voir partie suivante), qui m\u00e8ne au raccordement de Courcelles et \u00e0 la Petite Ceinture Rive Droite.<\/p>\n\n\n\n<figure class=\"wp-block-image size-large\"><img loading=\"lazy\" decoding=\"async\" width=\"1024\" height=\"624\" src=\"https:\/\/petiteceinture.org\/wp-content\/uploads\/2024\/05\/Courcelles-Levallois-et-raccordement-de-Courcelles-train-special-locomotive-230-G-353-9-novembre-1974-Cliche-Jacques-Henri-Renaud-1024x624.jpg\" alt=\"\" class=\"wp-image-8470\" srcset=\"https:\/\/petiteceinture.org\/wp-content\/uploads\/2024\/05\/Courcelles-Levallois-et-raccordement-de-Courcelles-train-special-locomotive-230-G-353-9-novembre-1974-Cliche-Jacques-Henri-Renaud-1024x624.jpg 1024w, https:\/\/petiteceinture.org\/wp-content\/uploads\/2024\/05\/Courcelles-Levallois-et-raccordement-de-Courcelles-train-special-locomotive-230-G-353-9-novembre-1974-Cliche-Jacques-Henri-Renaud-300x183.jpg 300w, https:\/\/petiteceinture.org\/wp-content\/uploads\/2024\/05\/Courcelles-Levallois-et-raccordement-de-Courcelles-train-special-locomotive-230-G-353-9-novembre-1974-Cliche-Jacques-Henri-Renaud-768x468.jpg 768w, https:\/\/petiteceinture.org\/wp-content\/uploads\/2024\/05\/Courcelles-Levallois-et-raccordement-de-Courcelles-train-special-locomotive-230-G-353-9-novembre-1974-Cliche-Jacques-Henri-Renaud.jpg 1400w\" sizes=\"(max-width: 1024px) 100vw, 1024px\" \/><figcaption class=\"wp-element-caption\">Les trains sp\u00e9ciaux sur la ligne d&rsquo;Auteuil ne sont pas courants ; pourtant, la 230 G 353 est vue sur la \u00ab\u00a0voie des souverains\u00a0\u00bb \u00e0 la hauteur de la gare de Courcelles-Levallois, le le 9 novembre 1974.<\/figcaption><\/figure>\n\n\n\n<p>La ligne traverse tant bien que mal la Seconde Guerre mondiale. Les infrastructures ne subissent pas de dommages. Cependant, les l\u00e9gers d\u00e9g\u00e2ts que subit le <strong>Viaduc d\u2019Auteuil<\/strong> sert de <strong>pr\u00e9texte<\/strong> \u00e0 suspendre toute liaison avec la Ceinture Rive Gauche \u2013 et, \u00e0 partir de <strong>1958<\/strong>, la <strong>suppression totale de l\u2019ouvrage<\/strong>.<\/p>\n\n\n\n<figure class=\"wp-block-gallery has-nested-images columns-default is-cropped wp-block-gallery-3 is-layout-flex wp-block-gallery-is-layout-flex\">\n<figure class=\"wp-block-image size-large\"><a href=\"https:\/\/petiteceinture.org\/wp-content\/uploads\/2023\/11\/Demolition-Viaduc-Auteuil-ete60-2.jpg\"><img loading=\"lazy\" decoding=\"async\" width=\"900\" height=\"607\" data-id=\"7975\" src=\"https:\/\/petiteceinture.org\/wp-content\/uploads\/2023\/11\/Demolition-Viaduc-Auteuil-ete60-2.jpg\" alt=\"\" class=\"wp-image-7975\" srcset=\"https:\/\/petiteceinture.org\/wp-content\/uploads\/2023\/11\/Demolition-Viaduc-Auteuil-ete60-2.jpg 900w, https:\/\/petiteceinture.org\/wp-content\/uploads\/2023\/11\/Demolition-Viaduc-Auteuil-ete60-2-300x202.jpg 300w, https:\/\/petiteceinture.org\/wp-content\/uploads\/2023\/11\/Demolition-Viaduc-Auteuil-ete60-2-768x518.jpg 768w\" sizes=\"(max-width: 900px) 100vw, 900px\" \/><\/a><\/figure>\n\n\n\n<figure class=\"wp-block-image size-large\"><a href=\"https:\/\/petiteceinture.org\/wp-content\/uploads\/2023\/11\/Demolition-Viaduc-Auteuil-ete60-3-collection-chm.jpg\"><img loading=\"lazy\" decoding=\"async\" width=\"800\" height=\"560\" data-id=\"7974\" src=\"https:\/\/petiteceinture.org\/wp-content\/uploads\/2023\/11\/Demolition-Viaduc-Auteuil-ete60-3-collection-chm.jpg\" alt=\"\" class=\"wp-image-7974\" srcset=\"https:\/\/petiteceinture.org\/wp-content\/uploads\/2023\/11\/Demolition-Viaduc-Auteuil-ete60-3-collection-chm.jpg 800w, https:\/\/petiteceinture.org\/wp-content\/uploads\/2023\/11\/Demolition-Viaduc-Auteuil-ete60-3-collection-chm-300x210.jpg 300w, https:\/\/petiteceinture.org\/wp-content\/uploads\/2023\/11\/Demolition-Viaduc-Auteuil-ete60-3-collection-chm-768x538.jpg 768w\" sizes=\"(max-width: 800px) 100vw, 800px\" \/><\/a><\/figure>\n\n\n\n<figure class=\"wp-block-image size-large\"><a href=\"https:\/\/petiteceinture.org\/wp-content\/uploads\/2023\/11\/Demolition-Viaduc-Auteuil-ete60-1-entre-porte-molitor-et-auteuil.jpg\"><img loading=\"lazy\" decoding=\"async\" width=\"900\" height=\"605\" data-id=\"7973\" src=\"https:\/\/petiteceinture.org\/wp-content\/uploads\/2023\/11\/Demolition-Viaduc-Auteuil-ete60-1-entre-porte-molitor-et-auteuil.jpg\" alt=\"\" class=\"wp-image-7973\" srcset=\"https:\/\/petiteceinture.org\/wp-content\/uploads\/2023\/11\/Demolition-Viaduc-Auteuil-ete60-1-entre-porte-molitor-et-auteuil.jpg 900w, https:\/\/petiteceinture.org\/wp-content\/uploads\/2023\/11\/Demolition-Viaduc-Auteuil-ete60-1-entre-porte-molitor-et-auteuil-300x202.jpg 300w, https:\/\/petiteceinture.org\/wp-content\/uploads\/2023\/11\/Demolition-Viaduc-Auteuil-ete60-1-entre-porte-molitor-et-auteuil-768x516.jpg 768w\" sizes=\"(max-width: 900px) 100vw, 900px\" \/><\/a><\/figure>\n<figcaption class=\"blocks-gallery-caption wp-element-caption\">Trois photos de la d\u00e9molition du Viaduc d\u2019Auteuil captur\u00e9es \u00e0 l\u2019\u00e9t\u00e9 1960. Coll.&nbsp;<a href=\"http:\/\/lesphotosdedaniel2.unblog.fr\/2014\/07\/14\/trois-photographies-inedites-de-la-demolition-du-viaduc-dauteuil\/\">Daniel Marcas<\/a>, tous droits r\u00e9serv\u00e9s.<\/figcaption><\/figure>\n\n\n\n<p>Jusqu\u2019en octobre 1963, le <strong>raccordement de Boulainvilliers<\/strong> sert aux <strong>\u00e9changes mat\u00e9riels<\/strong> entre les Batignolles et le d\u00e9p\u00f4t du Champ de Mars. L\u2019ann\u00e9e suivante, le 3<sup>e<\/sup>&nbsp;rail est d\u00e9pos\u00e9, et le raccordement ne sert plus qu\u2019au <strong>garage de mat\u00e9riels<\/strong>. Il accueille ainsi les rames flambant neuves <strong>MS 61<\/strong> (RER A) et <strong>Z6400<\/strong> (Versailles Rive Droite).<\/p>\n\n\n\n<figure class=\"wp-block-image size-full\"><img loading=\"lazy\" decoding=\"async\" width=\"1024\" height=\"683\" src=\"https:\/\/petiteceinture.org\/wp-content\/uploads\/2024\/04\/MS61-raccordement-Boulainvilliers.jpg\" alt=\"\" class=\"wp-image-8460\" srcset=\"https:\/\/petiteceinture.org\/wp-content\/uploads\/2024\/04\/MS61-raccordement-Boulainvilliers.jpg 1024w, https:\/\/petiteceinture.org\/wp-content\/uploads\/2024\/04\/MS61-raccordement-Boulainvilliers-300x200.jpg 300w, https:\/\/petiteceinture.org\/wp-content\/uploads\/2024\/04\/MS61-raccordement-Boulainvilliers-768x512.jpg 768w\" sizes=\"(max-width: 1024px) 100vw, 1024px\" \/><figcaption class=\"wp-element-caption\">Une vue rarissime d&rsquo;un \u00e9l\u00e9ment MS 61 sur le Pont Rouelle en juillet 1967. Il se dirige vers le tunnel du raccordement de Boulainvilliers, o\u00f9 sera gar\u00e9 \u00e0 l&rsquo;abri des regards avant sa mise en service. Cr\u00e9dit : S. Zalkind, tous droits r\u00e9serv\u00e9s<\/figcaption><\/figure>\n\n\n\n<p>Enfin, en 1968, le remaniement des voies \u00e0 Pont-Cardinet permet (enfin&nbsp;!) d\u2019assurer sur le <strong>m\u00eame quai<\/strong> la <strong>correspondance<\/strong> entre les trains de la ligne d\u2019Auteuil et ceux de la gare Saint-Lazare.<\/p>\n\n\n\n<figure class=\"wp-block-image size-full\"><img loading=\"lazy\" decoding=\"async\" width=\"1024\" height=\"682\" src=\"https:\/\/petiteceinture.org\/wp-content\/uploads\/2024\/04\/Pont-Cardinet-rame-Standard-Z6400.jpg\" alt=\"\" class=\"wp-image-8461\" srcset=\"https:\/\/petiteceinture.org\/wp-content\/uploads\/2024\/04\/Pont-Cardinet-rame-Standard-Z6400.jpg 1024w, https:\/\/petiteceinture.org\/wp-content\/uploads\/2024\/04\/Pont-Cardinet-rame-Standard-Z6400-300x200.jpg 300w, https:\/\/petiteceinture.org\/wp-content\/uploads\/2024\/04\/Pont-Cardinet-rame-Standard-Z6400-768x512.jpg 768w\" sizes=\"(max-width: 1024px) 100vw, 1024px\" \/><figcaption class=\"wp-element-caption\">Contrastes \u00e0 Pont-Cardinet : une rame Standard de la ligne d&rsquo;Auteuil est gar\u00e9e au terminus de la ligne d&rsquo;Auteuil ; \u00e0 l&rsquo;arri\u00e8re-plan, les premi\u00e8res Z 6400 sont d\u00e9j\u00e0 en service. DR, coll. Jean-Nicolas Lehec<\/figcaption><\/figure>\n\n\n\n<p>Malheureusement, la ligne d\u2019Auteuil est <strong>\u00ab&nbsp;oubli\u00e9e&nbsp;\u00bb<\/strong> du vaste programme de <strong>modernisation<\/strong> et de <strong>r\u00e9-\u00e9lectrification en 25 kV<\/strong> du <strong>groupe II<\/strong> de la gare Saint-Lazare. Jusqu\u2019\u00e0 la fin de son exploitation, la ligne conna\u00eet donc exclusivement le <strong>courant continu 750 V par 3<sup>e<\/sup>&nbsp;rail lat\u00e9ral<\/strong>. Un trait qu\u2019elle partagera avec la <strong>ligne des Moulineaux<\/strong> (actuel T2), elle aussi d\u00e9laiss\u00e9e lors de ce vaste chantier.<\/p>\n\n\n\n<figure class=\"wp-block-image size-full\"><img loading=\"lazy\" decoding=\"async\" width=\"1000\" height=\"665\" src=\"https:\/\/petiteceinture.org\/wp-content\/uploads\/2024\/04\/Ligne-dAuteuil-Neuilly-Pte-Maillot-Michel-Falcou.jpg\" alt=\"\" class=\"wp-image-8458\" srcset=\"https:\/\/petiteceinture.org\/wp-content\/uploads\/2024\/04\/Ligne-dAuteuil-Neuilly-Pte-Maillot-Michel-Falcou.jpg 1000w, https:\/\/petiteceinture.org\/wp-content\/uploads\/2024\/04\/Ligne-dAuteuil-Neuilly-Pte-Maillot-Michel-Falcou-300x200.jpg 300w, https:\/\/petiteceinture.org\/wp-content\/uploads\/2024\/04\/Ligne-dAuteuil-Neuilly-Pte-Maillot-Michel-Falcou-768x511.jpg 768w\" sizes=\"(max-width: 1000px) 100vw, 1000px\" \/><figcaption class=\"wp-element-caption\">La rame Z 1529 \u00e0 la gare de Neuilly Porte-Maillot. L&rsquo;exploitation se fait sur un quai unique, et la 2e voie a \u00e9t\u00e9 retir\u00e9e. Cr\u00e9dit photo : M. Falcou, 6 janvier 1985<\/figcaption><\/figure>\n\n\n\n<figure class=\"wp-block-gallery has-nested-images columns-default is-cropped wp-block-gallery-4 is-layout-flex wp-block-gallery-is-layout-flex\">\n<figure class=\"wp-block-image size-large\"><a href=\"https:\/\/petiteceinture.org\/wp-content\/uploads\/2024\/05\/Jeremy-Chapter-Z1509-Av-Foch-060185.jpg\"><img loading=\"lazy\" decoding=\"async\" width=\"1024\" height=\"636\" data-id=\"8475\" src=\"https:\/\/petiteceinture.org\/wp-content\/uploads\/2024\/05\/Jeremy-Chapter-Z1509-Av-Foch-060185-1024x636.jpg\" alt=\"\" class=\"wp-image-8475\" srcset=\"https:\/\/petiteceinture.org\/wp-content\/uploads\/2024\/05\/Jeremy-Chapter-Z1509-Av-Foch-060185-1024x636.jpg 1024w, https:\/\/petiteceinture.org\/wp-content\/uploads\/2024\/05\/Jeremy-Chapter-Z1509-Av-Foch-060185-300x186.jpg 300w, https:\/\/petiteceinture.org\/wp-content\/uploads\/2024\/05\/Jeremy-Chapter-Z1509-Av-Foch-060185-768x477.jpg 768w, https:\/\/petiteceinture.org\/wp-content\/uploads\/2024\/05\/Jeremy-Chapter-Z1509-Av-Foch-060185-1536x953.jpg 1536w, https:\/\/petiteceinture.org\/wp-content\/uploads\/2024\/05\/Jeremy-Chapter-Z1509-Av-Foch-060185.jpg 2048w\" sizes=\"(max-width: 1024px) 100vw, 1024px\" \/><\/a><\/figure>\n\n\n\n<figure class=\"wp-block-image size-large\"><a href=\"https:\/\/petiteceinture.org\/wp-content\/uploads\/2024\/05\/Jeremy-Chapter-Z1529-Passy-060185.jpg\"><img loading=\"lazy\" decoding=\"async\" width=\"1024\" height=\"630\" data-id=\"8476\" src=\"https:\/\/petiteceinture.org\/wp-content\/uploads\/2024\/05\/Jeremy-Chapter-Z1529-Passy-060185-1024x630.jpg\" alt=\"\" class=\"wp-image-8476\" srcset=\"https:\/\/petiteceinture.org\/wp-content\/uploads\/2024\/05\/Jeremy-Chapter-Z1529-Passy-060185-1024x630.jpg 1024w, https:\/\/petiteceinture.org\/wp-content\/uploads\/2024\/05\/Jeremy-Chapter-Z1529-Passy-060185-300x185.jpg 300w, https:\/\/petiteceinture.org\/wp-content\/uploads\/2024\/05\/Jeremy-Chapter-Z1529-Passy-060185-768x473.jpg 768w, https:\/\/petiteceinture.org\/wp-content\/uploads\/2024\/05\/Jeremy-Chapter-Z1529-Passy-060185-1536x945.jpg 1536w, https:\/\/petiteceinture.org\/wp-content\/uploads\/2024\/05\/Jeremy-Chapter-Z1529-Passy-060185.jpg 2048w\" sizes=\"(max-width: 1024px) 100vw, 1024px\" \/><\/a><\/figure>\n\n\n\n<figure class=\"wp-block-image size-large\"><a href=\"https:\/\/petiteceinture.org\/wp-content\/uploads\/2024\/05\/Jeremy-Chapter-Z1546-Neuilly-Pte-Maillot.jpg\"><img loading=\"lazy\" decoding=\"async\" width=\"1024\" height=\"672\" data-id=\"8474\" src=\"https:\/\/petiteceinture.org\/wp-content\/uploads\/2024\/05\/Jeremy-Chapter-Z1546-Neuilly-Pte-Maillot-1024x672.jpg\" alt=\"\" class=\"wp-image-8474\" srcset=\"https:\/\/petiteceinture.org\/wp-content\/uploads\/2024\/05\/Jeremy-Chapter-Z1546-Neuilly-Pte-Maillot-1024x672.jpg 1024w, https:\/\/petiteceinture.org\/wp-content\/uploads\/2024\/05\/Jeremy-Chapter-Z1546-Neuilly-Pte-Maillot-300x197.jpg 300w, https:\/\/petiteceinture.org\/wp-content\/uploads\/2024\/05\/Jeremy-Chapter-Z1546-Neuilly-Pte-Maillot-768x504.jpg 768w, https:\/\/petiteceinture.org\/wp-content\/uploads\/2024\/05\/Jeremy-Chapter-Z1546-Neuilly-Pte-Maillot-1536x1007.jpg 1536w, https:\/\/petiteceinture.org\/wp-content\/uploads\/2024\/05\/Jeremy-Chapter-Z1546-Neuilly-Pte-Maillot.jpg 1970w\" sizes=\"(max-width: 1024px) 100vw, 1024px\" \/><\/a><\/figure>\n\n\n\n<figure class=\"wp-block-image size-large\"><a href=\"https:\/\/petiteceinture.org\/wp-content\/uploads\/2024\/05\/Jeremy-Chapter-Z1529-Passy-030185.jpg\"><img loading=\"lazy\" decoding=\"async\" width=\"1024\" height=\"660\" data-id=\"8477\" src=\"https:\/\/petiteceinture.org\/wp-content\/uploads\/2024\/05\/Jeremy-Chapter-Z1529-Passy-030185-1024x660.jpg\" alt=\"\" class=\"wp-image-8477\" srcset=\"https:\/\/petiteceinture.org\/wp-content\/uploads\/2024\/05\/Jeremy-Chapter-Z1529-Passy-030185-1024x660.jpg 1024w, https:\/\/petiteceinture.org\/wp-content\/uploads\/2024\/05\/Jeremy-Chapter-Z1529-Passy-030185-300x193.jpg 300w, https:\/\/petiteceinture.org\/wp-content\/uploads\/2024\/05\/Jeremy-Chapter-Z1529-Passy-030185-768x495.jpg 768w, https:\/\/petiteceinture.org\/wp-content\/uploads\/2024\/05\/Jeremy-Chapter-Z1529-Passy-030185-1536x989.jpg 1536w, https:\/\/petiteceinture.org\/wp-content\/uploads\/2024\/05\/Jeremy-Chapter-Z1529-Passy-030185.jpg 2048w\" sizes=\"(max-width: 1024px) 100vw, 1024px\" \/><\/a><\/figure>\n<figcaption class=\"blocks-gallery-caption wp-element-caption\">Cr\u00e9dit photo : <a href=\"https:\/\/www.flickr.com\/photos\/126254131@N05\/\">J. Chapter<\/a>, janvier 1985<\/figcaption><\/figure>\n\n\n\n<h2 class=\"wp-block-heading\">De la ligne d\u2019Auteuil \u00e0 la VMI<\/h2>\n\n\n\n<p>La ligne d\u2019Auteuil doit sa <strong>\u00ab&nbsp;renaissance&nbsp;\u00bb<\/strong> au <strong>projet VMI<\/strong> (Vall\u00e9e de Montmorency \u2013 Invalides). Ce dernier voit le jour en <strong>1982<\/strong>, trois ans apr\u00e8s l\u2019inauguration du <strong>RER C<\/strong> (Transversale Rive Gauche).<\/p>\n\n\n\n<p>Le trac\u00e9 retenu <strong>r\u00e9emploie<\/strong> la <strong>partie centrale de la ligne d\u2019Auteuil<\/strong>, de Pereire-Levallois \u00e0 l\u2019Avenue Henri-Martin, ainsi que l\u2019ancien raccordement de Courcelles. Au nord de Paris, un nouveau raccordement est construit aux \u00c9pinettes&nbsp;: initialement pr\u00e9vu en surface, via la Petite Ceinture, il est finalement construit en souterrain.<\/p>\n\n\n\n<figure class=\"wp-block-image size-large\"><img loading=\"lazy\" decoding=\"async\" width=\"1024\" height=\"270\" src=\"https:\/\/petiteceinture.org\/wp-content\/uploads\/2024\/04\/Schema-VMI-1982-LVDR-C-1024x270.jpg\" alt=\"\" class=\"wp-image-8423\" srcset=\"https:\/\/petiteceinture.org\/wp-content\/uploads\/2024\/04\/Schema-VMI-1982-LVDR-C-1024x270.jpg 1024w, https:\/\/petiteceinture.org\/wp-content\/uploads\/2024\/04\/Schema-VMI-1982-LVDR-C-300x79.jpg 300w, https:\/\/petiteceinture.org\/wp-content\/uploads\/2024\/04\/Schema-VMI-1982-LVDR-C-768x202.jpg 768w, https:\/\/petiteceinture.org\/wp-content\/uploads\/2024\/04\/Schema-VMI-1982-LVDR-C.jpg 1400w\" sizes=\"(max-width: 1024px) 100vw, 1024px\" \/><figcaption class=\"wp-element-caption\">Trac\u00e9 de la VMI. Source : La Vie du Rail, 1982<\/figcaption><\/figure>\n\n\n\n<p>Les travaux se d\u00e9roulent <strong>de 1983 \u00e0 1987<\/strong>. Ils comprennent notamment la <strong>couverture<\/strong> de la ligne sur la totalit\u00e9 de son parcours dans Paris. Le <strong>Pont Rouelle<\/strong> est <strong>reconstruit<\/strong>. Un coffrage en b\u00e9ton prend place \u00e0 la jonction entre la VMI et le tron\u00e7on \u00ab&nbsp;principal&nbsp;\u00bb du RER C quai de Javel.<\/p>\n\n\n\n<figure class=\"wp-block-image size-large\"><img loading=\"lazy\" decoding=\"async\" width=\"1024\" height=\"681\" src=\"https:\/\/petiteceinture.org\/wp-content\/uploads\/2024\/05\/Ligne-dAuteuil-Neuilly-Av-Foch-Michel-Falcou-1400-1024x681.jpg\" alt=\"\" class=\"wp-image-8478\" srcset=\"https:\/\/petiteceinture.org\/wp-content\/uploads\/2024\/05\/Ligne-dAuteuil-Neuilly-Av-Foch-Michel-Falcou-1400-1024x681.jpg 1024w, https:\/\/petiteceinture.org\/wp-content\/uploads\/2024\/05\/Ligne-dAuteuil-Neuilly-Av-Foch-Michel-Falcou-1400-300x200.jpg 300w, https:\/\/petiteceinture.org\/wp-content\/uploads\/2024\/05\/Ligne-dAuteuil-Neuilly-Av-Foch-Michel-Falcou-1400-768x511.jpg 768w, https:\/\/petiteceinture.org\/wp-content\/uploads\/2024\/05\/Ligne-dAuteuil-Neuilly-Av-Foch-Michel-Falcou-1400.jpg 1400w\" sizes=\"(max-width: 1024px) 100vw, 1024px\" \/><figcaption class=\"wp-element-caption\">Deux rames Standard se croisent \u00e0 la gare de l&rsquo;Avenue Foch le 24 octobre 1981. Cr\u00e9dit photo : M. Falcou (<a href=\"http:\/\/rail4402.fr\/index.htm\">rail4402.fr<\/a>)<\/figcaption><\/figure>\n\n\n\n<p>Le dernier train de la ligne d&rsquo;Auteuil circule le <strong>6 janvier 1985<\/strong>, sous la ligne. De nombreux ferroviphiles avaient fait le d\u00e9placement afin de dire un <strong>dernier au-revoir<\/strong> \u00e0 cette ligne mythique de l&rsquo;ouest parisien.<\/p>\n\n\n\n<figure class=\"wp-block-gallery has-nested-images columns-default is-cropped wp-block-gallery-5 is-layout-flex wp-block-gallery-is-layout-flex\">\n<figure class=\"wp-block-image size-large\"><a href=\"https:\/\/petiteceinture.org\/wp-content\/uploads\/2024\/05\/fin_auteuil4.jpg\"><img loading=\"lazy\" decoding=\"async\" width=\"800\" height=\"593\" data-id=\"8467\" src=\"https:\/\/petiteceinture.org\/wp-content\/uploads\/2024\/05\/fin_auteuil4.jpg\" alt=\"\" class=\"wp-image-8467\" srcset=\"https:\/\/petiteceinture.org\/wp-content\/uploads\/2024\/05\/fin_auteuil4.jpg 800w, https:\/\/petiteceinture.org\/wp-content\/uploads\/2024\/05\/fin_auteuil4-300x222.jpg 300w, https:\/\/petiteceinture.org\/wp-content\/uploads\/2024\/05\/fin_auteuil4-768x569.jpg 768w\" sizes=\"(max-width: 800px) 100vw, 800px\" \/><\/a><figcaption class=\"wp-element-caption\">Cr\u00e9dit photo : Olivier Michel<\/figcaption><\/figure>\n\n\n\n<figure class=\"wp-block-image size-large\"><a href=\"https:\/\/petiteceinture.org\/wp-content\/uploads\/2024\/05\/fin_auteuil2s.jpg\"><img loading=\"lazy\" decoding=\"async\" width=\"250\" height=\"167\" data-id=\"8466\" src=\"https:\/\/petiteceinture.org\/wp-content\/uploads\/2024\/05\/fin_auteuil2s.jpg\" alt=\"\" class=\"wp-image-8466\"\/><\/a><figcaption class=\"wp-element-caption\">Cr\u00e9dit photo : Bernard Chatreau<\/figcaption><\/figure>\n\n\n\n<figure class=\"wp-block-image size-large\"><a href=\"https:\/\/petiteceinture.org\/wp-content\/uploads\/2024\/05\/fin_auteuil3.jpg\"><img loading=\"lazy\" decoding=\"async\" width=\"800\" height=\"589\" data-id=\"8468\" src=\"https:\/\/petiteceinture.org\/wp-content\/uploads\/2024\/05\/fin_auteuil3.jpg\" alt=\"\" class=\"wp-image-8468\" srcset=\"https:\/\/petiteceinture.org\/wp-content\/uploads\/2024\/05\/fin_auteuil3.jpg 800w, https:\/\/petiteceinture.org\/wp-content\/uploads\/2024\/05\/fin_auteuil3-300x221.jpg 300w, https:\/\/petiteceinture.org\/wp-content\/uploads\/2024\/05\/fin_auteuil3-768x565.jpg 768w\" sizes=\"(max-width: 800px) 100vw, 800px\" \/><\/a><figcaption class=\"wp-element-caption\">Cr\u00e9dit photo : Olivier Michel<\/figcaption><\/figure>\n\n\n\n<figure class=\"wp-block-image size-large\"><a href=\"https:\/\/petiteceinture.org\/wp-content\/uploads\/2024\/05\/fin_auteuil1.jpg\"><img loading=\"lazy\" decoding=\"async\" width=\"800\" height=\"582\" data-id=\"8465\" src=\"https:\/\/petiteceinture.org\/wp-content\/uploads\/2024\/05\/fin_auteuil1.jpg\" alt=\"\" class=\"wp-image-8465\" srcset=\"https:\/\/petiteceinture.org\/wp-content\/uploads\/2024\/05\/fin_auteuil1.jpg 800w, https:\/\/petiteceinture.org\/wp-content\/uploads\/2024\/05\/fin_auteuil1-300x218.jpg 300w, https:\/\/petiteceinture.org\/wp-content\/uploads\/2024\/05\/fin_auteuil1-768x559.jpg 768w\" sizes=\"(max-width: 800px) 100vw, 800px\" \/><\/a><figcaption class=\"wp-element-caption\">Cr\u00e9dit photo : Olivier Michel<\/figcaption><\/figure>\n<\/figure>\n\n\n\n<p>La nouvelle branche du RER C, nomm\u00e9e <strong>\u00ab&nbsp;Ligne d&rsquo;Ermont &#8211; Eaubonne \u00e0 Champ-de-Mars&nbsp;\u00bb <\/strong>est inaugur\u00e9e le <strong>25 septembre 1988<\/strong>. Les rames du RER C (25 kV) succ\u00e8dent aux rames Standard (750 V).<\/p>\n\n\n\n<figure class=\"wp-block-image size-large\"><img loading=\"lazy\" decoding=\"async\" width=\"1024\" height=\"736\" src=\"https:\/\/petiteceinture.org\/wp-content\/uploads\/2020\/11\/revue-chemins-de-fer-avril-1988-special-vmi-c-1024x736.jpg\" alt=\"RER C VMI raccordement Boulainvilliers Pont Rouelle\" class=\"wp-image-2543\" srcset=\"https:\/\/petiteceinture.org\/wp-content\/uploads\/2020\/11\/revue-chemins-de-fer-avril-1988-special-vmi-c-1024x736.jpg 1024w, https:\/\/petiteceinture.org\/wp-content\/uploads\/2020\/11\/revue-chemins-de-fer-avril-1988-special-vmi-c-300x216.jpg 300w, https:\/\/petiteceinture.org\/wp-content\/uploads\/2020\/11\/revue-chemins-de-fer-avril-1988-special-vmi-c-768x552.jpg 768w, https:\/\/petiteceinture.org\/wp-content\/uploads\/2020\/11\/revue-chemins-de-fer-avril-1988-special-vmi-c.jpg 1112w\" sizes=\"(max-width: 1024px) 100vw, 1024px\" \/><\/figure>\n\n\n\n<h2 class=\"wp-block-heading\">L\u2019abandon des sections terminales de la ligne d\u2019Auteuil<\/h2>\n\n\n\n<h3 class=\"wp-block-heading\">Pont-Cardinet \u2013 Pereire-Levallois<\/h3>\n\n\n\n<p>Pour assurer une liaison avec le r\u00e9seau de la gare Saint-Lazare, une <strong>courte navette<\/strong> est mise en service <strong>entre Pereire-Levallois<\/strong> et l\u2019ancien terminus de <strong>Pont-Cardinet<\/strong>. Faute de trafic, elle est <strong>remplac\u00e9e par un<\/strong> <strong>bus<\/strong> le <strong>6 juillet 1996<\/strong>.<\/p>\n\n\n\n<figure class=\"wp-block-image size-large\"><img loading=\"lazy\" decoding=\"async\" width=\"1024\" height=\"683\" src=\"https:\/\/petiteceinture.org\/wp-content\/uploads\/2024\/05\/JP-463-8-Pont-Cardinet-050796-C-1400-1024x683.jpg\" alt=\"\" class=\"wp-image-8472\" srcset=\"https:\/\/petiteceinture.org\/wp-content\/uploads\/2024\/05\/JP-463-8-Pont-Cardinet-050796-C-1400-1024x683.jpg 1024w, https:\/\/petiteceinture.org\/wp-content\/uploads\/2024\/05\/JP-463-8-Pont-Cardinet-050796-C-1400-300x200.jpg 300w, https:\/\/petiteceinture.org\/wp-content\/uploads\/2024\/05\/JP-463-8-Pont-Cardinet-050796-C-1400-768x512.jpg 768w, https:\/\/petiteceinture.org\/wp-content\/uploads\/2024\/05\/JP-463-8-Pont-Cardinet-050796-C-1400.jpg 1400w\" sizes=\"(max-width: 1024px) 100vw, 1024px\" \/><figcaption class=\"wp-element-caption\">Une rame Z5300 sur le quai de l&rsquo;ex-ligne d&rsquo;Auteuil, le 5 juillet 1996. Cr\u00e9dit photo : J. Pepinster<\/figcaption><\/figure>\n\n\n\n<p>Utilis\u00e9e ensuite comme <strong>voie de garage<\/strong> pour les trains de la ligne C, la section est <strong>retranch\u00e9e du r\u00e9seau ferr\u00e9 national en&nbsp;2013<\/strong>. En aval de la gare de Pont-Cardinet, la tranch\u00e9e est combl\u00e9e dans le cadre de la ZAC Clichy-Batignolles. Une convention est sign\u00e9e entre la SNCF et la Mairie de Paris en 2018, et la <strong>\u00ab Petite Ceinture du 17e&nbsp;<\/strong>\u00bb ouvre au public en <strong>2019<\/strong>.<\/p>\n\n\n\n<h3 class=\"wp-block-heading\">Avenue Henri-Martin \u2013 Auteuil-Boulogne<\/h3>\n\n\n\n<p>Le projet initial de la VMI pr\u00e9voyait une <strong>navette ferroviaire<\/strong> entre <strong>l\u2019Avenue Henri-Martin<\/strong> et <strong>Auteuil<\/strong>. Les pr\u00e9visions de trafic \u00e9tant trop faibles, elle n\u2019a <strong>jamais \u00e9t\u00e9 mise en service.<\/strong> Une 3e voie \u00e0 la gare de l\u2019Av. Henri-Martin est cependant construite.<\/p>\n\n\n\n<figure class=\"wp-block-image size-large\"><img loading=\"lazy\" decoding=\"async\" width=\"1024\" height=\"682\" src=\"https:\/\/petiteceinture.org\/wp-content\/uploads\/2024\/05\/Avenue-Henri-Martin-quai-central-JN-Lehec-1024x682.jpg\" alt=\"\" class=\"wp-image-8473\" srcset=\"https:\/\/petiteceinture.org\/wp-content\/uploads\/2024\/05\/Avenue-Henri-Martin-quai-central-JN-Lehec-1024x682.jpg 1024w, https:\/\/petiteceinture.org\/wp-content\/uploads\/2024\/05\/Avenue-Henri-Martin-quai-central-JN-Lehec-300x200.jpg 300w, https:\/\/petiteceinture.org\/wp-content\/uploads\/2024\/05\/Avenue-Henri-Martin-quai-central-JN-Lehec-768x512.jpg 768w, https:\/\/petiteceinture.org\/wp-content\/uploads\/2024\/05\/Avenue-Henri-Martin-quai-central-JN-Lehec-1536x1024.jpg 1536w, https:\/\/petiteceinture.org\/wp-content\/uploads\/2024\/05\/Avenue-Henri-Martin-quai-central-JN-Lehec.jpg 2000w\" sizes=\"(max-width: 1024px) 100vw, 1024px\" \/><figcaption class=\"wp-element-caption\">La voie centrale de la gare de l&rsquo;Avenue Henri-Martin, en mai 2021. Cr\u00e9dit photo : Jean-Nicolas Lehec<\/figcaption><\/figure>\n\n\n\n<p>Cette section est d\u00e9ferr\u00e9e en 1993 et retir\u00e9 du r\u00e9seau ferr\u00e9 national en 2008. Pour autant, elle appartient toujours \u00e0 la SNCF. Le site est ouvert au public sous la forme d\u2019un&nbsp;<strong>sentier nature<\/strong>&nbsp;depuis 2007. Les vastes emprises de la&nbsp;<strong>gare d\u2019Auteuil<\/strong>&nbsp;ont, quant \u00e0 elle, \u00e9t\u00e9 vendues \u00e0 des&nbsp;<strong>promoteurs immobiliers<\/strong>&nbsp;pour la construction d\u2019immeubles d\u2019habitation.<\/p>\n\n\n\n<p>En revanche, la section situ\u00e9e entre la gare de l\u2019Avenue Henri-Martin et celle de Passy, \u00e9galement d\u00e9ferr\u00e9e, n\u2019est pas d\u00e9class\u00e9e. Elle&nbsp;constitue ainsi une&nbsp;<strong>r\u00e9serve de capacit\u00e9<\/strong>&nbsp;pour l\u2019am\u00e9nagement \u00e9ventuel de voies de garages d\u2019un&nbsp;<strong>terminus interm\u00e9diaire en gare d\u2019Avenue Henri Martin<\/strong>&nbsp;pour la ligne C du RER.<\/p>\n\n\n\n<figure class=\"wp-block-embed is-type-wp-embed is-provider-association-sauvegarde-petite-ceinture wp-block-embed-association-sauvegarde-petite-ceinture\"><div class=\"wp-block-embed__wrapper\">\n<div class=\"oceanwp-oembed-wrap clr\"><blockquote class=\"wp-embedded-content\" data-secret=\"W5wFZBGRkg\"><a href=\"https:\/\/petiteceinture.org\/la-ligne\/situation-juridique\/\">Situation juridique de la Petite Ceinture ferroviaire de Paris<\/a><\/blockquote><iframe class=\"wp-embedded-content\" sandbox=\"allow-scripts\" security=\"restricted\" style=\"position: absolute; clip: rect(1px, 1px, 1px, 1px);\" title=\"\u00ab\u00a0Situation juridique de la Petite Ceinture ferroviaire de Paris\u00a0\u00bb &#8212; Association Sauvegarde Petite Ceinture\" src=\"https:\/\/petiteceinture.org\/la-ligne\/situation-juridique\/embed\/#?secret=aiCDoVjVUr#?secret=W5wFZBGRkg\" data-secret=\"W5wFZBGRkg\" width=\"600\" height=\"338\" frameborder=\"0\" marginwidth=\"0\" marginheight=\"0\" scrolling=\"no\"><\/iframe><\/div>\n<\/div><\/figure>\n\n\n\n<p>Hormis ces deux sections terminales, les <strong>gares de l&rsquo;ancienne ligne d&rsquo;Auteuil<\/strong> continuent donc <strong>d&rsquo;assurer leur fonction premi\u00e8re<\/strong>. Ainsi, les gares de <strong>l&rsquo;Avenue Foch<\/strong>, de <strong>Neuilly Porte-Maillot<\/strong>, de <strong>Pereire-Levallois<\/strong> (et du Pont Cardinet) voient passer quotidiennement des voyageurs <strong>depuis 1854<\/strong>.<\/p>\n\n\n\n<p>Elles font donc partie des <strong>plus anciennes gares de voyageurs<\/strong> <strong>toujours en activit\u00e9<\/strong>.<\/p>\n\n\n\n<h2 class=\"wp-block-heading\">Conclusion<\/h2>\n\n\n\n<p>De son inauguration le <strong>2 mai 1854<\/strong> \u00e0 son <strong>int\u00e9gration au RER C,<\/strong> la ligne d\u2019Auteuil incarne <strong>170 ans d\u2019histoire ferroviaire parisienne<\/strong>. Premier r\u00e9seau d\u00e9di\u00e9 au <strong>transport des voyageurs<\/strong> \u2013 bien avant l\u2019inauguration du m\u00e9tro \u2013 elle est l\u2019un des <strong>principaux t\u00e9moins de la riche histoire ferroviaire de l\u2019ouest parisien<\/strong>.<\/p>\n\n\n\n<p>La <strong>d\u00e9molition du viaduc d\u2019Auteuil<\/strong>, symbole de la <strong>mentalit\u00e9 \u00ab&nbsp;tout-voiture&nbsp;\u00bb <\/strong>des ann\u00e9es 60, l\u2019a certes <strong>isol\u00e9e<\/strong> de la Petite Ceinture Rive Gauche, emp\u00eachant le retour d\u2019une <strong>liaison circulaire.<\/strong><\/p>\n\n\n\n<p>Toutefois, le <strong>projet VMI<\/strong> a eu le m\u00e9rite de sortir la ligne du <strong>sommeil<\/strong> dans lequel elle \u00e9tait plong\u00e9e. Il a \u00e9galement donn\u00e9 une <strong>nouvelle naissance<\/strong> au <strong>raccordement de Boulainvilliers<\/strong>, abandonn\u00e9 pendant plus de 60 ans.<\/p>\n\n\n\n<p>Une initiative qui illustre d\u2019ailleurs la n\u00e9cessit\u00e9 de <strong>pr\u00e9server les infrastructures ferroviaires<\/strong>, m\u00eame jug\u00e9es d\u00e9su\u00e8tes, afin qu\u2019elles puissent \u00eatre en mesure d\u2019accompagner les <strong>transports ferroviaires ult\u00e9rieurs<\/strong>.<\/p>\n\n\n\n<hr class=\"wp-block-separator has-alpha-channel-opacity\"\/>\n\n\n\n<h2 class=\"wp-block-heading\">Notes<\/h2>\n\n\n<ol class=\"wp-block-footnotes\"><li id=\"f482afb6-90d4-4b05-a9d8-7c0f0fc7ecf3\">En 1867, lors de la construction de la Petite Ceinture Rive Gauche, les ing\u00e9nieurs vont d\u2019ailleurs \u00ab\u00a0copier\u00a0\u00bb la ligne d\u2019Auteuil en pla\u00e7ant la ligne en tranch\u00e9e (ou en talus) afin d\u2019\u00e9viter tout passage \u00e0 niveau. Sur la section Rive Droite, ce n\u2019est qu\u2019en 1889 qu\u2019ils sont tous supprim\u00e9s. De ce point de vue, la ligne d\u2019Auteuil \u00e9tait donc particuli\u00e8rement en avance sur son temps\u00a0! <a href=\"#f482afb6-90d4-4b05-a9d8-7c0f0fc7ecf3-link\" aria-label=\"Jump to footnote reference 1\">\u21a9\ufe0e<\/a><\/li><li id=\"872b8337-83bf-4d60-a168-963b23c58ff4\">Le transport de marchandises \u00e0 l\u2019ouest de la capitale est rest\u00e9 tr\u00e8s marginal, aucune gare de marchandises n\u2019ayant \u00e9t\u00e9 construite le long de la ligne dAuteuil. M\u00eame la desserte de la gare de Grenelle, pourtant situ\u00e9e au sud-ouest, s\u2019effectuait depuis la Rap\u00e9e-Bercy. <a href=\"#872b8337-83bf-4d60-a168-963b23c58ff4-link\" aria-label=\"Jump to footnote reference 2\">\u21a9\ufe0e<\/a><\/li><li id=\"b7bb24c2-6c3f-4149-895e-78b06287ac5b\">La Compagnie des Chemins de fer de l\u2019Ouest a absorb\u00e9 celle de Saint-Germain \u2013 ainsi que celles de Paris \u00e0 Versailles RD et de Paris \u00e0 Versailles RG en 1855 <a href=\"#b7bb24c2-6c3f-4149-895e-78b06287ac5b-link\" aria-label=\"Jump to footnote reference 3\">\u21a9\ufe0e<\/a><\/li><li id=\"a19655c5-46b2-489e-b0c3-c43fdd182c3b\">Le m\u00e9tro est con\u00e7u et construit par la Ville, mais il est exploit\u00e9 par la Compagnie g\u00e9n\u00e9rale de traction. Cette derni\u00e8re s\u2019associe aux \u00e9tablissements Schneider et Creusot et fonde la Compagnie du chemin de fer m\u00e9tropoiltain de Paris (CMP). Elle est seulement nationalis\u00e9e en 1948 <a href=\"#a19655c5-46b2-489e-b0c3-c43fdd182c3b-link\" aria-label=\"Jump to footnote reference 4\">\u21a9\ufe0e<\/a><\/li><li id=\"c1896d58-eb0d-4523-9542-2b2b45fa5a1b\">L\u2019\u00e9lectricit\u00e9 est fournie par deux usines thermiques, l\u2019une situ\u00e9e aux Moulineaux, l\u2019autre \u00e0 Nanterre. Elles fournissent toutes deux un courant triphas\u00e9 \u00e0 15000 V. Une sous-station est pr\u00e9sente Pont de Passy \u2013 ainsi que trois autres \u00e0 Pont Cardinet, Bois de Boulogne et au Champ-de-Mars\u00a0: elles transforment le courant alternatif 15000 V en courant continu 650 V (puis 700 V en 1931 et 750 V en 1960). <a href=\"#c1896d58-eb0d-4523-9542-2b2b45fa5a1b-link\" aria-label=\"Jump to footnote reference 5\">\u21a9\ufe0e<\/a><\/li><li id=\"f13a4a12-5c69-4764-8c7d-33fce233f3e0\">Jusqu\u2019alors, il \u00e9tait possible d\u2019enregistrer au guichet de l\u2019Av. Henri Martin une malle \u00e0 destination de Juan les Pins\u00a0! <a href=\"#f13a4a12-5c69-4764-8c7d-33fce233f3e0-link\" aria-label=\"Jump to footnote reference 6\">\u21a9\ufe0e<\/a><\/li><\/ol>","protected":false},"excerpt":{"rendered":"<p>Inaugur\u00e9e le 2 mai 1854, la ligne d\u2019Auteuil f\u00eate son 170<sup class=\"ordinal\">e<\/sup> anniversaire. De sa naissance \u00e0 son int\u00e9gration \u00e0 la ligne d\u2019Auteuil, son histoire est \u00e9troitement li\u00e9e \u00e0 celle la Petite Ceinture ferroviaire. D\u00e9couvrez avec nous l\u2019histoire passionnante de cette ligne mythique de l\u2019ouest parisien, qui peut \u00eatre consid\u00e9r\u00e9e comme le v\u00e9ritable anc\u00eatre du m\u00e9tro\u2026 et dont 5 des gares sont toujours actives aujourd\u2019hui&nbsp;!<\/p>","protected":false},"author":6,"featured_media":8477,"parent":1715,"menu_order":17,"comment_status":"closed","ping_status":"closed","template":"","meta":{"wp_typography_post_enhancements_disabled":false,"ocean_post_layout":"right-sidebar","ocean_both_sidebars_style":"","ocean_both_sidebars_content_width":0,"ocean_both_sidebars_sidebars_width":0,"ocean_sidebar":"","ocean_second_sidebar":"","ocean_disable_margins":"enable","ocean_add_body_class":"","ocean_shortcode_before_top_bar":"","ocean_shortcode_after_top_bar":"","ocean_shortcode_before_header":"","ocean_shortcode_after_header":"","ocean_has_shortcode":"","ocean_shortcode_after_title":"","ocean_shortcode_before_footer_widgets":"","ocean_shortcode_after_footer_widgets":"","ocean_shortcode_before_footer_bottom":"","ocean_shortcode_after_footer_bottom":"","ocean_display_top_bar":"default","ocean_display_header":"on","ocean_header_style":"","ocean_center_header_left_menu":"","ocean_custom_header_template":"","ocean_custom_logo":0,"ocean_custom_retina_logo":0,"ocean_custom_logo_max_width":0,"ocean_custom_logo_tablet_max_width":0,"ocean_custom_logo_mobile_max_width":0,"ocean_custom_logo_max_height":0,"ocean_custom_logo_tablet_max_height":0,"ocean_custom_logo_mobile_max_height":0,"ocean_header_custom_menu":"","ocean_menu_typo_font_family":"","ocean_menu_typo_font_subset":"","ocean_menu_typo_font_size":0,"ocean_menu_typo_font_size_tablet":0,"ocean_menu_typo_font_size_mobile":0,"ocean_menu_typo_font_size_unit":"px","ocean_menu_typo_font_weight":"","ocean_menu_typo_font_weight_tablet":"","ocean_menu_typo_font_weight_mobile":"","ocean_menu_typo_transform":"","ocean_menu_typo_transform_tablet":"","ocean_menu_typo_transform_mobile":"","ocean_menu_typo_line_height":0,"ocean_menu_typo_line_height_tablet":0,"ocean_menu_typo_line_height_mobile":0,"ocean_menu_typo_line_height_unit":"","ocean_menu_typo_spacing":0,"ocean_menu_typo_spacing_tablet":0,"ocean_menu_typo_spacing_mobile":0,"ocean_menu_typo_spacing_unit":"","ocean_menu_link_color":"","ocean_menu_link_color_hover":"","ocean_menu_link_color_active":"","ocean_menu_link_background":"","ocean_menu_link_hover_background":"","ocean_menu_link_active_background":"","ocean_menu_social_links_bg":"","ocean_menu_social_hover_links_bg":"","ocean_menu_social_links_color":"","ocean_menu_social_hover_links_color":"","ocean_disable_title":"enable","ocean_disable_heading":"default","ocean_post_title":"","ocean_post_subheading":"","ocean_post_title_style":"background-image","ocean_post_title_background_color":"","ocean_post_title_background":8477,"ocean_post_title_bg_image_position":"center center","ocean_post_title_bg_image_attachment":"","ocean_post_title_bg_image_repeat":"","ocean_post_title_bg_image_size":"","ocean_post_title_height":0,"ocean_post_title_bg_overlay":0.5,"ocean_post_title_bg_overlay_color":"","ocean_disable_breadcrumbs":"default","ocean_breadcrumbs_color":"","ocean_breadcrumbs_separator_color":"","ocean_breadcrumbs_links_color":"","ocean_breadcrumbs_links_hover_color":"","ocean_display_footer_widgets":"default","ocean_display_footer_bottom":"default","ocean_custom_footer_template":"","ofc_meta_disable_footer_callout":"","ofc_meta_callout_button_url":"","ofc_meta_callout_button_txt":"","ofc_meta_callout_text":"","ofc_enable_fullscreen":"disable","ofc_fullscreen_speed":0,"ofc_fullscreen_nav":"enable","ofc_fullscreen_nav_pos":"right","ofc_fullscreen_nav_color":"","ofc_fullscreen_nav_tooltip_color":"","ofc_fullscreen_responsive":0,"footnotes":"[{\"content\":\"En 1867, lors de la construction de la Petite Ceinture Rive Gauche, les ing\u00e9nieurs vont d\u2019ailleurs \u00ab\u00a0copier\u00a0\u00bb la ligne d\u2019Auteuil en pla\u00e7ant la ligne en tranch\u00e9e (ou en talus) afin d\u2019\u00e9viter tout passage \u00e0 niveau. Sur la section Rive Droite, ce n\u2019est qu\u2019en 1889 qu\u2019ils sont tous supprim\u00e9s. De ce point de vue, la ligne d\u2019Auteuil \u00e9tait donc particuli\u00e8rement en avance sur son temps\u00a0!\",\"id\":\"f482afb6-90d4-4b05-a9d8-7c0f0fc7ecf3\"},{\"content\":\"Le transport de marchandises \u00e0 l\u2019ouest de la capitale est rest\u00e9 tr\u00e8s marginal, aucune gare de marchandises n\u2019ayant \u00e9t\u00e9 construite le long de la ligne dAuteuil. M\u00eame la desserte de la gare de Grenelle, pourtant situ\u00e9e au sud-ouest, s\u2019effectuait depuis la Rap\u00e9e-Bercy.\",\"id\":\"872b8337-83bf-4d60-a168-963b23c58ff4\"},{\"content\":\"La Compagnie des Chemins de fer de l\u2019Ouest a absorb\u00e9 celle de Saint-Germain \u2013 ainsi que celles de Paris \u00e0 Versailles RD et de Paris \u00e0 Versailles RG en 1855\",\"id\":\"b7bb24c2-6c3f-4149-895e-78b06287ac5b\"},{\"content\":\"Le m\u00e9tro est con\u00e7u et construit par la Ville, mais il est exploit\u00e9 par la Compagnie g\u00e9n\u00e9rale de traction. Cette derni\u00e8re s\u2019associe aux \u00e9tablissements Schneider et Creusot et fonde la Compagnie du chemin de fer m\u00e9tropoiltain de Paris (CMP). Elle est seulement nationalis\u00e9e en 1948\",\"id\":\"a19655c5-46b2-489e-b0c3-c43fdd182c3b\"},{\"content\":\"L\u2019\u00e9lectricit\u00e9 est fournie par deux usines thermiques, l\u2019une situ\u00e9e aux Moulineaux, l\u2019autre \u00e0 Nanterre. Elles fournissent toutes deux un courant triphas\u00e9 \u00e0 15000 V. Une sous-station est pr\u00e9sente Pont de Passy \u2013 ainsi que trois autres \u00e0 Pont Cardinet, Bois de Boulogne et au Champ-de-Mars\u00a0: elles transforment le courant alternatif 15000 V en courant continu 650 V (puis 700 V en 1931 et 750 V en 1960).\",\"id\":\"c1896d58-eb0d-4523-9542-2b2b45fa5a1b\"},{\"content\":\"Jusqu\u2019alors, il \u00e9tait possible d\u2019enregistrer au guichet de l\u2019Av. Henri Martin une malle \u00e0 destination de Juan les Pins\u00a0!\",\"id\":\"f13a4a12-5c69-4764-8c7d-33fce233f3e0\"}]"},"class_list":["post-8416","page","type-page","status-publish","has-post-thumbnail","hentry","entry","has-media"],"yoast_head":"<!-- This site is optimized with the Yoast SEO plugin v27.4 - https:\/\/yoast.com\/product\/yoast-seo-wordpress\/ -->\n<title>De la ligne d&#039;Auteuil au RER C : 170 ans d&#039;histoire ferroviaire - ASPCRF<\/title>\n<meta name=\"description\" content=\"Inaugur\u00e9e le 2 mai 1854, la ligne d&#039;Auteuil f\u00eate son 170e anniversaire. D\u00e9couvrez avec nous l&#039;histoire passionnante de cette ligne mythique de l&#039;ouest parisien, qui peut \u00eatre consid\u00e9r\u00e9e comme le v\u00e9ritable anc\u00eatre du m\u00e9tro.\" \/>\n<meta name=\"robots\" content=\"index, follow, max-snippet:-1, max-image-preview:large, max-video-preview:-1\" \/>\n<link rel=\"canonical\" href=\"https:\/\/petiteceinture.org\/en\/the-line\/histoire-petite-ceinture\/ligne-dauteuil-rer-c-170-ans-histoire-ferroviaire\/\" \/>\n<meta property=\"og:locale\" content=\"en_GB\" \/>\n<meta property=\"og:type\" content=\"article\" \/>\n<meta property=\"og:title\" content=\"De la ligne d&#039;Auteuil au RER C : 170 ans d&#039;histoire ferroviaire - ASPCRF\" \/>\n<meta property=\"og:description\" content=\"Inaugur\u00e9e le 2 mai 1854, la ligne d&#039;Auteuil f\u00eate son 170e anniversaire. D\u00e9couvrez avec nous l&#039;histoire passionnante de cette ligne mythique de l&#039;ouest parisien, qui peut \u00eatre consid\u00e9r\u00e9e comme le v\u00e9ritable anc\u00eatre du m\u00e9tro.\" \/>\n<meta property=\"og:url\" content=\"https:\/\/petiteceinture.org\/en\/the-line\/histoire-petite-ceinture\/ligne-dauteuil-rer-c-170-ans-histoire-ferroviaire\/\" \/>\n<meta property=\"og:site_name\" content=\"Association Sauvegarde Petite Ceinture\" \/>\n<meta property=\"article:publisher\" content=\"https:\/\/www.facebook.com\/pages\/Petite-Ceinture-Ferroviaire-de-Paris\/384748434945135\" \/>\n<meta property=\"article:modified_time\" content=\"2024-08-12T11:14:21+00:00\" \/>\n<meta property=\"og:image\" content=\"https:\/\/petiteceinture.org\/wp-content\/uploads\/2024\/05\/Jeremy-Chapter-Z1529-Passy-030185.jpg\" \/>\n\t<meta property=\"og:image:width\" content=\"2048\" \/>\n\t<meta property=\"og:image:height\" content=\"1319\" \/>\n\t<meta property=\"og:image:type\" content=\"image\/jpeg\" \/>\n<meta name=\"twitter:card\" content=\"summary_large_image\" \/>\n<meta name=\"twitter:site\" content=\"@aspcrf\" \/>\n<meta name=\"twitter:label1\" content=\"Estimated reading time\" \/>\n\t<meta name=\"twitter:data1\" content=\"32 minutes\" \/>\n<script type=\"application\/ld+json\" class=\"yoast-schema-graph\">{\"@context\":\"https:\\\/\\\/schema.org\",\"@graph\":[{\"@type\":\"WebPage\",\"@id\":\"https:\\\/\\\/petiteceinture.org\\\/la-ligne\\\/histoire-petite-ceinture\\\/ligne-dauteuil-rer-c-170-ans-histoire-ferroviaire\\\/\",\"url\":\"https:\\\/\\\/petiteceinture.org\\\/la-ligne\\\/histoire-petite-ceinture\\\/ligne-dauteuil-rer-c-170-ans-histoire-ferroviaire\\\/\",\"name\":\"De la ligne d'Auteuil au RER C : 170 ans d'histoire ferroviaire - ASPCRF\",\"isPartOf\":{\"@id\":\"https:\\\/\\\/petiteceinture.org\\\/#website\"},\"primaryImageOfPage\":{\"@id\":\"https:\\\/\\\/petiteceinture.org\\\/la-ligne\\\/histoire-petite-ceinture\\\/ligne-dauteuil-rer-c-170-ans-histoire-ferroviaire\\\/#primaryimage\"},\"image\":{\"@id\":\"https:\\\/\\\/petiteceinture.org\\\/la-ligne\\\/histoire-petite-ceinture\\\/ligne-dauteuil-rer-c-170-ans-histoire-ferroviaire\\\/#primaryimage\"},\"thumbnailUrl\":\"https:\\\/\\\/petiteceinture.org\\\/wp-content\\\/uploads\\\/2024\\\/05\\\/Jeremy-Chapter-Z1529-Passy-030185.jpg\",\"datePublished\":\"2024-05-02T16:13:30+00:00\",\"dateModified\":\"2024-08-12T11:14:21+00:00\",\"description\":\"Inaugur\u00e9e le 2 mai 1854, la ligne d'Auteuil f\u00eate son 170e anniversaire. D\u00e9couvrez avec nous l'histoire passionnante de cette ligne mythique de l'ouest parisien, qui peut \u00eatre consid\u00e9r\u00e9e comme le v\u00e9ritable anc\u00eatre du m\u00e9tro.\",\"breadcrumb\":{\"@id\":\"https:\\\/\\\/petiteceinture.org\\\/la-ligne\\\/histoire-petite-ceinture\\\/ligne-dauteuil-rer-c-170-ans-histoire-ferroviaire\\\/#breadcrumb\"},\"inLanguage\":\"en-GB\",\"potentialAction\":[{\"@type\":\"ReadAction\",\"target\":[\"https:\\\/\\\/petiteceinture.org\\\/la-ligne\\\/histoire-petite-ceinture\\\/ligne-dauteuil-rer-c-170-ans-histoire-ferroviaire\\\/\"]}]},{\"@type\":\"ImageObject\",\"inLanguage\":\"en-GB\",\"@id\":\"https:\\\/\\\/petiteceinture.org\\\/la-ligne\\\/histoire-petite-ceinture\\\/ligne-dauteuil-rer-c-170-ans-histoire-ferroviaire\\\/#primaryimage\",\"url\":\"https:\\\/\\\/petiteceinture.org\\\/wp-content\\\/uploads\\\/2024\\\/05\\\/Jeremy-Chapter-Z1529-Passy-030185.jpg\",\"contentUrl\":\"https:\\\/\\\/petiteceinture.org\\\/wp-content\\\/uploads\\\/2024\\\/05\\\/Jeremy-Chapter-Z1529-Passy-030185.jpg\",\"width\":2048,\"height\":1319,\"caption\":\"Ligne d'Auteuil 1985\"},{\"@type\":\"BreadcrumbList\",\"@id\":\"https:\\\/\\\/petiteceinture.org\\\/la-ligne\\\/histoire-petite-ceinture\\\/ligne-dauteuil-rer-c-170-ans-histoire-ferroviaire\\\/#breadcrumb\",\"itemListElement\":[{\"@type\":\"ListItem\",\"position\":1,\"name\":\"Accueil\",\"item\":\"https:\\\/\\\/petiteceinture.org\\\/\"},{\"@type\":\"ListItem\",\"position\":2,\"name\":\"La petite ceinture ferroviaire de paris\",\"item\":\"https:\\\/\\\/petiteceinture.org\\\/la-ligne\\\/\"},{\"@type\":\"ListItem\",\"position\":3,\"name\":\"Histoire de la Petite Ceinture\",\"item\":\"https:\\\/\\\/petiteceinture.org\\\/la-ligne\\\/histoire-petite-ceinture\\\/\"},{\"@type\":\"ListItem\",\"position\":4,\"name\":\"De la ligne d&#8217;Auteuil au RER C : 170 ans d&#8217;histoire ferroviaire\"}]},{\"@type\":\"WebSite\",\"@id\":\"https:\\\/\\\/petiteceinture.org\\\/#website\",\"url\":\"https:\\\/\\\/petiteceinture.org\\\/\",\"name\":\"Association Sauvegarde Petite Ceinture\",\"description\":\"Association pour la Sauvegarde de la Petite Ceinture et de son r\u00e9seau ferr\u00e9\",\"publisher\":{\"@id\":\"https:\\\/\\\/petiteceinture.org\\\/#organization\"},\"potentialAction\":[{\"@type\":\"SearchAction\",\"target\":{\"@type\":\"EntryPoint\",\"urlTemplate\":\"https:\\\/\\\/petiteceinture.org\\\/?s={search_term_string}\"},\"query-input\":{\"@type\":\"PropertyValueSpecification\",\"valueRequired\":true,\"valueName\":\"search_term_string\"}}],\"inLanguage\":\"en-GB\"},{\"@type\":\"Organization\",\"@id\":\"https:\\\/\\\/petiteceinture.org\\\/#organization\",\"name\":\"Association Sauvegarde de la Petite Ceinture et de son R\u00e9seau Ferr\u00e9\",\"url\":\"https:\\\/\\\/petiteceinture.org\\\/\",\"logo\":{\"@type\":\"ImageObject\",\"inLanguage\":\"en-GB\",\"@id\":\"https:\\\/\\\/petiteceinture.org\\\/#\\\/schema\\\/logo\\\/image\\\/\",\"url\":\"https:\\\/\\\/petiteceinture.org\\\/wp-content\\\/uploads\\\/2020\\\/01\\\/Logo-SPC-fond-blanc-200.png\",\"contentUrl\":\"https:\\\/\\\/petiteceinture.org\\\/wp-content\\\/uploads\\\/2020\\\/01\\\/Logo-SPC-fond-blanc-200.png\",\"width\":200,\"height\":206,\"caption\":\"Association Sauvegarde de la Petite Ceinture et de son R\u00e9seau Ferr\u00e9\"},\"image\":{\"@id\":\"https:\\\/\\\/petiteceinture.org\\\/#\\\/schema\\\/logo\\\/image\\\/\"},\"sameAs\":[\"https:\\\/\\\/www.facebook.com\\\/pages\\\/Petite-Ceinture-Ferroviaire-de-Paris\\\/384748434945135\",\"https:\\\/\\\/x.com\\\/aspcrf\",\"https:\\\/\\\/www.instagram.com\\\/petiteceintureparis\",\"https:\\\/\\\/www.pinterest.fr\\\/petiteceintureparis\\\/\",\"https:\\\/\\\/www.youtube.com\\\/channel\\\/UC-HE5oJlzq506aGkEsaZzWA\"]}]}<\/script>\n<!-- \/ Yoast SEO plugin. -->","yoast_head_json":{"title":"De la ligne d\u2019Auteuil au RER C&nbsp;: 170 ans d\u2019histoire ferroviaire \u2013 ASPCRF","description":"Inaugur\u00e9e le 2 mai 1854, la ligne d\u2019Auteuil f\u00eate son 170<sup class=\"ordinal\">e<\/sup> anniversaire. D\u00e9couvrez avec nous l\u2019histoire passionnante de cette ligne mythique de l\u2019ouest parisien, qui peut \u00eatre consid\u00e9r\u00e9e comme le v\u00e9ritable anc\u00eatre du&nbsp;m\u00e9tro.","robots":{"index":"index","follow":"follow","max-snippet":"max-snippet:-1","max-image-preview":"max-image-preview:large","max-video-preview":"max-video-preview:-1"},"canonical":"https:\/\/petiteceinture.org\/en\/the-line\/histoire-petite-ceinture\/ligne-dauteuil-rer-c-170-ans-histoire-ferroviaire\/","og_locale":"en_GB","og_type":"article","og_title":"De la ligne d'Auteuil au RER C : 170 ans d'histoire ferroviaire - ASPCRF","og_description":"Inaugur\u00e9e le 2 mai 1854, la ligne d'Auteuil f\u00eate son 170e anniversaire. D\u00e9couvrez avec nous l'histoire passionnante de cette ligne mythique de l'ouest parisien, qui peut \u00eatre consid\u00e9r\u00e9e comme le v\u00e9ritable anc\u00eatre du m\u00e9tro.","og_url":"https:\/\/petiteceinture.org\/en\/the-line\/histoire-petite-ceinture\/ligne-dauteuil-rer-c-170-ans-histoire-ferroviaire\/","og_site_name":"Association Sauvegarde Petite Ceinture","article_publisher":"https:\/\/www.facebook.com\/pages\/Petite-Ceinture-Ferroviaire-de-Paris\/384748434945135","article_modified_time":"2024-08-12T11:14:21+00:00","og_image":[{"width":2048,"height":1319,"url":"https:\/\/petiteceinture.org\/wp-content\/uploads\/2024\/05\/Jeremy-Chapter-Z1529-Passy-030185.jpg","type":"image\/jpeg"}],"twitter_card":"summary_large_image","twitter_site":"@aspcrf","twitter_misc":{"Estimated reading time":"32 minutes"},"schema":{"@context":"https:\/\/schema.org","@graph":[{"@type":"WebPage","@id":"https:\/\/petiteceinture.org\/la-ligne\/histoire-petite-ceinture\/ligne-dauteuil-rer-c-170-ans-histoire-ferroviaire\/","url":"https:\/\/petiteceinture.org\/la-ligne\/histoire-petite-ceinture\/ligne-dauteuil-rer-c-170-ans-histoire-ferroviaire\/","name":"De la ligne d\u2019Auteuil au RER C&nbsp;: 170 ans d\u2019histoire ferroviaire \u2013 ASPCRF","isPartOf":{"@id":"https:\/\/petiteceinture.org\/#website"},"primaryImageOfPage":{"@id":"https:\/\/petiteceinture.org\/la-ligne\/histoire-petite-ceinture\/ligne-dauteuil-rer-c-170-ans-histoire-ferroviaire\/#primaryimage"},"image":{"@id":"https:\/\/petiteceinture.org\/la-ligne\/histoire-petite-ceinture\/ligne-dauteuil-rer-c-170-ans-histoire-ferroviaire\/#primaryimage"},"thumbnailUrl":"https:\/\/petiteceinture.org\/wp-content\/uploads\/2024\/05\/Jeremy-Chapter-Z1529-Passy-030185.jpg","datePublished":"2024-05-02T16:13:30+00:00","dateModified":"2024-08-12T11:14:21+00:00","description":"Inaugur\u00e9e le 2 mai 1854, la ligne d\u2019Auteuil f\u00eate son 170<sup class=\"ordinal\">e<\/sup> anniversaire. D\u00e9couvrez avec nous l\u2019histoire passionnante de cette ligne mythique de l\u2019ouest parisien, qui peut \u00eatre consid\u00e9r\u00e9e comme le v\u00e9ritable anc\u00eatre du&nbsp;m\u00e9tro.","breadcrumb":{"@id":"https:\/\/petiteceinture.org\/la-ligne\/histoire-petite-ceinture\/ligne-dauteuil-rer-c-170-ans-histoire-ferroviaire\/#breadcrumb"},"inLanguage":"en-GB","potentialAction":[{"@type":"ReadAction","target":["https:\/\/petiteceinture.org\/la-ligne\/histoire-petite-ceinture\/ligne-dauteuil-rer-c-170-ans-histoire-ferroviaire\/"]}]},{"@type":"ImageObject","inLanguage":"en-GB","@id":"https:\/\/petiteceinture.org\/la-ligne\/histoire-petite-ceinture\/ligne-dauteuil-rer-c-170-ans-histoire-ferroviaire\/#primaryimage","url":"https:\/\/petiteceinture.org\/wp-content\/uploads\/2024\/05\/Jeremy-Chapter-Z1529-Passy-030185.jpg","contentUrl":"https:\/\/petiteceinture.org\/wp-content\/uploads\/2024\/05\/Jeremy-Chapter-Z1529-Passy-030185.jpg","width":2048,"height":1319,"caption":"Ligne d'Auteuil 1985"},{"@type":"BreadcrumbList","@id":"https:\/\/petiteceinture.org\/la-ligne\/histoire-petite-ceinture\/ligne-dauteuil-rer-c-170-ans-histoire-ferroviaire\/#breadcrumb","itemListElement":[{"@type":"ListItem","position":1,"name":"Accueil","item":"https:\/\/petiteceinture.org\/"},{"@type":"ListItem","position":2,"name":"La petite ceinture ferroviaire de paris","item":"https:\/\/petiteceinture.org\/la-ligne\/"},{"@type":"ListItem","position":3,"name":"Histoire de la Petite Ceinture","item":"https:\/\/petiteceinture.org\/la-ligne\/histoire-petite-ceinture\/"},{"@type":"ListItem","position":4,"name":"De la ligne d&#8217;Auteuil au RER C : 170 ans d&#8217;histoire ferroviaire"}]},{"@type":"WebSite","@id":"https:\/\/petiteceinture.org\/#website","url":"https:\/\/petiteceinture.org\/","name":"Association Sauvegarde Petite Ceinture","description":"Association for the Safeguarding of the Petite Ceinture and its Rail Network","publisher":{"@id":"https:\/\/petiteceinture.org\/#organization"},"potentialAction":[{"@type":"SearchAction","target":{"@type":"EntryPoint","urlTemplate":"https:\/\/petiteceinture.org\/?s={search_term_string}"},"query-input":{"@type":"PropertyValueSpecification","valueRequired":true,"valueName":"search_term_string"}}],"inLanguage":"en-GB"},{"@type":"Organization","@id":"https:\/\/petiteceinture.org\/#organization","name":"Association for the Safeguard of the Petite Ceinture and its Railway Network","url":"https:\/\/petiteceinture.org\/","logo":{"@type":"ImageObject","inLanguage":"en-GB","@id":"https:\/\/petiteceinture.org\/#\/schema\/logo\/image\/","url":"https:\/\/petiteceinture.org\/wp-content\/uploads\/2020\/01\/Logo-SPC-fond-blanc-200.png","contentUrl":"https:\/\/petiteceinture.org\/wp-content\/uploads\/2020\/01\/Logo-SPC-fond-blanc-200.png","width":200,"height":206,"caption":"Association Sauvegarde de la Petite Ceinture et de son R\u00e9seau Ferr\u00e9"},"image":{"@id":"https:\/\/petiteceinture.org\/#\/schema\/logo\/image\/"},"sameAs":["https:\/\/www.facebook.com\/pages\/Petite-Ceinture-Ferroviaire-de-Paris\/384748434945135","https:\/\/x.com\/aspcrf","https:\/\/www.instagram.com\/petiteceintureparis","https:\/\/www.pinterest.fr\/petiteceintureparis\/","https:\/\/www.youtube.com\/channel\/UC-HE5oJlzq506aGkEsaZzWA"]}]}},"_links":{"self":[{"href":"https:\/\/petiteceinture.org\/en\/wp-json\/wp\/v2\/pages\/8416","targetHints":{"allow":["GET"]}}],"collection":[{"href":"https:\/\/petiteceinture.org\/en\/wp-json\/wp\/v2\/pages"}],"about":[{"href":"https:\/\/petiteceinture.org\/en\/wp-json\/wp\/v2\/types\/page"}],"author":[{"embeddable":true,"href":"https:\/\/petiteceinture.org\/en\/wp-json\/wp\/v2\/users\/6"}],"replies":[{"embeddable":true,"href":"https:\/\/petiteceinture.org\/en\/wp-json\/wp\/v2\/comments?post=8416"}],"version-history":[{"count":21,"href":"https:\/\/petiteceinture.org\/en\/wp-json\/wp\/v2\/pages\/8416\/revisions"}],"predecessor-version":[{"id":8506,"href":"https:\/\/petiteceinture.org\/en\/wp-json\/wp\/v2\/pages\/8416\/revisions\/8506"}],"up":[{"embeddable":true,"href":"https:\/\/petiteceinture.org\/en\/wp-json\/wp\/v2\/pages\/1715"}],"wp:featuredmedia":[{"embeddable":true,"href":"https:\/\/petiteceinture.org\/en\/wp-json\/wp\/v2\/media\/8477"}],"wp:attachment":[{"href":"https:\/\/petiteceinture.org\/en\/wp-json\/wp\/v2\/media?parent=8416"}],"curies":[{"name":"wp","href":"https:\/\/api.w.org\/{rel}","templated":true}]}}