{"id":6768,"date":"2024-09-16T19:03:37","date_gmt":"2024-09-16T17:03:37","guid":{"rendered":"https:\/\/petiteceinture.org\/?page_id=6768"},"modified":"2024-10-07T15:56:51","modified_gmt":"2024-10-07T13:56:51","slug":"rapee-bercy","status":"publish","type":"page","link":"https:\/\/petiteceinture.org\/en\/gares-petite-ceinture\/rapee-bercy\/","title":{"rendered":"Gare de La Rap\u00e9e-Bercy"},"content":{"rendered":"\t\t<div data-elementor-type=\"wp-page\" data-elementor-id=\"6768\" class=\"elementor elementor-6768\" data-elementor-post-type=\"page\">\n\t\t\t\t\t\t<section class=\"elementor-section elementor-top-section elementor-element elementor-element-1f026221 elementor-section-stretched elementor-section-full_width elementor-section-height-min-height elementor-section-height-default elementor-section-items-middle\" data-id=\"1f026221\" data-element_type=\"section\" data-e-type=\"section\" data-settings=\"{&quot;stretch_section&quot;:&quot;section-stretched&quot;,&quot;background_background&quot;:&quot;classic&quot;}\">\n\t\t\t\t\t\t<div class=\"elementor-container elementor-column-gap-default\">\n\t\t\t\t\t<div class=\"elementor-column elementor-col-100 elementor-top-column elementor-element elementor-element-3f13dde7\" data-id=\"3f13dde7\" data-element_type=\"column\" data-e-type=\"column\">\n\t\t\t<div class=\"elementor-widget-wrap elementor-element-populated\">\n\t\t\t\t\t\t<div class=\"elementor-element elementor-element-5dd39d7b elementor-widget elementor-widget-heading\" data-id=\"5dd39d7b\" data-element_type=\"widget\" data-e-type=\"widget\" data-widget_type=\"heading.default\">\n\t\t\t\t<div class=\"elementor-widget-container\">\n\t\t\t\t\t<h1 class=\"elementor-heading-title elementor-size-default\">Gare de La Rap\u00e9e-Bercy<\/h1>\t\t\t\t<\/div>\n\t\t\t\t<\/div>\n\t\t\t\t\t<\/div>\n\t\t<\/div>\n\t\t\t\t\t<\/div>\n\t\t<\/section>\n\t\t\t\t<section class=\"elementor-section elementor-top-section elementor-element elementor-element-3a2015ab elementor-section-boxed elementor-section-height-default elementor-section-height-default\" data-id=\"3a2015ab\" data-element_type=\"section\" data-e-type=\"section\" data-settings=\"{&quot;background_background&quot;:&quot;classic&quot;}\">\n\t\t\t\t\t\t<div class=\"elementor-container elementor-column-gap-no\">\n\t\t\t\t\t<div class=\"elementor-column elementor-col-33 elementor-top-column elementor-element elementor-element-188f0939\" data-id=\"188f0939\" data-element_type=\"column\" data-e-type=\"column\">\n\t\t\t<div class=\"elementor-widget-wrap elementor-element-populated\">\n\t\t\t\t\t\t<div class=\"elementor-element elementor-element-63a72ea6 elementor-widget__width-initial elementor-widget elementor-widget-heading\" data-id=\"63a72ea6\" data-element_type=\"widget\" data-e-type=\"widget\" data-widget_type=\"heading.default\">\n\t\t\t\t<div class=\"elementor-widget-container\">\n\t\t\t\t\t<h2 class=\"elementor-heading-title elementor-size-default\">Fiche d'identit\u00e9<\/h2>\t\t\t\t<\/div>\n\t\t\t\t<\/div>\n\t\t\t\t<div class=\"elementor-element elementor-element-33b13270 elementor-tablet-align-start elementor-icon-list--layout-traditional elementor-list-item-link-full_width elementor-widget elementor-widget-icon-list\" data-id=\"33b13270\" data-element_type=\"widget\" data-e-type=\"widget\" data-widget_type=\"icon-list.default\">\n\t\t\t\t<div class=\"elementor-widget-container\">\n\t\t\t\t\t\t\t<ul class=\"elementor-icon-list-items\">\n\t\t\t\t\t\t\t<li class=\"elementor-icon-list-item\">\n\t\t\t\t\t\t\t\t\t\t\t<span class=\"elementor-icon-list-icon\">\n\t\t\t\t\t\t\t<i aria-hidden=\"true\" class=\"far fa-train\"><\/i>\t\t\t\t\t\t<\/span>\n\t\t\t\t\t\t\t\t\t\t<span class=\"elementor-icon-list-text\"><strong>Nom<\/strong> : Gare La Rap\u00e9e-Bercy <\/span>\n\t\t\t\t\t\t\t\t\t<\/li>\n\t\t\t\t\t\t\t\t<li class=\"elementor-icon-list-item\">\n\t\t\t\t\t\t\t\t\t\t\t<span class=\"elementor-icon-list-icon\">\n\t\t\t\t\t\t\t<i aria-hidden=\"true\" class=\"far fa-map-marker-alt\"><\/i>\t\t\t\t\t\t<\/span>\n\t\t\t\t\t\t\t\t\t\t<span class=\"elementor-icon-list-text\"><strong>Localisation <\/strong>: 5 Boulevard Poniatowski<\/span>\n\t\t\t\t\t\t\t\t\t<\/li>\n\t\t\t\t\t\t\t\t<li class=\"elementor-icon-list-item\">\n\t\t\t\t\t\t\t\t\t\t\t<span class=\"elementor-icon-list-icon\">\n\t\t\t\t\t\t\t<i aria-hidden=\"true\" class=\"far fa-map\"><\/i>\t\t\t\t\t\t<\/span>\n\t\t\t\t\t\t\t\t\t\t<span class=\"elementor-icon-list-text\"><strong>Arrondissement<\/strong> : 12e<\/span>\n\t\t\t\t\t\t\t\t\t<\/li>\n\t\t\t\t\t\t\t\t<li class=\"elementor-icon-list-item\">\n\t\t\t\t\t\t\t\t\t\t\t<span class=\"elementor-icon-list-icon\">\n\t\t\t\t\t\t\t<i aria-hidden=\"true\" class=\"far fa-flag\"><\/i>\t\t\t\t\t\t<\/span>\n\t\t\t\t\t\t\t\t\t\t<span class=\"elementor-icon-list-text\"><strong>Date d\u2019ouverture<\/strong> : 1852 (fret), 1862 (voyageurs) - reconstruite en 1907<\/span>\n\t\t\t\t\t\t\t\t\t<\/li>\n\t\t\t\t\t\t\t\t<li class=\"elementor-icon-list-item\">\n\t\t\t\t\t\t\t\t\t\t\t<span class=\"elementor-icon-list-icon\">\n\t\t\t\t\t\t\t<i aria-hidden=\"true\" class=\"far fa-suitcase\"><\/i>\t\t\t\t\t\t<\/span>\n\t\t\t\t\t\t\t\t\t\t<span class=\"elementor-icon-list-text\"><strong>Type<\/strong> : gare de marchandises et de voyageurs<\/span>\n\t\t\t\t\t\t\t\t\t<\/li>\n\t\t\t\t\t\t\t\t<li class=\"elementor-icon-list-item\">\n\t\t\t\t\t\t\t\t\t\t\t<span class=\"elementor-icon-list-icon\">\n\t\t\t\t\t\t\t<i aria-hidden=\"true\" class=\"far fa-angle-double-right\"><\/i>\t\t\t\t\t\t<\/span>\n\t\t\t\t\t\t\t\t\t\t<span class=\"elementor-icon-list-text\"><strong>Gares voisines <\/strong>: Rue Claude-Decaen, Orl\u00e9ans-Ceinture <\/span>\n\t\t\t\t\t\t\t\t\t<\/li>\n\t\t\t\t\t\t\t\t<li class=\"elementor-icon-list-item\">\n\t\t\t\t\t\t\t\t\t\t\t<span class=\"elementor-icon-list-icon\">\n\t\t\t\t\t\t\t<i aria-hidden=\"true\" class=\"far fa-hammer\"><\/i>\t\t\t\t\t\t<\/span>\n\t\t\t\t\t\t\t\t\t\t<span class=\"elementor-icon-list-text\"><strong>\u00c9tat <\/strong>: partiellement d\u00e9molie<\/span>\n\t\t\t\t\t\t\t\t\t<\/li>\n\t\t\t\t\t\t\t\t<li class=\"elementor-icon-list-item\">\n\t\t\t\t\t\t\t\t\t\t\t<span class=\"elementor-icon-list-icon\">\n\t\t\t\t\t\t\t<i aria-hidden=\"true\" class=\"far fa-street-view\"><\/i>\t\t\t\t\t\t<\/span>\n\t\t\t\t\t\t\t\t\t\t<span class=\"elementor-icon-list-text\"><strong>Correspondance <\/strong>: m\u00e9tro ligne 8<\/span>\n\t\t\t\t\t\t\t\t\t<\/li>\n\t\t\t\t\t\t<\/ul>\n\t\t\t\t\t\t<\/div>\n\t\t\t\t<\/div>\n\t\t\t\t\t<\/div>\n\t\t<\/div>\n\t\t\t\t<div class=\"elementor-column elementor-col-66 elementor-top-column elementor-element elementor-element-5fd24e52\" data-id=\"5fd24e52\" data-element_type=\"column\" data-e-type=\"column\">\n\t\t\t<div class=\"elementor-widget-wrap\">\n\t\t\t\t\t\t\t<\/div>\n\t\t<\/div>\n\t\t\t\t\t<\/div>\n\t\t<\/section>\n\t\t\t\t<section class=\"elementor-section elementor-top-section elementor-element elementor-element-41806943 elementor-section-boxed elementor-section-height-default elementor-section-height-default\" data-id=\"41806943\" data-element_type=\"section\" data-e-type=\"section\">\n\t\t\t\t\t\t<div class=\"elementor-container elementor-column-gap-default\">\n\t\t\t\t\t<div class=\"elementor-column elementor-col-100 elementor-top-column elementor-element elementor-element-5b2c3e8c\" data-id=\"5b2c3e8c\" data-element_type=\"column\" data-e-type=\"column\">\n\t\t\t<div class=\"elementor-widget-wrap elementor-element-populated\">\n\t\t\t\t\t\t<div class=\"elementor-element elementor-element-1942547 elementor-widget elementor-widget-html\" data-id=\"1942547\" data-element_type=\"widget\" data-e-type=\"widget\" data-widget_type=\"html.default\">\n\t\t\t\t<div class=\"elementor-widget-container\">\n\t\t\t\t\t<iframe width=\"100%\" height=\"400px\" frameborder=\"0\" allowfullscreen src=\"\/\/umap.openstreetmap.fr\/fr\/map\/petite-ceinture-ferroviaire-de-paris_420615?scaleControl=false&miniMap=false&scrollWheelZoom=false&zoomControl=true&allowEdit=false&moreControl=false&searchControl=null&tilelayersControl=null&embedControl=null&datalayersControl=false&onLoadPanel=undefined&captionBar=false&datalayers=1290315%2C1281351%2C1281330%2C1968491#16\/48.8312\/2.3924\"><\/iframe>\t\t\t\t<\/div>\n\t\t\t\t<\/div>\n\t\t\t\t\t<\/div>\n\t\t<\/div>\n\t\t\t\t\t<\/div>\n\t\t<\/section>\n\t\t\t\t<section class=\"elementor-section elementor-top-section elementor-element elementor-element-60380bf5 elementor-section-boxed elementor-section-height-default elementor-section-height-default\" data-id=\"60380bf5\" data-element_type=\"section\" data-e-type=\"section\">\n\t\t\t\t\t\t<div class=\"elementor-container elementor-column-gap-default\">\n\t\t\t\t\t<div class=\"elementor-column elementor-col-100 elementor-top-column elementor-element elementor-element-6f1c52a\" data-id=\"6f1c52a\" data-element_type=\"column\" data-e-type=\"column\">\n\t\t\t<div class=\"elementor-widget-wrap elementor-element-populated\">\n\t\t\t\t\t\t<div class=\"elementor-element elementor-element-1c4d55a6 elementor-widget elementor-widget-heading\" data-id=\"1c4d55a6\" data-element_type=\"widget\" data-e-type=\"widget\" data-widget_type=\"heading.default\">\n\t\t\t\t<div class=\"elementor-widget-container\">\n\t\t\t\t\t<h2 class=\"elementor-heading-title elementor-size-default\">La gare de La Rap\u00e9e-Bercy\u202f: au c\u0153ur du n\u0153ud ferroviaire de la gare de Lyon <\/h2>\t\t\t\t<\/div>\n\t\t\t\t<\/div>\n\t\t\t\t\t<\/div>\n\t\t<\/div>\n\t\t\t\t\t<\/div>\n\t\t<\/section>\n\t\t\t\t<section class=\"elementor-section elementor-top-section elementor-element elementor-element-75c4ef2 elementor-section-boxed elementor-section-height-default elementor-section-height-default\" data-id=\"75c4ef2\" data-element_type=\"section\" data-e-type=\"section\">\n\t\t\t\t\t\t<div class=\"elementor-container elementor-column-gap-default\">\n\t\t\t\t\t<div class=\"elementor-column elementor-col-50 elementor-top-column elementor-element elementor-element-7ffd76e\" data-id=\"7ffd76e\" data-element_type=\"column\" data-e-type=\"column\">\n\t\t\t<div class=\"elementor-widget-wrap elementor-element-populated\">\n\t\t\t\t\t\t<div class=\"elementor-element elementor-element-c252e56 elementor-widget elementor-widget-text-editor\" data-id=\"c252e56\" data-element_type=\"widget\" data-e-type=\"widget\" data-widget_type=\"text-editor.default\">\n\t\t\t\t<div class=\"elementor-widget-container\">\n\t\t\t\t\t\t\t\t\t<p><span data-contrast=\"auto\">La gare de <strong>La Rap\u00e9e-Bercy<\/strong> se situe au Sud-Est de Paris, dans le <strong>12<\/strong><\/span><strong>e<\/strong><span data-contrast=\"auto\"><strong> arrondissement<\/strong>, entre la Porte de Charenton et la Porte de Bercy. Elle tire son nom du <strong>lieu-dit de la Rap\u00e9e<\/strong> et de la commune de Bercy, cr\u00e9\u00e9e en <strong>1790<\/strong> et absorb\u00e9e par Paris en <strong>1860<\/strong>. Elle jouxte la Seine et se trouve \u00e0 proximit\u00e9 imm\u00e9diate du <strong><a href=\"https:\/\/petiteceinture.org\/parcours-petite-ceinture\/pont-national-petite-ceinture-union-rives-seine\/\">Pont National<\/a><\/strong>.<\/span><\/p><p><span data-contrast=\"auto\">Ainsi, la Rap\u00e9e-Bercy est localis\u00e9e dans un <strong>maillage ferroviaire d\u2019une rare densit\u00e9<\/strong>. En effet, la Petite Ceinture vient rejoindre le faisceau en provenance de la <strong>gare de Lyon<\/strong>. D\u00e8s ses origines, un grand nombre de voies de <strong>triage<\/strong> et de <strong>quais de d\u00e9chargement<\/strong> y sont pr\u00e9sents. <\/span><\/p><p><span data-contrast=\"auto\">La gare de La Rap\u00e9e-Bercy est \u00e9galement situ\u00e9e \u00e0 deux pas des <strong>anciens entrep\u00f4ts de Bercy<\/strong>, sp\u00e9cialis\u00e9s dans le commerce des vins. Il convient \u00e9galement de la distinguer de la gare voisine de <strong><a href=\"https:\/\/petiteceinture.org\/gares-petite-ceinture\/bercy-ceinture\/\">Bercy-Ceinture<\/a><\/strong>, qui d\u00e9pend historiquement du <strong>r\u00e9seau PLM<\/strong> (gare de Lyon).<\/span><\/p><p><div class=\"oceanwp-oembed-wrap clr\"><blockquote class=\"wp-embedded-content\" data-secret=\"UHOhVROFO9\"><a href=\"https:\/\/petiteceinture.org\/gares-petite-ceinture\/bercy-ceinture\/\">Bercy-Ceinture : une gare de correspondance m\u00e9connue<\/a><\/blockquote><iframe class=\"wp-embedded-content\" sandbox=\"allow-scripts\" security=\"restricted\" style=\"position: absolute; visibility: hidden;\" title=\"\u00ab\u00a0Bercy-Ceinture : une gare de correspondance m\u00e9connue\u00a0\u00bb &#8212; Association Sauvegarde Petite Ceinture\" src=\"https:\/\/petiteceinture.org\/gares-petite-ceinture\/bercy-ceinture\/embed\/#?secret=9HIF5oOtsC#?secret=UHOhVROFO9\" data-secret=\"UHOhVROFO9\" width=\"600\" height=\"338\" frameborder=\"0\" marginwidth=\"0\" marginheight=\"0\" scrolling=\"no\"><\/iframe><\/div><\/p>\t\t\t\t\t\t\t\t<\/div>\n\t\t\t\t<\/div>\n\t\t\t\t\t<\/div>\n\t\t<\/div>\n\t\t\t\t<div class=\"elementor-column elementor-col-50 elementor-top-column elementor-element elementor-element-6b52645\" data-id=\"6b52645\" data-element_type=\"column\" data-e-type=\"column\">\n\t\t\t<div class=\"elementor-widget-wrap elementor-element-populated\">\n\t\t\t\t\t\t<div class=\"elementor-element elementor-element-8c733fb elementor-widget elementor-widget-image\" data-id=\"8c733fb\" data-element_type=\"widget\" data-e-type=\"widget\" data-widget_type=\"image.default\">\n\t\t\t\t<div class=\"elementor-widget-container\">\n\t\t\t\t\t\t\t\t\t\t\t\t<figure class=\"wp-caption\">\n\t\t\t\t\t\t\t\t\t\t\t<a href=\"https:\/\/petiteceinture.org\/wp-content\/uploads\/2023\/04\/Petite-Ceinture-Rapee-Bercy-Pepinster-1991.jpg\" data-elementor-open-lightbox=\"yes\" data-elementor-lightbox-title=\"Petite Ceinture Rapee Bercy Pepinster 1991\" data-e-action-hash=\"#elementor-action%3Aaction%3Dlightbox%26settings%3DeyJpZCI6NzIzOSwidXJsIjoiaHR0cHM6XC9cL3BldGl0ZWNlaW50dXJlLm9yZ1wvd3AtY29udGVudFwvdXBsb2Fkc1wvMjAyM1wvMDRcL1BldGl0ZS1DZWludHVyZS1SYXBlZS1CZXJjeS1QZXBpbnN0ZXItMTk5MS5qcGcifQ%3D%3D\">\n\t\t\t\t\t\t\t<img fetchpriority=\"high\" decoding=\"async\" width=\"682\" height=\"1024\" src=\"https:\/\/petiteceinture.org\/wp-content\/uploads\/2023\/04\/Petite-Ceinture-Rapee-Bercy-Pepinster-1991-682x1024.jpg\" class=\"attachment-large size-large wp-image-7239\" alt=\"Gare Rap\u00e9e-Bercy Petite Ceinture\" srcset=\"https:\/\/petiteceinture.org\/wp-content\/uploads\/2023\/04\/Petite-Ceinture-Rapee-Bercy-Pepinster-1991-682x1024.jpg 682w, https:\/\/petiteceinture.org\/wp-content\/uploads\/2023\/04\/Petite-Ceinture-Rapee-Bercy-Pepinster-1991-200x300.jpg 200w, https:\/\/petiteceinture.org\/wp-content\/uploads\/2023\/04\/Petite-Ceinture-Rapee-Bercy-Pepinster-1991-768x1152.jpg 768w, https:\/\/petiteceinture.org\/wp-content\/uploads\/2023\/04\/Petite-Ceinture-Rapee-Bercy-Pepinster-1991.jpg 933w\" sizes=\"(max-width: 682px) 100vw, 682px\" \/>\t\t\t\t\t\t\t\t<\/a>\n\t\t\t\t\t\t\t\t\t\t\t<figcaption class=\"widget-image-caption wp-caption-text\">Perspective sur les voies de la Petite Ceinture \u00e0 la gare de la Rap\u00e9e-Bercy. \u00c0 gauche, le poste d'aiguillage de la gare de triage et du Pont National.<\/figcaption>\n\t\t\t\t\t\t\t\t\t\t<\/figure>\n\t\t\t\t\t\t\t\t\t<\/div>\n\t\t\t\t<\/div>\n\t\t\t\t\t<\/div>\n\t\t<\/div>\n\t\t\t\t\t<\/div>\n\t\t<\/section>\n\t\t\t\t<section class=\"elementor-section elementor-top-section elementor-element elementor-element-f76f696 elementor-section-boxed elementor-section-height-default elementor-section-height-default\" data-id=\"f76f696\" data-element_type=\"section\" data-e-type=\"section\">\n\t\t\t\t\t\t<div class=\"elementor-container elementor-column-gap-default\">\n\t\t\t\t\t<div class=\"elementor-column elementor-col-100 elementor-top-column elementor-element elementor-element-895594d\" data-id=\"895594d\" data-element_type=\"column\" data-e-type=\"column\">\n\t\t\t<div class=\"elementor-widget-wrap elementor-element-populated\">\n\t\t\t\t\t\t<div class=\"elementor-element elementor-element-638f89b elementor-widget elementor-widget-image\" data-id=\"638f89b\" data-element_type=\"widget\" data-e-type=\"widget\" data-widget_type=\"image.default\">\n\t\t\t\t<div class=\"elementor-widget-container\">\n\t\t\t\t\t\t\t\t\t\t\t\t<figure class=\"wp-caption\">\n\t\t\t\t\t\t\t\t\t\t<img decoding=\"async\" width=\"1024\" height=\"723\" src=\"https:\/\/petiteceinture.org\/wp-content\/uploads\/2022\/10\/Carte-itineraire-1854-Chemin-de-fer-de-Ceinture-autour-de-Paris-V2-detail-Bercy-1024x723.jpg\" class=\"attachment-large size-large wp-image-6689\" alt=\"Gare Rap\u00e9e-Bercy Petite Ceinture Plan 1854\" srcset=\"https:\/\/petiteceinture.org\/wp-content\/uploads\/2022\/10\/Carte-itineraire-1854-Chemin-de-fer-de-Ceinture-autour-de-Paris-V2-detail-Bercy-1024x723.jpg 1024w, https:\/\/petiteceinture.org\/wp-content\/uploads\/2022\/10\/Carte-itineraire-1854-Chemin-de-fer-de-Ceinture-autour-de-Paris-V2-detail-Bercy-300x212.jpg 300w, https:\/\/petiteceinture.org\/wp-content\/uploads\/2022\/10\/Carte-itineraire-1854-Chemin-de-fer-de-Ceinture-autour-de-Paris-V2-detail-Bercy-768x542.jpg 768w, https:\/\/petiteceinture.org\/wp-content\/uploads\/2022\/10\/Carte-itineraire-1854-Chemin-de-fer-de-Ceinture-autour-de-Paris-V2-detail-Bercy-1536x1084.jpg 1536w, https:\/\/petiteceinture.org\/wp-content\/uploads\/2022\/10\/Carte-itineraire-1854-Chemin-de-fer-de-Ceinture-autour-de-Paris-V2-detail-Bercy.jpg 2000w\" sizes=\"(max-width: 1024px) 100vw, 1024px\" \/>\t\t\t\t\t\t\t\t\t\t\t<figcaption class=\"widget-image-caption wp-caption-text\">Le secteur de Bercy en 1854. Le raccordement entre les r\u00e9seaux PLM et PO (via le Pont National) est clairement visible. Coll. Jean-Nicolas Lehec<\/figcaption>\n\t\t\t\t\t\t\t\t\t\t<\/figure>\n\t\t\t\t\t\t\t\t\t<\/div>\n\t\t\t\t<\/div>\n\t\t\t\t\t<\/div>\n\t\t<\/div>\n\t\t\t\t\t<\/div>\n\t\t<\/section>\n\t\t\t\t<section class=\"elementor-section elementor-top-section elementor-element elementor-element-df9eb7d elementor-section-boxed elementor-section-height-default elementor-section-height-default\" data-id=\"df9eb7d\" data-element_type=\"section\" data-e-type=\"section\">\n\t\t\t\t\t\t<div class=\"elementor-container elementor-column-gap-default\">\n\t\t\t\t\t<div class=\"elementor-column elementor-col-50 elementor-top-column elementor-element elementor-element-e74e4b4\" data-id=\"e74e4b4\" data-element_type=\"column\" data-e-type=\"column\">\n\t\t\t<div class=\"elementor-widget-wrap elementor-element-populated\">\n\t\t\t\t\t\t<div class=\"elementor-element elementor-element-3a67a3f elementor-widget elementor-widget-image\" data-id=\"3a67a3f\" data-element_type=\"widget\" data-e-type=\"widget\" data-widget_type=\"image.default\">\n\t\t\t\t<div class=\"elementor-widget-container\">\n\t\t\t\t\t\t\t\t\t\t\t\t<figure class=\"wp-caption\">\n\t\t\t\t\t\t\t\t\t\t\t<a href=\"https:\/\/petiteceinture.org\/wp-content\/uploads\/2023\/04\/Porte-de-Bercy-Petite-Ceinture.jpg\" data-elementor-open-lightbox=\"yes\" data-elementor-lightbox-title=\"Porte de Bercy Petite Ceinture\" data-e-action-hash=\"#elementor-action%3Aaction%3Dlightbox%26settings%3DeyJpZCI6NzI0MCwidXJsIjoiaHR0cHM6XC9cL3BldGl0ZWNlaW50dXJlLm9yZ1wvd3AtY29udGVudFwvdXBsb2Fkc1wvMjAyM1wvMDRcL1BvcnRlLWRlLUJlcmN5LVBldGl0ZS1DZWludHVyZS5qcGcifQ%3D%3D\">\n\t\t\t\t\t\t\t<img decoding=\"async\" width=\"1024\" height=\"760\" src=\"https:\/\/petiteceinture.org\/wp-content\/uploads\/2023\/04\/Porte-de-Bercy-Petite-Ceinture-1024x760.jpg\" class=\"attachment-large size-large wp-image-7240\" alt=\"Porte de Bercy Petite Ceinture\" srcset=\"https:\/\/petiteceinture.org\/wp-content\/uploads\/2023\/04\/Porte-de-Bercy-Petite-Ceinture-1024x760.jpg 1024w, https:\/\/petiteceinture.org\/wp-content\/uploads\/2023\/04\/Porte-de-Bercy-Petite-Ceinture-300x223.jpg 300w, https:\/\/petiteceinture.org\/wp-content\/uploads\/2023\/04\/Porte-de-Bercy-Petite-Ceinture-768x570.jpg 768w, https:\/\/petiteceinture.org\/wp-content\/uploads\/2023\/04\/Porte-de-Bercy-Petite-Ceinture.jpg 1400w\" sizes=\"(max-width: 1024px) 100vw, 1024px\" \/>\t\t\t\t\t\t\t\t<\/a>\n\t\t\t\t\t\t\t\t\t\t\t<figcaption class=\"widget-image-caption wp-caption-text\">La Porte de Bercy au d\u00e9but du XXe si\u00e8cle. \u00c0 droite, le bastion n\u00b01 des Fortifications. \u00c0 l'arri\u00e8re-plan : un train passe sur le Pont National.<\/figcaption>\n\t\t\t\t\t\t\t\t\t\t<\/figure>\n\t\t\t\t\t\t\t\t\t<\/div>\n\t\t\t\t<\/div>\n\t\t\t\t\t<\/div>\n\t\t<\/div>\n\t\t\t\t<div class=\"elementor-column elementor-col-50 elementor-top-column elementor-element elementor-element-157f168\" data-id=\"157f168\" data-element_type=\"column\" data-e-type=\"column\">\n\t\t\t<div class=\"elementor-widget-wrap elementor-element-populated\">\n\t\t\t\t\t\t<div class=\"elementor-element elementor-element-17173eb elementor-widget elementor-widget-text-editor\" data-id=\"17173eb\" data-element_type=\"widget\" data-e-type=\"widget\" data-widget_type=\"text-editor.default\">\n\t\t\t\t<div class=\"elementor-widget-container\">\n\t\t\t\t\t\t\t\t\t<p>Plus encore que les autres gares de la Petite Ceinture, son environnement est <strong>des plus contraints<\/strong> : la Seine (\u00e0 l&rsquo;Ouest), les fortifications (au Sud) \u2013 et l&rsquo;ancien mur de Charenton (\u00e0 l&rsquo;Est). La d\u00e9molition de ce dernier et des bastions 2 et 3 a permis de lib\u00e9rer des terrains, r\u00e9cup\u00e9r\u00e9s par le r\u00e9seau PLM ; cependant le bastion 1 est toujours pr\u00e9sent de nos jours.<\/p><p><span data-contrast=\"auto\">Aujourd&rsquo;hui encore, le <strong>patrimoine ferroviaire<\/strong> et architectural s\u2019av\u00e8re <strong>particuli\u00e8rement riche<\/strong>. Cependant, <strong>l\u2019avenir ferroviaire<\/strong> de la zone est <strong>incertain<\/strong>, en raison de la r\u00e9alisation de la ZAC de <strong><a href=\"https:\/\/petiteceinture.org\/la-ligne\/zac-bercy-charenton-avenir-petite-ceinture-paris\/\">Bercy-Charenton<\/a><\/strong>, dont les contours sont en cours de d\u00e9finition.<\/span><\/p>\t\t\t\t\t\t\t\t<\/div>\n\t\t\t\t<\/div>\n\t\t\t\t\t<\/div>\n\t\t<\/div>\n\t\t\t\t\t<\/div>\n\t\t<\/section>\n\t\t\t\t<section class=\"elementor-section elementor-top-section elementor-element elementor-element-adcb937 elementor-section-boxed elementor-section-height-default elementor-section-height-default\" data-id=\"adcb937\" data-element_type=\"section\" data-e-type=\"section\">\n\t\t\t\t\t\t<div class=\"elementor-container elementor-column-gap-default\">\n\t\t\t\t\t<div class=\"elementor-column elementor-col-100 elementor-top-column elementor-element elementor-element-8d10d02\" data-id=\"8d10d02\" data-element_type=\"column\" data-e-type=\"column\">\n\t\t\t<div class=\"elementor-widget-wrap elementor-element-populated\">\n\t\t\t\t\t\t<div class=\"elementor-element elementor-element-a477108 elementor-widget elementor-widget-image\" data-id=\"a477108\" data-element_type=\"widget\" data-e-type=\"widget\" data-widget_type=\"image.default\">\n\t\t\t\t<div class=\"elementor-widget-container\">\n\t\t\t\t\t\t\t\t\t\t\t\t<figure class=\"wp-caption\">\n\t\t\t\t\t\t\t\t\t\t\t<a href=\"https:\/\/petiteceinture.org\/wp-content\/uploads\/2023\/01\/Transformations-Paris-Bercy-1850-a-1935.jpg\" data-elementor-open-lightbox=\"yes\" data-elementor-lightbox-title=\"Transformations Paris Bercy 1850 a 1935\" data-e-action-hash=\"#elementor-action%3Aaction%3Dlightbox%26settings%3DeyJpZCI6Njg4OSwidXJsIjoiaHR0cHM6XC9cL3BldGl0ZWNlaW50dXJlLm9yZ1wvd3AtY29udGVudFwvdXBsb2Fkc1wvMjAyM1wvMDFcL1RyYW5zZm9ybWF0aW9ucy1QYXJpcy1CZXJjeS0xODUwLWEtMTkzNS5qcGcifQ%3D%3D\">\n\t\t\t\t\t\t\t<img loading=\"lazy\" decoding=\"async\" width=\"1024\" height=\"635\" src=\"https:\/\/petiteceinture.org\/wp-content\/uploads\/2023\/01\/Transformations-Paris-Bercy-1850-a-1935-1024x635.jpg\" class=\"attachment-large size-large wp-image-6889\" alt=\"Gare Rap\u00e9e-Bercy Petite Ceinture transformations\" srcset=\"https:\/\/petiteceinture.org\/wp-content\/uploads\/2023\/01\/Transformations-Paris-Bercy-1850-a-1935-1024x635.jpg 1024w, https:\/\/petiteceinture.org\/wp-content\/uploads\/2023\/01\/Transformations-Paris-Bercy-1850-a-1935-300x186.jpg 300w, https:\/\/petiteceinture.org\/wp-content\/uploads\/2023\/01\/Transformations-Paris-Bercy-1850-a-1935-768x476.jpg 768w, https:\/\/petiteceinture.org\/wp-content\/uploads\/2023\/01\/Transformations-Paris-Bercy-1850-a-1935-1536x952.jpg 1536w, https:\/\/petiteceinture.org\/wp-content\/uploads\/2023\/01\/Transformations-Paris-Bercy-1850-a-1935.jpg 1550w\" sizes=\"(max-width: 1024px) 100vw, 1024px\" \/>\t\t\t\t\t\t\t\t<\/a>\n\t\t\t\t\t\t\t\t\t\t\t<figcaption class=\"widget-image-caption wp-caption-text\">\u00c9volutions des installations de Paris et de Bercy, de 1850 \u00e0 1935. Source : Revue G\u00e9n\u00e9rale des Chemins de fer, 1er d\u00e9cembre 1948. Coll. Jean-Nicolas Lehec<\/figcaption>\n\t\t\t\t\t\t\t\t\t\t<\/figure>\n\t\t\t\t\t\t\t\t\t<\/div>\n\t\t\t\t<\/div>\n\t\t\t\t\t<\/div>\n\t\t<\/div>\n\t\t\t\t\t<\/div>\n\t\t<\/section>\n\t\t\t\t<section class=\"elementor-section elementor-top-section elementor-element elementor-element-5efceba elementor-section-boxed elementor-section-height-default elementor-section-height-default\" data-id=\"5efceba\" data-element_type=\"section\" data-e-type=\"section\">\n\t\t\t\t\t\t<div class=\"elementor-container elementor-column-gap-default\">\n\t\t\t\t\t<div class=\"elementor-column elementor-col-100 elementor-top-column elementor-element elementor-element-65843ac\" data-id=\"65843ac\" data-element_type=\"column\" data-e-type=\"column\">\n\t\t\t<div class=\"elementor-widget-wrap elementor-element-populated\">\n\t\t\t\t\t\t<div class=\"elementor-element elementor-element-231da63 elementor-widget elementor-widget-heading\" data-id=\"231da63\" data-element_type=\"widget\" data-e-type=\"widget\" data-widget_type=\"heading.default\">\n\t\t\t\t<div class=\"elementor-widget-container\">\n\t\t\t\t\t<h2 class=\"elementor-heading-title elementor-size-default\">La Rap\u00e9e-Bercy\u202f: gare de triage et trait d'union entre PLM et  PO <\/h2>\t\t\t\t<\/div>\n\t\t\t\t<\/div>\n\t\t\t\t\t<\/div>\n\t\t<\/div>\n\t\t\t\t\t<\/div>\n\t\t<\/section>\n\t\t\t\t<section class=\"elementor-section elementor-top-section elementor-element elementor-element-6bd87da elementor-section-boxed elementor-section-height-default elementor-section-height-default\" data-id=\"6bd87da\" data-element_type=\"section\" data-e-type=\"section\">\n\t\t\t\t\t\t<div class=\"elementor-container elementor-column-gap-default\">\n\t\t\t\t\t<div class=\"elementor-column elementor-col-66 elementor-top-column elementor-element elementor-element-afa5221\" data-id=\"afa5221\" data-element_type=\"column\" data-e-type=\"column\">\n\t\t\t<div class=\"elementor-widget-wrap elementor-element-populated\">\n\t\t\t\t\t\t<div class=\"elementor-element elementor-element-8bbbf5c elementor-widget elementor-widget-text-editor\" data-id=\"8bbbf5c\" data-element_type=\"widget\" data-e-type=\"widget\" data-widget_type=\"text-editor.default\">\n\t\t\t\t<div class=\"elementor-widget-container\">\n\t\t\t\t\t\t\t\t\t<p>La Rap\u00e9e-Bercy voit le jour en <strong>1854<\/strong>, lors de l\u2019inauguration de la <strong>Petite Ceinture Rive Droite<\/strong>. Apr\u00e8s avoir reli\u00e9 les <strong>Batignolles<\/strong> \u00e0 la <strong>Chapelle<\/strong> en 1852, la Petite Ceinture se dirige vers le <strong>Sud-Est<\/strong> de Paris et vient se relier avec les voies de la <strong>Compagnie du Paris-Lyon-Marseille<\/strong> (PLM) en 1854.<\/p><p>Un premier <strong>raccordement<\/strong> (Sud) est construit entre les voies de la gare de Lyon et la Petite Ceinture, et se dirige vers le <strong><a href=\"https:\/\/petiteceinture.org\/parcours-petite-ceinture\/pont-national-petite-ceinture-union-rives-seine\/\">Pont National<\/a><\/strong>, ouvert d\u00e8s <strong>1853<\/strong> pour faciliter les \u00e9changes avec la compagnie du <strong>Paris-Orl\u00e9ans<\/strong> (PO) via la gare de Tolbiac.<\/p><p>La gare de La Rap\u00e9e-Bercy est donc avant tout une <strong>gare de triage<\/strong> \u2013 la 2e en termes de trafic de la Petite Ceinture apr\u00e8s celle d&rsquo;Aubervilliers (<a href=\"https:\/\/petiteceinture.org\/gares-petite-ceinture\/est-ceinture\/\">Est-Ceinture<\/a>).<\/p><p>D\u00e8s son origine, la gare de La Rap\u00e9e-Bercy sert au donc <strong>transit des marchandises<\/strong> et de mat\u00e9riels <strong>d\u2019un r\u00e9seau \u00e0 un autre \u2013<\/strong> ou vers les gares de la Petite Ceinture, qui ouvrent \u00e0 partir de 1856.<\/p>\t\t\t\t\t\t\t\t<\/div>\n\t\t\t\t<\/div>\n\t\t\t\t\t<\/div>\n\t\t<\/div>\n\t\t\t\t<div class=\"elementor-column elementor-col-33 elementor-top-column elementor-element elementor-element-196726e\" data-id=\"196726e\" data-element_type=\"column\" data-e-type=\"column\">\n\t\t\t<div class=\"elementor-widget-wrap elementor-element-populated\">\n\t\t\t\t\t\t<div class=\"elementor-element elementor-element-ffe681e elementor-widget elementor-widget-image\" data-id=\"ffe681e\" data-element_type=\"widget\" data-e-type=\"widget\" data-widget_type=\"image.default\">\n\t\t\t\t<div class=\"elementor-widget-container\">\n\t\t\t\t\t\t\t\t\t\t\t\t<figure class=\"wp-caption\">\n\t\t\t\t\t\t\t\t\t\t\t<a href=\"https:\/\/petiteceinture.org\/wp-content\/uploads\/2023\/01\/Porte-de-Charenton-1400.jpg\" data-elementor-open-lightbox=\"yes\" data-elementor-lightbox-title=\"Porte-de-Charenton 1400\" data-e-action-hash=\"#elementor-action%3Aaction%3Dlightbox%26settings%3DeyJpZCI6Njg0NiwidXJsIjoiaHR0cHM6XC9cL3BldGl0ZWNlaW50dXJlLm9yZ1wvd3AtY29udGVudFwvdXBsb2Fkc1wvMjAyM1wvMDFcL1BvcnRlLWRlLUNoYXJlbnRvbi0xNDAwLmpwZyJ9\">\n\t\t\t\t\t\t\t<img loading=\"lazy\" decoding=\"async\" width=\"1024\" height=\"610\" src=\"https:\/\/petiteceinture.org\/wp-content\/uploads\/2023\/01\/Porte-de-Charenton-1400-1024x610.jpg\" class=\"attachment-large size-large wp-image-6846\" alt=\"Gare Rap\u00e9e-Bercy Petite Ceinture\" srcset=\"https:\/\/petiteceinture.org\/wp-content\/uploads\/2023\/01\/Porte-de-Charenton-1400-1024x610.jpg 1024w, https:\/\/petiteceinture.org\/wp-content\/uploads\/2023\/01\/Porte-de-Charenton-1400-300x179.jpg 300w, https:\/\/petiteceinture.org\/wp-content\/uploads\/2023\/01\/Porte-de-Charenton-1400-768x458.jpg 768w, https:\/\/petiteceinture.org\/wp-content\/uploads\/2023\/01\/Porte-de-Charenton-1400.jpg 1400w\" sizes=\"(max-width: 1024px) 100vw, 1024px\" \/>\t\t\t\t\t\t\t\t<\/a>\n\t\t\t\t\t\t\t\t\t\t\t<figcaption class=\"widget-image-caption wp-caption-text\">Un train circulaire de Ceinture passe sous le \"faux tunnel\" de la Porte de Charenton, au d\u00e9but du XXe si\u00e8cle.<\/figcaption>\n\t\t\t\t\t\t\t\t\t\t<\/figure>\n\t\t\t\t\t\t\t\t\t<\/div>\n\t\t\t\t<\/div>\n\t\t\t\t\t<\/div>\n\t\t<\/div>\n\t\t\t\t\t<\/div>\n\t\t<\/section>\n\t\t\t\t<section class=\"elementor-section elementor-top-section elementor-element elementor-element-bd3fce6 elementor-section-boxed elementor-section-height-default elementor-section-height-default\" data-id=\"bd3fce6\" data-element_type=\"section\" data-e-type=\"section\">\n\t\t\t\t\t\t<div class=\"elementor-container elementor-column-gap-default\">\n\t\t\t\t\t<div class=\"elementor-column elementor-col-50 elementor-top-column elementor-element elementor-element-bafb013\" data-id=\"bafb013\" data-element_type=\"column\" data-e-type=\"column\">\n\t\t\t<div class=\"elementor-widget-wrap elementor-element-populated\">\n\t\t\t\t\t\t<div class=\"elementor-element elementor-element-e38342b elementor-widget elementor-widget-image\" data-id=\"e38342b\" data-element_type=\"widget\" data-e-type=\"widget\" data-widget_type=\"image.default\">\n\t\t\t\t<div class=\"elementor-widget-container\">\n\t\t\t\t\t\t\t\t\t\t\t\t<figure class=\"wp-caption\">\n\t\t\t\t\t\t\t\t\t\t\t<a href=\"https:\/\/petiteceinture.org\/wp-content\/uploads\/2023\/01\/la_rapee-bercy_train_marchandises_quittant_le_triage_de_bercy_-_7_juin_1921_-_locomotive_numero_16_-_collection_ken_nunn_.jpg\" data-elementor-open-lightbox=\"yes\" data-elementor-lightbox-title=\"la_rapee-bercy_train_marchandises_quittant_le_triage_de_bercy_-_7_juin_1921_-_locomotive_numero_16_-_collection_ken_nunn_\" data-e-action-hash=\"#elementor-action%3Aaction%3Dlightbox%26settings%3DeyJpZCI6Njg0NywidXJsIjoiaHR0cHM6XC9cL3BldGl0ZWNlaW50dXJlLm9yZ1wvd3AtY29udGVudFwvdXBsb2Fkc1wvMjAyM1wvMDFcL2xhX3JhcGVlLWJlcmN5X3RyYWluX21hcmNoYW5kaXNlc19xdWl0dGFudF9sZV90cmlhZ2VfZGVfYmVyY3lfLV83X2p1aW5fMTkyMV8tX2xvY29tb3RpdmVfbnVtZXJvXzE2Xy1fY29sbGVjdGlvbl9rZW5fbnVubl8uanBnIn0%3D\">\n\t\t\t\t\t\t\t<img loading=\"lazy\" decoding=\"async\" width=\"1024\" height=\"647\" src=\"https:\/\/petiteceinture.org\/wp-content\/uploads\/2023\/01\/la_rapee-bercy_train_marchandises_quittant_le_triage_de_bercy_-_7_juin_1921_-_locomotive_numero_16_-_collection_ken_nunn_-1024x647.jpg\" class=\"attachment-large size-large wp-image-6847\" alt=\"Gare Rap\u00e9e-Bercy Petite Ceinture train marchandises\" srcset=\"https:\/\/petiteceinture.org\/wp-content\/uploads\/2023\/01\/la_rapee-bercy_train_marchandises_quittant_le_triage_de_bercy_-_7_juin_1921_-_locomotive_numero_16_-_collection_ken_nunn_-1024x647.jpg 1024w, https:\/\/petiteceinture.org\/wp-content\/uploads\/2023\/01\/la_rapee-bercy_train_marchandises_quittant_le_triage_de_bercy_-_7_juin_1921_-_locomotive_numero_16_-_collection_ken_nunn_-300x189.jpg 300w, https:\/\/petiteceinture.org\/wp-content\/uploads\/2023\/01\/la_rapee-bercy_train_marchandises_quittant_le_triage_de_bercy_-_7_juin_1921_-_locomotive_numero_16_-_collection_ken_nunn_-768x485.jpg 768w, https:\/\/petiteceinture.org\/wp-content\/uploads\/2023\/01\/la_rapee-bercy_train_marchandises_quittant_le_triage_de_bercy_-_7_juin_1921_-_locomotive_numero_16_-_collection_ken_nunn_.jpg 1400w\" sizes=\"(max-width: 1024px) 100vw, 1024px\" \/>\t\t\t\t\t\t\t\t<\/a>\n\t\t\t\t\t\t\t\t\t\t\t<figcaption class=\"widget-image-caption wp-caption-text\">Un train de marchandises quitte le triage de La Rap\u00e9e-Bercy et se dirige vers la section Est de la Petite Ceinture, en 1921. Coll. Ken Nunn<\/figcaption>\n\t\t\t\t\t\t\t\t\t\t<\/figure>\n\t\t\t\t\t\t\t\t\t<\/div>\n\t\t\t\t<\/div>\n\t\t\t\t\t<\/div>\n\t\t<\/div>\n\t\t\t\t<div class=\"elementor-column elementor-col-50 elementor-top-column elementor-element elementor-element-b47ea27\" data-id=\"b47ea27\" data-element_type=\"column\" data-e-type=\"column\">\n\t\t\t<div class=\"elementor-widget-wrap elementor-element-populated\">\n\t\t\t\t\t\t<div class=\"elementor-element elementor-element-7b1508d elementor-widget elementor-widget-image\" data-id=\"7b1508d\" data-element_type=\"widget\" data-e-type=\"widget\" data-widget_type=\"image.default\">\n\t\t\t\t<div class=\"elementor-widget-container\">\n\t\t\t\t\t\t\t\t\t\t\t\t<figure class=\"wp-caption\">\n\t\t\t\t\t\t\t\t\t\t\t<a href=\"https:\/\/petiteceinture.org\/wp-content\/uploads\/2023\/04\/Petite-Ceinture-Diesel-AMD1-La-Rapee-Bercy.jpg\" data-elementor-open-lightbox=\"yes\" data-elementor-lightbox-title=\"Petite Ceinture-Diesel AMD1 La Rape\u0301e-Bercy\" data-e-action-hash=\"#elementor-action%3Aaction%3Dlightbox%26settings%3DeyJpZCI6NzI1MywidXJsIjoiaHR0cHM6XC9cL3BldGl0ZWNlaW50dXJlLm9yZ1wvd3AtY29udGVudFwvdXBsb2Fkc1wvMjAyM1wvMDRcL1BldGl0ZS1DZWludHVyZS1EaWVzZWwtQU1EMS1MYS1SYXBlZS1CZXJjeS5qcGcifQ%3D%3D\">\n\t\t\t\t\t\t\t<img loading=\"lazy\" decoding=\"async\" width=\"1024\" height=\"657\" src=\"https:\/\/petiteceinture.org\/wp-content\/uploads\/2023\/04\/Petite-Ceinture-Diesel-AMD1-La-Rapee-Bercy-1024x657.jpg\" class=\"attachment-large size-large wp-image-7253\" alt=\"Gare Rap\u00e9e-Bercy Petite Ceinture locomotive diesel AMD1\" srcset=\"https:\/\/petiteceinture.org\/wp-content\/uploads\/2023\/04\/Petite-Ceinture-Diesel-AMD1-La-Rapee-Bercy-1024x657.jpg 1024w, https:\/\/petiteceinture.org\/wp-content\/uploads\/2023\/04\/Petite-Ceinture-Diesel-AMD1-La-Rapee-Bercy-300x192.jpg 300w, https:\/\/petiteceinture.org\/wp-content\/uploads\/2023\/04\/Petite-Ceinture-Diesel-AMD1-La-Rapee-Bercy-768x493.jpg 768w, https:\/\/petiteceinture.org\/wp-content\/uploads\/2023\/04\/Petite-Ceinture-Diesel-AMD1-La-Rapee-Bercy.jpg 1400w\" sizes=\"(max-width: 1024px) 100vw, 1024px\" \/>\t\t\t\t\t\t\t\t<\/a>\n\t\t\t\t\t\t\t\t\t\t\t<figcaption class=\"widget-image-caption wp-caption-text\">La locomotive diesel AMD1, livr\u00e9e en 1932 au PLM, se dirige vers le triage de La Rap\u00e9e-Bercy. \u00c0 l'arri\u00e8re-plan, la gare voisine de Bercy-Ceinture.<\/figcaption>\n\t\t\t\t\t\t\t\t\t\t<\/figure>\n\t\t\t\t\t\t\t\t\t<\/div>\n\t\t\t\t<\/div>\n\t\t\t\t\t<\/div>\n\t\t<\/div>\n\t\t\t\t\t<\/div>\n\t\t<\/section>\n\t\t\t\t<section class=\"elementor-section elementor-top-section elementor-element elementor-element-064103c elementor-section-boxed elementor-section-height-default elementor-section-height-default\" data-id=\"064103c\" data-element_type=\"section\" data-e-type=\"section\">\n\t\t\t\t\t\t<div class=\"elementor-container elementor-column-gap-default\">\n\t\t\t\t\t<div class=\"elementor-column elementor-col-100 elementor-top-column elementor-element elementor-element-51dc549\" data-id=\"51dc549\" data-element_type=\"column\" data-e-type=\"column\">\n\t\t\t<div class=\"elementor-widget-wrap elementor-element-populated\">\n\t\t\t\t\t\t<div class=\"elementor-element elementor-element-9237213 elementor-widget elementor-widget-oew-image-gallery\" data-id=\"9237213\" data-element_type=\"widget\" data-e-type=\"widget\" data-widget_type=\"oew-image-gallery.default\">\n\t\t\t\t<div class=\"elementor-widget-container\">\n\t\t\t\t\t\n\t\t<div class=\"oew-image-gallery oew-has-lightbox\">\n\t\t\t\n\t\t\t\t<div class=\"oew-gallery-item\">\n\t\t\t\t\t<a class=\"oew-gallery-item-inner no-lightbox\" href=\"https:\/\/petiteceinture.org\/wp-content\/uploads\/2023\/04\/Eugene-Atget-Rapee-Bercy-Fortifications-1913-2.jpg\" data-width=\"784\" data-height=\"605\" data-elementor-open-lightbox=\"no\">\n\t\t\t\t\t\t<div class=\"oew-gallery-thumbnail\">\n\t\t\t\t\t\t\t<img decoding=\"async\" src=\"https:\/\/petiteceinture.org\/wp-content\/uploads\/2023\/04\/Eugene-Atget-Rapee-Bercy-Fortifications-1913-2.jpg\" alt=\"Les voies de Ceinture et la gare Nicola\u00ef\">\n\t\t\t\t\t\t<\/div>\n\n\t\t\t\t\t\t\t\t\t\t\t\t\t<div class=\"oew-gallery-overlay oew-gallery-transition-fade\">\n\t\t\t\t\t\t\t\t\t\t\t\t\t\t\t\t\t<div class=\"oew-gallery-item-icon\">\n\t\t\t\t\t\t\t\t\t\t<i aria-hidden=\"true\" class=\"fas fa-search\"><\/i>\t\t\t\t\t\t\t\t\t<\/div>\n\t\t\t\t\t\t\t\t\t\t\t\t\t\t\t\t\t\t<div class=\"oew-gallery-item-caption\">\n\t\t\t\t\t\t\t\t\t\tLes voies de Ceinture et la gare Nicola\u00ef \t\t\t\t\t\t\t\t\t<\/div>\n\t\t\t\t\t\t\t\t\t\t\t\t\t\t\t\t<\/div>\n\t\t\t\t\t\t\t\t\t\t\t\t<\/a>\n\t\t\t\t<\/div>\n\n\t\t\t\t\n\t\t\t\t<div class=\"oew-gallery-item\">\n\t\t\t\t\t<a class=\"oew-gallery-item-inner no-lightbox\" href=\"https:\/\/petiteceinture.org\/wp-content\/uploads\/2023\/04\/Eugene-Atget-Rapee-Bercy-Fortifications-1913-1.jpg\" data-width=\"815\" data-height=\"610\" data-elementor-open-lightbox=\"no\">\n\t\t\t\t\t\t<div class=\"oew-gallery-thumbnail\">\n\t\t\t\t\t\t\t<img decoding=\"async\" src=\"https:\/\/petiteceinture.org\/wp-content\/uploads\/2023\/04\/Eugene-Atget-Rapee-Bercy-Fortifications-1913-1.jpg\" alt=\"Petite Ceinture Rap\u00e9e Bercy Fortifications 1913\">\n\t\t\t\t\t\t<\/div>\n\n\t\t\t\t\t\t\t\t\t\t\t\t\t<div class=\"oew-gallery-overlay oew-gallery-transition-fade\">\n\t\t\t\t\t\t\t\t\t\t\t\t\t\t\t\t\t<div class=\"oew-gallery-item-icon\">\n\t\t\t\t\t\t\t\t\t\t<i aria-hidden=\"true\" class=\"fas fa-search\"><\/i>\t\t\t\t\t\t\t\t\t<\/div>\n\t\t\t\t\t\t\t\t\t\t\t\t\t\t\t\t\t\t<div class=\"oew-gallery-item-caption\">\n\t\t\t\t\t\t\t\t\t\tLes voies de Ceinture et les installations du PLM\t\t\t\t\t\t\t\t\t<\/div>\n\t\t\t\t\t\t\t\t\t\t\t\t\t\t\t\t<\/div>\n\t\t\t\t\t\t\t\t\t\t\t\t<\/a>\n\t\t\t\t<\/div>\n\n\t\t\t\t\n\t\t\t\t<div class=\"oew-gallery-item\">\n\t\t\t\t\t<a class=\"oew-gallery-item-inner no-lightbox\" href=\"https:\/\/petiteceinture.org\/wp-content\/uploads\/2023\/04\/Eugene-Atget-Rapee-Bercy-Fortifications-1913-3.jpg\" data-width=\"776\" data-height=\"603\" data-elementor-open-lightbox=\"no\">\n\t\t\t\t\t\t<div class=\"oew-gallery-thumbnail\">\n\t\t\t\t\t\t\t<img decoding=\"async\" src=\"https:\/\/petiteceinture.org\/wp-content\/uploads\/2023\/04\/Eugene-Atget-Rapee-Bercy-Fortifications-1913-3.jpg\" alt=\"Vers la gare de Bercy-Ceinture\">\n\t\t\t\t\t\t<\/div>\n\n\t\t\t\t\t\t\t\t\t\t\t\t\t<div class=\"oew-gallery-overlay oew-gallery-transition-fade\">\n\t\t\t\t\t\t\t\t\t\t\t\t\t\t\t\t\t<div class=\"oew-gallery-item-icon\">\n\t\t\t\t\t\t\t\t\t\t<i aria-hidden=\"true\" class=\"fas fa-search\"><\/i>\t\t\t\t\t\t\t\t\t<\/div>\n\t\t\t\t\t\t\t\t\t\t\t\t\t\t\t\t\t\t<div class=\"oew-gallery-item-caption\">\n\t\t\t\t\t\t\t\t\t\tVers la gare de Bercy-Ceinture\t\t\t\t\t\t\t\t\t<\/div>\n\t\t\t\t\t\t\t\t\t\t\t\t\t\t\t\t<\/div>\n\t\t\t\t\t\t\t\t\t\t\t\t<\/a>\n\t\t\t\t<\/div>\n\n\t\t\t\t\t\t<\/div>\n\n\t\t\t\t\t\t<\/div>\n\t\t\t\t<\/div>\n\t\t\t\t\t<\/div>\n\t\t<\/div>\n\t\t\t\t\t<\/div>\n\t\t<\/section>\n\t\t\t\t<section class=\"elementor-section elementor-top-section elementor-element elementor-element-ffbcd00 elementor-section-boxed elementor-section-height-default elementor-section-height-default\" data-id=\"ffbcd00\" data-element_type=\"section\" data-e-type=\"section\">\n\t\t\t\t\t\t<div class=\"elementor-container elementor-column-gap-default\">\n\t\t\t\t\t<div class=\"elementor-column elementor-col-100 elementor-top-column elementor-element elementor-element-54b08ed\" data-id=\"54b08ed\" data-element_type=\"column\" data-e-type=\"column\">\n\t\t\t<div class=\"elementor-widget-wrap elementor-element-populated\">\n\t\t\t\t\t\t<div class=\"elementor-element elementor-element-2dd63b9 elementor-widget elementor-widget-text-editor\" data-id=\"2dd63b9\" data-element_type=\"widget\" data-e-type=\"widget\" data-widget_type=\"text-editor.default\">\n\t\t\t\t<div class=\"elementor-widget-container\">\n\t\t\t\t\t\t\t\t\t<h6 style=\"text-align: left;\">Ci-dessus, trois vues des installations de la Petite Ceinture et du PLM \u00e0 la Rap\u00e9e-Bercy vues par Eug\u00e8ne Atget depuis les fortifications, en 1913. Source : <a href=\"https:\/\/gallica.bnf.fr\/services\/engine\/search\/sru?operation=searchRetrieve&amp;version=1.2&amp;query=gallica%20all%20%22Eug%C3%A8ne%20Atget%22%20and%20%28subgallica%20all%20%22bercy%22%29&amp;filter=\">Gallica<\/a>.<\/h6>\t\t\t\t\t\t\t\t<\/div>\n\t\t\t\t<\/div>\n\t\t\t\t\t<\/div>\n\t\t<\/div>\n\t\t\t\t\t<\/div>\n\t\t<\/section>\n\t\t\t\t<section class=\"elementor-section elementor-top-section elementor-element elementor-element-8e441b0 elementor-section-boxed elementor-section-height-default elementor-section-height-default\" data-id=\"8e441b0\" data-element_type=\"section\" data-e-type=\"section\">\n\t\t\t\t\t\t<div class=\"elementor-container elementor-column-gap-default\">\n\t\t\t\t\t<div class=\"elementor-column elementor-col-100 elementor-top-column elementor-element elementor-element-e7d59ec\" data-id=\"e7d59ec\" data-element_type=\"column\" data-e-type=\"column\">\n\t\t\t<div class=\"elementor-widget-wrap elementor-element-populated\">\n\t\t\t\t\t\t<div class=\"elementor-element elementor-element-1172781 elementor-widget elementor-widget-heading\" data-id=\"1172781\" data-element_type=\"widget\" data-e-type=\"widget\" data-widget_type=\"heading.default\">\n\t\t\t\t<div class=\"elementor-widget-container\">\n\t\t\t\t\t<h2 class=\"elementor-heading-title elementor-size-default\">Le terminus de la Petite Ceinture Rive Droite<\/h2>\t\t\t\t<\/div>\n\t\t\t\t<\/div>\n\t\t\t\t\t<\/div>\n\t\t<\/div>\n\t\t\t\t\t<\/div>\n\t\t<\/section>\n\t\t\t\t<section class=\"elementor-section elementor-top-section elementor-element elementor-element-6bfac6b elementor-section-boxed elementor-section-height-default elementor-section-height-default\" data-id=\"6bfac6b\" data-element_type=\"section\" data-e-type=\"section\">\n\t\t\t\t\t\t<div class=\"elementor-container elementor-column-gap-default\">\n\t\t\t\t\t<div class=\"elementor-column elementor-col-100 elementor-top-column elementor-element elementor-element-f14b39e\" data-id=\"f14b39e\" data-element_type=\"column\" data-e-type=\"column\">\n\t\t\t<div class=\"elementor-widget-wrap elementor-element-populated\">\n\t\t\t\t\t\t<div class=\"elementor-element elementor-element-c142fd1 elementor-widget elementor-widget-text-editor\" data-id=\"c142fd1\" data-element_type=\"widget\" data-e-type=\"widget\" data-widget_type=\"text-editor.default\">\n\t\t\t\t<div class=\"elementor-widget-container\">\n\t\t\t\t\t\t\t\t\t<p><span data-contrast=\"auto\">Apr\u00e8s plusieurs ann\u00e9es d\u2019intenses discussions entre les pouvoirs publics et le Syndicat de Ceinture, les <strong>trains de voyageurs<\/strong> de la Petite Ceinture font leurs premiers tours de roue le <strong>14 juillet 1862<\/strong>. Les trains relient la gare de <a href=\"https:\/\/petiteceinture.org\/gares-petite-ceinture\/avenue-de-clichy\/\"><strong>l\u2019Avenue de Clichy<\/strong><\/a> \u00e0 la Rap\u00e9e-Bercy, via <strong><a href=\"https:\/\/petiteceinture.org\/gares-petite-ceinture\/menilmontant\/\">M\u00e9nilmontant<\/a><\/strong> et <strong><a href=\"https:\/\/petiteceinture.org\/gares-petite-ceinture\/charonne\/\">Charonne<\/a><\/strong>. <\/span><\/p><p><span data-contrast=\"auto\">Le premier b\u00e2timent des voyageurs est construit en <strong>bois<\/strong> et offrent un confort plut\u00f4t sommaire. La m\u00eame ann\u00e9e, les gares de <strong>La Rap\u00e9e Sup\u00e9rieure<\/strong> et <strong>Inf\u00e9rieure<\/strong> (marchandises) sont inaugur\u00e9es. Cinq ans plus tard, en <strong>1867<\/strong>, la section <strong>Rive Gauche<\/strong> de la Petite Ceinture est inaugur\u00e9e : les trains peuvent faire le tour de la capitale.<\/span><\/p>\t\t\t\t\t\t\t\t<\/div>\n\t\t\t\t<\/div>\n\t\t\t\t\t<\/div>\n\t\t<\/div>\n\t\t\t\t\t<\/div>\n\t\t<\/section>\n\t\t\t\t<section class=\"elementor-section elementor-top-section elementor-element elementor-element-bcca4f4 elementor-section-boxed elementor-section-height-default elementor-section-height-default\" data-id=\"bcca4f4\" data-element_type=\"section\" data-e-type=\"section\">\n\t\t\t\t\t\t<div class=\"elementor-container elementor-column-gap-default\">\n\t\t\t\t\t<div class=\"elementor-column elementor-col-50 elementor-top-column elementor-element elementor-element-5cfd164\" data-id=\"5cfd164\" data-element_type=\"column\" data-e-type=\"column\">\n\t\t\t<div class=\"elementor-widget-wrap elementor-element-populated\">\n\t\t\t\t\t\t<div class=\"elementor-element elementor-element-bc3f0ff elementor-widget elementor-widget-image\" data-id=\"bc3f0ff\" data-element_type=\"widget\" data-e-type=\"widget\" data-widget_type=\"image.default\">\n\t\t\t\t<div class=\"elementor-widget-container\">\n\t\t\t\t\t\t\t\t\t\t\t\t<figure class=\"wp-caption\">\n\t\t\t\t\t\t\t\t\t\t\t<a href=\"https:\/\/petiteceinture.org\/wp-content\/uploads\/2020\/07\/030t-ceinture-numero-25-la-rapee-bercy-800px-72dpi.jpg\" data-elementor-open-lightbox=\"yes\" data-elementor-lightbox-title=\"030T_Ceinture_num\u00e9ro_25_La Rap\u00e9e-Bercy_800px_72dpi\" data-e-action-hash=\"#elementor-action%3Aaction%3Dlightbox%26settings%3DeyJpZCI6MTUxNywidXJsIjoiaHR0cHM6XC9cL3BldGl0ZWNlaW50dXJlLm9yZ1wvd3AtY29udGVudFwvdXBsb2Fkc1wvMjAyMFwvMDdcLzAzMHQtY2VpbnR1cmUtbnVtZXJvLTI1LWxhLXJhcGVlLWJlcmN5LTgwMHB4LTcyZHBpLmpwZyJ9\">\n\t\t\t\t\t\t\t<img loading=\"lazy\" decoding=\"async\" width=\"800\" height=\"501\" src=\"https:\/\/petiteceinture.org\/wp-content\/uploads\/2020\/07\/030t-ceinture-numero-25-la-rapee-bercy-800px-72dpi.jpg\" class=\"attachment-large size-large wp-image-1517\" alt=\"Gare Rap\u00e9e-Bercy Petite Ceinture 030T\" srcset=\"https:\/\/petiteceinture.org\/wp-content\/uploads\/2020\/07\/030t-ceinture-numero-25-la-rapee-bercy-800px-72dpi.jpg 800w, https:\/\/petiteceinture.org\/wp-content\/uploads\/2020\/07\/030t-ceinture-numero-25-la-rapee-bercy-800px-72dpi-300x188.jpg 300w, https:\/\/petiteceinture.org\/wp-content\/uploads\/2020\/07\/030t-ceinture-numero-25-la-rapee-bercy-800px-72dpi-768x481.jpg 768w\" sizes=\"(max-width: 800px) 100vw, 800px\" \/>\t\t\t\t\t\t\t\t<\/a>\n\t\t\t\t\t\t\t\t\t\t\t<figcaption class=\"widget-image-caption wp-caption-text\">Un train de Ceinture arrive \u00e0 la gare de La Rap\u00e9e-Bercy, venant du Pont National. \u00c0 droite, le triage est bien visible.<\/figcaption>\n\t\t\t\t\t\t\t\t\t\t<\/figure>\n\t\t\t\t\t\t\t\t\t<\/div>\n\t\t\t\t<\/div>\n\t\t\t\t\t<\/div>\n\t\t<\/div>\n\t\t\t\t<div class=\"elementor-column elementor-col-50 elementor-top-column elementor-element elementor-element-1cdec9f\" data-id=\"1cdec9f\" data-element_type=\"column\" data-e-type=\"column\">\n\t\t\t<div class=\"elementor-widget-wrap elementor-element-populated\">\n\t\t\t\t\t\t<div class=\"elementor-element elementor-element-893cdf1 elementor-widget elementor-widget-image\" data-id=\"893cdf1\" data-element_type=\"widget\" data-e-type=\"widget\" data-widget_type=\"image.default\">\n\t\t\t\t<div class=\"elementor-widget-container\">\n\t\t\t\t\t\t\t\t\t\t\t\t<figure class=\"wp-caption\">\n\t\t\t\t\t\t\t\t\t\t<img loading=\"lazy\" decoding=\"async\" width=\"1024\" height=\"655\" src=\"https:\/\/petiteceinture.org\/wp-content\/uploads\/2023\/04\/Rapee-Bercy-personnel-greve-1910.jpg\" class=\"attachment-large size-large wp-image-7201\" alt=\"Gare Rap\u00e9e-Bercy personnel Petite Ceinture\" srcset=\"https:\/\/petiteceinture.org\/wp-content\/uploads\/2023\/04\/Rapee-Bercy-personnel-greve-1910.jpg 1024w, https:\/\/petiteceinture.org\/wp-content\/uploads\/2023\/04\/Rapee-Bercy-personnel-greve-1910-300x192.jpg 300w, https:\/\/petiteceinture.org\/wp-content\/uploads\/2023\/04\/Rapee-Bercy-personnel-greve-1910-768x491.jpg 768w\" sizes=\"(max-width: 1024px) 100vw, 1024px\" \/>\t\t\t\t\t\t\t\t\t\t\t<figcaption class=\"widget-image-caption wp-caption-text\">Lors de la gr!ve de 1910, le personnel de la Petite Ceinture pose \u00e0 la gare de la Rap\u00e9e-Bercy devant une locomotive. Le quai voyageurs et les installations voyageurs sont visibles \u00e0 l'arri\u00e8re-plan.<\/figcaption>\n\t\t\t\t\t\t\t\t\t\t<\/figure>\n\t\t\t\t\t\t\t\t\t<\/div>\n\t\t\t\t<\/div>\n\t\t\t\t\t<\/div>\n\t\t<\/div>\n\t\t\t\t\t<\/div>\n\t\t<\/section>\n\t\t\t\t<section class=\"elementor-section elementor-top-section elementor-element elementor-element-d02c7b4 elementor-section-boxed elementor-section-height-default elementor-section-height-default\" data-id=\"d02c7b4\" data-element_type=\"section\" data-e-type=\"section\">\n\t\t\t\t\t\t<div class=\"elementor-container elementor-column-gap-default\">\n\t\t\t\t\t<div class=\"elementor-column elementor-col-100 elementor-top-column elementor-element elementor-element-7276bd0\" data-id=\"7276bd0\" data-element_type=\"column\" data-e-type=\"column\">\n\t\t\t<div class=\"elementor-widget-wrap elementor-element-populated\">\n\t\t\t\t\t\t<div class=\"elementor-element elementor-element-4b223cd elementor-widget elementor-widget-image\" data-id=\"4b223cd\" data-element_type=\"widget\" data-e-type=\"widget\" data-widget_type=\"image.default\">\n\t\t\t\t<div class=\"elementor-widget-container\">\n\t\t\t\t\t\t\t\t\t\t\t\t<figure class=\"wp-caption\">\n\t\t\t\t\t\t\t\t\t\t\t<a href=\"https:\/\/petiteceinture.org\/wp-content\/uploads\/2023\/01\/Plan-installations-Bercy-PLM-RGCF-07-1887.jpg\" data-elementor-open-lightbox=\"yes\" data-elementor-lightbox-title=\"Plan-installations-Bercy-PLM-RGCF-07-1887\" data-e-action-hash=\"#elementor-action%3Aaction%3Dlightbox%26settings%3DeyJpZCI6NjgxNSwidXJsIjoiaHR0cHM6XC9cL3BldGl0ZWNlaW50dXJlLm9yZ1wvd3AtY29udGVudFwvdXBsb2Fkc1wvMjAyM1wvMDFcL1BsYW4taW5zdGFsbGF0aW9ucy1CZXJjeS1QTE0tUkdDRi0wNy0xODg3LmpwZyJ9\">\n\t\t\t\t\t\t\t<img loading=\"lazy\" decoding=\"async\" width=\"1536\" height=\"539\" src=\"https:\/\/petiteceinture.org\/wp-content\/uploads\/2023\/01\/Plan-installations-Bercy-PLM-RGCF-07-1887-1536x539.jpg\" class=\"attachment-1536x1536 size-1536x1536 wp-image-6815\" alt=\"Gare Rap\u00e9e-Bercy Petite Ceinture plan RGCF 1887\" srcset=\"https:\/\/petiteceinture.org\/wp-content\/uploads\/2023\/01\/Plan-installations-Bercy-PLM-RGCF-07-1887-1536x539.jpg 1536w, https:\/\/petiteceinture.org\/wp-content\/uploads\/2023\/01\/Plan-installations-Bercy-PLM-RGCF-07-1887-300x105.jpg 300w, https:\/\/petiteceinture.org\/wp-content\/uploads\/2023\/01\/Plan-installations-Bercy-PLM-RGCF-07-1887-1024x359.jpg 1024w, https:\/\/petiteceinture.org\/wp-content\/uploads\/2023\/01\/Plan-installations-Bercy-PLM-RGCF-07-1887-768x270.jpg 768w, https:\/\/petiteceinture.org\/wp-content\/uploads\/2023\/01\/Plan-installations-Bercy-PLM-RGCF-07-1887.jpg 2000w\" sizes=\"(max-width: 1536px) 100vw, 1536px\" \/>\t\t\t\t\t\t\t\t<\/a>\n\t\t\t\t\t\t\t\t\t\t\t<figcaption class=\"widget-image-caption wp-caption-text\">Plan des instalaltions de Bercy et du r\u00e9seau du PLM en juillet 1887. Seules 4 voies sont d\u00e9di\u00e9es aux trains de voyageurs : ces derni\u00e8res ne longent pas encore la rue de Charenton. Le raccordement de Bercy est uniquement orient\u00e9 vers le Sud (Ouest), vers le Pont National. Source : Revue G\u00e9n\u00e9rale des Chemins de fer, 1er juillet 1887.<\/figcaption>\n\t\t\t\t\t\t\t\t\t\t<\/figure>\n\t\t\t\t\t\t\t\t\t<\/div>\n\t\t\t\t<\/div>\n\t\t\t\t\t<\/div>\n\t\t<\/div>\n\t\t\t\t\t<\/div>\n\t\t<\/section>\n\t\t\t\t<section class=\"elementor-section elementor-top-section elementor-element elementor-element-4c8e60c elementor-section-boxed elementor-section-height-default elementor-section-height-default\" data-id=\"4c8e60c\" data-element_type=\"section\" data-e-type=\"section\">\n\t\t\t\t\t\t<div class=\"elementor-container elementor-column-gap-default\">\n\t\t\t\t\t<div class=\"elementor-column elementor-col-100 elementor-top-column elementor-element elementor-element-18dd681\" data-id=\"18dd681\" data-element_type=\"column\" data-e-type=\"column\">\n\t\t\t<div class=\"elementor-widget-wrap elementor-element-populated\">\n\t\t\t\t\t\t<div class=\"elementor-element elementor-element-228cd6d elementor-widget elementor-widget-text-editor\" data-id=\"228cd6d\" data-element_type=\"widget\" data-e-type=\"widget\" data-widget_type=\"text-editor.default\">\n\t\t\t\t<div class=\"elementor-widget-container\">\n\t\t\t\t\t\t\t\t\t<p>La gare de La Rap\u00e9e-Bercy est souvent mentionn\u00e9e comme <strong>terminus des \u00ab\u00a0services partiels\u00a0\u00bb de la Petite Ceinture<\/strong>. Fait notable : en 1903, une <a href=\"https:\/\/gallica.bnf.fr\/ark:\/12148\/bpt6k7535477x\/f4\">desserte sp\u00e9ciale<\/a> est mise en service entre La Rap\u00e9e-Bercy et <strong>Versailles Rive-Gauche<\/strong>, avec 2 trains chaque matin et chaque soir.\u00a0<\/p><p>Un an plus tard, en 1904, la seconde branche du <strong>raccordement de Bercy<\/strong> (dit \u00ab\u00a0Nord\u00a0\u00bb, car destin\u00e9 \u00e0 <a href=\"https:\/\/gallica.bnf.fr\/ark:\/12148\/bpt6k561416k\/f2.item.r=ceinture%20and%20(prOx:%20%22racccordement%22%2020%20%22bercy%22).zoom\">faciliter les \u00e9changes avec les trains de cette compagnie<\/a>) est inaugur\u00e9e. Le double-raccordement de Bercy forme ainsi un triangle avec les voies de la Petite Ceinture (voir plus loin).<\/p>\t\t\t\t\t\t\t\t<\/div>\n\t\t\t\t<\/div>\n\t\t\t\t\t<\/div>\n\t\t<\/div>\n\t\t\t\t\t<\/div>\n\t\t<\/section>\n\t\t\t\t<section class=\"elementor-section elementor-top-section elementor-element elementor-element-87dbd6c elementor-section-boxed elementor-section-height-default elementor-section-height-default\" data-id=\"87dbd6c\" data-element_type=\"section\" data-e-type=\"section\">\n\t\t\t\t\t\t<div class=\"elementor-container elementor-column-gap-default\">\n\t\t\t\t\t<div class=\"elementor-column elementor-col-100 elementor-top-column elementor-element elementor-element-ef076d7\" data-id=\"ef076d7\" data-element_type=\"column\" data-e-type=\"column\">\n\t\t\t<div class=\"elementor-widget-wrap elementor-element-populated\">\n\t\t\t\t\t\t<div class=\"elementor-element elementor-element-29b8ee4 elementor-widget elementor-widget-image\" data-id=\"29b8ee4\" data-element_type=\"widget\" data-e-type=\"widget\" data-widget_type=\"image.default\">\n\t\t\t\t<div class=\"elementor-widget-container\">\n\t\t\t\t\t\t\t\t\t\t\t\t<figure class=\"wp-caption\">\n\t\t\t\t\t\t\t\t\t\t\t<a href=\"https:\/\/petiteceinture.org\/wp-content\/uploads\/2023\/01\/PLM-1904-Paris-Lyon-Bercy-annote.jpg\" data-elementor-open-lightbox=\"yes\" data-elementor-lightbox-title=\"PLM-1904-Paris-Lyon-Bercy-annote\" data-e-action-hash=\"#elementor-action%3Aaction%3Dlightbox%26settings%3DeyJpZCI6NjgzNiwidXJsIjoiaHR0cHM6XC9cL3BldGl0ZWNlaW50dXJlLm9yZ1wvd3AtY29udGVudFwvdXBsb2Fkc1wvMjAyM1wvMDFcL1BMTS0xOTA0LVBhcmlzLUx5b24tQmVyY3ktYW5ub3RlLmpwZyJ9\">\n\t\t\t\t\t\t\t<img loading=\"lazy\" decoding=\"async\" width=\"1351\" height=\"992\" src=\"https:\/\/petiteceinture.org\/wp-content\/uploads\/2023\/01\/PLM-1904-Paris-Lyon-Bercy-annote.jpg\" class=\"attachment-full size-full wp-image-6836\" alt=\"Gare Rap\u00e9e-Bercy Petite Ceinture Plan PLM 1904\" srcset=\"https:\/\/petiteceinture.org\/wp-content\/uploads\/2023\/01\/PLM-1904-Paris-Lyon-Bercy-annote.jpg 1351w, https:\/\/petiteceinture.org\/wp-content\/uploads\/2023\/01\/PLM-1904-Paris-Lyon-Bercy-annote-300x220.jpg 300w, https:\/\/petiteceinture.org\/wp-content\/uploads\/2023\/01\/PLM-1904-Paris-Lyon-Bercy-annote-1024x752.jpg 1024w, https:\/\/petiteceinture.org\/wp-content\/uploads\/2023\/01\/PLM-1904-Paris-Lyon-Bercy-annote-768x564.jpg 768w\" sizes=\"(max-width: 1351px) 100vw, 1351px\" \/>\t\t\t\t\t\t\t\t<\/a>\n\t\t\t\t\t\t\t\t\t\t\t<figcaption class=\"widget-image-caption wp-caption-text\">Plan des installations des gares de Lyon et de Bercy en 1904. Par rapport au plan de 1887 ci-dessus, on note la pr\u00e9sence de la 2e branche du raccordement avec la Petite Ceinture, orient\u00e9 vers le Nord. Les b\u00e2timents des voyageurs de Bercy-Ceinture et de La Rap\u00e9e-Bercy sont surlign\u00e9s en rouge. Documentation PLM, coll. ASPCRF<\/figcaption>\n\t\t\t\t\t\t\t\t\t\t<\/figure>\n\t\t\t\t\t\t\t\t\t<\/div>\n\t\t\t\t<\/div>\n\t\t\t\t\t<\/div>\n\t\t<\/div>\n\t\t\t\t\t<\/div>\n\t\t<\/section>\n\t\t\t\t<section class=\"elementor-section elementor-top-section elementor-element elementor-element-0fe568b elementor-section-boxed elementor-section-height-default elementor-section-height-default\" data-id=\"0fe568b\" data-element_type=\"section\" data-e-type=\"section\">\n\t\t\t\t\t\t<div class=\"elementor-container elementor-column-gap-default\">\n\t\t\t\t\t<div class=\"elementor-column elementor-col-100 elementor-top-column elementor-element elementor-element-cfee72d\" data-id=\"cfee72d\" data-element_type=\"column\" data-e-type=\"column\">\n\t\t\t<div class=\"elementor-widget-wrap elementor-element-populated\">\n\t\t\t\t\t\t<div class=\"elementor-element elementor-element-b0f8706 elementor-widget elementor-widget-heading\" data-id=\"b0f8706\" data-element_type=\"widget\" data-e-type=\"widget\" data-widget_type=\"heading.default\">\n\t\t\t\t<div class=\"elementor-widget-container\">\n\t\t\t\t\t<h2 class=\"elementor-heading-title elementor-size-default\">La nouvelle gare voyageurs de La Rap\u00e9e-Bercy  (1907)<\/h2>\t\t\t\t<\/div>\n\t\t\t\t<\/div>\n\t\t\t\t\t<\/div>\n\t\t<\/div>\n\t\t\t\t\t<\/div>\n\t\t<\/section>\n\t\t\t\t<section class=\"elementor-section elementor-top-section elementor-element elementor-element-e5be85f elementor-section-boxed elementor-section-height-default elementor-section-height-default\" data-id=\"e5be85f\" data-element_type=\"section\" data-e-type=\"section\">\n\t\t\t\t\t\t<div class=\"elementor-container elementor-column-gap-default\">\n\t\t\t\t\t<div class=\"elementor-column elementor-col-100 elementor-top-column elementor-element elementor-element-8da6cfb\" data-id=\"8da6cfb\" data-element_type=\"column\" data-e-type=\"column\">\n\t\t\t<div class=\"elementor-widget-wrap elementor-element-populated\">\n\t\t\t\t\t\t<div class=\"elementor-element elementor-element-1d55447 elementor-widget elementor-widget-text-editor\" data-id=\"1d55447\" data-element_type=\"widget\" data-e-type=\"widget\" data-widget_type=\"text-editor.default\">\n\t\t\t\t<div class=\"elementor-widget-container\">\n\t\t\t\t\t\t\t\t\t<p>Face \u00e0 la concurrence grandissante du <strong>m\u00e9tro parisien<\/strong>, la Petite Ceinture doit montrer une image de <strong>modernit\u00e9<\/strong>. D\u00e8s lors, les installations les plus modestes de la <strong>Petite Ceinture Rive Droite<\/strong> doivent imp\u00e9rativement \u00eatre reconstruites.<\/p><p>Les travaux sont confi\u00e9s \u00e0 l\u2019architecte\u00a0<a href=\"https:\/\/www.inha.fr\/fr\/ressources\/publications\/publications-numeriques\/dictionnaire-critique-des-historiens-de-l-art\/delaire-edmond.html\"><strong>Edmond Delaire<\/strong><\/a>, membre de la Soci\u00e9t\u00e9 centrale des architectes, de la Soci\u00e9t\u00e9 des artistes fran\u00e7ais, officier d\u2019acad\u00e9mie et chevalier de l\u2019ordre du Cambodge.<\/p><p>Ce dernier con\u00e7oit les nouveaux b\u00e2timents des voyageurs de la gare de <strong>La Rap\u00e9e-Bercy<\/strong>, qui sont <strong>inaugur\u00e9s en 1907<\/strong>.\u00a0 Il r\u00e9alise \u00e9galement les installations de la gare voisine de la <a href=\"https:\/\/petiteceinture.org\/gares-petite-ceinture\/claude-decaen\/\"><strong>rue<\/strong> <strong>Claude Decaen<\/strong><\/a>. De m\u00eame, il con\u00e7oit un acc\u00e8s suppl\u00e9mentaire \u00e0 la <a href=\"https:\/\/petiteceinture.org\/gares-petite-ceinture\/est-ceinture\/\"><strong>gare d&rsquo;Est-Ceinture<\/strong><\/a>, via la rue d&rsquo;Aubervilliers, et lui ajoute un b\u00e2timent annexe. Autant de constructions qui ont, h\u00e9las, \u00e9t\u00e9 <strong>d\u00e9molies au tournant des ann\u00e9es 60 et 70<\/strong>.<\/p>\t\t\t\t\t\t\t\t<\/div>\n\t\t\t\t<\/div>\n\t\t\t\t\t<\/div>\n\t\t<\/div>\n\t\t\t\t\t<\/div>\n\t\t<\/section>\n\t\t\t\t<section class=\"elementor-section elementor-top-section elementor-element elementor-element-362a53a elementor-section-boxed elementor-section-height-default elementor-section-height-default\" data-id=\"362a53a\" data-element_type=\"section\" data-e-type=\"section\">\n\t\t\t\t\t\t<div class=\"elementor-container elementor-column-gap-default\">\n\t\t\t\t\t<div class=\"elementor-column elementor-col-66 elementor-top-column elementor-element elementor-element-9219b98\" data-id=\"9219b98\" data-element_type=\"column\" data-e-type=\"column\">\n\t\t\t<div class=\"elementor-widget-wrap elementor-element-populated\">\n\t\t\t\t\t\t<div class=\"elementor-element elementor-element-e843f7c elementor-widget elementor-widget-text-editor\" data-id=\"e843f7c\" data-element_type=\"widget\" data-e-type=\"widget\" data-widget_type=\"text-editor.default\">\n\t\t\t\t<div class=\"elementor-widget-container\">\n\t\t\t\t\t\t\t\t\t<p><div class=\"oceanwp-oembed-wrap clr\"><blockquote class=\"wp-embedded-content\" data-secret=\"EtqYoy1oXO\"><a href=\"https:\/\/petiteceinture.org\/gares-petite-ceinture\/claude-decaen\/\">Gare de la rue Claude Decaen<\/a><\/blockquote><iframe class=\"wp-embedded-content\" sandbox=\"allow-scripts\" security=\"restricted\" style=\"position: absolute; clip: rect(1px, 1px, 1px, 1px);\" title=\"\u00ab\u00a0Gare de la rue Claude Decaen\u00a0\u00bb &#8212; Association Sauvegarde Petite Ceinture\" src=\"https:\/\/petiteceinture.org\/gares-petite-ceinture\/claude-decaen\/embed\/#?secret=rlYM8ybPdN#?secret=EtqYoy1oXO\" data-secret=\"EtqYoy1oXO\" width=\"600\" height=\"338\" frameborder=\"0\" marginwidth=\"0\" marginheight=\"0\" scrolling=\"no\"><\/iframe><\/div><\/p>\t\t\t\t\t\t\t\t<\/div>\n\t\t\t\t<\/div>\n\t\t\t\t\t<\/div>\n\t\t<\/div>\n\t\t\t\t<div class=\"elementor-column elementor-col-33 elementor-top-column elementor-element elementor-element-3b922e5\" data-id=\"3b922e5\" data-element_type=\"column\" data-e-type=\"column\">\n\t\t\t<div class=\"elementor-widget-wrap\">\n\t\t\t\t\t\t\t<\/div>\n\t\t<\/div>\n\t\t\t\t\t<\/div>\n\t\t<\/section>\n\t\t\t\t<section class=\"elementor-section elementor-top-section elementor-element elementor-element-05a3e03 elementor-section-boxed elementor-section-height-default elementor-section-height-default\" data-id=\"05a3e03\" data-element_type=\"section\" data-e-type=\"section\">\n\t\t\t\t\t\t<div class=\"elementor-container elementor-column-gap-default\">\n\t\t\t\t\t<div class=\"elementor-column elementor-col-100 elementor-top-column elementor-element elementor-element-e08349c\" data-id=\"e08349c\" data-element_type=\"column\" data-e-type=\"column\">\n\t\t\t<div class=\"elementor-widget-wrap elementor-element-populated\">\n\t\t\t\t\t\t<div class=\"elementor-element elementor-element-3b12091 elementor-widget elementor-widget-text-editor\" data-id=\"3b12091\" data-element_type=\"widget\" data-e-type=\"widget\" data-widget_type=\"text-editor.default\">\n\t\t\t\t<div class=\"elementor-widget-container\">\n\t\t\t\t\t\t\t\t\t<p>La nouvelle gare est construite <strong>\u00e0 l&#8217;emplacement de l&rsquo;ancien point d&rsquo;arr\u00eat<\/strong>, rempla\u00e7ant les anciennes installations en <strong>bois et briques<\/strong>. L&rsquo;architecte innove <span data-contrast=\"auto\">en emploie le <strong>ciment arm\u00e9<\/strong> pour l&rsquo;ossature \u2013 mat\u00e9riau tr\u00e8s peu employ\u00e9 \u00e0 l&rsquo;\u00e9poque et d\u00e9cri\u00e9 par de nombreux architecte. Dans un souci esth\u00e9tique, les fa\u00e7ades ext\u00e9rieures disposent d&rsquo;un <strong>remplissage en pierre et en brique.<\/strong><\/span><\/p>\t\t\t\t\t\t\t\t<\/div>\n\t\t\t\t<\/div>\n\t\t\t\t\t<\/div>\n\t\t<\/div>\n\t\t\t\t\t<\/div>\n\t\t<\/section>\n\t\t\t\t<section class=\"elementor-section elementor-top-section elementor-element elementor-element-e5e683b elementor-section-boxed elementor-section-height-default elementor-section-height-default\" data-id=\"e5e683b\" data-element_type=\"section\" data-e-type=\"section\">\n\t\t\t\t\t\t<div class=\"elementor-container elementor-column-gap-default\">\n\t\t\t\t\t<div class=\"elementor-column elementor-col-16 elementor-top-column elementor-element elementor-element-1ae542f\" data-id=\"1ae542f\" data-element_type=\"column\" data-e-type=\"column\">\n\t\t\t<div class=\"elementor-widget-wrap\">\n\t\t\t\t\t\t\t<\/div>\n\t\t<\/div>\n\t\t\t\t<div class=\"elementor-column elementor-col-66 elementor-top-column elementor-element elementor-element-0196958\" data-id=\"0196958\" data-element_type=\"column\" data-e-type=\"column\">\n\t\t\t<div class=\"elementor-widget-wrap elementor-element-populated\">\n\t\t\t\t\t\t<div class=\"elementor-element elementor-element-06aeb3f elementor-widget elementor-widget-image\" data-id=\"06aeb3f\" data-element_type=\"widget\" data-e-type=\"widget\" data-widget_type=\"image.default\">\n\t\t\t\t<div class=\"elementor-widget-container\">\n\t\t\t\t\t\t\t\t\t\t\t\t<figure class=\"wp-caption\">\n\t\t\t\t\t\t\t\t\t\t\t<a href=\"https:\/\/petiteceinture.org\/wp-content\/uploads\/2022\/12\/Gare-La-Rapee-Bercy-030T-Circulaire.jpg\" data-elementor-open-lightbox=\"yes\" data-elementor-lightbox-title=\"Gare La Rape\u0301e Bercy 030T Circulaire\" data-e-action-hash=\"#elementor-action%3Aaction%3Dlightbox%26settings%3DeyJpZCI6Njc5NiwidXJsIjoiaHR0cHM6XC9cL3BldGl0ZWNlaW50dXJlLm9yZ1wvd3AtY29udGVudFwvdXBsb2Fkc1wvMjAyMlwvMTJcL0dhcmUtTGEtUmFwZWUtQmVyY3ktMDMwVC1DaXJjdWxhaXJlLmpwZyJ9\">\n\t\t\t\t\t\t\t<img loading=\"lazy\" decoding=\"async\" width=\"1024\" height=\"648\" src=\"https:\/\/petiteceinture.org\/wp-content\/uploads\/2022\/12\/Gare-La-Rapee-Bercy-030T-Circulaire-1024x648.jpg\" class=\"attachment-large size-large wp-image-6796\" alt=\"Gare Rap\u00e9e-Bercy Petite Ceinture 030T Circulaire\" srcset=\"https:\/\/petiteceinture.org\/wp-content\/uploads\/2022\/12\/Gare-La-Rapee-Bercy-030T-Circulaire-1024x648.jpg 1024w, https:\/\/petiteceinture.org\/wp-content\/uploads\/2022\/12\/Gare-La-Rapee-Bercy-030T-Circulaire-300x190.jpg 300w, https:\/\/petiteceinture.org\/wp-content\/uploads\/2022\/12\/Gare-La-Rapee-Bercy-030T-Circulaire-768x486.jpg 768w, https:\/\/petiteceinture.org\/wp-content\/uploads\/2022\/12\/Gare-La-Rapee-Bercy-030T-Circulaire.jpg 1400w\" sizes=\"(max-width: 1024px) 100vw, 1024px\" \/>\t\t\t\t\t\t\t\t<\/a>\n\t\t\t\t\t\t\t\t\t\t\t<figcaption class=\"widget-image-caption wp-caption-text\">Au d\u00e9but du XXe si\u00e8cle, un train circulaire de Ceinture entre en gare de La Rap\u00e9e-Bercy. On notera la petite plaque \"circulaire\" au niveau du tampon avant droit. Coll. Asso Petite Ceinture.<\/figcaption>\n\t\t\t\t\t\t\t\t\t\t<\/figure>\n\t\t\t\t\t\t\t\t\t<\/div>\n\t\t\t\t<\/div>\n\t\t\t\t\t<\/div>\n\t\t<\/div>\n\t\t\t\t<div class=\"elementor-column elementor-col-16 elementor-top-column elementor-element elementor-element-cf26627\" data-id=\"cf26627\" data-element_type=\"column\" data-e-type=\"column\">\n\t\t\t<div class=\"elementor-widget-wrap\">\n\t\t\t\t\t\t\t<\/div>\n\t\t<\/div>\n\t\t\t\t\t<\/div>\n\t\t<\/section>\n\t\t\t\t<section class=\"elementor-section elementor-top-section elementor-element elementor-element-5a4df87 elementor-section-boxed elementor-section-height-default elementor-section-height-default\" data-id=\"5a4df87\" data-element_type=\"section\" data-e-type=\"section\">\n\t\t\t\t\t\t<div class=\"elementor-container elementor-column-gap-default\">\n\t\t\t\t\t<div class=\"elementor-column elementor-col-100 elementor-top-column elementor-element elementor-element-3d71fe6\" data-id=\"3d71fe6\" data-element_type=\"column\" data-e-type=\"column\">\n\t\t\t<div class=\"elementor-widget-wrap elementor-element-populated\">\n\t\t\t\t\t\t<div class=\"elementor-element elementor-element-bfe17a6 elementor-widget elementor-widget-text-editor\" data-id=\"bfe17a6\" data-element_type=\"widget\" data-e-type=\"widget\" data-widget_type=\"text-editor.default\">\n\t\t\t\t<div class=\"elementor-widget-container\">\n\t\t\t\t\t\t\t\t\t<p><span data-contrast=\"auto\">Cette nouvelle gare \u2013 l\u2019une des plus r\u00e9centes de la Petite Ceinture \u2013, est situ\u00e9e au <strong>5 Boulevard Poniatowski<\/strong>. Le fronton arbore une mention <strong>\u00ab\u00a0Station La Rap\u00e9e-Bercy\u00a0\u00bb<\/strong>, signe de la <strong>dimension m\u00e9tropolitaine<\/strong> de la desserte offerte par les trains de Ceinture. Des <strong>abris de quais<\/strong> sont install\u00e9s pour prot\u00e9ger les voyageurs des intemp\u00e9ries. Pour passer d\u2019un quai \u00e0 un autre, un <strong>passage souterrain<\/strong> est am\u00e9nag\u00e9.\u00a0<\/span><\/p>\t\t\t\t\t\t\t\t<\/div>\n\t\t\t\t<\/div>\n\t\t\t\t<div class=\"elementor-element elementor-element-fa3deb1 elementor-widget elementor-widget-oew-image-gallery\" data-id=\"fa3deb1\" data-element_type=\"widget\" data-e-type=\"widget\" data-widget_type=\"oew-image-gallery.default\">\n\t\t\t\t<div class=\"elementor-widget-container\">\n\t\t\t\t\t\n\t\t<div class=\"oew-image-gallery oew-has-lightbox\">\n\t\t\t\n\t\t\t\t<div class=\"oew-gallery-item\">\n\t\t\t\t\t<a class=\"oew-gallery-item-inner no-lightbox\" href=\"https:\/\/petiteceinture.org\/wp-content\/uploads\/2023\/04\/La-Rapee-Bercy-S.-Zadkind-1400.jpg\" data-width=\"1400\" data-height=\"975\" data-elementor-open-lightbox=\"no\">\n\t\t\t\t\t\t<div class=\"oew-gallery-thumbnail\">\n\t\t\t\t\t\t\t<img decoding=\"async\" src=\"https:\/\/petiteceinture.org\/wp-content\/uploads\/2023\/04\/La-Rapee-Bercy-S.-Zadkind-1400-1024x713.jpg\" alt=\"Gare La Rap\u00e9e-Bercy Petite Ceinture\">\n\t\t\t\t\t\t<\/div>\n\n\t\t\t\t\t\t\t\t\t\t\t\t\t<div class=\"oew-gallery-overlay oew-gallery-transition-fade\">\n\t\t\t\t\t\t\t\t\t\t\t\t\t\t\t\t\t<div class=\"oew-gallery-item-icon\">\n\t\t\t\t\t\t\t\t\t\t<i aria-hidden=\"true\" class=\"fas fa-search\"><\/i>\t\t\t\t\t\t\t\t\t<\/div>\n\t\t\t\t\t\t\t\t\t\t\t\t\t\t\t\t<\/div>\n\t\t\t\t\t\t\t\t\t\t\t\t<\/a>\n\t\t\t\t<\/div>\n\n\t\t\t\t\n\t\t\t\t<div class=\"oew-gallery-item\">\n\t\t\t\t\t<a class=\"oew-gallery-item-inner no-lightbox\" href=\"https:\/\/petiteceinture.org\/wp-content\/uploads\/2022\/12\/Exterieur-Gare-La-Rapee-Bercy-2.jpg\" data-width=\"1400\" data-height=\"909\" data-elementor-open-lightbox=\"no\">\n\t\t\t\t\t\t<div class=\"oew-gallery-thumbnail\">\n\t\t\t\t\t\t\t<img decoding=\"async\" src=\"https:\/\/petiteceinture.org\/wp-content\/uploads\/2022\/12\/Exterieur-Gare-La-Rapee-Bercy-2-1024x665.jpg\" alt=\"Gare La Rap\u00e9e-Bercy Petite Ceinture\">\n\t\t\t\t\t\t<\/div>\n\n\t\t\t\t\t\t\t\t\t\t\t\t\t<div class=\"oew-gallery-overlay oew-gallery-transition-fade\">\n\t\t\t\t\t\t\t\t\t\t\t\t\t\t\t\t\t<div class=\"oew-gallery-item-icon\">\n\t\t\t\t\t\t\t\t\t\t<i aria-hidden=\"true\" class=\"fas fa-search\"><\/i>\t\t\t\t\t\t\t\t\t<\/div>\n\t\t\t\t\t\t\t\t\t\t\t\t\t\t\t\t<\/div>\n\t\t\t\t\t\t\t\t\t\t\t\t<\/a>\n\t\t\t\t<\/div>\n\n\t\t\t\t\n\t\t\t\t<div class=\"oew-gallery-item\">\n\t\t\t\t\t<a class=\"oew-gallery-item-inner no-lightbox\" href=\"https:\/\/petiteceinture.org\/wp-content\/uploads\/2022\/12\/Exterieur-Gare-La-Rapee-Bercy-3.jpg\" data-width=\"1400\" data-height=\"903\" data-elementor-open-lightbox=\"no\">\n\t\t\t\t\t\t<div class=\"oew-gallery-thumbnail\">\n\t\t\t\t\t\t\t<img decoding=\"async\" src=\"https:\/\/petiteceinture.org\/wp-content\/uploads\/2022\/12\/Exterieur-Gare-La-Rapee-Bercy-3-1024x660.jpg\" alt=\"Gare La Rap\u00e9e-Bercy Petite Ceinture\">\n\t\t\t\t\t\t<\/div>\n\n\t\t\t\t\t\t\t\t\t\t\t\t\t<div class=\"oew-gallery-overlay oew-gallery-transition-fade\">\n\t\t\t\t\t\t\t\t\t\t\t\t\t\t\t\t\t<div class=\"oew-gallery-item-icon\">\n\t\t\t\t\t\t\t\t\t\t<i aria-hidden=\"true\" class=\"fas fa-search\"><\/i>\t\t\t\t\t\t\t\t\t<\/div>\n\t\t\t\t\t\t\t\t\t\t\t\t\t\t\t\t<\/div>\n\t\t\t\t\t\t\t\t\t\t\t\t<\/a>\n\t\t\t\t<\/div>\n\n\t\t\t\t\n\t\t\t\t<div class=\"oew-gallery-item\">\n\t\t\t\t\t<a class=\"oew-gallery-item-inner no-lightbox\" href=\"https:\/\/petiteceinture.org\/wp-content\/uploads\/2024\/10\/La-Rapee-Bercy-2.jpg\" data-width=\"1000\" data-height=\"634\" data-elementor-open-lightbox=\"no\">\n\t\t\t\t\t\t<div class=\"oew-gallery-thumbnail\">\n\t\t\t\t\t\t\t<img decoding=\"async\" src=\"https:\/\/petiteceinture.org\/wp-content\/uploads\/2024\/10\/La-Rapee-Bercy-2.jpg\" alt=\"Gare La Rap\u00e9e-Bercy Petite Ceinture\">\n\t\t\t\t\t\t<\/div>\n\n\t\t\t\t\t\t\t\t\t\t\t\t\t<div class=\"oew-gallery-overlay oew-gallery-transition-fade\">\n\t\t\t\t\t\t\t\t\t\t\t\t\t\t\t\t\t<div class=\"oew-gallery-item-icon\">\n\t\t\t\t\t\t\t\t\t\t<i aria-hidden=\"true\" class=\"fas fa-search\"><\/i>\t\t\t\t\t\t\t\t\t<\/div>\n\t\t\t\t\t\t\t\t\t\t\t\t\t\t\t\t<\/div>\n\t\t\t\t\t\t\t\t\t\t\t\t<\/a>\n\t\t\t\t<\/div>\n\n\t\t\t\t\t\t<\/div>\n\n\t\t\t\t\t\t<\/div>\n\t\t\t\t<\/div>\n\t\t\t\t<div class=\"elementor-element elementor-element-7eb9d28 elementor-widget elementor-widget-text-editor\" data-id=\"7eb9d28\" data-element_type=\"widget\" data-e-type=\"widget\" data-widget_type=\"text-editor.default\">\n\t\t\t\t<div class=\"elementor-widget-container\">\n\t\t\t\t\t\t\t\t\t<h6>Quatre vues de la fa\u00e7ade ext\u00e9rieure de la gare de la Rap\u00e9e-Bercy : les 3 premi\u00e8res datent de 1934, la 4e du d\u00e9but du XXe si\u00e8cle.<\/h6>\t\t\t\t\t\t\t\t<\/div>\n\t\t\t\t<\/div>\n\t\t\t\t\t<\/div>\n\t\t<\/div>\n\t\t\t\t\t<\/div>\n\t\t<\/section>\n\t\t\t\t<section class=\"elementor-section elementor-top-section elementor-element elementor-element-dfddb79 elementor-section-boxed elementor-section-height-default elementor-section-height-default\" data-id=\"dfddb79\" data-element_type=\"section\" data-e-type=\"section\">\n\t\t\t\t\t\t<div class=\"elementor-container elementor-column-gap-default\">\n\t\t\t\t\t<div class=\"elementor-column elementor-col-100 elementor-top-column elementor-element elementor-element-366aa9a\" data-id=\"366aa9a\" data-element_type=\"column\" data-e-type=\"column\">\n\t\t\t<div class=\"elementor-widget-wrap elementor-element-populated\">\n\t\t\t\t\t\t<div class=\"elementor-element elementor-element-d704fee elementor-widget elementor-widget-text-editor\" data-id=\"d704fee\" data-element_type=\"widget\" data-e-type=\"widget\" data-widget_type=\"text-editor.default\">\n\t\t\t\t<div class=\"elementor-widget-container\">\n\t\t\t\t\t\t\t\t\t<p>Les installations sont peut-\u00eatre moins spectaculaires qu&rsquo;\u00e0 la gare de la rue Claude Decaen (au niveau des abris de quais, par exemple), mais elles t\u00e9moignent d&rsquo;un <strong>souci esth\u00e9tique notable<\/strong>. On notera les deux larges portes d&rsquo;entr\u00e9e surmont\u00e9es d&rsquo;un <strong>arc de plein cintre<\/strong>, surmont\u00e9s par un toit-terrasse. En revanche, le b\u00e2timent administratif est surmont\u00e9 d&rsquo;un toit plus classique, cr\u00e9ant une disparit\u00e9 assez originale.<\/p>\t\t\t\t\t\t\t\t<\/div>\n\t\t\t\t<\/div>\n\t\t\t\t\t<\/div>\n\t\t<\/div>\n\t\t\t\t\t<\/div>\n\t\t<\/section>\n\t\t\t\t<section class=\"elementor-section elementor-top-section elementor-element elementor-element-692c491 elementor-section-boxed elementor-section-height-default elementor-section-height-default\" data-id=\"692c491\" data-element_type=\"section\" data-e-type=\"section\">\n\t\t\t\t\t\t<div class=\"elementor-container elementor-column-gap-default\">\n\t\t\t\t\t<div class=\"elementor-column elementor-col-16 elementor-top-column elementor-element elementor-element-9ae7ee4\" data-id=\"9ae7ee4\" data-element_type=\"column\" data-e-type=\"column\">\n\t\t\t<div class=\"elementor-widget-wrap\">\n\t\t\t\t\t\t\t<\/div>\n\t\t<\/div>\n\t\t\t\t<div class=\"elementor-column elementor-col-66 elementor-top-column elementor-element elementor-element-0532490\" data-id=\"0532490\" data-element_type=\"column\" data-e-type=\"column\">\n\t\t\t<div class=\"elementor-widget-wrap elementor-element-populated\">\n\t\t\t\t\t\t<div class=\"elementor-element elementor-element-c22a241 elementor-widget elementor-widget-image\" data-id=\"c22a241\" data-element_type=\"widget\" data-e-type=\"widget\" data-widget_type=\"image.default\">\n\t\t\t\t<div class=\"elementor-widget-container\">\n\t\t\t\t\t\t\t\t\t\t\t\t<figure class=\"wp-caption\">\n\t\t\t\t\t\t\t\t\t\t\t<a href=\"https:\/\/petiteceinture.org\/wp-content\/uploads\/2023\/01\/La-Rapee-Bercy-quais-coll-Merard.jpg\" data-elementor-open-lightbox=\"yes\" data-elementor-lightbox-title=\"La Rape\u0301e-Bercy-quais-coll-Merard\" data-e-action-hash=\"#elementor-action%3Aaction%3Dlightbox%26settings%3DeyJpZCI6Njg1NSwidXJsIjoiaHR0cHM6XC9cL3BldGl0ZWNlaW50dXJlLm9yZ1wvd3AtY29udGVudFwvdXBsb2Fkc1wvMjAyM1wvMDFcL0xhLVJhcGVlLUJlcmN5LXF1YWlzLWNvbGwtTWVyYXJkLmpwZyJ9\">\n\t\t\t\t\t\t\t<img loading=\"lazy\" decoding=\"async\" width=\"1024\" height=\"655\" src=\"https:\/\/petiteceinture.org\/wp-content\/uploads\/2023\/01\/La-Rapee-Bercy-quais-coll-Merard.jpg\" class=\"attachment-large size-large wp-image-6855\" alt=\"\" srcset=\"https:\/\/petiteceinture.org\/wp-content\/uploads\/2023\/01\/La-Rapee-Bercy-quais-coll-Merard.jpg 1024w, https:\/\/petiteceinture.org\/wp-content\/uploads\/2023\/01\/La-Rapee-Bercy-quais-coll-Merard-300x192.jpg 300w, https:\/\/petiteceinture.org\/wp-content\/uploads\/2023\/01\/La-Rapee-Bercy-quais-coll-Merard-768x491.jpg 768w\" sizes=\"(max-width: 1024px) 100vw, 1024px\" \/>\t\t\t\t\t\t\t\t<\/a>\n\t\t\t\t\t\t\t\t\t\t\t<figcaption class=\"widget-image-caption wp-caption-text\">Vue int\u00e9rieure des quais de la gare de La Rap\u00e9e-Bercy. On notera, sur la gauche, la pr\u00e9sence d'un escalier menant \u00e0 un passage souterrain. Coll. M\u00e9rard<\/figcaption>\n\t\t\t\t\t\t\t\t\t\t<\/figure>\n\t\t\t\t\t\t\t\t\t<\/div>\n\t\t\t\t<\/div>\n\t\t\t\t\t<\/div>\n\t\t<\/div>\n\t\t\t\t<div class=\"elementor-column elementor-col-16 elementor-top-column elementor-element elementor-element-10e00dd\" data-id=\"10e00dd\" data-element_type=\"column\" data-e-type=\"column\">\n\t\t\t<div class=\"elementor-widget-wrap\">\n\t\t\t\t\t\t\t<\/div>\n\t\t<\/div>\n\t\t\t\t\t<\/div>\n\t\t<\/section>\n\t\t\t\t<section class=\"elementor-section elementor-top-section elementor-element elementor-element-9791f17 elementor-section-boxed elementor-section-height-default elementor-section-height-default\" data-id=\"9791f17\" data-element_type=\"section\" data-e-type=\"section\">\n\t\t\t\t\t\t<div class=\"elementor-container elementor-column-gap-default\">\n\t\t\t\t\t<div class=\"elementor-column elementor-col-100 elementor-top-column elementor-element elementor-element-939e73c\" data-id=\"939e73c\" data-element_type=\"column\" data-e-type=\"column\">\n\t\t\t<div class=\"elementor-widget-wrap elementor-element-populated\">\n\t\t\t\t\t\t<div class=\"elementor-element elementor-element-c234a58 elementor-widget elementor-widget-heading\" data-id=\"c234a58\" data-element_type=\"widget\" data-e-type=\"widget\" data-widget_type=\"heading.default\">\n\t\t\t\t<div class=\"elementor-widget-container\">\n\t\t\t\t\t<h2 class=\"elementor-heading-title elementor-size-default\">Le raccordement de Bercy et ses branches Nord et Sud (1853 et 1904)<\/h2>\t\t\t\t<\/div>\n\t\t\t\t<\/div>\n\t\t\t\t\t<\/div>\n\t\t<\/div>\n\t\t\t\t\t<\/div>\n\t\t<\/section>\n\t\t\t\t<section class=\"elementor-section elementor-top-section elementor-element elementor-element-7ba0d34 elementor-section-boxed elementor-section-height-default elementor-section-height-default\" data-id=\"7ba0d34\" data-element_type=\"section\" data-e-type=\"section\">\n\t\t\t\t\t\t<div class=\"elementor-container elementor-column-gap-default\">\n\t\t\t\t\t<div class=\"elementor-column elementor-col-100 elementor-top-column elementor-element elementor-element-a83fb40\" data-id=\"a83fb40\" data-element_type=\"column\" data-e-type=\"column\">\n\t\t\t<div class=\"elementor-widget-wrap elementor-element-populated\">\n\t\t\t\t\t\t<div class=\"elementor-element elementor-element-61d94db elementor-widget elementor-widget-text-editor\" data-id=\"61d94db\" data-element_type=\"widget\" data-e-type=\"widget\" data-widget_type=\"text-editor.default\">\n\t\t\t\t<div class=\"elementor-widget-container\">\n\t\t\t\t\t\t\t\t\t<p>Le raccordement de Bercy est compos\u00e9 de deux branches formant un triangle avec les voies de la Petite Ceinture. Se d\u00e9tachant de l&rsquo;axe \u00ab\u00a0d&rsquo;origine\u00a0\u00bb des voies de la gare de Lyon, le raccordement se s\u00e9pare en <strong>deux branches distinctes<\/strong>, ouvertes \u00e0 51 ans d&rsquo;\u00e9cart.<\/p><ul><li><strong><span style=\"color: #ff9900;\">Le raccordement \u00ab\u00a0Sud\u00a0\u00bb<\/span><\/strong>, <span style=\"color: #ff9900;\">inaugur\u00e9 d\u00e8s 1853<\/span>. Orient\u00e9 vers le Pont National, est Il vise d&#8217;embl\u00e9e \u00e0 permettre les \u00e9changes entre les gares de Lyon et d&rsquo;Austerlitz ;<\/li><li><strong><span style=\"color: #ff0000;\">Le raccordement \u00ab\u00a0Nord\u00a0\u00bb<\/span><\/strong>, <a href=\"https:\/\/gallica.bnf.fr\/ark:\/12148\/bpt6k1224115\/f346\">ouvert en 1904<\/a>, rejoint les voies de la Petite Ceinture au droit de l&rsquo;ancienne gare de Bercy-Ceinture (PLM). Il vient faciliter les \u00e9changes avec les trains de la Compagnie du Nord (en \u00e9vitant un rebroussement fastidieux), d&rsquo;o\u00f9 son nom.<\/li><\/ul><p>Au centre, <strong>deux ch\u00e2teaux d&rsquo;eau<\/strong> permettait le ravitaillement des locomotives. Est aussi pr\u00e9sent un <strong>b\u00e2timent en briques<\/strong> de deux niveaux pour les cheminots.<\/p>\t\t\t\t\t\t\t\t<\/div>\n\t\t\t\t<\/div>\n\t\t\t\t\t<\/div>\n\t\t<\/div>\n\t\t\t\t\t<\/div>\n\t\t<\/section>\n\t\t\t\t<section class=\"elementor-section elementor-top-section elementor-element elementor-element-f0462fb elementor-section-boxed elementor-section-height-default elementor-section-height-default\" data-id=\"f0462fb\" data-element_type=\"section\" data-e-type=\"section\">\n\t\t\t\t\t\t<div class=\"elementor-container elementor-column-gap-default\">\n\t\t\t\t\t<div class=\"elementor-column elementor-col-50 elementor-top-column elementor-element elementor-element-00dd74c\" data-id=\"00dd74c\" data-element_type=\"column\" data-e-type=\"column\">\n\t\t\t<div class=\"elementor-widget-wrap elementor-element-populated\">\n\t\t\t\t\t\t<div class=\"elementor-element elementor-element-58f3c04 elementor-widget elementor-widget-image\" data-id=\"58f3c04\" data-element_type=\"widget\" data-e-type=\"widget\" data-widget_type=\"image.default\">\n\t\t\t\t<div class=\"elementor-widget-container\">\n\t\t\t\t\t\t\t\t\t\t\t\t<figure class=\"wp-caption\">\n\t\t\t\t\t\t\t\t\t\t\t<a href=\"https:\/\/petiteceinture.org\/wp-content\/uploads\/2023\/05\/Bercy-Charenton-vue-aerienne-1921-annotee-2.jpg\" data-elementor-open-lightbox=\"yes\" data-elementor-lightbox-title=\"Bercy-Charenton-vue-aerienne-1921-annotee-2\" data-e-action-hash=\"#elementor-action%3Aaction%3Dlightbox%26settings%3DeyJpZCI6NzM1NCwidXJsIjoiaHR0cHM6XC9cL3BldGl0ZWNlaW50dXJlLm9yZ1wvd3AtY29udGVudFwvdXBsb2Fkc1wvMjAyM1wvMDVcL0JlcmN5LUNoYXJlbnRvbi12dWUtYWVyaWVubmUtMTkyMS1hbm5vdGVlLTIuanBnIn0%3D\">\n\t\t\t\t\t\t\t<img loading=\"lazy\" decoding=\"async\" width=\"1024\" height=\"713\" src=\"https:\/\/petiteceinture.org\/wp-content\/uploads\/2023\/05\/Bercy-Charenton-vue-aerienne-1921-annotee-2-1024x713.jpg\" class=\"attachment-large size-large wp-image-7354\" alt=\"\" srcset=\"https:\/\/petiteceinture.org\/wp-content\/uploads\/2023\/05\/Bercy-Charenton-vue-aerienne-1921-annotee-2-1024x713.jpg 1024w, https:\/\/petiteceinture.org\/wp-content\/uploads\/2023\/05\/Bercy-Charenton-vue-aerienne-1921-annotee-2-300x209.jpg 300w, https:\/\/petiteceinture.org\/wp-content\/uploads\/2023\/05\/Bercy-Charenton-vue-aerienne-1921-annotee-2-768x535.jpg 768w, https:\/\/petiteceinture.org\/wp-content\/uploads\/2023\/05\/Bercy-Charenton-vue-aerienne-1921-annotee-2-1536x1070.jpg 1536w, https:\/\/petiteceinture.org\/wp-content\/uploads\/2023\/05\/Bercy-Charenton-vue-aerienne-1921-annotee-2-2048x1426.jpg 2048w\" sizes=\"(max-width: 1024px) 100vw, 1024px\" \/>\t\t\t\t\t\t\t\t<\/a>\n\t\t\t\t\t\t\t\t\t\t\t<figcaption class=\"widget-image-caption wp-caption-text\"><\/figcaption>\n\t\t\t\t\t\t\t\t\t\t<\/figure>\n\t\t\t\t\t\t\t\t\t<\/div>\n\t\t\t\t<\/div>\n\t\t\t\t\t<\/div>\n\t\t<\/div>\n\t\t\t\t<div class=\"elementor-column elementor-col-50 elementor-top-column elementor-element elementor-element-9fb9cb3\" data-id=\"9fb9cb3\" data-element_type=\"column\" data-e-type=\"column\">\n\t\t\t<div class=\"elementor-widget-wrap elementor-element-populated\">\n\t\t\t\t\t\t<div class=\"elementor-element elementor-element-b4f3ec2 elementor-widget elementor-widget-text-editor\" data-id=\"b4f3ec2\" data-element_type=\"widget\" data-e-type=\"widget\" data-widget_type=\"text-editor.default\">\n\t\t\t\t<div class=\"elementor-widget-container\">\n\t\t\t\t\t\t\t\t\t<h6><em>Vue a\u00e9rienne des installations ferroviaires de Bercy en 1921. En bleu : le trac\u00e9 de la Petite Ceinture ; en jaune, celui du <span style=\"color: #ff9900;\">raccordement Sud de Bercy (1853)<\/span>, en rouge, celui du <span style=\"color: #ff0000;\">raccordement Nord (1904)<\/span>.<\/em><\/h6><ul><li><h6><em>0 : Entrep\u00f4ts de Bercy<\/em><\/h6><\/li><li><h6><em>1 : Gare marchandises de la Rap\u00e9e (Sup\u00e9rieure)<\/em><\/h6><\/li><li><h6>2 : Gare de La Rap\u00e9e-Bercy<\/h6><\/li><li><h6>3 : Gare Nicola\u00ef<\/h6><\/li><li><h6>4a : Gare de <a href=\"https:\/\/petiteceinture.org\/gares-petite-ceinture\/bercy-ceinture\/\">Bercy-Ceinture PLM<\/a> (ancien emplacement)<\/h6><\/li><li><h6>4b : Gare de <a href=\"https:\/\/petiteceinture.org\/gares-petite-ceinture\/bercy-ceinture\/\">Bercy-Ceinture<\/a> (emplacement actuel)<\/h6><\/li><li><h6>A : Poste d&rsquo;aiguillage du Pont de Lyon<\/h6><\/li><li><h6>B : Poste d&rsquo;aiguillage du Pont National<\/h6><\/li><\/ul>\t\t\t\t\t\t\t\t<\/div>\n\t\t\t\t<\/div>\n\t\t\t\t\t<\/div>\n\t\t<\/div>\n\t\t\t\t\t<\/div>\n\t\t<\/section>\n\t\t\t\t<section class=\"elementor-section elementor-top-section elementor-element elementor-element-bba5de3 elementor-section-boxed elementor-section-height-default elementor-section-height-default\" data-id=\"bba5de3\" data-element_type=\"section\" data-e-type=\"section\">\n\t\t\t\t\t\t<div class=\"elementor-container elementor-column-gap-default\">\n\t\t\t\t\t<div class=\"elementor-column elementor-col-50 elementor-top-column elementor-element elementor-element-a062433\" data-id=\"a062433\" data-element_type=\"column\" data-e-type=\"column\">\n\t\t\t<div class=\"elementor-widget-wrap elementor-element-populated\">\n\t\t\t\t\t\t<div class=\"elementor-element elementor-element-5d55a25 elementor-widget elementor-widget-image\" data-id=\"5d55a25\" data-element_type=\"widget\" data-e-type=\"widget\" data-widget_type=\"image.default\">\n\t\t\t\t<div class=\"elementor-widget-container\">\n\t\t\t\t\t\t\t\t\t\t\t\t\t\t\t\t<a href=\"https:\/\/petiteceinture.org\/wp-content\/uploads\/2023\/02\/Rapee-Bercy-26-octobre-1961-IGN-2000.jpg\" data-elementor-open-lightbox=\"yes\" data-elementor-lightbox-title=\"Rapee-Bercy-26-octobre-1961-IGN-2000\" data-e-action-hash=\"#elementor-action%3Aaction%3Dlightbox%26settings%3DeyJpZCI6NzAxNSwidXJsIjoiaHR0cHM6XC9cL3BldGl0ZWNlaW50dXJlLm9yZ1wvd3AtY29udGVudFwvdXBsb2Fkc1wvMjAyM1wvMDJcL1JhcGVlLUJlcmN5LTI2LW9jdG9icmUtMTk2MS1JR04tMjAwMC5qcGcifQ%3D%3D\">\n\t\t\t\t\t\t\t<img loading=\"lazy\" decoding=\"async\" width=\"1024\" height=\"450\" src=\"https:\/\/petiteceinture.org\/wp-content\/uploads\/2023\/02\/Rapee-Bercy-26-octobre-1961-IGN-2000-1024x450.jpg\" class=\"attachment-large size-large wp-image-7015\" alt=\"\" srcset=\"https:\/\/petiteceinture.org\/wp-content\/uploads\/2023\/02\/Rapee-Bercy-26-octobre-1961-IGN-2000-1024x450.jpg 1024w, https:\/\/petiteceinture.org\/wp-content\/uploads\/2023\/02\/Rapee-Bercy-26-octobre-1961-IGN-2000-300x132.jpg 300w, https:\/\/petiteceinture.org\/wp-content\/uploads\/2023\/02\/Rapee-Bercy-26-octobre-1961-IGN-2000-768x337.jpg 768w, https:\/\/petiteceinture.org\/wp-content\/uploads\/2023\/02\/Rapee-Bercy-26-octobre-1961-IGN-2000-1536x674.jpg 1536w, https:\/\/petiteceinture.org\/wp-content\/uploads\/2023\/02\/Rapee-Bercy-26-octobre-1961-IGN-2000.jpg 2000w\" sizes=\"(max-width: 1024px) 100vw, 1024px\" \/>\t\t\t\t\t\t\t\t<\/a>\n\t\t\t\t\t\t\t\t\t\t\t\t\t\t\t<\/div>\n\t\t\t\t<\/div>\n\t\t\t\t\t<\/div>\n\t\t<\/div>\n\t\t\t\t<div class=\"elementor-column elementor-col-50 elementor-top-column elementor-element elementor-element-9c7b48f\" data-id=\"9c7b48f\" data-element_type=\"column\" data-e-type=\"column\">\n\t\t\t<div class=\"elementor-widget-wrap elementor-element-populated\">\n\t\t\t\t\t\t<div class=\"elementor-element elementor-element-cdf30be elementor-widget elementor-widget-image\" data-id=\"cdf30be\" data-element_type=\"widget\" data-e-type=\"widget\" data-widget_type=\"image.default\">\n\t\t\t\t<div class=\"elementor-widget-container\">\n\t\t\t\t\t\t\t\t\t\t\t\t\t\t\t\t<a href=\"https:\/\/petiteceinture.org\/wp-content\/uploads\/2023\/02\/Bercy-26-octobre-1961-IGN-PS-2000.jpg\" data-elementor-open-lightbox=\"yes\" data-elementor-lightbox-title=\"Bercy-26-octobre-1961-IGN-PS-2000\" data-e-action-hash=\"#elementor-action%3Aaction%3Dlightbox%26settings%3DeyJpZCI6NzAxNiwidXJsIjoiaHR0cHM6XC9cL3BldGl0ZWNlaW50dXJlLm9yZ1wvd3AtY29udGVudFwvdXBsb2Fkc1wvMjAyM1wvMDJcL0JlcmN5LTI2LW9jdG9icmUtMTk2MS1JR04tUFMtMjAwMC5qcGcifQ%3D%3D\">\n\t\t\t\t\t\t\t<img loading=\"lazy\" decoding=\"async\" width=\"1024\" height=\"410\" src=\"https:\/\/petiteceinture.org\/wp-content\/uploads\/2023\/02\/Bercy-26-octobre-1961-IGN-PS-2000-1024x410.jpg\" class=\"attachment-large size-large wp-image-7016\" alt=\"\" srcset=\"https:\/\/petiteceinture.org\/wp-content\/uploads\/2023\/02\/Bercy-26-octobre-1961-IGN-PS-2000-1024x410.jpg 1024w, https:\/\/petiteceinture.org\/wp-content\/uploads\/2023\/02\/Bercy-26-octobre-1961-IGN-PS-2000-300x120.jpg 300w, https:\/\/petiteceinture.org\/wp-content\/uploads\/2023\/02\/Bercy-26-octobre-1961-IGN-PS-2000-768x308.jpg 768w, https:\/\/petiteceinture.org\/wp-content\/uploads\/2023\/02\/Bercy-26-octobre-1961-IGN-PS-2000-1536x615.jpg 1536w, https:\/\/petiteceinture.org\/wp-content\/uploads\/2023\/02\/Bercy-26-octobre-1961-IGN-PS-2000.jpg 2000w\" sizes=\"(max-width: 1024px) 100vw, 1024px\" \/>\t\t\t\t\t\t\t\t<\/a>\n\t\t\t\t\t\t\t\t\t\t\t\t\t\t\t<\/div>\n\t\t\t\t<\/div>\n\t\t\t\t\t<\/div>\n\t\t<\/div>\n\t\t\t\t\t<\/div>\n\t\t<\/section>\n\t\t\t\t<section class=\"elementor-section elementor-top-section elementor-element elementor-element-06713a5 elementor-section-boxed elementor-section-height-default elementor-section-height-default\" data-id=\"06713a5\" data-element_type=\"section\" data-e-type=\"section\">\n\t\t\t\t\t\t<div class=\"elementor-container elementor-column-gap-default\">\n\t\t\t\t\t<div class=\"elementor-column elementor-col-100 elementor-top-column elementor-element elementor-element-5cc4f37\" data-id=\"5cc4f37\" data-element_type=\"column\" data-e-type=\"column\">\n\t\t\t<div class=\"elementor-widget-wrap elementor-element-populated\">\n\t\t\t\t\t\t<div class=\"elementor-element elementor-element-3fad1ec elementor-widget elementor-widget-text-editor\" data-id=\"3fad1ec\" data-element_type=\"widget\" data-e-type=\"widget\" data-widget_type=\"text-editor.default\">\n\t\t\t\t<div class=\"elementor-widget-container\">\n\t\t\t\t\t\t\t\t\t<h6>Ci-dessous, deux vues a\u00e9riennes datant du 26 octobre 1961. La photo de gauche est une des rares vues couleurs de la gare de la Rap\u00e9e-Bercy (peu de temps avant sa d\u00e9molition). Sur la photo de droite, on distingue le triage de la Rap\u00e9e-Bercy et les deux branches Nord et Sud du raccordement de Bercy.\u00a0<\/h6>\t\t\t\t\t\t\t\t<\/div>\n\t\t\t\t<\/div>\n\t\t\t\t\t<\/div>\n\t\t<\/div>\n\t\t\t\t\t<\/div>\n\t\t<\/section>\n\t\t\t\t<section class=\"elementor-section elementor-top-section elementor-element elementor-element-4cd103e elementor-section-boxed elementor-section-height-default elementor-section-height-default\" data-id=\"4cd103e\" data-element_type=\"section\" data-e-type=\"section\">\n\t\t\t\t\t\t<div class=\"elementor-container elementor-column-gap-default\">\n\t\t\t\t\t<div class=\"elementor-column elementor-col-16 elementor-top-column elementor-element elementor-element-1969210\" data-id=\"1969210\" data-element_type=\"column\" data-e-type=\"column\">\n\t\t\t<div class=\"elementor-widget-wrap\">\n\t\t\t\t\t\t\t<\/div>\n\t\t<\/div>\n\t\t\t\t<div class=\"elementor-column elementor-col-66 elementor-top-column elementor-element elementor-element-f34f070\" data-id=\"f34f070\" data-element_type=\"column\" data-e-type=\"column\">\n\t\t\t<div class=\"elementor-widget-wrap elementor-element-populated\">\n\t\t\t\t\t\t<div class=\"elementor-element elementor-element-ce62300 elementor-widget elementor-widget-image\" data-id=\"ce62300\" data-element_type=\"widget\" data-e-type=\"widget\" data-widget_type=\"image.default\">\n\t\t\t\t<div class=\"elementor-widget-container\">\n\t\t\t\t\t\t\t\t\t\t\t\t\t\t\t\t<a href=\"https:\/\/petiteceinture.org\/wp-content\/uploads\/2023\/02\/Raccordement-Bercy-Sud-26-octobre-1961-IGN-2000.jpg\" data-elementor-open-lightbox=\"yes\" data-elementor-lightbox-title=\"Raccordement-Bercy-Sud-26-octobre-1961-IGN-2000\" data-e-action-hash=\"#elementor-action%3Aaction%3Dlightbox%26settings%3DeyJpZCI6NzAxNywidXJsIjoiaHR0cHM6XC9cL3BldGl0ZWNlaW50dXJlLm9yZ1wvd3AtY29udGVudFwvdXBsb2Fkc1wvMjAyM1wvMDJcL1JhY2NvcmRlbWVudC1CZXJjeS1TdWQtMjYtb2N0b2JyZS0xOTYxLUlHTi0yMDAwLmpwZyJ9\">\n\t\t\t\t\t\t\t<img loading=\"lazy\" decoding=\"async\" width=\"1024\" height=\"721\" src=\"https:\/\/petiteceinture.org\/wp-content\/uploads\/2023\/02\/Raccordement-Bercy-Sud-26-octobre-1961-IGN-2000-1024x721.jpg\" class=\"attachment-large size-large wp-image-7017\" alt=\"\" srcset=\"https:\/\/petiteceinture.org\/wp-content\/uploads\/2023\/02\/Raccordement-Bercy-Sud-26-octobre-1961-IGN-2000-1024x721.jpg 1024w, https:\/\/petiteceinture.org\/wp-content\/uploads\/2023\/02\/Raccordement-Bercy-Sud-26-octobre-1961-IGN-2000-300x211.jpg 300w, https:\/\/petiteceinture.org\/wp-content\/uploads\/2023\/02\/Raccordement-Bercy-Sud-26-octobre-1961-IGN-2000-768x541.jpg 768w, https:\/\/petiteceinture.org\/wp-content\/uploads\/2023\/02\/Raccordement-Bercy-Sud-26-octobre-1961-IGN-2000-1536x1081.jpg 1536w, https:\/\/petiteceinture.org\/wp-content\/uploads\/2023\/02\/Raccordement-Bercy-Sud-26-octobre-1961-IGN-2000.jpg 2000w\" sizes=\"(max-width: 1024px) 100vw, 1024px\" \/>\t\t\t\t\t\t\t\t<\/a>\n\t\t\t\t\t\t\t\t\t\t\t\t\t\t\t<\/div>\n\t\t\t\t<\/div>\n\t\t\t\t<div class=\"elementor-element elementor-element-0a37a28 elementor-widget elementor-widget-text-editor\" data-id=\"0a37a28\" data-element_type=\"widget\" data-e-type=\"widget\" data-widget_type=\"text-editor.default\">\n\t\t\t\t<div class=\"elementor-widget-container\">\n\t\t\t\t\t\t\t\t\t<h6>La branche Sud du raccordement de Bercy, vue le 26 octobre 1961. Au premier plan, on aper\u00e7oit le b\u00e2timent de service de la gare et, \u00e0 sa gauche, un petit ch\u00e2teau d&rsquo;eau aujourd&rsquo;hui disparu. Au 2nd plan, le triage de la Rap\u00e9e-Bercy. Au-del\u00e0 du boulevard Poniatowski, l&rsquo;entrep\u00f4t Danzas, \u00e0 l&rsquo;\u00e9poque desservi par le rail.<\/h6>\t\t\t\t\t\t\t\t<\/div>\n\t\t\t\t<\/div>\n\t\t\t\t\t<\/div>\n\t\t<\/div>\n\t\t\t\t<div class=\"elementor-column elementor-col-16 elementor-top-column elementor-element elementor-element-1885e95\" data-id=\"1885e95\" data-element_type=\"column\" data-e-type=\"column\">\n\t\t\t<div class=\"elementor-widget-wrap\">\n\t\t\t\t\t\t\t<\/div>\n\t\t<\/div>\n\t\t\t\t\t<\/div>\n\t\t<\/section>\n\t\t\t\t<section class=\"elementor-section elementor-top-section elementor-element elementor-element-f74c2ab elementor-section-boxed elementor-section-height-default elementor-section-height-default\" data-id=\"f74c2ab\" data-element_type=\"section\" data-e-type=\"section\">\n\t\t\t\t\t\t<div class=\"elementor-container elementor-column-gap-default\">\n\t\t\t\t\t<div class=\"elementor-column elementor-col-100 elementor-top-column elementor-element elementor-element-01c4c11\" data-id=\"01c4c11\" data-element_type=\"column\" data-e-type=\"column\">\n\t\t\t<div class=\"elementor-widget-wrap elementor-element-populated\">\n\t\t\t\t\t\t<div class=\"elementor-element elementor-element-a1ee29f elementor-widget elementor-widget-oew-image-gallery\" data-id=\"a1ee29f\" data-element_type=\"widget\" data-e-type=\"widget\" data-widget_type=\"oew-image-gallery.default\">\n\t\t\t\t<div class=\"elementor-widget-container\">\n\t\t\t\t\t\n\t\t<div class=\"oew-image-gallery oew-has-lightbox\">\n\t\t\t\n\t\t\t\t<div class=\"oew-gallery-item\">\n\t\t\t\t\t<a class=\"oew-gallery-item-inner no-lightbox\" href=\"https:\/\/petiteceinture.org\/wp-content\/uploads\/2023\/02\/YB-Bercy-Ceinture-C-1400.jpg\" data-width=\"1400\" data-height=\"817\" data-elementor-open-lightbox=\"no\">\n\t\t\t\t\t\t<div class=\"oew-gallery-thumbnail\">\n\t\t\t\t\t\t\t<img decoding=\"async\" src=\"https:\/\/petiteceinture.org\/wp-content\/uploads\/2023\/02\/YB-Bercy-Ceinture-C-1400-1024x598.jpg\" alt=\"Gare Rap\u00e9e-Bercy Petite Ceinture\">\n\t\t\t\t\t\t<\/div>\n\n\t\t\t\t\t\t\t\t\t\t\t\t\t<div class=\"oew-gallery-overlay oew-gallery-transition-fade\">\n\t\t\t\t\t\t\t\t\t\t\t\t\t\t\t\t\t<div class=\"oew-gallery-item-icon\">\n\t\t\t\t\t\t\t\t\t\t<i aria-hidden=\"true\" class=\"fas fa-search\"><\/i>\t\t\t\t\t\t\t\t\t<\/div>\n\t\t\t\t\t\t\t\t\t\t\t\t\t\t\t\t\t\t<div class=\"oew-gallery-item-caption\">\n\t\t\t\t\t\t\t\t\t\tYves Broncard\t\t\t\t\t\t\t\t\t<\/div>\n\t\t\t\t\t\t\t\t\t\t\t\t\t\t\t\t<\/div>\n\t\t\t\t\t\t\t\t\t\t\t\t<\/a>\n\t\t\t\t<\/div>\n\n\t\t\t\t\n\t\t\t\t<div class=\"oew-gallery-item\">\n\t\t\t\t\t<a class=\"oew-gallery-item-inner no-lightbox\" href=\"https:\/\/petiteceinture.org\/wp-content\/uploads\/2023\/04\/Bercy-raccordement-Nord-050-TQ-11-Yves-Broncard.jpg\" data-width=\"1400\" data-height=\"1050\" data-elementor-open-lightbox=\"no\">\n\t\t\t\t\t\t<div class=\"oew-gallery-thumbnail\">\n\t\t\t\t\t\t\t<img decoding=\"async\" src=\"https:\/\/petiteceinture.org\/wp-content\/uploads\/2023\/04\/Bercy-raccordement-Nord-050-TQ-11-Yves-Broncard-1024x768.jpg\" alt=\"Gare Rap\u00e9e-Bercy Petite Ceinture\">\n\t\t\t\t\t\t<\/div>\n\n\t\t\t\t\t\t\t\t\t\t\t\t\t<div class=\"oew-gallery-overlay oew-gallery-transition-fade\">\n\t\t\t\t\t\t\t\t\t\t\t\t\t\t\t\t\t<div class=\"oew-gallery-item-icon\">\n\t\t\t\t\t\t\t\t\t\t<i aria-hidden=\"true\" class=\"fas fa-search\"><\/i>\t\t\t\t\t\t\t\t\t<\/div>\n\t\t\t\t\t\t\t\t\t\t\t\t\t\t\t\t\t\t<div class=\"oew-gallery-item-caption\">\n\t\t\t\t\t\t\t\t\t\t\t\t\t\t\t\t\t\t\t<\/div>\n\t\t\t\t\t\t\t\t\t\t\t\t\t\t\t\t<\/div>\n\t\t\t\t\t\t\t\t\t\t\t\t<\/a>\n\t\t\t\t<\/div>\n\n\t\t\t\t\t\t<\/div>\n\n\t\t\t\t\t\t<\/div>\n\t\t\t\t<\/div>\n\t\t\t\t\t<\/div>\n\t\t<\/div>\n\t\t\t\t\t<\/div>\n\t\t<\/section>\n\t\t\t\t<section class=\"elementor-section elementor-top-section elementor-element elementor-element-fcebadc elementor-section-boxed elementor-section-height-default elementor-section-height-default\" data-id=\"fcebadc\" data-element_type=\"section\" data-e-type=\"section\">\n\t\t\t\t\t\t<div class=\"elementor-container elementor-column-gap-default\">\n\t\t\t\t\t<div class=\"elementor-column elementor-col-100 elementor-top-column elementor-element elementor-element-8798b45\" data-id=\"8798b45\" data-element_type=\"column\" data-e-type=\"column\">\n\t\t\t<div class=\"elementor-widget-wrap elementor-element-populated\">\n\t\t\t\t\t\t<div class=\"elementor-element elementor-element-be0e08d elementor-widget elementor-widget-text-editor\" data-id=\"be0e08d\" data-element_type=\"widget\" data-e-type=\"widget\" data-widget_type=\"text-editor.default\">\n\t\t\t\t<div class=\"elementor-widget-container\">\n\t\t\t\t\t\t\t\t\t<h6>Deux vues de la branche Nord du raccordement de Bercy, au niveau du Pont de Lyon, au d\u00e9but des ann\u00e9es 1950. La 1e a \u00e9t\u00e9 captur\u00e9e depuis le bvd Poniatowski ; la 2e depuis la jonction des 2 branches du raccordement.<\/h6>\t\t\t\t\t\t\t\t<\/div>\n\t\t\t\t<\/div>\n\t\t\t\t\t<\/div>\n\t\t<\/div>\n\t\t\t\t\t<\/div>\n\t\t<\/section>\n\t\t\t\t<section class=\"elementor-section elementor-top-section elementor-element elementor-element-e538a8a elementor-section-boxed elementor-section-height-default elementor-section-height-default\" data-id=\"e538a8a\" data-element_type=\"section\" data-e-type=\"section\">\n\t\t\t\t\t\t<div class=\"elementor-container elementor-column-gap-default\">\n\t\t\t\t\t<div class=\"elementor-column elementor-col-100 elementor-top-column elementor-element elementor-element-320a256\" data-id=\"320a256\" data-element_type=\"column\" data-e-type=\"column\">\n\t\t\t<div class=\"elementor-widget-wrap elementor-element-populated\">\n\t\t\t\t\t\t<div class=\"elementor-element elementor-element-03c2bd3 elementor-widget elementor-widget-heading\" data-id=\"03c2bd3\" data-element_type=\"widget\" data-e-type=\"widget\" data-widget_type=\"heading.default\">\n\t\t\t\t<div class=\"elementor-widget-container\">\n\t\t\t\t\t<h2 class=\"elementor-heading-title elementor-size-default\">Les postes d'aiguillage de La Rap\u00e9e-Bercy<\/h2>\t\t\t\t<\/div>\n\t\t\t\t<\/div>\n\t\t\t\t\t<\/div>\n\t\t<\/div>\n\t\t\t\t\t<\/div>\n\t\t<\/section>\n\t\t\t\t<section class=\"elementor-section elementor-top-section elementor-element elementor-element-039d22a elementor-section-boxed elementor-section-height-default elementor-section-height-default\" data-id=\"039d22a\" data-element_type=\"section\" data-e-type=\"section\">\n\t\t\t\t\t\t<div class=\"elementor-container elementor-column-gap-default\">\n\t\t\t\t\t<div class=\"elementor-column elementor-col-100 elementor-top-column elementor-element elementor-element-62d713d\" data-id=\"62d713d\" data-element_type=\"column\" data-e-type=\"column\">\n\t\t\t<div class=\"elementor-widget-wrap elementor-element-populated\">\n\t\t\t\t\t\t<div class=\"elementor-element elementor-element-72b1d8b elementor-widget elementor-widget-text-editor\" data-id=\"72b1d8b\" data-element_type=\"widget\" data-e-type=\"widget\" data-widget_type=\"text-editor.default\">\n\t\t\t\t<div class=\"elementor-widget-container\">\n\t\t\t\t\t\t\t\t\t<p>Au vu du nombre impressionnant de convois transitant par la Petite Ceinture et les deux branches du raccordement de Bercy (marchandises, voyageurs, trains de jonction&#8230;), deux postes d&rsquo;aiguillage contr\u00f4lent l&rsquo;acc\u00e8s aux voies \u00e0 la hauteur de la gare de La Rap\u00e9e-Bercy (voir plus haut les points <strong><span style=\"color: #ff6600;\">A<\/span> <\/strong>et <span style=\"color: #ff6600;\"><strong>B<\/strong><\/span> sur la photo a\u00e9rienne annot\u00e9e) :\u00a0<\/p><ol><li>Le poste du Pont de Lyon (1904) : situ\u00e9 au droit des voies du raccordement Nord et de la Petite Ceinture ;<\/li><li>Le poste du Pont National (1906) : situ\u00e9 \u00e0 la jonction du raccordement Sud et de la Petite Ceinture.<\/li><\/ol><p>H\u00e9las tr\u00e8s peu \u00e9voqu\u00e9, le sujet des postes d&rsquo;aiguillage de la Petite Ceinture a fait l&rsquo;objet d&rsquo;un excellent article de Daniel Wurmser, publi\u00e9 dans la revue Voies Ferr\u00e9es (n\u00b094, mars-avril 1996).<\/p>\t\t\t\t\t\t\t\t<\/div>\n\t\t\t\t<\/div>\n\t\t\t\t\t<\/div>\n\t\t<\/div>\n\t\t\t\t\t<\/div>\n\t\t<\/section>\n\t\t\t\t<section class=\"elementor-section elementor-top-section elementor-element elementor-element-9c70103 elementor-section-boxed elementor-section-height-default elementor-section-height-default\" data-id=\"9c70103\" data-element_type=\"section\" data-e-type=\"section\">\n\t\t\t\t\t\t<div class=\"elementor-container elementor-column-gap-default\">\n\t\t\t\t\t<div class=\"elementor-column elementor-col-100 elementor-top-column elementor-element elementor-element-2fceb33\" data-id=\"2fceb33\" data-element_type=\"column\" data-e-type=\"column\">\n\t\t\t<div class=\"elementor-widget-wrap elementor-element-populated\">\n\t\t\t\t\t\t<div class=\"elementor-element elementor-element-d75595c elementor-widget elementor-widget-image\" data-id=\"d75595c\" data-element_type=\"widget\" data-e-type=\"widget\" data-widget_type=\"image.default\">\n\t\t\t\t<div class=\"elementor-widget-container\">\n\t\t\t\t\t\t\t\t\t\t\t\t<figure class=\"wp-caption\">\n\t\t\t\t\t\t\t\t\t\t\t<a href=\"https:\/\/petiteceinture.org\/wp-content\/uploads\/2023\/05\/Petite-Ceinture-Tableau-Bercy-Rapee.jpeg\" data-elementor-open-lightbox=\"yes\" data-elementor-lightbox-title=\"Petite Ceinture Tableau Bercy-Rape\u0301e\" data-e-action-hash=\"#elementor-action%3Aaction%3Dlightbox%26settings%3DeyJpZCI6NzQwMCwidXJsIjoiaHR0cHM6XC9cL3BldGl0ZWNlaW50dXJlLm9yZ1wvd3AtY29udGVudFwvdXBsb2Fkc1wvMjAyM1wvMDVcL1BldGl0ZS1DZWludHVyZS1UYWJsZWF1LUJlcmN5LVJhcGVlLmpwZWcifQ%3D%3D\">\n\t\t\t\t\t\t\t<img loading=\"lazy\" decoding=\"async\" width=\"1024\" height=\"236\" src=\"https:\/\/petiteceinture.org\/wp-content\/uploads\/2023\/05\/Petite-Ceinture-Tableau-Bercy-Rapee-1024x236.jpeg\" class=\"attachment-large size-large wp-image-7400\" alt=\"\" srcset=\"https:\/\/petiteceinture.org\/wp-content\/uploads\/2023\/05\/Petite-Ceinture-Tableau-Bercy-Rapee-1024x236.jpeg 1024w, https:\/\/petiteceinture.org\/wp-content\/uploads\/2023\/05\/Petite-Ceinture-Tableau-Bercy-Rapee-300x69.jpeg 300w, https:\/\/petiteceinture.org\/wp-content\/uploads\/2023\/05\/Petite-Ceinture-Tableau-Bercy-Rapee-768x177.jpeg 768w, https:\/\/petiteceinture.org\/wp-content\/uploads\/2023\/05\/Petite-Ceinture-Tableau-Bercy-Rapee.jpeg 1400w\" sizes=\"(max-width: 1024px) 100vw, 1024px\" \/>\t\t\t\t\t\t\t\t<\/a>\n\t\t\t\t\t\t\t\t\t\t\t<figcaption class=\"widget-image-caption wp-caption-text\">Le tableau du poste d'aiguillage du Pont National, qui contr\u00f4lait les aiguilles des branches Nord et Sud du raccordement de Bercy. \u00a9 L. Gaston, tous droits r\u00e9serv\u00e9s<\/figcaption>\n\t\t\t\t\t\t\t\t\t\t<\/figure>\n\t\t\t\t\t\t\t\t\t<\/div>\n\t\t\t\t<\/div>\n\t\t\t\t\t<\/div>\n\t\t<\/div>\n\t\t\t\t\t<\/div>\n\t\t<\/section>\n\t\t\t\t<section class=\"elementor-section elementor-top-section elementor-element elementor-element-814d414 elementor-section-boxed elementor-section-height-default elementor-section-height-default\" data-id=\"814d414\" data-element_type=\"section\" data-e-type=\"section\">\n\t\t\t\t\t\t<div class=\"elementor-container elementor-column-gap-default\">\n\t\t\t\t\t<div class=\"elementor-column elementor-col-100 elementor-top-column elementor-element elementor-element-1d8ae5a\" data-id=\"1d8ae5a\" data-element_type=\"column\" data-e-type=\"column\">\n\t\t\t<div class=\"elementor-widget-wrap elementor-element-populated\">\n\t\t\t\t\t\t<div class=\"elementor-element elementor-element-cf54d4f elementor-widget elementor-widget-text-editor\" data-id=\"cf54d4f\" data-element_type=\"widget\" data-e-type=\"widget\" data-widget_type=\"text-editor.default\">\n\t\t\t\t<div class=\"elementor-widget-container\">\n\t\t\t\t\t\t\t\t\t<h3>Le poste de Lyon<\/h3><p>Au sujet du poste de Lyon, ce dernier \u00e9crit que ce dernier \u00ab\u00a0tranchait \u00e0 la fois par son aspect ext\u00e9rieur et par son \u00e9quipement int\u00e9rieur. De type am\u00e9ricain <a href=\"https:\/\/gallica.bnf.fr\/ark:\/12148\/bpt6k64702958\/f184\"><strong>Hall-Taylor<\/strong><\/a>, il a \u00e9t\u00e9 l&rsquo;un des rares postes de ce type utilis\u00e9 en France. Livr\u00e9 <strong>fin 1904<\/strong> par la <strong>Compagnie de Signaux \u00e9lectriques pour le Chemin de<\/strong> fer (\u00e0 l&rsquo;\u00e9poque C.S.E.) pour la mise en service du <strong>raccordement nord <\/strong>en direction de Bercy-PLM (Bercy-Ceinture, NDLR), il comprenait <strong>50 petits leviers \u00e0 course horizontale<\/strong> pour la commande \u00e9lectrique des aiguilles et des signaux. Il englobait les derniers perfectionnements de l&rsquo;\u00e9poque, dont l&rsquo;immobilisation des aiguilles par circuit de voie en cas d&rsquo;occupation\u00a0\u00bb.<\/p>\t\t\t\t\t\t\t\t<\/div>\n\t\t\t\t<\/div>\n\t\t\t\t\t<\/div>\n\t\t<\/div>\n\t\t\t\t\t<\/div>\n\t\t<\/section>\n\t\t\t\t<section class=\"elementor-section elementor-top-section elementor-element elementor-element-8af27e7 elementor-section-boxed elementor-section-height-default elementor-section-height-default\" data-id=\"8af27e7\" data-element_type=\"section\" data-e-type=\"section\">\n\t\t\t\t\t\t<div class=\"elementor-container elementor-column-gap-default\">\n\t\t\t\t\t<div class=\"elementor-column elementor-col-100 elementor-top-column elementor-element elementor-element-7383a5e\" data-id=\"7383a5e\" data-element_type=\"column\" data-e-type=\"column\">\n\t\t\t<div class=\"elementor-widget-wrap elementor-element-populated\">\n\t\t\t\t\t\t<div class=\"elementor-element elementor-element-c455587 elementor-widget elementor-widget-oew-image-gallery\" data-id=\"c455587\" data-element_type=\"widget\" data-e-type=\"widget\" data-widget_type=\"oew-image-gallery.default\">\n\t\t\t\t<div class=\"elementor-widget-container\">\n\t\t\t\t\t\n\t\t<div class=\"oew-image-gallery oew-has-lightbox\">\n\t\t\t\n\t\t\t\t<div class=\"oew-gallery-item\">\n\t\t\t\t\t<a class=\"oew-gallery-item-inner no-lightbox\" href=\"https:\/\/petiteceinture.org\/wp-content\/uploads\/2023\/05\/La-Rapee-Bercy_locomotive_230T_Collection_Pereve-1400.jpg\" data-width=\"1400\" data-height=\"873\" data-elementor-open-lightbox=\"no\">\n\t\t\t\t\t\t<div class=\"oew-gallery-thumbnail\">\n\t\t\t\t\t\t\t<img decoding=\"async\" src=\"https:\/\/petiteceinture.org\/wp-content\/uploads\/2023\/05\/La-Rapee-Bercy_locomotive_230T_Collection_Pereve-1400-1024x639.jpg\" alt=\"La Rap\u00e9e Bercy Petite Ceinture Locomotive 230T\">\n\t\t\t\t\t\t<\/div>\n\n\t\t\t\t\t\t\t\t\t\t\t\t\t<div class=\"oew-gallery-overlay oew-gallery-transition-fade\">\n\t\t\t\t\t\t\t\t\t\t\t\t\t\t\t\t\t<div class=\"oew-gallery-item-icon\">\n\t\t\t\t\t\t\t\t\t\t<i aria-hidden=\"true\" class=\"fas fa-search\"><\/i>\t\t\t\t\t\t\t\t\t<\/div>\n\t\t\t\t\t\t\t\t\t\t\t\t\t\t\t\t\t\t<div class=\"oew-gallery-item-caption\">\n\t\t\t\t\t\t\t\t\t\t\t\t\t\t\t\t\t\t\t<\/div>\n\t\t\t\t\t\t\t\t\t\t\t\t\t\t\t\t<\/div>\n\t\t\t\t\t\t\t\t\t\t\t\t<\/a>\n\t\t\t\t<\/div>\n\n\t\t\t\t\n\t\t\t\t<div class=\"oew-gallery-item\">\n\t\t\t\t\t<a class=\"oew-gallery-item-inner no-lightbox\" href=\"https:\/\/petiteceinture.org\/wp-content\/uploads\/2023\/02\/UAICF-Petite-Ceinture-Rapee-Bercy.jpg\" data-width=\"1022\" data-height=\"692\" data-elementor-open-lightbox=\"no\">\n\t\t\t\t\t\t<div class=\"oew-gallery-thumbnail\">\n\t\t\t\t\t\t\t<img decoding=\"async\" src=\"https:\/\/petiteceinture.org\/wp-content\/uploads\/2023\/02\/UAICF-Petite-Ceinture-Rapee-Bercy.jpg\" alt=\"UAICF\">\n\t\t\t\t\t\t<\/div>\n\n\t\t\t\t\t\t\t\t\t\t\t\t\t<div class=\"oew-gallery-overlay oew-gallery-transition-fade\">\n\t\t\t\t\t\t\t\t\t\t\t\t\t\t\t\t\t<div class=\"oew-gallery-item-icon\">\n\t\t\t\t\t\t\t\t\t\t<i aria-hidden=\"true\" class=\"fas fa-search\"><\/i>\t\t\t\t\t\t\t\t\t<\/div>\n\t\t\t\t\t\t\t\t\t\t\t\t\t\t\t\t\t\t<div class=\"oew-gallery-item-caption\">\n\t\t\t\t\t\t\t\t\t\tUAICF\t\t\t\t\t\t\t\t\t<\/div>\n\t\t\t\t\t\t\t\t\t\t\t\t\t\t\t\t<\/div>\n\t\t\t\t\t\t\t\t\t\t\t\t<\/a>\n\t\t\t\t<\/div>\n\n\t\t\t\t\t\t<\/div>\n\n\t\t\t\t\t\t<\/div>\n\t\t\t\t<\/div>\n\t\t\t\t\t<\/div>\n\t\t<\/div>\n\t\t\t\t\t<\/div>\n\t\t<\/section>\n\t\t\t\t<section class=\"elementor-section elementor-top-section elementor-element elementor-element-ba7bbb4 elementor-section-boxed elementor-section-height-default elementor-section-height-default\" data-id=\"ba7bbb4\" data-element_type=\"section\" data-e-type=\"section\">\n\t\t\t\t\t\t<div class=\"elementor-container elementor-column-gap-default\">\n\t\t\t\t\t<div class=\"elementor-column elementor-col-100 elementor-top-column elementor-element elementor-element-c1a9618\" data-id=\"c1a9618\" data-element_type=\"column\" data-e-type=\"column\">\n\t\t\t<div class=\"elementor-widget-wrap elementor-element-populated\">\n\t\t\t\t\t\t<div class=\"elementor-element elementor-element-eb24fb2 elementor-widget elementor-widget-text-editor\" data-id=\"eb24fb2\" data-element_type=\"widget\" data-e-type=\"widget\" data-widget_type=\"text-editor.default\">\n\t\t\t\t<div class=\"elementor-widget-container\">\n\t\t\t\t\t\t\t\t\t<h6>Deux vues du poste du pont de Lyon. Sur la photo 1, une locomotive 230T s&rsquo;appr\u00eate \u00e0 longer les quais de La Rap\u00e9e-Bercy. Sur la photo 2, une \u00ab\u00a0yaya\u00a0\u00bb quitte la branche Nord du raccordement de Bercy et rejoint la Petite Ceinture.<\/h6>\t\t\t\t\t\t\t\t<\/div>\n\t\t\t\t<\/div>\n\t\t\t\t\t<\/div>\n\t\t<\/div>\n\t\t\t\t\t<\/div>\n\t\t<\/section>\n\t\t\t\t<section class=\"elementor-section elementor-top-section elementor-element elementor-element-2b94771 elementor-section-boxed elementor-section-height-default elementor-section-height-default\" data-id=\"2b94771\" data-element_type=\"section\" data-e-type=\"section\">\n\t\t\t\t\t\t<div class=\"elementor-container elementor-column-gap-default\">\n\t\t\t\t\t<div class=\"elementor-column elementor-col-100 elementor-top-column elementor-element elementor-element-a290f2f\" data-id=\"a290f2f\" data-element_type=\"column\" data-e-type=\"column\">\n\t\t\t<div class=\"elementor-widget-wrap elementor-element-populated\">\n\t\t\t\t\t\t<div class=\"elementor-element elementor-element-bc063b8 elementor-widget elementor-widget-text-editor\" data-id=\"bc063b8\" data-element_type=\"widget\" data-e-type=\"widget\" data-widget_type=\"text-editor.default\">\n\t\t\t\t<div class=\"elementor-widget-container\">\n\t\t\t\t\t\t\t\t\t<p>L&rsquo;ensemble \u00e9tait pr\u00e9vu pour assurer le passage de <strong>282 trains<\/strong> et l&rsquo;ex\u00e9cution de <strong>212 man\u0153uvres par jour<\/strong>, dont des \u00e9changes de machines ; ces chiffres montrent en passant l&rsquo;importance du trafic envisag\u00e9 \u00e0 l&rsquo;\u00e9poque. Sa <strong>d\u00e9molition en 1978<\/strong> s&rsquo;est accompagn\u00e9 d&rsquo;une <strong>l\u00e9g\u00e8re simplification du plan de voies<\/strong> et du report de ses fonctions au poste du Pont National qui conserve encore quelques signaux m\u00e9caniques.<\/p>\t\t\t\t\t\t\t\t<\/div>\n\t\t\t\t<\/div>\n\t\t\t\t\t<\/div>\n\t\t<\/div>\n\t\t\t\t\t<\/div>\n\t\t<\/section>\n\t\t\t\t<section class=\"elementor-section elementor-top-section elementor-element elementor-element-05baf47 elementor-section-boxed elementor-section-height-default elementor-section-height-default\" data-id=\"05baf47\" data-element_type=\"section\" data-e-type=\"section\">\n\t\t\t\t\t\t<div class=\"elementor-container elementor-column-gap-default\">\n\t\t\t\t\t<div class=\"elementor-column elementor-col-16 elementor-top-column elementor-element elementor-element-f675679\" data-id=\"f675679\" data-element_type=\"column\" data-e-type=\"column\">\n\t\t\t<div class=\"elementor-widget-wrap\">\n\t\t\t\t\t\t\t<\/div>\n\t\t<\/div>\n\t\t\t\t<div class=\"elementor-column elementor-col-66 elementor-top-column elementor-element elementor-element-44c8e31\" data-id=\"44c8e31\" data-element_type=\"column\" data-e-type=\"column\">\n\t\t\t<div class=\"elementor-widget-wrap elementor-element-populated\">\n\t\t\t\t\t\t<div class=\"elementor-element elementor-element-d034ca9 elementor-widget elementor-widget-image\" data-id=\"d034ca9\" data-element_type=\"widget\" data-e-type=\"widget\" data-widget_type=\"image.default\">\n\t\t\t\t<div class=\"elementor-widget-container\">\n\t\t\t\t\t\t\t\t\t\t\t\t<figure class=\"wp-caption\">\n\t\t\t\t\t\t\t\t\t\t<img loading=\"lazy\" decoding=\"async\" width=\"1024\" height=\"745\" src=\"https:\/\/petiteceinture.org\/wp-content\/uploads\/2023\/05\/Rapee-Bercy-poste-aiguillage-Lyon-1024x745.jpg\" class=\"attachment-large size-large wp-image-7355\" alt=\"\" srcset=\"https:\/\/petiteceinture.org\/wp-content\/uploads\/2023\/05\/Rapee-Bercy-poste-aiguillage-Lyon-1024x745.jpg 1024w, https:\/\/petiteceinture.org\/wp-content\/uploads\/2023\/05\/Rapee-Bercy-poste-aiguillage-Lyon-300x218.jpg 300w, https:\/\/petiteceinture.org\/wp-content\/uploads\/2023\/05\/Rapee-Bercy-poste-aiguillage-Lyon-768x559.jpg 768w, https:\/\/petiteceinture.org\/wp-content\/uploads\/2023\/05\/Rapee-Bercy-poste-aiguillage-Lyon.jpg 1175w\" sizes=\"(max-width: 1024px) 100vw, 1024px\" \/>\t\t\t\t\t\t\t\t\t\t\t<figcaption class=\"widget-image-caption wp-caption-text\">L'int\u00e9rieur du poste de Lyon dans les ann\u00e9es 30. Les aiguilles et signaux sont command\u00e9s par la table Taylor-Hallsitu\u00e9e \u00e0 gauche de l'image. Collection Daniel Wurmser.<\/figcaption>\n\t\t\t\t\t\t\t\t\t\t<\/figure>\n\t\t\t\t\t\t\t\t\t<\/div>\n\t\t\t\t<\/div>\n\t\t\t\t\t<\/div>\n\t\t<\/div>\n\t\t\t\t<div class=\"elementor-column elementor-col-16 elementor-top-column elementor-element elementor-element-072758a\" data-id=\"072758a\" data-element_type=\"column\" data-e-type=\"column\">\n\t\t\t<div class=\"elementor-widget-wrap\">\n\t\t\t\t\t\t\t<\/div>\n\t\t<\/div>\n\t\t\t\t\t<\/div>\n\t\t<\/section>\n\t\t\t\t<section class=\"elementor-section elementor-top-section elementor-element elementor-element-5220b7a elementor-section-boxed elementor-section-height-default elementor-section-height-default\" data-id=\"5220b7a\" data-element_type=\"section\" data-e-type=\"section\">\n\t\t\t\t\t\t<div class=\"elementor-container elementor-column-gap-default\">\n\t\t\t\t\t<div class=\"elementor-column elementor-col-100 elementor-top-column elementor-element elementor-element-e7a46eb\" data-id=\"e7a46eb\" data-element_type=\"column\" data-e-type=\"column\">\n\t\t\t<div class=\"elementor-widget-wrap elementor-element-populated\">\n\t\t\t\t\t\t<div class=\"elementor-element elementor-element-22d14ed elementor-widget elementor-widget-text-editor\" data-id=\"22d14ed\" data-element_type=\"widget\" data-e-type=\"widget\" data-widget_type=\"text-editor.default\">\n\t\t\t\t<div class=\"elementor-widget-container\">\n\t\t\t\t\t\t\t\t\t<h3>Le poste du Pont National<\/h3><p>Le poste du Pont National, comme son nom l&rsquo;indique, contr\u00f4le les aiguilles et les signaux au droit du pont enjambant la Seine et menant vers la section Rive Gauche de la Petite Ceinture. Il contr\u00f4lait aussi les nombreuses voies de triage de la Rap\u00e9e-Bercy et du raccordement (Sud).<\/p>\t\t\t\t\t\t\t\t<\/div>\n\t\t\t\t<\/div>\n\t\t\t\t\t<\/div>\n\t\t<\/div>\n\t\t\t\t\t<\/div>\n\t\t<\/section>\n\t\t\t\t<section class=\"elementor-section elementor-top-section elementor-element elementor-element-e309f43 elementor-section-boxed elementor-section-height-default elementor-section-height-default\" data-id=\"e309f43\" data-element_type=\"section\" data-e-type=\"section\">\n\t\t\t\t\t\t<div class=\"elementor-container elementor-column-gap-default\">\n\t\t\t\t\t<div class=\"elementor-column elementor-col-16 elementor-top-column elementor-element elementor-element-232c83c\" data-id=\"232c83c\" data-element_type=\"column\" data-e-type=\"column\">\n\t\t\t<div class=\"elementor-widget-wrap\">\n\t\t\t\t\t\t\t<\/div>\n\t\t<\/div>\n\t\t\t\t<div class=\"elementor-column elementor-col-66 elementor-top-column elementor-element elementor-element-8d92304\" data-id=\"8d92304\" data-element_type=\"column\" data-e-type=\"column\">\n\t\t\t<div class=\"elementor-widget-wrap elementor-element-populated\">\n\t\t\t\t\t\t<div class=\"elementor-element elementor-element-f1410d3 elementor-widget elementor-widget-oew-image-gallery\" data-id=\"f1410d3\" data-element_type=\"widget\" data-e-type=\"widget\" data-widget_type=\"oew-image-gallery.default\">\n\t\t\t\t<div class=\"elementor-widget-container\">\n\t\t\t\t\t\n\t\t<div class=\"oew-image-gallery oew-masonry oew-has-lightbox\" data-columns=\"\" data-desktop-columns=\"2\" data-tablet-columns=\"3\" data-mobile-columns=\"1\">\n\t\t\t\n\t\t\t\t<div class=\"oew-gallery-item isotope-entry\">\n\t\t\t\t\t<a class=\"oew-gallery-item-inner no-lightbox\" href=\"https:\/\/petiteceinture.org\/wp-content\/uploads\/2023\/05\/Petite-Ceinture-tableau-trajets-Rapee-Bercy-brpn-0578-a.jpeg\" data-width=\"1200\" data-height=\"1800\" data-elementor-open-lightbox=\"no\">\n\t\t\t\t\t\t<div class=\"oew-gallery-thumbnail\">\n\t\t\t\t\t\t\t<img decoding=\"async\" src=\"https:\/\/petiteceinture.org\/wp-content\/uploads\/2023\/05\/Petite-Ceinture-tableau-trajets-Rapee-Bercy-brpn-0578-a-683x1024.jpeg\" alt=\"Gare Rap\u00e9e-Bercy Petite Ceinture\">\n\t\t\t\t\t\t<\/div>\n\n\t\t\t\t\t\t\t\t\t\t\t\t\t<div class=\"oew-gallery-overlay oew-gallery-transition-fade\">\n\t\t\t\t\t\t\t\t\t\t\t\t\t\t\t\t\t<div class=\"oew-gallery-item-icon\">\n\t\t\t\t\t\t\t\t\t\t<i aria-hidden=\"true\" class=\"fas fa-search\"><\/i>\t\t\t\t\t\t\t\t\t<\/div>\n\t\t\t\t\t\t\t\t\t\t\t\t\t\t\t\t<\/div>\n\t\t\t\t\t\t\t\t\t\t\t\t<\/a>\n\t\t\t\t<\/div>\n\n\t\t\t\t\n\t\t\t\t<div class=\"oew-gallery-item isotope-entry\">\n\t\t\t\t\t<a class=\"oew-gallery-item-inner no-lightbox\" href=\"https:\/\/petiteceinture.org\/wp-content\/uploads\/2023\/05\/Petite-Ceinture-tableau-trajets-Rapee-Bercy-brpn-0579-a.jpeg\" data-width=\"1200\" data-height=\"1800\" data-elementor-open-lightbox=\"no\">\n\t\t\t\t\t\t<div class=\"oew-gallery-thumbnail\">\n\t\t\t\t\t\t\t<img decoding=\"async\" src=\"https:\/\/petiteceinture.org\/wp-content\/uploads\/2023\/05\/Petite-Ceinture-tableau-trajets-Rapee-Bercy-brpn-0579-a-683x1024.jpeg\" alt=\"Gare Rap\u00e9e-Bercy Petite Ceinture\">\n\t\t\t\t\t\t<\/div>\n\n\t\t\t\t\t\t\t\t\t\t\t\t\t<div class=\"oew-gallery-overlay oew-gallery-transition-fade\">\n\t\t\t\t\t\t\t\t\t\t\t\t\t\t\t\t\t<div class=\"oew-gallery-item-icon\">\n\t\t\t\t\t\t\t\t\t\t<i aria-hidden=\"true\" class=\"fas fa-search\"><\/i>\t\t\t\t\t\t\t\t\t<\/div>\n\t\t\t\t\t\t\t\t\t\t\t\t\t\t\t\t<\/div>\n\t\t\t\t\t\t\t\t\t\t\t\t<\/a>\n\t\t\t\t<\/div>\n\n\t\t\t\t\t\t<\/div>\n\n\t\t\t\t\t\t<\/div>\n\t\t\t\t<\/div>\n\t\t\t\t\t<\/div>\n\t\t<\/div>\n\t\t\t\t<div class=\"elementor-column elementor-col-16 elementor-top-column elementor-element elementor-element-40ac865\" data-id=\"40ac865\" data-element_type=\"column\" data-e-type=\"column\">\n\t\t\t<div class=\"elementor-widget-wrap\">\n\t\t\t\t\t\t\t<\/div>\n\t\t<\/div>\n\t\t\t\t\t<\/div>\n\t\t<\/section>\n\t\t\t\t<section class=\"elementor-section elementor-top-section elementor-element elementor-element-f9f5d36 elementor-section-boxed elementor-section-height-default elementor-section-height-default\" data-id=\"f9f5d36\" data-element_type=\"section\" data-e-type=\"section\">\n\t\t\t\t\t\t<div class=\"elementor-container elementor-column-gap-default\">\n\t\t\t\t\t<div class=\"elementor-column elementor-col-100 elementor-top-column elementor-element elementor-element-5fbe0ad\" data-id=\"5fbe0ad\" data-element_type=\"column\" data-e-type=\"column\">\n\t\t\t<div class=\"elementor-widget-wrap elementor-element-populated\">\n\t\t\t\t\t\t<div class=\"elementor-element elementor-element-f46cc61 elementor-widget elementor-widget-text-editor\" data-id=\"f46cc61\" data-element_type=\"widget\" data-e-type=\"widget\" data-widget_type=\"text-editor.default\">\n\t\t\t\t<div class=\"elementor-widget-container\">\n\t\t\t\t\t\t\t\t\t<p>\u00c0 son sujet, D. Wurmser \u00e9crivait :\u00a0 \u00ab\u00a0Le poste du Pont National [est] un b\u00e2timent sur\u00e9lev\u00e9 en bois avec encorbellement et ch\u00e2ssis vitr\u00e9 \u00e0 petits carreaux. Construit par Saxby en 1906 (comme les postes n\u00b05 et 6 de la Chapelle de 1911, NDLR), ses 29 leviers (en 1930) commandaient \u00e0 la fois le raccordement ouest conduisant aux voies du PLM \u00e0 Bercy et la t\u00eate ouest du faisceau d&rsquo;\u00e9change. Il subsiste toujours, apr\u00e8s avoir re\u00e7u vers 1975 des grandes baies vitr\u00e9es et un rev\u00eatement qui en ont alt\u00e9r\u00e9 l&rsquo;aspect\u00a0\u00bb.<\/p>\t\t\t\t\t\t\t\t<\/div>\n\t\t\t\t<\/div>\n\t\t\t\t\t<\/div>\n\t\t<\/div>\n\t\t\t\t\t<\/div>\n\t\t<\/section>\n\t\t\t\t<section class=\"elementor-section elementor-top-section elementor-element elementor-element-347cb16 elementor-section-boxed elementor-section-height-default elementor-section-height-default\" data-id=\"347cb16\" data-element_type=\"section\" data-e-type=\"section\">\n\t\t\t\t\t\t<div class=\"elementor-container elementor-column-gap-default\">\n\t\t\t\t\t<div class=\"elementor-column elementor-col-100 elementor-top-column elementor-element elementor-element-69621e9\" data-id=\"69621e9\" data-element_type=\"column\" data-e-type=\"column\">\n\t\t\t<div class=\"elementor-widget-wrap elementor-element-populated\">\n\t\t\t\t\t\t<div class=\"elementor-element elementor-element-b8425a1 elementor-widget elementor-widget-oew-image-gallery\" data-id=\"b8425a1\" data-element_type=\"widget\" data-e-type=\"widget\" data-widget_type=\"oew-image-gallery.default\">\n\t\t\t\t<div class=\"elementor-widget-container\">\n\t\t\t\t\t\n\t\t<div class=\"oew-image-gallery oew-has-lightbox\">\n\t\t\t\n\t\t\t\t<div class=\"oew-gallery-item\">\n\t\t\t\t\t<a class=\"oew-gallery-item-inner no-lightbox\" href=\"https:\/\/petiteceinture.org\/wp-content\/uploads\/2023\/05\/IMG_20210224_211306-PS-1400.jpg\" data-width=\"907\" data-height=\"1399\" data-elementor-open-lightbox=\"no\">\n\t\t\t\t\t\t<div class=\"oew-gallery-thumbnail\">\n\t\t\t\t\t\t\t<img decoding=\"async\" src=\"https:\/\/petiteceinture.org\/wp-content\/uploads\/2023\/05\/IMG_20210224_211306-PS-1400-664x1024.jpg\" alt=\"Gare Rap\u00e9e-Bercy Petite Ceinture\">\n\t\t\t\t\t\t<\/div>\n\n\t\t\t\t\t\t\t\t\t\t\t\t\t<div class=\"oew-gallery-overlay oew-gallery-transition-fade\">\n\t\t\t\t\t\t\t\t\t\t\t\t\t\t\t\t\t<div class=\"oew-gallery-item-icon\">\n\t\t\t\t\t\t\t\t\t\t<i aria-hidden=\"true\" class=\"fas fa-search\"><\/i>\t\t\t\t\t\t\t\t\t<\/div>\n\t\t\t\t\t\t\t\t\t\t\t\t\t\t\t\t\t\t<div class=\"oew-gallery-item-caption\">\n\t\t\t\t\t\t\t\t\t\tJean-Jacques R\u00e9veillat\t\t\t\t\t\t\t\t\t<\/div>\n\t\t\t\t\t\t\t\t\t\t\t\t\t\t\t\t<\/div>\n\t\t\t\t\t\t\t\t\t\t\t\t<\/a>\n\t\t\t\t<\/div>\n\n\t\t\t\t\n\t\t\t\t<div class=\"oew-gallery-item\">\n\t\t\t\t\t<a class=\"oew-gallery-item-inner no-lightbox\" href=\"https:\/\/petiteceinture.org\/wp-content\/uploads\/2023\/05\/Petite-Ceinture-Rapee-Bercy-poste-aiguillage-Pont-National-1400.jpg\" data-width=\"1400\" data-height=\"907\" data-elementor-open-lightbox=\"no\">\n\t\t\t\t\t\t<div class=\"oew-gallery-thumbnail\">\n\t\t\t\t\t\t\t<img decoding=\"async\" src=\"https:\/\/petiteceinture.org\/wp-content\/uploads\/2023\/05\/Petite-Ceinture-Rapee-Bercy-poste-aiguillage-Pont-National-1400-1024x663.jpg\" alt=\"Gare Rap\u00e9e-Bercy Petite Ceinture\">\n\t\t\t\t\t\t<\/div>\n\n\t\t\t\t\t\t\t\t\t\t\t\t\t<div class=\"oew-gallery-overlay oew-gallery-transition-fade\">\n\t\t\t\t\t\t\t\t\t\t\t\t\t\t\t\t\t<div class=\"oew-gallery-item-icon\">\n\t\t\t\t\t\t\t\t\t\t<i aria-hidden=\"true\" class=\"fas fa-search\"><\/i>\t\t\t\t\t\t\t\t\t<\/div>\n\t\t\t\t\t\t\t\t\t\t\t\t\t\t\t\t\t\t<div class=\"oew-gallery-item-caption\">\n\t\t\t\t\t\t\t\t\t\tJean-Jacques R\u00e9veillat\t\t\t\t\t\t\t\t\t<\/div>\n\t\t\t\t\t\t\t\t\t\t\t\t\t\t\t\t<\/div>\n\t\t\t\t\t\t\t\t\t\t\t\t<\/a>\n\t\t\t\t<\/div>\n\n\t\t\t\t\n\t\t\t\t<div class=\"oew-gallery-item\">\n\t\t\t\t\t<a class=\"oew-gallery-item-inner no-lightbox\" href=\"https:\/\/petiteceinture.org\/wp-content\/uploads\/2023\/05\/Petite-Ceinture-Rapee-Bercy-poste-aiguillage-Pont-National-loco-1400.jpg\" data-width=\"1400\" data-height=\"907\" data-elementor-open-lightbox=\"no\">\n\t\t\t\t\t\t<div class=\"oew-gallery-thumbnail\">\n\t\t\t\t\t\t\t<img decoding=\"async\" src=\"https:\/\/petiteceinture.org\/wp-content\/uploads\/2023\/05\/Petite-Ceinture-Rapee-Bercy-poste-aiguillage-Pont-National-loco-1400-1024x663.jpg\" alt=\"Jean-Jacques R\u00e9veillat\">\n\t\t\t\t\t\t<\/div>\n\n\t\t\t\t\t\t\t\t\t\t\t\t\t<div class=\"oew-gallery-overlay oew-gallery-transition-fade\">\n\t\t\t\t\t\t\t\t\t\t\t\t\t\t\t\t\t<div class=\"oew-gallery-item-icon\">\n\t\t\t\t\t\t\t\t\t\t<i aria-hidden=\"true\" class=\"fas fa-search\"><\/i>\t\t\t\t\t\t\t\t\t<\/div>\n\t\t\t\t\t\t\t\t\t\t\t\t\t\t\t\t\t\t<div class=\"oew-gallery-item-caption\">\n\t\t\t\t\t\t\t\t\t\tJean-Jacques R\u00e9veillat\t\t\t\t\t\t\t\t\t<\/div>\n\t\t\t\t\t\t\t\t\t\t\t\t\t\t\t\t<\/div>\n\t\t\t\t\t\t\t\t\t\t\t\t<\/a>\n\t\t\t\t<\/div>\n\n\t\t\t\t\n\t\t\t\t<div class=\"oew-gallery-item\">\n\t\t\t\t\t<a class=\"oew-gallery-item-inner no-lightbox\" href=\"https:\/\/petiteceinture.org\/wp-content\/uploads\/2023\/05\/JP-Dia-111-27-La-Rapee-Bercy-230592-1400.jpg\" data-width=\"1400\" data-height=\"926\" data-elementor-open-lightbox=\"no\">\n\t\t\t\t\t\t<div class=\"oew-gallery-thumbnail\">\n\t\t\t\t\t\t\t<img decoding=\"async\" src=\"https:\/\/petiteceinture.org\/wp-content\/uploads\/2023\/05\/JP-Dia-111-27-La-Rapee-Bercy-230592-1400-1024x677.jpg\" alt=\"Gare Rap\u00e9e-Bercy Petite Ceinture\">\n\t\t\t\t\t\t<\/div>\n\n\t\t\t\t\t\t\t\t\t\t\t\t\t<div class=\"oew-gallery-overlay oew-gallery-transition-fade\">\n\t\t\t\t\t\t\t\t\t\t\t\t\t\t\t\t\t<div class=\"oew-gallery-item-icon\">\n\t\t\t\t\t\t\t\t\t\t<i aria-hidden=\"true\" class=\"fas fa-search\"><\/i>\t\t\t\t\t\t\t\t\t<\/div>\n\t\t\t\t\t\t\t\t\t\t\t\t\t\t\t\t\t\t<div class=\"oew-gallery-item-caption\">\n\t\t\t\t\t\t\t\t\t\tJulian Pepinster\t\t\t\t\t\t\t\t\t<\/div>\n\t\t\t\t\t\t\t\t\t\t\t\t\t\t\t\t<\/div>\n\t\t\t\t\t\t\t\t\t\t\t\t<\/a>\n\t\t\t\t<\/div>\n\n\t\t\t\t\n\t\t\t\t<div class=\"oew-gallery-item\">\n\t\t\t\t\t<a class=\"oew-gallery-item-inner no-lightbox\" href=\"https:\/\/petiteceinture.org\/wp-content\/uploads\/2023\/05\/Petite-Ceinture-Rapee-Bercy-poste-aiguillage-Pont-National-230G353-1400.jpg\" data-width=\"910\" data-height=\"1400\" data-elementor-open-lightbox=\"no\">\n\t\t\t\t\t\t<div class=\"oew-gallery-thumbnail\">\n\t\t\t\t\t\t\t<img decoding=\"async\" src=\"https:\/\/petiteceinture.org\/wp-content\/uploads\/2023\/05\/Petite-Ceinture-Rapee-Bercy-poste-aiguillage-Pont-National-230G353-1400-666x1024.jpg\" alt=\"Gare Rap\u00e9e-Bercy Petite Ceinture\">\n\t\t\t\t\t\t<\/div>\n\n\t\t\t\t\t\t\t\t\t\t\t\t\t<div class=\"oew-gallery-overlay oew-gallery-transition-fade\">\n\t\t\t\t\t\t\t\t\t\t\t\t\t\t\t\t\t<div class=\"oew-gallery-item-icon\">\n\t\t\t\t\t\t\t\t\t\t<i aria-hidden=\"true\" class=\"fas fa-search\"><\/i>\t\t\t\t\t\t\t\t\t<\/div>\n\t\t\t\t\t\t\t\t\t\t\t\t\t\t\t\t\t\t<div class=\"oew-gallery-item-caption\">\n\t\t\t\t\t\t\t\t\t\t\t\t\t\t\t\t\t\t\t<\/div>\n\t\t\t\t\t\t\t\t\t\t\t\t\t\t\t\t<\/div>\n\t\t\t\t\t\t\t\t\t\t\t\t<\/a>\n\t\t\t\t<\/div>\n\n\t\t\t\t\n\t\t\t\t<div class=\"oew-gallery-item\">\n\t\t\t\t\t<a class=\"oew-gallery-item-inner no-lightbox\" href=\"https:\/\/petiteceinture.org\/wp-content\/uploads\/2023\/05\/Petite-Ceinture-Rapee-Bercy-Chatreau-voyage-COPEF-30-09-20.jpg\" data-width=\"836\" data-height=\"557\" data-elementor-open-lightbox=\"no\">\n\t\t\t\t\t\t<div class=\"oew-gallery-thumbnail\">\n\t\t\t\t\t\t\t<img decoding=\"async\" src=\"https:\/\/petiteceinture.org\/wp-content\/uploads\/2023\/05\/Petite-Ceinture-Rapee-Bercy-Chatreau-voyage-COPEF-30-09-20.jpg\" alt=\"Gare Rap\u00e9e-Bercy Petite Ceinture\">\n\t\t\t\t\t\t<\/div>\n\n\t\t\t\t\t\t\t\t\t\t\t\t\t<div class=\"oew-gallery-overlay oew-gallery-transition-fade\">\n\t\t\t\t\t\t\t\t\t\t\t\t\t\t\t\t\t<div class=\"oew-gallery-item-icon\">\n\t\t\t\t\t\t\t\t\t\t<i aria-hidden=\"true\" class=\"fas fa-search\"><\/i>\t\t\t\t\t\t\t\t\t<\/div>\n\t\t\t\t\t\t\t\t\t\t\t\t\t\t\t\t\t\t<div class=\"oew-gallery-item-caption\">\n\t\t\t\t\t\t\t\t\t\tBernard Chatreau\t\t\t\t\t\t\t\t\t<\/div>\n\t\t\t\t\t\t\t\t\t\t\t\t\t\t\t\t<\/div>\n\t\t\t\t\t\t\t\t\t\t\t\t<\/a>\n\t\t\t\t<\/div>\n\n\t\t\t\t\t\t<\/div>\n\n\t\t\t\t\t\t<\/div>\n\t\t\t\t<\/div>\n\t\t\t\t\t<\/div>\n\t\t<\/div>\n\t\t\t\t\t<\/div>\n\t\t<\/section>\n\t\t\t\t<section class=\"elementor-section elementor-top-section elementor-element elementor-element-be1c671 elementor-section-boxed elementor-section-height-default elementor-section-height-default\" data-id=\"be1c671\" data-element_type=\"section\" data-e-type=\"section\">\n\t\t\t\t\t\t<div class=\"elementor-container elementor-column-gap-default\">\n\t\t\t\t\t<div class=\"elementor-column elementor-col-100 elementor-top-column elementor-element elementor-element-8362a8d\" data-id=\"8362a8d\" data-element_type=\"column\" data-e-type=\"column\">\n\t\t\t<div class=\"elementor-widget-wrap elementor-element-populated\">\n\t\t\t\t\t\t<div class=\"elementor-element elementor-element-f70abf2 elementor-widget elementor-widget-text-editor\" data-id=\"f70abf2\" data-element_type=\"widget\" data-e-type=\"widget\" data-widget_type=\"text-editor.default\">\n\t\t\t\t<div class=\"elementor-widget-container\">\n\t\t\t\t\t\t\t\t\t<p>Ayant subsist\u00e9 jusqu&rsquo;\u00e0 notre \u00e9poque, le poste du Pont National est largement plus pr\u00e9sent dans l&rsquo;iconographie ferroviaire que son voisin du Pont de Lyon. Malheureusement, la partie sup\u00e9rieure est totalement d\u00e9truite par un incendie en juin 2020.<\/p>\t\t\t\t\t\t\t\t<\/div>\n\t\t\t\t<\/div>\n\t\t\t\t\t<\/div>\n\t\t<\/div>\n\t\t\t\t\t<\/div>\n\t\t<\/section>\n\t\t\t\t<section class=\"elementor-section elementor-top-section elementor-element elementor-element-8aece6c elementor-section-boxed elementor-section-height-default elementor-section-height-default\" data-id=\"8aece6c\" data-element_type=\"section\" data-e-type=\"section\">\n\t\t\t\t\t\t<div class=\"elementor-container elementor-column-gap-default\">\n\t\t\t\t\t<div class=\"elementor-column elementor-col-100 elementor-top-column elementor-element elementor-element-bd4b1e5\" data-id=\"bd4b1e5\" data-element_type=\"column\" data-e-type=\"column\">\n\t\t\t<div class=\"elementor-widget-wrap elementor-element-populated\">\n\t\t\t\t\t\t<div class=\"elementor-element elementor-element-857700e elementor-widget elementor-widget-heading\" data-id=\"857700e\" data-element_type=\"widget\" data-e-type=\"widget\" data-widget_type=\"heading.default\">\n\t\t\t\t<div class=\"elementor-widget-container\">\n\t\t\t\t\t<h2 class=\"elementor-heading-title elementor-size-default\">La Rap\u00e9e et la gare frigorifique de Bercy<\/h2>\t\t\t\t<\/div>\n\t\t\t\t<\/div>\n\t\t\t\t\t<\/div>\n\t\t<\/div>\n\t\t\t\t\t<\/div>\n\t\t<\/section>\n\t\t\t\t<section class=\"elementor-section elementor-top-section elementor-element elementor-element-36a1039 elementor-section-boxed elementor-section-height-default elementor-section-height-default\" data-id=\"36a1039\" data-element_type=\"section\" data-e-type=\"section\">\n\t\t\t\t\t\t<div class=\"elementor-container elementor-column-gap-default\">\n\t\t\t\t\t<div class=\"elementor-column elementor-col-100 elementor-top-column elementor-element elementor-element-a41a21c\" data-id=\"a41a21c\" data-element_type=\"column\" data-e-type=\"column\">\n\t\t\t<div class=\"elementor-widget-wrap elementor-element-populated\">\n\t\t\t\t\t\t<div class=\"elementor-element elementor-element-ad7ba87 elementor-widget elementor-widget-text-editor\" data-id=\"ad7ba87\" data-element_type=\"widget\" data-e-type=\"widget\" data-widget_type=\"text-editor.default\">\n\t\t\t\t<div class=\"elementor-widget-container\">\n\t\t\t\t\t\t\t\t\t<p><span data-contrast=\"auto\">L\u2019histoire des gares de La Rap\u00e9e (Sup\u00e9rieure et Inf\u00e9rieure) est indissociable de celle des Entrep\u00f4ts de Bercy. Ces derniers voient le jour au XVIIIe si\u00e8cle, et sont remis en \u00e9tat en 1825.\u00a0<\/span><span data-contrast=\"auto\">En 1860, un projet vise \u00e0 relier les entrep\u00f4ts de Bercy au chemin de fer du PLM, donnant ainsi naissance \u00e0 une <a href=\"https:\/\/gallica.bnf.fr\/ark:\/12148\/bpt6k62116040\/f12\">nouvelle gare de marchandises sur 2 niveaux<\/a>, inaugur\u00e9e en 1862.<\/span><span data-ccp-props=\"{&quot;134233117&quot;:false,&quot;134233118&quot;:false,&quot;201341983&quot;:0,&quot;335551550&quot;:1,&quot;335551620&quot;:1,&quot;335559685&quot;:0,&quot;335559737&quot;:0,&quot;335559738&quot;:0,&quot;335559739&quot;:120,&quot;335559740&quot;:259}\">\u00a0<\/span><\/p>\t\t\t\t\t\t\t\t<\/div>\n\t\t\t\t<\/div>\n\t\t\t\t\t<\/div>\n\t\t<\/div>\n\t\t\t\t\t<\/div>\n\t\t<\/section>\n\t\t\t\t<section class=\"elementor-section elementor-top-section elementor-element elementor-element-1601c41 elementor-section-boxed elementor-section-height-default elementor-section-height-default\" data-id=\"1601c41\" data-element_type=\"section\" data-e-type=\"section\">\n\t\t\t\t\t\t<div class=\"elementor-container elementor-column-gap-default\">\n\t\t\t\t\t<div class=\"elementor-column elementor-col-66 elementor-top-column elementor-element elementor-element-3cb4f25\" data-id=\"3cb4f25\" data-element_type=\"column\" data-e-type=\"column\">\n\t\t\t<div class=\"elementor-widget-wrap elementor-element-populated\">\n\t\t\t\t\t\t<div class=\"elementor-element elementor-element-166f57c elementor-widget elementor-widget-text-editor\" data-id=\"166f57c\" data-element_type=\"widget\" data-e-type=\"widget\" data-widget_type=\"text-editor.default\">\n\t\t\t\t<div class=\"elementor-widget-container\">\n\t\t\t\t\t\t\t\t\t<p>Pour en savoir plus sur cette gare largement m\u00e9connue du grand public, n&rsquo;h\u00e9sitez pas \u00e0 consulter <strong><a href=\"https:\/\/petiteceinture.org\/gares-petite-ceinture\/frigorifique-bercy\/\">notre dossier<\/a><\/strong>.<\/p><p><div class=\"oceanwp-oembed-wrap clr\"><blockquote class=\"wp-embedded-content\" data-secret=\"9cJ1XPgy2y\"><a href=\"https:\/\/petiteceinture.org\/gares-petite-ceinture\/frigorifique-bercy\/\">La gare frigorifique de Bercy<\/a><\/blockquote><iframe class=\"wp-embedded-content\" sandbox=\"allow-scripts\" security=\"restricted\" style=\"position: absolute; visibility: hidden;\" title=\"\u00ab\u00a0La gare frigorifique de Bercy\u00a0\u00bb &#8212; Association Sauvegarde Petite Ceinture\" src=\"https:\/\/petiteceinture.org\/gares-petite-ceinture\/frigorifique-bercy\/embed\/#?secret=NEXIBmr6tS#?secret=9cJ1XPgy2y\" data-secret=\"9cJ1XPgy2y\" width=\"600\" height=\"338\" frameborder=\"0\" marginwidth=\"0\" marginheight=\"0\" scrolling=\"no\"><\/iframe><\/div><\/p>\t\t\t\t\t\t\t\t<\/div>\n\t\t\t\t<\/div>\n\t\t\t\t\t<\/div>\n\t\t<\/div>\n\t\t\t\t<div class=\"elementor-column elementor-col-33 elementor-top-column elementor-element elementor-element-3091f77\" data-id=\"3091f77\" data-element_type=\"column\" data-e-type=\"column\">\n\t\t\t<div class=\"elementor-widget-wrap\">\n\t\t\t\t\t\t\t<\/div>\n\t\t<\/div>\n\t\t\t\t\t<\/div>\n\t\t<\/section>\n\t\t\t\t<section class=\"elementor-section elementor-top-section elementor-element elementor-element-2c1e827 elementor-section-boxed elementor-section-height-default elementor-section-height-default\" data-id=\"2c1e827\" data-element_type=\"section\" data-e-type=\"section\">\n\t\t\t\t\t\t<div class=\"elementor-container elementor-column-gap-default\">\n\t\t\t\t\t<div class=\"elementor-column elementor-col-100 elementor-top-column elementor-element elementor-element-5285917\" data-id=\"5285917\" data-element_type=\"column\" data-e-type=\"column\">\n\t\t\t<div class=\"elementor-widget-wrap elementor-element-populated\">\n\t\t\t\t\t\t<div class=\"elementor-element elementor-element-3c6d07f elementor-widget elementor-widget-heading\" data-id=\"3c6d07f\" data-element_type=\"widget\" data-e-type=\"widget\" data-widget_type=\"heading.default\">\n\t\t\t\t<div class=\"elementor-widget-container\">\n\t\t\t\t\t<h2 class=\"elementor-heading-title elementor-size-default\">Qu\u2019est devenue la gare de La Rap\u00e9e-Bercy\u202f? <\/h2>\t\t\t\t<\/div>\n\t\t\t\t<\/div>\n\t\t\t\t\t<\/div>\n\t\t<\/div>\n\t\t\t\t\t<\/div>\n\t\t<\/section>\n\t\t\t\t<section class=\"elementor-section elementor-top-section elementor-element elementor-element-2d3c6e6 elementor-section-boxed elementor-section-height-default elementor-section-height-default\" data-id=\"2d3c6e6\" data-element_type=\"section\" data-e-type=\"section\">\n\t\t\t\t\t\t<div class=\"elementor-container elementor-column-gap-default\">\n\t\t\t\t\t<div class=\"elementor-column elementor-col-100 elementor-top-column elementor-element elementor-element-516b41f\" data-id=\"516b41f\" data-element_type=\"column\" data-e-type=\"column\">\n\t\t\t<div class=\"elementor-widget-wrap elementor-element-populated\">\n\t\t\t\t\t\t<div class=\"elementor-element elementor-element-d5cf388 elementor-widget elementor-widget-text-editor\" data-id=\"d5cf388\" data-element_type=\"widget\" data-e-type=\"widget\" data-widget_type=\"text-editor.default\">\n\t\t\t\t<div class=\"elementor-widget-container\">\n\t\t\t\t\t\t\t\t\t<p><span data-contrast=\"auto\">Le service de voyageurs de la Petite Ceinture prend fin le <a href=\"https:\/\/petiteceinture.org\/la-ligne\/histoire-petite-ceinture\/23-juillet-1934-adieu-service-voyageurs\/\">dimanche 22 juillet 1934<\/a>. Il est remplac\u00e9 par le \u00ab\u202fbus PC\u202f\u00bb, assur\u00e9 par la STCRP (l\u2019un des anc\u00eatres de la RATP).\u00a0<\/span><span data-contrast=\"auto\">Cependant, la gare de la Rap\u00e9e-Bercy continue de voir passer de nombreux <strong>trains de jonction<\/strong>, qui circulent tr\u00e8s souvent entre la gare de Lyon et la gare du Nord.\u00a0<\/span><span data-ccp-props=\"{&quot;335559739&quot;:120,&quot;469777462&quot;:[519],&quot;469777927&quot;:[0],&quot;469777928&quot;:[1]}\">\u00a0<\/span><\/p>\t\t\t\t\t\t\t\t<\/div>\n\t\t\t\t<\/div>\n\t\t\t\t\t<\/div>\n\t\t<\/div>\n\t\t\t\t\t<\/div>\n\t\t<\/section>\n\t\t\t\t<section class=\"elementor-section elementor-top-section elementor-element elementor-element-6109bf0 elementor-section-boxed elementor-section-height-default elementor-section-height-default\" data-id=\"6109bf0\" data-element_type=\"section\" data-e-type=\"section\">\n\t\t\t\t\t\t<div class=\"elementor-container elementor-column-gap-default\">\n\t\t\t\t\t<div class=\"elementor-column elementor-col-16 elementor-top-column elementor-element elementor-element-4e3cfd5\" data-id=\"4e3cfd5\" data-element_type=\"column\" data-e-type=\"column\">\n\t\t\t<div class=\"elementor-widget-wrap\">\n\t\t\t\t\t\t\t<\/div>\n\t\t<\/div>\n\t\t\t\t<div class=\"elementor-column elementor-col-66 elementor-top-column elementor-element elementor-element-2e00982\" data-id=\"2e00982\" data-element_type=\"column\" data-e-type=\"column\">\n\t\t\t<div class=\"elementor-widget-wrap elementor-element-populated\">\n\t\t\t\t\t\t<div class=\"elementor-element elementor-element-5146127 elementor-widget elementor-widget-image\" data-id=\"5146127\" data-element_type=\"widget\" data-e-type=\"widget\" data-widget_type=\"image.default\">\n\t\t\t\t<div class=\"elementor-widget-container\">\n\t\t\t\t\t\t\t\t\t\t\t\t\t\t\t<img loading=\"lazy\" decoding=\"async\" width=\"1024\" height=\"307\" src=\"https:\/\/petiteceinture.org\/wp-content\/uploads\/2024\/09\/ligne-PC-petite-ceinture-plan-de-ligne-bercy-pte-charenton.jpg\" class=\"attachment-large size-large wp-image-8713\" alt=\"\" srcset=\"https:\/\/petiteceinture.org\/wp-content\/uploads\/2024\/09\/ligne-PC-petite-ceinture-plan-de-ligne-bercy-pte-charenton.jpg 1024w, https:\/\/petiteceinture.org\/wp-content\/uploads\/2024\/09\/ligne-PC-petite-ceinture-plan-de-ligne-bercy-pte-charenton-300x90.jpg 300w, https:\/\/petiteceinture.org\/wp-content\/uploads\/2024\/09\/ligne-PC-petite-ceinture-plan-de-ligne-bercy-pte-charenton-768x230.jpg 768w\" sizes=\"(max-width: 1024px) 100vw, 1024px\" \/>\t\t\t\t\t\t\t\t\t\t\t\t\t\t\t<\/div>\n\t\t\t\t<\/div>\n\t\t\t\t\t<\/div>\n\t\t<\/div>\n\t\t\t\t<div class=\"elementor-column elementor-col-16 elementor-top-column elementor-element elementor-element-f06f561\" data-id=\"f06f561\" data-element_type=\"column\" data-e-type=\"column\">\n\t\t\t<div class=\"elementor-widget-wrap\">\n\t\t\t\t\t\t\t<\/div>\n\t\t<\/div>\n\t\t\t\t\t<\/div>\n\t\t<\/section>\n\t\t\t\t<section class=\"elementor-section elementor-top-section elementor-element elementor-element-1e558a7 elementor-section-boxed elementor-section-height-default elementor-section-height-default\" data-id=\"1e558a7\" data-element_type=\"section\" data-e-type=\"section\">\n\t\t\t\t\t\t<div class=\"elementor-container elementor-column-gap-default\">\n\t\t\t\t\t<div class=\"elementor-column elementor-col-100 elementor-top-column elementor-element elementor-element-48b7895\" data-id=\"48b7895\" data-element_type=\"column\" data-e-type=\"column\">\n\t\t\t<div class=\"elementor-widget-wrap elementor-element-populated\">\n\t\t\t\t\t\t<div class=\"elementor-element elementor-element-5c02644 elementor-widget elementor-widget-text-editor\" data-id=\"5c02644\" data-element_type=\"widget\" data-e-type=\"widget\" data-widget_type=\"text-editor.default\">\n\t\t\t\t<div class=\"elementor-widget-container\">\n\t\t\t\t\t\t\t\t\t<p><span data-contrast=\"auto\">De nombreux <strong>trains de marchandises<\/strong> passent \u00e9galement par la gare sans s&rsquo;y arr\u00eater. Le <strong>triage<\/strong> de la Rap\u00e9e-Bercy conna\u00eet une <strong>activit\u00e9 importante<\/strong> <strong>jusqu\u2019aux ann\u00e9es 1980<\/strong> et la fermeture progressive des gares de marchandises de la Petite Ceinture, dont les activit\u00e9s sont transf\u00e9r\u00e9es en banlieue.<\/span><\/p>\t\t\t\t\t\t\t\t<\/div>\n\t\t\t\t<\/div>\n\t\t\t\t\t<\/div>\n\t\t<\/div>\n\t\t\t\t\t<\/div>\n\t\t<\/section>\n\t\t\t\t<section class=\"elementor-section elementor-top-section elementor-element elementor-element-ec8b06a elementor-section-boxed elementor-section-height-default elementor-section-height-default\" data-id=\"ec8b06a\" data-element_type=\"section\" data-e-type=\"section\">\n\t\t\t\t\t\t<div class=\"elementor-container elementor-column-gap-default\">\n\t\t\t\t\t<div class=\"elementor-column elementor-col-16 elementor-top-column elementor-element elementor-element-998ac05\" data-id=\"998ac05\" data-element_type=\"column\" data-e-type=\"column\">\n\t\t\t<div class=\"elementor-widget-wrap\">\n\t\t\t\t\t\t\t<\/div>\n\t\t<\/div>\n\t\t\t\t<div class=\"elementor-column elementor-col-66 elementor-top-column elementor-element elementor-element-fdb3774\" data-id=\"fdb3774\" data-element_type=\"column\" data-e-type=\"column\">\n\t\t\t<div class=\"elementor-widget-wrap elementor-element-populated\">\n\t\t\t\t\t\t<div class=\"elementor-element elementor-element-4ad6966 elementor-widget elementor-widget-image\" data-id=\"4ad6966\" data-element_type=\"widget\" data-e-type=\"widget\" data-widget_type=\"image.default\">\n\t\t\t\t<div class=\"elementor-widget-container\">\n\t\t\t\t\t\t\t\t\t\t\t\t<figure class=\"wp-caption\">\n\t\t\t\t\t\t\t\t\t\t<img loading=\"lazy\" decoding=\"async\" width=\"1024\" height=\"679\" src=\"https:\/\/petiteceinture.org\/wp-content\/uploads\/2023\/05\/Pete-Hackney-Petite-Ceinture-Rapee-Bercy-1024x679.jpg\" class=\"attachment-large size-large wp-image-7384\" alt=\"Petite Ceinture Rap\u00e9e Bercy Pete Hackney train sp\u00e9cial\" srcset=\"https:\/\/petiteceinture.org\/wp-content\/uploads\/2023\/05\/Pete-Hackney-Petite-Ceinture-Rapee-Bercy-1024x679.jpg 1024w, https:\/\/petiteceinture.org\/wp-content\/uploads\/2023\/05\/Pete-Hackney-Petite-Ceinture-Rapee-Bercy-300x199.jpg 300w, https:\/\/petiteceinture.org\/wp-content\/uploads\/2023\/05\/Pete-Hackney-Petite-Ceinture-Rapee-Bercy-768x509.jpg 768w, https:\/\/petiteceinture.org\/wp-content\/uploads\/2023\/05\/Pete-Hackney-Petite-Ceinture-Rapee-Bercy-1536x1019.jpg 1536w, https:\/\/petiteceinture.org\/wp-content\/uploads\/2023\/05\/Pete-Hackney-Petite-Ceinture-Rapee-Bercy.jpg 1562w\" sizes=\"(max-width: 1024px) 100vw, 1024px\" \/>\t\t\t\t\t\t\t\t\t\t\t<figcaption class=\"widget-image-caption wp-caption-text\">Un train sp\u00e9cial affr\u00e9t\u00e9 par l'IFC, tract\u00e9 par la locomotive 230 G 353, fait une halte \u00e0 la gare de La Rap\u00e9e-Bercy, le 8 d\u00e9cembre 1985. La photo a \u00e9t\u00e9 captur\u00e9e depuis le poste d'aiguillage du Pont National. \u00a9 Pete Hackney<\/figcaption>\n\t\t\t\t\t\t\t\t\t\t<\/figure>\n\t\t\t\t\t\t\t\t\t<\/div>\n\t\t\t\t<\/div>\n\t\t\t\t\t<\/div>\n\t\t<\/div>\n\t\t\t\t<div class=\"elementor-column elementor-col-16 elementor-top-column elementor-element elementor-element-1ebb9f6\" data-id=\"1ebb9f6\" data-element_type=\"column\" data-e-type=\"column\">\n\t\t\t<div class=\"elementor-widget-wrap\">\n\t\t\t\t\t\t\t<\/div>\n\t\t<\/div>\n\t\t\t\t\t<\/div>\n\t\t<\/section>\n\t\t\t\t<section class=\"elementor-section elementor-top-section elementor-element elementor-element-841b235 elementor-section-boxed elementor-section-height-default elementor-section-height-default\" data-id=\"841b235\" data-element_type=\"section\" data-e-type=\"section\">\n\t\t\t\t\t\t<div class=\"elementor-container elementor-column-gap-default\">\n\t\t\t\t\t<div class=\"elementor-column elementor-col-100 elementor-top-column elementor-element elementor-element-a509ef8\" data-id=\"a509ef8\" data-element_type=\"column\" data-e-type=\"column\">\n\t\t\t<div class=\"elementor-widget-wrap elementor-element-populated\">\n\t\t\t\t\t\t<div class=\"elementor-element elementor-element-ed4fd1e elementor-widget elementor-widget-text-editor\" data-id=\"ed4fd1e\" data-element_type=\"widget\" data-e-type=\"widget\" data-widget_type=\"text-editor.default\">\n\t\t\t\t<div class=\"elementor-widget-container\">\n\t\t\t\t\t\t\t\t\t<p><span data-contrast=\"auto\">Le b\u00e2timent voyageurs, quant \u00e0 lui, est <strong>d\u00e9moli en 1971<\/strong>. \u00c0 l\u2019Ouest du Pont National, la voie de la Petite Ceinture est coup\u00e9e pour permettre l\u2019\u00e9vacuation des d\u00e9blais du chantier de la ZAC Paris Rive-Gauche en <strong>1993<\/strong>. Seuls les <strong>quais<\/strong> de la gare restent pr\u00e9sents, ainsi que le <strong>poste d\u2019aiguillage<\/strong> Saxby contr\u00f4lant l\u2019acc\u00e8s aux voies du Pont National, qui enjambe la Seine. <\/span><span data-ccp-props=\"{&quot;335559739&quot;:120,&quot;469777462&quot;:[519],&quot;469777927&quot;:[0],&quot;469777928&quot;:[1]}\">Malheureusement, ce dernier a \u00e9t\u00e9 <strong>presque totalement d\u00e9truit<\/strong> par un incendie en <strong>juin 2020.\u00a0<\/strong><\/span><\/p>\t\t\t\t\t\t\t\t<\/div>\n\t\t\t\t<\/div>\n\t\t\t\t\t<\/div>\n\t\t<\/div>\n\t\t\t\t\t<\/div>\n\t\t<\/section>\n\t\t\t\t<section class=\"elementor-section elementor-top-section elementor-element elementor-element-7333ca4 elementor-section-boxed elementor-section-height-default elementor-section-height-default\" data-id=\"7333ca4\" data-element_type=\"section\" data-e-type=\"section\">\n\t\t\t\t\t\t<div class=\"elementor-container elementor-column-gap-default\">\n\t\t\t\t\t<div class=\"elementor-column elementor-col-33 elementor-top-column elementor-element elementor-element-ccc09d7\" data-id=\"ccc09d7\" data-element_type=\"column\" data-e-type=\"column\">\n\t\t\t<div class=\"elementor-widget-wrap elementor-element-populated\">\n\t\t\t\t\t\t<div class=\"elementor-element elementor-element-0202d2b elementor-widget elementor-widget-image\" data-id=\"0202d2b\" data-element_type=\"widget\" data-e-type=\"widget\" data-widget_type=\"image.default\">\n\t\t\t\t<div class=\"elementor-widget-container\">\n\t\t\t\t\t\t\t\t\t\t\t\t\t\t\t\t<a href=\"https:\/\/petiteceinture.org\/wp-content\/uploads\/2023\/05\/Petite-Ceinture-Bercy-IMG_0812.jpg\" data-elementor-open-lightbox=\"yes\" data-elementor-lightbox-title=\"Petite-Ceinture-Bercy-IMG_0812\" data-e-action-hash=\"#elementor-action%3Aaction%3Dlightbox%26settings%3DeyJpZCI6NzQ0MywidXJsIjoiaHR0cHM6XC9cL3BldGl0ZWNlaW50dXJlLm9yZ1wvd3AtY29udGVudFwvdXBsb2Fkc1wvMjAyM1wvMDVcL1BldGl0ZS1DZWludHVyZS1CZXJjeS1JTUdfMDgxMi5qcGcifQ%3D%3D\">\n\t\t\t\t\t\t\t<img loading=\"lazy\" decoding=\"async\" width=\"1024\" height=\"768\" src=\"https:\/\/petiteceinture.org\/wp-content\/uploads\/2023\/05\/Petite-Ceinture-Bercy-IMG_0812-1024x768.jpg\" class=\"attachment-large size-large wp-image-7443\" alt=\"\" srcset=\"https:\/\/petiteceinture.org\/wp-content\/uploads\/2023\/05\/Petite-Ceinture-Bercy-IMG_0812-1024x768.jpg 1024w, https:\/\/petiteceinture.org\/wp-content\/uploads\/2023\/05\/Petite-Ceinture-Bercy-IMG_0812-300x225.jpg 300w, https:\/\/petiteceinture.org\/wp-content\/uploads\/2023\/05\/Petite-Ceinture-Bercy-IMG_0812-768x576.jpg 768w, https:\/\/petiteceinture.org\/wp-content\/uploads\/2023\/05\/Petite-Ceinture-Bercy-IMG_0812.jpg 1400w\" sizes=\"(max-width: 1024px) 100vw, 1024px\" \/>\t\t\t\t\t\t\t\t<\/a>\n\t\t\t\t\t\t\t\t\t\t\t\t\t\t\t<\/div>\n\t\t\t\t<\/div>\n\t\t\t\t\t<\/div>\n\t\t<\/div>\n\t\t\t\t<div class=\"elementor-column elementor-col-33 elementor-top-column elementor-element elementor-element-b094458\" data-id=\"b094458\" data-element_type=\"column\" data-e-type=\"column\">\n\t\t\t<div class=\"elementor-widget-wrap elementor-element-populated\">\n\t\t\t\t\t\t<div class=\"elementor-element elementor-element-6e87472 elementor-widget elementor-widget-image\" data-id=\"6e87472\" data-element_type=\"widget\" data-e-type=\"widget\" data-widget_type=\"image.default\">\n\t\t\t\t<div class=\"elementor-widget-container\">\n\t\t\t\t\t\t\t\t\t\t\t\t\t\t\t\t<a href=\"https:\/\/petiteceinture.org\/wp-content\/uploads\/2023\/05\/Petite-Ceinture-Bercy-IMG_0834.jpg\" data-elementor-open-lightbox=\"yes\" data-elementor-lightbox-title=\"Petite-Ceinture-Bercy-IMG_0834\" data-e-action-hash=\"#elementor-action%3Aaction%3Dlightbox%26settings%3DeyJpZCI6NzQzOSwidXJsIjoiaHR0cHM6XC9cL3BldGl0ZWNlaW50dXJlLm9yZ1wvd3AtY29udGVudFwvdXBsb2Fkc1wvMjAyM1wvMDVcL1BldGl0ZS1DZWludHVyZS1CZXJjeS1JTUdfMDgzNC5qcGcifQ%3D%3D\">\n\t\t\t\t\t\t\t<img loading=\"lazy\" decoding=\"async\" width=\"1024\" height=\"768\" src=\"https:\/\/petiteceinture.org\/wp-content\/uploads\/2023\/05\/Petite-Ceinture-Bercy-IMG_0834-1024x768.jpg\" class=\"attachment-large size-large wp-image-7439\" alt=\"\" srcset=\"https:\/\/petiteceinture.org\/wp-content\/uploads\/2023\/05\/Petite-Ceinture-Bercy-IMG_0834-1024x768.jpg 1024w, https:\/\/petiteceinture.org\/wp-content\/uploads\/2023\/05\/Petite-Ceinture-Bercy-IMG_0834-300x225.jpg 300w, https:\/\/petiteceinture.org\/wp-content\/uploads\/2023\/05\/Petite-Ceinture-Bercy-IMG_0834-768x576.jpg 768w, https:\/\/petiteceinture.org\/wp-content\/uploads\/2023\/05\/Petite-Ceinture-Bercy-IMG_0834.jpg 1400w\" sizes=\"(max-width: 1024px) 100vw, 1024px\" \/>\t\t\t\t\t\t\t\t<\/a>\n\t\t\t\t\t\t\t\t\t\t\t\t\t\t\t<\/div>\n\t\t\t\t<\/div>\n\t\t\t\t\t<\/div>\n\t\t<\/div>\n\t\t\t\t<div class=\"elementor-column elementor-col-33 elementor-top-column elementor-element elementor-element-0965ea0\" data-id=\"0965ea0\" data-element_type=\"column\" data-e-type=\"column\">\n\t\t\t<div class=\"elementor-widget-wrap elementor-element-populated\">\n\t\t\t\t\t\t<div class=\"elementor-element elementor-element-931c7ac elementor-widget elementor-widget-image\" data-id=\"931c7ac\" data-element_type=\"widget\" data-e-type=\"widget\" data-widget_type=\"image.default\">\n\t\t\t\t<div class=\"elementor-widget-container\">\n\t\t\t\t\t\t\t\t\t\t\t\t\t\t\t\t<a href=\"https:\/\/petiteceinture.org\/wp-content\/uploads\/2023\/05\/Petite-Ceinture-Bercy-IMG_0853.jpg\" data-elementor-open-lightbox=\"yes\" data-elementor-lightbox-title=\"Petite-Ceinture-Bercy-IMG_0853\" data-e-action-hash=\"#elementor-action%3Aaction%3Dlightbox%26settings%3DeyJpZCI6NzQzOCwidXJsIjoiaHR0cHM6XC9cL3BldGl0ZWNlaW50dXJlLm9yZ1wvd3AtY29udGVudFwvdXBsb2Fkc1wvMjAyM1wvMDVcL1BldGl0ZS1DZWludHVyZS1CZXJjeS1JTUdfMDg1My5qcGcifQ%3D%3D\">\n\t\t\t\t\t\t\t<img loading=\"lazy\" decoding=\"async\" width=\"1024\" height=\"768\" src=\"https:\/\/petiteceinture.org\/wp-content\/uploads\/2023\/05\/Petite-Ceinture-Bercy-IMG_0853-1024x768.jpg\" class=\"attachment-large size-large wp-image-7438\" alt=\"\" srcset=\"https:\/\/petiteceinture.org\/wp-content\/uploads\/2023\/05\/Petite-Ceinture-Bercy-IMG_0853-1024x768.jpg 1024w, https:\/\/petiteceinture.org\/wp-content\/uploads\/2023\/05\/Petite-Ceinture-Bercy-IMG_0853-300x225.jpg 300w, https:\/\/petiteceinture.org\/wp-content\/uploads\/2023\/05\/Petite-Ceinture-Bercy-IMG_0853-768x576.jpg 768w, https:\/\/petiteceinture.org\/wp-content\/uploads\/2023\/05\/Petite-Ceinture-Bercy-IMG_0853.jpg 1400w\" sizes=\"(max-width: 1024px) 100vw, 1024px\" \/>\t\t\t\t\t\t\t\t<\/a>\n\t\t\t\t\t\t\t\t\t\t\t\t\t\t\t<\/div>\n\t\t\t\t<\/div>\n\t\t\t\t\t<\/div>\n\t\t<\/div>\n\t\t\t\t\t<\/div>\n\t\t<\/section>\n\t\t\t\t<section class=\"elementor-section elementor-top-section elementor-element elementor-element-258df4c elementor-section-boxed elementor-section-height-default elementor-section-height-default\" data-id=\"258df4c\" data-element_type=\"section\" data-e-type=\"section\">\n\t\t\t\t\t\t<div class=\"elementor-container elementor-column-gap-default\">\n\t\t\t\t\t<div class=\"elementor-column elementor-col-33 elementor-top-column elementor-element elementor-element-6cf85cc\" data-id=\"6cf85cc\" data-element_type=\"column\" data-e-type=\"column\">\n\t\t\t<div class=\"elementor-widget-wrap elementor-element-populated\">\n\t\t\t\t\t\t<div class=\"elementor-element elementor-element-ef7e5b4 elementor-widget elementor-widget-image\" data-id=\"ef7e5b4\" data-element_type=\"widget\" data-e-type=\"widget\" data-widget_type=\"image.default\">\n\t\t\t\t<div class=\"elementor-widget-container\">\n\t\t\t\t\t\t\t\t\t\t\t\t\t\t\t\t<a href=\"https:\/\/petiteceinture.org\/wp-content\/uploads\/2023\/05\/Petite-Ceinture-Bercy-DSC00326.jpg\" data-elementor-open-lightbox=\"yes\" data-elementor-lightbox-title=\"Petite-Ceinture-Bercy-DSC00326\" data-e-action-hash=\"#elementor-action%3Aaction%3Dlightbox%26settings%3DeyJpZCI6NzQ0MCwidXJsIjoiaHR0cHM6XC9cL3BldGl0ZWNlaW50dXJlLm9yZ1wvd3AtY29udGVudFwvdXBsb2Fkc1wvMjAyM1wvMDVcL1BldGl0ZS1DZWludHVyZS1CZXJjeS1EU0MwMDMyNi5qcGcifQ%3D%3D\">\n\t\t\t\t\t\t\t<img loading=\"lazy\" decoding=\"async\" width=\"1024\" height=\"682\" src=\"https:\/\/petiteceinture.org\/wp-content\/uploads\/2023\/05\/Petite-Ceinture-Bercy-DSC00326-1024x682.jpg\" class=\"attachment-large size-large wp-image-7440\" alt=\"\" srcset=\"https:\/\/petiteceinture.org\/wp-content\/uploads\/2023\/05\/Petite-Ceinture-Bercy-DSC00326-1024x682.jpg 1024w, https:\/\/petiteceinture.org\/wp-content\/uploads\/2023\/05\/Petite-Ceinture-Bercy-DSC00326-300x200.jpg 300w, https:\/\/petiteceinture.org\/wp-content\/uploads\/2023\/05\/Petite-Ceinture-Bercy-DSC00326-768x512.jpg 768w, https:\/\/petiteceinture.org\/wp-content\/uploads\/2023\/05\/Petite-Ceinture-Bercy-DSC00326.jpg 1400w\" sizes=\"(max-width: 1024px) 100vw, 1024px\" \/>\t\t\t\t\t\t\t\t<\/a>\n\t\t\t\t\t\t\t\t\t\t\t\t\t\t\t<\/div>\n\t\t\t\t<\/div>\n\t\t\t\t\t<\/div>\n\t\t<\/div>\n\t\t\t\t<div class=\"elementor-column elementor-col-33 elementor-top-column elementor-element elementor-element-1f29693\" data-id=\"1f29693\" data-element_type=\"column\" data-e-type=\"column\">\n\t\t\t<div class=\"elementor-widget-wrap elementor-element-populated\">\n\t\t\t\t\t\t<div class=\"elementor-element elementor-element-3cb5899 elementor-widget elementor-widget-image\" data-id=\"3cb5899\" data-element_type=\"widget\" data-e-type=\"widget\" data-widget_type=\"image.default\">\n\t\t\t\t<div class=\"elementor-widget-container\">\n\t\t\t\t\t\t\t\t\t\t\t\t\t\t\t\t<a href=\"https:\/\/petiteceinture.org\/wp-content\/uploads\/2023\/05\/Petite-Ceinture-Bercy-DSC00380.jpg\" data-elementor-open-lightbox=\"yes\" data-elementor-lightbox-title=\"Petite-Ceinture-Bercy-DSC00380\" data-e-action-hash=\"#elementor-action%3Aaction%3Dlightbox%26settings%3DeyJpZCI6NzQ0MiwidXJsIjoiaHR0cHM6XC9cL3BldGl0ZWNlaW50dXJlLm9yZ1wvd3AtY29udGVudFwvdXBsb2Fkc1wvMjAyM1wvMDVcL1BldGl0ZS1DZWludHVyZS1CZXJjeS1EU0MwMDM4MC5qcGcifQ%3D%3D\">\n\t\t\t\t\t\t\t<img loading=\"lazy\" decoding=\"async\" width=\"1024\" height=\"682\" src=\"https:\/\/petiteceinture.org\/wp-content\/uploads\/2023\/05\/Petite-Ceinture-Bercy-DSC00380-1024x682.jpg\" class=\"attachment-large size-large wp-image-7442\" alt=\"\" srcset=\"https:\/\/petiteceinture.org\/wp-content\/uploads\/2023\/05\/Petite-Ceinture-Bercy-DSC00380-1024x682.jpg 1024w, https:\/\/petiteceinture.org\/wp-content\/uploads\/2023\/05\/Petite-Ceinture-Bercy-DSC00380-300x200.jpg 300w, https:\/\/petiteceinture.org\/wp-content\/uploads\/2023\/05\/Petite-Ceinture-Bercy-DSC00380-768x512.jpg 768w, https:\/\/petiteceinture.org\/wp-content\/uploads\/2023\/05\/Petite-Ceinture-Bercy-DSC00380.jpg 1400w\" sizes=\"(max-width: 1024px) 100vw, 1024px\" \/>\t\t\t\t\t\t\t\t<\/a>\n\t\t\t\t\t\t\t\t\t\t\t\t\t\t\t<\/div>\n\t\t\t\t<\/div>\n\t\t\t\t\t<\/div>\n\t\t<\/div>\n\t\t\t\t<div class=\"elementor-column elementor-col-33 elementor-top-column elementor-element elementor-element-75c274a\" data-id=\"75c274a\" data-element_type=\"column\" data-e-type=\"column\">\n\t\t\t<div class=\"elementor-widget-wrap elementor-element-populated\">\n\t\t\t\t\t\t<div class=\"elementor-element elementor-element-b01d75f elementor-widget elementor-widget-image\" data-id=\"b01d75f\" data-element_type=\"widget\" data-e-type=\"widget\" data-widget_type=\"image.default\">\n\t\t\t\t<div class=\"elementor-widget-container\">\n\t\t\t\t\t\t\t\t\t\t\t\t\t\t\t\t<a href=\"https:\/\/petiteceinture.org\/wp-content\/uploads\/2023\/05\/Petite-Ceinture-Bercy-DSC00363.jpg\" data-elementor-open-lightbox=\"yes\" data-elementor-lightbox-title=\"Petite-Ceinture-Bercy-DSC00363\" data-e-action-hash=\"#elementor-action%3Aaction%3Dlightbox%26settings%3DeyJpZCI6NzQ0MSwidXJsIjoiaHR0cHM6XC9cL3BldGl0ZWNlaW50dXJlLm9yZ1wvd3AtY29udGVudFwvdXBsb2Fkc1wvMjAyM1wvMDVcL1BldGl0ZS1DZWludHVyZS1CZXJjeS1EU0MwMDM2My5qcGcifQ%3D%3D\">\n\t\t\t\t\t\t\t<img loading=\"lazy\" decoding=\"async\" width=\"1024\" height=\"682\" src=\"https:\/\/petiteceinture.org\/wp-content\/uploads\/2023\/05\/Petite-Ceinture-Bercy-DSC00363-1024x682.jpg\" class=\"attachment-large size-large wp-image-7441\" alt=\"\" srcset=\"https:\/\/petiteceinture.org\/wp-content\/uploads\/2023\/05\/Petite-Ceinture-Bercy-DSC00363-1024x682.jpg 1024w, https:\/\/petiteceinture.org\/wp-content\/uploads\/2023\/05\/Petite-Ceinture-Bercy-DSC00363-300x200.jpg 300w, https:\/\/petiteceinture.org\/wp-content\/uploads\/2023\/05\/Petite-Ceinture-Bercy-DSC00363-768x512.jpg 768w, https:\/\/petiteceinture.org\/wp-content\/uploads\/2023\/05\/Petite-Ceinture-Bercy-DSC00363.jpg 1400w\" sizes=\"(max-width: 1024px) 100vw, 1024px\" \/>\t\t\t\t\t\t\t\t<\/a>\n\t\t\t\t\t\t\t\t\t\t\t\t\t\t\t<\/div>\n\t\t\t\t<\/div>\n\t\t\t\t\t<\/div>\n\t\t<\/div>\n\t\t\t\t\t<\/div>\n\t\t<\/section>\n\t\t\t\t<section class=\"elementor-section elementor-top-section elementor-element elementor-element-ed0dab0 elementor-section-boxed elementor-section-height-default elementor-section-height-default\" data-id=\"ed0dab0\" data-element_type=\"section\" data-e-type=\"section\">\n\t\t\t\t\t\t<div class=\"elementor-container elementor-column-gap-default\">\n\t\t\t\t\t<div class=\"elementor-column elementor-col-100 elementor-top-column elementor-element elementor-element-a2c6f30\" data-id=\"a2c6f30\" data-element_type=\"column\" data-e-type=\"column\">\n\t\t\t<div class=\"elementor-widget-wrap elementor-element-populated\">\n\t\t\t\t\t\t<div class=\"elementor-element elementor-element-5636869 elementor-widget elementor-widget-text-editor\" data-id=\"5636869\" data-element_type=\"widget\" data-e-type=\"widget\" data-widget_type=\"text-editor.default\">\n\t\t\t\t<div class=\"elementor-widget-container\">\n\t\t\t\t\t\t\t\t\t<h6><em>Ci-dessous : 6 photos de la gare de Bercy-Ceinture et de la Rap\u00e9e-Bercy captur\u00e9es en juin 2020.<\/em><\/h6>\t\t\t\t\t\t\t\t<\/div>\n\t\t\t\t<\/div>\n\t\t\t\t\t<\/div>\n\t\t<\/div>\n\t\t\t\t\t<\/div>\n\t\t<\/section>\n\t\t\t\t<section class=\"elementor-section elementor-top-section elementor-element elementor-element-6122c47 elementor-section-boxed elementor-section-height-default elementor-section-height-default\" data-id=\"6122c47\" data-element_type=\"section\" data-e-type=\"section\">\n\t\t\t\t\t\t<div class=\"elementor-container elementor-column-gap-default\">\n\t\t\t\t\t<div class=\"elementor-column elementor-col-100 elementor-top-column elementor-element elementor-element-c9d3872\" data-id=\"c9d3872\" data-element_type=\"column\" data-e-type=\"column\">\n\t\t\t<div class=\"elementor-widget-wrap elementor-element-populated\">\n\t\t\t\t\t\t<div class=\"elementor-element elementor-element-2d61dcb elementor-widget elementor-widget-text-editor\" data-id=\"2d61dcb\" data-element_type=\"widget\" data-e-type=\"widget\" data-widget_type=\"text-editor.default\">\n\t\t\t\t<div class=\"elementor-widget-container\">\n\t\t\t\t\t\t\t\t\t<p><span data-contrast=\"auto\">En 2007, la <strong>halle Gabriel Lam\u00e9<\/strong> est enti\u00e8rement reconstruite. Sous une couverture m\u00e9tallique arrondie de <strong>180m de long<\/strong>, elle accueille une voie ferr\u00e9e et des quais de d\u00e9chargement. L&rsquo;ensemble est con\u00e7u pour accueillir <strong>5 trains de 20 wagons chaque semaine<\/strong>, approvisionnant les magasins <strong>Monop<\/strong>&lsquo; et <strong>Monoprix<\/strong> depuis une base logistique situ\u00e9e \u00e0 Combs-la-Ville. Le projet pr\u00e9voyait ainsi le remplacement de <strong>10000 camions par an<\/strong> dans Paris.<\/span><\/p>\t\t\t\t\t\t\t\t<\/div>\n\t\t\t\t<\/div>\n\t\t\t\t\t<\/div>\n\t\t<\/div>\n\t\t\t\t\t<\/div>\n\t\t<\/section>\n\t\t\t\t<section class=\"elementor-section elementor-top-section elementor-element elementor-element-e8b96cb elementor-section-boxed elementor-section-height-default elementor-section-height-default\" data-id=\"e8b96cb\" data-element_type=\"section\" data-e-type=\"section\">\n\t\t\t\t\t\t<div class=\"elementor-container elementor-column-gap-default\">\n\t\t\t\t\t<div class=\"elementor-column elementor-col-100 elementor-top-column elementor-element elementor-element-cb1714f\" data-id=\"cb1714f\" data-element_type=\"column\" data-e-type=\"column\">\n\t\t\t<div class=\"elementor-widget-wrap elementor-element-populated\">\n\t\t\t\t\t\t<div class=\"elementor-element elementor-element-faa0198 elementor-widget elementor-widget-oew-image-gallery\" data-id=\"faa0198\" data-element_type=\"widget\" data-e-type=\"widget\" data-widget_type=\"oew-image-gallery.default\">\n\t\t\t\t<div class=\"elementor-widget-container\">\n\t\t\t\t\t\n\t\t<div class=\"oew-image-gallery oew-has-lightbox\">\n\t\t\t\n\t\t\t\t<div class=\"oew-gallery-item\">\n\t\t\t\t\t<a class=\"oew-gallery-item-inner no-lightbox\" href=\"https:\/\/petiteceinture.org\/wp-content\/uploads\/2023\/05\/Bercy-Halle-Gabriel-Lame-train-fret-Monoprix-APUR.jpg\" data-width=\"1200\" data-height=\"700\" data-elementor-open-lightbox=\"no\">\n\t\t\t\t\t\t<div class=\"oew-gallery-thumbnail\">\n\t\t\t\t\t\t\t<img decoding=\"async\" src=\"https:\/\/petiteceinture.org\/wp-content\/uploads\/2023\/05\/Bercy-Halle-Gabriel-Lame-train-fret-Monoprix-APUR-1024x597.jpg\" alt=\"Bercy Halle Gabriel Lame train fret Monoprix APUR\">\n\t\t\t\t\t\t<\/div>\n\n\t\t\t\t\t\t\t\t\t\t\t\t\t<div class=\"oew-gallery-overlay oew-gallery-transition-fade\">\n\t\t\t\t\t\t\t\t\t\t\t\t\t\t\t\t\t<div class=\"oew-gallery-item-icon\">\n\t\t\t\t\t\t\t\t\t\t<i aria-hidden=\"true\" class=\"fas fa-search\"><\/i>\t\t\t\t\t\t\t\t\t<\/div>\n\t\t\t\t\t\t\t\t\t\t\t\t\t\t\t\t<\/div>\n\t\t\t\t\t\t\t\t\t\t\t\t<\/a>\n\t\t\t\t<\/div>\n\n\t\t\t\t\n\t\t\t\t<div class=\"oew-gallery-item\">\n\t\t\t\t\t<a class=\"oew-gallery-item-inner no-lightbox\" href=\"https:\/\/petiteceinture.org\/wp-content\/uploads\/2023\/05\/Bercy-Halle-Gabriel-Lame-1400.jpg\" data-width=\"1499\" data-height=\"999\" data-elementor-open-lightbox=\"no\">\n\t\t\t\t\t\t<div class=\"oew-gallery-thumbnail\">\n\t\t\t\t\t\t\t<img decoding=\"async\" src=\"https:\/\/petiteceinture.org\/wp-content\/uploads\/2023\/05\/Bercy-Halle-Gabriel-Lame-1400-1024x682.jpg\" alt=\"Bercy-Halle-Gabriel-Lame-1400\">\n\t\t\t\t\t\t<\/div>\n\n\t\t\t\t\t\t\t\t\t\t\t\t\t<div class=\"oew-gallery-overlay oew-gallery-transition-fade\">\n\t\t\t\t\t\t\t\t\t\t\t\t\t\t\t\t\t<div class=\"oew-gallery-item-icon\">\n\t\t\t\t\t\t\t\t\t\t<i aria-hidden=\"true\" class=\"fas fa-search\"><\/i>\t\t\t\t\t\t\t\t\t<\/div>\n\t\t\t\t\t\t\t\t\t\t\t\t\t\t\t\t<\/div>\n\t\t\t\t\t\t\t\t\t\t\t\t<\/a>\n\t\t\t\t<\/div>\n\n\t\t\t\t\t\t<\/div>\n\n\t\t\t\t\t\t<\/div>\n\t\t\t\t<\/div>\n\t\t\t\t\t<\/div>\n\t\t<\/div>\n\t\t\t\t\t<\/div>\n\t\t<\/section>\n\t\t\t\t<section class=\"elementor-section elementor-top-section elementor-element elementor-element-bda4a1f elementor-section-boxed elementor-section-height-default elementor-section-height-default\" data-id=\"bda4a1f\" data-element_type=\"section\" data-e-type=\"section\">\n\t\t\t\t\t\t<div class=\"elementor-container elementor-column-gap-default\">\n\t\t\t\t\t<div class=\"elementor-column elementor-col-100 elementor-top-column elementor-element elementor-element-2d908ce\" data-id=\"2d908ce\" data-element_type=\"column\" data-e-type=\"column\">\n\t\t\t<div class=\"elementor-widget-wrap elementor-element-populated\">\n\t\t\t\t\t\t<div class=\"elementor-element elementor-element-eb35924 elementor-widget elementor-widget-text-editor\" data-id=\"eb35924\" data-element_type=\"widget\" data-e-type=\"widget\" data-widget_type=\"text-editor.default\">\n\t\t\t\t<div class=\"elementor-widget-container\">\n\t\t\t\t\t\t\t\t\t<p><span data-contrast=\"auto\">Une fois d\u00e9charg\u00e9es du train, les marchandises sont transf\u00e9r\u00e9es sur des camions roulant au gaz naturel. Un tr\u00e8s bon exemple de <strong>desserte multimodale et \u00e9cologique<\/strong> \u2013 malheureusement stopp\u00e9e <a href=\"https:\/\/www.supplychainmagazine.fr\/nl\/2017\/2421\/samada-abandonne-le-ferroviaire-entre-senart-et-bercy-602531.php\">le 1er janvier 2017<\/a>.<\/span><\/p>\t\t\t\t\t\t\t\t<\/div>\n\t\t\t\t<\/div>\n\t\t\t\t\t<\/div>\n\t\t<\/div>\n\t\t\t\t\t<\/div>\n\t\t<\/section>\n\t\t\t\t<section class=\"elementor-section elementor-top-section elementor-element elementor-element-044a11b elementor-section-boxed elementor-section-height-default elementor-section-height-default\" data-id=\"044a11b\" data-element_type=\"section\" data-e-type=\"section\">\n\t\t\t\t\t\t<div class=\"elementor-container elementor-column-gap-default\">\n\t\t\t\t\t<div class=\"elementor-column elementor-col-100 elementor-top-column elementor-element elementor-element-8b7b531\" data-id=\"8b7b531\" data-element_type=\"column\" data-e-type=\"column\">\n\t\t\t<div class=\"elementor-widget-wrap elementor-element-populated\">\n\t\t\t\t\t\t<div class=\"elementor-element elementor-element-642eb3b elementor-widget elementor-widget-heading\" data-id=\"642eb3b\" data-element_type=\"widget\" data-e-type=\"widget\" data-widget_type=\"heading.default\">\n\t\t\t\t<div class=\"elementor-widget-container\">\n\t\t\t\t\t<h2 class=\"elementor-heading-title elementor-size-default\">Retrait des voitures UIC et circulation d'un train sur le Pont National (2019)<\/h2>\t\t\t\t<\/div>\n\t\t\t\t<\/div>\n\t\t\t\t\t<\/div>\n\t\t<\/div>\n\t\t\t\t\t<\/div>\n\t\t<\/section>\n\t\t\t\t<section class=\"elementor-section elementor-top-section elementor-element elementor-element-f2bd7bd elementor-section-boxed elementor-section-height-default elementor-section-height-default\" data-id=\"f2bd7bd\" data-element_type=\"section\" data-e-type=\"section\">\n\t\t\t\t\t\t<div class=\"elementor-container elementor-column-gap-default\">\n\t\t\t\t\t<div class=\"elementor-column elementor-col-50 elementor-top-column elementor-element elementor-element-6a7247f\" data-id=\"6a7247f\" data-element_type=\"column\" data-e-type=\"column\">\n\t\t\t<div class=\"elementor-widget-wrap elementor-element-populated\">\n\t\t\t\t\t\t<div class=\"elementor-element elementor-element-a937fb8 elementor-widget elementor-widget-image\" data-id=\"a937fb8\" data-element_type=\"widget\" data-e-type=\"widget\" data-widget_type=\"image.default\">\n\t\t\t\t<div class=\"elementor-widget-container\">\n\t\t\t\t\t\t\t\t\t\t\t\t<figure class=\"wp-caption\">\n\t\t\t\t\t\t\t\t\t\t\t<a href=\"https:\/\/petiteceinture.org\/wp-content\/uploads\/2023\/04\/Jacky-Bidon-voitures-UIC-sans-abri.jpg\" data-elementor-open-lightbox=\"yes\" data-elementor-lightbox-title=\"Jacky Bidon voitures UIC sans abri\" data-e-action-hash=\"#elementor-action%3Aaction%3Dlightbox%26settings%3DeyJpZCI6NzE3MiwidXJsIjoiaHR0cHM6XC9cL3BldGl0ZWNlaW50dXJlLm9yZ1wvd3AtY29udGVudFwvdXBsb2Fkc1wvMjAyM1wvMDRcL0phY2t5LUJpZG9uLXZvaXR1cmVzLVVJQy1zYW5zLWFicmkuanBnIn0%3D\">\n\t\t\t\t\t\t\t<img loading=\"lazy\" decoding=\"async\" width=\"589\" height=\"768\" src=\"https:\/\/petiteceinture.org\/wp-content\/uploads\/2023\/04\/Jacky-Bidon-voitures-UIC-sans-abri.jpg\" class=\"attachment-large size-large wp-image-7172\" alt=\"\" srcset=\"https:\/\/petiteceinture.org\/wp-content\/uploads\/2023\/04\/Jacky-Bidon-voitures-UIC-sans-abri.jpg 589w, https:\/\/petiteceinture.org\/wp-content\/uploads\/2023\/04\/Jacky-Bidon-voitures-UIC-sans-abri-230x300.jpg 230w\" sizes=\"(max-width: 589px) 100vw, 589px\" \/>\t\t\t\t\t\t\t\t<\/a>\n\t\t\t\t\t\t\t\t\t\t\t<figcaption class=\"widget-image-caption wp-caption-text\">Cr\u00e9dit photo : Jacky Bidon<\/figcaption>\n\t\t\t\t\t\t\t\t\t\t<\/figure>\n\t\t\t\t\t\t\t\t\t<\/div>\n\t\t\t\t<\/div>\n\t\t\t\t\t<\/div>\n\t\t<\/div>\n\t\t\t\t<div class=\"elementor-column elementor-col-50 elementor-top-column elementor-element elementor-element-9a40ed8\" data-id=\"9a40ed8\" data-element_type=\"column\" data-e-type=\"column\">\n\t\t\t<div class=\"elementor-widget-wrap elementor-element-populated\">\n\t\t\t\t\t\t<div class=\"elementor-element elementor-element-733bd94 elementor-widget elementor-widget-text-editor\" data-id=\"733bd94\" data-element_type=\"widget\" data-e-type=\"widget\" data-widget_type=\"text-editor.default\">\n\t\t\t\t<div class=\"elementor-widget-container\">\n\t\t\t\t\t\t\t\t\t<p>En 2019, la <strong>CMR<\/strong> (Cellule des Mat\u00e9riels Radi\u00e9s) organise une <strong>circulation exceptionnelle<\/strong> sur la Petite Ceinture \u00e0 la hauteur de la gare de <strong>La Rap\u00e9e-Bercy<\/strong> et sur le <strong><a href=\"https:\/\/www.google.com\/search?q=site%3Apetiteceinture.org+pont%20national\">Pont National<\/a><\/strong>. Le but : <strong>retirer les 7 voitures<\/strong> (6 UIC et une Corail) install\u00e9es depuis 2019, ayant servi \u00e0 accueillir des <strong>personnes sans-abri<\/strong>. Une op\u00e9ration men\u00e9e dans le cadre du protocole foncier sign\u00e9 entre SNCF Immobilier et la Ville de Paris dans le cadre des travaux de la <strong>ZAC de Bercy-Charenton<\/strong> (voir ci-apr\u00e8s).<\/p><p>Le retrait des voitures a \u00e9t\u00e9 men\u00e9 dans la nuit du 23 au 24 avril 2019, \u00e0 l&rsquo;aide des locomotivse <strong>BB 64066<\/strong> et<strong> BB 67416<\/strong>. Arriv\u00e9 par la branche Sud du <strong>raccordement de Bercy<\/strong>, le convoi a rejoint la Petite Ceinture et le <a href=\"https:\/\/petiteceinture.org\/parcours-petite-ceinture\/pont-national-petite-ceinture-union-rives-seine\/\">Pont National<\/a>. Les voitures Corail ont ensuite \u00e9t\u00e9 achemin\u00e9es au Mans en vue de leur d\u00e9construction par la BB 67416. Cette s\u00e9rie de photos, captur\u00e9es par <a href=\"https:\/\/www.flickr.com\/photos\/noahq\/\"><strong>Noah Quach<\/strong><\/a>, nous replonge dans l&rsquo;ambiance nocturne \u00f4 combien singuli\u00e8re de cette circulation exceptionnelle.\u00a0<\/p>\t\t\t\t\t\t\t\t<\/div>\n\t\t\t\t<\/div>\n\t\t\t\t\t<\/div>\n\t\t<\/div>\n\t\t\t\t\t<\/div>\n\t\t<\/section>\n\t\t\t\t<section class=\"elementor-section elementor-top-section elementor-element elementor-element-567df96 elementor-section-boxed elementor-section-height-default elementor-section-height-default\" data-id=\"567df96\" data-element_type=\"section\" data-e-type=\"section\">\n\t\t\t\t\t\t<div class=\"elementor-container elementor-column-gap-default\">\n\t\t\t\t\t<div class=\"elementor-column elementor-col-50 elementor-top-column elementor-element elementor-element-c1ad831\" data-id=\"c1ad831\" data-element_type=\"column\" data-e-type=\"column\">\n\t\t\t<div class=\"elementor-widget-wrap elementor-element-populated\">\n\t\t\t\t\t\t<div class=\"elementor-element elementor-element-6f26360 elementor-widget elementor-widget-image\" data-id=\"6f26360\" data-element_type=\"widget\" data-e-type=\"widget\" data-widget_type=\"image.default\">\n\t\t\t\t<div class=\"elementor-widget-container\">\n\t\t\t\t\t\t\t\t\t\t\t\t\t\t\t\t<a href=\"https:\/\/petiteceinture.org\/wp-content\/uploads\/2023\/04\/Noah-Quach-Rapee-Bercy-Ceinture-UIC-0756-1.jpg\" data-elementor-open-lightbox=\"yes\" data-elementor-lightbox-title=\"Noah-Quach-Rapee-Bercy-Ceinture-UIC-0756 1\" data-e-action-hash=\"#elementor-action%3Aaction%3Dlightbox%26settings%3DeyJpZCI6NzE3NiwidXJsIjoiaHR0cHM6XC9cL3BldGl0ZWNlaW50dXJlLm9yZ1wvd3AtY29udGVudFwvdXBsb2Fkc1wvMjAyM1wvMDRcL05vYWgtUXVhY2gtUmFwZWUtQmVyY3ktQ2VpbnR1cmUtVUlDLTA3NTYtMS5qcGcifQ%3D%3D\">\n\t\t\t\t\t\t\t<img loading=\"lazy\" decoding=\"async\" width=\"1024\" height=\"682\" src=\"https:\/\/petiteceinture.org\/wp-content\/uploads\/2023\/04\/Noah-Quach-Rapee-Bercy-Ceinture-UIC-0756-1-1024x682.jpg\" class=\"attachment-large size-large wp-image-7176\" alt=\"Gare Rap\u00e9e-Bercy Petite Ceinture CMR 2019\" srcset=\"https:\/\/petiteceinture.org\/wp-content\/uploads\/2023\/04\/Noah-Quach-Rapee-Bercy-Ceinture-UIC-0756-1-1024x682.jpg 1024w, https:\/\/petiteceinture.org\/wp-content\/uploads\/2023\/04\/Noah-Quach-Rapee-Bercy-Ceinture-UIC-0756-1-300x200.jpg 300w, https:\/\/petiteceinture.org\/wp-content\/uploads\/2023\/04\/Noah-Quach-Rapee-Bercy-Ceinture-UIC-0756-1-768x512.jpg 768w, https:\/\/petiteceinture.org\/wp-content\/uploads\/2023\/04\/Noah-Quach-Rapee-Bercy-Ceinture-UIC-0756-1.jpg 1400w\" sizes=\"(max-width: 1024px) 100vw, 1024px\" \/>\t\t\t\t\t\t\t\t<\/a>\n\t\t\t\t\t\t\t\t\t\t\t\t\t\t\t<\/div>\n\t\t\t\t<\/div>\n\t\t\t\t\t<\/div>\n\t\t<\/div>\n\t\t\t\t<div class=\"elementor-column elementor-col-50 elementor-top-column elementor-element elementor-element-ec0053c\" data-id=\"ec0053c\" data-element_type=\"column\" data-e-type=\"column\">\n\t\t\t<div class=\"elementor-widget-wrap elementor-element-populated\">\n\t\t\t\t\t\t<div class=\"elementor-element elementor-element-ed03105 elementor-widget elementor-widget-image\" data-id=\"ed03105\" data-element_type=\"widget\" data-e-type=\"widget\" data-widget_type=\"image.default\">\n\t\t\t\t<div class=\"elementor-widget-container\">\n\t\t\t\t\t\t\t\t\t\t\t\t\t\t\t\t<a href=\"https:\/\/petiteceinture.org\/wp-content\/uploads\/2023\/04\/Noah-Quach-Rapee-Bercy-Ceinture-UIC-0762-1.jpg\" data-elementor-open-lightbox=\"yes\" data-elementor-lightbox-title=\"Noah-Quach-Rapee-Bercy-Ceinture-UIC-0762 1\" data-e-action-hash=\"#elementor-action%3Aaction%3Dlightbox%26settings%3DeyJpZCI6NzE3NywidXJsIjoiaHR0cHM6XC9cL3BldGl0ZWNlaW50dXJlLm9yZ1wvd3AtY29udGVudFwvdXBsb2Fkc1wvMjAyM1wvMDRcL05vYWgtUXVhY2gtUmFwZWUtQmVyY3ktQ2VpbnR1cmUtVUlDLTA3NjItMS5qcGcifQ%3D%3D\">\n\t\t\t\t\t\t\t<img loading=\"lazy\" decoding=\"async\" width=\"1024\" height=\"682\" src=\"https:\/\/petiteceinture.org\/wp-content\/uploads\/2023\/04\/Noah-Quach-Rapee-Bercy-Ceinture-UIC-0762-1-1024x682.jpg\" class=\"attachment-large size-large wp-image-7177\" alt=\"Gare Rap\u00e9e-Bercy Petite Ceinture CMR 2019\" srcset=\"https:\/\/petiteceinture.org\/wp-content\/uploads\/2023\/04\/Noah-Quach-Rapee-Bercy-Ceinture-UIC-0762-1-1024x682.jpg 1024w, https:\/\/petiteceinture.org\/wp-content\/uploads\/2023\/04\/Noah-Quach-Rapee-Bercy-Ceinture-UIC-0762-1-300x200.jpg 300w, https:\/\/petiteceinture.org\/wp-content\/uploads\/2023\/04\/Noah-Quach-Rapee-Bercy-Ceinture-UIC-0762-1-768x512.jpg 768w, https:\/\/petiteceinture.org\/wp-content\/uploads\/2023\/04\/Noah-Quach-Rapee-Bercy-Ceinture-UIC-0762-1.jpg 1400w\" sizes=\"(max-width: 1024px) 100vw, 1024px\" \/>\t\t\t\t\t\t\t\t<\/a>\n\t\t\t\t\t\t\t\t\t\t\t\t\t\t\t<\/div>\n\t\t\t\t<\/div>\n\t\t\t\t\t<\/div>\n\t\t<\/div>\n\t\t\t\t\t<\/div>\n\t\t<\/section>\n\t\t\t\t<section class=\"elementor-section elementor-top-section elementor-element elementor-element-03ef556 elementor-section-boxed elementor-section-height-default elementor-section-height-default\" data-id=\"03ef556\" data-element_type=\"section\" data-e-type=\"section\">\n\t\t\t\t\t\t<div class=\"elementor-container elementor-column-gap-default\">\n\t\t\t\t\t<div class=\"elementor-column elementor-col-50 elementor-top-column elementor-element elementor-element-dcc6217\" data-id=\"dcc6217\" data-element_type=\"column\" data-e-type=\"column\">\n\t\t\t<div class=\"elementor-widget-wrap elementor-element-populated\">\n\t\t\t\t\t\t<div class=\"elementor-element elementor-element-6b15524 elementor-widget elementor-widget-image\" data-id=\"6b15524\" data-element_type=\"widget\" data-e-type=\"widget\" data-widget_type=\"image.default\">\n\t\t\t\t<div class=\"elementor-widget-container\">\n\t\t\t\t\t\t\t\t\t\t\t\t<figure class=\"wp-caption\">\n\t\t\t\t\t\t\t\t\t\t<img loading=\"lazy\" decoding=\"async\" width=\"1024\" height=\"682\" src=\"https:\/\/petiteceinture.org\/wp-content\/uploads\/2023\/04\/Noah-Quach-Rapee-Bercy-Ceinture-UIC-0820-1-1024x682.jpg\" class=\"attachment-large size-large wp-image-7182\" alt=\"Gare Rap\u00e9e-Bercy Petite Ceinture CMR 2019\" srcset=\"https:\/\/petiteceinture.org\/wp-content\/uploads\/2023\/04\/Noah-Quach-Rapee-Bercy-Ceinture-UIC-0820-1-1024x682.jpg 1024w, https:\/\/petiteceinture.org\/wp-content\/uploads\/2023\/04\/Noah-Quach-Rapee-Bercy-Ceinture-UIC-0820-1-300x200.jpg 300w, https:\/\/petiteceinture.org\/wp-content\/uploads\/2023\/04\/Noah-Quach-Rapee-Bercy-Ceinture-UIC-0820-1-768x512.jpg 768w, https:\/\/petiteceinture.org\/wp-content\/uploads\/2023\/04\/Noah-Quach-Rapee-Bercy-Ceinture-UIC-0820-1.jpg 1400w\" sizes=\"(max-width: 1024px) 100vw, 1024px\" \/>\t\t\t\t\t\t\t\t\t\t\t<figcaption class=\"widget-image-caption wp-caption-text\"><\/figcaption>\n\t\t\t\t\t\t\t\t\t\t<\/figure>\n\t\t\t\t\t\t\t\t\t<\/div>\n\t\t\t\t<\/div>\n\t\t\t\t\t<\/div>\n\t\t<\/div>\n\t\t\t\t<div class=\"elementor-column elementor-col-50 elementor-top-column elementor-element elementor-element-6f1a19b\" data-id=\"6f1a19b\" data-element_type=\"column\" data-e-type=\"column\">\n\t\t\t<div class=\"elementor-widget-wrap elementor-element-populated\">\n\t\t\t\t\t\t<div class=\"elementor-element elementor-element-4203d88 elementor-widget elementor-widget-image\" data-id=\"4203d88\" data-element_type=\"widget\" data-e-type=\"widget\" data-widget_type=\"image.default\">\n\t\t\t\t<div class=\"elementor-widget-container\">\n\t\t\t\t\t\t\t\t\t\t\t\t<figure class=\"wp-caption\">\n\t\t\t\t\t\t\t\t\t\t<img loading=\"lazy\" decoding=\"async\" width=\"1024\" height=\"682\" src=\"https:\/\/petiteceinture.org\/wp-content\/uploads\/2023\/04\/Noah-Quach-Rapee-Bercy-Ceinture-UIC-0842-1-1024x682.jpg\" class=\"attachment-large size-large wp-image-7183\" alt=\"Gare Rap\u00e9e-Bercy Petite Ceinture CMR 2019\" srcset=\"https:\/\/petiteceinture.org\/wp-content\/uploads\/2023\/04\/Noah-Quach-Rapee-Bercy-Ceinture-UIC-0842-1-1024x682.jpg 1024w, https:\/\/petiteceinture.org\/wp-content\/uploads\/2023\/04\/Noah-Quach-Rapee-Bercy-Ceinture-UIC-0842-1-300x200.jpg 300w, https:\/\/petiteceinture.org\/wp-content\/uploads\/2023\/04\/Noah-Quach-Rapee-Bercy-Ceinture-UIC-0842-1-768x512.jpg 768w, https:\/\/petiteceinture.org\/wp-content\/uploads\/2023\/04\/Noah-Quach-Rapee-Bercy-Ceinture-UIC-0842-1.jpg 1400w\" sizes=\"(max-width: 1024px) 100vw, 1024px\" \/>\t\t\t\t\t\t\t\t\t\t\t<figcaption class=\"widget-image-caption wp-caption-text\"><\/figcaption>\n\t\t\t\t\t\t\t\t\t\t<\/figure>\n\t\t\t\t\t\t\t\t\t<\/div>\n\t\t\t\t<\/div>\n\t\t\t\t\t<\/div>\n\t\t<\/div>\n\t\t\t\t\t<\/div>\n\t\t<\/section>\n\t\t\t\t<section class=\"elementor-section elementor-top-section elementor-element elementor-element-ff1ed98 elementor-section-boxed elementor-section-height-default elementor-section-height-default\" data-id=\"ff1ed98\" data-element_type=\"section\" data-e-type=\"section\">\n\t\t\t\t\t\t<div class=\"elementor-container elementor-column-gap-default\">\n\t\t\t\t\t<div class=\"elementor-column elementor-col-100 elementor-top-column elementor-element elementor-element-4f04f41\" data-id=\"4f04f41\" data-element_type=\"column\" data-e-type=\"column\">\n\t\t\t<div class=\"elementor-widget-wrap elementor-element-populated\">\n\t\t\t\t\t\t<div class=\"elementor-element elementor-element-788710c elementor-widget elementor-widget-heading\" data-id=\"788710c\" data-element_type=\"widget\" data-e-type=\"widget\" data-widget_type=\"heading.default\">\n\t\t\t\t<div class=\"elementor-widget-container\">\n\t\t\t\t\t<h2 class=\"elementor-heading-title elementor-size-default\">Le projet de ZAC Bercy-Charenton<\/h2>\t\t\t\t<\/div>\n\t\t\t\t<\/div>\n\t\t\t\t\t<\/div>\n\t\t<\/div>\n\t\t\t\t\t<\/div>\n\t\t<\/section>\n\t\t\t\t<section class=\"elementor-section elementor-top-section elementor-element elementor-element-f2f7a5b elementor-section-boxed elementor-section-height-default elementor-section-height-default\" data-id=\"f2f7a5b\" data-element_type=\"section\" data-e-type=\"section\">\n\t\t\t\t\t\t<div class=\"elementor-container elementor-column-gap-default\">\n\t\t\t\t\t<div class=\"elementor-column elementor-col-100 elementor-top-column elementor-element elementor-element-82c5f9a\" data-id=\"82c5f9a\" data-element_type=\"column\" data-e-type=\"column\">\n\t\t\t<div class=\"elementor-widget-wrap elementor-element-populated\">\n\t\t\t\t\t\t<div class=\"elementor-element elementor-element-8ab9c4a elementor-widget elementor-widget-text-editor\" data-id=\"8ab9c4a\" data-element_type=\"widget\" data-e-type=\"widget\" data-widget_type=\"text-editor.default\">\n\t\t\t\t<div class=\"elementor-widget-container\">\n\t\t\t\t\t\t\t\t\t<p><span data-contrast=\"auto\">En mai 2018, le Conseil de Paris vote la construction de la <strong><a href=\"https:\/\/petiteceinture.org\/tag\/bercy-charenton\/\">ZAC de Bercy-Charenton<\/a><\/strong>. Ce projet pharaonique devait profond\u00e9ment transformer le paysage du Sud-Est Paris. Ainsi, <strong>6 gratte-ciels<\/strong> (dont une tour de 180 m\u00e8tres de haut) devaient \u00eatre construits \u00e0 l\u2019emplacement des emprises de la gare de La Rap\u00e9e-Bercy et des voies de triage des gares de Bercy et de Lyon.<\/span><span data-ccp-props=\"{&quot;335559739&quot;:120,&quot;469777462&quot;:[519],&quot;469777927&quot;:[0],&quot;469777928&quot;:[1]}\">\u00a0<\/span><span data-contrast=\"auto\">Ces nouvelles tours devaient faire venir pas moins de <strong>9000 habitants et 13000 emplois<\/strong>\u00a0 De l&rsquo;autre c\u00f4t\u00e9 du p\u00e9riph\u00e9rique, un projet en miroir, nomm\u00e9 <strong>Charenton-Bercy<\/strong>, pr\u00e9voit la construction de nombreux immeubles \u2013 dont une<strong> tour de 200 m\u00e8tres de haut<\/strong>. Pourtant, la cette zone s&rsquo;av\u00e8re <strong>particuli\u00e8rement mal desservie<\/strong> par les transports en commun.<\/span><\/p>\t\t\t\t\t\t\t\t<\/div>\n\t\t\t\t<\/div>\n\t\t\t\t\t<\/div>\n\t\t<\/div>\n\t\t\t\t\t<\/div>\n\t\t<\/section>\n\t\t\t\t<section class=\"elementor-section elementor-top-section elementor-element elementor-element-2c5f52b elementor-section-boxed elementor-section-height-default elementor-section-height-default\" data-id=\"2c5f52b\" data-element_type=\"section\" data-e-type=\"section\">\n\t\t\t\t\t\t<div class=\"elementor-container elementor-column-gap-default\">\n\t\t\t\t\t<div class=\"elementor-column elementor-col-16 elementor-top-column elementor-element elementor-element-f6fed64\" data-id=\"f6fed64\" data-element_type=\"column\" data-e-type=\"column\">\n\t\t\t<div class=\"elementor-widget-wrap\">\n\t\t\t\t\t\t\t<\/div>\n\t\t<\/div>\n\t\t\t\t<div class=\"elementor-column elementor-col-66 elementor-top-column elementor-element elementor-element-0437f7d\" data-id=\"0437f7d\" data-element_type=\"column\" data-e-type=\"column\">\n\t\t\t<div class=\"elementor-widget-wrap elementor-element-populated\">\n\t\t\t\t\t\t<div class=\"elementor-element elementor-element-656258b elementor-widget elementor-widget-image\" data-id=\"656258b\" data-element_type=\"widget\" data-e-type=\"widget\" data-widget_type=\"image.default\">\n\t\t\t\t<div class=\"elementor-widget-container\">\n\t\t\t\t\t\t\t\t\t\t\t\t<figure class=\"wp-caption\">\n\t\t\t\t\t\t\t\t\t\t<img loading=\"lazy\" decoding=\"async\" width=\"1024\" height=\"683\" src=\"https:\/\/petiteceinture.org\/wp-content\/uploads\/2022\/05\/Carte-ZAC-Bercy-Charenton-annote\u0301e-1024x683.jpg\" class=\"attachment-large size-large wp-image-5808\" alt=\"\" srcset=\"https:\/\/petiteceinture.org\/wp-content\/uploads\/2022\/05\/Carte-ZAC-Bercy-Charenton-annote\u0301e-1024x683.jpg 1024w, https:\/\/petiteceinture.org\/wp-content\/uploads\/2022\/05\/Carte-ZAC-Bercy-Charenton-annote\u0301e-300x200.jpg 300w, https:\/\/petiteceinture.org\/wp-content\/uploads\/2022\/05\/Carte-ZAC-Bercy-Charenton-annote\u0301e-768x512.jpg 768w, https:\/\/petiteceinture.org\/wp-content\/uploads\/2022\/05\/Carte-ZAC-Bercy-Charenton-annote\u0301e.jpg 1336w\" sizes=\"(max-width: 1024px) 100vw, 1024px\" \/>\t\t\t\t\t\t\t\t\t\t\t<figcaption class=\"widget-image-caption wp-caption-text\">En rouge, la zone couverte par la ZAC Bercy-Charenton, avec les deux stations de m\u00e9tro situ\u00e9es aux alentours. La Petite Ceinture est indiqu\u00e9e par un trait bleu. Les lignes de la gare de Lyon sont not\u00e9s par un trait vert, et ceux de la gare d\u2019Austerlitz par un trait jaune. <\/figcaption>\n\t\t\t\t\t\t\t\t\t\t<\/figure>\n\t\t\t\t\t\t\t\t\t<\/div>\n\t\t\t\t<\/div>\n\t\t\t\t\t<\/div>\n\t\t<\/div>\n\t\t\t\t<div class=\"elementor-column elementor-col-16 elementor-top-column elementor-element elementor-element-df8dd32\" data-id=\"df8dd32\" data-element_type=\"column\" data-e-type=\"column\">\n\t\t\t<div class=\"elementor-widget-wrap\">\n\t\t\t\t\t\t\t<\/div>\n\t\t<\/div>\n\t\t\t\t\t<\/div>\n\t\t<\/section>\n\t\t\t\t<section class=\"elementor-section elementor-top-section elementor-element elementor-element-2241df4 elementor-section-boxed elementor-section-height-default elementor-section-height-default\" data-id=\"2241df4\" data-element_type=\"section\" data-e-type=\"section\">\n\t\t\t\t\t\t<div class=\"elementor-container elementor-column-gap-default\">\n\t\t\t\t\t<div class=\"elementor-column elementor-col-100 elementor-top-column elementor-element elementor-element-f452b6d\" data-id=\"f452b6d\" data-element_type=\"column\" data-e-type=\"column\">\n\t\t\t<div class=\"elementor-widget-wrap elementor-element-populated\">\n\t\t\t\t\t\t<div class=\"elementor-element elementor-element-641699f elementor-widget elementor-widget-text-editor\" data-id=\"641699f\" data-element_type=\"widget\" data-e-type=\"widget\" data-widget_type=\"text-editor.default\">\n\t\t\t\t<div class=\"elementor-widget-container\">\n\t\t\t\t\t\t\t\t\t<p><span data-contrast=\"auto\">Notre association et ses partenaires se sont battus pour <strong>rappeler le r\u00f4le primordial<\/strong> de la <strong>Petite Ceinture<\/strong> pour la <strong>desserte de cette zone<\/strong>. En janvier 2020, le budget aff\u00e9rent \u00e0 la <strong>reconstruction de la plateforme ferroviaire<\/strong> \u00e0 l\u2019issue des travaux a \u00e9t\u00e9<strong> vot\u00e9 par le Conseil d\u2019administration de SNCF R\u00e9seau<\/strong>. Le projet pr\u00e9voyait lune l\u00e9g\u00e8re d\u00e9viation vers le Nord de la plateforme ferroviaire (et la\u00a0construction d&rsquo;immeubles au ras de cette derni\u00e8re). Une version qui a \u00e9t\u00e9 <strong>enti\u00e8rement remise \u00e0 plat<\/strong> suite aux <strong>\u00e9lections municipales de 2020<\/strong>.<\/span><\/p>\t\t\t\t\t\t\t\t<\/div>\n\t\t\t\t<\/div>\n\t\t\t\t\t<\/div>\n\t\t<\/div>\n\t\t\t\t\t<\/div>\n\t\t<\/section>\n\t\t\t\t<section class=\"elementor-section elementor-top-section elementor-element elementor-element-ebd0119 elementor-section-boxed elementor-section-height-default elementor-section-height-default\" data-id=\"ebd0119\" data-element_type=\"section\" data-e-type=\"section\">\n\t\t\t\t\t\t<div class=\"elementor-container elementor-column-gap-default\">\n\t\t\t\t\t<div class=\"elementor-column elementor-col-16 elementor-top-column elementor-element elementor-element-47e17da\" data-id=\"47e17da\" data-element_type=\"column\" data-e-type=\"column\">\n\t\t\t<div class=\"elementor-widget-wrap\">\n\t\t\t\t\t\t\t<\/div>\n\t\t<\/div>\n\t\t\t\t<div class=\"elementor-column elementor-col-66 elementor-top-column elementor-element elementor-element-9945402\" data-id=\"9945402\" data-element_type=\"column\" data-e-type=\"column\">\n\t\t\t<div class=\"elementor-widget-wrap elementor-element-populated\">\n\t\t\t\t\t\t<div class=\"elementor-element elementor-element-83eb76e elementor-widget elementor-widget-image\" data-id=\"83eb76e\" data-element_type=\"widget\" data-e-type=\"widget\" data-widget_type=\"image.default\">\n\t\t\t\t<div class=\"elementor-widget-container\">\n\t\t\t\t\t\t\t\t\t\t\t\t<figure class=\"wp-caption\">\n\t\t\t\t\t\t\t\t\t\t<img loading=\"lazy\" decoding=\"async\" width=\"1024\" height=\"682\" src=\"https:\/\/petiteceinture.org\/wp-content\/uploads\/2022\/05\/Petite-Ceinture-Bercy-JN-Lehec-6496-1024x682.jpg\" class=\"attachment-large size-large wp-image-5823\" alt=\"Gare Rap\u00e9e-Bercy Petite Ceinture raccordement branche Nord\" srcset=\"https:\/\/petiteceinture.org\/wp-content\/uploads\/2022\/05\/Petite-Ceinture-Bercy-JN-Lehec-6496-1024x682.jpg 1024w, https:\/\/petiteceinture.org\/wp-content\/uploads\/2022\/05\/Petite-Ceinture-Bercy-JN-Lehec-6496-300x200.jpg 300w, https:\/\/petiteceinture.org\/wp-content\/uploads\/2022\/05\/Petite-Ceinture-Bercy-JN-Lehec-6496-768x512.jpg 768w, https:\/\/petiteceinture.org\/wp-content\/uploads\/2022\/05\/Petite-Ceinture-Bercy-JN-Lehec-6496-1536x1024.jpg 1536w, https:\/\/petiteceinture.org\/wp-content\/uploads\/2022\/05\/Petite-Ceinture-Bercy-JN-Lehec-6496.jpg 2000w\" sizes=\"(max-width: 1024px) 100vw, 1024px\" \/>\t\t\t\t\t\t\t\t\t\t\t<figcaption class=\"widget-image-caption wp-caption-text\">La branche Nord du raccordement de Bercy. \u00c0 l\u2019arri\u00e8re-plan, des heurtoirs sont pr\u00e9sent\u00e9s car un aiguillage manque pour le raccorder au r\u00e9seau de la gare de Lyon. \u00a9 ASPCRF<\/figcaption>\n\t\t\t\t\t\t\t\t\t\t<\/figure>\n\t\t\t\t\t\t\t\t\t<\/div>\n\t\t\t\t<\/div>\n\t\t\t\t\t<\/div>\n\t\t<\/div>\n\t\t\t\t<div class=\"elementor-column elementor-col-16 elementor-top-column elementor-element elementor-element-7f29647\" data-id=\"7f29647\" data-element_type=\"column\" data-e-type=\"column\">\n\t\t\t<div class=\"elementor-widget-wrap\">\n\t\t\t\t\t\t\t<\/div>\n\t\t<\/div>\n\t\t\t\t\t<\/div>\n\t\t<\/section>\n\t\t\t\t<section class=\"elementor-section elementor-top-section elementor-element elementor-element-6cf4402 elementor-section-boxed elementor-section-height-default elementor-section-height-default\" data-id=\"6cf4402\" data-element_type=\"section\" data-e-type=\"section\">\n\t\t\t\t\t\t<div class=\"elementor-container elementor-column-gap-default\">\n\t\t\t\t\t<div class=\"elementor-column elementor-col-100 elementor-top-column elementor-element elementor-element-8043431\" data-id=\"8043431\" data-element_type=\"column\" data-e-type=\"column\">\n\t\t\t<div class=\"elementor-widget-wrap elementor-element-populated\">\n\t\t\t\t\t\t<div class=\"elementor-element elementor-element-5d49719 elementor-widget elementor-widget-text-editor\" data-id=\"5d49719\" data-element_type=\"widget\" data-e-type=\"widget\" data-widget_type=\"text-editor.default\">\n\t\t\t\t<div class=\"elementor-widget-container\">\n\t\t\t\t\t\t\t\t\t<p>De fait, l&rsquo;avenir de la Petite Ceinture \u00e0 Bercy reste <strong>incertain<\/strong>. En <a href=\"https:\/\/petiteceinture.org\/la-ligne\/zac-bercy-charenton-avenir-petite-ceinture-paris\/\">mai 2022<\/a>, les contours du nouveau projet ont \u00e9t\u00e9 d\u00e9voil\u00e9s par D. Belliard, adjoint \u00e0 la Mairie de Paris en charge de l&rsquo;urbanisme. Il pr\u00e9voit la transformation du raccordement de Bercy et de la Petite Ceinture en un <strong>vaste espace vert<\/strong>, qui viendrait relier le <strong>parc de Bercy<\/strong> au <strong>Bois de Vincennes<\/strong>, se prolongeant sur la section ouverte du 12e arrondissement. Par ailleurs, les voies de la PC seraient travers\u00e9es par un <strong>passage \u00e0 niveau<\/strong>, o\u00f9 passerait la <strong>rue Baron Le Roy prolong\u00e9e<\/strong> vers le nouveau quartier de Charenton-Bercy. Enfin, le projet \u00e9voque uniquement la <strong>branche Sud<\/strong> du raccordement de Bercy, et non la branche Nord \u2013 au risque d&rsquo;isoler la section Est de la Petite Ceinture.<\/p>\t\t\t\t\t\t\t\t<\/div>\n\t\t\t\t<\/div>\n\t\t\t\t\t<\/div>\n\t\t<\/div>\n\t\t\t\t\t<\/div>\n\t\t<\/section>\n\t\t\t\t<section class=\"elementor-section elementor-top-section elementor-element elementor-element-f01c50b elementor-section-boxed elementor-section-height-default elementor-section-height-default\" data-id=\"f01c50b\" data-element_type=\"section\" data-e-type=\"section\">\n\t\t\t\t\t\t<div class=\"elementor-container elementor-column-gap-default\">\n\t\t\t\t\t<div class=\"elementor-column elementor-col-66 elementor-top-column elementor-element elementor-element-a2d1681\" data-id=\"a2d1681\" data-element_type=\"column\" data-e-type=\"column\">\n\t\t\t<div class=\"elementor-widget-wrap elementor-element-populated\">\n\t\t\t\t\t\t<div class=\"elementor-element elementor-element-83cf8e1 elementor-widget elementor-widget-text-editor\" data-id=\"83cf8e1\" data-element_type=\"widget\" data-e-type=\"widget\" data-widget_type=\"text-editor.default\">\n\t\t\t\t<div class=\"elementor-widget-container\">\n\t\t\t\t\t\t\t\t\t<p><div class=\"oceanwp-oembed-wrap clr\"><blockquote class=\"wp-embedded-content\" data-secret=\"mIFlTx82X6\"><a href=\"https:\/\/petiteceinture.org\/la-ligne\/zac-bercy-charenton-avenir-petite-ceinture-paris\/\">ZAC Bercy-Charenton &#8220;nouvelle version&#8221; : quel avenir ferroviaire pour la Petite Ceinture de Paris ?<\/a><\/blockquote><iframe class=\"wp-embedded-content\" sandbox=\"allow-scripts\" security=\"restricted\" style=\"position: absolute; clip: rect(1px, 1px, 1px, 1px);\" title=\"\u00ab\u00a0ZAC Bercy-Charenton &#8220;nouvelle version&#8221; : quel avenir ferroviaire pour la Petite Ceinture de Paris ?\u00a0\u00bb &#8212; Association Sauvegarde Petite Ceinture\" src=\"https:\/\/petiteceinture.org\/la-ligne\/zac-bercy-charenton-avenir-petite-ceinture-paris\/embed\/#?secret=kqIqEVOWmc#?secret=mIFlTx82X6\" data-secret=\"mIFlTx82X6\" width=\"600\" height=\"338\" frameborder=\"0\" marginwidth=\"0\" marginheight=\"0\" scrolling=\"no\"><\/iframe><\/div><\/p>\t\t\t\t\t\t\t\t<\/div>\n\t\t\t\t<\/div>\n\t\t\t\t\t<\/div>\n\t\t<\/div>\n\t\t\t\t<div class=\"elementor-column elementor-col-33 elementor-top-column elementor-element elementor-element-4fbcbf8\" data-id=\"4fbcbf8\" data-element_type=\"column\" data-e-type=\"column\">\n\t\t\t<div class=\"elementor-widget-wrap\">\n\t\t\t\t\t\t\t<\/div>\n\t\t<\/div>\n\t\t\t\t\t<\/div>\n\t\t<\/section>\n\t\t\t\t<section class=\"elementor-section elementor-top-section elementor-element elementor-element-4616089 elementor-section-boxed elementor-section-height-default elementor-section-height-default\" data-id=\"4616089\" data-element_type=\"section\" data-e-type=\"section\">\n\t\t\t\t\t\t<div class=\"elementor-container elementor-column-gap-default\">\n\t\t\t\t\t<div class=\"elementor-column elementor-col-100 elementor-top-column elementor-element elementor-element-23015e3\" data-id=\"23015e3\" data-element_type=\"column\" data-e-type=\"column\">\n\t\t\t<div class=\"elementor-widget-wrap elementor-element-populated\">\n\t\t\t\t\t\t<div class=\"elementor-element elementor-element-ba2e767 elementor-widget elementor-widget-text-editor\" data-id=\"ba2e767\" data-element_type=\"widget\" data-e-type=\"widget\" data-widget_type=\"text-editor.default\">\n\t\t\t\t<div class=\"elementor-widget-container\">\n\t\t\t\t\t\t\t\t\t<p>Dans la <strong>nouvelle version du PLU<\/strong>, d\u00e9voil\u00e9e en avril 2023, la Petite Ceinture \u00e0 Bercy conserve cependant sa <strong>classification en zone UGSU<\/strong> (zone urbaine \u00e0 grands services urbains), compatible avec la <strong>reprise des activit\u00e9s ferroviaire<\/strong>. N\u00e9anmoins, notre association <strong>tr\u00e8s vigilante<\/strong> quant \u00e0 l&rsquo;avenir de cette zone, afin qu&rsquo;une <strong>coupure<\/strong> dans le lin\u00e9aire ferroviaire ne soit pas cr\u00e9\u00e9 au niveau de Bercy-Charenton.<\/p>\t\t\t\t\t\t\t\t<\/div>\n\t\t\t\t<\/div>\n\t\t\t\t\t<\/div>\n\t\t<\/div>\n\t\t\t\t\t<\/div>\n\t\t<\/section>\n\t\t\t\t<\/div>\n\t\t","protected":false},"excerpt":{"rendered":"<p>Gare de La Rap\u00e9e-Bercy Fiche d&rsquo;identit\u00e9 Nom : Gare La Rap\u00e9e-Bercy Localisation : 5 Boulevard Poniatowski Arrondissement : 12e Date d\u2019ouverture : 1852 (fret), 1862 (voyageurs) &#8211; reconstruite en 1907 Type : gare de marchandises et de voyageurs Gares voisines : Rue Claude-Decaen, Orl\u00e9ans-Ceinture \u00c9tat : partiellement d\u00e9molie Correspondance : m\u00e9tro ligne 8 La gare [&hellip;]<\/p>\n","protected":false},"author":6,"featured_media":7378,"parent":1622,"menu_order":5,"comment_status":"closed","ping_status":"closed","template":"","meta":{"wp_typography_post_enhancements_disabled":false,"ocean_post_layout":"","ocean_both_sidebars_style":"","ocean_both_sidebars_content_width":0,"ocean_both_sidebars_sidebars_width":0,"ocean_sidebar":"0","ocean_second_sidebar":"0","ocean_disable_margins":"enable","ocean_add_body_class":"","ocean_shortcode_before_top_bar":"","ocean_shortcode_after_top_bar":"","ocean_shortcode_before_header":"","ocean_shortcode_after_header":"","ocean_has_shortcode":"","ocean_shortcode_after_title":"","ocean_shortcode_before_footer_widgets":"","ocean_shortcode_after_footer_widgets":"","ocean_shortcode_before_footer_bottom":"","ocean_shortcode_after_footer_bottom":"","ocean_display_top_bar":"default","ocean_display_header":"default","ocean_header_style":"","ocean_center_header_left_menu":"0","ocean_custom_header_template":"0","ocean_custom_logo":0,"ocean_custom_retina_logo":0,"ocean_custom_logo_max_width":0,"ocean_custom_logo_tablet_max_width":0,"ocean_custom_logo_mobile_max_width":0,"ocean_custom_logo_max_height":0,"ocean_custom_logo_tablet_max_height":0,"ocean_custom_logo_mobile_max_height":0,"ocean_header_custom_menu":"0","ocean_menu_typo_font_family":"0","ocean_menu_typo_font_subset":"","ocean_menu_typo_font_size":0,"ocean_menu_typo_font_size_tablet":0,"ocean_menu_typo_font_size_mobile":0,"ocean_menu_typo_font_size_unit":"px","ocean_menu_typo_font_weight":"","ocean_menu_typo_font_weight_tablet":"","ocean_menu_typo_font_weight_mobile":"","ocean_menu_typo_transform":"","ocean_menu_typo_transform_tablet":"","ocean_menu_typo_transform_mobile":"","ocean_menu_typo_line_height":0,"ocean_menu_typo_line_height_tablet":0,"ocean_menu_typo_line_height_mobile":0,"ocean_menu_typo_line_height_unit":"","ocean_menu_typo_spacing":0,"ocean_menu_typo_spacing_tablet":0,"ocean_menu_typo_spacing_mobile":0,"ocean_menu_typo_spacing_unit":"","ocean_menu_link_color":"","ocean_menu_link_color_hover":"","ocean_menu_link_color_active":"","ocean_menu_link_background":"","ocean_menu_link_hover_background":"","ocean_menu_link_active_background":"","ocean_menu_social_links_bg":"","ocean_menu_social_hover_links_bg":"","ocean_menu_social_links_color":"","ocean_menu_social_hover_links_color":"","ocean_disable_title":"default","ocean_disable_heading":"default","ocean_post_title":"","ocean_post_subheading":"","ocean_post_title_style":"","ocean_post_title_background_color":"","ocean_post_title_background":0,"ocean_post_title_bg_image_position":"","ocean_post_title_bg_image_attachment":"","ocean_post_title_bg_image_repeat":"","ocean_post_title_bg_image_size":"","ocean_post_title_height":0,"ocean_post_title_bg_overlay":0.5,"ocean_post_title_bg_overlay_color":"","ocean_disable_breadcrumbs":"default","ocean_breadcrumbs_color":"","ocean_breadcrumbs_separator_color":"","ocean_breadcrumbs_links_color":"","ocean_breadcrumbs_links_hover_color":"","ocean_display_footer_widgets":"default","ocean_display_footer_bottom":"default","ocean_custom_footer_template":"0","ofc_meta_disable_footer_callout":"","ofc_meta_callout_button_url":"","ofc_meta_callout_button_txt":"","ofc_meta_callout_text":"","ofc_enable_fullscreen":"disable","ofc_fullscreen_speed":0,"ofc_fullscreen_nav":"enable","ofc_fullscreen_nav_pos":"right","ofc_fullscreen_nav_color":"","ofc_fullscreen_nav_tooltip_color":"","ofc_fullscreen_responsive":0,"footnotes":""},"class_list":["post-6768","page","type-page","status-publish","has-post-thumbnail","hentry","entry","has-media"],"yoast_head":"<!-- This site is optimized with the Yoast SEO plugin v27.4 - https:\/\/yoast.com\/product\/yoast-seo-wordpress\/ -->\n<title>Gare de La Rap\u00e9e-Bercy - ASPCRF<\/title>\n<meta name=\"description\" content=\"La gare de La Rap\u00e9e-Bercy de la Petite Ceinture se situe au Sud-Est de Paris, dans le 12e arrondissement, entre la Porte de Charenton et la Porte de Bercy.\" \/>\n<meta name=\"robots\" content=\"index, follow, max-snippet:-1, max-image-preview:large, max-video-preview:-1\" \/>\n<link rel=\"canonical\" href=\"https:\/\/petiteceinture.org\/en\/gares-petite-ceinture\/rapee-bercy\/\" \/>\n<meta property=\"og:locale\" content=\"en_GB\" \/>\n<meta property=\"og:type\" content=\"article\" \/>\n<meta property=\"og:title\" content=\"Gare de La Rap\u00e9e-Bercy - ASPCRF\" \/>\n<meta property=\"og:description\" content=\"La gare de La Rap\u00e9e-Bercy de la Petite Ceinture se situe au Sud-Est de Paris, dans le 12e arrondissement, entre la Porte de Charenton et la Porte de Bercy.\" \/>\n<meta property=\"og:url\" content=\"https:\/\/petiteceinture.org\/en\/gares-petite-ceinture\/rapee-bercy\/\" \/>\n<meta property=\"og:site_name\" content=\"Association Sauvegarde Petite Ceinture\" \/>\n<meta property=\"article:publisher\" content=\"https:\/\/www.facebook.com\/pages\/Petite-Ceinture-Ferroviaire-de-Paris\/384748434945135\" \/>\n<meta property=\"article:modified_time\" content=\"2024-10-07T13:56:51+00:00\" \/>\n<meta property=\"og:image\" content=\"https:\/\/petiteceinture.org\/wp-content\/uploads\/2023\/05\/JP-Dia-111-27-La-Rapee-Bercy-230592-1400.jpg\" \/>\n\t<meta property=\"og:image:width\" content=\"1400\" \/>\n\t<meta property=\"og:image:height\" content=\"926\" \/>\n\t<meta property=\"og:image:type\" content=\"image\/jpeg\" \/>\n<meta name=\"twitter:card\" content=\"summary_large_image\" \/>\n<meta name=\"twitter:site\" content=\"@aspcrf\" \/>\n<meta name=\"twitter:label1\" content=\"Estimated reading time\" \/>\n\t<meta name=\"twitter:data1\" content=\"30 minutes\" \/>\n<script type=\"application\/ld+json\" class=\"yoast-schema-graph\">{\"@context\":\"https:\\\/\\\/schema.org\",\"@graph\":[{\"@type\":\"WebPage\",\"@id\":\"https:\\\/\\\/petiteceinture.org\\\/gares-petite-ceinture\\\/rapee-bercy\\\/\",\"url\":\"https:\\\/\\\/petiteceinture.org\\\/gares-petite-ceinture\\\/rapee-bercy\\\/\",\"name\":\"Gare de La Rap\u00e9e-Bercy - ASPCRF\",\"isPartOf\":{\"@id\":\"https:\\\/\\\/petiteceinture.org\\\/#website\"},\"primaryImageOfPage\":{\"@id\":\"https:\\\/\\\/petiteceinture.org\\\/gares-petite-ceinture\\\/rapee-bercy\\\/#primaryimage\"},\"image\":{\"@id\":\"https:\\\/\\\/petiteceinture.org\\\/gares-petite-ceinture\\\/rapee-bercy\\\/#primaryimage\"},\"thumbnailUrl\":\"https:\\\/\\\/petiteceinture.org\\\/wp-content\\\/uploads\\\/2023\\\/05\\\/JP-Dia-111-27-La-Rapee-Bercy-230592-1400.jpg\",\"datePublished\":\"2024-09-16T17:03:37+00:00\",\"dateModified\":\"2024-10-07T13:56:51+00:00\",\"description\":\"La gare de La Rap\u00e9e-Bercy de la Petite Ceinture se situe au Sud-Est de Paris, dans le 12e arrondissement, entre la Porte de Charenton et la Porte de Bercy.\",\"breadcrumb\":{\"@id\":\"https:\\\/\\\/petiteceinture.org\\\/gares-petite-ceinture\\\/rapee-bercy\\\/#breadcrumb\"},\"inLanguage\":\"en-GB\",\"potentialAction\":[{\"@type\":\"ReadAction\",\"target\":[\"https:\\\/\\\/petiteceinture.org\\\/gares-petite-ceinture\\\/rapee-bercy\\\/\"]}]},{\"@type\":\"ImageObject\",\"inLanguage\":\"en-GB\",\"@id\":\"https:\\\/\\\/petiteceinture.org\\\/gares-petite-ceinture\\\/rapee-bercy\\\/#primaryimage\",\"url\":\"https:\\\/\\\/petiteceinture.org\\\/wp-content\\\/uploads\\\/2023\\\/05\\\/JP-Dia-111-27-La-Rapee-Bercy-230592-1400.jpg\",\"contentUrl\":\"https:\\\/\\\/petiteceinture.org\\\/wp-content\\\/uploads\\\/2023\\\/05\\\/JP-Dia-111-27-La-Rapee-Bercy-230592-1400.jpg\",\"width\":1400,\"height\":926,\"caption\":\"Julian Pepinster\"},{\"@type\":\"BreadcrumbList\",\"@id\":\"https:\\\/\\\/petiteceinture.org\\\/gares-petite-ceinture\\\/rapee-bercy\\\/#breadcrumb\",\"itemListElement\":[{\"@type\":\"ListItem\",\"position\":1,\"name\":\"Accueil\",\"item\":\"https:\\\/\\\/petiteceinture.org\\\/\"},{\"@type\":\"ListItem\",\"position\":2,\"name\":\"Toutes les gares de la Petite Ceinture\",\"item\":\"https:\\\/\\\/petiteceinture.org\\\/gares-petite-ceinture\\\/\"},{\"@type\":\"ListItem\",\"position\":3,\"name\":\"Gare de La Rap\u00e9e-Bercy\"}]},{\"@type\":\"WebSite\",\"@id\":\"https:\\\/\\\/petiteceinture.org\\\/#website\",\"url\":\"https:\\\/\\\/petiteceinture.org\\\/\",\"name\":\"Association Sauvegarde Petite Ceinture\",\"description\":\"Association pour la Sauvegarde de la Petite Ceinture et de son r\u00e9seau ferr\u00e9\",\"publisher\":{\"@id\":\"https:\\\/\\\/petiteceinture.org\\\/#organization\"},\"potentialAction\":[{\"@type\":\"SearchAction\",\"target\":{\"@type\":\"EntryPoint\",\"urlTemplate\":\"https:\\\/\\\/petiteceinture.org\\\/?s={search_term_string}\"},\"query-input\":{\"@type\":\"PropertyValueSpecification\",\"valueRequired\":true,\"valueName\":\"search_term_string\"}}],\"inLanguage\":\"en-GB\"},{\"@type\":\"Organization\",\"@id\":\"https:\\\/\\\/petiteceinture.org\\\/#organization\",\"name\":\"Association Sauvegarde de la Petite Ceinture et de son R\u00e9seau Ferr\u00e9\",\"url\":\"https:\\\/\\\/petiteceinture.org\\\/\",\"logo\":{\"@type\":\"ImageObject\",\"inLanguage\":\"en-GB\",\"@id\":\"https:\\\/\\\/petiteceinture.org\\\/#\\\/schema\\\/logo\\\/image\\\/\",\"url\":\"https:\\\/\\\/petiteceinture.org\\\/wp-content\\\/uploads\\\/2020\\\/01\\\/Logo-SPC-fond-blanc-200.png\",\"contentUrl\":\"https:\\\/\\\/petiteceinture.org\\\/wp-content\\\/uploads\\\/2020\\\/01\\\/Logo-SPC-fond-blanc-200.png\",\"width\":200,\"height\":206,\"caption\":\"Association Sauvegarde de la Petite Ceinture et de son R\u00e9seau Ferr\u00e9\"},\"image\":{\"@id\":\"https:\\\/\\\/petiteceinture.org\\\/#\\\/schema\\\/logo\\\/image\\\/\"},\"sameAs\":[\"https:\\\/\\\/www.facebook.com\\\/pages\\\/Petite-Ceinture-Ferroviaire-de-Paris\\\/384748434945135\",\"https:\\\/\\\/x.com\\\/aspcrf\",\"https:\\\/\\\/www.instagram.com\\\/petiteceintureparis\",\"https:\\\/\\\/www.pinterest.fr\\\/petiteceintureparis\\\/\",\"https:\\\/\\\/www.youtube.com\\\/channel\\\/UC-HE5oJlzq506aGkEsaZzWA\"]}]}<\/script>\n<!-- \/ Yoast SEO plugin. -->","yoast_head_json":{"title":"Gare de La Rap\u00e9e-Bercy \u2013 ASPCRF","description":"La gare de La Rap\u00e9e-Bercy de la Petite Ceinture se situe au Sud-Est de Paris, dans le 12<sup class=\"ordinal\">e<\/sup> arrondissement, entre la Porte de Charenton et la Porte de&nbsp;Bercy.","robots":{"index":"index","follow":"follow","max-snippet":"max-snippet:-1","max-image-preview":"max-image-preview:large","max-video-preview":"max-video-preview:-1"},"canonical":"https:\/\/petiteceinture.org\/en\/gares-petite-ceinture\/rapee-bercy\/","og_locale":"en_GB","og_type":"article","og_title":"Gare de La Rap\u00e9e-Bercy - ASPCRF","og_description":"La gare de La Rap\u00e9e-Bercy de la Petite Ceinture se situe au Sud-Est de Paris, dans le 12e arrondissement, entre la Porte de Charenton et la Porte de Bercy.","og_url":"https:\/\/petiteceinture.org\/en\/gares-petite-ceinture\/rapee-bercy\/","og_site_name":"Association Sauvegarde Petite Ceinture","article_publisher":"https:\/\/www.facebook.com\/pages\/Petite-Ceinture-Ferroviaire-de-Paris\/384748434945135","article_modified_time":"2024-10-07T13:56:51+00:00","og_image":[{"width":1400,"height":926,"url":"https:\/\/petiteceinture.org\/wp-content\/uploads\/2023\/05\/JP-Dia-111-27-La-Rapee-Bercy-230592-1400.jpg","type":"image\/jpeg"}],"twitter_card":"summary_large_image","twitter_site":"@aspcrf","twitter_misc":{"Estimated reading time":"30 minutes"},"schema":{"@context":"https:\/\/schema.org","@graph":[{"@type":"WebPage","@id":"https:\/\/petiteceinture.org\/gares-petite-ceinture\/rapee-bercy\/","url":"https:\/\/petiteceinture.org\/gares-petite-ceinture\/rapee-bercy\/","name":"Gare de La Rap\u00e9e-Bercy \u2013 ASPCRF","isPartOf":{"@id":"https:\/\/petiteceinture.org\/#website"},"primaryImageOfPage":{"@id":"https:\/\/petiteceinture.org\/gares-petite-ceinture\/rapee-bercy\/#primaryimage"},"image":{"@id":"https:\/\/petiteceinture.org\/gares-petite-ceinture\/rapee-bercy\/#primaryimage"},"thumbnailUrl":"https:\/\/petiteceinture.org\/wp-content\/uploads\/2023\/05\/JP-Dia-111-27-La-Rapee-Bercy-230592-1400.jpg","datePublished":"2024-09-16T17:03:37+00:00","dateModified":"2024-10-07T13:56:51+00:00","description":"La gare de La Rap\u00e9e-Bercy de la Petite Ceinture se situe au Sud-Est de Paris, dans le 12<sup class=\"ordinal\">e<\/sup> arrondissement, entre la Porte de Charenton et la Porte de&nbsp;Bercy.","breadcrumb":{"@id":"https:\/\/petiteceinture.org\/gares-petite-ceinture\/rapee-bercy\/#breadcrumb"},"inLanguage":"en-GB","potentialAction":[{"@type":"ReadAction","target":["https:\/\/petiteceinture.org\/gares-petite-ceinture\/rapee-bercy\/"]}]},{"@type":"ImageObject","inLanguage":"en-GB","@id":"https:\/\/petiteceinture.org\/gares-petite-ceinture\/rapee-bercy\/#primaryimage","url":"https:\/\/petiteceinture.org\/wp-content\/uploads\/2023\/05\/JP-Dia-111-27-La-Rapee-Bercy-230592-1400.jpg","contentUrl":"https:\/\/petiteceinture.org\/wp-content\/uploads\/2023\/05\/JP-Dia-111-27-La-Rapee-Bercy-230592-1400.jpg","width":1400,"height":926,"caption":"Julian Pepinster"},{"@type":"BreadcrumbList","@id":"https:\/\/petiteceinture.org\/gares-petite-ceinture\/rapee-bercy\/#breadcrumb","itemListElement":[{"@type":"ListItem","position":1,"name":"Accueil","item":"https:\/\/petiteceinture.org\/"},{"@type":"ListItem","position":2,"name":"Toutes les gares de la Petite Ceinture","item":"https:\/\/petiteceinture.org\/gares-petite-ceinture\/"},{"@type":"ListItem","position":3,"name":"Gare de La Rap\u00e9e-Bercy"}]},{"@type":"WebSite","@id":"https:\/\/petiteceinture.org\/#website","url":"https:\/\/petiteceinture.org\/","name":"Association Sauvegarde Petite Ceinture","description":"Association for the Safeguarding of the Petite Ceinture and its Rail Network","publisher":{"@id":"https:\/\/petiteceinture.org\/#organization"},"potentialAction":[{"@type":"SearchAction","target":{"@type":"EntryPoint","urlTemplate":"https:\/\/petiteceinture.org\/?s={search_term_string}"},"query-input":{"@type":"PropertyValueSpecification","valueRequired":true,"valueName":"search_term_string"}}],"inLanguage":"en-GB"},{"@type":"Organization","@id":"https:\/\/petiteceinture.org\/#organization","name":"Association for the Safeguard of the Petite Ceinture and its Railway Network","url":"https:\/\/petiteceinture.org\/","logo":{"@type":"ImageObject","inLanguage":"en-GB","@id":"https:\/\/petiteceinture.org\/#\/schema\/logo\/image\/","url":"https:\/\/petiteceinture.org\/wp-content\/uploads\/2020\/01\/Logo-SPC-fond-blanc-200.png","contentUrl":"https:\/\/petiteceinture.org\/wp-content\/uploads\/2020\/01\/Logo-SPC-fond-blanc-200.png","width":200,"height":206,"caption":"Association Sauvegarde de la Petite Ceinture et de son R\u00e9seau Ferr\u00e9"},"image":{"@id":"https:\/\/petiteceinture.org\/#\/schema\/logo\/image\/"},"sameAs":["https:\/\/www.facebook.com\/pages\/Petite-Ceinture-Ferroviaire-de-Paris\/384748434945135","https:\/\/x.com\/aspcrf","https:\/\/www.instagram.com\/petiteceintureparis","https:\/\/www.pinterest.fr\/petiteceintureparis\/","https:\/\/www.youtube.com\/channel\/UC-HE5oJlzq506aGkEsaZzWA"]}]}},"_links":{"self":[{"href":"https:\/\/petiteceinture.org\/en\/wp-json\/wp\/v2\/pages\/6768","targetHints":{"allow":["GET"]}}],"collection":[{"href":"https:\/\/petiteceinture.org\/en\/wp-json\/wp\/v2\/pages"}],"about":[{"href":"https:\/\/petiteceinture.org\/en\/wp-json\/wp\/v2\/types\/page"}],"author":[{"embeddable":true,"href":"https:\/\/petiteceinture.org\/en\/wp-json\/wp\/v2\/users\/6"}],"replies":[{"embeddable":true,"href":"https:\/\/petiteceinture.org\/en\/wp-json\/wp\/v2\/comments?post=6768"}],"version-history":[{"count":327,"href":"https:\/\/petiteceinture.org\/en\/wp-json\/wp\/v2\/pages\/6768\/revisions"}],"predecessor-version":[{"id":8792,"href":"https:\/\/petiteceinture.org\/en\/wp-json\/wp\/v2\/pages\/6768\/revisions\/8792"}],"up":[{"embeddable":true,"href":"https:\/\/petiteceinture.org\/en\/wp-json\/wp\/v2\/pages\/1622"}],"wp:featuredmedia":[{"embeddable":true,"href":"https:\/\/petiteceinture.org\/en\/wp-json\/wp\/v2\/media\/7378"}],"wp:attachment":[{"href":"https:\/\/petiteceinture.org\/en\/wp-json\/wp\/v2\/media?parent=6768"}],"curies":[{"name":"wp","href":"https:\/\/api.w.org\/{rel}","templated":true}]}}