{"id":5392,"date":"2021-12-09T15:56:22","date_gmt":"2021-12-09T14:56:22","guid":{"rendered":"https:\/\/petiteceinture.org\/?page_id=5392"},"modified":"2023-12-27T11:55:55","modified_gmt":"2023-12-27T10:55:55","slug":"acte-naissance-petite-ceinture-decret-10-decembre-1851","status":"publish","type":"page","link":"https:\/\/petiteceinture.org\/en\/la-ligne\/histoire-petite-ceinture\/acte-naissance-petite-ceinture-decret-10-decembre-1851\/","title":{"rendered":"L\u2019acte de naissance de la Petite Ceinture ferroviaire de Paris&nbsp;: le d\u00e9cret du 10 d\u00e9cembre 1851"},"content":{"rendered":"\n<p>Le 10 d\u00e9cembre 1851, quelques jours \u00e0 peine apr\u00e8s son coup d&rsquo;\u00c9tat, Louis-Napol\u00e9on Bonaparte signe <a href=\"#decret10dec1851\">le d\u00e9cret donnant naissance \u00e0 la Petite Ceinture ferroviaire de Paris<\/a>. Un acte fondateur, accompagn\u00e9 d&rsquo;un <a href=\"#cahierchargesceinture\">cahier des charges<\/a> extr\u00eamement pr\u00e9cis sur les conditions de r\u00e9alisation et d&rsquo;exploitation de cette nouvelle ligne. <\/p>\n\n\n\n<p>Moins connu, un second d\u00e9cret vient \u00e9galement acter la naissance du <a href=\"#raccchapelle\">raccordement entre les r\u00e9seaux du Nord et de l&rsquo;Est<\/a>. Enfin, un troisi\u00e8me texte vient octroyer la<a href=\"#decretconcessionceinture\"> concession de la ligne de Ceinture<\/a> aux diff\u00e9rentes compagnies de chemin de fer, jointes en un syndicat. <\/p>\n\n\n\n<p>Nous avons d\u00e9cid\u00e9 de reproduire ici ces diff\u00e9rents documents d&rsquo;un grand int\u00e9r\u00eat historique. Ils constituent en effet la fondation de ce grand \u00e9difice ferroviaire, urbain, patrimonial et industriel qu&rsquo;est la Petite Ceinture ferroviaire de Paris. <\/p>\n\n\n\n<div class=\"wp-block-group has-background\" style=\"background-color:#f7f7f7\"><div class=\"wp-block-group__inner-container is-layout-flow wp-block-group-is-layout-flow\">\n<p><strong>SOMMAIRE<\/strong><\/p>\n\n\n\n<ol class=\"wp-block-list\"><li><a href=\"#nouvelleligne\">Une nouvelle ligne pour relier les grandes gares parisiennes<\/a><\/li><li><a href=\"#decret10dec1851\">Le d\u00e9cret du 10 d\u00e9cembre 1851<\/a><\/li><li><a href=\"#cahierchargesceinture\">Cahier des charges pour la concession du chemin de fer de Ceinture<\/a><\/li><li><a href=\"#decretconcessionceinture\">D\u00e9cret de concession du chemin de fer de Ceinture du 11 d\u00e9cembre 1851<\/a><\/li><li><a href=\"#raccchapelle\">Raccordement entre la Chapelle et la Villette : d\u00e9cret du 10 d\u00e9cembre 1851<\/a><\/li><\/ol>\n<\/div><\/div>\n\n\n\n<p><\/p>\n\n\n\n<p><\/p>\n\n\n\n<figure class=\"wp-block-image size-large\"><img fetchpriority=\"high\" decoding=\"async\" width=\"1024\" height=\"876\" src=\"https:\/\/petiteceinture.org\/wp-content\/uploads\/2021\/12\/Petite-Ceinture-fantaisie-1853-1024x876.jpg\" alt=\"\" class=\"wp-image-5397\" srcset=\"https:\/\/petiteceinture.org\/wp-content\/uploads\/2021\/12\/Petite-Ceinture-fantaisie-1853-1024x876.jpg 1024w, https:\/\/petiteceinture.org\/wp-content\/uploads\/2021\/12\/Petite-Ceinture-fantaisie-1853-300x257.jpg 300w, https:\/\/petiteceinture.org\/wp-content\/uploads\/2021\/12\/Petite-Ceinture-fantaisie-1853-768x657.jpg 768w, https:\/\/petiteceinture.org\/wp-content\/uploads\/2021\/12\/Petite-Ceinture-fantaisie-1853.jpg 1400w\" sizes=\"(max-width: 1024px) 100vw, 1024px\" \/><figcaption>Caricature du dessinateur Cham publi\u00e9e en 1844 : \u00ab\u00a0Paris en 1853 : comme quoi Paris pourra parfaitement se passer d&rsquo;\u00eatre clos de murs quand le chemin de fer de ceinture sera termin\u00e9 !\u00a0\u00bb<\/figcaption><\/figure>\n\n\n\n<h2 class=\"wp-block-heading\" id=\"nouvelleligne\">Une ligne nouvelle pour relier les grandes gares parisiennes<\/h2>\n\n\n\n<p>On a souvent coutume de dire que la Petite Ceinture <strong><a href=\"https:\/\/petiteceinture.org\/la-ligne\/chronologie\/\">date de 1852<\/a><\/strong> \u2013 date d&rsquo;ouverture de sa <strong>1e section<\/strong>, comprise entre les <strong>Batignolles<\/strong> et la <strong>Chapelle<\/strong>. Pourtant, l&rsquo;id\u00e9e m\u00eame d&rsquo;une ligne de jonction entre les diff\u00e9rentes gares est beaucoup plus anciennes. Le 1er projet est d\u00e9pos\u00e9 d\u00e8s <strong>1836<\/strong> aupr\u00e8s du corps des Ponts et Chauss\u00e9es par un certain Jean-Christophe Armand Husson, alors m\u00eame que la ligne de Paris \u00e0 Saint-Germain n&rsquo;est encore qu&rsquo;un vaste chantier. <\/p>\n\n\n\n<p>L&rsquo;id\u00e9e d&rsquo;un chemin de fer de ceinture, reliant les diff\u00e9rentes gares qui se d\u00e9veloppent sur le territoire parisien, <strong>revient plusieurs fois sur le devant de la sc\u00e8ne<\/strong> entre 1842 et 1850. Il faut dire que les diff\u00e9rentes gares-terminus de Paris ne sont pas reli\u00e9es entre elles : les transferts imposent un fastidieux trajet en camions <strong>tir\u00e9s par des chevaux<\/strong>, \u00e0 travers un Paris qui ne conna\u00eet pas encore les boulevards haussmanniens. <\/p>\n\n\n\n<p>Finalement, le coup d&rsquo;\u00c9tat de Louis-Napol\u00e9on Bonaparte du 2 d\u00e9cembre 1851 joue le r\u00f4le d&rsquo;acc\u00e9l\u00e9rateur. <strong>Pierre Magne<\/strong>, Ministre des Travaux Publics, soumet au Prince-Pr\u00e9sident le d\u00e9cret portant sur la cr\u00e9ation du \u00ab\u00a0chemin de fer de ceinture\u00a0\u00bb le <strong>10 d\u00e9cembre<\/strong>, sign\u00e9 le jour m\u00eame par Napol\u00e9on III. <\/p>\n\n\n\n<p>Enfin, notez que le d\u00e9cret autorisant la construction de la ligne d&rsquo;Auteuil est sign\u00e9 quelques mois plus tard, <a href=\"https:\/\/gallica.bnf.fr\/ark:\/12148\/bpt6k54907352\/f624\">le 6 septembre 1852<\/a>. <\/p>\n\n\n\n<figure class=\"wp-block-embed is-type-wp-embed is-provider-association-sauvegarde-petite-ceinture wp-block-embed-association-sauvegarde-petite-ceinture\"><div class=\"wp-block-embed__wrapper\">\n<div class=\"oceanwp-oembed-wrap clr\"><blockquote class=\"wp-embedded-content\" data-secret=\"tkruSSGLWX\"><a href=\"https:\/\/petiteceinture.org\/la-ligne\/chronologie\/\">Chronologie<\/a><\/blockquote><iframe class=\"wp-embedded-content\" sandbox=\"allow-scripts\" security=\"restricted\" style=\"position: absolute; clip: rect(1px, 1px, 1px, 1px);\" title=\"\u00ab\u00a0Chronologie\u00a0\u00bb &#8212; Association Sauvegarde Petite Ceinture\" src=\"https:\/\/petiteceinture.org\/la-ligne\/chronologie\/embed\/#?secret=QWRv4d3NjD#?secret=tkruSSGLWX\" data-secret=\"tkruSSGLWX\" width=\"600\" height=\"338\" frameborder=\"0\" marginwidth=\"0\" marginheight=\"0\" scrolling=\"no\"><\/iframe><\/div>\n<\/div><\/figure>\n\n\n\n<figure class=\"wp-block-image size-large\"><img decoding=\"async\" width=\"1024\" height=\"521\" src=\"https:\/\/petiteceinture.org\/wp-content\/uploads\/2021\/12\/Victor_Hubert_-_Paris-Saint_Germain_Railway_1837-1024x521.jpg\" alt=\"\" class=\"wp-image-5396\" srcset=\"https:\/\/petiteceinture.org\/wp-content\/uploads\/2021\/12\/Victor_Hubert_-_Paris-Saint_Germain_Railway_1837-1024x521.jpg 1024w, https:\/\/petiteceinture.org\/wp-content\/uploads\/2021\/12\/Victor_Hubert_-_Paris-Saint_Germain_Railway_1837-300x153.jpg 300w, https:\/\/petiteceinture.org\/wp-content\/uploads\/2021\/12\/Victor_Hubert_-_Paris-Saint_Germain_Railway_1837-768x391.jpg 768w, https:\/\/petiteceinture.org\/wp-content\/uploads\/2021\/12\/Victor_Hubert_-_Paris-Saint_Germain_Railway_1837-1536x781.jpg 1536w, https:\/\/petiteceinture.org\/wp-content\/uploads\/2021\/12\/Victor_Hubert_-_Paris-Saint_Germain_Railway_1837-2048x1042.jpg 2048w\" sizes=\"(max-width: 1024px) 100vw, 1024px\" \/><figcaption>Victor Hubert : la ligne de Paris \u00e0 Saint-Germain et l&#8217;embarcad\u00e8re de l&rsquo;Europe<\/figcaption><\/figure>\n\n\n\n<h2 class=\"wp-block-heading\" id=\"decret10dec1851\">Le d\u00e9cret du 10 d\u00e9cembre 1851<\/h2>\n\n\n\n<p><em>D\u00e9cret du pr\u00e9sident de la R\u00e9publique portant qu&rsquo;il sera \u00e9tabli \u00e0 l&rsquo;int\u00e9rieur du mur d&rsquo;enceinte des fortifications de Paris, un chemin de fer de ceinture reliant les gares de l&rsquo;Ouest et Rouen, du Nord, de Strasbourg, de Lyon et d&rsquo;Orl\u00e9ans&nbsp;. <\/em><\/p>\n\n\n\n<p>ART. 1er. Il sera \u00e9tabli, <strong>\u00e0 l&rsquo;int\u00e9rieur du mur d&rsquo;enceinte<\/strong> des fortifications de Paris, un <strong>chemin de fer de ceinture<\/strong> reliant les <strong>gares de l&rsquo;Ouest et Rouen<\/strong>, du <strong>Nord<\/strong>, de <strong>Strasbourg<\/strong>, de <strong>Lyon<\/strong> et <strong>d&rsquo;Orl\u00e9ans<\/strong>.<\/p>\n\n\n\n<p>Le ministre des travaux publics est autoris\u00e9 \u00e0 conc\u00e9der ce chemin de fer aux compagnies r\u00e9unies des chemins de fer de Paris \u00e0 Rouen, de Paris \u00e0 Orl\u00e9ans, de Paris \u00e0 Strasbourg, et du Nord, sous les r\u00e9serves et aux clauses et conditions du cahier des charges ci-annex\u00e9.<\/p>\n\n\n\n<p>2. Pour l&rsquo;ex\u00e9cution de ce chemin de fer, il est ouvert au ministre des travaux publics un cr\u00e9dit de un<strong> million trois cent trente-trois mille trois cent trente-trois francs trente-trois centimes<\/strong>, somme \u00e9gale au premier versement \u00e0 effectuer par les compagnies concessionnaires, aux termes dudit cahier des charges.<\/p>\n\n\n\n<p>3. Le <strong>ministre des travaux publics<\/strong> est charg\u00e9 de l&rsquo;ex\u00e9cution du pr\u00e9sent d\u00e9cret.<\/p>\n\n\n\n<figure class=\"wp-block-image size-full\"><img decoding=\"async\" width=\"800\" height=\"428\" src=\"https:\/\/petiteceinture.org\/wp-content\/uploads\/2020\/07\/inauguration-petite-ceinture-1852-the-illustrated-london-news-29-janvier-1853.jpg\" alt=\"\" class=\"wp-image-1521\" srcset=\"https:\/\/petiteceinture.org\/wp-content\/uploads\/2020\/07\/inauguration-petite-ceinture-1852-the-illustrated-london-news-29-janvier-1853.jpg 800w, https:\/\/petiteceinture.org\/wp-content\/uploads\/2020\/07\/inauguration-petite-ceinture-1852-the-illustrated-london-news-29-janvier-1853-300x161.jpg 300w, https:\/\/petiteceinture.org\/wp-content\/uploads\/2020\/07\/inauguration-petite-ceinture-1852-the-illustrated-london-news-29-janvier-1853-768x411.jpg 768w\" sizes=\"(max-width: 800px) 100vw, 800px\" \/><figcaption>Gravure parue dans le journal <em>The London News<\/em> en 1853 au sujet de l&rsquo;inauguration de la Petite Ceinture.<\/figcaption><\/figure>\n\n\n\n<h2 class=\"wp-block-heading\" id=\"cahierchargesceinture\">Cahier des charges pour la concession du chemin de fer de Ceinture<\/h2>\n\n\n\n<p>ART. 1er. Le Ministre des Travaux publics, au nom de l&rsquo;\u00c9tat, s&rsquo;engage \u00e0 livrer <strong>dans un d\u00e9lai de deux ann\u00e9es<\/strong>, \u00e0 partir du d\u00e9cret de concession, aux Compagnies concessionnaires des chemins de fer de Paris \u00e0 Rouen, Paris \u00e0 Orl\u00e9ans, Paris \u00e0 Strasbourg, et du Nord, r\u00e9unies en syndicat, <strong>un chemin de fer de ceinture compl\u00e8tement termin\u00e9<\/strong> entre les gares des Batignolles et la gare d&rsquo;Orl\u00e9ans.<\/p>\n\n\n\n<p>ART. 2. Les Compagnies s&rsquo;engagent \u00e0 exploiter le chemin de fer de ceinture en fournissant le<strong> mat\u00e9riel n\u00e9cessaire \u00e0 l&rsquo;exploitation<\/strong>, tant pour le transport des voyageurs que pour celui des marchandises. Elles s&rsquo;engagent, en outre, <strong>\u00e0 augmenter ce mat\u00e9riel,<\/strong> en raison de l&rsquo;accroissement de la circulation, sur les r\u00e9quisitions qui leur seraient adress\u00e9es par le Ministre des Travaux publics.<\/p>\n\n\n\n<p>Lesdites Compagnies se constitueront <strong>en Soci\u00e9t\u00e9 anonyme<\/strong> pour l&rsquo;exploitation du chemin de ceinture. Elles seront <strong>repr\u00e9sent\u00e9es par un syndicat<\/strong> \u00e9tabli dans les formes qui seront d\u00e9termin\u00e9es par un d\u00e9cret, les Compagnies entendues.<\/p>\n\n\n\n<p>Les attributions de ce syndicat auront pour objet : <strong>l&rsquo;administration, l&rsquo;exploitation et l&rsquo;entretien du chemin de ceinture<\/strong>, <strong>les comptes \u00e0 rendre<\/strong> aux diverses Compagnies, <strong>l&rsquo;organisation du personnel<\/strong>, la <strong>cr\u00e9ation et la distribution du mat\u00e9riel<\/strong>, enfin l&rsquo;accomplissement de toutes les obligations et conditions impos\u00e9es aux Compagnies concessionnaires de chemins de fer.<\/p>\n\n\n\n<p>ART. 3. Chacune des quatre Compagnies concessionnaires s&rsquo;engage \u00e0 <strong>contribuer pour une somme d&rsquo;un million de francs<\/strong> (1 000 000) \u00e0 la d\u00e9pense d&rsquo;ex\u00e9cution du chemin de ceinture. Ces sommes devront \u00eatre vers\u00e9es au Tr\u00e9sor public, savoir :<\/p>\n\n\n\n<ol class=\"wp-block-list\"><li>Un tiers \u00e0 la premi\u00e8re r\u00e9quisition du Ministre des Finances ;<\/li><li>Un tiers avant le 1er janvier 1853 ;<\/li><li>Le dernier tiers avant le 1&Prime; janvier 1854.<\/li><\/ol>\n\n\n\n<p>Les deux derniers versements ne pourront \u00eatre exig\u00e9s avant que les d\u00e9penses faites sur la subvention \u00e0 la charge du Tr\u00e9sor s&rsquo;\u00e9l\u00e8vent \u00e0 une somme au moins \u00e9gale au montant des versements d\u00e9j\u00e0 op\u00e9r\u00e9s par les Compagnies.<\/p>\n\n\n\n<p>Lesdites Compagnies pourront demander la justification de l&#8217;emploi des fonds pr\u00e9c\u00e9demment vers\u00e9s avant de faire un nouveau versement.<\/p>\n\n\n\n<p>ART. 4. <strong>Les travaux seront ex\u00e9cut\u00e9s par l&rsquo;\u00c9tat<\/strong>. Ils seront imm\u00e9diatement entrepris au moyen du premier versement effectu\u00e9 par les Compagnies et seront ensuite continu\u00e9s, jusqu&rsquo;\u00e0 leur entier ach\u00e8vement, tant au moyen des versements ult\u00e9rieurs qu&rsquo;au moyen des fonds du Tr\u00e9sor public.<\/p>\n\n\n\n<p>ART. 5. Lorsque le chemin de fer de Paris \u00e0 Lyon sera conc\u00e9d\u00e9, la Compagnie concessionnaire sera tenue de verser au Tr\u00e9sor pareille somme d&rsquo;un million de francs (1,000,000), et elle entrera dans le syndicat aux m\u00eames titres que les autres Compagnies d\u00e9nomm\u00e9es dans le pr\u00e9sent acte de concession.<\/p>\n\n\n\n<p>Jusqu&rsquo;au moment de sa concession, le chemin de Paris \u00e0 Lyon, exploit\u00e9 par l&rsquo;\u00c9tat, jouira de tous les b\u00e9n\u00e9fices et avantages accord\u00e9s aux Compagnies concessionnaires, comme il participera \u00e0 toutes les charges de l&rsquo;exploitation, et sera repr\u00e9sent\u00e9, pour la formation du syndicat, par un d\u00e9l\u00e9gu\u00e9 du Ministre des Travaux publics. [<em>NdA : la ligne de Paris \u00e0 Lyon sera conc\u00e9d\u00e9e quelques jours plus tard, <a href=\"https:\/\/gallica.bnf.fr\/ark:\/12148\/bpt6k5831068n\/f236\">le 5 janvier 1852<\/a><\/em>.]<\/p>\n\n\n\n<p>ART. 6. <strong>Le chemin de ceinture partira des Batignolles<\/strong>, o\u00f9 il sera raccord\u00e9 aux chemins de Rouen et de l&rsquo;Ouest ; il passera <strong>sous les chemins du Nord et de Strasbourg<\/strong> et <strong>sera reli\u00e9 \u00e0 ces deux lignes<\/strong>. Il traversera, par un souterrain, les hauteurs de <strong>Belleville<\/strong>, et viendra ensuite se rattacher <strong>aux chemins de Lyon et d&rsquo;Orl\u00e9ans<\/strong> en franchissant la Seine <strong>sur un viaduc<\/strong>.<\/p>\n\n\n\n<p>Il sera \u00e9tabli avec <strong>deux voies sur tout son parcours<\/strong>, sans <strong>aucune gare ni station interm\u00e9diaire<\/strong>. Sa longueur totale, y compris les raccordements avec les chemins qu&rsquo;il relie, sera d&rsquo;environ <strong>seize kilom\u00e8tres<\/strong>. Les <strong>gares interm\u00e9diaires<\/strong> qui pourraient \u00eatre n\u00e9cessaires <strong>seront ult\u00e9rieurement \u00e9tablies par les Compagnies et \u00e0 leurs frais<\/strong>. <\/p>\n\n\n\n<p>ART. 7. Le chemin  de ceinture sera <strong>compos\u00e9 de trois sections<\/strong>, \u00e0 savoir : <\/p>\n\n\n\n<ol class=\"wp-block-list\"><li>Des gares des Batignolles aux abords des gares du Nord et de Strasbourg ;<\/li><li>De la gare de Strasbourg aux abords de la gare de Lyon ;<\/li><li>Et de la gare de Lyon aux abords de la gare d&rsquo;Orl\u00e9ans ;<\/li><\/ol>\n\n\n\n<p>ART. 8. Les Compagnies seront tenues de-prendre, livraison des sections, au fur et \u00e0 mesure de leur ach\u00e8vement entre deux gares, et sur la notification qui leur en sera faite. Il sera dress\u00e9 proc\u00e8s-verbal de cette livraison, et l&rsquo;exploitation devra \u00eatre imm\u00e9diatement commenc\u00e9e. La garantie de l&rsquo;\u00c9tat sera d&rsquo;un an pour les terrassements, et de deux ans pour les ouvrages d&rsquo;art et les maisons de gardes.<\/p>\n\n\n\n<p>Un an apr\u00e8s la livraison de chaque section, il sera proc\u00e9d\u00e9 \u00e0 une reconnaissance contradictoire, constat\u00e9e par un nouveau proc\u00e8s-verbal , lequel aura pour effet d&rsquo;affranchir l&rsquo;\u00c9tat de toute garantie, en ce qui concerne les terrassements, la garantie pour les ouvrages d&rsquo;art et les maisons de gardes ne cessant qu&rsquo;un an apr\u00e8s.<\/p>\n\n\n\n<p>En aucun cas, la responsabilit\u00e9 de l&rsquo;\u00c9tat, telle qu&rsquo;elle est r\u00e9gl\u00e9e par le pr\u00e9sent article et pour les diverses natures d&rsquo;ouvrages, ne pourra s&rsquo;\u00e9tendre au del\u00e0 de la garantie mat\u00e9rielle des travaux.<\/p>\n\n\n\n<p>ART. 9. \u00c0 dater de l&rsquo;entr\u00e9e en possession, d\u00e9finie au paragraphe 1er de l&rsquo;article pr\u00e9c\u00e9dent, les Compagnies resteront seules charg\u00e9es de l&rsquo;entretien des parties du chemin dont elles auront pris livraison, sans pr\u00e9judice de la garantie stipul\u00e9e au m\u00eame article.<\/p>\n\n\n\n<p>ART. 10. Imm\u00e9diatement apr\u00e8s la prise de possession d\u00e9finitive, par les Compagnies, de tout ou partie des travaux \u00e0 la charge de l&rsquo;\u00c9tat, il sera dress\u00e9 contradictoirement, entre l&rsquo;administration et lesdites Compagnies, un \u00e9tat des lieux.<\/p>\n\n\n\n<p>Cet \u00e9tat comprendra :<\/p>\n\n\n\n<p>1\u00b0 La description.de tous les terrains qui serviront d&#8217;emplacement au chemin de fer\u00a0\u00bb et \u00e0 ses d\u00e9pendances ;<\/p>\n\n\n\n<p>2\u00b0 L&rsquo;\u00e9tat des travaux d&rsquo;art et de terrassement comprenant les ponts, ponceaux, aqueducs, maisons de gardes et tous autres ouvrages.<\/p>\n\n\n\n<p>ART. 11. Les plans et profils de toute sorte seront communiqu\u00e9s aux Compagnies, sur leur demande, et elles seront admises \u00e0 pr\u00e9senter leurs observations. Elles seront autoris\u00e9es \u00e0 faire, \u00e0 leurs frais, des copies desdits plans et profils.<\/p>\n\n\n\n<p>ART. 12 et 13. Voir Cahier des charges de Lyon \u00e0 Avignon, art. 33 et 34, page 373.<\/p>\n\n\n\n<p>ART. 14. Faute par les Compagnies d&rsquo;avoir rempli les diverses obligations qui leur sont impos\u00e9es par le pr\u00e9sent cahier des charges, elles encourront la d\u00e9ch\u00e9ance, et il sera proc\u00e9d\u00e9 \u00e0 l&rsquo;adjudication de la concession sur les clauses et conditions dudit cahier des charg\u00e9s, et sur une mise \u00e0 prix qui sera fix\u00e9e par l&rsquo;Administration.<\/p>\n\n\n\n<p>ART. 15, 16, 17 et 18. Voir Cahier des charges de Lyon \u00e0 Avignon, art. 36. 37, 38, 39 et 41, pages 374, 375 et 376.<\/p>\n\n\n\n<p><strong>TARIF<\/strong>.<\/p>\n\n\n\n<p>Pour les <strong>voyageurs<\/strong> (par kilom\u00e8tre parcouru).:<\/p>\n\n\n\n<ul class=\"wp-block-list\"><li>Prix de transport 02 c  ;<\/li><li>P\u00e9age 03 c \u2192 05 c<\/li><\/ul>\n\n\n\n<p>Pour les <strong>marchandises<\/strong> (par tonne et par kilom\u00e8tre parcouru).:<\/p>\n\n\n\n<ul class=\"wp-block-list\"><li>Prix de transport 08 c ;<\/li><li>P\u00e9age 10 c \u2192 18 c<\/li><\/ul>\n\n\n\n<p>ART. 19. Voir Cahier des charges de Lyon \u00e0 Avignon, art. 47, page 330. <\/p>\n\n\n\n<p>ART. 20. Voir Cahier des charges de Lyon \u00e0 Avignon, art. 48, moins le dernier alin\u00e9a, page. 330.<\/p>\n\n\n\n<p>ART. 21. Les perceptions de toute nature, sur le chemin de ceinture, seront faites par le syndicat.<\/p>\n\n\n\n<p>Le syndicat <strong>tiendra compte \u00e0 chaque Compagnie de la moiti\u00e9 du p\u00e9age ci-dessus<\/strong> fix\u00e9 pour toutes les marchandises entrant dans la gare de cette Compagnie ou en sortant, et lui en versera le montant.<\/p>\n\n\n\n<p>En cas d&rsquo;abaissement du tarif, <strong>la diminution portera sur le prix de transport<\/strong>, et il ne sera fait sur le p\u00e9age d&rsquo;autres r\u00e9ductions que celles qui seraient consenties par la Compagnie qui y a droit. Cet abaissement du prix de transport ne pourra, avoir lieu qu&rsquo;autant que quatre Compagnies au moins y auront donn\u00e9 leur assentiment.<\/p>\n\n\n\n<p>Lorsque des marchandises seront exp\u00e9di\u00e9es de la gare d&rsquo;une des Compagnies concessionnaires \u00e0 un point interm\u00e9diaire sur le chemin de ceinture, ou d&rsquo;un point interm\u00e9diaire \u00e0 une gare desdites Compagnies, <strong>le syndicat tiendra compte de la totalit\u00e9 du p\u00e9age per\u00e7u \u00e0 la Compagnie exp\u00e9diteur ou \u00e0 la Compagnie destinataire<\/strong>.<\/p>\n\n\n\n<p>Le surplus des produits restera a la disposition du syndicat pour \u00eatre affect\u00e9 au paiement des <strong>d\u00e9penses de l&rsquo;exploitation, de la surveillance et de l&rsquo;entretien<\/strong>.<\/p>\n\n\n\n<p>En cas d&rsquo;exc\u00e9dant ou de d\u00e9ficit, <strong>le b\u00e9n\u00e9fice ou la perte seront r\u00e9partis en proportions \u00e9gales entre les Compagnies concessionnaires<\/strong>.<\/p>\n\n\n\n<p>ART. 22. <strong>La participation \u00e0 l&rsquo;exploitation du chemin de ceinture restera attach\u00e9e \u00e0 l&rsquo;exploitation des chemins de fer qu&rsquo;il est destin\u00e9 \u00e0 relier<\/strong>. A l&rsquo;expiration de la concession de chacun de ces chemins, ou en cas du rachat pr\u00e9vu par les-cahiers des charges, l&rsquo;\u00c9tat tiendra<br>compte \u00e0 la Compagnie de son droit de jouissance des produits du chemin de ceinture pendant les ann\u00e9es qui resteraient \u00e0 courir pour atteindre le d\u00e9lai de quatre-vingt-dix-neuf ans. <\/p>\n\n\n\n<p>L&rsquo;\u00e9valuation sera faite \u00e0 dire d&rsquo;experts, dans les formes pr\u00e9vues par les cahiers des charges,, pour la reprise, en fin de bail, du mat\u00e9riel et des approvisionnements des lignes conc\u00e9d\u00e9es,<\/p>\n\n\n\n<p>ART. 23. <strong>Les militaires ou marins<\/strong> voyageant isol\u00e9ment pour cause de service, envoy\u00e9s en cong\u00e9 pour appartenir \u00e0 la r\u00e9serve, envoy\u00e9s en cong\u00e9 limit\u00e9 et en permission, ou rentrant dans leurs foyers apr\u00e8s d\u00e9lib\u00e9ration, ne seront assujettis, eux et leur bagage, <strong>qu&rsquo;\u00e0 la moiti\u00e9 de la taxe du tarif ci-dessus fix\u00e9<\/strong>.<\/p>\n\n\n\n<p>Les <strong>troupes de toutes armes<\/strong> voyageant en corps et le <strong>mat\u00e9riel militaire ou naval<\/strong> seront <strong>transport\u00e9s gratuitement<\/strong>.<\/p>\n\n\n\n<p>ART. 24. Sont applicables au chemin de ceinture les dispositions des art 78, 79,80 et 81 du cahier des charges del\u00e0 concession du chemin de fer de Paris \u00e0 Strasbourg, relatives : <\/p>\n\n\n\n<ol class=\"wp-block-list\"><li>Au transport des ing\u00e9nieurs et des agents du contr\u00f4le de l&rsquo;exploitation des chemins de fer, des agents des contributions directes et des douanes ;<\/li><li>Au service des d\u00e9p\u00eaches ;<\/li><li>Au transport des voitures cellulaires ;<\/li><li>\u00c0 l&rsquo;\u00e9tablissement des lignes de t\u00e9l\u00e9graphie \u00e9lectrique.<\/li><\/ol>\n\n\n\n<p>ART. 25. Sont aussi applicables au chemin de ceinture les dispositions des articles 83, 84, 85, 86 dudit cahier des charges, relatives :<\/p>\n\n\n\n<ol class=\"wp-block-list\"><li>\u00c0 l&rsquo;ex\u00e9cution ult\u00e9rieure de ponts, de routes, canaux ou chemins de fer traversant le chemin de ceinture ou \u00e9tablis dans son voisinage;<\/li><li>\u00c0 la construction de chemins de fer d&#8217;embranchement ou de prolongement;<\/li><li>\u00c0 la travers\u00e9e des carri\u00e8res.<\/li><\/ol>\n\n\n\n<p>ART. 26. Voir Cahier des charges de Lyon \u00e0 Avignon, art. 60 page 386. . &#8211;<\/p>\n\n\n\n<p>ART. 27. Voir Cahier, des charges de Lyon \u00e0 Avignon , art. 62, page 386 ; mais la somme \u00e0 verser au Tr\u00e9sor est limit\u00e9e \u00e0 4,000 fr.<\/p>\n\n\n\n<p>ART. 28. Le syndicat devra faire \u00e9lection de domicile \u00e0 Paris.<\/p>\n\n\n\n<p>Dans le Cas de non-\u00e9lection de domicile, toute notification ou signification \u00e0 lui adress\u00e9e sera valable lorsqu&rsquo;elle sera faite au secr\u00e9tariat g\u00e9n\u00e9ral de la pr\u00e9fecture de la Seine.<\/p>\n\n\n\n<p>ART. 29 et 30. Voir Cahier des charges de Lyon \u00e0 Avignon, art. 64 et 66, page 387.<\/p>\n\n\n\n<p>ART. 31. Lesdites conventions ne seront passibles que du droit fixe d&rsquo;un franc.<\/p>\n\n\n\n<p>Arr\u00eat\u00e9 \u00e0 Paris, le 10 d\u00e9cembre 1851.<\/p>\n\n\n\n<p><strong>Le Ministre des Travaux publics, P. MAGNE. <\/strong><\/p>\n\n\n\n<figure class=\"wp-block-image size-large\"><img loading=\"lazy\" decoding=\"async\" width=\"1024\" height=\"682\" src=\"https:\/\/petiteceinture.org\/wp-content\/uploads\/2021\/07\/Gare-Vaugirard-030T_Ceinture_nume\u0301ro_24-1024x682.jpg\" alt=\"Petite Ceinture gare Vaugirard Locomotive\" class=\"wp-image-5042\" srcset=\"https:\/\/petiteceinture.org\/wp-content\/uploads\/2021\/07\/Gare-Vaugirard-030T_Ceinture_nume\u0301ro_24-1024x682.jpg 1024w, https:\/\/petiteceinture.org\/wp-content\/uploads\/2021\/07\/Gare-Vaugirard-030T_Ceinture_nume\u0301ro_24-300x200.jpg 300w, https:\/\/petiteceinture.org\/wp-content\/uploads\/2021\/07\/Gare-Vaugirard-030T_Ceinture_nume\u0301ro_24-768x512.jpg 768w, https:\/\/petiteceinture.org\/wp-content\/uploads\/2021\/07\/Gare-Vaugirard-030T_Ceinture_nume\u0301ro_24.jpg 1400w\" sizes=\"(max-width: 1024px) 100vw, 1024px\" \/><\/figure>\n\n\n\n<h2 class=\"wp-block-heading\" id=\"decretconcessionceinture\">D\u00e9cret de concession du chemin de fer de Ceinture du 11 d\u00e9cembre 1851<\/h2>\n\n\n\n<p><em>D\u00e9cret qui approuve la Convention pass\u00e9e entre le ministre des Travaux publics et les Compagnies des Chemins de fer de Paris \u00e0 Rouen, de Paris \u00e2 Orl\u00e9ans, de Paris \u00e0 Strasbourg et du Nord, pour la concession du Chemin de fer de ceinture.<\/em><\/p>\n\n\n\n<p>Sur le rapport du Ministre des Travaux publics,<\/p>\n\n\n\n<p>Vu le d\u00e9cret du 10 d\u00e9cembre 1851 et sp\u00e9cialement l&rsquo;art. 1er, ainsi con\u00e7u :<\/p>\n\n\n\n<p>\u00ab Il sera \u00e9tabli, \u00e0 l&rsquo;int\u00e9rieur du mur d&rsquo;enceinte des fortifications de Paris, un Chemin de fer de ceinture reliant les gares de l&rsquo;Ouest et Rouen, du Nord, de Strasbourg, de Lyon et d&rsquo;Orl\u00e9ans.<\/p>\n\n\n\n<p>Le Ministre des Travaux publics est autoris\u00e9 \u00e0 conc\u00e9der ce chemin de fer aux Compagnies r\u00e9unies des chemins de fer de Paris \u00e0 Rouen, de Paris \u00e0 Orl\u00e9ans, de Paris \u00e0 Strasbourg, et du Nord, sous les r\u00e9serves et aux clauses et conditions du cahier des charges ci-annex\u00e9 (1) \u00bb<\/p>\n\n\n\n<p>Vu l&rsquo;art. 30 du cahier des charges, ainsi con\u00e7u :<\/p>\n\n\n\n<p>\u00ab Les conventions \u00e0 passer avec le Ministre des Travaux publics, en ex\u00e9cution du pr\u00e9sent acte, devront \u00eatre r\u00e9gl\u00e9es par des d\u00e9crets du Pr\u00e9sident de la R\u00e9publique ; \u00bb<\/p>\n\n\n\n<p>Vu la convention provisoire, pass\u00e9e le 10 d\u00e9cembre 1851, entre le Ministre des Travaux publics, agissant au nom de l&rsquo;\u00c9tat, et les administrateurs repr\u00e9sentant chacune des quatre Compagnies anonymes concessionnaires des chemins de fer de Paris \u00e0 Rouen, de Paris \u00e0 Orl\u00e9ans, de Paris \u00e0 Strasbourg, et du Nord,<\/p>\n\n\n\n<p>D\u00c9CR\u00c8TE :<\/p>\n\n\n\n<p>ART. 1. La convention provisoire pass\u00e9e, le 10 d\u00e9cembre 1851, entre le <strong>Ministre des Travaux publics<\/strong>, agissant au nom de l&rsquo;\u00c9tat, et les administrateurs repr\u00e9sentant les quatre Compagnies anonymes concessionnaires des <strong>chemins de fer de Paris \u00e0 Rouen<\/strong>, <strong>de Paris \u00e0 Orl\u00e9ans<\/strong>, <strong>de Paris \u00e0 Strasbourg<\/strong>, et du <strong>Nord<\/strong>, est et demeure approuv\u00e9e.<\/p>\n\n\n\n<p>En cons\u00e9quence, toutes les clauses et Conditions stipul\u00e9es dans ladite convention, tant \u00e0 la charge de l&rsquo;\u00c9tat qu&rsquo;\u00e0 la charge des autres parties contractantes, <strong>recevront leur pleine et enti\u00e8re ex\u00e9cution.<\/strong><\/p>\n\n\n\n<p>ART. 2. La convention ci-dessus mentionn\u00e9e sera annex\u00e9e au pr\u00e9sent d\u00e9cret.<\/p>\n\n\n\n<p>ART. 3. Le <strong>Ministre des Travaux publics<\/strong> est charg\u00e9 de l&rsquo;ex\u00e9cution dudit d\u00e9cret, lequel sera ins\u00e9r\u00e9 au Bulletin des lois.<\/p>\n\n\n\n<figure class=\"wp-block-image size-full\"><img loading=\"lazy\" decoding=\"async\" width=\"1000\" height=\"639\" src=\"https:\/\/petiteceinture.org\/wp-content\/uploads\/2020\/12\/est-ceinture.jpg\" alt=\"\" class=\"wp-image-3171\" srcset=\"https:\/\/petiteceinture.org\/wp-content\/uploads\/2020\/12\/est-ceinture.jpg 1000w, https:\/\/petiteceinture.org\/wp-content\/uploads\/2020\/12\/est-ceinture-300x192.jpg 300w, https:\/\/petiteceinture.org\/wp-content\/uploads\/2020\/12\/est-ceinture-768x491.jpg 768w\" sizes=\"(max-width: 1000px) 100vw, 1000px\" \/><\/figure>\n\n\n\n<h2 class=\"wp-block-heading\" id=\"raccchapelle\">Raccordement entre La Chapelle et la Villette : d\u00e9cret du 10 d\u00e9cembre 1851<\/h2>\n\n\n\n<p><em>D\u00c9CRET DU PR\u00c9SIDENT DE LA R\u00c9PUBLIQUE qui autorise les compagnies concessionnaires des chemins de fer du Nord et de Strasbourg \u00e0 \u00e9tablir un chemin de fer de raccordement entre les gares de la Chapelle et de la Villette<\/em>.<\/p>\n\n\n\n<p>ART. 1er Les compagnies concessionnaires des <strong>chemins de fer ou Nord et de Strasbourg<\/strong> sont <strong>autoris\u00e9es \u00e0 \u00e9tablir un chemin de fer de raccordement<\/strong> entre les gares de <strong>la Chapelle<\/strong> et de <strong>la Villette<\/strong>, aux clauses et conditions du cahier des charges arr\u00eat\u00e9, le 9 d\u00e9cembre 1831, par le ministre des travaux publics.<\/p>\n\n\n\n<p>Ce cahier des charges restera annex\u00e9 au pr\u00e9sent d\u00e9cret.<\/p>\n\n\n\n<p>2. Le <strong>ministre des travaux publics<\/strong> est charg\u00e9 de l&rsquo;ex\u00e9cution du pr\u00e9sent d\u00e9cret, lequel sera ins\u00e9r\u00e9 au Bulletin des lois.<\/p>\n\n\n\n<figure class=\"wp-block-image size-large\"><img loading=\"lazy\" decoding=\"async\" width=\"1024\" height=\"630\" src=\"https:\/\/petiteceinture.org\/wp-content\/uploads\/2020\/12\/carte-chapelle-charbon-evangile-1400-1024x630.jpg\" alt=\"\" class=\"wp-image-2886\" srcset=\"https:\/\/petiteceinture.org\/wp-content\/uploads\/2020\/12\/carte-chapelle-charbon-evangile-1400-1024x630.jpg 1024w, https:\/\/petiteceinture.org\/wp-content\/uploads\/2020\/12\/carte-chapelle-charbon-evangile-1400-300x185.jpg 300w, https:\/\/petiteceinture.org\/wp-content\/uploads\/2020\/12\/carte-chapelle-charbon-evangile-1400-768x473.jpg 768w, https:\/\/petiteceinture.org\/wp-content\/uploads\/2020\/12\/carte-chapelle-charbon-evangile-1400.jpg 1400w\" sizes=\"(max-width: 1024px) 100vw, 1024px\" \/><figcaption>Carte d&rsquo;ensemble de zone dite \u00ab\u00a0de l&rsquo;\u00c9vangile\u00a0\u00bb vers 1880. On y distingue, au centre, le \u00ab\u00a0raccordement des Chemins du Nord et de l&rsquo;Est\u00a0\u00bb, qui traverse \u00e0 niveau le rond-point de la Chapelle. <\/figcaption><\/figure>\n\n\n\n<p><em><strong>Cahier de charges pour l&rsquo;\u00e9tablissement d&rsquo;un chemin de fer de raccordement entre les gares de la Chapelle et de la Villette.<\/strong><\/em><\/p>\n\n\n\n<p>ART. 1er. Le chemin de fer de raccordement <strong>entre les gares des chemins de fer du Nord et de Paris \u00e0 Strasbourg<\/strong> sera \u00e9tabli, <strong>dans le d\u00e9lai d&rsquo;un an<\/strong>, aux frais des compagnies concessionnaires de ces deux chemins, et sera exploit\u00e9 par lesdites compagnies.<\/p>\n\n\n\n<p>2. Ce chemin de fer <strong>partira de la gare des marchandises du chemin de fer du Nord \u00e0 la Chapelle<\/strong>, traversera \u00e0 niveau, au rond-point, la <strong>route nationale n\u00b0 1<\/strong>, de Paris \u00e0 Calais, et <strong>aboutira \u00e0 la gare des marchandises du chemin de fer de Strasbourg, \u00e0 la Villette<\/strong>.<\/p>\n\n\n\n<p>3. Sont applicables \u00e0 ce raccordement les dispositions g\u00e9n\u00e9rales du cahier des charges de la concession du chemin de fer du Nord.<\/p>\n\n\n\n<p>4. Le <strong>chemin de fer de ceinture<\/strong>, conc\u00e9d\u00e9 par d\u00e9cret en date de ce jour, <strong>se reliera aux gares des chemins du Nord et de Strasbourg au moyens de ce raccordement<\/strong>. Les trains d&rsquo;exploitation du chemin de ceinture circuleront sur le raccordement comme sur le chemin principal et aux m\u00eames clauses et conditions, sans \u00eatre assujettis \u00e0 aucun p\u00e9age particulier. &#8211;<\/p>\n\n\n\n<p>5. La participation \u00e0 l&rsquo;exploitation de ce raccordement restera attach\u00e9e \u00e0 l&rsquo;exploitation des chemins de fer qu&rsquo;il est destin\u00e9 \u00e0 relier.<\/p>\n\n\n\n<p>\u00c0 l&rsquo;expiration de la concession de chacun de ces chemins, ou en cas du rachat pr\u00e9vu par le<br>cahier de charges, l&rsquo;Etat entrera en possession du raccordement en m\u00eame temps que de la ligne principale et aux m\u00eames conditions. <\/p>\n\n\n\n<p>6. Le pr\u00e9sent cahier de charges ne sera passible que du droit fixe d&rsquo;un franc.<\/p>\n\n\n\n<p><strong>Arr\u00eat\u00e9 le 9 d\u00e9cembre 1851.<\/strong><\/p>\n\n\n\n<h2 class=\"wp-block-heading\">Sources<\/h2>\n\n\n\n<ul class=\"wp-block-list\"><li><a href=\"http:\/\/Bulletin annot\u00e9 des lois, ordonnances, d\u00e9crets, arr\u00eat\u00e9s, etc\">Bulletin annot\u00e9 des lois, ordonnances, d\u00e9crets, arr\u00eat\u00e9s, etc<\/a>, France, d\u00e9cret du Pr\u00e9sident de la R\u00e9publique du 10 d\u00e9cembre 1851, portant qu&rsquo;il sera \u00e9tabli \u00e0 l&rsquo;int\u00e9rieur du mur d&rsquo;enceinte des fortifications de Paris, un chemin de fer de ceinture reliant laes gares de l&rsquo;Ouest et de Rouen, du Nord, de Strasbourg, de Lyon et d&rsquo;Orl\u00e9ans<\/li><li><a href=\"https:\/\/gallica.bnf.fr\/ark:\/12148\/bpt6k5831068n\/f391\">Annuaire-Chaix : annuaire officiel des chemins de fer<\/a>, Cahier des charges pour la concession du chemin de fer de Ceinture, 10 d\u00e9cembre 1851<\/li><li><a href=\"https:\/\/gallica.bnf.fr\/ark:\/12148\/bpt6k6461921d\/f296.item\">Bulletin annot\u00e9 des lois, ordonnances, d\u00e9crets, arr\u00eat\u00e9s, etc<\/a>, France, d\u00e9cret du Pr\u00e9sident de la R\u00e9publique du 11 d\u00e9cembre 1851, qui approuve la convention pas\u00e9e entre le ministre des travaux publics et les compagnies des chemins de fer de Paris \u00e0 Rouen, de Paris \u00e0 Orl\u00e9ans, de paris \u00e0 stasbourg, et du Nord, pour la concession du chemin de fer de Ceinture<\/li><li><a href=\"https:\/\/gallica.bnf.fr\/ark:\/12148\/bpt6k6461921d\/f294.item\">Bulletin annot\u00e9 des lois, ordonnances, d\u00e9crets, arr\u00eat\u00e9s, etc<\/a>, France, d\u00e9cret du Pr\u00e9sident de la R\u00e9publique du 10 d\u00e9cembre 1851, qui autorise les compagnies concessionnaires des chemins de fer du Nord et de Strasbourg \u00e0 \u00e9tablir un chemin de fer de raccordement entre les gares de la Chapelle et de la Villette.<\/li><\/ul>\n","protected":false},"excerpt":{"rendered":"<p>Le 10 d\u00e9cembre 1851, Napol\u00e9on III signe le d\u00e9cret donnant naissance \u00e0 la Petite Ceinture ferroviaire de Paris. Retour sur un texte fondateur.&nbsp;<\/p>","protected":false},"author":6,"featured_media":1521,"parent":1715,"menu_order":8,"comment_status":"closed","ping_status":"closed","template":"","meta":{"wp_typography_post_enhancements_disabled":false,"ocean_post_layout":"","ocean_both_sidebars_style":"","ocean_both_sidebars_content_width":0,"ocean_both_sidebars_sidebars_width":0,"ocean_sidebar":"0","ocean_second_sidebar":"0","ocean_disable_margins":"enable","ocean_add_body_class":"","ocean_shortcode_before_top_bar":"","ocean_shortcode_after_top_bar":"","ocean_shortcode_before_header":"","ocean_shortcode_after_header":"","ocean_has_shortcode":"","ocean_shortcode_after_title":"","ocean_shortcode_before_footer_widgets":"","ocean_shortcode_after_footer_widgets":"","ocean_shortcode_before_footer_bottom":"","ocean_shortcode_after_footer_bottom":"","ocean_display_top_bar":"default","ocean_display_header":"on","ocean_header_style":"","ocean_center_header_left_menu":"0","ocean_custom_header_template":"0","ocean_custom_logo":0,"ocean_custom_retina_logo":0,"ocean_custom_logo_max_width":0,"ocean_custom_logo_tablet_max_width":0,"ocean_custom_logo_mobile_max_width":0,"ocean_custom_logo_max_height":0,"ocean_custom_logo_tablet_max_height":0,"ocean_custom_logo_mobile_max_height":0,"ocean_header_custom_menu":"0","ocean_menu_typo_font_family":"0","ocean_menu_typo_font_subset":"","ocean_menu_typo_font_size":0,"ocean_menu_typo_font_size_tablet":0,"ocean_menu_typo_font_size_mobile":0,"ocean_menu_typo_font_size_unit":"px","ocean_menu_typo_font_weight":"","ocean_menu_typo_font_weight_tablet":"","ocean_menu_typo_font_weight_mobile":"","ocean_menu_typo_transform":"","ocean_menu_typo_transform_tablet":"","ocean_menu_typo_transform_mobile":"","ocean_menu_typo_line_height":0,"ocean_menu_typo_line_height_tablet":0,"ocean_menu_typo_line_height_mobile":0,"ocean_menu_typo_line_height_unit":"","ocean_menu_typo_spacing":0,"ocean_menu_typo_spacing_tablet":0,"ocean_menu_typo_spacing_mobile":0,"ocean_menu_typo_spacing_unit":"","ocean_menu_link_color":"","ocean_menu_link_color_hover":"","ocean_menu_link_color_active":"","ocean_menu_link_background":"","ocean_menu_link_hover_background":"","ocean_menu_link_active_background":"","ocean_menu_social_links_bg":"","ocean_menu_social_hover_links_bg":"","ocean_menu_social_links_color":"","ocean_menu_social_hover_links_color":"","ocean_disable_title":"enable","ocean_disable_heading":"enable","ocean_post_title":"","ocean_post_subheading":"","ocean_post_title_style":"background-image","ocean_post_title_background_color":"","ocean_post_title_background":1521,"ocean_post_title_bg_image_position":"center center","ocean_post_title_bg_image_attachment":"","ocean_post_title_bg_image_repeat":"","ocean_post_title_bg_image_size":"","ocean_post_title_height":0,"ocean_post_title_bg_overlay":0.5,"ocean_post_title_bg_overlay_color":"","ocean_disable_breadcrumbs":"default","ocean_breadcrumbs_color":"","ocean_breadcrumbs_separator_color":"","ocean_breadcrumbs_links_color":"","ocean_breadcrumbs_links_hover_color":"","ocean_display_footer_widgets":"default","ocean_display_footer_bottom":"default","ocean_custom_footer_template":"0","ofc_meta_disable_footer_callout":"","ofc_meta_callout_button_url":"","ofc_meta_callout_button_txt":"","ofc_meta_callout_text":"","ofc_enable_fullscreen":"disable","ofc_fullscreen_speed":0,"ofc_fullscreen_nav":"enable","ofc_fullscreen_nav_pos":"right","ofc_fullscreen_nav_color":"","ofc_fullscreen_nav_tooltip_color":"","ofc_fullscreen_responsive":0,"footnotes":""},"class_list":["post-5392","page","type-page","status-publish","has-post-thumbnail","hentry","entry","has-media"],"yoast_head":"<!-- This site is optimized with the Yoast SEO plugin v27.4 - https:\/\/yoast.com\/product\/yoast-seo-wordpress\/ -->\n<title>L&#039;acte de naissance de la Petite Ceinture ferroviaire de Paris : le d\u00e9cret du 10 d\u00e9cembre 1851 - ASPCRF<\/title>\n<meta name=\"description\" content=\"Le 10 d\u00e9cembre 1851, Napol\u00e9on III signe le d\u00e9cret donnant naissance \u00e0 la Petite Ceinture ferroviaire de Paris. Retour sur un texte fondateur.\" \/>\n<meta name=\"robots\" content=\"index, follow, max-snippet:-1, max-image-preview:large, max-video-preview:-1\" \/>\n<link rel=\"canonical\" href=\"https:\/\/petiteceinture.org\/en\/the-line\/histoire-petite-ceinture\/acte-naissance-petite-ceinture-decret-10-decembre-1851\/\" \/>\n<meta property=\"og:locale\" content=\"en_GB\" \/>\n<meta property=\"og:type\" content=\"article\" \/>\n<meta property=\"og:title\" content=\"L&#039;acte de naissance de la Petite Ceinture ferroviaire de Paris : le d\u00e9cret du 10 d\u00e9cembre 1851 - ASPCRF\" \/>\n<meta property=\"og:description\" content=\"Le 10 d\u00e9cembre 1851, Napol\u00e9on III signe le d\u00e9cret donnant naissance \u00e0 la Petite Ceinture ferroviaire de Paris. Retour sur un texte fondateur.\" \/>\n<meta property=\"og:url\" content=\"https:\/\/petiteceinture.org\/en\/the-line\/histoire-petite-ceinture\/acte-naissance-petite-ceinture-decret-10-decembre-1851\/\" \/>\n<meta property=\"og:site_name\" content=\"Association Sauvegarde Petite Ceinture\" \/>\n<meta property=\"article:publisher\" content=\"https:\/\/www.facebook.com\/pages\/Petite-Ceinture-Ferroviaire-de-Paris\/384748434945135\" \/>\n<meta property=\"article:modified_time\" content=\"2023-12-27T10:55:55+00:00\" \/>\n<meta property=\"og:image\" content=\"https:\/\/petiteceinture.org\/wp-content\/uploads\/2020\/07\/inauguration-petite-ceinture-1852-the-illustrated-london-news-29-janvier-1853.jpg\" \/>\n\t<meta property=\"og:image:width\" content=\"800\" \/>\n\t<meta property=\"og:image:height\" content=\"428\" \/>\n\t<meta property=\"og:image:type\" content=\"image\/jpeg\" \/>\n<meta name=\"twitter:card\" content=\"summary_large_image\" \/>\n<meta name=\"twitter:site\" content=\"@aspcrf\" \/>\n<meta name=\"twitter:label1\" content=\"Estimated reading time\" \/>\n\t<meta name=\"twitter:data1\" content=\"19 minutes\" \/>\n<script type=\"application\/ld+json\" class=\"yoast-schema-graph\">{\"@context\":\"https:\\\/\\\/schema.org\",\"@graph\":[{\"@type\":\"WebPage\",\"@id\":\"https:\\\/\\\/petiteceinture.org\\\/la-ligne\\\/histoire-petite-ceinture\\\/acte-naissance-petite-ceinture-decret-10-decembre-1851\\\/\",\"url\":\"https:\\\/\\\/petiteceinture.org\\\/la-ligne\\\/histoire-petite-ceinture\\\/acte-naissance-petite-ceinture-decret-10-decembre-1851\\\/\",\"name\":\"L'acte de naissance de la Petite Ceinture ferroviaire de Paris : le d\u00e9cret du 10 d\u00e9cembre 1851 - ASPCRF\",\"isPartOf\":{\"@id\":\"https:\\\/\\\/petiteceinture.org\\\/#website\"},\"primaryImageOfPage\":{\"@id\":\"https:\\\/\\\/petiteceinture.org\\\/la-ligne\\\/histoire-petite-ceinture\\\/acte-naissance-petite-ceinture-decret-10-decembre-1851\\\/#primaryimage\"},\"image\":{\"@id\":\"https:\\\/\\\/petiteceinture.org\\\/la-ligne\\\/histoire-petite-ceinture\\\/acte-naissance-petite-ceinture-decret-10-decembre-1851\\\/#primaryimage\"},\"thumbnailUrl\":\"https:\\\/\\\/petiteceinture.org\\\/wp-content\\\/uploads\\\/2020\\\/07\\\/inauguration-petite-ceinture-1852-the-illustrated-london-news-29-janvier-1853.jpg\",\"datePublished\":\"2021-12-09T14:56:22+00:00\",\"dateModified\":\"2023-12-27T10:55:55+00:00\",\"description\":\"Le 10 d\u00e9cembre 1851, Napol\u00e9on III signe le d\u00e9cret donnant naissance \u00e0 la Petite Ceinture ferroviaire de Paris. Retour sur un texte fondateur.\",\"breadcrumb\":{\"@id\":\"https:\\\/\\\/petiteceinture.org\\\/la-ligne\\\/histoire-petite-ceinture\\\/acte-naissance-petite-ceinture-decret-10-decembre-1851\\\/#breadcrumb\"},\"inLanguage\":\"en-GB\",\"potentialAction\":[{\"@type\":\"ReadAction\",\"target\":[\"https:\\\/\\\/petiteceinture.org\\\/la-ligne\\\/histoire-petite-ceinture\\\/acte-naissance-petite-ceinture-decret-10-decembre-1851\\\/\"]}]},{\"@type\":\"ImageObject\",\"inLanguage\":\"en-GB\",\"@id\":\"https:\\\/\\\/petiteceinture.org\\\/la-ligne\\\/histoire-petite-ceinture\\\/acte-naissance-petite-ceinture-decret-10-decembre-1851\\\/#primaryimage\",\"url\":\"https:\\\/\\\/petiteceinture.org\\\/wp-content\\\/uploads\\\/2020\\\/07\\\/inauguration-petite-ceinture-1852-the-illustrated-london-news-29-janvier-1853.jpg\",\"contentUrl\":\"https:\\\/\\\/petiteceinture.org\\\/wp-content\\\/uploads\\\/2020\\\/07\\\/inauguration-petite-ceinture-1852-the-illustrated-london-news-29-janvier-1853.jpg\",\"width\":800,\"height\":428,\"caption\":\"D\u00e9cret Petite Ceinture\"},{\"@type\":\"BreadcrumbList\",\"@id\":\"https:\\\/\\\/petiteceinture.org\\\/la-ligne\\\/histoire-petite-ceinture\\\/acte-naissance-petite-ceinture-decret-10-decembre-1851\\\/#breadcrumb\",\"itemListElement\":[{\"@type\":\"ListItem\",\"position\":1,\"name\":\"Accueil\",\"item\":\"https:\\\/\\\/petiteceinture.org\\\/\"},{\"@type\":\"ListItem\",\"position\":2,\"name\":\"La petite ceinture ferroviaire de paris\",\"item\":\"https:\\\/\\\/petiteceinture.org\\\/la-ligne\\\/\"},{\"@type\":\"ListItem\",\"position\":3,\"name\":\"Histoire de la Petite Ceinture\",\"item\":\"https:\\\/\\\/petiteceinture.org\\\/la-ligne\\\/histoire-petite-ceinture\\\/\"},{\"@type\":\"ListItem\",\"position\":4,\"name\":\"L&#8217;acte de naissance de la Petite Ceinture ferroviaire de Paris : le d\u00e9cret du 10 d\u00e9cembre 1851\"}]},{\"@type\":\"WebSite\",\"@id\":\"https:\\\/\\\/petiteceinture.org\\\/#website\",\"url\":\"https:\\\/\\\/petiteceinture.org\\\/\",\"name\":\"Association Sauvegarde Petite Ceinture\",\"description\":\"Association pour la Sauvegarde de la Petite Ceinture et de son r\u00e9seau ferr\u00e9\",\"publisher\":{\"@id\":\"https:\\\/\\\/petiteceinture.org\\\/#organization\"},\"potentialAction\":[{\"@type\":\"SearchAction\",\"target\":{\"@type\":\"EntryPoint\",\"urlTemplate\":\"https:\\\/\\\/petiteceinture.org\\\/?s={search_term_string}\"},\"query-input\":{\"@type\":\"PropertyValueSpecification\",\"valueRequired\":true,\"valueName\":\"search_term_string\"}}],\"inLanguage\":\"en-GB\"},{\"@type\":\"Organization\",\"@id\":\"https:\\\/\\\/petiteceinture.org\\\/#organization\",\"name\":\"Association Sauvegarde de la Petite Ceinture et de son R\u00e9seau Ferr\u00e9\",\"url\":\"https:\\\/\\\/petiteceinture.org\\\/\",\"logo\":{\"@type\":\"ImageObject\",\"inLanguage\":\"en-GB\",\"@id\":\"https:\\\/\\\/petiteceinture.org\\\/#\\\/schema\\\/logo\\\/image\\\/\",\"url\":\"https:\\\/\\\/petiteceinture.org\\\/wp-content\\\/uploads\\\/2020\\\/01\\\/Logo-SPC-fond-blanc-200.png\",\"contentUrl\":\"https:\\\/\\\/petiteceinture.org\\\/wp-content\\\/uploads\\\/2020\\\/01\\\/Logo-SPC-fond-blanc-200.png\",\"width\":200,\"height\":206,\"caption\":\"Association Sauvegarde de la Petite Ceinture et de son R\u00e9seau Ferr\u00e9\"},\"image\":{\"@id\":\"https:\\\/\\\/petiteceinture.org\\\/#\\\/schema\\\/logo\\\/image\\\/\"},\"sameAs\":[\"https:\\\/\\\/www.facebook.com\\\/pages\\\/Petite-Ceinture-Ferroviaire-de-Paris\\\/384748434945135\",\"https:\\\/\\\/x.com\\\/aspcrf\",\"https:\\\/\\\/www.instagram.com\\\/petiteceintureparis\",\"https:\\\/\\\/www.pinterest.fr\\\/petiteceintureparis\\\/\",\"https:\\\/\\\/www.youtube.com\\\/channel\\\/UC-HE5oJlzq506aGkEsaZzWA\"]}]}<\/script>\n<!-- \/ Yoast SEO plugin. -->","yoast_head_json":{"title":"L\u2019acte de naissance de la Petite Ceinture ferroviaire de Paris&nbsp;: le d\u00e9cret du 10 d\u00e9cembre 1851 \u2013 ASPCRF","description":"Le 10 d\u00e9cembre 1851, Napol\u00e9on III signe le d\u00e9cret donnant naissance \u00e0 la Petite Ceinture ferroviaire de Paris. Retour sur un texte fondateur.","robots":{"index":"index","follow":"follow","max-snippet":"max-snippet:-1","max-image-preview":"max-image-preview:large","max-video-preview":"max-video-preview:-1"},"canonical":"https:\/\/petiteceinture.org\/en\/the-line\/histoire-petite-ceinture\/acte-naissance-petite-ceinture-decret-10-decembre-1851\/","og_locale":"en_GB","og_type":"article","og_title":"L'acte de naissance de la Petite Ceinture ferroviaire de Paris : le d\u00e9cret du 10 d\u00e9cembre 1851 - ASPCRF","og_description":"Le 10 d\u00e9cembre 1851, Napol\u00e9on III signe le d\u00e9cret donnant naissance \u00e0 la Petite Ceinture ferroviaire de Paris. Retour sur un texte fondateur.","og_url":"https:\/\/petiteceinture.org\/en\/the-line\/histoire-petite-ceinture\/acte-naissance-petite-ceinture-decret-10-decembre-1851\/","og_site_name":"Association Sauvegarde Petite Ceinture","article_publisher":"https:\/\/www.facebook.com\/pages\/Petite-Ceinture-Ferroviaire-de-Paris\/384748434945135","article_modified_time":"2023-12-27T10:55:55+00:00","og_image":[{"width":800,"height":428,"url":"https:\/\/petiteceinture.org\/wp-content\/uploads\/2020\/07\/inauguration-petite-ceinture-1852-the-illustrated-london-news-29-janvier-1853.jpg","type":"image\/jpeg"}],"twitter_card":"summary_large_image","twitter_site":"@aspcrf","twitter_misc":{"Estimated reading time":"19 minutes"},"schema":{"@context":"https:\/\/schema.org","@graph":[{"@type":"WebPage","@id":"https:\/\/petiteceinture.org\/la-ligne\/histoire-petite-ceinture\/acte-naissance-petite-ceinture-decret-10-decembre-1851\/","url":"https:\/\/petiteceinture.org\/la-ligne\/histoire-petite-ceinture\/acte-naissance-petite-ceinture-decret-10-decembre-1851\/","name":"L\u2019acte de naissance de la Petite Ceinture ferroviaire de Paris&nbsp;: le d\u00e9cret du 10 d\u00e9cembre 1851 \u2013 ASPCRF","isPartOf":{"@id":"https:\/\/petiteceinture.org\/#website"},"primaryImageOfPage":{"@id":"https:\/\/petiteceinture.org\/la-ligne\/histoire-petite-ceinture\/acte-naissance-petite-ceinture-decret-10-decembre-1851\/#primaryimage"},"image":{"@id":"https:\/\/petiteceinture.org\/la-ligne\/histoire-petite-ceinture\/acte-naissance-petite-ceinture-decret-10-decembre-1851\/#primaryimage"},"thumbnailUrl":"https:\/\/petiteceinture.org\/wp-content\/uploads\/2020\/07\/inauguration-petite-ceinture-1852-the-illustrated-london-news-29-janvier-1853.jpg","datePublished":"2021-12-09T14:56:22+00:00","dateModified":"2023-12-27T10:55:55+00:00","description":"Le 10 d\u00e9cembre 1851, Napol\u00e9on III signe le d\u00e9cret donnant naissance \u00e0 la Petite Ceinture ferroviaire de Paris. Retour sur un texte fondateur.","breadcrumb":{"@id":"https:\/\/petiteceinture.org\/la-ligne\/histoire-petite-ceinture\/acte-naissance-petite-ceinture-decret-10-decembre-1851\/#breadcrumb"},"inLanguage":"en-GB","potentialAction":[{"@type":"ReadAction","target":["https:\/\/petiteceinture.org\/la-ligne\/histoire-petite-ceinture\/acte-naissance-petite-ceinture-decret-10-decembre-1851\/"]}]},{"@type":"ImageObject","inLanguage":"en-GB","@id":"https:\/\/petiteceinture.org\/la-ligne\/histoire-petite-ceinture\/acte-naissance-petite-ceinture-decret-10-decembre-1851\/#primaryimage","url":"https:\/\/petiteceinture.org\/wp-content\/uploads\/2020\/07\/inauguration-petite-ceinture-1852-the-illustrated-london-news-29-janvier-1853.jpg","contentUrl":"https:\/\/petiteceinture.org\/wp-content\/uploads\/2020\/07\/inauguration-petite-ceinture-1852-the-illustrated-london-news-29-janvier-1853.jpg","width":800,"height":428,"caption":"D\u00e9cret Petite Ceinture"},{"@type":"BreadcrumbList","@id":"https:\/\/petiteceinture.org\/la-ligne\/histoire-petite-ceinture\/acte-naissance-petite-ceinture-decret-10-decembre-1851\/#breadcrumb","itemListElement":[{"@type":"ListItem","position":1,"name":"Accueil","item":"https:\/\/petiteceinture.org\/"},{"@type":"ListItem","position":2,"name":"La petite ceinture ferroviaire de paris","item":"https:\/\/petiteceinture.org\/la-ligne\/"},{"@type":"ListItem","position":3,"name":"Histoire de la Petite Ceinture","item":"https:\/\/petiteceinture.org\/la-ligne\/histoire-petite-ceinture\/"},{"@type":"ListItem","position":4,"name":"L&#8217;acte de naissance de la Petite Ceinture ferroviaire de Paris : le d\u00e9cret du 10 d\u00e9cembre 1851"}]},{"@type":"WebSite","@id":"https:\/\/petiteceinture.org\/#website","url":"https:\/\/petiteceinture.org\/","name":"Association Sauvegarde Petite Ceinture","description":"Association for the Safeguarding of the Petite Ceinture and its Rail Network","publisher":{"@id":"https:\/\/petiteceinture.org\/#organization"},"potentialAction":[{"@type":"SearchAction","target":{"@type":"EntryPoint","urlTemplate":"https:\/\/petiteceinture.org\/?s={search_term_string}"},"query-input":{"@type":"PropertyValueSpecification","valueRequired":true,"valueName":"search_term_string"}}],"inLanguage":"en-GB"},{"@type":"Organization","@id":"https:\/\/petiteceinture.org\/#organization","name":"Association for the Safeguard of the Petite Ceinture and its Railway Network","url":"https:\/\/petiteceinture.org\/","logo":{"@type":"ImageObject","inLanguage":"en-GB","@id":"https:\/\/petiteceinture.org\/#\/schema\/logo\/image\/","url":"https:\/\/petiteceinture.org\/wp-content\/uploads\/2020\/01\/Logo-SPC-fond-blanc-200.png","contentUrl":"https:\/\/petiteceinture.org\/wp-content\/uploads\/2020\/01\/Logo-SPC-fond-blanc-200.png","width":200,"height":206,"caption":"Association Sauvegarde de la Petite Ceinture et de son R\u00e9seau Ferr\u00e9"},"image":{"@id":"https:\/\/petiteceinture.org\/#\/schema\/logo\/image\/"},"sameAs":["https:\/\/www.facebook.com\/pages\/Petite-Ceinture-Ferroviaire-de-Paris\/384748434945135","https:\/\/x.com\/aspcrf","https:\/\/www.instagram.com\/petiteceintureparis","https:\/\/www.pinterest.fr\/petiteceintureparis\/","https:\/\/www.youtube.com\/channel\/UC-HE5oJlzq506aGkEsaZzWA"]}]}},"_links":{"self":[{"href":"https:\/\/petiteceinture.org\/en\/wp-json\/wp\/v2\/pages\/5392","targetHints":{"allow":["GET"]}}],"collection":[{"href":"https:\/\/petiteceinture.org\/en\/wp-json\/wp\/v2\/pages"}],"about":[{"href":"https:\/\/petiteceinture.org\/en\/wp-json\/wp\/v2\/types\/page"}],"author":[{"embeddable":true,"href":"https:\/\/petiteceinture.org\/en\/wp-json\/wp\/v2\/users\/6"}],"replies":[{"embeddable":true,"href":"https:\/\/petiteceinture.org\/en\/wp-json\/wp\/v2\/comments?post=5392"}],"version-history":[{"count":16,"href":"https:\/\/petiteceinture.org\/en\/wp-json\/wp\/v2\/pages\/5392\/revisions"}],"predecessor-version":[{"id":6369,"href":"https:\/\/petiteceinture.org\/en\/wp-json\/wp\/v2\/pages\/5392\/revisions\/6369"}],"up":[{"embeddable":true,"href":"https:\/\/petiteceinture.org\/en\/wp-json\/wp\/v2\/pages\/1715"}],"wp:featuredmedia":[{"embeddable":true,"href":"https:\/\/petiteceinture.org\/en\/wp-json\/wp\/v2\/media\/1521"}],"wp:attachment":[{"href":"https:\/\/petiteceinture.org\/en\/wp-json\/wp\/v2\/media?parent=5392"}],"curies":[{"name":"wp","href":"https:\/\/api.w.org\/{rel}","templated":true}]}}