{"id":4976,"date":"2021-07-21T16:33:09","date_gmt":"2021-07-21T14:33:09","guid":{"rendered":"https:\/\/petiteceinture.org\/?page_id=4976"},"modified":"2021-07-29T17:35:42","modified_gmt":"2021-07-29T15:35:42","slug":"vaugirard-ceinture","status":"publish","type":"page","link":"https:\/\/petiteceinture.org\/en\/gares-petite-ceinture\/vaugirard-ceinture\/","title":{"rendered":"Gare de Vaugirard-Ceinture"},"content":{"rendered":"<div data-elementor-type=\"wp-page\" data-elementor-id=\"4976\" class=\"elementor elementor-4976\" data-elementor-post-type=\"page\">\n\t\t\t\t\t\t<section class=\"elementor-section elementor-top-section elementor-element elementor-element-262708b elementor-section-stretched elementor-section-full_width elementor-section-height-min-height elementor-section-height-default elementor-section-items-middle\" data-id=\"262708b\" data-element_type=\"section\" data-e-type=\"section\" data-settings=\"{&quot;stretch_section&quot;:&quot;section-stretched&quot;,&quot;background_background&quot;:&quot;classic&quot;}\">\n\t\t\t\t\t\t<div class=\"elementor-container elementor-column-gap-default\">\n\t\t\t\t\t<div class=\"elementor-column elementor-col-100 elementor-top-column elementor-element elementor-element-27611368\" data-id=\"27611368\" data-element_type=\"column\" data-e-type=\"column\">\n\t\t\t<div class=\"elementor-widget-wrap elementor-element-populated\">\n\t\t\t\t\t\t<div class=\"elementor-element elementor-element-43b0d2ae elementor-widget elementor-widget-heading\" data-id=\"43b0d2ae\" data-element_type=\"widget\" data-e-type=\"widget\" data-widget_type=\"heading.default\">\n\t\t\t\t<div class=\"elementor-widget-container\">\n\t\t\t\t\t<h1 class=\"elementor-heading-title elementor-size-default\">Gare de Vaugirard-Ceinture<\/h1>\t\t\t\t<\/div>\n\t\t\t\t<\/div>\n\t\t\t\t\t<\/div>\n\t\t<\/div>\n\t\t\t\t\t<\/div>\n\t\t<\/section>\n\t\t\t\t<section class=\"elementor-section elementor-top-section elementor-element elementor-element-86fe7cc elementor-section-boxed elementor-section-height-default elementor-section-height-default\" data-id=\"86fe7cc\" data-element_type=\"section\" data-e-type=\"section\">\n\t\t\t\t\t\t<div class=\"elementor-container elementor-column-gap-default\">\n\t\t\t\t\t<div class=\"elementor-column elementor-col-100 elementor-top-column elementor-element elementor-element-017ab5a\" data-id=\"017ab5a\" data-element_type=\"column\" data-e-type=\"column\">\n\t\t\t<div class=\"elementor-widget-wrap elementor-element-populated\">\n\t\t\t\t\t\t<div class=\"elementor-element elementor-element-d0332aa elementor-hidden-desktop elementor-hidden-tablet elementor-hidden-phone elementor-widget elementor-widget-text-editor\" data-id=\"d0332aa\" data-element_type=\"widget\" data-e-type=\"widget\" data-widget_type=\"text-editor.default\">\n\t\t\t\t<div class=\"elementor-widget-container\">\n\t\t\t\t\t\t\t\t\t<p>La gare de Vaugirard-Ceinture est une gare de la Petite Ceinture ferroviaire de Paris, situ\u00e9e dans le 15<sup class=\"ordinal\">e<\/sup> arrondissement. Ouverte en 1867, elle accueille Voie 15, un espace de coworking ouvert \u00e0 l\u2019\u00e9t\u00e9&nbsp;2021.<\/p>\t\t\t\t\t\t\t\t<\/div>\n\t\t\t\t<\/div>\n\t\t\t\t\t<\/div>\n\t\t<\/div>\n\t\t\t\t\t<\/div>\n\t\t<\/section>\n\t\t\t\t<section class=\"elementor-section elementor-top-section elementor-element elementor-element-778e9bc9 elementor-section-boxed elementor-section-height-default elementor-section-height-default\" data-id=\"778e9bc9\" data-element_type=\"section\" data-e-type=\"section\" data-settings=\"{&quot;background_background&quot;:&quot;classic&quot;}\">\n\t\t\t\t\t\t<div class=\"elementor-container elementor-column-gap-no\">\n\t\t\t\t\t<div class=\"elementor-column elementor-col-33 elementor-top-column elementor-element elementor-element-6ac35c81\" data-id=\"6ac35c81\" data-element_type=\"column\" data-e-type=\"column\">\n\t\t\t<div class=\"elementor-widget-wrap elementor-element-populated\">\n\t\t\t\t\t\t<div class=\"elementor-element elementor-element-24782403 elementor-widget__width-initial elementor-widget elementor-widget-heading\" data-id=\"24782403\" data-element_type=\"widget\" data-e-type=\"widget\" data-widget_type=\"heading.default\">\n\t\t\t\t<div class=\"elementor-widget-container\">\n\t\t\t\t\t<h2 class=\"elementor-heading-title elementor-size-default\">Fiche d\u2019identit\u00e9<\/h2>\t\t\t\t<\/div>\n\t\t\t\t<\/div>\n\t\t\t\t<div class=\"elementor-element elementor-element-7d47dc4e elementor-tablet-align-start elementor-icon-list--layout-traditional elementor-list-item-link-full_width elementor-widget elementor-widget-icon-list\" data-id=\"7d47dc4e\" data-element_type=\"widget\" data-e-type=\"widget\" data-widget_type=\"icon-list.default\">\n\t\t\t\t<div class=\"elementor-widget-container\">\n\t\t\t\t\t\t\t<ul class=\"elementor-icon-list-items\">\n\t\t\t\t\t\t\t<li class=\"elementor-icon-list-item\">\n\t\t\t\t\t\t\t\t\t\t\t<span class=\"elementor-icon-list-icon\">\n\t\t\t\t\t\t\t<i aria-hidden=\"true\" class=\"far fa-train\"><\/i>\t\t\t\t\t\t<\/span>\n\t\t\t\t\t\t\t\t\t\t<span class=\"elementor-icon-list-text\"><strong>Name<\/strong>&nbsp;: Gare de Vaugirard-Ceinture<\/span>\n\t\t\t\t\t\t\t\t\t<\/li>\n\t\t\t\t\t\t\t\t<li class=\"elementor-icon-list-item\">\n\t\t\t\t\t\t\t\t\t\t\t<span class=\"elementor-icon-list-icon\">\n\t\t\t\t\t\t\t<i aria-hidden=\"true\" class=\"far fa-map-marker-alt\"><\/i>\t\t\t\t\t\t<\/span>\n\t\t\t\t\t\t\t\t\t\t<span class=\"elementor-icon-list-text\"><strong>Localisation <\/strong>: 397 rue de Vaugirard<\/span>\n\t\t\t\t\t\t\t\t\t<\/li>\n\t\t\t\t\t\t\t\t<li class=\"elementor-icon-list-item\">\n\t\t\t\t\t\t\t\t\t\t\t<span class=\"elementor-icon-list-icon\">\n\t\t\t\t\t\t\t<i aria-hidden=\"true\" class=\"far fa-map\"><\/i>\t\t\t\t\t\t<\/span>\n\t\t\t\t\t\t\t\t\t\t<span class=\"elementor-icon-list-text\"><strong>Arrondissement<\/strong>&nbsp;: 15<sup class=\"ordinal\">e<\/sup><\/span>\n\t\t\t\t\t\t\t\t\t<\/li>\n\t\t\t\t\t\t\t\t<li class=\"elementor-icon-list-item\">\n\t\t\t\t\t\t\t\t\t\t\t<span class=\"elementor-icon-list-icon\">\n\t\t\t\t\t\t\t<i aria-hidden=\"true\" class=\"far fa-location\"><\/i>\t\t\t\t\t\t<\/span>\n\t\t\t\t\t\t\t\t\t\t<span class=\"elementor-icon-list-text\"><strong>Point kilom\u00e9trique<\/strong>&nbsp;: PK 11.35<\/span>\n\t\t\t\t\t\t\t\t\t<\/li>\n\t\t\t\t\t\t\t\t<li class=\"elementor-icon-list-item\">\n\t\t\t\t\t\t\t\t\t\t\t<span class=\"elementor-icon-list-icon\">\n\t\t\t\t\t\t\t<i aria-hidden=\"true\" class=\"far fa-flag\"><\/i>\t\t\t\t\t\t<\/span>\n\t\t\t\t\t\t\t\t\t\t<span class=\"elementor-icon-list-text\"><strong>Date d\u2019ouverture<\/strong>&nbsp;: 1867<\/span>\n\t\t\t\t\t\t\t\t\t<\/li>\n\t\t\t\t\t\t\t\t<li class=\"elementor-icon-list-item\">\n\t\t\t\t\t\t\t\t\t\t\t<span class=\"elementor-icon-list-icon\">\n\t\t\t\t\t\t\t<i aria-hidden=\"true\" class=\"far fa-suitcase\"><\/i>\t\t\t\t\t\t<\/span>\n\t\t\t\t\t\t\t\t\t\t<span class=\"elementor-icon-list-text\"><strong>Type<\/strong>&nbsp;: gare de voyageurs<\/span>\n\t\t\t\t\t\t\t\t\t<\/li>\n\t\t\t\t\t\t\t\t<li class=\"elementor-icon-list-item\">\n\t\t\t\t\t\t\t\t\t\t\t<span class=\"elementor-icon-list-icon\">\n\t\t\t\t\t\t\t<i aria-hidden=\"true\" class=\"far fa-angle-double-right\"><\/i>\t\t\t\t\t\t<\/span>\n\t\t\t\t\t\t\t\t\t\t<span class=\"elementor-icon-list-text\"><strong>Gares voisines <\/strong>: <a href=\"https:\/\/archives.petiteceinture.org\/Gare-de-Paris-Brancion.html\">Paris-Brancion<\/a>, <a href=\"https:\/\/archives.petiteceinture.org\/Gare-de-Grenelle-1867-1920.html\">Grenelle<\/a><\/span>\n\t\t\t\t\t\t\t\t\t<\/li>\n\t\t\t\t\t\t\t\t<li class=\"elementor-icon-list-item\">\n\t\t\t\t\t\t\t\t\t\t\t<span class=\"elementor-icon-list-icon\">\n\t\t\t\t\t\t\t<i aria-hidden=\"true\" class=\"far fa-hammer\"><\/i>\t\t\t\t\t\t<\/span>\n\t\t\t\t\t\t\t\t\t\t<span class=\"elementor-icon-list-text\"><strong>\u00c9tat <\/strong>: r\u00e9habilit\u00e9e, occup\u00e9e par Voie&nbsp;15<\/span>\n\t\t\t\t\t\t\t\t\t<\/li>\n\t\t\t\t\t\t\t\t<li class=\"elementor-icon-list-item\">\n\t\t\t\t\t\t\t\t\t\t\t<span class=\"elementor-icon-list-icon\">\n\t\t\t\t\t\t\t<i aria-hidden=\"true\" class=\"far fa-street-view\"><\/i>\t\t\t\t\t\t<\/span>\n\t\t\t\t\t\t\t\t\t\t<span class=\"elementor-icon-list-text\"><strong>Correspondance <\/strong>: m\u00e9tro ligne&nbsp;12<\/span>\n\t\t\t\t\t\t\t\t\t<\/li>\n\t\t\t\t\t\t<\/ul>\n\t\t\t\t\t\t<\/div>\n\t\t\t\t<\/div>\n\t\t\t\t\t<\/div>\n\t\t<\/div>\n\t\t\t\t<div class=\"elementor-column elementor-col-66 elementor-top-column elementor-element elementor-element-29f424e2\" data-id=\"29f424e2\" data-element_type=\"column\" data-e-type=\"column\">\n\t\t\t<div class=\"elementor-widget-wrap\">\n\t\t\t\t\t\t\t<\/div>\n\t\t<\/div>\n\t\t\t\t\t<\/div>\n\t\t<\/section>\n\t\t\t\t<section class=\"elementor-section elementor-top-section elementor-element elementor-element-571397f4 elementor-section-boxed elementor-section-height-default elementor-section-height-default\" data-id=\"571397f4\" data-element_type=\"section\" data-e-type=\"section\">\n\t\t\t\t\t\t<div class=\"elementor-container elementor-column-gap-default\">\n\t\t\t\t\t<div class=\"elementor-column elementor-col-100 elementor-top-column elementor-element elementor-element-7f3d6a28\" data-id=\"7f3d6a28\" data-element_type=\"column\" data-e-type=\"column\">\n\t\t\t<div class=\"elementor-widget-wrap elementor-element-populated\">\n\t\t\t\t\t\t<div class=\"elementor-element elementor-element-e8f0a5b elementor-widget elementor-widget-html\" data-id=\"e8f0a5b\" data-element_type=\"widget\" data-e-type=\"widget\" data-widget_type=\"html.default\">\n\t\t\t\t<div class=\"elementor-widget-container\">\n\t\t\t\t\t<iframe width=\"100%\" height=\"400px\" frameborder=\"0\" allowfullscreen src=\"\/\/umap.openstreetmap.fr\/fr\/map\/petite-ceinture-ferroviaire-de-paris_420615?scaleControl=false&amp;miniMap=false&amp;scrollWheelZoom=false&amp;zoomControl=true&amp;allowEdit=false&amp;moreControl=false&amp;searchControl=null&amp;tilelayersControl=null&amp;embedControl=null&amp;datalayersControl=false&amp;onLoadPanel=undefined&amp;captionBar=false&amp;datalayers=1282622%2C1282498%2C1282623%2C1282624%2C1288281%2C1288282%2C1288283%2C1288284%2C1288285%2C1519229%2C1305994%2C1281334%2C1281351%2C1281330%2C1556494#17\/48.83336\/2.29109\"><\/iframe>\t\t\t\t<\/div>\n\t\t\t\t<\/div>\n\t\t\t\t\t<\/div>\n\t\t<\/div>\n\t\t\t\t\t<\/div>\n\t\t<\/section>\n\t\t\t\t<section class=\"elementor-section elementor-top-section elementor-element elementor-element-12c57072 elementor-section-boxed elementor-section-height-default elementor-section-height-default\" data-id=\"12c57072\" data-element_type=\"section\" data-e-type=\"section\">\n\t\t\t\t\t\t<div class=\"elementor-container elementor-column-gap-default\">\n\t\t\t\t\t<div class=\"elementor-column elementor-col-100 elementor-top-column elementor-element elementor-element-12537c81\" data-id=\"12537c81\" data-element_type=\"column\" data-e-type=\"column\">\n\t\t\t<div class=\"elementor-widget-wrap elementor-element-populated\">\n\t\t\t\t\t\t<div class=\"elementor-element elementor-element-2bed1558 elementor-widget elementor-widget-heading\" data-id=\"2bed1558\" data-element_type=\"widget\" data-e-type=\"widget\" data-widget_type=\"heading.default\">\n\t\t\t\t<div class=\"elementor-widget-container\">\n\t\t\t\t\t<h2 class=\"elementor-heading-title elementor-size-default\">La gare de Vaugirard&nbsp;: au c\u0153ur du 15<sup class=\"ordinal\">e<\/sup> arrondissement<\/h2>\t\t\t\t<\/div>\n\t\t\t\t<\/div>\n\t\t\t\t\t<\/div>\n\t\t<\/div>\n\t\t\t\t\t<\/div>\n\t\t<\/section>\n\t\t\t\t<section class=\"elementor-section elementor-top-section elementor-element elementor-element-1278b6b elementor-section-boxed elementor-section-height-default elementor-section-height-default\" data-id=\"1278b6b\" data-element_type=\"section\" data-e-type=\"section\">\n\t\t\t\t\t\t<div class=\"elementor-container elementor-column-gap-default\">\n\t\t\t\t\t<div class=\"elementor-column elementor-col-100 elementor-top-column elementor-element elementor-element-f95d23f\" data-id=\"f95d23f\" data-element_type=\"column\" data-e-type=\"column\">\n\t\t\t<div class=\"elementor-widget-wrap elementor-element-populated\">\n\t\t\t\t\t\t<div class=\"elementor-element elementor-element-ba995ca elementor-widget elementor-widget-text-editor\" data-id=\"ba995ca\" data-element_type=\"widget\" data-e-type=\"widget\" data-widget_type=\"text-editor.default\">\n\t\t\t\t<div class=\"elementor-widget-container\">\n\t\t\t\t\t\t\t\t\t<p>La gare de Vaugirard est situ\u00e9e au Sud de Paris, au c\u0153ur du 15<sup class=\"ordinal\">e<\/sup> arrondissement. Elle prend place tout au bout de la tr\u00e8s longue rue de Vaugirard, \u00e0 quelques dizaines de m\u00e8tres de la Porte de Versailles.<\/p>\t\t\t\t\t\t\t\t<\/div>\n\t\t\t\t<\/div>\n\t\t\t\t\t<\/div>\n\t\t<\/div>\n\t\t\t\t\t<\/div>\n\t\t<\/section>\n\t\t\t\t<section class=\"elementor-section elementor-top-section elementor-element elementor-element-2c1f52d elementor-section-boxed elementor-section-height-default elementor-section-height-default\" data-id=\"2c1f52d\" data-element_type=\"section\" data-e-type=\"section\">\n\t\t\t\t\t\t<div class=\"elementor-container elementor-column-gap-default\">\n\t\t\t\t\t<div class=\"elementor-column elementor-col-16 elementor-top-column elementor-element elementor-element-bfb0525\" data-id=\"bfb0525\" data-element_type=\"column\" data-e-type=\"column\">\n\t\t\t<div class=\"elementor-widget-wrap\">\n\t\t\t\t\t\t\t<\/div>\n\t\t<\/div>\n\t\t\t\t<div class=\"elementor-column elementor-col-66 elementor-top-column elementor-element elementor-element-2f0fc57\" data-id=\"2f0fc57\" data-element_type=\"column\" data-e-type=\"column\">\n\t\t\t<div class=\"elementor-widget-wrap elementor-element-populated\">\n\t\t\t\t\t\t<div class=\"elementor-element elementor-element-8ada151 elementor-widget elementor-widget-image\" data-id=\"8ada151\" data-element_type=\"widget\" data-e-type=\"widget\" data-widget_type=\"image.default\">\n\t\t\t\t<div class=\"elementor-widget-container\">\n\t\t\t\t\t\t\t\t\t\t\t\t<figure class=\"wp-caption\">\n\t\t\t\t\t\t\t\t\t\t\t<a href=\"https:\/\/petiteceinture.org\/wp-content\/uploads\/2021\/07\/Vaugirard1.jpg\" data-elementor-open-lightbox=\"yes\" data-elementor-lightbox-title=\"Vaugirard1\" data-e-action-hash=\"#elementor-action%3Aaction%3Dlightbox%26settings%3DeyJpZCI6NDk4MSwidXJsIjoiaHR0cHM6XC9cL3BldGl0ZWNlaW50dXJlLm9yZ1wvd3AtY29udGVudFwvdXBsb2Fkc1wvMjAyMVwvMDdcL1ZhdWdpcmFyZDEuanBnIn0%3D\">\n\t\t\t\t\t\t\t<img fetchpriority=\"high\" decoding=\"async\" width=\"1024\" height=\"671\" src=\"https:\/\/petiteceinture.org\/wp-content\/uploads\/2021\/07\/Vaugirard1-1024x671.jpg\" class=\"attachment-large size-large wp-image-4981\" alt=\"Gare de Vaugirard Petite Ceinture Paris\" srcset=\"https:\/\/petiteceinture.org\/wp-content\/uploads\/2021\/07\/Vaugirard1-1024x671.jpg 1024w, https:\/\/petiteceinture.org\/wp-content\/uploads\/2021\/07\/Vaugirard1-300x197.jpg 300w, https:\/\/petiteceinture.org\/wp-content\/uploads\/2021\/07\/Vaugirard1-768x503.jpg 768w, https:\/\/petiteceinture.org\/wp-content\/uploads\/2021\/07\/Vaugirard1.jpg 1400w\" sizes=\"(max-width: 1024px) 100vw, 1024px\">\t\t\t\t\t\t\t\t<\/a>\n\t\t\t\t\t\t\t\t\t\t\t<figcaption class=\"widget-image-caption wp-caption-text\">La rue de Vaugirard et le viaduc du Chemin de fer de Ceinture, au d\u00e9but du XX<sup class=\"ordinal\">e<\/sup> si\u00e8cle.&nbsp;<\/figcaption>\n\t\t\t\t\t\t\t\t\t\t<\/figure>\n\t\t\t\t\t\t\t\t\t<\/div>\n\t\t\t\t<\/div>\n\t\t\t\t\t<\/div>\n\t\t<\/div>\n\t\t\t\t<div class=\"elementor-column elementor-col-16 elementor-top-column elementor-element elementor-element-2daea37\" data-id=\"2daea37\" data-element_type=\"column\" data-e-type=\"column\">\n\t\t\t<div class=\"elementor-widget-wrap\">\n\t\t\t\t\t\t\t<\/div>\n\t\t<\/div>\n\t\t\t\t\t<\/div>\n\t\t<\/section>\n\t\t\t\t<section class=\"elementor-section elementor-top-section elementor-element elementor-element-41df5e2d elementor-section-boxed elementor-section-height-default elementor-section-height-default\" data-id=\"41df5e2d\" data-element_type=\"section\" data-e-type=\"section\">\n\t\t\t\t\t\t<div class=\"elementor-container elementor-column-gap-default\">\n\t\t\t\t\t<div class=\"elementor-column elementor-col-100 elementor-top-column elementor-element elementor-element-3a89ce4d\" data-id=\"3a89ce4d\" data-element_type=\"column\" data-e-type=\"column\">\n\t\t\t<div class=\"elementor-widget-wrap elementor-element-populated\">\n\t\t\t\t\t\t<div class=\"elementor-element elementor-element-53c46db3 elementor-widget elementor-widget-text-editor\" data-id=\"53c46db3\" data-element_type=\"widget\" data-e-type=\"widget\" data-widget_type=\"text-editor.default\">\n\t\t\t\t<div class=\"elementor-widget-container\">\n\t\t\t\t\t\t\t\t\t<p>Elle est localis\u00e9e \u00e0 700 m\u00e8tres \u00e0 l\u2019Ouest de la <strong><a href=\"https:\/\/archives.petiteceinture.org\/Gare-de-Paris-Brancion.html\">gare de Paris-Brancion<\/a><\/strong>, qui desservait les abattoirs de Vaugirard, \u00e0 l\u2019emplacement du Parc Georges Brassens. Elle est \u00e9galement \u00e0 1,5&nbsp;km environ de la <strong><a href=\"https:\/\/archives.petiteceinture.org\/Gare-de-Grenelle-1867-1920.html\">gare de Grenelle<\/a><\/strong> \u2013 aujourd\u2019hui remplac\u00e9e par le si\u00e8ge de France T\u00e9l\u00e9visions.<\/p>\t\t\t\t\t\t\t\t<\/div>\n\t\t\t\t<\/div>\n\t\t\t\t\t<\/div>\n\t\t<\/div>\n\t\t\t\t\t<\/div>\n\t\t<\/section>\n\t\t\t\t<section class=\"elementor-section elementor-top-section elementor-element elementor-element-2259f47 elementor-section-boxed elementor-section-height-default elementor-section-height-default\" data-id=\"2259f47\" data-element_type=\"section\" data-e-type=\"section\">\n\t\t\t\t\t\t<div class=\"elementor-container elementor-column-gap-default\">\n\t\t\t\t\t<div class=\"elementor-column elementor-col-16 elementor-top-column elementor-element elementor-element-6f6fc5d\" data-id=\"6f6fc5d\" data-element_type=\"column\" data-e-type=\"column\">\n\t\t\t<div class=\"elementor-widget-wrap\">\n\t\t\t\t\t\t\t<\/div>\n\t\t<\/div>\n\t\t\t\t<div class=\"elementor-column elementor-col-66 elementor-top-column elementor-element elementor-element-3f1838e\" data-id=\"3f1838e\" data-element_type=\"column\" data-e-type=\"column\">\n\t\t\t<div class=\"elementor-widget-wrap elementor-element-populated\">\n\t\t\t\t\t\t<div class=\"elementor-element elementor-element-39e4b6f elementor-widget elementor-widget-image\" data-id=\"39e4b6f\" data-element_type=\"widget\" data-e-type=\"widget\" data-widget_type=\"image.default\">\n\t\t\t\t<div class=\"elementor-widget-container\">\n\t\t\t\t\t\t\t\t\t\t\t\t<figure class=\"wp-caption\">\n\t\t\t\t\t\t\t\t\t\t\t<a href=\"https:\/\/petiteceinture.org\/wp-content\/uploads\/2021\/07\/Vaugirard2.jpg\" data-elementor-open-lightbox=\"yes\" data-elementor-lightbox-title=\"Vaugirard2\" data-e-action-hash=\"#elementor-action%3Aaction%3Dlightbox%26settings%3DeyJpZCI6NDk4MCwidXJsIjoiaHR0cHM6XC9cL3BldGl0ZWNlaW50dXJlLm9yZ1wvd3AtY29udGVudFwvdXBsb2Fkc1wvMjAyMVwvMDdcL1ZhdWdpcmFyZDIuanBnIn0%3D\">\n\t\t\t\t\t\t\t<img decoding=\"async\" width=\"1024\" height=\"656\" src=\"https:\/\/petiteceinture.org\/wp-content\/uploads\/2021\/07\/Vaugirard2-1024x656.jpg\" class=\"attachment-large size-large wp-image-4980\" alt=\"Gare Vaugirard Petite Ceinture Paris\" srcset=\"https:\/\/petiteceinture.org\/wp-content\/uploads\/2021\/07\/Vaugirard2-1024x656.jpg 1024w, https:\/\/petiteceinture.org\/wp-content\/uploads\/2021\/07\/Vaugirard2-300x192.jpg 300w, https:\/\/petiteceinture.org\/wp-content\/uploads\/2021\/07\/Vaugirard2-768x492.jpg 768w, https:\/\/petiteceinture.org\/wp-content\/uploads\/2021\/07\/Vaugirard2.jpg 1400w\" sizes=\"(max-width: 1024px) 100vw, 1024px\">\t\t\t\t\t\t\t\t<\/a>\n\t\t\t\t\t\t\t\t\t\t\t<figcaption class=\"widget-image-caption wp-caption-text\">La gare de Vaugirard au d\u00e9but du XX<sup class=\"ordinal\">e<\/sup> si\u00e8cle<\/figcaption>\n\t\t\t\t\t\t\t\t\t\t<\/figure>\n\t\t\t\t\t\t\t\t\t<\/div>\n\t\t\t\t<\/div>\n\t\t\t\t\t<\/div>\n\t\t<\/div>\n\t\t\t\t<div class=\"elementor-column elementor-col-16 elementor-top-column elementor-element elementor-element-7ed82c5\" data-id=\"7ed82c5\" data-element_type=\"column\" data-e-type=\"column\">\n\t\t\t<div class=\"elementor-widget-wrap\">\n\t\t\t\t\t\t\t<\/div>\n\t\t<\/div>\n\t\t\t\t\t<\/div>\n\t\t<\/section>\n\t\t\t\t<section class=\"elementor-section elementor-top-section elementor-element elementor-element-0f0be62 elementor-section-boxed elementor-section-height-default elementor-section-height-default\" data-id=\"0f0be62\" data-element_type=\"section\" data-e-type=\"section\">\n\t\t\t\t\t\t<div class=\"elementor-container elementor-column-gap-default\">\n\t\t\t\t\t<div class=\"elementor-column elementor-col-100 elementor-top-column elementor-element elementor-element-bd549a6\" data-id=\"bd549a6\" data-element_type=\"column\" data-e-type=\"column\">\n\t\t\t<div class=\"elementor-widget-wrap elementor-element-populated\">\n\t\t\t\t\t\t<div class=\"elementor-element elementor-element-9c23665 elementor-widget elementor-widget-text-editor\" data-id=\"9c23665\" data-element_type=\"widget\" data-e-type=\"widget\" data-widget_type=\"text-editor.default\">\n\t\t\t\t<div class=\"elementor-widget-container\">\n\t\t\t\t\t\t\t\t\t<p>Elle prend place dans un quartier dens\u00e9ment peupl\u00e9. La gare est \u00e9galement tr\u00e8s bien situ\u00e9e par rapport au Parc des Expositions de la Porte de Versailles, qui attire plusieurs dizaines de milliers de visiteurs chaque ann\u00e9e. Elle offrirait \u00e9galement une desserte suppl\u00e9mentaire de la future Tour Triangle.<\/p><p style=\"text-align: center;\"><em>Ci-dessous&nbsp;: trois vues de la gare de Vaugirard au d\u00e9but du XX<sup class=\"ordinal\">e<\/sup> si\u00e8cle. Sur la 2<sup class=\"ordinal\">e<\/sup> photo, on notera la pr\u00e9sence d\u2019une grue \u00e0 eau, destin\u00e9e \u00e0 ravitailler les locomotives.&nbsp;<\/em><\/p>\t\t\t\t\t\t\t\t<\/div>\n\t\t\t\t<\/div>\n\t\t\t\t\t<\/div>\n\t\t<\/div>\n\t\t\t\t\t<\/div>\n\t\t<\/section>\n\t\t\t\t<section class=\"elementor-section elementor-top-section elementor-element elementor-element-2929341 elementor-section-boxed elementor-section-height-default elementor-section-height-default\" data-id=\"2929341\" data-element_type=\"section\" data-e-type=\"section\">\n\t\t\t\t\t\t<div class=\"elementor-container elementor-column-gap-default\">\n\t\t\t\t\t<div class=\"elementor-column elementor-col-100 elementor-top-column elementor-element elementor-element-212bc52\" data-id=\"212bc52\" data-element_type=\"column\" data-e-type=\"column\">\n\t\t\t<div class=\"elementor-widget-wrap elementor-element-populated\">\n\t\t\t\t\t\t<div class=\"elementor-element elementor-element-534fd4b elementor-widget elementor-widget-oew-image-gallery\" data-id=\"534fd4b\" data-element_type=\"widget\" data-e-type=\"widget\" data-widget_type=\"oew-image-gallery.default\">\n\t\t\t\t<div class=\"elementor-widget-container\">\n\t\t\t\t\t\n\t\t<div class=\"oew-image-gallery oew-has-lightbox\">\n\t\t\t\n\t\t\t\t<div class=\"oew-gallery-item\">\n\t\t\t\t\t<a class=\"oew-gallery-item-inner no-lightbox\" href=\"https:\/\/petiteceinture.org\/wp-content\/uploads\/2021\/07\/Gare-Vaugirard-vue-ge\u0301ne\u0301rale-depuis-la-rue-Olivier-de-Serres-vers-1908_1200dpi.jpg\" data-width=\"1400\" data-height=\"933\" data-elementor-open-lightbox=\"no\">\n\t\t\t\t\t\t<div class=\"oew-gallery-thumbnail\">\n\t\t\t\t\t\t\t<img decoding=\"async\" src=\"https:\/\/petiteceinture.org\/wp-content\/uploads\/2021\/07\/Gare-Vaugirard-vue-ge\u0301ne\u0301rale-depuis-la-rue-Olivier-de-Serres-vers-1908_1200dpi-768x512.jpg\" alt=\"Petite Ceinture gare Vaugirard\">\n\t\t\t\t\t\t<\/div>\n\n\t\t\t\t\t\t\t\t\t\t\t\t\t<div class=\"oew-gallery-overlay oew-gallery-transition-fade\">\n\t\t\t\t\t\t\t\t\t\t\t\t\t\t\t\t\t<div class=\"oew-gallery-item-icon\">\n\t\t\t\t\t\t\t\t\t\t<i aria-hidden=\"true\" class=\"fas fa-search\"><\/i>\t\t\t\t\t\t\t\t\t<\/div>\n\t\t\t\t\t\t\t\t\t\t\t\t\t\t\t\t<\/div>\n\t\t\t\t\t\t\t\t\t\t\t\t<\/a>\n\t\t\t\t<\/div>\n\n\t\t\t\t\n\t\t\t\t<div class=\"oew-gallery-item\">\n\t\t\t\t\t<a class=\"oew-gallery-item-inner no-lightbox\" href=\"https:\/\/petiteceinture.org\/wp-content\/uploads\/2021\/07\/Gare-Vaugirard-030T_Ceinture_nume\u0301ro_24.jpg\" data-width=\"1400\" data-height=\"933\" data-elementor-open-lightbox=\"no\">\n\t\t\t\t\t\t<div class=\"oew-gallery-thumbnail\">\n\t\t\t\t\t\t\t<img decoding=\"async\" src=\"https:\/\/petiteceinture.org\/wp-content\/uploads\/2021\/07\/Gare-Vaugirard-030T_Ceinture_nume\u0301ro_24-768x512.jpg\" alt=\"Petite Ceinture gare Vaugirard Locomotive\">\n\t\t\t\t\t\t<\/div>\n\n\t\t\t\t\t\t\t\t\t\t\t\t\t<div class=\"oew-gallery-overlay oew-gallery-transition-fade\">\n\t\t\t\t\t\t\t\t\t\t\t\t\t\t\t\t\t<div class=\"oew-gallery-item-icon\">\n\t\t\t\t\t\t\t\t\t\t<i aria-hidden=\"true\" class=\"fas fa-search\"><\/i>\t\t\t\t\t\t\t\t\t<\/div>\n\t\t\t\t\t\t\t\t\t\t\t\t\t\t\t\t<\/div>\n\t\t\t\t\t\t\t\t\t\t\t\t<\/a>\n\t\t\t\t<\/div>\n\n\t\t\t\t\n\t\t\t\t<div class=\"oew-gallery-item\">\n\t\t\t\t\t<a class=\"oew-gallery-item-inner no-lightbox\" href=\"https:\/\/petiteceinture.org\/wp-content\/uploads\/2021\/07\/Gare-Vaugirard-vue-ge\u0301ne\u0301rale-depuis-la-rue-Olivier-de-Serres-vers-1908_vue-rapproche\u0301e_1200dpi.jpg\" data-width=\"1005\" data-height=\"670\" data-elementor-open-lightbox=\"no\">\n\t\t\t\t\t\t<div class=\"oew-gallery-thumbnail\">\n\t\t\t\t\t\t\t<img decoding=\"async\" src=\"https:\/\/petiteceinture.org\/wp-content\/uploads\/2021\/07\/Gare-Vaugirard-vue-ge\u0301ne\u0301rale-depuis-la-rue-Olivier-de-Serres-vers-1908_vue-rapproche\u0301e_1200dpi-768x512.jpg\" alt=\"Gare-Vaugirard-vue-ge\u0301ne\u0301rale-depuis-la-rue-Olivier-de-Serres-vers-1908_vue-rapproche\u0301e_1200dpi\">\n\t\t\t\t\t\t<\/div>\n\n\t\t\t\t\t\t\t\t\t\t\t\t\t<div class=\"oew-gallery-overlay oew-gallery-transition-fade\">\n\t\t\t\t\t\t\t\t\t\t\t\t\t\t\t\t\t<div class=\"oew-gallery-item-icon\">\n\t\t\t\t\t\t\t\t\t\t<i aria-hidden=\"true\" class=\"fas fa-search\"><\/i>\t\t\t\t\t\t\t\t\t<\/div>\n\t\t\t\t\t\t\t\t\t\t\t\t\t\t\t\t<\/div>\n\t\t\t\t\t\t\t\t\t\t\t\t<\/a>\n\t\t\t\t<\/div>\n\n\t\t\t\t\t\t<\/div>\n\n\t\t\t\t\t\t<\/div>\n\t\t\t\t<\/div>\n\t\t\t\t\t<\/div>\n\t\t<\/div>\n\t\t\t\t\t<\/div>\n\t\t<\/section>\n\t\t\t\t<section class=\"elementor-section elementor-top-section elementor-element elementor-element-1c00b0e6 elementor-section-boxed elementor-section-height-default elementor-section-height-default\" data-id=\"1c00b0e6\" data-element_type=\"section\" data-e-type=\"section\">\n\t\t\t\t\t\t<div class=\"elementor-container elementor-column-gap-default\">\n\t\t\t\t\t<div class=\"elementor-column elementor-col-100 elementor-top-column elementor-element elementor-element-5d205328\" data-id=\"5d205328\" data-element_type=\"column\" data-e-type=\"column\">\n\t\t\t<div class=\"elementor-widget-wrap elementor-element-populated\">\n\t\t\t\t\t\t<div class=\"elementor-element elementor-element-3845541e elementor-widget elementor-widget-heading\" data-id=\"3845541e\" data-element_type=\"widget\" data-e-type=\"widget\" data-widget_type=\"heading.default\">\n\t\t\t\t<div class=\"elementor-widget-container\">\n\t\t\t\t\t<h2 class=\"elementor-heading-title elementor-size-default\">Vaugirard&nbsp;: une gare typique de la Compagnie des Chemins de fer de l\u2019Ouest<\/h2>\t\t\t\t<\/div>\n\t\t\t\t<\/div>\n\t\t\t\t\t<\/div>\n\t\t<\/div>\n\t\t\t\t\t<\/div>\n\t\t<\/section>\n\t\t\t\t<section class=\"elementor-section elementor-top-section elementor-element elementor-element-e19fcff elementor-section-boxed elementor-section-height-default elementor-section-height-default\" data-id=\"e19fcff\" data-element_type=\"section\" data-e-type=\"section\">\n\t\t\t\t\t\t<div class=\"elementor-container elementor-column-gap-default\">\n\t\t\t\t\t<div class=\"elementor-column elementor-col-100 elementor-top-column elementor-element elementor-element-a009b41\" data-id=\"a009b41\" data-element_type=\"column\" data-e-type=\"column\">\n\t\t\t<div class=\"elementor-widget-wrap elementor-element-populated\">\n\t\t\t\t\t\t<div class=\"elementor-element elementor-element-2ac5c0d elementor-widget elementor-widget-text-editor\" data-id=\"2ac5c0d\" data-element_type=\"widget\" data-e-type=\"widget\" data-widget_type=\"text-editor.default\">\n\t\t\t\t<div class=\"elementor-widget-container\">\n\t\t\t\t\t\t\t\t\t<p>La gare de Vaugirard est inaugur\u00e9e en 1867, en m\u00eame temps que la section Rive Gauche de la Petite Ceinture. Elle est construite et exploit\u00e9e par la Compagnie des Chemins de fer de l\u2019Ouest, qui fait \u00e9galement les trains de la Ligne d\u2019Auteuil au d\u00e9part de la gare Saint-Lazare (en plus des trains de la gare Montparnasse et, plus tard, des Invalides).<\/p>\t\t\t\t\t\t\t\t<\/div>\n\t\t\t\t<\/div>\n\t\t\t\t\t<\/div>\n\t\t<\/div>\n\t\t\t\t\t<\/div>\n\t\t<\/section>\n\t\t\t\t<section class=\"elementor-section elementor-top-section elementor-element elementor-element-c50e069 elementor-section-boxed elementor-section-height-default elementor-section-height-default\" data-id=\"c50e069\" data-element_type=\"section\" data-e-type=\"section\">\n\t\t\t\t\t\t<div class=\"elementor-container elementor-column-gap-default\">\n\t\t\t\t\t<div class=\"elementor-column elementor-col-16 elementor-top-column elementor-element elementor-element-8c223ac\" data-id=\"8c223ac\" data-element_type=\"column\" data-e-type=\"column\">\n\t\t\t<div class=\"elementor-widget-wrap\">\n\t\t\t\t\t\t\t<\/div>\n\t\t<\/div>\n\t\t\t\t<div class=\"elementor-column elementor-col-66 elementor-top-column elementor-element elementor-element-0feed88\" data-id=\"0feed88\" data-element_type=\"column\" data-e-type=\"column\">\n\t\t\t<div class=\"elementor-widget-wrap elementor-element-populated\">\n\t\t\t\t\t\t<div class=\"elementor-element elementor-element-fbbec81 elementor-widget elementor-widget-image\" data-id=\"fbbec81\" data-element_type=\"widget\" data-e-type=\"widget\" data-widget_type=\"image.default\">\n\t\t\t\t<div class=\"elementor-widget-container\">\n\t\t\t\t\t\t\t\t\t\t\t\t<figure class=\"wp-caption\">\n\t\t\t\t\t\t\t\t\t\t\t<a href=\"https:\/\/petiteceinture.org\/wp-content\/uploads\/2021\/07\/Plan_Vaugirard_Fac\u0327ade_rue.jpg\" data-elementor-open-lightbox=\"yes\" data-e-action-hash=\"#elementor-action%3Aaction%3Dlightbox%26settings%3DeyJpZCI6NDk4NSwidXJsIjoiaHR0cHM6XC9cL3BldGl0ZWNlaW50dXJlLm9yZ1wvd3AtY29udGVudFwvdXBsb2Fkc1wvMjAyMVwvMDdcL1BsYW5fVmF1Z2lyYXJkX0ZhY1x1MDMyN2FkZV9ydWUuanBnIn0%3D\">\n\t\t\t\t\t\t\t<img decoding=\"async\" width=\"1024\" height=\"764\" src=\"https:\/\/petiteceinture.org\/wp-content\/uploads\/2021\/07\/Plan_Vaugirard_Fac\u0327ade_rue-1024x764.jpg\" class=\"attachment-large size-large wp-image-4985\" alt=\"Gare Vaugirard fa\u00e7ade rue Petite Ceinture\" srcset=\"https:\/\/petiteceinture.org\/wp-content\/uploads\/2021\/07\/Plan_Vaugirard_Fac\u0327ade_rue-1024x764.jpg 1024w, https:\/\/petiteceinture.org\/wp-content\/uploads\/2021\/07\/Plan_Vaugirard_Fac\u0327ade_rue-300x224.jpg 300w, https:\/\/petiteceinture.org\/wp-content\/uploads\/2021\/07\/Plan_Vaugirard_Fac\u0327ade_rue-768x573.jpg 768w, https:\/\/petiteceinture.org\/wp-content\/uploads\/2021\/07\/Plan_Vaugirard_Fac\u0327ade_rue.jpg 1251w\" sizes=\"(max-width: 1024px) 100vw, 1024px\">\t\t\t\t\t\t\t\t<\/a>\n\t\t\t\t\t\t\t\t\t\t\t<figcaption class=\"widget-image-caption wp-caption-text\">Fa\u00e7ade sur rue de la gare de Vaugirard<\/figcaption>\n\t\t\t\t\t\t\t\t\t\t<\/figure>\n\t\t\t\t\t\t\t\t\t<\/div>\n\t\t\t\t<\/div>\n\t\t\t\t\t<\/div>\n\t\t<\/div>\n\t\t\t\t<div class=\"elementor-column elementor-col-16 elementor-top-column elementor-element elementor-element-be2ad87\" data-id=\"be2ad87\" data-element_type=\"column\" data-e-type=\"column\">\n\t\t\t<div class=\"elementor-widget-wrap\">\n\t\t\t\t\t\t\t<\/div>\n\t\t<\/div>\n\t\t\t\t\t<\/div>\n\t\t<\/section>\n\t\t\t\t<section class=\"elementor-section elementor-top-section elementor-element elementor-element-bea5b1d elementor-section-boxed elementor-section-height-default elementor-section-height-default\" data-id=\"bea5b1d\" data-element_type=\"section\" data-e-type=\"section\">\n\t\t\t\t\t\t<div class=\"elementor-container elementor-column-gap-default\">\n\t\t\t\t\t<div class=\"elementor-column elementor-col-100 elementor-top-column elementor-element elementor-element-dc592cc\" data-id=\"dc592cc\" data-element_type=\"column\" data-e-type=\"column\">\n\t\t\t<div class=\"elementor-widget-wrap elementor-element-populated\">\n\t\t\t\t\t\t<div class=\"elementor-element elementor-element-798aa62 elementor-widget elementor-widget-text-editor\" data-id=\"798aa62\" data-element_type=\"widget\" data-e-type=\"widget\" data-widget_type=\"text-editor.default\">\n\t\t\t\t<div class=\"elementor-widget-container\">\n\t\t\t\t\t\t\t\t\t<p>La gare h\u00e9rite naturellement des codes architecturaux des gares de la Compagnie des Chemins de fer de l\u2019Ouest. La ligne \u00e9tant \u00e9tablie en talus, au-dessus de la voirie (et non en tranch\u00e9e), la gare est tr\u00e8s diff\u00e9rente de celles de <strong><a href=\"https:\/\/archives.petiteceinture.org\/Gare-de-Montrouge-Ceinture-1867.html\">Montrouge-Ceinture<\/a><\/strong>, du <strong><a href=\"https:\/\/archives.petiteceinture.org\/Gare-du-Parc-de-Montsouris-1867.html\">Parc de Montsouris<\/a><\/strong> ou de la <strong><a href=\"https:\/\/archives.petiteceinture.org\/Gare-de-la-Maison-Blanche-1867.html\">Maison-Blanche<\/a><\/strong>, situ\u00e9es \u00e0\u2011cheval au-dessus des voies. Le b\u00e2timent des voyageurs de la gare de Vaugirard est donc implant\u00e9 au niveau de la rue, parall\u00e8lement \u00e0 la voie ferr\u00e9e.<\/p>\t\t\t\t\t\t\t\t<\/div>\n\t\t\t\t<\/div>\n\t\t\t\t\t<\/div>\n\t\t<\/div>\n\t\t\t\t\t<\/div>\n\t\t<\/section>\n\t\t\t\t<section class=\"elementor-section elementor-top-section elementor-element elementor-element-cd3d356 elementor-section-boxed elementor-section-height-default elementor-section-height-default\" data-id=\"cd3d356\" data-element_type=\"section\" data-e-type=\"section\">\n\t\t\t\t\t\t<div class=\"elementor-container elementor-column-gap-default\">\n\t\t\t\t\t<div class=\"elementor-column elementor-col-16 elementor-top-column elementor-element elementor-element-8772307\" data-id=\"8772307\" data-element_type=\"column\" data-e-type=\"column\">\n\t\t\t<div class=\"elementor-widget-wrap\">\n\t\t\t\t\t\t\t<\/div>\n\t\t<\/div>\n\t\t\t\t<div class=\"elementor-column elementor-col-66 elementor-top-column elementor-element elementor-element-0a659a8\" data-id=\"0a659a8\" data-element_type=\"column\" data-e-type=\"column\">\n\t\t\t<div class=\"elementor-widget-wrap elementor-element-populated\">\n\t\t\t\t\t\t<div class=\"elementor-element elementor-element-84901f0 elementor-widget elementor-widget-image\" data-id=\"84901f0\" data-element_type=\"widget\" data-e-type=\"widget\" data-widget_type=\"image.default\">\n\t\t\t\t<div class=\"elementor-widget-container\">\n\t\t\t\t\t\t\t\t\t\t\t\t<figure class=\"wp-caption\">\n\t\t\t\t\t\t\t\t\t\t\t<a href=\"https:\/\/petiteceinture.org\/wp-content\/uploads\/2021\/07\/Plan_Vaugirard_Fig2.jpg\" data-elementor-open-lightbox=\"yes\" data-elementor-lightbox-title=\"Plan_Vaugirard_Fig2\" data-e-action-hash=\"#elementor-action%3Aaction%3Dlightbox%26settings%3DeyJpZCI6NDk4NiwidXJsIjoiaHR0cHM6XC9cL3BldGl0ZWNlaW50dXJlLm9yZ1wvd3AtY29udGVudFwvdXBsb2Fkc1wvMjAyMVwvMDdcL1BsYW5fVmF1Z2lyYXJkX0ZpZzIuanBnIn0%3D\">\n\t\t\t\t\t\t\t<img loading=\"lazy\" decoding=\"async\" width=\"1024\" height=\"535\" src=\"https:\/\/petiteceinture.org\/wp-content\/uploads\/2021\/07\/Plan_Vaugirard_Fig2-1024x535.jpg\" class=\"attachment-large size-large wp-image-4986\" alt=\"Gare Vaugirard Petite Ceinture Paris\" srcset=\"https:\/\/petiteceinture.org\/wp-content\/uploads\/2021\/07\/Plan_Vaugirard_Fig2-1024x535.jpg 1024w, https:\/\/petiteceinture.org\/wp-content\/uploads\/2021\/07\/Plan_Vaugirard_Fig2-300x157.jpg 300w, https:\/\/petiteceinture.org\/wp-content\/uploads\/2021\/07\/Plan_Vaugirard_Fig2-768x402.jpg 768w, https:\/\/petiteceinture.org\/wp-content\/uploads\/2021\/07\/Plan_Vaugirard_Fig2.jpg 1400w\" sizes=\"(max-width: 1024px) 100vw, 1024px\">\t\t\t\t\t\t\t\t<\/a>\n\t\t\t\t\t\t\t\t\t\t\t<figcaption class=\"widget-image-caption wp-caption-text\">Fa\u00e7ade du c\u00f4t\u00e9 de la voie de la gare de Vaugirard<\/figcaption>\n\t\t\t\t\t\t\t\t\t\t<\/figure>\n\t\t\t\t\t\t\t\t\t<\/div>\n\t\t\t\t<\/div>\n\t\t\t\t\t<\/div>\n\t\t<\/div>\n\t\t\t\t<div class=\"elementor-column elementor-col-16 elementor-top-column elementor-element elementor-element-0a2fc90\" data-id=\"0a2fc90\" data-element_type=\"column\" data-e-type=\"column\">\n\t\t\t<div class=\"elementor-widget-wrap\">\n\t\t\t\t\t\t\t<\/div>\n\t\t<\/div>\n\t\t\t\t\t<\/div>\n\t\t<\/section>\n\t\t\t\t<section class=\"elementor-section elementor-top-section elementor-element elementor-element-29a8d16 elementor-section-boxed elementor-section-height-default elementor-section-height-default\" data-id=\"29a8d16\" data-element_type=\"section\" data-e-type=\"section\">\n\t\t\t\t\t\t<div class=\"elementor-container elementor-column-gap-default\">\n\t\t\t\t\t<div class=\"elementor-column elementor-col-100 elementor-top-column elementor-element elementor-element-1d6ee5c\" data-id=\"1d6ee5c\" data-element_type=\"column\" data-e-type=\"column\">\n\t\t\t<div class=\"elementor-widget-wrap elementor-element-populated\">\n\t\t\t\t\t\t<div class=\"elementor-element elementor-element-4bad94f elementor-widget elementor-widget-text-editor\" data-id=\"4bad94f\" data-element_type=\"widget\" data-e-type=\"widget\" data-widget_type=\"text-editor.default\">\n\t\t\t\t<div class=\"elementor-widget-container\">\n\t\t\t\t\t\t\t\t\t<p>Le b\u00e2timent pr\u00e9sente une tr\u00e8s grande ressemblance avec la gare d\u2019Orl\u00e9ans-Ceinture (13<sup class=\"ordinal\">e<\/sup> arrondissement). Comme l\u2019indique son ing\u00e9nieur, M. Marin, dans les <em>Nouvelles Annales de la Construction<\/em> d\u2019octobre 1868, \u00ab&nbsp;ces stations comprennent donc pour ainsi dire deux fa\u00e7ades, une \u00e0 deux \u00e9tages donnant sur la rue et l\u2019autre \u00e0 un seul \u00e9tage donnant sur les&nbsp;voies&nbsp;\u00bb.&nbsp;<\/p>\t\t\t\t\t\t\t\t<\/div>\n\t\t\t\t<\/div>\n\t\t\t\t\t<\/div>\n\t\t<\/div>\n\t\t\t\t\t<\/div>\n\t\t<\/section>\n\t\t\t\t<section class=\"elementor-section elementor-top-section elementor-element elementor-element-25ce7ae elementor-section-boxed elementor-section-height-default elementor-section-height-default\" data-id=\"25ce7ae\" data-element_type=\"section\" data-e-type=\"section\">\n\t\t\t\t\t\t<div class=\"elementor-container elementor-column-gap-default\">\n\t\t\t\t\t<div class=\"elementor-column elementor-col-16 elementor-top-column elementor-element elementor-element-1476c4f\" data-id=\"1476c4f\" data-element_type=\"column\" data-e-type=\"column\">\n\t\t\t<div class=\"elementor-widget-wrap\">\n\t\t\t\t\t\t\t<\/div>\n\t\t<\/div>\n\t\t\t\t<div class=\"elementor-column elementor-col-66 elementor-top-column elementor-element elementor-element-c98631f\" data-id=\"c98631f\" data-element_type=\"column\" data-e-type=\"column\">\n\t\t\t<div class=\"elementor-widget-wrap elementor-element-populated\">\n\t\t\t\t\t\t<div class=\"elementor-element elementor-element-98914d9 elementor-widget elementor-widget-image\" data-id=\"98914d9\" data-element_type=\"widget\" data-e-type=\"widget\" data-widget_type=\"image.default\">\n\t\t\t\t<div class=\"elementor-widget-container\">\n\t\t\t\t\t\t\t\t\t\t\t\t<figure class=\"wp-caption\">\n\t\t\t\t\t\t\t\t\t\t\t<a href=\"https:\/\/petiteceinture.org\/wp-content\/uploads\/2021\/07\/Plan_Vaugirard_Fig3_R.jpg\" data-elementor-open-lightbox=\"yes\" data-elementor-lightbox-title=\"Plan_Vaugirard_Fig3_R\" data-e-action-hash=\"#elementor-action%3Aaction%3Dlightbox%26settings%3DeyJpZCI6NDk4NywidXJsIjoiaHR0cHM6XC9cL3BldGl0ZWNlaW50dXJlLm9yZ1wvd3AtY29udGVudFwvdXBsb2Fkc1wvMjAyMVwvMDdcL1BsYW5fVmF1Z2lyYXJkX0ZpZzNfUi5qcGcifQ%3D%3D\">\n\t\t\t\t\t\t\t<img loading=\"lazy\" decoding=\"async\" width=\"1024\" height=\"777\" src=\"https:\/\/petiteceinture.org\/wp-content\/uploads\/2021\/07\/Plan_Vaugirard_Fig3_R-1024x777.jpg\" class=\"attachment-large size-large wp-image-4987\" alt=\"Gare Vaugirard Petite Ceinture Paris\" srcset=\"https:\/\/petiteceinture.org\/wp-content\/uploads\/2021\/07\/Plan_Vaugirard_Fig3_R-1024x777.jpg 1024w, https:\/\/petiteceinture.org\/wp-content\/uploads\/2021\/07\/Plan_Vaugirard_Fig3_R-300x228.jpg 300w, https:\/\/petiteceinture.org\/wp-content\/uploads\/2021\/07\/Plan_Vaugirard_Fig3_R-768x583.jpg 768w, https:\/\/petiteceinture.org\/wp-content\/uploads\/2021\/07\/Plan_Vaugirard_Fig3_R.jpg 1230w\" sizes=\"(max-width: 1024px) 100vw, 1024px\">\t\t\t\t\t\t\t\t<\/a>\n\t\t\t\t\t\t\t\t\t\t\t<figcaption class=\"widget-image-caption wp-caption-text\">Coupe transversale du b\u00e2timent des voyageurs de la gare de Vaugirard. L\u2019entr\u00e9e se fait au niveau de la voirie, tandis que les quais sont situ\u00e9s au niveau sup\u00e9rieur.&nbsp;<\/figcaption>\n\t\t\t\t\t\t\t\t\t\t<\/figure>\n\t\t\t\t\t\t\t\t\t<\/div>\n\t\t\t\t<\/div>\n\t\t\t\t\t<\/div>\n\t\t<\/div>\n\t\t\t\t<div class=\"elementor-column elementor-col-16 elementor-top-column elementor-element elementor-element-9d18e48\" data-id=\"9d18e48\" data-element_type=\"column\" data-e-type=\"column\">\n\t\t\t<div class=\"elementor-widget-wrap\">\n\t\t\t\t\t\t\t<\/div>\n\t\t<\/div>\n\t\t\t\t\t<\/div>\n\t\t<\/section>\n\t\t\t\t<section class=\"elementor-section elementor-top-section elementor-element elementor-element-faeee0e elementor-section-boxed elementor-section-height-default elementor-section-height-default\" data-id=\"faeee0e\" data-element_type=\"section\" data-e-type=\"section\">\n\t\t\t\t\t\t<div class=\"elementor-container elementor-column-gap-default\">\n\t\t\t\t\t<div class=\"elementor-column elementor-col-100 elementor-top-column elementor-element elementor-element-3868f0b\" data-id=\"3868f0b\" data-element_type=\"column\" data-e-type=\"column\">\n\t\t\t<div class=\"elementor-widget-wrap elementor-element-populated\">\n\t\t\t\t\t\t<div class=\"elementor-element elementor-element-e885885 elementor-widget elementor-widget-text-editor\" data-id=\"e885885\" data-element_type=\"widget\" data-e-type=\"widget\" data-widget_type=\"text-editor.default\">\n\t\t\t\t<div class=\"elementor-widget-container\">\n\t\t\t\t\t\t\t\t\t<p>Elle comporte 3 \u00e9tages. L\u2019entr\u00e9e de la gare se fait par le rez-de-chauss\u00e9e, qui accueille le guichet de vente des billets, un vestibule ainsi qu\u2019un bureau pour les bagages et le service de messageries. Un entresol est occup\u00e9 par le logement du chef de gare, qui est compos\u00e9 d\u2019une cuisine et de trois chambres.&nbsp;<\/p>\t\t\t\t\t\t\t\t<\/div>\n\t\t\t\t<\/div>\n\t\t\t\t\t<\/div>\n\t\t<\/div>\n\t\t\t\t\t<\/div>\n\t\t<\/section>\n\t\t\t\t<section class=\"elementor-section elementor-top-section elementor-element elementor-element-bf5d00d elementor-section-boxed elementor-section-height-default elementor-section-height-default\" data-id=\"bf5d00d\" data-element_type=\"section\" data-e-type=\"section\">\n\t\t\t\t\t\t<div class=\"elementor-container elementor-column-gap-default\">\n\t\t\t\t\t<div class=\"elementor-column elementor-col-16 elementor-top-column elementor-element elementor-element-7da4385\" data-id=\"7da4385\" data-element_type=\"column\" data-e-type=\"column\">\n\t\t\t<div class=\"elementor-widget-wrap\">\n\t\t\t\t\t\t\t<\/div>\n\t\t<\/div>\n\t\t\t\t<div class=\"elementor-column elementor-col-66 elementor-top-column elementor-element elementor-element-0de4ef9\" data-id=\"0de4ef9\" data-element_type=\"column\" data-e-type=\"column\">\n\t\t\t<div class=\"elementor-widget-wrap elementor-element-populated\">\n\t\t\t\t\t\t<div class=\"elementor-element elementor-element-5cb7ad4 elementor-widget elementor-widget-image\" data-id=\"5cb7ad4\" data-element_type=\"widget\" data-e-type=\"widget\" data-widget_type=\"image.default\">\n\t\t\t\t<div class=\"elementor-widget-container\">\n\t\t\t\t\t\t\t\t\t\t\t\t<figure class=\"wp-caption\">\n\t\t\t\t\t\t\t\t\t\t\t<a href=\"https:\/\/petiteceinture.org\/wp-content\/uploads\/2021\/07\/Plan_Vaugirard_Fig4-C.jpg\" data-elementor-open-lightbox=\"yes\" data-elementor-lightbox-title=\"Plan_Vaugirard_Fig4-C\" data-e-action-hash=\"#elementor-action%3Aaction%3Dlightbox%26settings%3DeyJpZCI6NDk4OCwidXJsIjoiaHR0cHM6XC9cL3BldGl0ZWNlaW50dXJlLm9yZ1wvd3AtY29udGVudFwvdXBsb2Fkc1wvMjAyMVwvMDdcL1BsYW5fVmF1Z2lyYXJkX0ZpZzQtQy5qcGcifQ%3D%3D\">\n\t\t\t\t\t\t\t<img loading=\"lazy\" decoding=\"async\" width=\"1024\" height=\"516\" src=\"https:\/\/petiteceinture.org\/wp-content\/uploads\/2021\/07\/Plan_Vaugirard_Fig4-C-1024x516.jpg\" class=\"attachment-large size-large wp-image-4988\" alt=\"Gare Vaugirard Petite Ceinture Paris\" srcset=\"https:\/\/petiteceinture.org\/wp-content\/uploads\/2021\/07\/Plan_Vaugirard_Fig4-C-1024x516.jpg 1024w, https:\/\/petiteceinture.org\/wp-content\/uploads\/2021\/07\/Plan_Vaugirard_Fig4-C-300x151.jpg 300w, https:\/\/petiteceinture.org\/wp-content\/uploads\/2021\/07\/Plan_Vaugirard_Fig4-C-768x387.jpg 768w, https:\/\/petiteceinture.org\/wp-content\/uploads\/2021\/07\/Plan_Vaugirard_Fig4-C.jpg 1400w\" sizes=\"(max-width: 1024px) 100vw, 1024px\">\t\t\t\t\t\t\t\t<\/a>\n\t\t\t\t\t\t\t\t\t\t\t<figcaption class=\"widget-image-caption wp-caption-text\">Plan de l\u2019\u00e9tage inf\u00e9rieur du b\u00e2timent des voyageurs. On notera la pr\u00e9sence de 2 escaliers&nbsp;: le premier \u00e0 droite de ce plan d\u00e9di\u00e9 aux voyageurs&nbsp;; le second, situ\u00e9 \u00e0 gauche, r\u00e9serv\u00e9 au personnel de la&nbsp;gare.&nbsp;<\/figcaption>\n\t\t\t\t\t\t\t\t\t\t<\/figure>\n\t\t\t\t\t\t\t\t\t<\/div>\n\t\t\t\t<\/div>\n\t\t\t\t\t<\/div>\n\t\t<\/div>\n\t\t\t\t<div class=\"elementor-column elementor-col-16 elementor-top-column elementor-element elementor-element-f1e8650\" data-id=\"f1e8650\" data-element_type=\"column\" data-e-type=\"column\">\n\t\t\t<div class=\"elementor-widget-wrap\">\n\t\t\t\t\t\t\t<\/div>\n\t\t<\/div>\n\t\t\t\t\t<\/div>\n\t\t<\/section>\n\t\t\t\t<section class=\"elementor-section elementor-top-section elementor-element elementor-element-fd7e38f elementor-section-boxed elementor-section-height-default elementor-section-height-default\" data-id=\"fd7e38f\" data-element_type=\"section\" data-e-type=\"section\">\n\t\t\t\t\t\t<div class=\"elementor-container elementor-column-gap-default\">\n\t\t\t\t\t<div class=\"elementor-column elementor-col-100 elementor-top-column elementor-element elementor-element-a8e0e77\" data-id=\"a8e0e77\" data-element_type=\"column\" data-e-type=\"column\">\n\t\t\t<div class=\"elementor-widget-wrap elementor-element-populated\">\n\t\t\t\t\t\t<div class=\"elementor-element elementor-element-f463bb4 elementor-widget elementor-widget-text-editor\" data-id=\"f463bb4\" data-element_type=\"widget\" data-e-type=\"widget\" data-widget_type=\"text-editor.default\">\n\t\t\t\t<div class=\"elementor-widget-container\">\n\t\t\t\t\t\t\t\t\t<p>Enfin, l\u2019\u00e9tage sup\u00e9rieur, au niveau des quais de la Petite Ceinture, abrite la salle d\u2019attente et le bureau du chef de&nbsp;gare.&nbsp;<\/p><p>Pour acc\u00e9der aux quais, les voyageurs doivent emprunter un grand escalier situ\u00e9 \u00e0 l\u2019int\u00e9rieur du b\u00e2timent des voyageurs (et qui ne dessert pas le 1<sup class=\"ordinal\">er<\/sup> \u00e9tage). Pour sortir de la gare, deux escaliers sont pr\u00e9vus&nbsp;\u00e0 l\u2019ext\u00e9rieur de la gare. Ces derniers existent toujours aujourd\u2019hui, mais l\u2019un des deux est masqu\u00e9 par la fa\u00e7ade d\u2019une enseigne de fast-food.&nbsp;<\/p>\t\t\t\t\t\t\t\t<\/div>\n\t\t\t\t<\/div>\n\t\t\t\t\t<\/div>\n\t\t<\/div>\n\t\t\t\t\t<\/div>\n\t\t<\/section>\n\t\t\t\t<section class=\"elementor-section elementor-top-section elementor-element elementor-element-90ca0f9 elementor-section-boxed elementor-section-height-default elementor-section-height-default\" data-id=\"90ca0f9\" data-element_type=\"section\" data-e-type=\"section\">\n\t\t\t\t\t\t<div class=\"elementor-container elementor-column-gap-default\">\n\t\t\t\t\t<div class=\"elementor-column elementor-col-16 elementor-top-column elementor-element elementor-element-40a05e4\" data-id=\"40a05e4\" data-element_type=\"column\" data-e-type=\"column\">\n\t\t\t<div class=\"elementor-widget-wrap\">\n\t\t\t\t\t\t\t<\/div>\n\t\t<\/div>\n\t\t\t\t<div class=\"elementor-column elementor-col-66 elementor-top-column elementor-element elementor-element-e4036a6\" data-id=\"e4036a6\" data-element_type=\"column\" data-e-type=\"column\">\n\t\t\t<div class=\"elementor-widget-wrap elementor-element-populated\">\n\t\t\t\t\t\t<div class=\"elementor-element elementor-element-eeee593 elementor-widget elementor-widget-image\" data-id=\"eeee593\" data-element_type=\"widget\" data-e-type=\"widget\" data-widget_type=\"image.default\">\n\t\t\t\t<div class=\"elementor-widget-container\">\n\t\t\t\t\t\t\t\t\t\t\t\t<figure class=\"wp-caption\">\n\t\t\t\t\t\t\t\t\t\t\t<a href=\"https:\/\/petiteceinture.org\/wp-content\/uploads\/2021\/07\/Plan_Vaugirard_Fig6-R.jpg\" data-elementor-open-lightbox=\"yes\" data-elementor-lightbox-title=\"Plan_Vaugirard_Fig6-R\" data-e-action-hash=\"#elementor-action%3Aaction%3Dlightbox%26settings%3DeyJpZCI6NDk4OSwidXJsIjoiaHR0cHM6XC9cL3BldGl0ZWNlaW50dXJlLm9yZ1wvd3AtY29udGVudFwvdXBsb2Fkc1wvMjAyMVwvMDdcL1BsYW5fVmF1Z2lyYXJkX0ZpZzYtUi5qcGcifQ%3D%3D\">\n\t\t\t\t\t\t\t<img loading=\"lazy\" decoding=\"async\" width=\"1024\" height=\"763\" src=\"https:\/\/petiteceinture.org\/wp-content\/uploads\/2021\/07\/Plan_Vaugirard_Fig6-R-1024x763.jpg\" class=\"attachment-large size-large wp-image-4989\" alt=\"Gare Vaugirard Petite Ceinture Paris\" srcset=\"https:\/\/petiteceinture.org\/wp-content\/uploads\/2021\/07\/Plan_Vaugirard_Fig6-R-1024x763.jpg 1024w, https:\/\/petiteceinture.org\/wp-content\/uploads\/2021\/07\/Plan_Vaugirard_Fig6-R-300x224.jpg 300w, https:\/\/petiteceinture.org\/wp-content\/uploads\/2021\/07\/Plan_Vaugirard_Fig6-R-768x572.jpg 768w, https:\/\/petiteceinture.org\/wp-content\/uploads\/2021\/07\/Plan_Vaugirard_Fig6-R.jpg 1252w\" sizes=\"(max-width: 1024px) 100vw, 1024px\">\t\t\t\t\t\t\t\t<\/a>\n\t\t\t\t\t\t\t\t\t\t\t<figcaption class=\"widget-image-caption wp-caption-text\">Plan de l\u2019\u00e9tage sup\u00e9rieur du b\u00e2timent des voyageurs.&nbsp;<\/figcaption>\n\t\t\t\t\t\t\t\t\t\t<\/figure>\n\t\t\t\t\t\t\t\t\t<\/div>\n\t\t\t\t<\/div>\n\t\t\t\t\t<\/div>\n\t\t<\/div>\n\t\t\t\t<div class=\"elementor-column elementor-col-16 elementor-top-column elementor-element elementor-element-973c926\" data-id=\"973c926\" data-element_type=\"column\" data-e-type=\"column\">\n\t\t\t<div class=\"elementor-widget-wrap\">\n\t\t\t\t\t\t\t<\/div>\n\t\t<\/div>\n\t\t\t\t\t<\/div>\n\t\t<\/section>\n\t\t\t\t<section class=\"elementor-section elementor-top-section elementor-element elementor-element-74d45a6 elementor-section-boxed elementor-section-height-default elementor-section-height-default\" data-id=\"74d45a6\" data-element_type=\"section\" data-e-type=\"section\">\n\t\t\t\t\t\t<div class=\"elementor-container elementor-column-gap-default\">\n\t\t\t\t\t<div class=\"elementor-column elementor-col-100 elementor-top-column elementor-element elementor-element-48619d97\" data-id=\"48619d97\" data-element_type=\"column\" data-e-type=\"column\">\n\t\t\t<div class=\"elementor-widget-wrap elementor-element-populated\">\n\t\t\t\t\t\t<div class=\"elementor-element elementor-element-1f8007ca elementor-widget elementor-widget-text-editor\" data-id=\"1f8007ca\" data-element_type=\"widget\" data-e-type=\"widget\" data-widget_type=\"text-editor.default\">\n\t\t\t\t<div class=\"elementor-widget-container\">\n\t\t\t\t\t\t\t\t\t<p>La fa\u00e7ade est faite en briques roses. Les bordures des portes et des fen\u00eatres sont en calcaire blanc. Des abris sont pr\u00e9sents sur les quais des voyageurs. Une horloge de belle taille coiffe la fa\u00e7ade sur rue. Enfin, deux marquises parcourent toute la longueur du b\u00e2timent, c\u00f4t\u00e9 rue et c\u00f4t\u00e9&nbsp;voies.&nbsp;<\/p><p>Dans les ann\u00e9es 1900, un monte-charge est am\u00e9nag\u00e9 sur le c\u00f4t\u00e9 droit de la gare (c\u00f4t\u00e9 Ouest) pour faciliter la manutention des colis et des bagages. Ces derniers \u00e9taient transport\u00e9s dans un fourgon attel\u00e9 aux trains de voyageurs de la Petite Ceinture.<\/p>\t\t\t\t\t\t\t\t<\/div>\n\t\t\t\t<\/div>\n\t\t\t\t\t<\/div>\n\t\t<\/div>\n\t\t\t\t\t<\/div>\n\t\t<\/section>\n\t\t\t\t<section class=\"elementor-section elementor-top-section elementor-element elementor-element-32ba34c elementor-section-boxed elementor-section-height-default elementor-section-height-default\" data-id=\"32ba34c\" data-element_type=\"section\" data-e-type=\"section\">\n\t\t\t\t\t\t<div class=\"elementor-container elementor-column-gap-default\">\n\t\t\t\t\t<div class=\"elementor-column elementor-col-16 elementor-top-column elementor-element elementor-element-0e84446\" data-id=\"0e84446\" data-element_type=\"column\" data-e-type=\"column\">\n\t\t\t<div class=\"elementor-widget-wrap\">\n\t\t\t\t\t\t\t<\/div>\n\t\t<\/div>\n\t\t\t\t<div class=\"elementor-column elementor-col-66 elementor-top-column elementor-element elementor-element-f59c8d9\" data-id=\"f59c8d9\" data-element_type=\"column\" data-e-type=\"column\">\n\t\t\t<div class=\"elementor-widget-wrap elementor-element-populated\">\n\t\t\t\t\t\t<div class=\"elementor-element elementor-element-d3b6308 elementor-widget elementor-widget-image\" data-id=\"d3b6308\" data-element_type=\"widget\" data-e-type=\"widget\" data-widget_type=\"image.default\">\n\t\t\t\t<div class=\"elementor-widget-container\">\n\t\t\t\t\t\t\t\t\t\t\t\t<figure class=\"wp-caption\">\n\t\t\t\t\t\t\t\t\t\t\t<a href=\"https:\/\/petiteceinture.org\/wp-content\/uploads\/2021\/07\/Vaugirard-Ceinture-coll-JP-Rigouard.jpg\" data-elementor-open-lightbox=\"yes\" data-elementor-lightbox-title=\"Vaugirard-Ceinture-coll-JP-Rigouard\" data-e-action-hash=\"#elementor-action%3Aaction%3Dlightbox%26settings%3DeyJpZCI6NDk5MCwidXJsIjoiaHR0cHM6XC9cL3BldGl0ZWNlaW50dXJlLm9yZ1wvd3AtY29udGVudFwvdXBsb2Fkc1wvMjAyMVwvMDdcL1ZhdWdpcmFyZC1DZWludHVyZS1jb2xsLUpQLVJpZ291YXJkLmpwZyJ9\">\n\t\t\t\t\t\t\t<img loading=\"lazy\" decoding=\"async\" width=\"1000\" height=\"636\" src=\"https:\/\/petiteceinture.org\/wp-content\/uploads\/2021\/07\/Vaugirard-Ceinture-coll-JP-Rigouard.jpg\" class=\"attachment-large size-large wp-image-4990\" alt srcset=\"https:\/\/petiteceinture.org\/wp-content\/uploads\/2021\/07\/Vaugirard-Ceinture-coll-JP-Rigouard.jpg 1000w, https:\/\/petiteceinture.org\/wp-content\/uploads\/2021\/07\/Vaugirard-Ceinture-coll-JP-Rigouard-300x191.jpg 300w, https:\/\/petiteceinture.org\/wp-content\/uploads\/2021\/07\/Vaugirard-Ceinture-coll-JP-Rigouard-768x488.jpg 768w\" sizes=\"(max-width: 1000px) 100vw, 1000px\">\t\t\t\t\t\t\t\t<\/a>\n\t\t\t\t\t\t\t\t\t\t\t<figcaption class=\"widget-image-caption wp-caption-text\">La gare de Vaugirard au d\u00e9but du XX<sup class=\"ordinal\">e<\/sup> si\u00e8cle \u2013 coll. J.P. Rigouard<\/figcaption>\n\t\t\t\t\t\t\t\t\t\t<\/figure>\n\t\t\t\t\t\t\t\t\t<\/div>\n\t\t\t\t<\/div>\n\t\t\t\t\t<\/div>\n\t\t<\/div>\n\t\t\t\t<div class=\"elementor-column elementor-col-16 elementor-top-column elementor-element elementor-element-6689693\" data-id=\"6689693\" data-element_type=\"column\" data-e-type=\"column\">\n\t\t\t<div class=\"elementor-widget-wrap\">\n\t\t\t\t\t\t\t<\/div>\n\t\t<\/div>\n\t\t\t\t\t<\/div>\n\t\t<\/section>\n\t\t\t\t<section class=\"elementor-section elementor-top-section elementor-element elementor-element-357d6ca3 elementor-section-boxed elementor-section-height-default elementor-section-height-default\" data-id=\"357d6ca3\" data-element_type=\"section\" data-e-type=\"section\">\n\t\t\t\t\t\t<div class=\"elementor-container elementor-column-gap-default\">\n\t\t\t\t\t<div class=\"elementor-column elementor-col-100 elementor-top-column elementor-element elementor-element-404866a0\" data-id=\"404866a0\" data-element_type=\"column\" data-e-type=\"column\">\n\t\t\t<div class=\"elementor-widget-wrap elementor-element-populated\">\n\t\t\t\t\t\t<div class=\"elementor-element elementor-element-114c543e elementor-widget elementor-widget-heading\" data-id=\"114c543e\" data-element_type=\"widget\" data-e-type=\"widget\" data-widget_type=\"heading.default\">\n\t\t\t\t<div class=\"elementor-widget-container\">\n\t\t\t\t\t<h2 class=\"elementor-heading-title elementor-size-default\">La gare de Vaugirard et le m\u00e9tro parisien<\/h2>\t\t\t\t<\/div>\n\t\t\t\t<\/div>\n\t\t\t\t\t<\/div>\n\t\t<\/div>\n\t\t\t\t\t<\/div>\n\t\t<\/section>\n\t\t\t\t<section class=\"elementor-section elementor-top-section elementor-element elementor-element-55d67e9 elementor-section-boxed elementor-section-height-default elementor-section-height-default\" data-id=\"55d67e9\" data-element_type=\"section\" data-e-type=\"section\">\n\t\t\t\t\t\t<div class=\"elementor-container elementor-column-gap-default\">\n\t\t\t\t\t<div class=\"elementor-column elementor-col-100 elementor-top-column elementor-element elementor-element-f0c93d8\" data-id=\"f0c93d8\" data-element_type=\"column\" data-e-type=\"column\">\n\t\t\t<div class=\"elementor-widget-wrap elementor-element-populated\">\n\t\t\t\t\t\t<div class=\"elementor-element elementor-element-f0acb4a elementor-widget elementor-widget-text-editor\" data-id=\"f0acb4a\" data-element_type=\"widget\" data-e-type=\"widget\" data-widget_type=\"text-editor.default\">\n\t\t\t\t<div class=\"elementor-widget-container\">\n\t\t\t\t\t\t\t\t\t<p>La ligne A du Nord-Sud (anc\u00eatre de la ligne 12 du m\u00e9tro) arrive \u00e0 la Porte de Versailles le <strong>5 novembre 1910<\/strong>. Le terminus est reli\u00e9 aux nouveaux ateliers de Vaugirard. Ces derniers sont <strong>directement raccord\u00e9s \u00e0 la Petite Ceinture<\/strong> par un embranchement passant <strong>au-dessus de la rue Desnouettes<\/strong>, et traversant cette derni\u00e8re <strong>via un passage niveau<\/strong> environ 200 m\u00e8tres plus&nbsp;loin.<\/p><p><strong>Cet embranchement est indiqu\u00e9 en rouge sur la carte ci-dessous<\/strong>. La gare de Vaugirard est indiqu\u00e9e par l\u2019\u00e9pingle bleue.<\/p>\t\t\t\t\t\t\t\t<\/div>\n\t\t\t\t<\/div>\n\t\t\t\t\t<\/div>\n\t\t<\/div>\n\t\t\t\t\t<\/div>\n\t\t<\/section>\n\t\t\t\t<section class=\"elementor-section elementor-top-section elementor-element elementor-element-cff6f79 elementor-section-boxed elementor-section-height-default elementor-section-height-default\" data-id=\"cff6f79\" data-element_type=\"section\" data-e-type=\"section\">\n\t\t\t\t\t\t<div class=\"elementor-container elementor-column-gap-default\">\n\t\t\t\t\t<div class=\"elementor-column elementor-col-100 elementor-top-column elementor-element elementor-element-9c63f34\" data-id=\"9c63f34\" data-element_type=\"column\" data-e-type=\"column\">\n\t\t\t<div class=\"elementor-widget-wrap elementor-element-populated\">\n\t\t\t\t\t\t<div class=\"elementor-element elementor-element-c9618f3 elementor-widget elementor-widget-html\" data-id=\"c9618f3\" data-element_type=\"widget\" data-e-type=\"widget\" data-widget_type=\"html.default\">\n\t\t\t\t<div class=\"elementor-widget-container\">\n\t\t\t\t\t<iframe width=\"100%\" height=\"300px\" frameborder=\"0\" allowfullscreen src=\"\/\/umap.openstreetmap.fr\/fr\/map\/petite-ceinture-ferroviaire-de-paris_420615?scaleControl=false&amp;miniMap=false&amp;scrollWheelZoom=false&amp;zoomControl=true&amp;allowEdit=false&amp;moreControl=false&amp;searchControl=null&amp;tilelayersControl=null&amp;embedControl=null&amp;datalayersControl=false&amp;onLoadPanel=undefined&amp;captionBar=false&amp;datalayers=1282622%2C1282498%2C1282623%2C1282624%2C1288281%2C1288282%2C1288283%2C1288284%2C1288285%2C1519229%2C1305994%2C1281334%2C1281351%2C1281330%2C1556494%2C1831472#16\/48.8349\/2.2902\"><\/iframe>\t\t\t\t<\/div>\n\t\t\t\t<\/div>\n\t\t\t\t\t<\/div>\n\t\t<\/div>\n\t\t\t\t\t<\/div>\n\t\t<\/section>\n\t\t\t\t<section class=\"elementor-section elementor-top-section elementor-element elementor-element-14b42b30 elementor-section-boxed elementor-section-height-default elementor-section-height-default\" data-id=\"14b42b30\" data-element_type=\"section\" data-e-type=\"section\">\n\t\t\t\t\t\t<div class=\"elementor-container elementor-column-gap-default\">\n\t\t\t\t\t<div class=\"elementor-column elementor-col-100 elementor-top-column elementor-element elementor-element-4fdaafa4\" data-id=\"4fdaafa4\" data-element_type=\"column\" data-e-type=\"column\">\n\t\t\t<div class=\"elementor-widget-wrap elementor-element-populated\">\n\t\t\t\t\t\t<div class=\"elementor-element elementor-element-ecf1def elementor-widget elementor-widget-text-editor\" data-id=\"ecf1def\" data-element_type=\"widget\" data-e-type=\"widget\" data-widget_type=\"text-editor.default\">\n\t\t\t\t<div class=\"elementor-widget-container\">\n\t\t\t\t\t\t\t\t\t<p>Les rames du m\u00e9tro ont ainsi \u00e9t\u00e9 achemin\u00e9es par le rail, apr\u00e8s un passage par la gare de Grenelle. De m\u00eame, les anciens mat\u00e9riels, au moment de la radiation, ont quitt\u00e9 les ateliers via cet embranchement. Actif jusqu\u2019\u00e0 la fin des ann\u00e9es 1970, ce dernier aura vu passer les rames Nord-Sud, les Sprague, mais aussi les rames MF67 et MF77. Il est neutralis\u00e9 en 2011 lors de la construction du nouveau PCC de la ligne&nbsp;12.&nbsp;<\/p><p><em>Ci-dessous&nbsp;: 4 photos d\u2019une rame MF67 flambant neuve sur l\u2019embranchement de Vaugirard. \u00c0 noter la voiture de 1<sup class=\"ordinal\">e<\/sup> classe de couleur cr\u00e8me. \u00a9 Guy Rannou, coll. Ademas, tous droits r\u00e9serv\u00e9s<\/em><\/p>\t\t\t\t\t\t\t\t<\/div>\n\t\t\t\t<\/div>\n\t\t\t\t\t<\/div>\n\t\t<\/div>\n\t\t\t\t\t<\/div>\n\t\t<\/section>\n\t\t\t\t<section class=\"elementor-section elementor-top-section elementor-element elementor-element-49f486f elementor-section-boxed elementor-section-height-default elementor-section-height-default\" data-id=\"49f486f\" data-element_type=\"section\" data-e-type=\"section\">\n\t\t\t\t\t\t<div class=\"elementor-container elementor-column-gap-default\">\n\t\t\t\t\t<div class=\"elementor-column elementor-col-100 elementor-top-column elementor-element elementor-element-e134d36\" data-id=\"e134d36\" data-element_type=\"column\" data-e-type=\"column\">\n\t\t\t<div class=\"elementor-widget-wrap elementor-element-populated\">\n\t\t\t\t\t\t<div class=\"elementor-element elementor-element-f63b14b elementor-widget elementor-widget-oew-image-gallery\" data-id=\"f63b14b\" data-element_type=\"widget\" data-e-type=\"widget\" data-widget_type=\"oew-image-gallery.default\">\n\t\t\t\t<div class=\"elementor-widget-container\">\n\t\t\t\t\t\n\t\t<div class=\"oew-image-gallery oew-has-lightbox\">\n\t\t\t\n\t\t\t\t<div class=\"oew-gallery-item\">\n\t\t\t\t\t<a class=\"oew-gallery-item-inner no-lightbox\" href=\"https:\/\/petiteceinture.org\/wp-content\/uploads\/2021\/07\/Rannou-Grenelle-0971-3.jpg\" data-width=\"1400\" data-height=\"933\" data-elementor-open-lightbox=\"no\">\n\t\t\t\t\t\t<div class=\"oew-gallery-thumbnail\">\n\t\t\t\t\t\t\t<img decoding=\"async\" src=\"https:\/\/petiteceinture.org\/wp-content\/uploads\/2021\/07\/Rannou-Grenelle-0971-3-768x512.jpg\" alt=\"M\u00e9tro MF67 embranchement ateliers Vaugirard Petite Ceinture\">\n\t\t\t\t\t\t<\/div>\n\n\t\t\t\t\t\t\t\t\t\t\t\t\t<div class=\"oew-gallery-overlay oew-gallery-transition-fade\">\n\t\t\t\t\t\t\t\t\t\t\t\t\t\t\t\t\t<div class=\"oew-gallery-item-icon\">\n\t\t\t\t\t\t\t\t\t\t<i aria-hidden=\"true\" class=\"fas fa-search\"><\/i>\t\t\t\t\t\t\t\t\t<\/div>\n\t\t\t\t\t\t\t\t\t\t\t\t\t\t\t\t\t\t<div class=\"oew-gallery-item-caption\">\n\t\t\t\t\t\t\t\t\t\tL\u2019amorce de l\u2019embranchement\t\t\t\t\t\t\t\t\t<\/div>\n\t\t\t\t\t\t\t\t\t\t\t\t\t\t\t\t<\/div>\n\t\t\t\t\t\t\t\t\t\t\t\t<\/a>\n\t\t\t\t<\/div>\n\n\t\t\t\t\n\t\t\t\t<div class=\"oew-gallery-item\">\n\t\t\t\t\t<a class=\"oew-gallery-item-inner no-lightbox\" href=\"https:\/\/petiteceinture.org\/wp-content\/uploads\/2021\/07\/Rannou-Grenelle-1074-2.jpg\" data-width=\"1400\" data-height=\"934\" data-elementor-open-lightbox=\"no\">\n\t\t\t\t\t\t<div class=\"oew-gallery-thumbnail\">\n\t\t\t\t\t\t\t<img decoding=\"async\" src=\"https:\/\/petiteceinture.org\/wp-content\/uploads\/2021\/07\/Rannou-Grenelle-1074-2-768x512.jpg\" alt=\"M\u00e9tro MF67 embranchement ateliers Vaugirard Petite Ceinture\">\n\t\t\t\t\t\t<\/div>\n\n\t\t\t\t\t\t\t\t\t\t\t\t\t<div class=\"oew-gallery-overlay oew-gallery-transition-fade\">\n\t\t\t\t\t\t\t\t\t\t\t\t\t\t\t\t\t<div class=\"oew-gallery-item-icon\">\n\t\t\t\t\t\t\t\t\t\t<i aria-hidden=\"true\" class=\"fas fa-search\"><\/i>\t\t\t\t\t\t\t\t\t<\/div>\n\t\t\t\t\t\t\t\t\t\t\t\t\t\t\t\t\t\t<div class=\"oew-gallery-item-caption\">\n\t\t\t\t\t\t\t\t\t\tAu-dessus de la rue Desnouettes&nbsp;<\/div>\n\t\t\t\t\t\t\t\t\t\t\t\t\t\t\t\t<\/div>\n\t\t\t\t\t\t\t\t\t\t\t\t<\/a>\n\t\t\t\t<\/div>\n\n\t\t\t\t\n\t\t\t\t<div class=\"oew-gallery-item\">\n\t\t\t\t\t<a class=\"oew-gallery-item-inner no-lightbox\" href=\"https:\/\/petiteceinture.org\/wp-content\/uploads\/2021\/07\/Rannou-S9018-Grenelle-1074-2.jpg\" data-width=\"1400\" data-height=\"933\" data-elementor-open-lightbox=\"no\">\n\t\t\t\t\t\t<div class=\"oew-gallery-thumbnail\">\n\t\t\t\t\t\t\t<img decoding=\"async\" src=\"https:\/\/petiteceinture.org\/wp-content\/uploads\/2021\/07\/Rannou-S9018-Grenelle-1074-2-768x512.jpg\" alt=\"M\u00e9tro MF67 embranchement ateliers Vaugirard Petite Ceinture\">\n\t\t\t\t\t\t<\/div>\n\n\t\t\t\t\t\t\t\t\t\t\t\t\t<div class=\"oew-gallery-overlay oew-gallery-transition-fade\">\n\t\t\t\t\t\t\t\t\t\t\t\t\t\t\t\t\t<div class=\"oew-gallery-item-icon\">\n\t\t\t\t\t\t\t\t\t\t<i aria-hidden=\"true\" class=\"fas fa-search\"><\/i>\t\t\t\t\t\t\t\t\t<\/div>\n\t\t\t\t\t\t\t\t\t\t\t\t\t\t\t\t\t\t<div class=\"oew-gallery-item-caption\">\n\t\t\t\t\t\t\t\t\t\tAu bas de l\u2019embranchement, pr\u00e8s du passage \u00e0 niveau de la rue Desnouettes&nbsp;<\/div>\n\t\t\t\t\t\t\t\t\t\t\t\t\t\t\t\t<\/div>\n\t\t\t\t\t\t\t\t\t\t\t\t<\/a>\n\t\t\t\t<\/div>\n\n\t\t\t\t\n\t\t\t\t<div class=\"oew-gallery-item\">\n\t\t\t\t\t<a class=\"oew-gallery-item-inner no-lightbox\" href=\"https:\/\/petiteceinture.org\/wp-content\/uploads\/2021\/07\/Rannou-Vaugirard-0971-6-1.jpg\" data-width=\"1200\" data-height=\"796\" data-elementor-open-lightbox=\"no\">\n\t\t\t\t\t\t<div class=\"oew-gallery-thumbnail\">\n\t\t\t\t\t\t\t<img decoding=\"async\" src=\"https:\/\/petiteceinture.org\/wp-content\/uploads\/2021\/07\/Rannou-Vaugirard-0971-6-1-768x509.jpg\" alt=\"M\u00e9tro MF67 embranchement ateliers Vaugirard Petite Ceinture\">\n\t\t\t\t\t\t<\/div>\n\n\t\t\t\t\t\t\t\t\t\t\t\t\t<div class=\"oew-gallery-overlay oew-gallery-transition-fade\">\n\t\t\t\t\t\t\t\t\t\t\t\t\t\t\t\t\t<div class=\"oew-gallery-item-icon\">\n\t\t\t\t\t\t\t\t\t\t<i aria-hidden=\"true\" class=\"fas fa-search\"><\/i>\t\t\t\t\t\t\t\t\t<\/div>\n\t\t\t\t\t\t\t\t\t\t\t\t\t\t\t\t\t\t<div class=\"oew-gallery-item-caption\">\n\t\t\t\t\t\t\t\t\t\tSur le passage \u00e0 niveau de la rue Desnouettes&nbsp;<\/div>\n\t\t\t\t\t\t\t\t\t\t\t\t\t\t\t\t<\/div>\n\t\t\t\t\t\t\t\t\t\t\t\t<\/a>\n\t\t\t\t<\/div>\n\n\t\t\t\t\t\t<\/div>\n\n\t\t\t\t\t\t<\/div>\n\t\t\t\t<\/div>\n\t\t\t\t\t<\/div>\n\t\t<\/div>\n\t\t\t\t\t<\/div>\n\t\t<\/section>\n\t\t\t\t<section class=\"elementor-section elementor-top-section elementor-element elementor-element-dcfd170 elementor-section-boxed elementor-section-height-default elementor-section-height-default\" data-id=\"dcfd170\" data-element_type=\"section\" data-e-type=\"section\">\n\t\t\t\t\t\t<div class=\"elementor-container elementor-column-gap-default\">\n\t\t\t\t\t<div class=\"elementor-column elementor-col-100 elementor-top-column elementor-element elementor-element-b9d84ce\" data-id=\"b9d84ce\" data-element_type=\"column\" data-e-type=\"column\">\n\t\t\t<div class=\"elementor-widget-wrap elementor-element-populated\">\n\t\t\t\t\t\t<div class=\"elementor-element elementor-element-161288e elementor-widget elementor-widget-text-editor\" data-id=\"161288e\" data-element_type=\"widget\" data-e-type=\"widget\" data-widget_type=\"text-editor.default\">\n\t\t\t\t<div class=\"elementor-widget-container\">\n\t\t\t\t\t\t\t\t\t<p>En 1930, la station Porte de Versailles est d\u00e9plac\u00e9e vers le Sud en vue du prolongement de la ligne 12. Jusqu\u2019alors, la station Porte de Versailles b\u00e9n\u00e9ficiait d\u2019un passage souterrain menant directement \u00e0 la gare de Vaugirard. Un tel exemple de jonction entre le m\u00e9tro et la Petite Ceinture est h\u00e9las rest\u00e9 tr\u00e8s&nbsp;rare.<\/p>\t\t\t\t\t\t\t\t<\/div>\n\t\t\t\t<\/div>\n\t\t\t\t\t<\/div>\n\t\t<\/div>\n\t\t\t\t\t<\/div>\n\t\t<\/section>\n\t\t\t\t<section class=\"elementor-section elementor-top-section elementor-element elementor-element-2ff8f61b elementor-section-boxed elementor-section-height-default elementor-section-height-default\" data-id=\"2ff8f61b\" data-element_type=\"section\" data-e-type=\"section\">\n\t\t\t\t\t\t<div class=\"elementor-container elementor-column-gap-default\">\n\t\t\t\t\t<div class=\"elementor-column elementor-col-100 elementor-top-column elementor-element elementor-element-79f11426\" data-id=\"79f11426\" data-element_type=\"column\" data-e-type=\"column\">\n\t\t\t<div class=\"elementor-widget-wrap elementor-element-populated\">\n\t\t\t\t\t\t<div class=\"elementor-element elementor-element-5608cf23 elementor-widget elementor-widget-heading\" data-id=\"5608cf23\" data-element_type=\"widget\" data-e-type=\"widget\" data-widget_type=\"heading.default\">\n\t\t\t\t<div class=\"elementor-widget-container\">\n\t\t\t\t\t<h2 class=\"elementor-heading-title elementor-size-default\">Qu\u2019est devenue la gare de Vaugirard&nbsp;?<\/h2>\t\t\t\t<\/div>\n\t\t\t\t<\/div>\n\t\t\t\t\t<\/div>\n\t\t<\/div>\n\t\t\t\t\t<\/div>\n\t\t<\/section>\n\t\t\t\t<section class=\"elementor-section elementor-top-section elementor-element elementor-element-0bd9766 elementor-section-boxed elementor-section-height-default elementor-section-height-default\" data-id=\"0bd9766\" data-element_type=\"section\" data-e-type=\"section\">\n\t\t\t\t\t\t<div class=\"elementor-container elementor-column-gap-default\">\n\t\t\t\t\t<div class=\"elementor-column elementor-col-100 elementor-top-column elementor-element elementor-element-5aa2f90\" data-id=\"5aa2f90\" data-element_type=\"column\" data-e-type=\"column\">\n\t\t\t<div class=\"elementor-widget-wrap elementor-element-populated\">\n\t\t\t\t\t\t<div class=\"elementor-element elementor-element-cf48233 elementor-widget elementor-widget-text-editor\" data-id=\"cf48233\" data-element_type=\"widget\" data-e-type=\"widget\" data-widget_type=\"text-editor.default\">\n\t\t\t\t<div class=\"elementor-widget-container\">\n\t\t\t\t\t\t\t\t\t<p>Le service de voyageurs de la Petite Ceinture prend fin le dimanche 22 juillet 1934. Il est remplac\u00e9 par le \u00ab&nbsp;bus PC&nbsp;\u00bb, assur\u00e9 par la STCRP (l\u2019un des anc\u00eatres de la&nbsp;RATP).<\/p><p>Cependant, la gare continue de voir passer de nombreux trains de marchandises. Ces derniers ont pour origine ou destination la gare de Grenelle-Marchandises, situ\u00e9e \u00e0 un peu plus d\u2019un kilom\u00e8tre \u00e0 l\u2019Ouest. Mais aussi l\u2019usine Citro\u00ebn de Javel (situ\u00e9e \u00e0 l\u2019emplacement du Parc Andr\u00e9 Citro\u00ebn). La gare devient aussi l\u2019un des \u00ab&nbsp;arr\u00eats-photo&nbsp;\u00bb des <strong>trains sp\u00e9ciaux<\/strong> qui circulent sur la Petite Ceinture, comme le montrent ces 4 photos de J. Pepinster.&nbsp;<\/p>\t\t\t\t\t\t\t\t<\/div>\n\t\t\t\t<\/div>\n\t\t\t\t\t<\/div>\n\t\t<\/div>\n\t\t\t\t\t<\/div>\n\t\t<\/section>\n\t\t\t\t<section class=\"elementor-section elementor-top-section elementor-element elementor-element-17f66f0 elementor-section-boxed elementor-section-height-default elementor-section-height-default\" data-id=\"17f66f0\" data-element_type=\"section\" data-e-type=\"section\">\n\t\t\t\t\t\t<div class=\"elementor-container elementor-column-gap-default\">\n\t\t\t\t\t<div class=\"elementor-column elementor-col-100 elementor-top-column elementor-element elementor-element-cd20ce2\" data-id=\"cd20ce2\" data-element_type=\"column\" data-e-type=\"column\">\n\t\t\t<div class=\"elementor-widget-wrap elementor-element-populated\">\n\t\t\t\t\t\t<div class=\"elementor-element elementor-element-3ea259c elementor-widget elementor-widget-oew-image-gallery\" data-id=\"3ea259c\" data-element_type=\"widget\" data-e-type=\"widget\" data-widget_type=\"oew-image-gallery.default\">\n\t\t\t\t<div class=\"elementor-widget-container\">\n\t\t\t\t\t\n\t\t<div class=\"oew-image-gallery oew-has-lightbox\">\n\t\t\t\n\t\t\t\t<div class=\"oew-gallery-item\">\n\t\t\t\t\t<a class=\"oew-gallery-item-inner no-lightbox\" href=\"https:\/\/petiteceinture.org\/wp-content\/uploads\/2021\/07\/Vaugirard-Ceinture-191091-JP.jpg\" data-width=\"1400\" data-height=\"933\" data-elementor-open-lightbox=\"no\">\n\t\t\t\t\t\t<div class=\"oew-gallery-thumbnail\">\n\t\t\t\t\t\t\t<img decoding=\"async\" src=\"https:\/\/petiteceinture.org\/wp-content\/uploads\/2021\/07\/Vaugirard-Ceinture-191091-JP-768x512.jpg\" alt=\"Gare Vaugirard train sp\u00e9cial Petite Ceinture Paris\">\n\t\t\t\t\t\t<\/div>\n\n\t\t\t\t\t\t\t\t\t\t\t\t\t<div class=\"oew-gallery-overlay oew-gallery-transition-fade\">\n\t\t\t\t\t\t\t\t\t\t\t\t\t\t\t\t\t<div class=\"oew-gallery-item-icon\">\n\t\t\t\t\t\t\t\t\t\t<i aria-hidden=\"true\" class=\"fas fa-search\"><\/i>\t\t\t\t\t\t\t\t\t<\/div>\n\t\t\t\t\t\t\t\t\t\t\t\t\t\t\t\t\t\t<div class=\"oew-gallery-item-caption\">\n\t\t\t\t\t\t\t\t\t\tLa locomotive \u00e0 vapeur 230 G 353 \u00e0 l\u2019approche de la gare de Vaugirard&nbsp;<\/div>\n\t\t\t\t\t\t\t\t\t\t\t\t\t\t\t\t<\/div>\n\t\t\t\t\t\t\t\t\t\t\t\t<\/a>\n\t\t\t\t<\/div>\n\n\t\t\t\t\n\t\t\t\t<div class=\"oew-gallery-item\">\n\t\t\t\t\t<a class=\"oew-gallery-item-inner no-lightbox\" href=\"https:\/\/petiteceinture.org\/wp-content\/uploads\/2021\/07\/Vaugirard-Ceinture-130692-JP.jpg\" data-width=\"1400\" data-height=\"933\" data-elementor-open-lightbox=\"no\">\n\t\t\t\t\t\t<div class=\"oew-gallery-thumbnail\">\n\t\t\t\t\t\t\t<img decoding=\"async\" src=\"https:\/\/petiteceinture.org\/wp-content\/uploads\/2021\/07\/Vaugirard-Ceinture-130692-JP-768x512.jpg\" alt=\"Gare Vaugirard train sp\u00e9cial Petite Ceinture Paris\">\n\t\t\t\t\t\t<\/div>\n\n\t\t\t\t\t\t\t\t\t\t\t\t\t<div class=\"oew-gallery-overlay oew-gallery-transition-fade\">\n\t\t\t\t\t\t\t\t\t\t\t\t\t\t\t\t\t<div class=\"oew-gallery-item-icon\">\n\t\t\t\t\t\t\t\t\t\t<i aria-hidden=\"true\" class=\"fas fa-search\"><\/i>\t\t\t\t\t\t\t\t\t<\/div>\n\t\t\t\t\t\t\t\t\t\t\t\t\t\t\t\t\t\t<div class=\"oew-gallery-item-caption\">\n\t\t\t\t\t\t\t\t\t\tLa locomotive \u00e0 vapeur 230 G 353 le long de la gare de Vaugirard&nbsp;<\/div>\n\t\t\t\t\t\t\t\t\t\t\t\t\t\t\t\t<\/div>\n\t\t\t\t\t\t\t\t\t\t\t\t<\/a>\n\t\t\t\t<\/div>\n\n\t\t\t\t\n\t\t\t\t<div class=\"oew-gallery-item\">\n\t\t\t\t\t<a class=\"oew-gallery-item-inner no-lightbox\" href=\"https:\/\/petiteceinture.org\/wp-content\/uploads\/2021\/07\/Vaugirard-Ceinture-070592-PS.jpg\" data-width=\"1400\" data-height=\"933\" data-elementor-open-lightbox=\"no\">\n\t\t\t\t\t\t<div class=\"oew-gallery-thumbnail\">\n\t\t\t\t\t\t\t<img decoding=\"async\" src=\"https:\/\/petiteceinture.org\/wp-content\/uploads\/2021\/07\/Vaugirard-Ceinture-070592-PS-768x512.jpg\" alt=\"Gare Vaugirard train sp\u00e9cial Petite Ceinture Paris\">\n\t\t\t\t\t\t<\/div>\n\n\t\t\t\t\t\t\t\t\t\t\t\t\t<div class=\"oew-gallery-overlay oew-gallery-transition-fade\">\n\t\t\t\t\t\t\t\t\t\t\t\t\t\t\t\t\t<div class=\"oew-gallery-item-icon\">\n\t\t\t\t\t\t\t\t\t\t<i aria-hidden=\"true\" class=\"fas fa-search\"><\/i>\t\t\t\t\t\t\t\t\t<\/div>\n\t\t\t\t\t\t\t\t\t\t\t\t\t\t\t\t\t\t<div class=\"oew-gallery-item-caption\">\n\t\t\t\t\t\t\t\t\t\tUn autorail Panoramique X4200 fait une pause photo devant la gare de Vaugirard&nbsp;<\/div>\n\t\t\t\t\t\t\t\t\t\t\t\t\t\t\t\t<\/div>\n\t\t\t\t\t\t\t\t\t\t\t\t<\/a>\n\t\t\t\t<\/div>\n\n\t\t\t\t\n\t\t\t\t<div class=\"oew-gallery-item\">\n\t\t\t\t\t<a class=\"oew-gallery-item-inner no-lightbox\" href=\"https:\/\/petiteceinture.org\/wp-content\/uploads\/2021\/07\/Gare-Vaugirard-ceinture-200590-JP-2.jpg\" data-width=\"1400\" data-height=\"933\" data-elementor-open-lightbox=\"no\">\n\t\t\t\t\t\t<div class=\"oew-gallery-thumbnail\">\n\t\t\t\t\t\t\t<img decoding=\"async\" src=\"https:\/\/petiteceinture.org\/wp-content\/uploads\/2021\/07\/Gare-Vaugirard-ceinture-200590-JP-2-768x512.jpg\" alt=\"Gare Vaugirard train sp\u00e9cial Petite Ceinture Paris\">\n\t\t\t\t\t\t<\/div>\n\n\t\t\t\t\t\t\t\t\t\t\t\t\t<div class=\"oew-gallery-overlay oew-gallery-transition-fade\">\n\t\t\t\t\t\t\t\t\t\t\t\t\t\t\t\t\t<div class=\"oew-gallery-item-icon\">\n\t\t\t\t\t\t\t\t\t\t<i aria-hidden=\"true\" class=\"fas fa-search\"><\/i>\t\t\t\t\t\t\t\t\t<\/div>\n\t\t\t\t\t\t\t\t\t\t\t\t\t\t\t\t\t\t<div class=\"oew-gallery-item-caption\">\n\t\t\t\t\t\t\t\t\t\tUn bel autorail Caravelle rouge et cr\u00e8me devant le BV de la gare de Vaugirard.&nbsp;<\/div>\n\t\t\t\t\t\t\t\t\t\t\t\t\t\t\t\t<\/div>\n\t\t\t\t\t\t\t\t\t\t\t\t<\/a>\n\t\t\t\t<\/div>\n\n\t\t\t\t\t\t<\/div>\n\n\t\t\t\t\t\t<\/div>\n\t\t\t\t<\/div>\n\t\t\t\t\t<\/div>\n\t\t<\/div>\n\t\t\t\t\t<\/div>\n\t\t<\/section>\n\t\t\t\t<section class=\"elementor-section elementor-top-section elementor-element elementor-element-1fab6c87 elementor-section-boxed elementor-section-height-default elementor-section-height-default\" data-id=\"1fab6c87\" data-element_type=\"section\" data-e-type=\"section\">\n\t\t\t\t\t\t<div class=\"elementor-container elementor-column-gap-default\">\n\t\t\t\t\t<div class=\"elementor-column elementor-col-100 elementor-top-column elementor-element elementor-element-efa162e\" data-id=\"efa162e\" data-element_type=\"column\" data-e-type=\"column\">\n\t\t\t<div class=\"elementor-widget-wrap elementor-element-populated\">\n\t\t\t\t\t\t<div class=\"elementor-element elementor-element-4c62af00 elementor-widget elementor-widget-text-editor\" data-id=\"4c62af00\" data-element_type=\"widget\" data-e-type=\"widget\" data-widget_type=\"text-editor.default\">\n\t\t\t\t<div class=\"elementor-widget-container\">\n\t\t\t\t\t\t\t\t\t<p>Des terrains de tennis sont construits en bordure de la gare. Aussi, une partie du b\u00e2timent des voyageurs sert de locaux au club. Le rez-de-chauss\u00e9e est longtemps occup\u00e9 par une agence d\u2019am\u00e9nagement de bureaux, nomm\u00e9e Abc. En revanche, l\u2019escalier menant au quai Sud de la gare a \u00e9t\u00e9 rendu inaccessible depuis la rue par l\u2019extension d\u2019un commerce.<\/p><p>En 2013, la Ville de Paris ouvre la Petite Ceinture du 15<sup class=\"ordinal\">e<\/sup>, promenade ouverte au public allant de la rue Olivier de Serres \u00e0 la place Balard. L\u2019escalier de la gare de Vaugirard sert d\u2019acc\u00e8s \u00e0 cette promenade.<\/p><p style=\"text-align: center;\"><em>Ci-dessous&nbsp;: deux photos de la PC 15 et de la gare de Vaugirard, vus en octobre 2016.<\/em><\/p>\t\t\t\t\t\t\t\t<\/div>\n\t\t\t\t<\/div>\n\t\t\t\t\t<\/div>\n\t\t<\/div>\n\t\t\t\t\t<\/div>\n\t\t<\/section>\n\t\t\t\t<section class=\"elementor-section elementor-top-section elementor-element elementor-element-4917342 elementor-section-boxed elementor-section-height-default elementor-section-height-default\" data-id=\"4917342\" data-element_type=\"section\" data-e-type=\"section\">\n\t\t\t\t\t\t<div class=\"elementor-container elementor-column-gap-default\">\n\t\t\t\t\t<div class=\"elementor-column elementor-col-100 elementor-top-column elementor-element elementor-element-a4b9907\" data-id=\"a4b9907\" data-element_type=\"column\" data-e-type=\"column\">\n\t\t\t<div class=\"elementor-widget-wrap elementor-element-populated\">\n\t\t\t\t\t\t<div class=\"elementor-element elementor-element-4384775 elementor-widget elementor-widget-oew-image-gallery\" data-id=\"4384775\" data-element_type=\"widget\" data-e-type=\"widget\" data-widget_type=\"oew-image-gallery.default\">\n\t\t\t\t<div class=\"elementor-widget-container\">\n\t\t\t\t\t\n\t\t<div class=\"oew-image-gallery oew-has-lightbox\">\n\t\t\t\n\t\t\t\t<div class=\"oew-gallery-item\">\n\t\t\t\t\t<a class=\"oew-gallery-item-inner no-lightbox\" href=\"https:\/\/petiteceinture.org\/wp-content\/uploads\/2021\/07\/Petite-Ceinture-PC-15.jpeg\" data-width=\"1400\" data-height=\"933\" data-elementor-open-lightbox=\"no\">\n\t\t\t\t\t\t<div class=\"oew-gallery-thumbnail\">\n\t\t\t\t\t\t\t<img decoding=\"async\" src=\"https:\/\/petiteceinture.org\/wp-content\/uploads\/2021\/07\/Petite-Ceinture-PC-15-768x512.jpeg\" alt=\"Petite Ceinture PC 15\">\n\t\t\t\t\t\t<\/div>\n\n\t\t\t\t\t\t\t\t\t\t\t\t\t<div class=\"oew-gallery-overlay oew-gallery-transition-fade\">\n\t\t\t\t\t\t\t\t\t\t\t\t\t\t\t\t\t<div class=\"oew-gallery-item-icon\">\n\t\t\t\t\t\t\t\t\t\t<i aria-hidden=\"true\" class=\"fas fa-search\"><\/i>\t\t\t\t\t\t\t\t\t<\/div>\n\t\t\t\t\t\t\t\t\t\t\t\t\t\t\t\t<\/div>\n\t\t\t\t\t\t\t\t\t\t\t\t<\/a>\n\t\t\t\t<\/div>\n\n\t\t\t\t\n\t\t\t\t<div class=\"oew-gallery-item\">\n\t\t\t\t\t<a class=\"oew-gallery-item-inner no-lightbox\" href=\"https:\/\/petiteceinture.org\/wp-content\/uploads\/2021\/07\/Petite-Ceinture-gare-Vaugirard-PC-15.jpeg\" data-width=\"1400\" data-height=\"933\" data-elementor-open-lightbox=\"no\">\n\t\t\t\t\t\t<div class=\"oew-gallery-thumbnail\">\n\t\t\t\t\t\t\t<img decoding=\"async\" src=\"https:\/\/petiteceinture.org\/wp-content\/uploads\/2021\/07\/Petite-Ceinture-gare-Vaugirard-PC-15-768x512.jpeg\" alt=\"Petite Ceinture gare Vaugirard PC 15\">\n\t\t\t\t\t\t<\/div>\n\n\t\t\t\t\t\t\t\t\t\t\t\t\t<div class=\"oew-gallery-overlay oew-gallery-transition-fade\">\n\t\t\t\t\t\t\t\t\t\t\t\t\t\t\t\t\t<div class=\"oew-gallery-item-icon\">\n\t\t\t\t\t\t\t\t\t\t<i aria-hidden=\"true\" class=\"fas fa-search\"><\/i>\t\t\t\t\t\t\t\t\t<\/div>\n\t\t\t\t\t\t\t\t\t\t\t\t\t\t\t\t<\/div>\n\t\t\t\t\t\t\t\t\t\t\t\t<\/a>\n\t\t\t\t<\/div>\n\n\t\t\t\t\t\t<\/div>\n\n\t\t\t\t\t\t<\/div>\n\t\t\t\t<\/div>\n\t\t\t\t\t<\/div>\n\t\t<\/div>\n\t\t\t\t\t<\/div>\n\t\t<\/section>\n\t\t\t\t<section class=\"elementor-section elementor-top-section elementor-element elementor-element-cb04a27 elementor-section-boxed elementor-section-height-default elementor-section-height-default\" data-id=\"cb04a27\" data-element_type=\"section\" data-e-type=\"section\">\n\t\t\t\t\t\t<div class=\"elementor-container elementor-column-gap-default\">\n\t\t\t\t\t<div class=\"elementor-column elementor-col-100 elementor-top-column elementor-element elementor-element-d4e79c2\" data-id=\"d4e79c2\" data-element_type=\"column\" data-e-type=\"column\">\n\t\t\t<div class=\"elementor-widget-wrap elementor-element-populated\">\n\t\t\t\t\t\t<div class=\"elementor-element elementor-element-ef8d33e elementor-widget elementor-widget-heading\" data-id=\"ef8d33e\" data-element_type=\"widget\" data-e-type=\"widget\" data-widget_type=\"heading.default\">\n\t\t\t\t<div class=\"elementor-widget-container\">\n\t\t\t\t\t<h2 class=\"elementor-heading-title elementor-size-default\">Voie 15&nbsp;: la renaissance de la gare de Vaugirard<\/h2>\t\t\t\t<\/div>\n\t\t\t\t<\/div>\n\t\t\t\t\t<\/div>\n\t\t<\/div>\n\t\t\t\t\t<\/div>\n\t\t<\/section>\n\t\t\t\t<section class=\"elementor-section elementor-top-section elementor-element elementor-element-c8837e9 elementor-section-boxed elementor-section-height-default elementor-section-height-default\" data-id=\"c8837e9\" data-element_type=\"section\" data-e-type=\"section\">\n\t\t\t\t\t\t<div class=\"elementor-container elementor-column-gap-default\">\n\t\t\t\t\t<div class=\"elementor-column elementor-col-100 elementor-top-column elementor-element elementor-element-d36ac23\" data-id=\"d36ac23\" data-element_type=\"column\" data-e-type=\"column\">\n\t\t\t<div class=\"elementor-widget-wrap elementor-element-populated\">\n\t\t\t\t\t\t<div class=\"elementor-element elementor-element-b25fb15 elementor-widget elementor-widget-text-editor\" data-id=\"b25fb15\" data-element_type=\"widget\" data-e-type=\"widget\" data-widget_type=\"text-editor.default\">\n\t\t\t\t<div class=\"elementor-widget-container\">\n\t\t\t\t\t\t\t\t\t<p>En 2015, la Ville de Paris souhaite valoriser la gare de Vaugirard, qui avait \u00e9t\u00e9 laiss\u00e9e dans un \u00e9tat de semi-abandon. Un premier budget de <strong>120 000&nbsp;\u20ac<\/strong> est adopt\u00e9 au <a href=\"https:\/\/budgetparticipatif.paris.fr\/bp\/jsp\/site\/Portal.jsp?document_id=1750&amp;portlet_id=158\">Budget participatif 2015<\/a> afin de r\u00e9aliser des \u00e9tudes techniques. Un second budget de <strong>600 000&nbsp;\u20ac<\/strong> est adopt\u00e9 au Budget participatif de 2017 pour financer les travaux en eux-m\u00eames. Par ailleurs, une contribution de la R\u00e9gion \u00cele-de-France porte l\u2019enveloppe totale \u00e0 <strong>1,3 millions d\u2019euros<\/strong> pour la restauration du b\u00e2timent des voyageurs. Cependant, SNCF Immobilier reste propri\u00e9taire de la gare, la Ville signant <a href=\"http:\/\/a06.apps.paris.fr\/a06\/jsp\/site\/plugins\/odjcp\/DoDownload.jsp?id_entite=51498&amp;id_type_entite=6\">une convention d\u2019occupation du domaine public<\/a> pour une dur\u00e9e de 11&nbsp;ans.<\/p>\t\t\t\t\t\t\t\t<\/div>\n\t\t\t\t<\/div>\n\t\t\t\t\t<\/div>\n\t\t<\/div>\n\t\t\t\t\t<\/div>\n\t\t<\/section>\n\t\t\t\t<section class=\"elementor-section elementor-top-section elementor-element elementor-element-240e9cb elementor-section-boxed elementor-section-height-default elementor-section-height-default\" data-id=\"240e9cb\" data-element_type=\"section\" data-e-type=\"section\">\n\t\t\t\t\t\t<div class=\"elementor-container elementor-column-gap-default\">\n\t\t\t\t\t<div class=\"elementor-column elementor-col-16 elementor-top-column elementor-element elementor-element-dc78378\" data-id=\"dc78378\" data-element_type=\"column\" data-e-type=\"column\">\n\t\t\t<div class=\"elementor-widget-wrap\">\n\t\t\t\t\t\t\t<\/div>\n\t\t<\/div>\n\t\t\t\t<div class=\"elementor-column elementor-col-66 elementor-top-column elementor-element elementor-element-c3d38a7\" data-id=\"c3d38a7\" data-element_type=\"column\" data-e-type=\"column\">\n\t\t\t<div class=\"elementor-widget-wrap elementor-element-populated\">\n\t\t\t\t\t\t<div class=\"elementor-element elementor-element-24d00ba elementor-widget elementor-widget-image\" data-id=\"24d00ba\" data-element_type=\"widget\" data-e-type=\"widget\" data-widget_type=\"image.default\">\n\t\t\t\t<div class=\"elementor-widget-container\">\n\t\t\t\t\t\t\t\t\t\t\t\t\t\t\t<img loading=\"lazy\" decoding=\"async\" width=\"1024\" height=\"682\" src=\"https:\/\/petiteceinture.org\/wp-content\/uploads\/2021\/07\/Petite-Ceinture-gare-Vaugirard-Voie-15-DC9A9823-1024x682.jpg\" class=\"attachment-large size-large wp-image-5021\" alt=\"Petite Ceinture Vaugirard station Track 15\" srcset=\"https:\/\/petiteceinture.org\/wp-content\/uploads\/2021\/07\/Petite-Ceinture-gare-Vaugirard-Voie-15-DC9A9823-1024x682.jpg 1024w, https:\/\/petiteceinture.org\/wp-content\/uploads\/2021\/07\/Petite-Ceinture-gare-Vaugirard-Voie-15-DC9A9823-300x200.jpg 300w, https:\/\/petiteceinture.org\/wp-content\/uploads\/2021\/07\/Petite-Ceinture-gare-Vaugirard-Voie-15-DC9A9823-768x512.jpg 768w, https:\/\/petiteceinture.org\/wp-content\/uploads\/2021\/07\/Petite-Ceinture-gare-Vaugirard-Voie-15-DC9A9823.jpg 1400w\" sizes=\"(max-width: 1024px) 100vw, 1024px\">\t\t\t\t\t\t\t\t\t\t\t\t\t\t\t<\/div>\n\t\t\t\t<\/div>\n\t\t\t\t\t<\/div>\n\t\t<\/div>\n\t\t\t\t<div class=\"elementor-column elementor-col-16 elementor-top-column elementor-element elementor-element-3695b65\" data-id=\"3695b65\" data-element_type=\"column\" data-e-type=\"column\">\n\t\t\t<div class=\"elementor-widget-wrap\">\n\t\t\t\t\t\t\t<\/div>\n\t\t<\/div>\n\t\t\t\t\t<\/div>\n\t\t<\/section>\n\t\t\t\t<section class=\"elementor-section elementor-top-section elementor-element elementor-element-e5f2f10 elementor-section-boxed elementor-section-height-default elementor-section-height-default\" data-id=\"e5f2f10\" data-element_type=\"section\" data-e-type=\"section\">\n\t\t\t\t\t\t<div class=\"elementor-container elementor-column-gap-default\">\n\t\t\t\t\t<div class=\"elementor-column elementor-col-100 elementor-top-column elementor-element elementor-element-4ce82a3\" data-id=\"4ce82a3\" data-element_type=\"column\" data-e-type=\"column\">\n\t\t\t<div class=\"elementor-widget-wrap elementor-element-populated\">\n\t\t\t\t\t\t<div class=\"elementor-element elementor-element-5b16d1e elementor-widget elementor-widget-text-editor\" data-id=\"5b16d1e\" data-element_type=\"widget\" data-e-type=\"widget\" data-widget_type=\"text-editor.default\">\n\t\t\t\t<div class=\"elementor-widget-container\">\n\t\t\t\t\t\t\t\t\t<p>Fin mars 2018, la Direction de l\u2019attractivit\u00e9 et de l\u2019emploi de la Ville de Paris lance un appel \u00e0 projets afin de s\u00e9lectionner la structure qui aura la g\u00e9rance du lieu. Au terme de cette proc\u00e9dure, le projet port\u00e9 par la soci\u00e9t\u00e9 H\u00e9nix est retenu. Apr\u00e8s un an et quelques <strong>800 000&nbsp;\u20ac de travaux<\/strong>, les 353 m\u00e8tres carr\u00e9 du b\u00e2timent des voyageurs accueillent <strong><a href=\"https:\/\/www.voie15.paris\/\">Voie 15<\/a><\/strong> depuis juillet 2021, et abrite un espace de co-working, \u00e0 destination des \u00e9tudiants et des entrepreneurs.<\/p>\t\t\t\t\t\t\t\t<\/div>\n\t\t\t\t<\/div>\n\t\t\t\t\t<\/div>\n\t\t<\/div>\n\t\t\t\t\t<\/div>\n\t\t<\/section>\n\t\t\t\t<section class=\"elementor-section elementor-top-section elementor-element elementor-element-8d6598b elementor-section-boxed elementor-section-height-default elementor-section-height-default\" data-id=\"8d6598b\" data-element_type=\"section\" data-e-type=\"section\">\n\t\t\t\t\t\t<div class=\"elementor-container elementor-column-gap-default\">\n\t\t\t\t\t<div class=\"elementor-column elementor-col-100 elementor-top-column elementor-element elementor-element-63cb95f\" data-id=\"63cb95f\" data-element_type=\"column\" data-e-type=\"column\">\n\t\t\t<div class=\"elementor-widget-wrap elementor-element-populated\">\n\t\t\t\t\t\t<div class=\"elementor-element elementor-element-b9d5846 elementor-widget elementor-widget-oew-image-gallery\" data-id=\"b9d5846\" data-element_type=\"widget\" data-e-type=\"widget\" data-widget_type=\"oew-image-gallery.default\">\n\t\t\t\t<div class=\"elementor-widget-container\">\n\t\t\t\t\t\n\t\t<div class=\"oew-image-gallery oew-has-lightbox\">\n\t\t\t\n\t\t\t\t<div class=\"oew-gallery-item\">\n\t\t\t\t\t<a class=\"oew-gallery-item-inner no-lightbox\" href=\"https:\/\/petiteceinture.org\/wp-content\/uploads\/2021\/07\/Petite-Ceinture-gare-Vaugirard-Voie-15-DC9A9836.jpg\" data-width=\"1400\" data-height=\"933\" data-elementor-open-lightbox=\"no\">\n\t\t\t\t\t\t<div class=\"oew-gallery-thumbnail\">\n\t\t\t\t\t\t\t<img decoding=\"async\" src=\"https:\/\/petiteceinture.org\/wp-content\/uploads\/2021\/07\/Petite-Ceinture-gare-Vaugirard-Voie-15-DC9A9836-768x512.jpg\" alt=\"Petite Ceinture Vaugirard station Track 15\">\n\t\t\t\t\t\t<\/div>\n\n\t\t\t\t\t\t\t\t\t\t\t\t\t<div class=\"oew-gallery-overlay oew-gallery-transition-fade\">\n\t\t\t\t\t\t\t\t\t\t\t\t\t\t\t\t\t<div class=\"oew-gallery-item-icon\">\n\t\t\t\t\t\t\t\t\t\t<i aria-hidden=\"true\" class=\"fas fa-search\"><\/i>\t\t\t\t\t\t\t\t\t<\/div>\n\t\t\t\t\t\t\t\t\t\t\t\t\t\t\t\t<\/div>\n\t\t\t\t\t\t\t\t\t\t\t\t<\/a>\n\t\t\t\t<\/div>\n\n\t\t\t\t\n\t\t\t\t<div class=\"oew-gallery-item\">\n\t\t\t\t\t<a class=\"oew-gallery-item-inner no-lightbox\" href=\"https:\/\/petiteceinture.org\/wp-content\/uploads\/2021\/07\/Petite-Ceinture-gare-Vaugirard-Voie-15-DC9A9811.jpg\" data-width=\"1400\" data-height=\"933\" data-elementor-open-lightbox=\"no\">\n\t\t\t\t\t\t<div class=\"oew-gallery-thumbnail\">\n\t\t\t\t\t\t\t<img decoding=\"async\" src=\"https:\/\/petiteceinture.org\/wp-content\/uploads\/2021\/07\/Petite-Ceinture-gare-Vaugirard-Voie-15-DC9A9811-768x512.jpg\" alt=\"Petite Ceinture Vaugirard station Track 15\">\n\t\t\t\t\t\t<\/div>\n\n\t\t\t\t\t\t\t\t\t\t\t\t\t<div class=\"oew-gallery-overlay oew-gallery-transition-fade\">\n\t\t\t\t\t\t\t\t\t\t\t\t\t\t\t\t\t<div class=\"oew-gallery-item-icon\">\n\t\t\t\t\t\t\t\t\t\t<i aria-hidden=\"true\" class=\"fas fa-search\"><\/i>\t\t\t\t\t\t\t\t\t<\/div>\n\t\t\t\t\t\t\t\t\t\t\t\t\t\t\t\t<\/div>\n\t\t\t\t\t\t\t\t\t\t\t\t<\/a>\n\t\t\t\t<\/div>\n\n\t\t\t\t\n\t\t\t\t<div class=\"oew-gallery-item\">\n\t\t\t\t\t<a class=\"oew-gallery-item-inner no-lightbox\" href=\"https:\/\/petiteceinture.org\/wp-content\/uploads\/2021\/07\/Petite-Ceinture-gare-Vaugirard-Voie-15-DC9A9825.jpg\" data-width=\"1400\" data-height=\"933\" data-elementor-open-lightbox=\"no\">\n\t\t\t\t\t\t<div class=\"oew-gallery-thumbnail\">\n\t\t\t\t\t\t\t<img decoding=\"async\" src=\"https:\/\/petiteceinture.org\/wp-content\/uploads\/2021\/07\/Petite-Ceinture-gare-Vaugirard-Voie-15-DC9A9825-768x512.jpg\" alt=\"Petite Ceinture Vaugirard station Track 15\">\n\t\t\t\t\t\t<\/div>\n\n\t\t\t\t\t\t\t\t\t\t\t\t\t<div class=\"oew-gallery-overlay oew-gallery-transition-fade\">\n\t\t\t\t\t\t\t\t\t\t\t\t\t\t\t\t\t<div class=\"oew-gallery-item-icon\">\n\t\t\t\t\t\t\t\t\t\t<i aria-hidden=\"true\" class=\"fas fa-search\"><\/i>\t\t\t\t\t\t\t\t\t<\/div>\n\t\t\t\t\t\t\t\t\t\t\t\t\t\t\t\t<\/div>\n\t\t\t\t\t\t\t\t\t\t\t\t<\/a>\n\t\t\t\t<\/div>\n\n\t\t\t\t\t\t<\/div>\n\n\t\t\t\t\t\t<\/div>\n\t\t\t\t<\/div>\n\t\t\t\t\t<\/div>\n\t\t<\/div>\n\t\t\t\t\t<\/div>\n\t\t<\/section>\n\t\t\t\t<section class=\"elementor-section elementor-top-section elementor-element elementor-element-92ba7b0 elementor-section-boxed elementor-section-height-default elementor-section-height-default\" data-id=\"92ba7b0\" data-element_type=\"section\" data-e-type=\"section\">\n\t\t\t\t\t\t<div class=\"elementor-container elementor-column-gap-default\">\n\t\t\t\t\t<div class=\"elementor-column elementor-col-100 elementor-top-column elementor-element elementor-element-464c131\" data-id=\"464c131\" data-element_type=\"column\" data-e-type=\"column\">\n\t\t\t<div class=\"elementor-widget-wrap elementor-element-populated\">\n\t\t\t\t\t\t<div class=\"elementor-element elementor-element-38aa09d elementor-widget elementor-widget-text-editor\" data-id=\"38aa09d\" data-element_type=\"widget\" data-e-type=\"widget\" data-widget_type=\"text-editor.default\">\n\t\t\t\t<div class=\"elementor-widget-container\">\n\t\t\t\t\t\t\t\t\t<p>L\u2019\u00e9tage sup\u00e9rieur accueille des cuisines et un vaste espace, destin\u00e9 \u00e0 la <strong>restauration<\/strong> ou \u00e0 l\u2019organisation <strong>d\u2019\u00e9v\u00e9nements<\/strong>. Le quai de la gare a \u00e9galement \u00e9t\u00e9 transform\u00e9 en <strong>terrasse ouverte<\/strong>. L\u2019ancien escalier principal a cependant disparu, afin d\u2019agrandir l\u2019espace au sol disponible. L\u2019entresol, o\u00f9 se situait le logement du chef de gare, est aujourd\u2019hui occup\u00e9 par des salles de r\u00e9unions. Enfin, l\u2019ancien monte-charge a \u00e9t\u00e9 converti en ascenseur.&nbsp;<\/p>\t\t\t\t\t\t\t\t<\/div>\n\t\t\t\t<\/div>\n\t\t\t\t\t<\/div>\n\t\t<\/div>\n\t\t\t\t\t<\/div>\n\t\t<\/section>\n\t\t\t\t<section class=\"elementor-section elementor-top-section elementor-element elementor-element-093eb96 elementor-section-boxed elementor-section-height-default elementor-section-height-default\" data-id=\"093eb96\" data-element_type=\"section\" data-e-type=\"section\">\n\t\t\t\t\t\t<div class=\"elementor-container elementor-column-gap-default\">\n\t\t\t\t\t<div class=\"elementor-column elementor-col-100 elementor-top-column elementor-element elementor-element-0c0d7d3\" data-id=\"0c0d7d3\" data-element_type=\"column\" data-e-type=\"column\">\n\t\t\t<div class=\"elementor-widget-wrap elementor-element-populated\">\n\t\t\t\t\t\t<div class=\"elementor-element elementor-element-8406e50 elementor-widget elementor-widget-oew-image-gallery\" data-id=\"8406e50\" data-element_type=\"widget\" data-e-type=\"widget\" data-widget_type=\"oew-image-gallery.default\">\n\t\t\t\t<div class=\"elementor-widget-container\">\n\t\t\t\t\t\n\t\t<div class=\"oew-image-gallery oew-has-lightbox\">\n\t\t\t\n\t\t\t\t<div class=\"oew-gallery-item\">\n\t\t\t\t\t<a class=\"oew-gallery-item-inner no-lightbox\" href=\"https:\/\/petiteceinture.org\/wp-content\/uploads\/2021\/07\/Petite-Ceinture-gare-Vaugirard-Voie-15-DC9A0193.jpg\" data-width=\"1400\" data-height=\"933\" data-elementor-open-lightbox=\"no\">\n\t\t\t\t\t\t<div class=\"oew-gallery-thumbnail\">\n\t\t\t\t\t\t\t<img decoding=\"async\" src=\"https:\/\/petiteceinture.org\/wp-content\/uploads\/2021\/07\/Petite-Ceinture-gare-Vaugirard-Voie-15-DC9A0193-768x512.jpg\" alt=\"Petite Ceinture Vaugirard station Track 15\">\n\t\t\t\t\t\t<\/div>\n\n\t\t\t\t\t\t\t\t\t\t\t\t\t<div class=\"oew-gallery-overlay oew-gallery-transition-fade\">\n\t\t\t\t\t\t\t\t\t\t\t\t\t\t\t\t\t<div class=\"oew-gallery-item-icon\">\n\t\t\t\t\t\t\t\t\t\t<i aria-hidden=\"true\" class=\"fas fa-search\"><\/i>\t\t\t\t\t\t\t\t\t<\/div>\n\t\t\t\t\t\t\t\t\t\t\t\t\t\t\t\t<\/div>\n\t\t\t\t\t\t\t\t\t\t\t\t<\/a>\n\t\t\t\t<\/div>\n\n\t\t\t\t\n\t\t\t\t<div class=\"oew-gallery-item\">\n\t\t\t\t\t<a class=\"oew-gallery-item-inner no-lightbox\" href=\"https:\/\/petiteceinture.org\/wp-content\/uploads\/2021\/07\/Petite-Ceinture-gare-Vaugirard-Voie-15-DC9A0156.jpg\" data-width=\"1400\" data-height=\"933\" data-elementor-open-lightbox=\"no\">\n\t\t\t\t\t\t<div class=\"oew-gallery-thumbnail\">\n\t\t\t\t\t\t\t<img decoding=\"async\" src=\"https:\/\/petiteceinture.org\/wp-content\/uploads\/2021\/07\/Petite-Ceinture-gare-Vaugirard-Voie-15-DC9A0156-768x512.jpg\" alt=\"Petite Ceinture Vaugirard station Track 15\">\n\t\t\t\t\t\t<\/div>\n\n\t\t\t\t\t\t\t\t\t\t\t\t\t<div class=\"oew-gallery-overlay oew-gallery-transition-fade\">\n\t\t\t\t\t\t\t\t\t\t\t\t\t\t\t\t\t<div class=\"oew-gallery-item-icon\">\n\t\t\t\t\t\t\t\t\t\t<i aria-hidden=\"true\" class=\"fas fa-search\"><\/i>\t\t\t\t\t\t\t\t\t<\/div>\n\t\t\t\t\t\t\t\t\t\t\t\t\t\t\t\t<\/div>\n\t\t\t\t\t\t\t\t\t\t\t\t<\/a>\n\t\t\t\t<\/div>\n\n\t\t\t\t\n\t\t\t\t<div class=\"oew-gallery-item\">\n\t\t\t\t\t<a class=\"oew-gallery-item-inner no-lightbox\" href=\"https:\/\/petiteceinture.org\/wp-content\/uploads\/2021\/07\/Petite-Ceinture-gare-Vaugirard-Voie-15-DC9A0183.jpg\" data-width=\"1400\" data-height=\"933\" data-elementor-open-lightbox=\"no\">\n\t\t\t\t\t\t<div class=\"oew-gallery-thumbnail\">\n\t\t\t\t\t\t\t<img decoding=\"async\" src=\"https:\/\/petiteceinture.org\/wp-content\/uploads\/2021\/07\/Petite-Ceinture-gare-Vaugirard-Voie-15-DC9A0183-768x512.jpg\" alt=\"Petite Ceinture Vaugirard station Track 15\">\n\t\t\t\t\t\t<\/div>\n\n\t\t\t\t\t\t\t\t\t\t\t\t\t<div class=\"oew-gallery-overlay oew-gallery-transition-fade\">\n\t\t\t\t\t\t\t\t\t\t\t\t\t\t\t\t\t<div class=\"oew-gallery-item-icon\">\n\t\t\t\t\t\t\t\t\t\t<i aria-hidden=\"true\" class=\"fas fa-search\"><\/i>\t\t\t\t\t\t\t\t\t<\/div>\n\t\t\t\t\t\t\t\t\t\t\t\t\t\t\t\t<\/div>\n\t\t\t\t\t\t\t\t\t\t\t\t<\/a>\n\t\t\t\t<\/div>\n\n\t\t\t\t\t\t<\/div>\n\n\t\t\t\t\t\t<\/div>\n\t\t\t\t<\/div>\n\t\t\t\t\t<\/div>\n\t\t<\/div>\n\t\t\t\t\t<\/div>\n\t\t<\/section>\n\t\t\t\t<section class=\"elementor-section elementor-top-section elementor-element elementor-element-2f920e2 elementor-section-boxed elementor-section-height-default elementor-section-height-default\" data-id=\"2f920e2\" data-element_type=\"section\" data-e-type=\"section\">\n\t\t\t\t\t\t<div class=\"elementor-container elementor-column-gap-default\">\n\t\t\t\t\t<div class=\"elementor-column elementor-col-100 elementor-top-column elementor-element elementor-element-612c514\" data-id=\"612c514\" data-element_type=\"column\" data-e-type=\"column\">\n\t\t\t<div class=\"elementor-widget-wrap elementor-element-populated\">\n\t\t\t\t\t\t<div class=\"elementor-element elementor-element-a31ac9d elementor-widget elementor-widget-text-editor\" data-id=\"a31ac9d\" data-element_type=\"widget\" data-e-type=\"widget\" data-widget_type=\"text-editor.default\">\n\t\t\t\t<div class=\"elementor-widget-container\">\n\t\t\t\t\t\t\t\t\t<p>&nbsp;<\/p><p>Ainsi, l\u2019ensemble du b\u00e2timent des voyageurs de la gare de Vaugirard a b\u00e9n\u00e9fici\u00e9 d\u2019une <strong>restauration de grande qualit\u00e9<\/strong>. On peut ainsi appr\u00e9cier <strong>la beaut\u00e9 d\u2019une gare de la Petite Ceinture<\/strong> dans son \u00e9tat d\u2019origine (\u00e0 certaines exceptions pr\u00e8s), quelques <strong>150 ans apr\u00e8s son inauguration<\/strong>.&nbsp;<\/p>\t\t\t\t\t\t\t\t<\/div>\n\t\t\t\t<\/div>\n\t\t\t\t\t<\/div>\n\t\t<\/div>\n\t\t\t\t\t<\/div>\n\t\t<\/section>\n\t\t\t\t<section class=\"elementor-section elementor-top-section elementor-element elementor-element-246c5162 elementor-section-boxed elementor-section-height-default elementor-section-height-default\" data-id=\"246c5162\" data-element_type=\"section\" data-e-type=\"section\">\n\t\t\t\t\t\t<div class=\"elementor-container elementor-column-gap-default\">\n\t\t\t\t\t<div class=\"elementor-column elementor-col-33 elementor-top-column elementor-element elementor-element-4e257143\" data-id=\"4e257143\" data-element_type=\"column\" data-e-type=\"column\">\n\t\t\t<div class=\"elementor-widget-wrap elementor-element-populated\">\n\t\t\t\t\t\t<div class=\"elementor-element elementor-element-23c83f4e elementor-align-center elementor-widget elementor-widget-button\" data-id=\"23c83f4e\" data-element_type=\"widget\" data-e-type=\"widget\" data-widget_type=\"button.default\">\n\t\t\t\t<div class=\"elementor-widget-container\">\n\t\t\t\t\t\t\t\t\t<div class=\"elementor-button-wrapper\">\n\t\t\t\t\t<a class=\"elementor-button elementor-button-link elementor-size-lg\" href=\"https:\/\/archives.petiteceinture.org\/Gare-de-Grenelle-1867-1920.html\">\n\t\t\t\t\t\t<span class=\"elementor-button-content-wrapper\">\n\t\t\t\t\t\t<span class=\"elementor-button-icon\">\n\t\t\t\t<i aria-hidden=\"true\" class=\"far fa-angle-left\"><\/i>\t\t\t<\/span>\n\t\t\t\t\t\t\t\t\t<span class=\"elementor-button-text\">Gare de Grenelle<\/span>\n\t\t\t\t\t<\/span>\n\t\t\t\t\t<\/a>\n\t\t\t\t<\/div>\n\t\t\t\t\t\t\t\t<\/div>\n\t\t\t\t<\/div>\n\t\t\t\t\t<\/div>\n\t\t<\/div>\n\t\t\t\t<div class=\"elementor-column elementor-col-33 elementor-top-column elementor-element elementor-element-b56107d\" data-id=\"b56107d\" data-element_type=\"column\" data-e-type=\"column\">\n\t\t\t<div class=\"elementor-widget-wrap elementor-element-populated\">\n\t\t\t\t\t\t<div class=\"elementor-element elementor-element-6f77f7f3 elementor-align-center elementor-widget elementor-widget-button\" data-id=\"6f77f7f3\" data-element_type=\"widget\" data-e-type=\"widget\" data-widget_type=\"button.default\">\n\t\t\t\t<div class=\"elementor-widget-container\">\n\t\t\t\t\t\t\t\t\t<div class=\"elementor-button-wrapper\">\n\t\t\t\t\t<a class=\"elementor-button elementor-button-link elementor-size-lg\" href=\"https:\/\/petiteceinture.org\/gares-petite-ceinture\/\">\n\t\t\t\t\t\t<span class=\"elementor-button-content-wrapper\">\n\t\t\t\t\t\t\t\t\t<span class=\"elementor-button-text\">Retour \u00e0 la liste des&nbsp;gares<\/span>\n\t\t\t\t\t<\/span>\n\t\t\t\t\t<\/a>\n\t\t\t\t<\/div>\n\t\t\t\t\t\t\t\t<\/div>\n\t\t\t\t<\/div>\n\t\t\t\t\t<\/div>\n\t\t<\/div>\n\t\t\t\t<div class=\"elementor-column elementor-col-33 elementor-top-column elementor-element elementor-element-5909e6f9\" data-id=\"5909e6f9\" data-element_type=\"column\" data-e-type=\"column\">\n\t\t\t<div class=\"elementor-widget-wrap elementor-element-populated\">\n\t\t\t\t\t\t<div class=\"elementor-element elementor-element-212f3717 elementor-align-center elementor-widget elementor-widget-button\" data-id=\"212f3717\" data-element_type=\"widget\" data-e-type=\"widget\" data-widget_type=\"button.default\">\n\t\t\t\t<div class=\"elementor-widget-container\">\n\t\t\t\t\t\t\t\t\t<div class=\"elementor-button-wrapper\">\n\t\t\t\t\t<a class=\"elementor-button elementor-button-link elementor-size-lg\" href=\"https:\/\/archives.petiteceinture.org\/Gare-de-Paris-Brancion.html\">\n\t\t\t\t\t\t<span class=\"elementor-button-content-wrapper\">\n\t\t\t\t\t\t<span class=\"elementor-button-icon\">\n\t\t\t\t<i aria-hidden=\"true\" class=\"far fa-angle-right\"><\/i>\t\t\t<\/span>\n\t\t\t\t\t\t\t\t\t<span class=\"elementor-button-text\">Gare de Paris-Brancion<\/span>\n\t\t\t\t\t<\/span>\n\t\t\t\t\t<\/a>\n\t\t\t\t<\/div>\n\t\t\t\t\t\t\t\t<\/div>\n\t\t\t\t<\/div>\n\t\t\t\t\t<\/div>\n\t\t<\/div>\n\t\t\t\t\t<\/div>\n\t\t<\/section>\n\t\t\t\t<\/div>","protected":false},"excerpt":{"rendered":"<p>La gare de Vaugirard-Ceinture est une gare de la Petite Ceinture ferroviaire de Paris, situ\u00e9e dans le 15<sup class=\"ordinal\">e<\/sup> arrondissement. Ouverte en 1867, elle accueille Voie 15, un espace de coworking ouvert \u00e0 l\u2019\u00e9t\u00e9&nbsp;2021.&nbsp;<\/p>","protected":false},"author":6,"featured_media":5002,"parent":1622,"menu_order":11,"comment_status":"closed","ping_status":"closed","template":"","meta":{"wp_typography_post_enhancements_disabled":false,"ocean_post_layout":"","ocean_both_sidebars_style":"","ocean_both_sidebars_content_width":0,"ocean_both_sidebars_sidebars_width":0,"ocean_sidebar":"0","ocean_second_sidebar":"0","ocean_disable_margins":"enable","ocean_add_body_class":"","ocean_shortcode_before_top_bar":"","ocean_shortcode_after_top_bar":"","ocean_shortcode_before_header":"","ocean_shortcode_after_header":"","ocean_has_shortcode":"","ocean_shortcode_after_title":"","ocean_shortcode_before_footer_widgets":"","ocean_shortcode_after_footer_widgets":"","ocean_shortcode_before_footer_bottom":"","ocean_shortcode_after_footer_bottom":"","ocean_display_top_bar":"default","ocean_display_header":"default","ocean_header_style":"","ocean_center_header_left_menu":"0","ocean_custom_header_template":"0","ocean_custom_logo":0,"ocean_custom_retina_logo":0,"ocean_custom_logo_max_width":0,"ocean_custom_logo_tablet_max_width":0,"ocean_custom_logo_mobile_max_width":0,"ocean_custom_logo_max_height":0,"ocean_custom_logo_tablet_max_height":0,"ocean_custom_logo_mobile_max_height":0,"ocean_header_custom_menu":"0","ocean_menu_typo_font_family":"0","ocean_menu_typo_font_subset":"","ocean_menu_typo_font_size":0,"ocean_menu_typo_font_size_tablet":0,"ocean_menu_typo_font_size_mobile":0,"ocean_menu_typo_font_size_unit":"px","ocean_menu_typo_font_weight":"","ocean_menu_typo_font_weight_tablet":"","ocean_menu_typo_font_weight_mobile":"","ocean_menu_typo_transform":"","ocean_menu_typo_transform_tablet":"","ocean_menu_typo_transform_mobile":"","ocean_menu_typo_line_height":0,"ocean_menu_typo_line_height_tablet":0,"ocean_menu_typo_line_height_mobile":0,"ocean_menu_typo_line_height_unit":"","ocean_menu_typo_spacing":0,"ocean_menu_typo_spacing_tablet":0,"ocean_menu_typo_spacing_mobile":0,"ocean_menu_typo_spacing_unit":"","ocean_menu_link_color":"","ocean_menu_link_color_hover":"","ocean_menu_link_color_active":"","ocean_menu_link_background":"","ocean_menu_link_hover_background":"","ocean_menu_link_active_background":"","ocean_menu_social_links_bg":"","ocean_menu_social_hover_links_bg":"","ocean_menu_social_links_color":"","ocean_menu_social_hover_links_color":"","ocean_disable_title":"default","ocean_disable_heading":"default","ocean_post_title":"","ocean_post_subheading":"","ocean_post_title_style":"","ocean_post_title_background_color":"","ocean_post_title_background":0,"ocean_post_title_bg_image_position":"","ocean_post_title_bg_image_attachment":"","ocean_post_title_bg_image_repeat":"","ocean_post_title_bg_image_size":"","ocean_post_title_height":0,"ocean_post_title_bg_overlay":0.5,"ocean_post_title_bg_overlay_color":"","ocean_disable_breadcrumbs":"default","ocean_breadcrumbs_color":"","ocean_breadcrumbs_separator_color":"","ocean_breadcrumbs_links_color":"","ocean_breadcrumbs_links_hover_color":"","ocean_display_footer_widgets":"default","ocean_display_footer_bottom":"default","ocean_custom_footer_template":"0","ofc_meta_disable_footer_callout":"","ofc_meta_callout_button_url":"","ofc_meta_callout_button_txt":"","ofc_meta_callout_text":"","ofc_enable_fullscreen":"disable","ofc_fullscreen_speed":0,"ofc_fullscreen_nav":"enable","ofc_fullscreen_nav_pos":"right","ofc_fullscreen_nav_color":"","ofc_fullscreen_nav_tooltip_color":"","ofc_fullscreen_responsive":0,"footnotes":""},"class_list":["post-4976","page","type-page","status-publish","has-post-thumbnail","hentry","entry","has-media"],"yoast_head":"<!-- This site is optimized with the Yoast SEO plugin v27.4 - https:\/\/yoast.com\/product\/yoast-seo-wordpress\/ -->\n<title>Gare de Vaugirard-Ceinture - ASPCRF<\/title>\n<meta name=\"description\" content=\"La gare de Vaugirard-Ceinture est une gare de la Petite Ceinture ferroviaire de Paris, situ\u00e9e dans le 15e arrondissement.\" \/>\n<meta name=\"robots\" content=\"index, follow, max-snippet:-1, max-image-preview:large, max-video-preview:-1\" \/>\n<link rel=\"canonical\" href=\"https:\/\/petiteceinture.org\/en\/gares-petite-ceinture\/vaugirard-ceinture\/\" \/>\n<meta property=\"og:locale\" content=\"en_GB\" \/>\n<meta property=\"og:type\" content=\"article\" \/>\n<meta property=\"og:title\" content=\"Gare de Vaugirard-Ceinture - ASPCRF\" \/>\n<meta property=\"og:description\" content=\"La gare de Vaugirard-Ceinture est une gare de la Petite Ceinture ferroviaire de Paris, situ\u00e9e dans le 15e arrondissement.\" \/>\n<meta property=\"og:url\" content=\"https:\/\/petiteceinture.org\/en\/gares-petite-ceinture\/vaugirard-ceinture\/\" \/>\n<meta property=\"og:site_name\" content=\"Association Sauvegarde Petite Ceinture\" \/>\n<meta property=\"article:publisher\" content=\"https:\/\/www.facebook.com\/pages\/Petite-Ceinture-Ferroviaire-de-Paris\/384748434945135\" \/>\n<meta property=\"article:modified_time\" content=\"2021-07-29T15:35:42+00:00\" \/>\n<meta property=\"og:image\" content=\"https:\/\/petiteceinture.org\/wp-content\/uploads\/2021\/07\/Gare-Vaugirard-ceinture-200590-JP-2.jpg\" \/>\n\t<meta property=\"og:image:width\" content=\"1400\" \/>\n\t<meta property=\"og:image:height\" content=\"933\" \/>\n\t<meta property=\"og:image:type\" content=\"image\/jpeg\" \/>\n<meta name=\"twitter:card\" content=\"summary_large_image\" \/>\n<meta name=\"twitter:site\" content=\"@aspcrf\" \/>\n<meta name=\"twitter:label1\" content=\"Estimated reading time\" \/>\n\t<meta name=\"twitter:data1\" content=\"13 minutes\" \/>\n<script type=\"application\/ld+json\" class=\"yoast-schema-graph\">{\"@context\":\"https:\\\/\\\/schema.org\",\"@graph\":[{\"@type\":\"WebPage\",\"@id\":\"https:\\\/\\\/petiteceinture.org\\\/gares-petite-ceinture\\\/vaugirard-ceinture\\\/\",\"url\":\"https:\\\/\\\/petiteceinture.org\\\/gares-petite-ceinture\\\/vaugirard-ceinture\\\/\",\"name\":\"Gare de Vaugirard-Ceinture - ASPCRF\",\"isPartOf\":{\"@id\":\"https:\\\/\\\/petiteceinture.org\\\/#website\"},\"primaryImageOfPage\":{\"@id\":\"https:\\\/\\\/petiteceinture.org\\\/gares-petite-ceinture\\\/vaugirard-ceinture\\\/#primaryimage\"},\"image\":{\"@id\":\"https:\\\/\\\/petiteceinture.org\\\/gares-petite-ceinture\\\/vaugirard-ceinture\\\/#primaryimage\"},\"thumbnailUrl\":\"https:\\\/\\\/petiteceinture.org\\\/wp-content\\\/uploads\\\/2021\\\/07\\\/Gare-Vaugirard-ceinture-200590-JP-2.jpg\",\"datePublished\":\"2021-07-21T14:33:09+00:00\",\"dateModified\":\"2021-07-29T15:35:42+00:00\",\"description\":\"La gare de Vaugirard-Ceinture est une gare de la Petite Ceinture ferroviaire de Paris, situ\u00e9e dans le 15e arrondissement.\",\"breadcrumb\":{\"@id\":\"https:\\\/\\\/petiteceinture.org\\\/gares-petite-ceinture\\\/vaugirard-ceinture\\\/#breadcrumb\"},\"inLanguage\":\"en-GB\",\"potentialAction\":[{\"@type\":\"ReadAction\",\"target\":[\"https:\\\/\\\/petiteceinture.org\\\/gares-petite-ceinture\\\/vaugirard-ceinture\\\/\"]}]},{\"@type\":\"ImageObject\",\"inLanguage\":\"en-GB\",\"@id\":\"https:\\\/\\\/petiteceinture.org\\\/gares-petite-ceinture\\\/vaugirard-ceinture\\\/#primaryimage\",\"url\":\"https:\\\/\\\/petiteceinture.org\\\/wp-content\\\/uploads\\\/2021\\\/07\\\/Gare-Vaugirard-ceinture-200590-JP-2.jpg\",\"contentUrl\":\"https:\\\/\\\/petiteceinture.org\\\/wp-content\\\/uploads\\\/2021\\\/07\\\/Gare-Vaugirard-ceinture-200590-JP-2.jpg\",\"width\":1400,\"height\":933,\"caption\":\"Un bel autorail Caravelle rouge et cr\u00e8me devant le BV de la gare de Vaugirard.\"},{\"@type\":\"BreadcrumbList\",\"@id\":\"https:\\\/\\\/petiteceinture.org\\\/gares-petite-ceinture\\\/vaugirard-ceinture\\\/#breadcrumb\",\"itemListElement\":[{\"@type\":\"ListItem\",\"position\":1,\"name\":\"Accueil\",\"item\":\"https:\\\/\\\/petiteceinture.org\\\/\"},{\"@type\":\"ListItem\",\"position\":2,\"name\":\"Toutes les gares de la Petite Ceinture\",\"item\":\"https:\\\/\\\/petiteceinture.org\\\/gares-petite-ceinture\\\/\"},{\"@type\":\"ListItem\",\"position\":3,\"name\":\"Gare de Vaugirard-Ceinture\"}]},{\"@type\":\"WebSite\",\"@id\":\"https:\\\/\\\/petiteceinture.org\\\/#website\",\"url\":\"https:\\\/\\\/petiteceinture.org\\\/\",\"name\":\"Association Sauvegarde Petite Ceinture\",\"description\":\"Association pour la Sauvegarde de la Petite Ceinture et de son r\u00e9seau ferr\u00e9\",\"publisher\":{\"@id\":\"https:\\\/\\\/petiteceinture.org\\\/#organization\"},\"potentialAction\":[{\"@type\":\"SearchAction\",\"target\":{\"@type\":\"EntryPoint\",\"urlTemplate\":\"https:\\\/\\\/petiteceinture.org\\\/?s={search_term_string}\"},\"query-input\":{\"@type\":\"PropertyValueSpecification\",\"valueRequired\":true,\"valueName\":\"search_term_string\"}}],\"inLanguage\":\"en-GB\"},{\"@type\":\"Organization\",\"@id\":\"https:\\\/\\\/petiteceinture.org\\\/#organization\",\"name\":\"Association Sauvegarde de la Petite Ceinture et de son R\u00e9seau Ferr\u00e9\",\"url\":\"https:\\\/\\\/petiteceinture.org\\\/\",\"logo\":{\"@type\":\"ImageObject\",\"inLanguage\":\"en-GB\",\"@id\":\"https:\\\/\\\/petiteceinture.org\\\/#\\\/schema\\\/logo\\\/image\\\/\",\"url\":\"https:\\\/\\\/petiteceinture.org\\\/wp-content\\\/uploads\\\/2020\\\/01\\\/Logo-SPC-fond-blanc-200.png\",\"contentUrl\":\"https:\\\/\\\/petiteceinture.org\\\/wp-content\\\/uploads\\\/2020\\\/01\\\/Logo-SPC-fond-blanc-200.png\",\"width\":200,\"height\":206,\"caption\":\"Association Sauvegarde de la Petite Ceinture et de son R\u00e9seau Ferr\u00e9\"},\"image\":{\"@id\":\"https:\\\/\\\/petiteceinture.org\\\/#\\\/schema\\\/logo\\\/image\\\/\"},\"sameAs\":[\"https:\\\/\\\/www.facebook.com\\\/pages\\\/Petite-Ceinture-Ferroviaire-de-Paris\\\/384748434945135\",\"https:\\\/\\\/x.com\\\/aspcrf\",\"https:\\\/\\\/www.instagram.com\\\/petiteceintureparis\",\"https:\\\/\\\/www.pinterest.fr\\\/petiteceintureparis\\\/\",\"https:\\\/\\\/www.youtube.com\\\/channel\\\/UC-HE5oJlzq506aGkEsaZzWA\"]}]}<\/script>\n<!-- \/ Yoast SEO plugin. -->","yoast_head_json":{"title":"Gare de Vaugirard-Ceinture \u2013 ASPCRF","description":"La gare de Vaugirard-Ceinture est une gare de la Petite Ceinture ferroviaire de Paris, situ\u00e9e dans le 15<sup class=\"ordinal\">e<\/sup> arrondissement.","robots":{"index":"index","follow":"follow","max-snippet":"max-snippet:-1","max-image-preview":"max-image-preview:large","max-video-preview":"max-video-preview:-1"},"canonical":"https:\/\/petiteceinture.org\/en\/gares-petite-ceinture\/vaugirard-ceinture\/","og_locale":"en_GB","og_type":"article","og_title":"Gare de Vaugirard-Ceinture - ASPCRF","og_description":"La gare de Vaugirard-Ceinture est une gare de la Petite Ceinture ferroviaire de Paris, situ\u00e9e dans le 15e arrondissement.","og_url":"https:\/\/petiteceinture.org\/en\/gares-petite-ceinture\/vaugirard-ceinture\/","og_site_name":"Association Sauvegarde Petite Ceinture","article_publisher":"https:\/\/www.facebook.com\/pages\/Petite-Ceinture-Ferroviaire-de-Paris\/384748434945135","article_modified_time":"2021-07-29T15:35:42+00:00","og_image":[{"width":1400,"height":933,"url":"https:\/\/petiteceinture.org\/wp-content\/uploads\/2021\/07\/Gare-Vaugirard-ceinture-200590-JP-2.jpg","type":"image\/jpeg"}],"twitter_card":"summary_large_image","twitter_site":"@aspcrf","twitter_misc":{"Estimated reading time":"13 minutes"},"schema":{"@context":"https:\/\/schema.org","@graph":[{"@type":"WebPage","@id":"https:\/\/petiteceinture.org\/gares-petite-ceinture\/vaugirard-ceinture\/","url":"https:\/\/petiteceinture.org\/gares-petite-ceinture\/vaugirard-ceinture\/","name":"Gare de Vaugirard-Ceinture \u2013 ASPCRF","isPartOf":{"@id":"https:\/\/petiteceinture.org\/#website"},"primaryImageOfPage":{"@id":"https:\/\/petiteceinture.org\/gares-petite-ceinture\/vaugirard-ceinture\/#primaryimage"},"image":{"@id":"https:\/\/petiteceinture.org\/gares-petite-ceinture\/vaugirard-ceinture\/#primaryimage"},"thumbnailUrl":"https:\/\/petiteceinture.org\/wp-content\/uploads\/2021\/07\/Gare-Vaugirard-ceinture-200590-JP-2.jpg","datePublished":"2021-07-21T14:33:09+00:00","dateModified":"2021-07-29T15:35:42+00:00","description":"La gare de Vaugirard-Ceinture est une gare de la Petite Ceinture ferroviaire de Paris, situ\u00e9e dans le 15<sup class=\"ordinal\">e<\/sup> arrondissement.","breadcrumb":{"@id":"https:\/\/petiteceinture.org\/gares-petite-ceinture\/vaugirard-ceinture\/#breadcrumb"},"inLanguage":"en-GB","potentialAction":[{"@type":"ReadAction","target":["https:\/\/petiteceinture.org\/gares-petite-ceinture\/vaugirard-ceinture\/"]}]},{"@type":"ImageObject","inLanguage":"en-GB","@id":"https:\/\/petiteceinture.org\/gares-petite-ceinture\/vaugirard-ceinture\/#primaryimage","url":"https:\/\/petiteceinture.org\/wp-content\/uploads\/2021\/07\/Gare-Vaugirard-ceinture-200590-JP-2.jpg","contentUrl":"https:\/\/petiteceinture.org\/wp-content\/uploads\/2021\/07\/Gare-Vaugirard-ceinture-200590-JP-2.jpg","width":1400,"height":933,"caption":"Un bel autorail Caravelle rouge et cr\u00e8me devant le BV de la gare de Vaugirard."},{"@type":"BreadcrumbList","@id":"https:\/\/petiteceinture.org\/gares-petite-ceinture\/vaugirard-ceinture\/#breadcrumb","itemListElement":[{"@type":"ListItem","position":1,"name":"Accueil","item":"https:\/\/petiteceinture.org\/"},{"@type":"ListItem","position":2,"name":"Toutes les gares de la Petite Ceinture","item":"https:\/\/petiteceinture.org\/gares-petite-ceinture\/"},{"@type":"ListItem","position":3,"name":"Gare de Vaugirard-Ceinture"}]},{"@type":"WebSite","@id":"https:\/\/petiteceinture.org\/#website","url":"https:\/\/petiteceinture.org\/","name":"Association Sauvegarde Petite Ceinture","description":"Association for the Safeguarding of the Petite Ceinture and its Rail Network","publisher":{"@id":"https:\/\/petiteceinture.org\/#organization"},"potentialAction":[{"@type":"SearchAction","target":{"@type":"EntryPoint","urlTemplate":"https:\/\/petiteceinture.org\/?s={search_term_string}"},"query-input":{"@type":"PropertyValueSpecification","valueRequired":true,"valueName":"search_term_string"}}],"inLanguage":"en-GB"},{"@type":"Organization","@id":"https:\/\/petiteceinture.org\/#organization","name":"Association for the Safeguard of the Petite Ceinture and its Railway Network","url":"https:\/\/petiteceinture.org\/","logo":{"@type":"ImageObject","inLanguage":"en-GB","@id":"https:\/\/petiteceinture.org\/#\/schema\/logo\/image\/","url":"https:\/\/petiteceinture.org\/wp-content\/uploads\/2020\/01\/Logo-SPC-fond-blanc-200.png","contentUrl":"https:\/\/petiteceinture.org\/wp-content\/uploads\/2020\/01\/Logo-SPC-fond-blanc-200.png","width":200,"height":206,"caption":"Association Sauvegarde de la Petite Ceinture et de son R\u00e9seau Ferr\u00e9"},"image":{"@id":"https:\/\/petiteceinture.org\/#\/schema\/logo\/image\/"},"sameAs":["https:\/\/www.facebook.com\/pages\/Petite-Ceinture-Ferroviaire-de-Paris\/384748434945135","https:\/\/x.com\/aspcrf","https:\/\/www.instagram.com\/petiteceintureparis","https:\/\/www.pinterest.fr\/petiteceintureparis\/","https:\/\/www.youtube.com\/channel\/UC-HE5oJlzq506aGkEsaZzWA"]}]}},"_links":{"self":[{"href":"https:\/\/petiteceinture.org\/en\/wp-json\/wp\/v2\/pages\/4976","targetHints":{"allow":["GET"]}}],"collection":[{"href":"https:\/\/petiteceinture.org\/en\/wp-json\/wp\/v2\/pages"}],"about":[{"href":"https:\/\/petiteceinture.org\/en\/wp-json\/wp\/v2\/types\/page"}],"author":[{"embeddable":true,"href":"https:\/\/petiteceinture.org\/en\/wp-json\/wp\/v2\/users\/6"}],"replies":[{"embeddable":true,"href":"https:\/\/petiteceinture.org\/en\/wp-json\/wp\/v2\/comments?post=4976"}],"version-history":[{"count":39,"href":"https:\/\/petiteceinture.org\/en\/wp-json\/wp\/v2\/pages\/4976\/revisions"}],"predecessor-version":[{"id":5067,"href":"https:\/\/petiteceinture.org\/en\/wp-json\/wp\/v2\/pages\/4976\/revisions\/5067"}],"up":[{"embeddable":true,"href":"https:\/\/petiteceinture.org\/en\/wp-json\/wp\/v2\/pages\/1622"}],"wp:featuredmedia":[{"embeddable":true,"href":"https:\/\/petiteceinture.org\/en\/wp-json\/wp\/v2\/media\/5002"}],"wp:attachment":[{"href":"https:\/\/petiteceinture.org\/en\/wp-json\/wp\/v2\/media?parent=4976"}],"curies":[{"name":"wp","href":"https:\/\/api.w.org\/{rel}","templated":true}]}}