{"id":3648,"date":"2021-02-03T18:16:52","date_gmt":"2021-02-03T17:16:52","guid":{"rendered":"https:\/\/petiteceinture.org\/?page_id=3648"},"modified":"2021-02-05T15:13:54","modified_gmt":"2021-02-05T14:13:54","slug":"avron","status":"publish","type":"page","link":"https:\/\/petiteceinture.org\/en\/gares-petite-ceinture\/avron\/","title":{"rendered":"Gare de la rue d\u2019Avron"},"content":{"rendered":"<div data-elementor-type=\"wp-page\" data-elementor-id=\"3648\" class=\"elementor elementor-3648\" data-elementor-post-type=\"page\">\n\t\t\t\t\t\t<section class=\"elementor-section elementor-top-section elementor-element elementor-element-34972e79 elementor-section-stretched elementor-section-full_width elementor-section-height-min-height elementor-section-height-default elementor-section-items-middle\" data-id=\"34972e79\" data-element_type=\"section\" data-e-type=\"section\" data-settings=\"{&quot;stretch_section&quot;:&quot;section-stretched&quot;,&quot;background_background&quot;:&quot;classic&quot;}\">\n\t\t\t\t\t\t<div class=\"elementor-container elementor-column-gap-default\">\n\t\t\t\t\t<div class=\"elementor-column elementor-col-100 elementor-top-column elementor-element elementor-element-543162bb\" data-id=\"543162bb\" data-element_type=\"column\" data-e-type=\"column\">\n\t\t\t<div class=\"elementor-widget-wrap elementor-element-populated\">\n\t\t\t\t\t\t<div class=\"elementor-element elementor-element-6416309f elementor-widget elementor-widget-heading\" data-id=\"6416309f\" data-element_type=\"widget\" data-e-type=\"widget\" data-widget_type=\"heading.default\">\n\t\t\t\t<div class=\"elementor-widget-container\">\n\t\t\t\t\t<h1 class=\"elementor-heading-title elementor-size-default\">Gare de la rue d\u2019Avron<\/h1>\t\t\t\t<\/div>\n\t\t\t\t<\/div>\n\t\t\t\t\t<\/div>\n\t\t<\/div>\n\t\t\t\t\t<\/div>\n\t\t<\/section>\n\t\t\t\t<section class=\"elementor-section elementor-top-section elementor-element elementor-element-36fc40d4 elementor-section-boxed elementor-section-height-default elementor-section-height-default\" data-id=\"36fc40d4\" data-element_type=\"section\" data-e-type=\"section\" data-settings=\"{&quot;background_background&quot;:&quot;classic&quot;}\">\n\t\t\t\t\t\t<div class=\"elementor-container elementor-column-gap-no\">\n\t\t\t\t\t<div class=\"elementor-column elementor-col-33 elementor-top-column elementor-element elementor-element-41efab8\" data-id=\"41efab8\" data-element_type=\"column\" data-e-type=\"column\">\n\t\t\t<div class=\"elementor-widget-wrap elementor-element-populated\">\n\t\t\t\t\t\t<div class=\"elementor-element elementor-element-3ed33ca elementor-widget__width-initial elementor-widget elementor-widget-heading\" data-id=\"3ed33ca\" data-element_type=\"widget\" data-e-type=\"widget\" data-widget_type=\"heading.default\">\n\t\t\t\t<div class=\"elementor-widget-container\">\n\t\t\t\t\t<h2 class=\"elementor-heading-title elementor-size-default\">Fiche d\u2019identit\u00e9<\/h2>\t\t\t\t<\/div>\n\t\t\t\t<\/div>\n\t\t\t\t<div class=\"elementor-element elementor-element-407b2c12 elementor-tablet-align-start elementor-icon-list--layout-traditional elementor-list-item-link-full_width elementor-widget elementor-widget-icon-list\" data-id=\"407b2c12\" data-element_type=\"widget\" data-e-type=\"widget\" data-widget_type=\"icon-list.default\">\n\t\t\t\t<div class=\"elementor-widget-container\">\n\t\t\t\t\t\t\t<ul class=\"elementor-icon-list-items\">\n\t\t\t\t\t\t\t<li class=\"elementor-icon-list-item\">\n\t\t\t\t\t\t\t\t\t\t\t<span class=\"elementor-icon-list-icon\">\n\t\t\t\t\t\t\t<i aria-hidden=\"true\" class=\"far fa-train\"><\/i>\t\t\t\t\t\t<\/span>\n\t\t\t\t\t\t\t\t\t\t<span class=\"elementor-icon-list-text\"><strong>Name<\/strong>&nbsp;: Gare de la rue d\u2019Avron<\/span>\n\t\t\t\t\t\t\t\t\t<\/li>\n\t\t\t\t\t\t\t\t<li class=\"elementor-icon-list-item\">\n\t\t\t\t\t\t\t\t\t\t\t<span class=\"elementor-icon-list-icon\">\n\t\t\t\t\t\t\t<i aria-hidden=\"true\" class=\"far fa-map-marker-alt\"><\/i>\t\t\t\t\t\t<\/span>\n\t\t\t\t\t\t\t\t\t\t<span class=\"elementor-icon-list-text\"><strong>Localisation <\/strong>: 4 rue Ferdinand Gambon<\/span>\n\t\t\t\t\t\t\t\t\t<\/li>\n\t\t\t\t\t\t\t\t<li class=\"elementor-icon-list-item\">\n\t\t\t\t\t\t\t\t\t\t\t<span class=\"elementor-icon-list-icon\">\n\t\t\t\t\t\t\t<i aria-hidden=\"true\" class=\"far fa-map\"><\/i>\t\t\t\t\t\t<\/span>\n\t\t\t\t\t\t\t\t\t\t<span class=\"elementor-icon-list-text\"><strong>Arrondissement<\/strong>&nbsp;: 20<sup class=\"ordinal\">e<\/sup><\/span>\n\t\t\t\t\t\t\t\t\t<\/li>\n\t\t\t\t\t\t\t\t<li class=\"elementor-icon-list-item\">\n\t\t\t\t\t\t\t\t\t\t\t<span class=\"elementor-icon-list-icon\">\n\t\t\t\t\t\t\t<i aria-hidden=\"true\" class=\"far fa-flag\"><\/i>\t\t\t\t\t\t<\/span>\n\t\t\t\t\t\t\t\t\t\t<span class=\"elementor-icon-list-text\"><strong>Date d\u2019ouverture<\/strong>&nbsp;: 1895<\/span>\n\t\t\t\t\t\t\t\t\t<\/li>\n\t\t\t\t\t\t\t\t<li class=\"elementor-icon-list-item\">\n\t\t\t\t\t\t\t\t\t\t\t<span class=\"elementor-icon-list-icon\">\n\t\t\t\t\t\t\t<i aria-hidden=\"true\" class=\"far fa-suitcase\"><\/i>\t\t\t\t\t\t<\/span>\n\t\t\t\t\t\t\t\t\t\t<span class=\"elementor-icon-list-text\"><strong>Type<\/strong>&nbsp;: gare de voyageurs<\/span>\n\t\t\t\t\t\t\t\t\t<\/li>\n\t\t\t\t\t\t\t\t<li class=\"elementor-icon-list-item\">\n\t\t\t\t\t\t\t\t\t\t\t<span class=\"elementor-icon-list-icon\">\n\t\t\t\t\t\t\t<i aria-hidden=\"true\" class=\"far fa-angle-double-right\"><\/i>\t\t\t\t\t\t<\/span>\n\t\t\t\t\t\t\t\t\t\t<span class=\"elementor-icon-list-text\"><strong>Gares voisines <\/strong>: <a href=\"https:\/\/petiteceinture.org\/gares-petite-ceinture\/charonne\/\">Charonne<\/a>, <a href=\"https:\/\/petiteceinture.org\/gares-petite-ceinture\/avenue-vincennes\/\">Cours de Vincennes<\/a><\/span>\n\t\t\t\t\t\t\t\t\t<\/li>\n\t\t\t\t\t\t\t\t<li class=\"elementor-icon-list-item\">\n\t\t\t\t\t\t\t\t\t\t\t<span class=\"elementor-icon-list-icon\">\n\t\t\t\t\t\t\t<i aria-hidden=\"true\" class=\"far fa-hammer\"><\/i>\t\t\t\t\t\t<\/span>\n\t\t\t\t\t\t\t\t\t\t<span class=\"elementor-icon-list-text\"><strong>\u00c9tat <\/strong>: r\u00e9habilit\u00e9, occup\u00e9e par un artiste-peintre<\/span>\n\t\t\t\t\t\t\t\t\t<\/li>\n\t\t\t\t\t\t\t\t<li class=\"elementor-icon-list-item\">\n\t\t\t\t\t\t\t\t\t\t\t<span class=\"elementor-icon-list-icon\">\n\t\t\t\t\t\t\t<i aria-hidden=\"true\" class=\"far fa-street-view\"><\/i>\t\t\t\t\t\t<\/span>\n\t\t\t\t\t\t\t\t\t\t<span class=\"elementor-icon-list-text\"><strong>Correspondance <\/strong>: m\u00e9tro ligne&nbsp;2<\/span>\n\t\t\t\t\t\t\t\t\t<\/li>\n\t\t\t\t\t\t<\/ul>\n\t\t\t\t\t\t<\/div>\n\t\t\t\t<\/div>\n\t\t\t\t\t<\/div>\n\t\t<\/div>\n\t\t\t\t<div class=\"elementor-column elementor-col-66 elementor-top-column elementor-element elementor-element-66f66dd6\" data-id=\"66f66dd6\" data-element_type=\"column\" data-e-type=\"column\">\n\t\t\t<div class=\"elementor-widget-wrap\">\n\t\t\t\t\t\t\t<\/div>\n\t\t<\/div>\n\t\t\t\t\t<\/div>\n\t\t<\/section>\n\t\t\t\t<section class=\"elementor-section elementor-top-section elementor-element elementor-element-262508c2 elementor-section-boxed elementor-section-height-default elementor-section-height-default\" data-id=\"262508c2\" data-element_type=\"section\" data-e-type=\"section\">\n\t\t\t\t\t\t<div class=\"elementor-container elementor-column-gap-default\">\n\t\t\t\t\t<div class=\"elementor-column elementor-col-100 elementor-top-column elementor-element elementor-element-56c6e68d\" data-id=\"56c6e68d\" data-element_type=\"column\" data-e-type=\"column\">\n\t\t\t<div class=\"elementor-widget-wrap elementor-element-populated\">\n\t\t\t\t\t\t<div class=\"elementor-element elementor-element-c65f19b elementor-widget elementor-widget-html\" data-id=\"c65f19b\" data-element_type=\"widget\" data-e-type=\"widget\" data-widget_type=\"html.default\">\n\t\t\t\t<div class=\"elementor-widget-container\">\n\t\t\t\t\t<iframe width=\"100%\" height=\"300px\" frameborder=\"0\" allowfullscreen src=\"\/\/umap.openstreetmap.fr\/fr\/map\/petite-ceinture-ferroviaire-de-paris_420615?scaleControl=false&amp;miniMap=false&amp;scrollWheelZoom=false&amp;zoomControl=null&amp;allowEdit=false&amp;moreControl=false&amp;searchControl=null&amp;tilelayersControl=null&amp;embedControl=null&amp;datalayersControl=false&amp;onLoadPanel=undefined&amp;captionBar=false&amp;datalayers=1290315%2C1281351%2C1281330#16\/48.8522\/2.4086\"><\/iframe>\t\t\t\t<\/div>\n\t\t\t\t<\/div>\n\t\t\t\t\t<\/div>\n\t\t<\/div>\n\t\t\t\t\t<\/div>\n\t\t<\/section>\n\t\t\t\t<section class=\"elementor-section elementor-top-section elementor-element elementor-element-1145b960 elementor-section-boxed elementor-section-height-default elementor-section-height-default\" data-id=\"1145b960\" data-element_type=\"section\" data-e-type=\"section\">\n\t\t\t\t\t\t<div class=\"elementor-container elementor-column-gap-default\">\n\t\t\t\t\t<div class=\"elementor-column elementor-col-100 elementor-top-column elementor-element elementor-element-7275969e\" data-id=\"7275969e\" data-element_type=\"column\" data-e-type=\"column\">\n\t\t\t<div class=\"elementor-widget-wrap elementor-element-populated\">\n\t\t\t\t\t\t<div class=\"elementor-element elementor-element-625d6666 elementor-widget elementor-widget-heading\" data-id=\"625d6666\" data-element_type=\"widget\" data-e-type=\"widget\" data-widget_type=\"heading.default\">\n\t\t\t\t<div class=\"elementor-widget-container\">\n\t\t\t\t\t<h2 class=\"elementor-heading-title elementor-size-default\">Avron&nbsp;: une jolie petite gare du 20<sup class=\"ordinal\">e<\/sup> arrondissement de&nbsp;Paris&nbsp;<\/h2>\t\t\t\t<\/div>\n\t\t\t\t<\/div>\n\t\t\t\t\t<\/div>\n\t\t<\/div>\n\t\t\t\t\t<\/div>\n\t\t<\/section>\n\t\t\t\t<section class=\"elementor-section elementor-top-section elementor-element elementor-element-728d340 elementor-section-boxed elementor-section-height-default elementor-section-height-default\" data-id=\"728d340\" data-element_type=\"section\" data-e-type=\"section\">\n\t\t\t\t\t\t<div class=\"elementor-container elementor-column-gap-default\">\n\t\t\t\t\t<div class=\"elementor-column elementor-col-66 elementor-top-column elementor-element elementor-element-6cc7e0e\" data-id=\"6cc7e0e\" data-element_type=\"column\" data-e-type=\"column\">\n\t\t\t<div class=\"elementor-widget-wrap elementor-element-populated\">\n\t\t\t\t\t\t<div class=\"elementor-element elementor-element-1b4602f5 elementor-widget elementor-widget-text-editor\" data-id=\"1b4602f5\" data-element_type=\"widget\" data-e-type=\"widget\" data-widget_type=\"text-editor.default\">\n\t\t\t\t<div class=\"elementor-widget-container\">\n\t\t\t\t\t\t\t\t\t<p><strong>La gare de la rue d\u2019Avron<\/strong><span data-contrast=\"auto\"> doit son appellation \u00e0 la voie reliant le Boulevard de Charonne \u00e0 la Porte de Montreuil. Elle prend place dans un <strong>quartier populaire tr\u00e8s anim\u00e9<\/strong>, situ\u00e9 sur l\u2019ancienne commune de <strong>Charonne<\/strong>. Pour m\u00e9moire, cette derni\u00e8re a \u00e9t\u00e9 int\u00e9gr\u00e9e \u00e0 Paris en 1860, soit 2 ans avant le d\u00e9but du service voyageur de la Petite Ceinture.&nbsp;<\/span><span data-ccp-props=\"{\">&nbsp;<\/span><\/p><p><span data-contrast=\"auto\">Comme son nom ne l\u2019indique pas, elle est \u00e0 proximit\u00e9 imm\u00e9diate de la gare de Charonne-Marchandises, en activit\u00e9 <strong>jusqu\u2019en 1981<\/strong>. La gare d\u2019<\/span><span data-contrast=\"auto\">Avron<\/span><span data-contrast=\"auto\">&nbsp;est \u00e9galement situ\u00e9e non loin des <strong>ateliers de Charonne de la RATP<\/strong>.&nbsp;<\/span><\/p>\t\t\t\t\t\t\t\t<\/div>\n\t\t\t\t<\/div>\n\t\t\t\t\t<\/div>\n\t\t<\/div>\n\t\t\t\t<div class=\"elementor-column elementor-col-33 elementor-top-column elementor-element elementor-element-3ee1a84\" data-id=\"3ee1a84\" data-element_type=\"column\" data-e-type=\"column\">\n\t\t\t<div class=\"elementor-widget-wrap elementor-element-populated\">\n\t\t\t\t\t\t<div class=\"elementor-element elementor-element-faeb113 elementor-widget elementor-widget-image\" data-id=\"faeb113\" data-element_type=\"widget\" data-e-type=\"widget\" data-widget_type=\"image.default\">\n\t\t\t\t<div class=\"elementor-widget-container\">\n\t\t\t\t\t\t\t\t\t\t\t\t<figure class=\"wp-caption\">\n\t\t\t\t\t\t\t\t\t\t\t<a href=\"https:\/\/petiteceinture.org\/wp-content\/uploads\/2021\/02\/petite-ceinture-avron-dsc00534.jpg\" data-elementor-open-lightbox=\"yes\" data-elementor-lightbox-title=\"Petite-Ceinture-Avron-DSC00534\" data-e-action-hash=\"#elementor-action%3Aaction%3Dlightbox%26settings%3DeyJpZCI6MzcwOSwidXJsIjoiaHR0cHM6XC9cL3BldGl0ZWNlaW50dXJlLm9yZ1wvd3AtY29udGVudFwvdXBsb2Fkc1wvMjAyMVwvMDJcL3BldGl0ZS1jZWludHVyZS1hdnJvbi1kc2MwMDUzNC5qcGcifQ%3D%3D\">\n\t\t\t\t\t\t\t<img fetchpriority=\"high\" decoding=\"async\" width=\"1024\" height=\"682\" src=\"https:\/\/petiteceinture.org\/wp-content\/uploads\/2021\/02\/petite-ceinture-avron-dsc00534-1024x682.jpg\" class=\"attachment-large size-large wp-image-3709\" alt=\"Petite Ceinture Rue d'Avron Jean-Nicolas Lehec\" srcset=\"https:\/\/petiteceinture.org\/wp-content\/uploads\/2021\/02\/petite-ceinture-avron-dsc00534-1024x682.jpg 1024w, https:\/\/petiteceinture.org\/wp-content\/uploads\/2021\/02\/petite-ceinture-avron-dsc00534-300x200.jpg 300w, https:\/\/petiteceinture.org\/wp-content\/uploads\/2021\/02\/petite-ceinture-avron-dsc00534-768x512.jpg 768w, https:\/\/petiteceinture.org\/wp-content\/uploads\/2021\/02\/petite-ceinture-avron-dsc00534.jpg 1400w\" sizes=\"(max-width: 1024px) 100vw, 1024px\">\t\t\t\t\t\t\t\t<\/a>\n\t\t\t\t\t\t\t\t\t\t\t<figcaption class=\"widget-image-caption wp-caption-text\">La gare de la rue d\u2019Avron et l\u2019escalier menant au quai ext\u00e9rieur. Cr\u00e9dit photo&nbsp;: Jean-Nicolas Lehec<\/figcaption>\n\t\t\t\t\t\t\t\t\t\t<\/figure>\n\t\t\t\t\t\t\t\t\t<\/div>\n\t\t\t\t<\/div>\n\t\t\t\t\t<\/div>\n\t\t<\/div>\n\t\t\t\t\t<\/div>\n\t\t<\/section>\n\t\t\t\t<section class=\"elementor-section elementor-top-section elementor-element elementor-element-e9783f2 elementor-section-boxed elementor-section-height-default elementor-section-height-default\" data-id=\"e9783f2\" data-element_type=\"section\" data-e-type=\"section\">\n\t\t\t\t\t\t<div class=\"elementor-container elementor-column-gap-default\">\n\t\t\t\t\t<div class=\"elementor-column elementor-col-100 elementor-top-column elementor-element elementor-element-460f01c8\" data-id=\"460f01c8\" data-element_type=\"column\" data-e-type=\"column\">\n\t\t\t<div class=\"elementor-widget-wrap elementor-element-populated\">\n\t\t\t\t\t\t<div class=\"elementor-element elementor-element-7bdedcaa elementor-widget elementor-widget-heading\" data-id=\"7bdedcaa\" data-element_type=\"widget\" data-e-type=\"widget\" data-widget_type=\"heading.default\">\n\t\t\t\t<div class=\"elementor-widget-container\">\n\t\t\t\t\t<h2 class=\"elementor-heading-title elementor-size-default\">La gare de la rue d\u2019Avron&nbsp;: une inauguration tardive<\/h2>\t\t\t\t<\/div>\n\t\t\t\t<\/div>\n\t\t\t\t\t<\/div>\n\t\t<\/div>\n\t\t\t\t\t<\/div>\n\t\t<\/section>\n\t\t\t\t<section class=\"elementor-section elementor-top-section elementor-element elementor-element-3097a60 elementor-section-boxed elementor-section-height-default elementor-section-height-default\" data-id=\"3097a60\" data-element_type=\"section\" data-e-type=\"section\">\n\t\t\t\t\t\t<div class=\"elementor-container elementor-column-gap-default\">\n\t\t\t\t\t<div class=\"elementor-column elementor-col-66 elementor-top-column elementor-element elementor-element-0cd3661\" data-id=\"0cd3661\" data-element_type=\"column\" data-e-type=\"column\">\n\t\t\t<div class=\"elementor-widget-wrap elementor-element-populated\">\n\t\t\t\t\t\t<div class=\"elementor-element elementor-element-3843bbb elementor-widget elementor-widget-text-editor\" data-id=\"3843bbb\" data-element_type=\"widget\" data-e-type=\"widget\" data-widget_type=\"text-editor.default\">\n\t\t\t\t<div class=\"elementor-widget-container\">\n\t\t\t\t\t\t\t\t\t<p><span data-contrast=\"auto\">La gare d\u2019<\/span><span data-contrast=\"auto\">Avron<\/span><span data-contrast=\"auto\">&nbsp;est construite \u00e0 la faveur de la <strong>suppression des passages \u00e0 niveau de la Petite Ceinture Rive Droite, en 1888<\/strong>. \u00c0 cette occasion, la plateforme de la P.C. est rehauss\u00e9e, plac\u00e9e <strong>sur un talus<\/strong> \u2013 sans pour autant causer l\u2019arr\u00eat de la circulation des trains.&nbsp;<\/span><span data-ccp-props=\"{\">&nbsp;<\/span><\/p><p><span data-contrast=\"auto\">D\u00e8s lors, l\u2019\u00e9tablissement d\u2019une station rue d\u2019<\/span><span data-contrast=\"auto\">Avron<\/span><span data-contrast=\"auto\">&nbsp;est r\u00e9clam\u00e9e par la Ville de Paris. Toutefois, <strong>il faut attendre le 15 mai 1895 pour que la gare d\u2019<\/strong><\/span><strong>Avron<\/strong><span data-contrast=\"auto\"><strong>&nbsp;soit enfin inaugur\u00e9e<\/strong>. \u00c0 noter que la Ville prend en charge les 2\/3 du co\u00fbt d\u2019\u00e9tablissement.&nbsp;<\/span><span data-ccp-props=\"{\">&nbsp;<\/span><\/p>\t\t\t\t\t\t\t\t<\/div>\n\t\t\t\t<\/div>\n\t\t\t\t\t<\/div>\n\t\t<\/div>\n\t\t\t\t<div class=\"elementor-column elementor-col-33 elementor-top-column elementor-element elementor-element-5ee274c\" data-id=\"5ee274c\" data-element_type=\"column\" data-e-type=\"column\">\n\t\t\t<div class=\"elementor-widget-wrap elementor-element-populated\">\n\t\t\t\t\t\t<div class=\"elementor-element elementor-element-47aa779 elementor-widget elementor-widget-image\" data-id=\"47aa779\" data-element_type=\"widget\" data-e-type=\"widget\" data-widget_type=\"image.default\">\n\t\t\t\t<div class=\"elementor-widget-container\">\n\t\t\t\t\t\t\t\t\t\t\t\t<figure class=\"wp-caption\">\n\t\t\t\t\t\t\t\t\t\t\t<a href=\"https:\/\/petiteceinture.org\/wp-content\/uploads\/2021\/02\/suppression-des-passages-a-niveau---rue-d-avron---vue-prise-du-cote-bercy---10-fevrier-1889-1024px.jpg\" data-elementor-open-lightbox=\"yes\" data-elementor-lightbox-title=\"suppression_des_passages_a_niveau_-_rue_d_avron_-_vue_prise_du_cote_bercy_-_10_fevrier_1889_1024px\" data-e-action-hash=\"#elementor-action%3Aaction%3Dlightbox%26settings%3DeyJpZCI6MzcyMCwidXJsIjoiaHR0cHM6XC9cL3BldGl0ZWNlaW50dXJlLm9yZ1wvd3AtY29udGVudFwvdXBsb2Fkc1wvMjAyMVwvMDJcL3N1cHByZXNzaW9uLWRlcy1wYXNzYWdlcy1hLW5pdmVhdS0tLXJ1ZS1kLWF2cm9uLS0tdnVlLXByaXNlLWR1LWNvdGUtYmVyY3ktLS0xMC1mZXZyaWVyLTE4ODktMTAyNHB4LmpwZyJ9\">\n\t\t\t\t\t\t\t<img decoding=\"async\" width=\"1024\" height=\"644\" src=\"https:\/\/petiteceinture.org\/wp-content\/uploads\/2021\/02\/suppression-des-passages-a-niveau---rue-d-avron---vue-prise-du-cote-bercy---10-fevrier-1889-1024px.jpg\" class=\"attachment-large size-large wp-image-3720\" alt=\"Petite Ceinture Rue d'Avron\" srcset=\"https:\/\/petiteceinture.org\/wp-content\/uploads\/2021\/02\/suppression-des-passages-a-niveau---rue-d-avron---vue-prise-du-cote-bercy---10-fevrier-1889-1024px.jpg 1024w, https:\/\/petiteceinture.org\/wp-content\/uploads\/2021\/02\/suppression-des-passages-a-niveau---rue-d-avron---vue-prise-du-cote-bercy---10-fevrier-1889-1024px-300x189.jpg 300w, https:\/\/petiteceinture.org\/wp-content\/uploads\/2021\/02\/suppression-des-passages-a-niveau---rue-d-avron---vue-prise-du-cote-bercy---10-fevrier-1889-1024px-768x483.jpg 768w\" sizes=\"(max-width: 1024px) 100vw, 1024px\">\t\t\t\t\t\t\t\t<\/a>\n\t\t\t\t\t\t\t\t\t\t\t<figcaption class=\"widget-image-caption wp-caption-text\">Suppression du passage \u00e0 niveau de la rue d\u2019Avron \u2013 vue prise du c\u00f4t\u00e9 de Bercy \u2013 10 f\u00e9vrier 1889<\/figcaption>\n\t\t\t\t\t\t\t\t\t\t<\/figure>\n\t\t\t\t\t\t\t\t\t<\/div>\n\t\t\t\t<\/div>\n\t\t\t\t\t<\/div>\n\t\t<\/div>\n\t\t\t\t\t<\/div>\n\t\t<\/section>\n\t\t\t\t<section class=\"elementor-section elementor-top-section elementor-element elementor-element-9b1ccba elementor-section-boxed elementor-section-height-default elementor-section-height-default\" data-id=\"9b1ccba\" data-element_type=\"section\" data-e-type=\"section\">\n\t\t\t\t\t\t<div class=\"elementor-container elementor-column-gap-default\">\n\t\t\t\t\t<div class=\"elementor-column elementor-col-100 elementor-top-column elementor-element elementor-element-286467a\" data-id=\"286467a\" data-element_type=\"column\" data-e-type=\"column\">\n\t\t\t<div class=\"elementor-widget-wrap elementor-element-populated\">\n\t\t\t\t\t\t<div class=\"elementor-element elementor-element-e39686a elementor-widget elementor-widget-text-editor\" data-id=\"e39686a\" data-element_type=\"widget\" data-e-type=\"widget\" data-widget_type=\"text-editor.default\">\n\t\t\t\t<div class=\"elementor-widget-container\">\n\t\t\t\t\t\t\t\t\t<p style=\"text-align: center;\"><em>Ci-dessous, trois photographies captur\u00e9es en 1889 lors de la suppression des passages \u00e0 niveau au niveau de la rue d\u2019Avron et de la rue de la Croix Saint-Simon&nbsp;:&nbsp;<\/em><\/p>\t\t\t\t\t\t\t\t<\/div>\n\t\t\t\t<\/div>\n\t\t\t\t<div class=\"elementor-element elementor-element-b24ad4f elementor-widget elementor-widget-oew-image-gallery\" data-id=\"b24ad4f\" data-element_type=\"widget\" data-e-type=\"widget\" data-widget_type=\"oew-image-gallery.default\">\n\t\t\t\t<div class=\"elementor-widget-container\">\n\t\t\t\t\t\n\t\t<div class=\"oew-image-gallery oew-has-lightbox\">\n\t\t\t\n\t\t\t\t<div class=\"oew-gallery-item\">\n\t\t\t\t\t<a class=\"oew-gallery-item-inner no-lightbox\" href=\"https:\/\/petiteceinture.org\/wp-content\/uploads\/2021\/02\/suppression-passages-a-niveau-pc-est-12-20e-42.jpg\" data-width=\"1710\" data-height=\"1190\" data-elementor-open-lightbox=\"no\">\n\t\t\t\t\t\t<div class=\"oew-gallery-thumbnail\">\n\t\t\t\t\t\t\t<img decoding=\"async\" src=\"https:\/\/petiteceinture.org\/wp-content\/uploads\/2021\/02\/suppression-passages-a-niveau-pc-est-12-20e-42-768x534.jpg\" alt=\"Suppression-passages-a-niveau-PC-Est-12-20e-42\">\n\t\t\t\t\t\t<\/div>\n\n\t\t\t\t\t\t\t\t\t\t\t\t\t<div class=\"oew-gallery-overlay oew-gallery-transition-fade\">\n\t\t\t\t\t\t\t\t\t\t\t\t\t\t\t\t\t<div class=\"oew-gallery-item-icon\">\n\t\t\t\t\t\t\t\t\t\t<i aria-hidden=\"true\" class=\"fas fa-search\"><\/i>\t\t\t\t\t\t\t\t\t<\/div>\n\t\t\t\t\t\t\t\t\t\t\t\t\t\t\t\t<\/div>\n\t\t\t\t\t\t\t\t\t\t\t\t<\/a>\n\t\t\t\t<\/div>\n\n\t\t\t\t\n\t\t\t\t<div class=\"oew-gallery-item\">\n\t\t\t\t\t<a class=\"oew-gallery-item-inner no-lightbox\" href=\"https:\/\/petiteceinture.org\/wp-content\/uploads\/2021\/02\/suppression-des-passages-a-niveau---rue-d-avron---vue-prise-du-cote-interieur---1er-fevrier-1889-1024px.jpg\" data-width=\"1024\" data-height=\"627\" data-elementor-open-lightbox=\"no\">\n\t\t\t\t\t\t<div class=\"oew-gallery-thumbnail\">\n\t\t\t\t\t\t\t<img decoding=\"async\" src=\"https:\/\/petiteceinture.org\/wp-content\/uploads\/2021\/02\/suppression-des-passages-a-niveau---rue-d-avron---vue-prise-du-cote-interieur---1er-fevrier-1889-1024px-768x470.jpg\" alt=\"suppression_des_passages_a_niveau_-_rue_d_avron_-_vue_prise_du_cote_interieur_-_1er_fevrier_1889_1024px\">\n\t\t\t\t\t\t<\/div>\n\n\t\t\t\t\t\t\t\t\t\t\t\t\t<div class=\"oew-gallery-overlay oew-gallery-transition-fade\">\n\t\t\t\t\t\t\t\t\t\t\t\t\t\t\t\t\t<div class=\"oew-gallery-item-icon\">\n\t\t\t\t\t\t\t\t\t\t<i aria-hidden=\"true\" class=\"fas fa-search\"><\/i>\t\t\t\t\t\t\t\t\t<\/div>\n\t\t\t\t\t\t\t\t\t\t\t\t\t\t\t\t<\/div>\n\t\t\t\t\t\t\t\t\t\t\t\t<\/a>\n\t\t\t\t<\/div>\n\n\t\t\t\t\n\t\t\t\t<div class=\"oew-gallery-item\">\n\t\t\t\t\t<a class=\"oew-gallery-item-inner no-lightbox\" href=\"https:\/\/petiteceinture.org\/wp-content\/uploads\/2021\/02\/suppression-passages-a-niveau-pc-est-12-20e-46.jpg\" data-width=\"1564\" data-height=\"1103\" data-elementor-open-lightbox=\"no\">\n\t\t\t\t\t\t<div class=\"oew-gallery-thumbnail\">\n\t\t\t\t\t\t\t<img decoding=\"async\" src=\"https:\/\/petiteceinture.org\/wp-content\/uploads\/2021\/02\/suppression-passages-a-niveau-pc-est-12-20e-46-768x542.jpg\" alt=\"Suppression-passages-a-niveau-PC-Est-12-20e-46\">\n\t\t\t\t\t\t<\/div>\n\n\t\t\t\t\t\t\t\t\t\t\t\t\t<div class=\"oew-gallery-overlay oew-gallery-transition-fade\">\n\t\t\t\t\t\t\t\t\t\t\t\t\t\t\t\t\t<div class=\"oew-gallery-item-icon\">\n\t\t\t\t\t\t\t\t\t\t<i aria-hidden=\"true\" class=\"fas fa-search\"><\/i>\t\t\t\t\t\t\t\t\t<\/div>\n\t\t\t\t\t\t\t\t\t\t\t\t\t\t\t\t<\/div>\n\t\t\t\t\t\t\t\t\t\t\t\t<\/a>\n\t\t\t\t<\/div>\n\n\t\t\t\t\t\t<\/div>\n\n\t\t\t\t\t\t<\/div>\n\t\t\t\t<\/div>\n\t\t\t\t\t<\/div>\n\t\t<\/div>\n\t\t\t\t\t<\/div>\n\t\t<\/section>\n\t\t\t\t<section class=\"elementor-section elementor-top-section elementor-element elementor-element-831c338 elementor-section-boxed elementor-section-height-default elementor-section-height-default\" data-id=\"831c338\" data-element_type=\"section\" data-e-type=\"section\">\n\t\t\t\t\t\t<div class=\"elementor-container elementor-column-gap-default\">\n\t\t\t\t\t<div class=\"elementor-column elementor-col-100 elementor-top-column elementor-element elementor-element-a11e05e\" data-id=\"a11e05e\" data-element_type=\"column\" data-e-type=\"column\">\n\t\t\t<div class=\"elementor-widget-wrap elementor-element-populated\">\n\t\t\t\t\t\t<div class=\"elementor-element elementor-element-b0b58fb elementor-widget elementor-widget-text-editor\" data-id=\"b0b58fb\" data-element_type=\"widget\" data-e-type=\"widget\" data-widget_type=\"text-editor.default\">\n\t\t\t\t<div class=\"elementor-widget-container\">\n\t\t\t\t\t\t\t\t\t<p><span data-contrast=\"auto\">Le b\u00e2timent des voyageurs est construit <strong>au pied du talus de la Petite Ceinture<\/strong>. L\u2019entr\u00e9e principale de la gare se fait par la <strong>rue Ferdinand&nbsp;<\/strong><\/span><strong>Gambon<\/strong><span data-contrast=\"auto\">. Dans le prolongement de la gare, un pont m\u00e9tallique franchit la rue d\u2019Avron \u00e0 angle&nbsp;droit.&nbsp;<\/span><\/p>\t\t\t\t\t\t\t\t<\/div>\n\t\t\t\t<\/div>\n\t\t\t\t\t<\/div>\n\t\t<\/div>\n\t\t\t\t\t<\/div>\n\t\t<\/section>\n\t\t\t\t<section class=\"elementor-section elementor-top-section elementor-element elementor-element-63e3c6f elementor-section-boxed elementor-section-height-default elementor-section-height-default\" data-id=\"63e3c6f\" data-element_type=\"section\" data-e-type=\"section\">\n\t\t\t\t\t\t<div class=\"elementor-container elementor-column-gap-default\">\n\t\t\t\t\t<div class=\"elementor-column elementor-col-66 elementor-top-column elementor-element elementor-element-a5f2b6b\" data-id=\"a5f2b6b\" data-element_type=\"column\" data-e-type=\"column\">\n\t\t\t<div class=\"elementor-widget-wrap elementor-element-populated\">\n\t\t\t\t\t\t<div class=\"elementor-element elementor-element-65efd339 elementor-widget elementor-widget-text-editor\" data-id=\"65efd339\" data-element_type=\"widget\" data-e-type=\"widget\" data-widget_type=\"text-editor.default\">\n\t\t\t\t<div class=\"elementor-widget-container\">\n\t\t\t\t\t\t\t\t\t<p><span data-contrast=\"auto\">Le b\u00e2timent comprend 2 niveaux&nbsp;: <\/span><span data-ccp-props=\"{\">&nbsp;<\/span><\/p><ul><li data-leveltext=\"\uf0b7\" data-font=\"Symbol\" data-listid=\"2\" aria-setsize=\"-1\" data-aria-posinset=\"1\" data-aria-level=\"1\"><span data-contrast=\"auto\">Un rez-de-chauss\u00e9e&nbsp;<\/span><span data-contrast=\"auto\">comportant un bureau de vente des billets, un guichet des bagages, une consigne, une lampisterie et la salle d\u2019attente<\/span><span data-contrast=\"auto\">&nbsp;;<\/span><span data-ccp-props=\"{\">&nbsp;<\/span><\/li><\/ul><ul><li data-leveltext=\"\uf0b7\" data-font=\"Symbol\" data-listid=\"2\" aria-setsize=\"-1\" data-aria-posinset=\"1\" data-aria-level=\"1\"><span data-contrast=\"auto\">Un \u00e9tage situ\u00e9 au niveau du quai abritant le bureau du chef de gare, un bureau pour le t\u00e9l\u00e9graphe puis le t\u00e9l\u00e9phone, et les cabinets d\u2019aisance.<\/span><span data-ccp-props=\"{\">&nbsp;<\/span><\/li><\/ul>\t\t\t\t\t\t\t\t<\/div>\n\t\t\t\t<\/div>\n\t\t\t\t\t<\/div>\n\t\t<\/div>\n\t\t\t\t<div class=\"elementor-column elementor-col-33 elementor-top-column elementor-element elementor-element-f220f86\" data-id=\"f220f86\" data-element_type=\"column\" data-e-type=\"column\">\n\t\t\t<div class=\"elementor-widget-wrap elementor-element-populated\">\n\t\t\t\t\t\t<div class=\"elementor-element elementor-element-bd81149 elementor-widget elementor-widget-image\" data-id=\"bd81149\" data-element_type=\"widget\" data-e-type=\"widget\" data-widget_type=\"image.default\">\n\t\t\t\t<div class=\"elementor-widget-container\">\n\t\t\t\t\t\t\t\t\t\t\t\t<figure class=\"wp-caption\">\n\t\t\t\t\t\t\t\t\t\t\t<a href=\"https:\/\/petiteceinture.org\/wp-content\/uploads\/2021\/02\/avron.jpg\" data-elementor-open-lightbox=\"yes\" data-elementor-lightbox-title=\"Avron\" data-e-action-hash=\"#elementor-action%3Aaction%3Dlightbox%26settings%3DeyJpZCI6MzgwNywidXJsIjoiaHR0cHM6XC9cL3BldGl0ZWNlaW50dXJlLm9yZ1wvd3AtY29udGVudFwvdXBsb2Fkc1wvMjAyMVwvMDJcL2F2cm9uLmpwZyJ9\">\n\t\t\t\t\t\t\t<img decoding=\"async\" width=\"1000\" height=\"641\" src=\"https:\/\/petiteceinture.org\/wp-content\/uploads\/2021\/02\/avron.jpg\" class=\"attachment-large size-large wp-image-3807\" alt=\"Petite Ceinture rue d'Avron\" srcset=\"https:\/\/petiteceinture.org\/wp-content\/uploads\/2021\/02\/avron.jpg 1000w, https:\/\/petiteceinture.org\/wp-content\/uploads\/2021\/02\/avron-300x192.jpg 300w, https:\/\/petiteceinture.org\/wp-content\/uploads\/2021\/02\/avron-768x492.jpg 768w\" sizes=\"(max-width: 1000px) 100vw, 1000px\">\t\t\t\t\t\t\t\t<\/a>\n\t\t\t\t\t\t\t\t\t\t\t<figcaption class=\"widget-image-caption wp-caption-text\">La rue d\u2019Avron et un train de voyageurs sur la Petite Ceinture, au d\u00e9but du XX<sup class=\"ordinal\">e<\/sup> si\u00e8cle. Coll. Jean-Pierre Rigouard<\/figcaption>\n\t\t\t\t\t\t\t\t\t\t<\/figure>\n\t\t\t\t\t\t\t\t\t<\/div>\n\t\t\t\t<\/div>\n\t\t\t\t\t<\/div>\n\t\t<\/div>\n\t\t\t\t\t<\/div>\n\t\t<\/section>\n\t\t\t\t<section class=\"elementor-section elementor-top-section elementor-element elementor-element-40103e5 elementor-section-boxed elementor-section-height-default elementor-section-height-default\" data-id=\"40103e5\" data-element_type=\"section\" data-e-type=\"section\">\n\t\t\t\t\t\t<div class=\"elementor-container elementor-column-gap-default\">\n\t\t\t\t\t<div class=\"elementor-column elementor-col-100 elementor-top-column elementor-element elementor-element-a879fa3\" data-id=\"a879fa3\" data-element_type=\"column\" data-e-type=\"column\">\n\t\t\t<div class=\"elementor-widget-wrap elementor-element-populated\">\n\t\t\t\t\t\t<div class=\"elementor-element elementor-element-c528125 elementor-widget elementor-widget-text-editor\" data-id=\"c528125\" data-element_type=\"widget\" data-e-type=\"widget\" data-widget_type=\"text-editor.default\">\n\t\t\t\t<div class=\"elementor-widget-container\">\n\t\t\t\t\t\t\t\t\t<p>La gare comporte <strong>2 quais<\/strong> (int\u00e9rieur et ext\u00e9rieur) <strong>et 3 voies<\/strong>. Au-del\u00e0 des deux voies de la Petite Ceinture (situ\u00e9es \u00e0 l\u2019\u00e9poque entre deux verri\u00e8res), on notera la pr\u00e9sence d\u2019une <strong>voie de man\u0153uvres<\/strong>.<\/p><p>Elle sert <span data-contrast=\"auto\">\u00e0 la fois \u00e0 la desserte de la gare de <strong><a href=\"https:\/\/petiteceinture.org\/gares-petite-ceinture\/charonne\/\">Charonne-Marchandises<\/a><\/strong>, mais aussi aux<strong> trains de jonction dans le sens Nord-Sud<\/strong> pour doubler les trains de voyageurs de la Petite Ceinture. Une voie similaire est \u00e9galement pr\u00e9sente \u00e0 la hauteur de la <strong><a href=\"https:\/\/petiteceinture.org\/gares-petite-ceinture\/charonne\/\">gare de Charonne<\/a><\/strong> (voyageurs)<\/span><\/p>\t\t\t\t\t\t\t\t<\/div>\n\t\t\t\t<\/div>\n\t\t\t\t\t<\/div>\n\t\t<\/div>\n\t\t\t\t\t<\/div>\n\t\t<\/section>\n\t\t\t\t<section class=\"elementor-section elementor-top-section elementor-element elementor-element-24aa2ab elementor-section-boxed elementor-section-height-default elementor-section-height-default\" data-id=\"24aa2ab\" data-element_type=\"section\" data-e-type=\"section\">\n\t\t\t\t\t\t<div class=\"elementor-container elementor-column-gap-default\">\n\t\t\t\t\t<div class=\"elementor-column elementor-col-100 elementor-top-column elementor-element elementor-element-d8863d0\" data-id=\"d8863d0\" data-element_type=\"column\" data-e-type=\"column\">\n\t\t\t<div class=\"elementor-widget-wrap elementor-element-populated\">\n\t\t\t\t\t\t<div class=\"elementor-element elementor-element-1161bdd elementor-widget elementor-widget-image\" data-id=\"1161bdd\" data-element_type=\"widget\" data-e-type=\"widget\" data-widget_type=\"image.default\">\n\t\t\t\t<div class=\"elementor-widget-container\">\n\t\t\t\t\t\t\t\t\t\t\t\t<figure class=\"wp-caption\">\n\t\t\t\t\t\t\t\t\t\t\t<a href=\"https:\/\/petiteceinture.org\/wp-content\/uploads\/2021\/02\/rue-d-avron---plan-1914---collection-pierre-tullin-300dpi.jpg\" data-elementor-open-lightbox=\"yes\" data-elementor-lightbox-title=\"rue_d_avron_-_plan_1914_-_collection_pierre_tullin_300dpi\" data-e-action-hash=\"#elementor-action%3Aaction%3Dlightbox%26settings%3DeyJpZCI6MzcxOSwidXJsIjoiaHR0cHM6XC9cL3BldGl0ZWNlaW50dXJlLm9yZ1wvd3AtY29udGVudFwvdXBsb2Fkc1wvMjAyMVwvMDJcL3J1ZS1kLWF2cm9uLS0tcGxhbi0xOTE0LS0tY29sbGVjdGlvbi1waWVycmUtdHVsbGluLTMwMGRwaS5qcGcifQ%3D%3D\">\n\t\t\t\t\t\t\t<img loading=\"lazy\" decoding=\"async\" width=\"1623\" height=\"893\" src=\"https:\/\/petiteceinture.org\/wp-content\/uploads\/2021\/02\/rue-d-avron---plan-1914---collection-pierre-tullin-300dpi.jpg\" class=\"attachment-full size-full wp-image-3719\" alt=\"Petite Ceinture rue d'Avron plan 1914\" srcset=\"https:\/\/petiteceinture.org\/wp-content\/uploads\/2021\/02\/rue-d-avron---plan-1914---collection-pierre-tullin-300dpi.jpg 1623w, https:\/\/petiteceinture.org\/wp-content\/uploads\/2021\/02\/rue-d-avron---plan-1914---collection-pierre-tullin-300dpi-300x165.jpg 300w, https:\/\/petiteceinture.org\/wp-content\/uploads\/2021\/02\/rue-d-avron---plan-1914---collection-pierre-tullin-300dpi-1024x563.jpg 1024w, https:\/\/petiteceinture.org\/wp-content\/uploads\/2021\/02\/rue-d-avron---plan-1914---collection-pierre-tullin-300dpi-768x423.jpg 768w, https:\/\/petiteceinture.org\/wp-content\/uploads\/2021\/02\/rue-d-avron---plan-1914---collection-pierre-tullin-300dpi-1536x845.jpg 1536w\" sizes=\"(max-width: 1623px) 100vw, 1623px\">\t\t\t\t\t\t\t\t<\/a>\n\t\t\t\t\t\t\t\t\t\t\t<figcaption class=\"widget-image-caption wp-caption-text\">Plan des installations de la garer de la rue d\u2019Avron en 1914. Coll. PIerre Tullin<\/figcaption>\n\t\t\t\t\t\t\t\t\t\t<\/figure>\n\t\t\t\t\t\t\t\t\t<\/div>\n\t\t\t\t<\/div>\n\t\t\t\t\t<\/div>\n\t\t<\/div>\n\t\t\t\t\t<\/div>\n\t\t<\/section>\n\t\t\t\t<section class=\"elementor-section elementor-top-section elementor-element elementor-element-59eae474 elementor-section-boxed elementor-section-height-default elementor-section-height-default\" data-id=\"59eae474\" data-element_type=\"section\" data-e-type=\"section\">\n\t\t\t\t\t\t<div class=\"elementor-container elementor-column-gap-default\">\n\t\t\t\t\t<div class=\"elementor-column elementor-col-100 elementor-top-column elementor-element elementor-element-68b9443d\" data-id=\"68b9443d\" data-element_type=\"column\" data-e-type=\"column\">\n\t\t\t<div class=\"elementor-widget-wrap elementor-element-populated\">\n\t\t\t\t\t\t<div class=\"elementor-element elementor-element-20399f0c elementor-widget elementor-widget-heading\" data-id=\"20399f0c\" data-element_type=\"widget\" data-e-type=\"widget\" data-widget_type=\"heading.default\">\n\t\t\t\t<div class=\"elementor-widget-container\">\n\t\t\t\t\t<h2 class=\"elementor-heading-title elementor-size-default\">Une architecture peu commune sur la Petite Ceinture&nbsp;<\/h2>\t\t\t\t<\/div>\n\t\t\t\t<\/div>\n\t\t\t\t\t<\/div>\n\t\t<\/div>\n\t\t\t\t\t<\/div>\n\t\t<\/section>\n\t\t\t\t<section class=\"elementor-section elementor-top-section elementor-element elementor-element-c352a42 elementor-section-boxed elementor-section-height-default elementor-section-height-default\" data-id=\"c352a42\" data-element_type=\"section\" data-e-type=\"section\">\n\t\t\t\t\t\t<div class=\"elementor-container elementor-column-gap-default\">\n\t\t\t\t\t<div class=\"elementor-column elementor-col-100 elementor-top-column elementor-element elementor-element-ff0f132\" data-id=\"ff0f132\" data-element_type=\"column\" data-e-type=\"column\">\n\t\t\t<div class=\"elementor-widget-wrap elementor-element-populated\">\n\t\t\t\t\t\t<div class=\"elementor-element elementor-element-ccd249e elementor-widget elementor-widget-text-editor\" data-id=\"ccd249e\" data-element_type=\"widget\" data-e-type=\"widget\" data-widget_type=\"text-editor.default\">\n\t\t\t\t<div class=\"elementor-widget-container\">\n\t\t\t\t\t\t\t\t\t<p><span data-contrast=\"auto\">L\u2019architecture du b\u00e2timent voyageur est d\u2019une relative simplicit\u00e9. La pierre de taille est seulement utilis\u00e9e pour les socles, les angles, les bandeaux, les corniches et l\u2019encadrement des baies.&nbsp;<\/span><span data-ccp-props=\"{\">&nbsp;<\/span><\/p>\t\t\t\t\t\t\t\t<\/div>\n\t\t\t\t<\/div>\n\t\t\t\t\t<\/div>\n\t\t<\/div>\n\t\t\t\t\t<\/div>\n\t\t<\/section>\n\t\t\t\t<section class=\"elementor-section elementor-top-section elementor-element elementor-element-6a174eb elementor-section-boxed elementor-section-height-default elementor-section-height-default\" data-id=\"6a174eb\" data-element_type=\"section\" data-e-type=\"section\">\n\t\t\t\t\t\t<div class=\"elementor-container elementor-column-gap-default\">\n\t\t\t\t\t<div class=\"elementor-column elementor-col-100 elementor-top-column elementor-element elementor-element-a0425a0\" data-id=\"a0425a0\" data-element_type=\"column\" data-e-type=\"column\">\n\t\t\t<div class=\"elementor-widget-wrap elementor-element-populated\">\n\t\t\t\t\t\t<div class=\"elementor-element elementor-element-f6a7d67 elementor-widget elementor-widget-image\" data-id=\"f6a7d67\" data-element_type=\"widget\" data-e-type=\"widget\" data-widget_type=\"image.default\">\n\t\t\t\t<div class=\"elementor-widget-container\">\n\t\t\t\t\t\t\t\t\t\t\t\t<figure class=\"wp-caption\">\n\t\t\t\t\t\t\t\t\t\t<img loading=\"lazy\" decoding=\"async\" width=\"1024\" height=\"461\" src=\"https:\/\/petiteceinture.org\/wp-content\/uploads\/2021\/02\/gare-rue-davron-4-facade-rue-f-gambon-1024x461.jpg\" class=\"attachment-large size-large wp-image-3744\" alt srcset=\"https:\/\/petiteceinture.org\/wp-content\/uploads\/2021\/02\/gare-rue-davron-4-facade-rue-f-gambon-1024x461.jpg 1024w, https:\/\/petiteceinture.org\/wp-content\/uploads\/2021\/02\/gare-rue-davron-4-facade-rue-f-gambon-300x135.jpg 300w, https:\/\/petiteceinture.org\/wp-content\/uploads\/2021\/02\/gare-rue-davron-4-facade-rue-f-gambon-768x346.jpg 768w, https:\/\/petiteceinture.org\/wp-content\/uploads\/2021\/02\/gare-rue-davron-4-facade-rue-f-gambon.jpg 1400w\" sizes=\"(max-width: 1024px) 100vw, 1024px\">\t\t\t\t\t\t\t\t\t\t\t<figcaption class=\"widget-image-caption wp-caption-text\">Vue du b\u00e2timent voyageurs de la gare de la rue d\u2019Avron, depuis la rue Ferdinand Gambon<\/figcaption>\n\t\t\t\t\t\t\t\t\t\t<\/figure>\n\t\t\t\t\t\t\t\t\t<\/div>\n\t\t\t\t<\/div>\n\t\t\t\t\t<\/div>\n\t\t<\/div>\n\t\t\t\t\t<\/div>\n\t\t<\/section>\n\t\t\t\t<section class=\"elementor-section elementor-top-section elementor-element elementor-element-833e416 elementor-section-boxed elementor-section-height-default elementor-section-height-default\" data-id=\"833e416\" data-element_type=\"section\" data-e-type=\"section\">\n\t\t\t\t\t\t<div class=\"elementor-container elementor-column-gap-default\">\n\t\t\t\t\t<div class=\"elementor-column elementor-col-100 elementor-top-column elementor-element elementor-element-d253f0d\" data-id=\"d253f0d\" data-element_type=\"column\" data-e-type=\"column\">\n\t\t\t<div class=\"elementor-widget-wrap elementor-element-populated\">\n\t\t\t\t\t\t<div class=\"elementor-element elementor-element-7c810a5 elementor-widget elementor-widget-text-editor\" data-id=\"7c810a5\" data-element_type=\"widget\" data-e-type=\"widget\" data-widget_type=\"text-editor.default\">\n\t\t\t\t<div class=\"elementor-widget-container\">\n\t\t\t\t\t\t\t\t\t<p><span data-contrast=\"auto\">Au-dessus d\u2019un soubassement en moellons durs ou meuli\u00e8re, les murs sont construits en ma\u00e7onnerie ordinaire<\/span><span data-contrast=\"auto\"> \u2013 <\/span><span data-contrast=\"auto\">recouverte d\u2019un cr\u00e9pi \u00e0 l\u2019ext\u00e9rieur, d\u2019un enduit \u00e0 l\u2019int\u00e9rieur. Les murs de fond des abris plac\u00e9s sur les quais se composent de l\u00e9gers pans de fers et briques.<\/span><span data-contrast=\"auto\">&nbsp;<\/span><span data-ccp-props=\"{\">&nbsp;<\/span><\/p>\t\t\t\t\t\t\t\t<\/div>\n\t\t\t\t<\/div>\n\t\t\t\t\t<\/div>\n\t\t<\/div>\n\t\t\t\t\t<\/div>\n\t\t<\/section>\n\t\t\t\t<section class=\"elementor-section elementor-top-section elementor-element elementor-element-ef3b4e8 elementor-section-boxed elementor-section-height-default elementor-section-height-default\" data-id=\"ef3b4e8\" data-element_type=\"section\" data-e-type=\"section\">\n\t\t\t\t\t\t<div class=\"elementor-container elementor-column-gap-default\">\n\t\t\t\t\t<div class=\"elementor-column elementor-col-100 elementor-top-column elementor-element elementor-element-35b19b4\" data-id=\"35b19b4\" data-element_type=\"column\" data-e-type=\"column\">\n\t\t\t<div class=\"elementor-widget-wrap elementor-element-populated\">\n\t\t\t\t\t\t<div class=\"elementor-element elementor-element-5004df1 elementor-widget elementor-widget-image\" data-id=\"5004df1\" data-element_type=\"widget\" data-e-type=\"widget\" data-widget_type=\"image.default\">\n\t\t\t\t<div class=\"elementor-widget-container\">\n\t\t\t\t\t\t\t\t\t\t\t\t<figure class=\"wp-caption\">\n\t\t\t\t\t\t\t\t\t\t<img loading=\"lazy\" decoding=\"async\" width=\"1024\" height=\"404\" src=\"https:\/\/petiteceinture.org\/wp-content\/uploads\/2021\/02\/gare-rue-davron-7-facade-sud-1024x404.jpg\" class=\"attachment-large size-large wp-image-3743\" alt srcset=\"https:\/\/petiteceinture.org\/wp-content\/uploads\/2021\/02\/gare-rue-davron-7-facade-sud-1024x404.jpg 1024w, https:\/\/petiteceinture.org\/wp-content\/uploads\/2021\/02\/gare-rue-davron-7-facade-sud-300x119.jpg 300w, https:\/\/petiteceinture.org\/wp-content\/uploads\/2021\/02\/gare-rue-davron-7-facade-sud-768x303.jpg 768w, https:\/\/petiteceinture.org\/wp-content\/uploads\/2021\/02\/gare-rue-davron-7-facade-sud.jpg 1400w\" sizes=\"(max-width: 1024px) 100vw, 1024px\">\t\t\t\t\t\t\t\t\t\t\t<figcaption class=\"widget-image-caption wp-caption-text\">Vue de la gare d\u2019Avron depuis la fa\u00e7ade Sud du b\u00e2timent voyageurs<\/figcaption>\n\t\t\t\t\t\t\t\t\t\t<\/figure>\n\t\t\t\t\t\t\t\t\t<\/div>\n\t\t\t\t<\/div>\n\t\t\t\t\t<\/div>\n\t\t<\/div>\n\t\t\t\t\t<\/div>\n\t\t<\/section>\n\t\t\t\t<section class=\"elementor-section elementor-top-section elementor-element elementor-element-9c0ab90 elementor-section-boxed elementor-section-height-default elementor-section-height-default\" data-id=\"9c0ab90\" data-element_type=\"section\" data-e-type=\"section\">\n\t\t\t\t\t\t<div class=\"elementor-container elementor-column-gap-default\">\n\t\t\t\t\t<div class=\"elementor-column elementor-col-100 elementor-top-column elementor-element elementor-element-baf8567\" data-id=\"baf8567\" data-element_type=\"column\" data-e-type=\"column\">\n\t\t\t<div class=\"elementor-widget-wrap elementor-element-populated\">\n\t\t\t\t\t\t<div class=\"elementor-element elementor-element-18bef03 elementor-widget elementor-widget-text-editor\" data-id=\"18bef03\" data-element_type=\"widget\" data-e-type=\"widget\" data-widget_type=\"text-editor.default\">\n\t\t\t\t<div class=\"elementor-widget-container\">\n\t\t\t\t\t\t\t\t\t<p><span data-contrast=\"auto\">Au rez-de-chauss\u00e9e, de grandes ouvertures plein cintre font entrer la lumi\u00e8re. L\u2019\u00e9tage n\u2019est pas sans analogie avec les gares de la Grande Ceinture construites \u00e0 la m\u00eame \u00e9poque. On peut aussi retrouver quelque<\/span><span data-contrast=\"auto\">s<\/span><span data-contrast=\"auto\">&nbsp;ressemblances avec le b\u00e2timent de service situ\u00e9 \u00e0 c\u00f4t\u00e9 de la gare de Charonne-Voyageurs.&nbsp;<\/span><\/p>\t\t\t\t\t\t\t\t<\/div>\n\t\t\t\t<\/div>\n\t\t\t\t\t<\/div>\n\t\t<\/div>\n\t\t\t\t\t<\/div>\n\t\t<\/section>\n\t\t\t\t<section class=\"elementor-section elementor-top-section elementor-element elementor-element-cfd6542 elementor-section-boxed elementor-section-height-default elementor-section-height-default\" data-id=\"cfd6542\" data-element_type=\"section\" data-e-type=\"section\">\n\t\t\t\t\t\t<div class=\"elementor-container elementor-column-gap-default\">\n\t\t\t\t\t<div class=\"elementor-column elementor-col-33 elementor-top-column elementor-element elementor-element-4332aa2\" data-id=\"4332aa2\" data-element_type=\"column\" data-e-type=\"column\">\n\t\t\t<div class=\"elementor-widget-wrap\">\n\t\t\t\t\t\t\t<\/div>\n\t\t<\/div>\n\t\t\t\t<div class=\"elementor-column elementor-col-33 elementor-top-column elementor-element elementor-element-41bce59\" data-id=\"41bce59\" data-element_type=\"column\" data-e-type=\"column\">\n\t\t\t<div class=\"elementor-widget-wrap elementor-element-populated\">\n\t\t\t\t\t\t<div class=\"elementor-element elementor-element-66b08e7 elementor-widget elementor-widget-image\" data-id=\"66b08e7\" data-element_type=\"widget\" data-e-type=\"widget\" data-widget_type=\"image.default\">\n\t\t\t\t<div class=\"elementor-widget-container\">\n\t\t\t\t\t\t\t\t\t\t\t\t<figure class=\"wp-caption\">\n\t\t\t\t\t\t\t\t\t\t\t<a href=\"https:\/\/petiteceinture.org\/wp-content\/uploads\/2021\/02\/1494447201-p-gare-rue-d-avron-coll-merard.jpg\" data-elementor-open-lightbox=\"yes\" data-elementor-lightbox-title=\"1494447201-P-Gare-Rue-d-Avron-Coll-Merard\" data-e-action-hash=\"#elementor-action%3Aaction%3Dlightbox%26settings%3DeyJpZCI6MzczMiwidXJsIjoiaHR0cHM6XC9cL3BldGl0ZWNlaW50dXJlLm9yZ1wvd3AtY29udGVudFwvdXBsb2Fkc1wvMjAyMVwvMDJcLzE0OTQ0NDcyMDEtcC1nYXJlLXJ1ZS1kLWF2cm9uLWNvbGwtbWVyYXJkLmpwZyJ9\">\n\t\t\t\t\t\t\t<img loading=\"lazy\" decoding=\"async\" width=\"1024\" height=\"658\" src=\"https:\/\/petiteceinture.org\/wp-content\/uploads\/2021\/02\/1494447201-p-gare-rue-d-avron-coll-merard.jpg\" class=\"attachment-large size-large wp-image-3732\" alt=\"Petite Ceinture rue d'Avron b\u00e2timent voyageurs\" srcset=\"https:\/\/petiteceinture.org\/wp-content\/uploads\/2021\/02\/1494447201-p-gare-rue-d-avron-coll-merard.jpg 1024w, https:\/\/petiteceinture.org\/wp-content\/uploads\/2021\/02\/1494447201-p-gare-rue-d-avron-coll-merard-300x193.jpg 300w, https:\/\/petiteceinture.org\/wp-content\/uploads\/2021\/02\/1494447201-p-gare-rue-d-avron-coll-merard-768x494.jpg 768w\" sizes=\"(max-width: 1024px) 100vw, 1024px\">\t\t\t\t\t\t\t\t<\/a>\n\t\t\t\t\t\t\t\t\t\t\t<figcaption class=\"widget-image-caption wp-caption-text\">Le b\u00e2timent voyageur de la gare de la rue de la Mare, vu au d\u00e9but du XX<sup class=\"ordinal\">e<\/sup> si\u00e8cle. On notera la pr\u00e9sence d\u2019une plaque en \u00e9mail avec l\u2019inscription \u00ab&nbsp;Chemin de fer de Ceinture&nbsp;\u00bb. Coll. M\u00e9rard.&nbsp;<\/figcaption>\n\t\t\t\t\t\t\t\t\t\t<\/figure>\n\t\t\t\t\t\t\t\t\t<\/div>\n\t\t\t\t<\/div>\n\t\t\t\t\t<\/div>\n\t\t<\/div>\n\t\t\t\t<div class=\"elementor-column elementor-col-33 elementor-top-column elementor-element elementor-element-c9e4281\" data-id=\"c9e4281\" data-element_type=\"column\" data-e-type=\"column\">\n\t\t\t<div class=\"elementor-widget-wrap\">\n\t\t\t\t\t\t\t<\/div>\n\t\t<\/div>\n\t\t\t\t\t<\/div>\n\t\t<\/section>\n\t\t\t\t<section class=\"elementor-section elementor-top-section elementor-element elementor-element-1e2b757 elementor-section-boxed elementor-section-height-default elementor-section-height-default\" data-id=\"1e2b757\" data-element_type=\"section\" data-e-type=\"section\">\n\t\t\t\t\t\t<div class=\"elementor-container elementor-column-gap-default\">\n\t\t\t\t\t<div class=\"elementor-column elementor-col-100 elementor-top-column elementor-element elementor-element-2bb6e404\" data-id=\"2bb6e404\" data-element_type=\"column\" data-e-type=\"column\">\n\t\t\t<div class=\"elementor-widget-wrap elementor-element-populated\">\n\t\t\t\t\t\t<div class=\"elementor-element elementor-element-18b4d15f elementor-widget elementor-widget-text-editor\" data-id=\"18b4d15f\" data-element_type=\"widget\" data-e-type=\"widget\" data-widget_type=\"text-editor.default\">\n\t\t\t\t<div class=\"elementor-widget-container\">\n\t\t\t\t\t\t\t\t\t<p><strong>&nbsp;La gare comporte 2&nbsp;cours&nbsp;:<\/strong><\/p><ul><li><strong>Une cour des d\u00e9parts<\/strong>, situ\u00e9e <strong>rue Ferdinand Gambon<\/strong>, entre le c\u00f4t\u00e9 du b\u00e2timent des voyageurs et le b\u00e2timent \u00e0 l\u2019angle de la rue d\u2019Avron&nbsp;;<\/li><li><strong>Une cour des arriv\u00e9es<\/strong>, situ\u00e9e de l\u2019autre c\u00f4t\u00e9 de la plateforme ferroviaire, \u00e0 proximit\u00e9 imm\u00e9diate de l\u2019h\u00f4pital de la Croix Saint-Simon.<\/li><\/ul><p>Ces deux cours sont reli\u00e9es par un <strong>passage souterrain<\/strong>, qui permet d\u2019acc\u00e9der au quai ext\u00e9rieur (c\u00f4t\u00e9 h\u00f4pital de la Croix Saint-Simon).<\/p>\t\t\t\t\t\t\t\t<\/div>\n\t\t\t\t<\/div>\n\t\t\t\t\t<\/div>\n\t\t<\/div>\n\t\t\t\t\t<\/div>\n\t\t<\/section>\n\t\t\t\t<section class=\"elementor-section elementor-top-section elementor-element elementor-element-2bf10c9 elementor-section-boxed elementor-section-height-default elementor-section-height-default\" data-id=\"2bf10c9\" data-element_type=\"section\" data-e-type=\"section\">\n\t\t\t\t\t\t<div class=\"elementor-container elementor-column-gap-default\">\n\t\t\t\t\t<div class=\"elementor-column elementor-col-100 elementor-top-column elementor-element elementor-element-7cc34bc\" data-id=\"7cc34bc\" data-element_type=\"column\" data-e-type=\"column\">\n\t\t\t<div class=\"elementor-widget-wrap elementor-element-populated\">\n\t\t\t\t\t\t<div class=\"elementor-element elementor-element-ac7563f elementor-widget elementor-widget-image\" data-id=\"ac7563f\" data-element_type=\"widget\" data-e-type=\"widget\" data-widget_type=\"image.default\">\n\t\t\t\t<div class=\"elementor-widget-container\">\n\t\t\t\t\t\t\t\t\t\t\t\t<figure class=\"wp-caption\">\n\t\t\t\t\t\t\t\t\t\t<img loading=\"lazy\" decoding=\"async\" width=\"1024\" height=\"404\" src=\"https:\/\/petiteceinture.org\/wp-content\/uploads\/2021\/02\/gare-rue-davron-7-facade-sud-chemins-acces-1024x404.jpg\" class=\"attachment-large size-large wp-image-3742\" alt srcset=\"https:\/\/petiteceinture.org\/wp-content\/uploads\/2021\/02\/gare-rue-davron-7-facade-sud-chemins-acces-1024x404.jpg 1024w, https:\/\/petiteceinture.org\/wp-content\/uploads\/2021\/02\/gare-rue-davron-7-facade-sud-chemins-acces-300x119.jpg 300w, https:\/\/petiteceinture.org\/wp-content\/uploads\/2021\/02\/gare-rue-davron-7-facade-sud-chemins-acces-768x303.jpg 768w, https:\/\/petiteceinture.org\/wp-content\/uploads\/2021\/02\/gare-rue-davron-7-facade-sud-chemins-acces.jpg 1400w\" sizes=\"(max-width: 1024px) 100vw, 1024px\">\t\t\t\t\t\t\t\t\t\t\t<figcaption class=\"widget-image-caption wp-caption-text\">Sch\u00e9ma du parcours des voyageurs \u00e0 la gare d\u2019Avron<\/figcaption>\n\t\t\t\t\t\t\t\t\t\t<\/figure>\n\t\t\t\t\t\t\t\t\t<\/div>\n\t\t\t\t<\/div>\n\t\t\t\t\t<\/div>\n\t\t<\/div>\n\t\t\t\t\t<\/div>\n\t\t<\/section>\n\t\t\t\t<section class=\"elementor-section elementor-top-section elementor-element elementor-element-b0d5df9 elementor-section-boxed elementor-section-height-default elementor-section-height-default\" data-id=\"b0d5df9\" data-element_type=\"section\" data-e-type=\"section\">\n\t\t\t\t\t\t<div class=\"elementor-container elementor-column-gap-default\">\n\t\t\t\t\t<div class=\"elementor-column elementor-col-100 elementor-top-column elementor-element elementor-element-d3b667a\" data-id=\"d3b667a\" data-element_type=\"column\" data-e-type=\"column\">\n\t\t\t<div class=\"elementor-widget-wrap elementor-element-populated\">\n\t\t\t\t\t\t<div class=\"elementor-element elementor-element-b6b75fa elementor-widget elementor-widget-text-editor\" data-id=\"b6b75fa\" data-element_type=\"widget\" data-e-type=\"widget\" data-widget_type=\"text-editor.default\">\n\t\t\t\t<div class=\"elementor-widget-container\">\n\t\t\t\t\t\t\t\t\t<p>Lors de la construction de la gare, la Petite Ceinture est consid\u00e9r\u00e9e comme <strong>la premi\u00e8re pierre du futur r\u00e9seau m\u00e9tropolitain<\/strong> \u2013 ce qui ne fut finalement pas le cas, le m\u00e9tro ayant \u00e9t\u00e9 construit ind\u00e9pendamment de la PC. Anticipant un fort accroissement du trafic, les architectes d\u00e9cident de <strong>s\u00e9parer les flux de circulation entrants et sortants<\/strong>.<\/p><ul><li><strong><span style=\"color: #ff0000;\">Pour acc\u00e9der au quai int\u00e9rieur<\/span><\/strong> (direction Courcelles-Ceinture), les voyageurs empruntent l\u2019escalier situ\u00e9 dans la cour des d\u00e9parts, c\u00f4t\u00e9 rue Ferdinand Gambon&nbsp;;<\/li><li><strong><span style=\"color: #0000ff;\">Pour acc\u00e9der au quai ext\u00e9rieur<\/span><\/strong> (direction Bercy), situ\u00e9 entre les 2 voies de la PC et la 3<sup class=\"ordinal\">e<\/sup> voie de man\u0153uvre, les voyageurs empruntent un <strong>passage souterrain<\/strong> puis un escalier vers le&nbsp;quai&nbsp;;<\/li><li><span style=\"color: #ff9900;\"><strong>Pour quitter le quai int\u00e9rieur<\/strong><\/span>, les voyageurs empruntent un 3<sup class=\"ordinal\">e<\/sup> escalier, <strong>parall\u00e8le \u00e0 la rue Ferdinand Gambon<\/strong>, qui d\u00e9bouche directement dans la rue d\u2019Avron&nbsp;;<\/li><li><strong><span style=\"color: #339966;\">Pour quitter le quai ext\u00e9rieur<\/span><\/strong>, les voyageurs empruntent l\u2019escalier, puis le passage souterrain. Ils d\u00e9bouchent alors <strong>dans la cour des arriv\u00e9es<\/strong>, situ\u00e9e le long de l\u2019h\u00f4pital de la Croix Saint-Simon.<\/li><\/ul>\t\t\t\t\t\t\t\t<\/div>\n\t\t\t\t<\/div>\n\t\t\t\t\t<\/div>\n\t\t<\/div>\n\t\t\t\t\t<\/div>\n\t\t<\/section>\n\t\t\t\t<section class=\"elementor-section elementor-top-section elementor-element elementor-element-5334fde elementor-section-boxed elementor-section-height-default elementor-section-height-default\" data-id=\"5334fde\" data-element_type=\"section\" data-e-type=\"section\">\n\t\t\t\t\t\t<div class=\"elementor-container elementor-column-gap-default\">\n\t\t\t\t\t<div class=\"elementor-column elementor-col-25 elementor-top-column elementor-element elementor-element-70447ca\" data-id=\"70447ca\" data-element_type=\"column\" data-e-type=\"column\">\n\t\t\t<div class=\"elementor-widget-wrap\">\n\t\t\t\t\t\t\t<\/div>\n\t\t<\/div>\n\t\t\t\t<div class=\"elementor-column elementor-col-50 elementor-top-column elementor-element elementor-element-a8e89b1\" data-id=\"a8e89b1\" data-element_type=\"column\" data-e-type=\"column\">\n\t\t\t<div class=\"elementor-widget-wrap elementor-element-populated\">\n\t\t\t\t\t\t<div class=\"elementor-element elementor-element-6de9a5f elementor-widget elementor-widget-image\" data-id=\"6de9a5f\" data-element_type=\"widget\" data-e-type=\"widget\" data-widget_type=\"image.default\">\n\t\t\t\t<div class=\"elementor-widget-container\">\n\t\t\t\t\t\t\t\t\t\t\t\t<figure class=\"wp-caption\">\n\t\t\t\t\t\t\t\t\t\t\t<a href=\"https:\/\/www.flickr.com\/photos\/loose_grip_99\/8160499262\/in\/album-72157631914920260\/\">\n\t\t\t\t\t\t\t<img loading=\"lazy\" decoding=\"async\" width=\"1024\" height=\"704\" src=\"https:\/\/petiteceinture.org\/wp-content\/uploads\/2021\/02\/pete-hackney-loose-grip-99-avron-vincennes-1024x704.jpg\" class=\"attachment-large size-large wp-image-3745\" alt=\"Pete Hackney 230 G 353 Avron Vincennes Petite Ceinture rue d'Avron Vincennes\" srcset=\"https:\/\/petiteceinture.org\/wp-content\/uploads\/2021\/02\/pete-hackney-loose-grip-99-avron-vincennes-1024x704.jpg 1024w, https:\/\/petiteceinture.org\/wp-content\/uploads\/2021\/02\/pete-hackney-loose-grip-99-avron-vincennes-300x206.jpg 300w, https:\/\/petiteceinture.org\/wp-content\/uploads\/2021\/02\/pete-hackney-loose-grip-99-avron-vincennes-768x528.jpg 768w, https:\/\/petiteceinture.org\/wp-content\/uploads\/2021\/02\/pete-hackney-loose-grip-99-avron-vincennes-1536x1056.jpg 1536w, https:\/\/petiteceinture.org\/wp-content\/uploads\/2021\/02\/pete-hackney-loose-grip-99-avron-vincennes.jpg 1600w\" sizes=\"(max-width: 1024px) 100vw, 1024px\">\t\t\t\t\t\t\t\t<\/a>\n\t\t\t\t\t\t\t\t\t\t\t<figcaption class=\"widget-image-caption wp-caption-text\">Le 8 d\u00e9cembre 1985, un train sp\u00e9cial tract\u00e9 par la locomotive \u00e0 vapeur 230 G 353 vient de quitter la gare d\u2019Avron et se dirige vers la gare du Cours de Vincennes. Il longe les ateliers de Lagny de la RATP. Au fond \u00e0 gauche, on distingue le b\u00e2timent de l\u2019octroi de la gare marchandises de Charonne. Cr\u00e9dit photo&nbsp;: Pete Hackney.<\/figcaption>\n\t\t\t\t\t\t\t\t\t\t<\/figure>\n\t\t\t\t\t\t\t\t\t<\/div>\n\t\t\t\t<\/div>\n\t\t\t\t\t<\/div>\n\t\t<\/div>\n\t\t\t\t<div class=\"elementor-column elementor-col-25 elementor-top-column elementor-element elementor-element-3c4aa5c\" data-id=\"3c4aa5c\" data-element_type=\"column\" data-e-type=\"column\">\n\t\t\t<div class=\"elementor-widget-wrap\">\n\t\t\t\t\t\t\t<\/div>\n\t\t<\/div>\n\t\t\t\t\t<\/div>\n\t\t<\/section>\n\t\t\t\t<section class=\"elementor-section elementor-top-section elementor-element elementor-element-2d0a1ae7 elementor-section-boxed elementor-section-height-default elementor-section-height-default\" data-id=\"2d0a1ae7\" data-element_type=\"section\" data-e-type=\"section\">\n\t\t\t\t\t\t<div class=\"elementor-container elementor-column-gap-default\">\n\t\t\t\t\t<div class=\"elementor-column elementor-col-100 elementor-top-column elementor-element elementor-element-53fc56a0\" data-id=\"53fc56a0\" data-element_type=\"column\" data-e-type=\"column\">\n\t\t\t<div class=\"elementor-widget-wrap elementor-element-populated\">\n\t\t\t\t\t\t<div class=\"elementor-element elementor-element-6b67c743 elementor-widget elementor-widget-heading\" data-id=\"6b67c743\" data-element_type=\"widget\" data-e-type=\"widget\" data-widget_type=\"heading.default\">\n\t\t\t\t<div class=\"elementor-widget-container\">\n\t\t\t\t\t<h2 class=\"elementor-heading-title elementor-size-default\">Le Grand H\u00f4tel du Chemin de&nbsp;Fer<\/h2>\t\t\t\t<\/div>\n\t\t\t\t<\/div>\n\t\t\t\t\t<\/div>\n\t\t<\/div>\n\t\t\t\t\t<\/div>\n\t\t<\/section>\n\t\t\t\t<section class=\"elementor-section elementor-top-section elementor-element elementor-element-e31bc48 elementor-section-boxed elementor-section-height-default elementor-section-height-default\" data-id=\"e31bc48\" data-element_type=\"section\" data-e-type=\"section\">\n\t\t\t\t\t\t<div class=\"elementor-container elementor-column-gap-default\">\n\t\t\t\t\t<div class=\"elementor-column elementor-col-100 elementor-top-column elementor-element elementor-element-1a99541\" data-id=\"1a99541\" data-element_type=\"column\" data-e-type=\"column\">\n\t\t\t<div class=\"elementor-widget-wrap elementor-element-populated\">\n\t\t\t\t\t\t<div class=\"elementor-element elementor-element-aadfe6a elementor-widget elementor-widget-text-editor\" data-id=\"aadfe6a\" data-element_type=\"widget\" data-e-type=\"widget\" data-widget_type=\"text-editor.default\">\n\t\t\t\t<div class=\"elementor-widget-container\">\n\t\t\t\t\t\t\t\t\t<p>\u00c0 l\u2019emplacement du 117 de la rue d\u2019Avron se situait un \u00e9tablissement nomm\u00e9 <strong>\u00ab&nbsp;Grand H\u00f4tel du Chemin de Fer&nbsp;\u00bb<\/strong>, de par sa proximit\u00e9 imm\u00e9diate avec la Petite Ceinture. Un bas-relief en fonte repr\u00e9sente d\u2019ailleurs <strong>une<\/strong> <strong>locomotive \u00e0 vapeur<\/strong>, son m\u00e9canicien et son chauffeur. La machine ainsi repr\u00e9sent\u00e9e est une locomotive <strong>des ann\u00e9es 1850<\/strong>, p\u00e9riode d\u2019ouverture de la <strong>Petite Ceinture Rive Droite<\/strong>. Cette plaque est toujours visible de nos&nbsp;jours.&nbsp;<\/p>\t\t\t\t\t\t\t\t<\/div>\n\t\t\t\t<\/div>\n\t\t\t\t\t<\/div>\n\t\t<\/div>\n\t\t\t\t\t<\/div>\n\t\t<\/section>\n\t\t\t\t<section class=\"elementor-section elementor-top-section elementor-element elementor-element-95e8c0b elementor-section-boxed elementor-section-height-default elementor-section-height-default\" data-id=\"95e8c0b\" data-element_type=\"section\" data-e-type=\"section\">\n\t\t\t\t\t\t<div class=\"elementor-container elementor-column-gap-default\">\n\t\t\t\t\t<div class=\"elementor-column elementor-col-100 elementor-top-column elementor-element elementor-element-9131839\" data-id=\"9131839\" data-element_type=\"column\" data-e-type=\"column\">\n\t\t\t<div class=\"elementor-widget-wrap elementor-element-populated\">\n\t\t\t\t\t\t<div class=\"elementor-element elementor-element-326eb06 elementor-widget elementor-widget-oew-image-gallery\" data-id=\"326eb06\" data-element_type=\"widget\" data-e-type=\"widget\" data-widget_type=\"oew-image-gallery.default\">\n\t\t\t\t<div class=\"elementor-widget-container\">\n\t\t\t\t\t\n\t\t<div class=\"oew-image-gallery oew-has-lightbox\">\n\t\t\t\n\t\t\t\t<div class=\"oew-gallery-item\">\n\t\t\t\t\t<a class=\"oew-gallery-item-inner no-lightbox\" href=\"https:\/\/petiteceinture.org\/wp-content\/uploads\/2021\/02\/suppression-des-passages-a-niveau---rue-d-avron---vue-prise-du-cote-bercy---10-fevrier-1889-1024px.jpg\" data-width=\"1024\" data-height=\"644\" data-elementor-open-lightbox=\"no\">\n\t\t\t\t\t\t<div class=\"oew-gallery-thumbnail\">\n\t\t\t\t\t\t\t<img decoding=\"async\" src=\"https:\/\/petiteceinture.org\/wp-content\/uploads\/2021\/02\/suppression-des-passages-a-niveau---rue-d-avron---vue-prise-du-cote-bercy---10-fevrier-1889-1024px.jpg\" alt=\"Petite Ceinture Rue d'Avron\">\n\t\t\t\t\t\t<\/div>\n\n\t\t\t\t\t\t\t\t\t\t\t\t\t<div class=\"oew-gallery-overlay oew-gallery-transition-fade\">\n\t\t\t\t\t\t\t\t\t\t\t\t\t\t\t\t\t<div class=\"oew-gallery-item-icon\">\n\t\t\t\t\t\t\t\t\t\t<i aria-hidden=\"true\" class=\"fas fa-search\"><\/i>\t\t\t\t\t\t\t\t\t<\/div>\n\t\t\t\t\t\t\t\t\t\t\t\t\t\t\t\t\t\t<div class=\"oew-gallery-item-caption\">\n\t\t\t\t\t\t\t\t\t\tEn bas \u00e0 gauche de cette photo, le Grand H\u00f4tel du Chemin de&nbsp;Fer&nbsp;<\/div>\n\t\t\t\t\t\t\t\t\t\t\t\t\t\t\t\t<\/div>\n\t\t\t\t\t\t\t\t\t\t\t\t<\/a>\n\t\t\t\t<\/div>\n\n\t\t\t\t\n\t\t\t\t<div class=\"oew-gallery-item\">\n\t\t\t\t\t<a class=\"oew-gallery-item-inner no-lightbox\" href=\"https:\/\/petiteceinture.org\/wp-content\/uploads\/2021\/02\/117-rue-avron-grand-hotel-chemin-de-fer.jpg\" data-width=\"400\" data-height=\"173\" data-elementor-open-lightbox=\"no\">\n\t\t\t\t\t\t<div class=\"oew-gallery-thumbnail\">\n\t\t\t\t\t\t\t<img decoding=\"async\" src=\"https:\/\/petiteceinture.org\/wp-content\/uploads\/2021\/02\/117-rue-avron-grand-hotel-chemin-de-fer.jpg\" alt=\"La devanture du Grand H\u00f4tel du Chemin de Fer\">\n\t\t\t\t\t\t<\/div>\n\n\t\t\t\t\t\t\t\t\t\t\t\t\t<div class=\"oew-gallery-overlay oew-gallery-transition-fade\">\n\t\t\t\t\t\t\t\t\t\t\t\t\t\t\t\t\t<div class=\"oew-gallery-item-icon\">\n\t\t\t\t\t\t\t\t\t\t<i aria-hidden=\"true\" class=\"fas fa-search\"><\/i>\t\t\t\t\t\t\t\t\t<\/div>\n\t\t\t\t\t\t\t\t\t\t\t\t\t\t\t\t\t\t<div class=\"oew-gallery-item-caption\">\n\t\t\t\t\t\t\t\t\t\tLa devanture du Grand H\u00f4tel du Chemin de&nbsp;Fer&nbsp;<\/div>\n\t\t\t\t\t\t\t\t\t\t\t\t\t\t\t\t<\/div>\n\t\t\t\t\t\t\t\t\t\t\t\t<\/a>\n\t\t\t\t<\/div>\n\n\t\t\t\t\n\t\t\t\t<div class=\"oew-gallery-item\">\n\t\t\t\t\t<a class=\"oew-gallery-item-inner no-lightbox\" href=\"https:\/\/petiteceinture.org\/wp-content\/uploads\/2021\/02\/117-rue-avron-locomotive-petite-ceinture.jpg\" data-width=\"400\" data-height=\"201\" data-elementor-open-lightbox=\"no\">\n\t\t\t\t\t\t<div class=\"oew-gallery-thumbnail\">\n\t\t\t\t\t\t\t<img decoding=\"async\" src=\"https:\/\/petiteceinture.org\/wp-content\/uploads\/2021\/02\/117-rue-avron-locomotive-petite-ceinture.jpg\" alt=\"Le bas-relief repr\u00e9sentant une locomotive de la Petite Ceinture\">\n\t\t\t\t\t\t<\/div>\n\n\t\t\t\t\t\t\t\t\t\t\t\t\t<div class=\"oew-gallery-overlay oew-gallery-transition-fade\">\n\t\t\t\t\t\t\t\t\t\t\t\t\t\t\t\t\t<div class=\"oew-gallery-item-icon\">\n\t\t\t\t\t\t\t\t\t\t<i aria-hidden=\"true\" class=\"fas fa-search\"><\/i>\t\t\t\t\t\t\t\t\t<\/div>\n\t\t\t\t\t\t\t\t\t\t\t\t\t\t\t\t\t\t<div class=\"oew-gallery-item-caption\">\n\t\t\t\t\t\t\t\t\t\tLe bas-relief repr\u00e9sentant une locomotive de la Petite Ceinture&nbsp;<\/div>\n\t\t\t\t\t\t\t\t\t\t\t\t\t\t\t\t<\/div>\n\t\t\t\t\t\t\t\t\t\t\t\t<\/a>\n\t\t\t\t<\/div>\n\n\t\t\t\t\t\t<\/div>\n\n\t\t\t\t\t\t<\/div>\n\t\t\t\t<\/div>\n\t\t\t\t\t<\/div>\n\t\t<\/div>\n\t\t\t\t\t<\/div>\n\t\t<\/section>\n\t\t\t\t<section class=\"elementor-section elementor-top-section elementor-element elementor-element-b2c2338 elementor-section-boxed elementor-section-height-default elementor-section-height-default\" data-id=\"b2c2338\" data-element_type=\"section\" data-e-type=\"section\">\n\t\t\t\t\t\t<div class=\"elementor-container elementor-column-gap-default\">\n\t\t\t\t\t<div class=\"elementor-column elementor-col-100 elementor-top-column elementor-element elementor-element-5001395\" data-id=\"5001395\" data-element_type=\"column\" data-e-type=\"column\">\n\t\t\t<div class=\"elementor-widget-wrap elementor-element-populated\">\n\t\t\t\t\t\t<div class=\"elementor-element elementor-element-f763de2 elementor-widget elementor-widget-heading\" data-id=\"f763de2\" data-element_type=\"widget\" data-e-type=\"widget\" data-widget_type=\"heading.default\">\n\t\t\t\t<div class=\"elementor-widget-container\">\n\t\t\t\t\t<h2 class=\"elementor-heading-title elementor-size-default\">Qu\u2019est devenue la gare d\u2019Avron&nbsp;?&nbsp;<\/h2>\t\t\t\t<\/div>\n\t\t\t\t<\/div>\n\t\t\t\t\t<\/div>\n\t\t<\/div>\n\t\t\t\t\t<\/div>\n\t\t<\/section>\n\t\t\t\t<section class=\"elementor-section elementor-top-section elementor-element elementor-element-2ff1aa12 elementor-section-boxed elementor-section-height-default elementor-section-height-default\" data-id=\"2ff1aa12\" data-element_type=\"section\" data-e-type=\"section\">\n\t\t\t\t\t\t<div class=\"elementor-container elementor-column-gap-default\">\n\t\t\t\t\t<div class=\"elementor-column elementor-col-100 elementor-top-column elementor-element elementor-element-1b7715af\" data-id=\"1b7715af\" data-element_type=\"column\" data-e-type=\"column\">\n\t\t\t<div class=\"elementor-widget-wrap elementor-element-populated\">\n\t\t\t\t\t\t<div class=\"elementor-element elementor-element-f67fdf elementor-widget elementor-widget-text-editor\" data-id=\"f67fdf\" data-element_type=\"widget\" data-e-type=\"widget\" data-widget_type=\"text-editor.default\">\n\t\t\t\t<div class=\"elementor-widget-container\">\n\t\t\t\t\t\t\t\t\t<p><span data-contrast=\"auto\">The&nbsp;<\/span><span data-contrast=\"auto\">service de voyageurs de la Petite Ceinture&nbsp;<\/span><span data-contrast=\"auto\">prend fin le<\/span><span data-contrast=\"auto\">&nbsp;dimanche <strong>22 juillet 1934<\/strong><\/span><span data-contrast=\"auto\">. Il est remplac\u00e9 par le \u00ab\u202fbus PC\u202f\u00bb, assur\u00e9 par la STCRP (l\u2019un des anc\u00eatres de la RATP).&nbsp;<\/span><span data-ccp-props=\"{\">&nbsp;<\/span><\/p><p><span data-contrast=\"auto\">Au-del\u00e0, la gare d\u2019<\/span><span data-contrast=\"auto\">Avron<\/span><span data-contrast=\"auto\">&nbsp;voit aussi passer <strong>de&nbsp;<\/strong><\/span><span data-contrast=\"auto\"><strong>nombreux trains de jonction<\/strong>, qui circulent le plus souvent entre la gare de Lyon et la gare du Nord. Y passent aussi <strong>beaucoup de trains de marchandises<\/strong>, ces derniers se rendant notamment \u00e0 la gare de Charonne-Marchandises. Cette derni\u00e8re reste active jusqu\u2019en 1981. <\/span><span data-ccp-props=\"{\">&nbsp;<\/span><\/p>\t\t\t\t\t\t\t\t<\/div>\n\t\t\t\t<\/div>\n\t\t\t\t\t<\/div>\n\t\t<\/div>\n\t\t\t\t\t<\/div>\n\t\t<\/section>\n\t\t\t\t<section class=\"elementor-section elementor-top-section elementor-element elementor-element-fc41f19 elementor-section-boxed elementor-section-height-default elementor-section-height-default\" data-id=\"fc41f19\" data-element_type=\"section\" data-e-type=\"section\">\n\t\t\t\t\t\t<div class=\"elementor-container elementor-column-gap-default\">\n\t\t\t\t\t<div class=\"elementor-column elementor-col-16 elementor-top-column elementor-element elementor-element-6abd97c\" data-id=\"6abd97c\" data-element_type=\"column\" data-e-type=\"column\">\n\t\t\t<div class=\"elementor-widget-wrap\">\n\t\t\t\t\t\t\t<\/div>\n\t\t<\/div>\n\t\t\t\t<div class=\"elementor-column elementor-col-66 elementor-top-column elementor-element elementor-element-e38f70e\" data-id=\"e38f70e\" data-element_type=\"column\" data-e-type=\"column\">\n\t\t\t<div class=\"elementor-widget-wrap elementor-element-populated\">\n\t\t\t\t\t\t<div class=\"elementor-element elementor-element-2d5fbf3 elementor-widget elementor-widget-image\" data-id=\"2d5fbf3\" data-element_type=\"widget\" data-e-type=\"widget\" data-widget_type=\"image.default\">\n\t\t\t\t<div class=\"elementor-widget-container\">\n\t\t\t\t\t\t\t\t\t\t\t\t<figure class=\"wp-caption\">\n\t\t\t\t\t\t\t\t\t\t<img loading=\"lazy\" decoding=\"async\" width=\"1024\" height=\"683\" src=\"https:\/\/petiteceinture.org\/wp-content\/uploads\/2020\/09\/train-de-jonction-avron-marc-debrincat-r-1024x683.jpg\" class=\"attachment-large size-large wp-image-2060\" alt=\"Train de jonction Petite Ceinture Avron\" srcset=\"https:\/\/petiteceinture.org\/wp-content\/uploads\/2020\/09\/train-de-jonction-avron-marc-debrincat-r-1024x683.jpg 1024w, https:\/\/petiteceinture.org\/wp-content\/uploads\/2020\/09\/train-de-jonction-avron-marc-debrincat-r-300x200.jpg 300w, https:\/\/petiteceinture.org\/wp-content\/uploads\/2020\/09\/train-de-jonction-avron-marc-debrincat-r-768x512.jpg 768w, https:\/\/petiteceinture.org\/wp-content\/uploads\/2020\/09\/train-de-jonction-avron-marc-debrincat-r.jpg 1229w\" sizes=\"(max-width: 1024px) 100vw, 1024px\">\t\t\t\t\t\t\t\t\t\t\t<figcaption class=\"widget-image-caption wp-caption-text\">Deux voitures achemin\u00e9es vers Bercy par la BB 63826. Cr\u00e9dit photo&nbsp;: Marc Debrincat<\/figcaption>\n\t\t\t\t\t\t\t\t\t\t<\/figure>\n\t\t\t\t\t\t\t\t\t<\/div>\n\t\t\t\t<\/div>\n\t\t\t\t\t<\/div>\n\t\t<\/div>\n\t\t\t\t<div class=\"elementor-column elementor-col-16 elementor-top-column elementor-element elementor-element-55d385b\" data-id=\"55d385b\" data-element_type=\"column\" data-e-type=\"column\">\n\t\t\t<div class=\"elementor-widget-wrap\">\n\t\t\t\t\t\t\t<\/div>\n\t\t<\/div>\n\t\t\t\t\t<\/div>\n\t\t<\/section>\n\t\t\t\t<section class=\"elementor-section elementor-top-section elementor-element elementor-element-2f9876d elementor-section-boxed elementor-section-height-default elementor-section-height-default\" data-id=\"2f9876d\" data-element_type=\"section\" data-e-type=\"section\">\n\t\t\t\t\t\t<div class=\"elementor-container elementor-column-gap-default\">\n\t\t\t\t\t<div class=\"elementor-column elementor-col-100 elementor-top-column elementor-element elementor-element-40bcaa9\" data-id=\"40bcaa9\" data-element_type=\"column\" data-e-type=\"column\">\n\t\t\t<div class=\"elementor-widget-wrap elementor-element-populated\">\n\t\t\t\t\t\t<div class=\"elementor-element elementor-element-76e1541 elementor-widget elementor-widget-text-editor\" data-id=\"76e1541\" data-element_type=\"widget\" data-e-type=\"widget\" data-widget_type=\"text-editor.default\">\n\t\t\t\t<div class=\"elementor-widget-container\">\n\t\t\t\t\t\t\t\t\t<p><span data-contrast=\"auto\">Le quai ext\u00e9rieur est d\u00e9moli \u00e0 cette \u00e9poque. En revanche, le b\u00e2timent voyageur est toujours debout. Ses acc\u00e8s ext\u00e9rieurs du c\u00f4t\u00e9 des voies ont \u00e9t\u00e9 mur\u00e9s pour emp\u00eacher toute intrusion. La gare d\u2019<\/span><span data-contrast=\"auto\">Avron<\/span><span data-contrast=\"auto\">&nbsp;est devenue un rep\u00e8re des&nbsp;<\/span><span data-contrast=\"auto\">graffeurs<\/span><span data-contrast=\"auto\">&nbsp;du 20<sup class=\"ordinal\">e<\/sup> arrondissement.&nbsp;<\/span><span data-ccp-props=\"{\">&nbsp;<\/span><\/p><p><span data-contrast=\"auto\">Le b\u00e2timent des voyageurs est occup\u00e9&nbsp;<\/span><span data-contrast=\"auto\">depuis 1991&nbsp;<\/span><span data-contrast=\"auto\">par un artiste-peintre, nomm\u00e9 Richard Marti-Vives. <\/span><span data-contrast=\"auto\">Il assure l\u2019entretien et la s\u00e9curit\u00e9 du site.&nbsp;<\/span><span data-ccp-props=\"{\">&nbsp;<\/span><\/p><p style=\"text-align: center;\"><em>Ci-dessous, 6 photos de la gare de la rue d\u2019Avron captur\u00e9es par <a href=\"https:\/\/jnlehec.fr\">Jean-Nicolas Lehec<\/a> en juin&nbsp;2020<\/em><\/p>\t\t\t\t\t\t\t\t<\/div>\n\t\t\t\t<\/div>\n\t\t\t\t\t<\/div>\n\t\t<\/div>\n\t\t\t\t\t<\/div>\n\t\t<\/section>\n\t\t\t\t<section class=\"elementor-section elementor-top-section elementor-element elementor-element-578baa6a elementor-section-boxed elementor-section-height-default elementor-section-height-default\" data-id=\"578baa6a\" data-element_type=\"section\" data-e-type=\"section\">\n\t\t\t\t\t\t<div class=\"elementor-container elementor-column-gap-default\">\n\t\t\t\t\t<div class=\"elementor-column elementor-col-100 elementor-top-column elementor-element elementor-element-63207970\" data-id=\"63207970\" data-element_type=\"column\" data-e-type=\"column\">\n\t\t\t<div class=\"elementor-widget-wrap elementor-element-populated\">\n\t\t\t\t\t\t<div class=\"elementor-element elementor-element-31a8232b elementor-widget elementor-widget-oew-image-gallery\" data-id=\"31a8232b\" data-element_type=\"widget\" data-e-type=\"widget\" data-widget_type=\"oew-image-gallery.default\">\n\t\t\t\t<div class=\"elementor-widget-container\">\n\t\t\t\t\t\n\t\t<div class=\"oew-image-gallery oew-has-lightbox\">\n\t\t\t\n\t\t\t\t<div class=\"oew-gallery-item\">\n\t\t\t\t\t<a class=\"oew-gallery-item-inner no-lightbox\" href=\"https:\/\/petiteceinture.org\/wp-content\/uploads\/2021\/02\/petite-ceinture-avron-dsc00510.jpg\" data-width=\"1400\" data-height=\"933\" data-elementor-open-lightbox=\"no\">\n\t\t\t\t\t\t<div class=\"oew-gallery-thumbnail\">\n\t\t\t\t\t\t\t<img decoding=\"async\" src=\"https:\/\/petiteceinture.org\/wp-content\/uploads\/2021\/02\/petite-ceinture-avron-dsc00510-768x512.jpg\" alt=\"Avron Petite Ceinture Jean-Nicolas Lehec\">\n\t\t\t\t\t\t<\/div>\n\n\t\t\t\t\t\t\t\t\t\t\t\t\t<div class=\"oew-gallery-overlay oew-gallery-transition-fade\">\n\t\t\t\t\t\t\t\t\t\t\t\t\t\t\t\t\t<div class=\"oew-gallery-item-icon\">\n\t\t\t\t\t\t\t\t\t\t<i aria-hidden=\"true\" class=\"fas fa-search\"><\/i>\t\t\t\t\t\t\t\t\t<\/div>\n\t\t\t\t\t\t\t\t\t\t\t\t\t\t\t\t<\/div>\n\t\t\t\t\t\t\t\t\t\t\t\t<\/a>\n\t\t\t\t<\/div>\n\n\t\t\t\t\n\t\t\t\t<div class=\"oew-gallery-item\">\n\t\t\t\t\t<a class=\"oew-gallery-item-inner no-lightbox\" href=\"https:\/\/petiteceinture.org\/wp-content\/uploads\/2021\/02\/petite-ceinture-avron-dsc00557.jpg\" data-width=\"1400\" data-height=\"933\" data-elementor-open-lightbox=\"no\">\n\t\t\t\t\t\t<div class=\"oew-gallery-thumbnail\">\n\t\t\t\t\t\t\t<img decoding=\"async\" src=\"https:\/\/petiteceinture.org\/wp-content\/uploads\/2021\/02\/petite-ceinture-avron-dsc00557-768x512.jpg\" alt=\"Avron Petite Ceinture Jean-Nicolas Lehec\">\n\t\t\t\t\t\t<\/div>\n\n\t\t\t\t\t\t\t\t\t\t\t\t\t<div class=\"oew-gallery-overlay oew-gallery-transition-fade\">\n\t\t\t\t\t\t\t\t\t\t\t\t\t\t\t\t\t<div class=\"oew-gallery-item-icon\">\n\t\t\t\t\t\t\t\t\t\t<i aria-hidden=\"true\" class=\"fas fa-search\"><\/i>\t\t\t\t\t\t\t\t\t<\/div>\n\t\t\t\t\t\t\t\t\t\t\t\t\t\t\t\t<\/div>\n\t\t\t\t\t\t\t\t\t\t\t\t<\/a>\n\t\t\t\t<\/div>\n\n\t\t\t\t\n\t\t\t\t<div class=\"oew-gallery-item\">\n\t\t\t\t\t<a class=\"oew-gallery-item-inner no-lightbox\" href=\"https:\/\/petiteceinture.org\/wp-content\/uploads\/2021\/02\/petite-ceinture-avron-dsc00501.jpg\" data-width=\"1400\" data-height=\"933\" data-elementor-open-lightbox=\"no\">\n\t\t\t\t\t\t<div class=\"oew-gallery-thumbnail\">\n\t\t\t\t\t\t\t<img decoding=\"async\" src=\"https:\/\/petiteceinture.org\/wp-content\/uploads\/2021\/02\/petite-ceinture-avron-dsc00501-768x512.jpg\" alt=\"Avron Petite Ceinture Jean-Nicolas Lehec\">\n\t\t\t\t\t\t<\/div>\n\n\t\t\t\t\t\t\t\t\t\t\t\t\t<div class=\"oew-gallery-overlay oew-gallery-transition-fade\">\n\t\t\t\t\t\t\t\t\t\t\t\t\t\t\t\t\t<div class=\"oew-gallery-item-icon\">\n\t\t\t\t\t\t\t\t\t\t<i aria-hidden=\"true\" class=\"fas fa-search\"><\/i>\t\t\t\t\t\t\t\t\t<\/div>\n\t\t\t\t\t\t\t\t\t\t\t\t\t\t\t\t<\/div>\n\t\t\t\t\t\t\t\t\t\t\t\t<\/a>\n\t\t\t\t<\/div>\n\n\t\t\t\t\n\t\t\t\t<div class=\"oew-gallery-item\">\n\t\t\t\t\t<a class=\"oew-gallery-item-inner no-lightbox\" href=\"https:\/\/petiteceinture.org\/wp-content\/uploads\/2021\/02\/petite-ceinture-avron-dsc00539.jpg\" data-width=\"1400\" data-height=\"933\" data-elementor-open-lightbox=\"no\">\n\t\t\t\t\t\t<div class=\"oew-gallery-thumbnail\">\n\t\t\t\t\t\t\t<img decoding=\"async\" src=\"https:\/\/petiteceinture.org\/wp-content\/uploads\/2021\/02\/petite-ceinture-avron-dsc00539-768x512.jpg\" alt=\"Avron Petite Ceinture Jean-Nicolas Lehec\">\n\t\t\t\t\t\t<\/div>\n\n\t\t\t\t\t\t\t\t\t\t\t\t\t<div class=\"oew-gallery-overlay oew-gallery-transition-fade\">\n\t\t\t\t\t\t\t\t\t\t\t\t\t\t\t\t\t<div class=\"oew-gallery-item-icon\">\n\t\t\t\t\t\t\t\t\t\t<i aria-hidden=\"true\" class=\"fas fa-search\"><\/i>\t\t\t\t\t\t\t\t\t<\/div>\n\t\t\t\t\t\t\t\t\t\t\t\t\t\t\t\t<\/div>\n\t\t\t\t\t\t\t\t\t\t\t\t<\/a>\n\t\t\t\t<\/div>\n\n\t\t\t\t\n\t\t\t\t<div class=\"oew-gallery-item\">\n\t\t\t\t\t<a class=\"oew-gallery-item-inner no-lightbox\" href=\"https:\/\/petiteceinture.org\/wp-content\/uploads\/2021\/02\/petite-ceinture-avron-dsc00530.jpg\" data-width=\"1400\" data-height=\"933\" data-elementor-open-lightbox=\"no\">\n\t\t\t\t\t\t<div class=\"oew-gallery-thumbnail\">\n\t\t\t\t\t\t\t<img decoding=\"async\" src=\"https:\/\/petiteceinture.org\/wp-content\/uploads\/2021\/02\/petite-ceinture-avron-dsc00530-768x512.jpg\" alt=\"Avron Petite Ceinture Jean-Nicolas Lehec\">\n\t\t\t\t\t\t<\/div>\n\n\t\t\t\t\t\t\t\t\t\t\t\t\t<div class=\"oew-gallery-overlay oew-gallery-transition-fade\">\n\t\t\t\t\t\t\t\t\t\t\t\t\t\t\t\t\t<div class=\"oew-gallery-item-icon\">\n\t\t\t\t\t\t\t\t\t\t<i aria-hidden=\"true\" class=\"fas fa-search\"><\/i>\t\t\t\t\t\t\t\t\t<\/div>\n\t\t\t\t\t\t\t\t\t\t\t\t\t\t\t\t<\/div>\n\t\t\t\t\t\t\t\t\t\t\t\t<\/a>\n\t\t\t\t<\/div>\n\n\t\t\t\t\n\t\t\t\t<div class=\"oew-gallery-item\">\n\t\t\t\t\t<a class=\"oew-gallery-item-inner no-lightbox\" href=\"https:\/\/petiteceinture.org\/wp-content\/uploads\/2021\/02\/petite-ceinture-avron-dsc00517.jpg\" data-width=\"1400\" data-height=\"933\" data-elementor-open-lightbox=\"no\">\n\t\t\t\t\t\t<div class=\"oew-gallery-thumbnail\">\n\t\t\t\t\t\t\t<img decoding=\"async\" src=\"https:\/\/petiteceinture.org\/wp-content\/uploads\/2021\/02\/petite-ceinture-avron-dsc00517-768x512.jpg\" alt=\"Avron Petite Ceinture Jean-Nicolas Lehec\">\n\t\t\t\t\t\t<\/div>\n\n\t\t\t\t\t\t\t\t\t\t\t\t\t<div class=\"oew-gallery-overlay oew-gallery-transition-fade\">\n\t\t\t\t\t\t\t\t\t\t\t\t\t\t\t\t\t<div class=\"oew-gallery-item-icon\">\n\t\t\t\t\t\t\t\t\t\t<i aria-hidden=\"true\" class=\"fas fa-search\"><\/i>\t\t\t\t\t\t\t\t\t<\/div>\n\t\t\t\t\t\t\t\t\t\t\t\t\t\t\t\t<\/div>\n\t\t\t\t\t\t\t\t\t\t\t\t<\/a>\n\t\t\t\t<\/div>\n\n\t\t\t\t\t\t<\/div>\n\n\t\t\t\t\t\t<\/div>\n\t\t\t\t<\/div>\n\t\t\t\t\t<\/div>\n\t\t<\/div>\n\t\t\t\t\t<\/div>\n\t\t<\/section>\n\t\t\t\t<section class=\"elementor-section elementor-top-section elementor-element elementor-element-10da0a49 elementor-section-boxed elementor-section-height-default elementor-section-height-default\" data-id=\"10da0a49\" data-element_type=\"section\" data-e-type=\"section\">\n\t\t\t\t\t\t<div class=\"elementor-container elementor-column-gap-default\">\n\t\t\t\t\t<div class=\"elementor-column elementor-col-33 elementor-top-column elementor-element elementor-element-41439f8f\" data-id=\"41439f8f\" data-element_type=\"column\" data-e-type=\"column\">\n\t\t\t<div class=\"elementor-widget-wrap elementor-element-populated\">\n\t\t\t\t\t\t<div class=\"elementor-element elementor-element-7147d09f elementor-align-center elementor-widget elementor-widget-button\" data-id=\"7147d09f\" data-element_type=\"widget\" data-e-type=\"widget\" data-widget_type=\"button.default\">\n\t\t\t\t<div class=\"elementor-widget-container\">\n\t\t\t\t\t\t\t\t\t<div class=\"elementor-button-wrapper\">\n\t\t\t\t\t<a class=\"elementor-button elementor-button-link elementor-size-lg\" href=\"https:\/\/petiteceinture.org\/gares-petite-ceinture\/charonne\/\">\n\t\t\t\t\t\t<span class=\"elementor-button-content-wrapper\">\n\t\t\t\t\t\t<span class=\"elementor-button-icon\">\n\t\t\t\t<i aria-hidden=\"true\" class=\"far fa-angle-left\"><\/i>\t\t\t<\/span>\n\t\t\t\t\t\t\t\t\t<span class=\"elementor-button-text\">Gare de Charonne<\/span>\n\t\t\t\t\t<\/span>\n\t\t\t\t\t<\/a>\n\t\t\t\t<\/div>\n\t\t\t\t\t\t\t\t<\/div>\n\t\t\t\t<\/div>\n\t\t\t\t\t<\/div>\n\t\t<\/div>\n\t\t\t\t<div class=\"elementor-column elementor-col-33 elementor-top-column elementor-element elementor-element-8dbbfd6\" data-id=\"8dbbfd6\" data-element_type=\"column\" data-e-type=\"column\">\n\t\t\t<div class=\"elementor-widget-wrap elementor-element-populated\">\n\t\t\t\t\t\t<div class=\"elementor-element elementor-element-27ad28c elementor-align-center elementor-widget elementor-widget-button\" data-id=\"27ad28c\" data-element_type=\"widget\" data-e-type=\"widget\" data-widget_type=\"button.default\">\n\t\t\t\t<div class=\"elementor-widget-container\">\n\t\t\t\t\t\t\t\t\t<div class=\"elementor-button-wrapper\">\n\t\t\t\t\t<a class=\"elementor-button elementor-button-link elementor-size-lg\" href=\"https:\/\/petiteceinture.org\/gares-petite-ceinture\/\">\n\t\t\t\t\t\t<span class=\"elementor-button-content-wrapper\">\n\t\t\t\t\t\t\t\t\t<span class=\"elementor-button-text\">Retour \u00e0 la liste des&nbsp;gares<\/span>\n\t\t\t\t\t<\/span>\n\t\t\t\t\t<\/a>\n\t\t\t\t<\/div>\n\t\t\t\t\t\t\t\t<\/div>\n\t\t\t\t<\/div>\n\t\t\t\t\t<\/div>\n\t\t<\/div>\n\t\t\t\t<div class=\"elementor-column elementor-col-33 elementor-top-column elementor-element elementor-element-7ea5f441\" data-id=\"7ea5f441\" data-element_type=\"column\" data-e-type=\"column\">\n\t\t\t<div class=\"elementor-widget-wrap elementor-element-populated\">\n\t\t\t\t\t\t<div class=\"elementor-element elementor-element-7e872c41 elementor-align-center elementor-widget elementor-widget-button\" data-id=\"7e872c41\" data-element_type=\"widget\" data-e-type=\"widget\" data-widget_type=\"button.default\">\n\t\t\t\t<div class=\"elementor-widget-container\">\n\t\t\t\t\t\t\t\t\t<div class=\"elementor-button-wrapper\">\n\t\t\t\t\t<a class=\"elementor-button elementor-button-link elementor-size-lg\" href=\"https:\/\/petiteceinture.org\/gares-petite-ceinture\/avenue-vincennes\/\">\n\t\t\t\t\t\t<span class=\"elementor-button-content-wrapper\">\n\t\t\t\t\t\t<span class=\"elementor-button-icon\">\n\t\t\t\t<i aria-hidden=\"true\" class=\"far fa-angle-right\"><\/i>\t\t\t<\/span>\n\t\t\t\t\t\t\t\t\t<span class=\"elementor-button-text\">Gare de l\u2019avenue de Vincennes<\/span>\n\t\t\t\t\t<\/span>\n\t\t\t\t\t<\/a>\n\t\t\t\t<\/div>\n\t\t\t\t\t\t\t\t<\/div>\n\t\t\t\t<\/div>\n\t\t\t\t\t<\/div>\n\t\t<\/div>\n\t\t\t\t\t<\/div>\n\t\t<\/section>\n\t\t\t\t<\/div>","protected":false},"excerpt":{"rendered":"<p>La gare de la rue d\u2019Avron est une gare de la Petite Ceinture ferroviaire de Paris situ\u00e9e dans le 20<sup class=\"ordinal\">e<\/sup> arrondissement, inaugur\u00e9e en&nbsp;1895.&nbsp;<\/p>","protected":false},"author":6,"featured_media":2060,"parent":1622,"menu_order":11,"comment_status":"closed","ping_status":"closed","template":"","meta":{"wp_typography_post_enhancements_disabled":false,"ocean_post_layout":"","ocean_both_sidebars_style":"","ocean_both_sidebars_content_width":0,"ocean_both_sidebars_sidebars_width":0,"ocean_sidebar":"0","ocean_second_sidebar":"0","ocean_disable_margins":"enable","ocean_add_body_class":"","ocean_shortcode_before_top_bar":"","ocean_shortcode_after_top_bar":"","ocean_shortcode_before_header":"","ocean_shortcode_after_header":"","ocean_has_shortcode":"","ocean_shortcode_after_title":"","ocean_shortcode_before_footer_widgets":"","ocean_shortcode_after_footer_widgets":"","ocean_shortcode_before_footer_bottom":"","ocean_shortcode_after_footer_bottom":"","ocean_display_top_bar":"default","ocean_display_header":"default","ocean_header_style":"","ocean_center_header_left_menu":"0","ocean_custom_header_template":"0","ocean_custom_logo":0,"ocean_custom_retina_logo":0,"ocean_custom_logo_max_width":0,"ocean_custom_logo_tablet_max_width":0,"ocean_custom_logo_mobile_max_width":0,"ocean_custom_logo_max_height":0,"ocean_custom_logo_tablet_max_height":0,"ocean_custom_logo_mobile_max_height":0,"ocean_header_custom_menu":"0","ocean_menu_typo_font_family":"0","ocean_menu_typo_font_subset":"","ocean_menu_typo_font_size":0,"ocean_menu_typo_font_size_tablet":0,"ocean_menu_typo_font_size_mobile":0,"ocean_menu_typo_font_size_unit":"px","ocean_menu_typo_font_weight":"","ocean_menu_typo_font_weight_tablet":"","ocean_menu_typo_font_weight_mobile":"","ocean_menu_typo_transform":"","ocean_menu_typo_transform_tablet":"","ocean_menu_typo_transform_mobile":"","ocean_menu_typo_line_height":0,"ocean_menu_typo_line_height_tablet":0,"ocean_menu_typo_line_height_mobile":0,"ocean_menu_typo_line_height_unit":"","ocean_menu_typo_spacing":0,"ocean_menu_typo_spacing_tablet":0,"ocean_menu_typo_spacing_mobile":0,"ocean_menu_typo_spacing_unit":"","ocean_menu_link_color":"","ocean_menu_link_color_hover":"","ocean_menu_link_color_active":"","ocean_menu_link_background":"","ocean_menu_link_hover_background":"","ocean_menu_link_active_background":"","ocean_menu_social_links_bg":"","ocean_menu_social_hover_links_bg":"","ocean_menu_social_links_color":"","ocean_menu_social_hover_links_color":"","ocean_disable_title":"default","ocean_disable_heading":"default","ocean_post_title":"","ocean_post_subheading":"","ocean_post_title_style":"","ocean_post_title_background_color":"","ocean_post_title_background":0,"ocean_post_title_bg_image_position":"","ocean_post_title_bg_image_attachment":"","ocean_post_title_bg_image_repeat":"","ocean_post_title_bg_image_size":"","ocean_post_title_height":0,"ocean_post_title_bg_overlay":0.5,"ocean_post_title_bg_overlay_color":"","ocean_disable_breadcrumbs":"default","ocean_breadcrumbs_color":"","ocean_breadcrumbs_separator_color":"","ocean_breadcrumbs_links_color":"","ocean_breadcrumbs_links_hover_color":"","ocean_display_footer_widgets":"default","ocean_display_footer_bottom":"default","ocean_custom_footer_template":"0","ofc_meta_disable_footer_callout":"","ofc_meta_callout_button_url":"","ofc_meta_callout_button_txt":"","ofc_meta_callout_text":"","ofc_enable_fullscreen":"disable","ofc_fullscreen_speed":0,"ofc_fullscreen_nav":"enable","ofc_fullscreen_nav_pos":"right","ofc_fullscreen_nav_color":"","ofc_fullscreen_nav_tooltip_color":"","ofc_fullscreen_responsive":0,"footnotes":""},"class_list":["post-3648","page","type-page","status-publish","has-post-thumbnail","hentry","entry","has-media"],"yoast_head":"<!-- This site is optimized with the Yoast SEO plugin v27.4 - https:\/\/yoast.com\/product\/yoast-seo-wordpress\/ -->\n<title>Gare de la rue d&#039;Avron - ASPCRF<\/title>\n<meta name=\"description\" content=\"La gare de la rue d&#039;Avron est une gare de la Petite Ceinture ferroviaire de Paris. Inaugur\u00e9e en 1895, elle est situ\u00e9e dans le 20e arrondissement.\" \/>\n<meta name=\"robots\" content=\"index, follow, max-snippet:-1, max-image-preview:large, max-video-preview:-1\" \/>\n<link rel=\"canonical\" href=\"https:\/\/petiteceinture.org\/en\/gares-petite-ceinture\/avron\/\" \/>\n<meta property=\"og:locale\" content=\"en_GB\" \/>\n<meta property=\"og:type\" content=\"article\" \/>\n<meta property=\"og:title\" content=\"Gare de la rue d&#039;Avron - ASPCRF\" \/>\n<meta property=\"og:description\" content=\"La gare de la rue d&#039;Avron est une gare de la Petite Ceinture ferroviaire de Paris. Inaugur\u00e9e en 1895, elle est situ\u00e9e dans le 20e arrondissement.\" \/>\n<meta property=\"og:url\" content=\"https:\/\/petiteceinture.org\/en\/gares-petite-ceinture\/avron\/\" \/>\n<meta property=\"og:site_name\" content=\"Association Sauvegarde Petite Ceinture\" \/>\n<meta property=\"article:publisher\" content=\"https:\/\/www.facebook.com\/pages\/Petite-Ceinture-Ferroviaire-de-Paris\/384748434945135\" \/>\n<meta property=\"article:modified_time\" content=\"2021-02-05T14:13:54+00:00\" \/>\n<meta property=\"og:image\" content=\"https:\/\/petiteceinture.org\/wp-content\/uploads\/2020\/09\/train-de-jonction-avron-marc-debrincat-r.jpg\" \/>\n\t<meta property=\"og:image:width\" content=\"1229\" \/>\n\t<meta property=\"og:image:height\" content=\"820\" \/>\n\t<meta property=\"og:image:type\" content=\"image\/jpeg\" \/>\n<meta name=\"twitter:card\" content=\"summary_large_image\" \/>\n<meta name=\"twitter:site\" content=\"@aspcrf\" \/>\n<meta name=\"twitter:label1\" content=\"Estimated reading time\" \/>\n\t<meta name=\"twitter:data1\" content=\"11 minutes\" \/>\n<script type=\"application\/ld+json\" class=\"yoast-schema-graph\">{\"@context\":\"https:\\\/\\\/schema.org\",\"@graph\":[{\"@type\":\"WebPage\",\"@id\":\"https:\\\/\\\/petiteceinture.org\\\/gares-petite-ceinture\\\/avron\\\/\",\"url\":\"https:\\\/\\\/petiteceinture.org\\\/gares-petite-ceinture\\\/avron\\\/\",\"name\":\"Gare de la rue d'Avron - ASPCRF\",\"isPartOf\":{\"@id\":\"https:\\\/\\\/petiteceinture.org\\\/#website\"},\"primaryImageOfPage\":{\"@id\":\"https:\\\/\\\/petiteceinture.org\\\/gares-petite-ceinture\\\/avron\\\/#primaryimage\"},\"image\":{\"@id\":\"https:\\\/\\\/petiteceinture.org\\\/gares-petite-ceinture\\\/avron\\\/#primaryimage\"},\"thumbnailUrl\":\"https:\\\/\\\/petiteceinture.org\\\/wp-content\\\/uploads\\\/2020\\\/09\\\/train-de-jonction-avron-marc-debrincat-r.jpg\",\"datePublished\":\"2021-02-03T17:16:52+00:00\",\"dateModified\":\"2021-02-05T14:13:54+00:00\",\"description\":\"La gare de la rue d'Avron est une gare de la Petite Ceinture ferroviaire de Paris. Inaugur\u00e9e en 1895, elle est situ\u00e9e dans le 20e arrondissement.\",\"breadcrumb\":{\"@id\":\"https:\\\/\\\/petiteceinture.org\\\/gares-petite-ceinture\\\/avron\\\/#breadcrumb\"},\"inLanguage\":\"en-GB\",\"potentialAction\":[{\"@type\":\"ReadAction\",\"target\":[\"https:\\\/\\\/petiteceinture.org\\\/gares-petite-ceinture\\\/avron\\\/\"]}]},{\"@type\":\"ImageObject\",\"inLanguage\":\"en-GB\",\"@id\":\"https:\\\/\\\/petiteceinture.org\\\/gares-petite-ceinture\\\/avron\\\/#primaryimage\",\"url\":\"https:\\\/\\\/petiteceinture.org\\\/wp-content\\\/uploads\\\/2020\\\/09\\\/train-de-jonction-avron-marc-debrincat-r.jpg\",\"contentUrl\":\"https:\\\/\\\/petiteceinture.org\\\/wp-content\\\/uploads\\\/2020\\\/09\\\/train-de-jonction-avron-marc-debrincat-r.jpg\",\"width\":1229,\"height\":820,\"caption\":\"\u00a9 Marc Debrincat\"},{\"@type\":\"BreadcrumbList\",\"@id\":\"https:\\\/\\\/petiteceinture.org\\\/gares-petite-ceinture\\\/avron\\\/#breadcrumb\",\"itemListElement\":[{\"@type\":\"ListItem\",\"position\":1,\"name\":\"Accueil\",\"item\":\"https:\\\/\\\/petiteceinture.org\\\/\"},{\"@type\":\"ListItem\",\"position\":2,\"name\":\"Toutes les gares de la Petite Ceinture\",\"item\":\"https:\\\/\\\/petiteceinture.org\\\/gares-petite-ceinture\\\/\"},{\"@type\":\"ListItem\",\"position\":3,\"name\":\"Gare de la rue d&#8217;Avron\"}]},{\"@type\":\"WebSite\",\"@id\":\"https:\\\/\\\/petiteceinture.org\\\/#website\",\"url\":\"https:\\\/\\\/petiteceinture.org\\\/\",\"name\":\"Association Sauvegarde Petite Ceinture\",\"description\":\"Association pour la Sauvegarde de la Petite Ceinture et de son r\u00e9seau ferr\u00e9\",\"publisher\":{\"@id\":\"https:\\\/\\\/petiteceinture.org\\\/#organization\"},\"potentialAction\":[{\"@type\":\"SearchAction\",\"target\":{\"@type\":\"EntryPoint\",\"urlTemplate\":\"https:\\\/\\\/petiteceinture.org\\\/?s={search_term_string}\"},\"query-input\":{\"@type\":\"PropertyValueSpecification\",\"valueRequired\":true,\"valueName\":\"search_term_string\"}}],\"inLanguage\":\"en-GB\"},{\"@type\":\"Organization\",\"@id\":\"https:\\\/\\\/petiteceinture.org\\\/#organization\",\"name\":\"Association Sauvegarde de la Petite Ceinture et de son R\u00e9seau Ferr\u00e9\",\"url\":\"https:\\\/\\\/petiteceinture.org\\\/\",\"logo\":{\"@type\":\"ImageObject\",\"inLanguage\":\"en-GB\",\"@id\":\"https:\\\/\\\/petiteceinture.org\\\/#\\\/schema\\\/logo\\\/image\\\/\",\"url\":\"https:\\\/\\\/petiteceinture.org\\\/wp-content\\\/uploads\\\/2020\\\/01\\\/Logo-SPC-fond-blanc-200.png\",\"contentUrl\":\"https:\\\/\\\/petiteceinture.org\\\/wp-content\\\/uploads\\\/2020\\\/01\\\/Logo-SPC-fond-blanc-200.png\",\"width\":200,\"height\":206,\"caption\":\"Association Sauvegarde de la Petite Ceinture et de son R\u00e9seau Ferr\u00e9\"},\"image\":{\"@id\":\"https:\\\/\\\/petiteceinture.org\\\/#\\\/schema\\\/logo\\\/image\\\/\"},\"sameAs\":[\"https:\\\/\\\/www.facebook.com\\\/pages\\\/Petite-Ceinture-Ferroviaire-de-Paris\\\/384748434945135\",\"https:\\\/\\\/x.com\\\/aspcrf\",\"https:\\\/\\\/www.instagram.com\\\/petiteceintureparis\",\"https:\\\/\\\/www.pinterest.fr\\\/petiteceintureparis\\\/\",\"https:\\\/\\\/www.youtube.com\\\/channel\\\/UC-HE5oJlzq506aGkEsaZzWA\"]}]}<\/script>\n<!-- \/ Yoast SEO plugin. -->","yoast_head_json":{"title":"Gare de la rue d\u2019Avron \u2013 ASPCRF","description":"La gare de la rue d\u2019Avron est une gare de la Petite Ceinture ferroviaire de Paris. Inaugur\u00e9e en 1895, elle est situ\u00e9e dans le 20<sup class=\"ordinal\">e<\/sup> arrondissement.","robots":{"index":"index","follow":"follow","max-snippet":"max-snippet:-1","max-image-preview":"max-image-preview:large","max-video-preview":"max-video-preview:-1"},"canonical":"https:\/\/petiteceinture.org\/en\/gares-petite-ceinture\/avron\/","og_locale":"en_GB","og_type":"article","og_title":"Gare de la rue d'Avron - ASPCRF","og_description":"La gare de la rue d'Avron est une gare de la Petite Ceinture ferroviaire de Paris. Inaugur\u00e9e en 1895, elle est situ\u00e9e dans le 20e arrondissement.","og_url":"https:\/\/petiteceinture.org\/en\/gares-petite-ceinture\/avron\/","og_site_name":"Association Sauvegarde Petite Ceinture","article_publisher":"https:\/\/www.facebook.com\/pages\/Petite-Ceinture-Ferroviaire-de-Paris\/384748434945135","article_modified_time":"2021-02-05T14:13:54+00:00","og_image":[{"width":1229,"height":820,"url":"https:\/\/petiteceinture.org\/wp-content\/uploads\/2020\/09\/train-de-jonction-avron-marc-debrincat-r.jpg","type":"image\/jpeg"}],"twitter_card":"summary_large_image","twitter_site":"@aspcrf","twitter_misc":{"Estimated reading time":"11 minutes"},"schema":{"@context":"https:\/\/schema.org","@graph":[{"@type":"WebPage","@id":"https:\/\/petiteceinture.org\/gares-petite-ceinture\/avron\/","url":"https:\/\/petiteceinture.org\/gares-petite-ceinture\/avron\/","name":"Gare de la rue d\u2019Avron \u2013 ASPCRF","isPartOf":{"@id":"https:\/\/petiteceinture.org\/#website"},"primaryImageOfPage":{"@id":"https:\/\/petiteceinture.org\/gares-petite-ceinture\/avron\/#primaryimage"},"image":{"@id":"https:\/\/petiteceinture.org\/gares-petite-ceinture\/avron\/#primaryimage"},"thumbnailUrl":"https:\/\/petiteceinture.org\/wp-content\/uploads\/2020\/09\/train-de-jonction-avron-marc-debrincat-r.jpg","datePublished":"2021-02-03T17:16:52+00:00","dateModified":"2021-02-05T14:13:54+00:00","description":"La gare de la rue d\u2019Avron est une gare de la Petite Ceinture ferroviaire de Paris. Inaugur\u00e9e en 1895, elle est situ\u00e9e dans le 20<sup class=\"ordinal\">e<\/sup> arrondissement.","breadcrumb":{"@id":"https:\/\/petiteceinture.org\/gares-petite-ceinture\/avron\/#breadcrumb"},"inLanguage":"en-GB","potentialAction":[{"@type":"ReadAction","target":["https:\/\/petiteceinture.org\/gares-petite-ceinture\/avron\/"]}]},{"@type":"ImageObject","inLanguage":"en-GB","@id":"https:\/\/petiteceinture.org\/gares-petite-ceinture\/avron\/#primaryimage","url":"https:\/\/petiteceinture.org\/wp-content\/uploads\/2020\/09\/train-de-jonction-avron-marc-debrincat-r.jpg","contentUrl":"https:\/\/petiteceinture.org\/wp-content\/uploads\/2020\/09\/train-de-jonction-avron-marc-debrincat-r.jpg","width":1229,"height":820,"caption":"\u00a9 Marc Debrincat"},{"@type":"BreadcrumbList","@id":"https:\/\/petiteceinture.org\/gares-petite-ceinture\/avron\/#breadcrumb","itemListElement":[{"@type":"ListItem","position":1,"name":"Accueil","item":"https:\/\/petiteceinture.org\/"},{"@type":"ListItem","position":2,"name":"Toutes les gares de la Petite Ceinture","item":"https:\/\/petiteceinture.org\/gares-petite-ceinture\/"},{"@type":"ListItem","position":3,"name":"Gare de la rue d&#8217;Avron"}]},{"@type":"WebSite","@id":"https:\/\/petiteceinture.org\/#website","url":"https:\/\/petiteceinture.org\/","name":"Association Sauvegarde Petite Ceinture","description":"Association for the Safeguarding of the Petite Ceinture and its Rail Network","publisher":{"@id":"https:\/\/petiteceinture.org\/#organization"},"potentialAction":[{"@type":"SearchAction","target":{"@type":"EntryPoint","urlTemplate":"https:\/\/petiteceinture.org\/?s={search_term_string}"},"query-input":{"@type":"PropertyValueSpecification","valueRequired":true,"valueName":"search_term_string"}}],"inLanguage":"en-GB"},{"@type":"Organization","@id":"https:\/\/petiteceinture.org\/#organization","name":"Association for the Safeguard of the Petite Ceinture and its Railway Network","url":"https:\/\/petiteceinture.org\/","logo":{"@type":"ImageObject","inLanguage":"en-GB","@id":"https:\/\/petiteceinture.org\/#\/schema\/logo\/image\/","url":"https:\/\/petiteceinture.org\/wp-content\/uploads\/2020\/01\/Logo-SPC-fond-blanc-200.png","contentUrl":"https:\/\/petiteceinture.org\/wp-content\/uploads\/2020\/01\/Logo-SPC-fond-blanc-200.png","width":200,"height":206,"caption":"Association Sauvegarde de la Petite Ceinture et de son R\u00e9seau Ferr\u00e9"},"image":{"@id":"https:\/\/petiteceinture.org\/#\/schema\/logo\/image\/"},"sameAs":["https:\/\/www.facebook.com\/pages\/Petite-Ceinture-Ferroviaire-de-Paris\/384748434945135","https:\/\/x.com\/aspcrf","https:\/\/www.instagram.com\/petiteceintureparis","https:\/\/www.pinterest.fr\/petiteceintureparis\/","https:\/\/www.youtube.com\/channel\/UC-HE5oJlzq506aGkEsaZzWA"]}]}},"_links":{"self":[{"href":"https:\/\/petiteceinture.org\/en\/wp-json\/wp\/v2\/pages\/3648","targetHints":{"allow":["GET"]}}],"collection":[{"href":"https:\/\/petiteceinture.org\/en\/wp-json\/wp\/v2\/pages"}],"about":[{"href":"https:\/\/petiteceinture.org\/en\/wp-json\/wp\/v2\/types\/page"}],"author":[{"embeddable":true,"href":"https:\/\/petiteceinture.org\/en\/wp-json\/wp\/v2\/users\/6"}],"replies":[{"embeddable":true,"href":"https:\/\/petiteceinture.org\/en\/wp-json\/wp\/v2\/comments?post=3648"}],"version-history":[{"count":0,"href":"https:\/\/petiteceinture.org\/en\/wp-json\/wp\/v2\/pages\/3648\/revisions"}],"up":[{"embeddable":true,"href":"https:\/\/petiteceinture.org\/en\/wp-json\/wp\/v2\/pages\/1622"}],"wp:featuredmedia":[{"embeddable":true,"href":"https:\/\/petiteceinture.org\/en\/wp-json\/wp\/v2\/media\/2060"}],"wp:attachment":[{"href":"https:\/\/petiteceinture.org\/en\/wp-json\/wp\/v2\/media?parent=3648"}],"curies":[{"name":"wp","href":"https:\/\/api.w.org\/{rel}","templated":true}]}}