{"id":1461,"date":"2020-07-08T16:05:09","date_gmt":"2020-07-08T14:05:09","guid":{"rendered":"https:\/\/petiteceinture.org\/?page_id=1461"},"modified":"2024-07-22T11:58:04","modified_gmt":"2024-07-22T09:58:04","slug":"chronologie","status":"publish","type":"page","link":"https:\/\/petiteceinture.org\/en\/la-ligne\/chronologie\/","title":{"rendered":"Chronologie"},"content":{"rendered":"<div data-elementor-type=\"wp-page\" data-elementor-id=\"1461\" class=\"elementor elementor-1461\" data-elementor-post-type=\"page\">\n\t\t\t\t\t\t<section class=\"elementor-section elementor-top-section elementor-element elementor-element-4c3cb8b7 elementor-section-full_width elementor-section-height-min-height elementor-section-height-default elementor-section-items-middle\" data-id=\"4c3cb8b7\" data-element_type=\"section\" data-e-type=\"section\" data-settings=\"{&quot;background_background&quot;:&quot;classic&quot;}\">\n\t\t\t\t\t\t\t<div class=\"elementor-background-overlay\"><\/div>\n\t\t\t\t\t\t\t<div class=\"elementor-container elementor-column-gap-default\">\n\t\t\t\t\t<div class=\"elementor-column elementor-col-100 elementor-top-column elementor-element elementor-element-372fe368\" data-id=\"372fe368\" data-element_type=\"column\" data-e-type=\"column\">\n\t\t\t<div class=\"elementor-widget-wrap elementor-element-populated\">\n\t\t\t\t\t\t<div class=\"elementor-element elementor-element-7f3603f7 elementor-widget elementor-widget-heading\" data-id=\"7f3603f7\" data-element_type=\"widget\" data-e-type=\"widget\" data-widget_type=\"heading.default\">\n\t\t\t\t<div class=\"elementor-widget-container\">\n\t\t\t\t\t<h1 class=\"elementor-heading-title elementor-size-large\">les principales dates de l\u2019histoire<br>de la Petite Ceinture ferroviaire<\/h1>\t\t\t\t<\/div>\n\t\t\t\t<\/div>\n\t\t\t\t\t<\/div>\n\t\t<\/div>\n\t\t\t\t\t<\/div>\n\t\t<\/section>\n\t\t\t\t<section class=\"elementor-section elementor-top-section elementor-element elementor-element-69304593 elementor-section-boxed elementor-section-height-default elementor-section-height-default\" data-id=\"69304593\" data-element_type=\"section\" data-e-type=\"section\">\n\t\t\t\t\t\t<div class=\"elementor-container elementor-column-gap-default\">\n\t\t\t\t\t<div class=\"elementor-column elementor-col-100 elementor-top-column elementor-element elementor-element-a99aa90\" data-id=\"a99aa90\" data-element_type=\"column\" data-e-type=\"column\">\n\t\t\t<div class=\"elementor-widget-wrap elementor-element-populated\">\n\t\t\t\t\t\t<div class=\"elementor-element elementor-element-28cb9401 elementor-widget elementor-widget-spacer\" data-id=\"28cb9401\" data-element_type=\"widget\" data-e-type=\"widget\" data-widget_type=\"spacer.default\">\n\t\t\t\t<div class=\"elementor-widget-container\">\n\t\t\t\t\t\t\t<div class=\"elementor-spacer\">\n\t\t\t<div class=\"elementor-spacer-inner\"><\/div>\n\t\t<\/div>\n\t\t\t\t\t\t<\/div>\n\t\t\t\t<\/div>\n\t\t\t\t\t<\/div>\n\t\t<\/div>\n\t\t\t\t\t<\/div>\n\t\t<\/section>\n\t\t\t\t<section class=\"elementor-section elementor-top-section elementor-element elementor-element-7224d09 elementor-section-boxed elementor-section-height-default elementor-section-height-default\" data-id=\"7224d09\" data-element_type=\"section\" data-e-type=\"section\">\n\t\t\t\t\t\t<div class=\"elementor-container elementor-column-gap-default\">\n\t\t\t\t\t<div class=\"elementor-column elementor-col-100 elementor-top-column elementor-element elementor-element-53d9c37\" data-id=\"53d9c37\" data-element_type=\"column\" data-e-type=\"column\">\n\t\t\t<div class=\"elementor-widget-wrap elementor-element-populated\">\n\t\t\t\t\t\t<div class=\"elementor-element elementor-element-1ada8ad elementor-widget elementor-widget-text-editor\" data-id=\"1ada8ad\" data-element_type=\"widget\" data-e-type=\"widget\" data-widget_type=\"text-editor.default\">\n\t\t\t\t<div class=\"elementor-widget-container\">\n\t\t\t\t\t\t\t\t\t<p style=\"text-align: center;\"><strong><em>\ud83c\uddec\ud83c\udde7 NEW&nbsp;: Discover the English version of this chronology <a href=\"https:\/\/petiteceinture.org\/la-ligne\/petite-ceinture-history-chronology\/\">on this page<\/a>&nbsp;!<\/em><\/strong><\/p>\t\t\t\t\t\t\t\t<\/div>\n\t\t\t\t<\/div>\n\t\t\t\t\t<\/div>\n\t\t<\/div>\n\t\t\t\t\t<\/div>\n\t\t<\/section>\n\t\t\t\t<section class=\"elementor-section elementor-top-section elementor-element elementor-element-e135c27 elementor-section-boxed elementor-section-height-default elementor-section-height-default\" data-id=\"e135c27\" data-element_type=\"section\" data-e-type=\"section\">\n\t\t\t\t\t\t<div class=\"elementor-container elementor-column-gap-default\">\n\t\t\t\t\t<div class=\"elementor-column elementor-col-100 elementor-top-column elementor-element elementor-element-edb33ea\" data-id=\"edb33ea\" data-element_type=\"column\" data-e-type=\"column\">\n\t\t\t<div class=\"elementor-widget-wrap elementor-element-populated\">\n\t\t\t\t\t\t<div class=\"elementor-element elementor-element-c469898 elementor-widget elementor-widget-oew-timeline\" data-id=\"c469898\" data-element_type=\"widget\" data-e-type=\"widget\" data-widget_type=\"oew-timeline.default\">\n\t\t\t\t<div class=\"elementor-widget-container\">\n\t\t\t\t\t\n\t\t\t<div class=\"oew-timeline oew-timeline-center\">\n\t\t\t\t<div class=\"oew-timeline-inner\">\n\n\t\t\t\t\t\n\t\t\t\t  \t\t<div class=\"oew-timeline-item oew-timeline-item-left\">\n\t\t\t\t  \t\t\t<div class=\"oew-timeline-item-wrap\">\n\n\t\t\t\t  \t\t\t\t<div class=\"oew-timeline-line\"><span><\/span><\/div>\n\n\t\t\t\t\t  \t\t\t<div class=\"oew-timeline-item-container\">\n\t\t\t\t\t  \t\t\t\t<div class=\"oew-timeline-icon oew-timeline-custom-icon\"><span><i aria-hidden=\"true\" class=\"fas fa-flag-checkered\"><\/i><\/span><\/div>\n\n\t\t\t\t\t\t  \t\t\t<div class=\"oew-timeline-item-main\">\n\t\t\t\t\t\t  \t\t\t\t<span class=\"oew-timeline-arrow\"><\/span>\n\n\t\t\t\t\t\t  \t\t\t\t\t\t\t\t\t\t\t\t\t  \t\t<div class=\"oew-timeline-thumbnail\">\n\t\t\t\t\t\t\t\t\t\t\t\t<a href=\"https:\/\/petiteceinture.org\/la-ligne\/histoire-petite-ceinture\/acte-naissance-petite-ceinture-decret-10-decembre-1851\/\" title=\"Signature du d\u00e9cret officialisant la cr\u00e9ation de la Petite Ceinture de Paris\">\n\t\t\t\t\t\t\t\t\t  \t\t\t\t<img decoding=\"async\" src=\"https:\/\/petiteceinture.org\/wp-content\/uploads\/2021\/12\/Petite-Ceinture-fantaisie-1853.jpg\" alt=\"Signature du d\u00e9cret officialisant la cr\u00e9ation de la Petite Ceinture de Paris\">\n\t\t\t\t\t\t\t\t\t  \t\t\t<\/a>\n\t\t\t\t\t\t\t\t\t  \t\t<\/div>\n\t\t\t\t\t\t\t\t  \t\t\n\t\t\t\t\t\t\t\t  \t\t<div class=\"oew-timeline-desc\">\n\t\t\t\t\t\t\t\t\t\t\t\t\t\t\t\t\t\t\t\t\t\t\t<h4 class=\"oew-timeline-title\">\n\t\t\t\t\t\t\t\t\t\t\t\t\t<a href=\"https:\/\/petiteceinture.org\/la-ligne\/histoire-petite-ceinture\/acte-naissance-petite-ceinture-decret-10-decembre-1851\/\" title=\"Signature du d\u00e9cret officialisant la cr\u00e9ation de la Petite Ceinture de Paris\">Signature du d\u00e9cret officialisant la cr\u00e9ation de la Petite Ceinture de&nbsp;Paris<\/a>\n\t\t\t\t\t\t\t\t\t\t\t\t<\/h4>\n\t\t\t\t\t\t\t\t\t\t\t\t\t\t\t\t\t\t\t\t\t\t\t<ul class=\"oew-timeline-meta oew-timeline-hidden\">\n\t\t\t\t\t\t\t\t\t\t\t\t\t<li>10 d\u00e9cembre 1851<\/li>\n\t\t\t\t\t\t\t\t\t\t\t\t<\/ul>\n\t\t\t\t\t\t\t\t\t\t\t\t\t\t\t\t\t\t\t\t\t\t\t<div class=\"oew-timeline-excerpt\"><p>Quelques jours \u00e0 peine apr\u00e8s son coup d\u2019Etat, Louis-Napol\u00e9on Bonaparte signe <a href=\"https:\/\/petiteceinture.org\/acte-naissance-petite-ceinture-decret-10-decembre-1851\">le d\u00e9cret donnant naissance \u00e0 la Petite Ceinture ferroviaire de Paris<\/a>.<\/p><\/div>\n\t\t\t\t\t\t\t\t\t\t\t\t\t\t\t\t\t\t\t\t\t\t\t<a href=\"https:\/\/petiteceinture.org\/la-ligne\/histoire-petite-ceinture\/acte-naissance-petite-ceinture-decret-10-decembre-1851\/\" class=\"oew-timeline-readmore button\">\n\t\t\t\t\t\t\t\t\t\t\t\t\t\n\t\t\t\t\t\t\t\t\t\t\t\t\tFind out&nbsp;more&nbsp;<span class=\"oew-button-icon oew-align-right\">\n\t\t\t\t\t\t\t\t\t\t\t\t\t\t\t<i aria-hidden=\"true\" class=\"fas fa-long-arrow-alt-right\"><\/i>\t\t\t\t\t\t\t\t\t\t\t\t\t\t<\/span>\n\t\t\t\t\t\t\t\t\t\t\t\t\t\t\t\t\t\t\t\t\t\t\t\t\t<\/a>\n\t\t\t\t\t\t\t\t\t\t\t\t\t\t\t\t\t\t\t  \t\t<\/div>\n\t\t\t\t\t\t\t\t\t<\/div>\n\t\t\t\t\t\t\t\t<\/div>\n\n\t\t\t\t\t\t\t<\/div>\n\t\t\t\t\t\t<\/div>\n\n\t\t\t\t\t  \t\t\t\t\t\t  \t\t\t\t\t\t  \t\t\t<div class=\"oew-timeline-item\">\n\t\t\t\t\t\t  \t\t<div class=\"oew-timeline-date\"><span>10 d\u00e9cembre 1851<\/span><\/div>\n\t\t\t\t\t\t\t<\/div>\n\t\t\t\t\t\t\t\t\t\t\t\t\t<div class=\"oew-timeline-item\">\n\t\t\t\t\t\t  \t\t<div class=\"oew-timeline-date oew-timeline-date-right\"><span>12 d\u00e9cembre 1852<\/span><\/div>\n\t\t\t\t\t\t\t<\/div>\n\t\t\t\t\t\t\n\t\t\t\t  \t\t<div class=\"oew-timeline-item oew-timeline-item-right\">\n\t\t\t\t  \t\t\t<div class=\"oew-timeline-item-wrap\">\n\n\t\t\t\t  \t\t\t\t<div class=\"oew-timeline-line\"><span><\/span><\/div>\n\n\t\t\t\t\t  \t\t\t<div class=\"oew-timeline-item-container\">\n\t\t\t\t\t  \t\t\t\t<div class=\"oew-timeline-icon oew-timeline-custom-icon\"><span><i aria-hidden=\"true\" class=\"fas fa-train\"><\/i><\/span><\/div>\n\n\t\t\t\t\t\t  \t\t\t<div class=\"oew-timeline-item-main\">\n\t\t\t\t\t\t  \t\t\t\t<span class=\"oew-timeline-arrow\"><\/span>\n\n\t\t\t\t\t\t  \t\t\t\t\t\t\t\t\t\t\t\t\t  \t\t<div class=\"oew-timeline-thumbnail\">\n\t\t\t\t\t\t\t\t\t\t\t\t<a href=\"https:\/\/archives.petiteceinture.org\/Histoire-de-la-Petite-Ceinture-ferroviaire-de-Paris-des-origines-a-1934.html\" title=\"Ouverture de la premi\u00e8re section entre Batignolles et la Chapelle\">\n\t\t\t\t\t\t\t\t\t  \t\t\t\t<img decoding=\"async\" src=\"https:\/\/petiteceinture.org\/wp-content\/uploads\/2020\/07\/inauguration-petite-ceinture-1852-the-illustrated-london-news-29-janvier-1853.jpg\" alt=\"Ouverture de la premi\u00e8re section entre Batignolles et la Chapelle\">\n\t\t\t\t\t\t\t\t\t  \t\t\t<\/a>\n\t\t\t\t\t\t\t\t\t  \t\t<\/div>\n\t\t\t\t\t\t\t\t  \t\t\n\t\t\t\t\t\t\t\t  \t\t<div class=\"oew-timeline-desc\">\n\t\t\t\t\t\t\t\t\t\t\t\t\t\t\t\t\t\t\t\t\t\t\t<h4 class=\"oew-timeline-title\">\n\t\t\t\t\t\t\t\t\t\t\t\t\t<a href=\"https:\/\/archives.petiteceinture.org\/Histoire-de-la-Petite-Ceinture-ferroviaire-de-Paris-des-origines-a-1934.html\" title=\"Ouverture de la premi\u00e8re section entre Batignolles et la Chapelle\">Ouverture de la premi\u00e8re section entre Batignolles et la Chapelle<\/a>\n\t\t\t\t\t\t\t\t\t\t\t\t<\/h4>\n\t\t\t\t\t\t\t\t\t\t\t\t\t\t\t\t\t\t\t\t\t\t\t<ul class=\"oew-timeline-meta oew-timeline-hidden\">\n\t\t\t\t\t\t\t\t\t\t\t\t\t<li>12 d\u00e9cembre 1852<\/li>\n\t\t\t\t\t\t\t\t\t\t\t\t<\/ul>\n\t\t\t\t\t\t\t\t\t\t\t\t\t\t\t\t\t\t\t\t\t\t\t<div class=\"oew-timeline-excerpt\"><p>Ouverture de la 1<sup class=\"ordinal\">e<\/sup> section de la Petite Ceinture Rive Droite, entre les Batignolles et La Chapelle. Seuls des trains de marchandises arpentent la nouvelle ligne.<\/p><\/div>\n\t\t\t\t\t\t\t\t\t\t\t\t\t\t\t\t\t\t\t\t\t\t\t<a href=\"https:\/\/archives.petiteceinture.org\/Histoire-de-la-Petite-Ceinture-ferroviaire-de-Paris-des-origines-a-1934.html\" class=\"oew-timeline-readmore button\">\n\t\t\t\t\t\t\t\t\t\t\t\t\t\n\t\t\t\t\t\t\t\t\t\t\t\t\tFind out&nbsp;more&nbsp;<span class=\"oew-button-icon oew-align-right\">\n\t\t\t\t\t\t\t\t\t\t\t\t\t\t\t<i aria-hidden=\"true\" class=\"fas fa-long-arrow-alt-right\"><\/i>\t\t\t\t\t\t\t\t\t\t\t\t\t\t<\/span>\n\t\t\t\t\t\t\t\t\t\t\t\t\t\t\t\t\t\t\t\t\t\t\t\t\t<\/a>\n\t\t\t\t\t\t\t\t\t\t\t\t\t\t\t\t\t\t\t  \t\t<\/div>\n\t\t\t\t\t\t\t\t\t<\/div>\n\t\t\t\t\t\t\t\t<\/div>\n\n\t\t\t\t\t\t\t<\/div>\n\t\t\t\t\t\t<\/div>\n\n\t\t\t\t\t  \t\n\t\t\t\t  \t\t<div class=\"oew-timeline-item oew-timeline-item-left\">\n\t\t\t\t  \t\t\t<div class=\"oew-timeline-item-wrap\">\n\n\t\t\t\t  \t\t\t\t<div class=\"oew-timeline-line\"><span><\/span><\/div>\n\n\t\t\t\t\t  \t\t\t<div class=\"oew-timeline-item-container\">\n\t\t\t\t\t  \t\t\t\t<div class=\"oew-timeline-icon oew-timeline-custom-icon\"><span><i aria-hidden=\"true\" class=\"fas fa-flag\"><\/i><\/span><\/div>\n\n\t\t\t\t\t\t  \t\t\t<div class=\"oew-timeline-item-main\">\n\t\t\t\t\t\t  \t\t\t\t<span class=\"oew-timeline-arrow\"><\/span>\n\n\t\t\t\t\t\t  \t\t\t\t\t\t\t\t\t\t\t\t\t  \t\t<div class=\"oew-timeline-thumbnail\">\n\t\t\t\t\t\t\t\t\t\t\t\t<a href=\"https:\/\/petiteceinture.org\/la-ligne\/histoire-petite-ceinture\/ligne-dauteuil-rer-c-170-ans-histoire-ferroviaire\/\" title=\"Ouverture de la ligne d'Auteuil\">\n\t\t\t\t\t\t\t\t\t  \t\t\t\t<img decoding=\"async\" src=\"https:\/\/petiteceinture.org\/wp-content\/uploads\/2020\/07\/gare-saint-lazare-quai-de-ceinture-r.jpg\" alt=\"Ouverture de la ligne d'Auteuil\">\n\t\t\t\t\t\t\t\t\t  \t\t\t<\/a>\n\t\t\t\t\t\t\t\t\t  \t\t<\/div>\n\t\t\t\t\t\t\t\t  \t\t\n\t\t\t\t\t\t\t\t  \t\t<div class=\"oew-timeline-desc\">\n\t\t\t\t\t\t\t\t\t\t\t\t\t\t\t\t\t\t\t\t\t\t\t<h4 class=\"oew-timeline-title\">\n\t\t\t\t\t\t\t\t\t\t\t\t\t<a href=\"https:\/\/petiteceinture.org\/la-ligne\/histoire-petite-ceinture\/ligne-dauteuil-rer-c-170-ans-histoire-ferroviaire\/\" title=\"Ouverture de la ligne d'Auteuil\">Ouverture de la ligne d\u2019Auteuil<\/a>\n\t\t\t\t\t\t\t\t\t\t\t\t<\/h4>\n\t\t\t\t\t\t\t\t\t\t\t\t\t\t\t\t\t\t\t\t\t\t\t<ul class=\"oew-timeline-meta oew-timeline-hidden\">\n\t\t\t\t\t\t\t\t\t\t\t\t\t<li>2 mai&nbsp;1854<\/li>\n\t\t\t\t\t\t\t\t\t\t\t\t<\/ul>\n\t\t\t\t\t\t\t\t\t\t\t\t\t\t\t\t\t\t\t\t\t\t\t<div class=\"oew-timeline-excerpt\"><p>Inauguration de la Ligne d\u2019Auteuil, qui relie la gare Saint-Lazare \u00e0 la gare d\u2019Auteuil-Boulogne&nbsp;<\/p><p>Il s\u2019agit de la toute premi\u00e8re ligne de transports de passagers de&nbsp;Paris.<\/p><\/div>\n\t\t\t\t\t\t\t\t\t\t\t\t\t\t\t\t\t\t\t\t\t\t\t<a href=\"https:\/\/petiteceinture.org\/la-ligne\/histoire-petite-ceinture\/ligne-dauteuil-rer-c-170-ans-histoire-ferroviaire\/\" class=\"oew-timeline-readmore button\">\n\t\t\t\t\t\t\t\t\t\t\t\t\t\n\t\t\t\t\t\t\t\t\t\t\t\t\tFind out&nbsp;more&nbsp;<span class=\"oew-button-icon oew-align-right\">\n\t\t\t\t\t\t\t\t\t\t\t\t\t\t\t<i aria-hidden=\"true\" class=\"fas fa-long-arrow-alt-right\"><\/i>\t\t\t\t\t\t\t\t\t\t\t\t\t\t<\/span>\n\t\t\t\t\t\t\t\t\t\t\t\t\t\t\t\t\t\t\t\t\t\t\t\t\t<\/a>\n\t\t\t\t\t\t\t\t\t\t\t\t\t\t\t\t\t\t\t  \t\t<\/div>\n\t\t\t\t\t\t\t\t\t<\/div>\n\t\t\t\t\t\t\t\t<\/div>\n\n\t\t\t\t\t\t\t<\/div>\n\t\t\t\t\t\t<\/div>\n\n\t\t\t\t\t  \t\t\t\t\t\t  \t\t\t\t\t\t  \t\t\t<div class=\"oew-timeline-item\">\n\t\t\t\t\t\t  \t\t<div class=\"oew-timeline-date\"><span>2 mai&nbsp;1854<\/span><\/div>\n\t\t\t\t\t\t\t<\/div>\n\t\t\t\t\t\t\t\t\t\t\t\t\t<div class=\"oew-timeline-item\">\n\t\t\t\t\t\t  \t\t<div class=\"oew-timeline-date oew-timeline-date-right\"><span>25 mars&nbsp;1854<\/span><\/div>\n\t\t\t\t\t\t\t<\/div>\n\t\t\t\t\t\t\n\t\t\t\t  \t\t<div class=\"oew-timeline-item oew-timeline-item-right\">\n\t\t\t\t  \t\t\t<div class=\"oew-timeline-item-wrap\">\n\n\t\t\t\t  \t\t\t\t<div class=\"oew-timeline-line\"><span><\/span><\/div>\n\n\t\t\t\t\t  \t\t\t<div class=\"oew-timeline-item-container\">\n\t\t\t\t\t  \t\t\t\t<div class=\"oew-timeline-icon oew-timeline-custom-icon\"><span><i aria-hidden=\"true\" class=\"fas fa-flag\"><\/i><\/span><\/div>\n\n\t\t\t\t\t\t  \t\t\t<div class=\"oew-timeline-item-main\">\n\t\t\t\t\t\t  \t\t\t\t<span class=\"oew-timeline-arrow\"><\/span>\n\n\t\t\t\t\t\t  \t\t\t\t\t\t\t\t\t\t\t\t\t  \t\t<div class=\"oew-timeline-thumbnail\">\n\t\t\t\t\t\t\t\t\t\t\t\t<a href=\"https:\/\/archives.petiteceinture.org\/Histoire-de-la-Petite-Ceinture-ferroviaire-de-Paris-des-origines-a-1934.html\" title=\"Ouverture de la section entre la Chapelle et Bercy\">\n\t\t\t\t\t\t\t\t\t  \t\t\t\t<img decoding=\"async\" src=\"https:\/\/petiteceinture.org\/wp-content\/uploads\/2020\/07\/la-rapee-bercy-train-de-marchandises-quittant-le-triage-de-bercy-7-juin-1921-locomotive-numero-16-collection-ken-nunn-800px-72dpi.jpg\" alt=\"Ouverture de la section entre la Chapelle et Bercy\">\n\t\t\t\t\t\t\t\t\t  \t\t\t<\/a>\n\t\t\t\t\t\t\t\t\t  \t\t<\/div>\n\t\t\t\t\t\t\t\t  \t\t\n\t\t\t\t\t\t\t\t  \t\t<div class=\"oew-timeline-desc\">\n\t\t\t\t\t\t\t\t\t\t\t\t\t\t\t\t\t\t\t\t\t\t\t<h4 class=\"oew-timeline-title\">\n\t\t\t\t\t\t\t\t\t\t\t\t\t<a href=\"https:\/\/archives.petiteceinture.org\/Histoire-de-la-Petite-Ceinture-ferroviaire-de-Paris-des-origines-a-1934.html\" title=\"Ouverture de la section entre la Chapelle et Bercy\">Ouverture de la section entre la Chapelle et&nbsp;Bercy<\/a>\n\t\t\t\t\t\t\t\t\t\t\t\t<\/h4>\n\t\t\t\t\t\t\t\t\t\t\t\t\t\t\t\t\t\t\t\t\t\t\t<ul class=\"oew-timeline-meta oew-timeline-hidden\">\n\t\t\t\t\t\t\t\t\t\t\t\t\t<li>25 mars&nbsp;1854<\/li>\n\t\t\t\t\t\t\t\t\t\t\t\t<\/ul>\n\t\t\t\t\t\t\t\t\t\t\t\t\t\t\t\t\t\t\t\t\t\t\t<div class=\"oew-timeline-excerpt\"><p>Ouverture de la section entre La Chapelle et La R\u00e2p\u00e9e-Bercy, compl\u00e9tant la Petite Ceinture Rive Droite.&nbsp;<\/p><\/div>\n\t\t\t\t\t\t\t\t\t\t\t\t\t\t\t\t\t\t\t\t\t\t\t<a href=\"https:\/\/archives.petiteceinture.org\/Histoire-de-la-Petite-Ceinture-ferroviaire-de-Paris-des-origines-a-1934.html\" class=\"oew-timeline-readmore button\">\n\t\t\t\t\t\t\t\t\t\t\t\t\t\n\t\t\t\t\t\t\t\t\t\t\t\t\tFind out&nbsp;more&nbsp;<span class=\"oew-button-icon oew-align-right\">\n\t\t\t\t\t\t\t\t\t\t\t\t\t\t\t<i aria-hidden=\"true\" class=\"fas fa-long-arrow-alt-right\"><\/i>\t\t\t\t\t\t\t\t\t\t\t\t\t\t<\/span>\n\t\t\t\t\t\t\t\t\t\t\t\t\t\t\t\t\t\t\t\t\t\t\t\t\t<\/a>\n\t\t\t\t\t\t\t\t\t\t\t\t\t\t\t\t\t\t\t  \t\t<\/div>\n\t\t\t\t\t\t\t\t\t<\/div>\n\t\t\t\t\t\t\t\t<\/div>\n\n\t\t\t\t\t\t\t<\/div>\n\t\t\t\t\t\t<\/div>\n\n\t\t\t\t\t  \t\n\t\t\t\t  \t\t<div class=\"oew-timeline-item oew-timeline-item-left\">\n\t\t\t\t  \t\t\t<div class=\"oew-timeline-item-wrap\">\n\n\t\t\t\t  \t\t\t\t<div class=\"oew-timeline-line\"><span><\/span><\/div>\n\n\t\t\t\t\t  \t\t\t<div class=\"oew-timeline-item-container\">\n\t\t\t\t\t  \t\t\t\t<div class=\"oew-timeline-icon oew-timeline-custom-icon\"><span><i aria-hidden=\"true\" class=\"fas fa-flag\"><\/i><\/span><\/div>\n\n\t\t\t\t\t\t  \t\t\t<div class=\"oew-timeline-item-main\">\n\t\t\t\t\t\t  \t\t\t\t<span class=\"oew-timeline-arrow\"><\/span>\n\n\t\t\t\t\t\t  \t\t\t\t\t\t\t\t\t\t\t\t\t  \t\t<div class=\"oew-timeline-thumbnail\">\n\t\t\t\t\t\t\t\t\t\t\t\t<a href=\"https:\/\/petiteceinture.org\/gares-petite-ceinture\/\" title=\"Ouvertures des premi\u00e8res gares de marchandises de la Petite Ceinture\">\n\t\t\t\t\t\t\t\t\t  \t\t\t\t<img decoding=\"async\" src=\"https:\/\/petiteceinture.org\/wp-content\/uploads\/2020\/07\/petite-ceinture-place-argonne.jpg\" alt=\"Ouvertures des premi\u00e8res gares de marchandises de la Petite Ceinture\">\n\t\t\t\t\t\t\t\t\t  \t\t\t<\/a>\n\t\t\t\t\t\t\t\t\t  \t\t<\/div>\n\t\t\t\t\t\t\t\t  \t\t\n\t\t\t\t\t\t\t\t  \t\t<div class=\"oew-timeline-desc\">\n\t\t\t\t\t\t\t\t\t\t\t\t\t\t\t\t\t\t\t\t\t\t\t<h4 class=\"oew-timeline-title\">\n\t\t\t\t\t\t\t\t\t\t\t\t\t<a href=\"https:\/\/petiteceinture.org\/gares-petite-ceinture\/\" title=\"Ouvertures des premi\u00e8res gares de marchandises de la Petite Ceinture\">Ouvertures des premi\u00e8res gares de marchandises de la Petite Ceinture<\/a>\n\t\t\t\t\t\t\t\t\t\t\t\t<\/h4>\n\t\t\t\t\t\t\t\t\t\t\t\t\t\t\t\t\t\t\t\t\t\t\t<ul class=\"oew-timeline-meta oew-timeline-hidden\">\n\t\t\t\t\t\t\t\t\t\t\t\t\t<li>15 septembre 1855<\/li>\n\t\t\t\t\t\t\t\t\t\t\t\t<\/ul>\n\t\t\t\t\t\t\t\t\t\t\t\t\t\t\t\t\t\t\t\t\t\t\t<div class=\"oew-timeline-excerpt\"><p>Ouverture de la gare de Charonne, premi\u00e8re gare de marchandises de la Petite Ceinture. Elle est suivie par la gare de La Petite-Villette (Belleville-Villette) le 15 juillet 1856.<\/p><\/div>\n\t\t\t\t\t\t\t\t\t\t\t\t\t\t\t\t\t\t\t\t\t\t\t<a href=\"https:\/\/petiteceinture.org\/gares-petite-ceinture\/\" class=\"oew-timeline-readmore button\">\n\t\t\t\t\t\t\t\t\t\t\t\t\t\n\t\t\t\t\t\t\t\t\t\t\t\t\tFind out&nbsp;more&nbsp;<span class=\"oew-button-icon oew-align-right\">\n\t\t\t\t\t\t\t\t\t\t\t\t\t\t\t<i aria-hidden=\"true\" class=\"fas fa-long-arrow-alt-right\"><\/i>\t\t\t\t\t\t\t\t\t\t\t\t\t\t<\/span>\n\t\t\t\t\t\t\t\t\t\t\t\t\t\t\t\t\t\t\t\t\t\t\t\t\t<\/a>\n\t\t\t\t\t\t\t\t\t\t\t\t\t\t\t\t\t\t\t  \t\t<\/div>\n\t\t\t\t\t\t\t\t\t<\/div>\n\t\t\t\t\t\t\t\t<\/div>\n\n\t\t\t\t\t\t\t<\/div>\n\t\t\t\t\t\t<\/div>\n\n\t\t\t\t\t  \t\t\t\t\t\t  \t\t\t\t\t\t  \t\t\t<div class=\"oew-timeline-item\">\n\t\t\t\t\t\t  \t\t<div class=\"oew-timeline-date\"><span>15 septembre 1855<\/span><\/div>\n\t\t\t\t\t\t\t<\/div>\n\t\t\t\t\t\t\t\t\t\t\t\t\t<div class=\"oew-timeline-item\">\n\t\t\t\t\t\t  \t\t<div class=\"oew-timeline-date oew-timeline-date-right\"><span>1860<\/span><\/div>\n\t\t\t\t\t\t\t<\/div>\n\t\t\t\t\t\t\n\t\t\t\t  \t\t<div class=\"oew-timeline-item oew-timeline-item-right\">\n\t\t\t\t  \t\t\t<div class=\"oew-timeline-item-wrap\">\n\n\t\t\t\t  \t\t\t\t<div class=\"oew-timeline-line\"><span><\/span><\/div>\n\n\t\t\t\t\t  \t\t\t<div class=\"oew-timeline-item-container\">\n\t\t\t\t\t  \t\t\t\t<div class=\"oew-timeline-icon oew-timeline-custom-icon\"><span><i aria-hidden=\"true\" class=\"fas fa-hotel\"><\/i><\/span><\/div>\n\n\t\t\t\t\t\t  \t\t\t<div class=\"oew-timeline-item-main\">\n\t\t\t\t\t\t  \t\t\t\t<span class=\"oew-timeline-arrow\"><\/span>\n\n\t\t\t\t\t\t  \t\t\t\t\t\t\t\t\t\t\t\t\t  \t\t<div class=\"oew-timeline-thumbnail\">\n\t\t\t\t\t\t\t\t\t\t\t\t<a href=\"https:\/\/archives.petiteceinture.org\/Histoire-de-la-Petite-Ceinture-ferroviaire-de-Paris-des-origines-a-1934.html\" title=\"Agrandissement de Paris, la capitale prend ses dimensions actuelles en int\u00e9grant les communes limitrophes\">\n\t\t\t\t\t\t\t\t\t  \t\t\t\t<img decoding=\"async\" src=\"https:\/\/petiteceinture.org\/wp-content\/uploads\/2020\/07\/petite-ceinture-1859.jpg\" alt=\"Agrandissement de Paris, la capitale prend ses dimensions actuelles en int\u00e9grant les communes limitrophes\">\n\t\t\t\t\t\t\t\t\t  \t\t\t<\/a>\n\t\t\t\t\t\t\t\t\t  \t\t<\/div>\n\t\t\t\t\t\t\t\t  \t\t\n\t\t\t\t\t\t\t\t  \t\t<div class=\"oew-timeline-desc\">\n\t\t\t\t\t\t\t\t\t\t\t\t\t\t\t\t\t\t\t\t\t\t\t<h4 class=\"oew-timeline-title\">\n\t\t\t\t\t\t\t\t\t\t\t\t\t<a href=\"https:\/\/archives.petiteceinture.org\/Histoire-de-la-Petite-Ceinture-ferroviaire-de-Paris-des-origines-a-1934.html\" title=\"Agrandissement de Paris, la capitale prend ses dimensions actuelles en int\u00e9grant les communes limitrophes\">Agrandissement de Paris, la capitale prend ses dimensions actuelles en int\u00e9grant les communes limitrophes<\/a>\n\t\t\t\t\t\t\t\t\t\t\t\t<\/h4>\n\t\t\t\t\t\t\t\t\t\t\t\t\t\t\t\t\t\t\t\t\t\t\t<ul class=\"oew-timeline-meta oew-timeline-hidden\">\n\t\t\t\t\t\t\t\t\t\t\t\t\t<li>1860<\/li>\n\t\t\t\t\t\t\t\t\t\t\t\t<\/ul>\n\t\t\t\t\t\t\t\t\t\t\t\t\t\t\t\t\t\t\t\t\t\t\t<div class=\"oew-timeline-excerpt\"><p>Paris s\u2019agrandit en absorbant les communes limitrophes situ\u00e9es \u00e0 l\u2019int\u00e9rieur de l\u2019enceinte de Thiers (construite entre 1841 et 1844). La ville prend ses dimensions actuelles.&nbsp;<\/p><\/div>\n\t\t\t\t\t\t\t\t\t\t\t\t\t\t\t\t\t\t\t\t\t\t\t<a href=\"https:\/\/archives.petiteceinture.org\/Histoire-de-la-Petite-Ceinture-ferroviaire-de-Paris-des-origines-a-1934.html\" class=\"oew-timeline-readmore button\">\n\t\t\t\t\t\t\t\t\t\t\t\t\t\n\t\t\t\t\t\t\t\t\t\t\t\t\tFind out&nbsp;more&nbsp;<span class=\"oew-button-icon oew-align-right\">\n\t\t\t\t\t\t\t\t\t\t\t\t\t\t\t<i aria-hidden=\"true\" class=\"fas fa-long-arrow-alt-right\"><\/i>\t\t\t\t\t\t\t\t\t\t\t\t\t\t<\/span>\n\t\t\t\t\t\t\t\t\t\t\t\t\t\t\t\t\t\t\t\t\t\t\t\t\t<\/a>\n\t\t\t\t\t\t\t\t\t\t\t\t\t\t\t\t\t\t\t  \t\t<\/div>\n\t\t\t\t\t\t\t\t\t<\/div>\n\t\t\t\t\t\t\t\t<\/div>\n\n\t\t\t\t\t\t\t<\/div>\n\t\t\t\t\t\t<\/div>\n\n\t\t\t\t\t  \t\n\t\t\t\t  \t\t<div class=\"oew-timeline-item oew-timeline-item-left\">\n\t\t\t\t  \t\t\t<div class=\"oew-timeline-item-wrap\">\n\n\t\t\t\t  \t\t\t\t<div class=\"oew-timeline-line\"><span><\/span><\/div>\n\n\t\t\t\t\t  \t\t\t<div class=\"oew-timeline-item-container\">\n\t\t\t\t\t  \t\t\t\t<div class=\"oew-timeline-icon oew-timeline-custom-icon\"><span><i aria-hidden=\"true\" class=\"fas fa-flag\"><\/i><\/span><\/div>\n\n\t\t\t\t\t\t  \t\t\t<div class=\"oew-timeline-item-main\">\n\t\t\t\t\t\t  \t\t\t\t<span class=\"oew-timeline-arrow\"><\/span>\n\n\t\t\t\t\t\t  \t\t\t\t\t\t\t\t\t\t\t\t\t  \t\t<div class=\"oew-timeline-thumbnail\">\n\t\t\t\t\t\t\t\t\t\t\t\t<a href=\"https:\/\/archives.petiteceinture.org\/Histoire-de-la-Petite-Ceinture-ferroviaire-de-Paris-des-origines-a-1934.html\" title=\"Ouverture du service voyageur entre l'Avenue de Clichy et la R\u00e2p\u00e9e-Bercy\">\n\t\t\t\t\t\t\t\t\t  \t\t\t\t<img decoding=\"async\" src=\"https:\/\/petiteceinture.org\/wp-content\/uploads\/2020\/07\/030t-ceinture-numero-25-la-rapee-bercy-800px-72dpi.jpg\" alt=\"Ouverture du service voyageur entre l'Avenue de Clichy et la R\u00e2p\u00e9e-Bercy\">\n\t\t\t\t\t\t\t\t\t  \t\t\t<\/a>\n\t\t\t\t\t\t\t\t\t  \t\t<\/div>\n\t\t\t\t\t\t\t\t  \t\t\n\t\t\t\t\t\t\t\t  \t\t<div class=\"oew-timeline-desc\">\n\t\t\t\t\t\t\t\t\t\t\t\t\t\t\t\t\t\t\t\t\t\t\t<h4 class=\"oew-timeline-title\">\n\t\t\t\t\t\t\t\t\t\t\t\t\t<a href=\"https:\/\/archives.petiteceinture.org\/Histoire-de-la-Petite-Ceinture-ferroviaire-de-Paris-des-origines-a-1934.html\" title=\"Ouverture du service voyageur entre l'Avenue de Clichy et la R\u00e2p\u00e9e-Bercy\">Ouverture du service voyageur entre l\u2019Avenue de Clichy et la R\u00e2p\u00e9e-Bercy<\/a>\n\t\t\t\t\t\t\t\t\t\t\t\t<\/h4>\n\t\t\t\t\t\t\t\t\t\t\t\t\t\t\t\t\t\t\t\t\t\t\t<ul class=\"oew-timeline-meta oew-timeline-hidden\">\n\t\t\t\t\t\t\t\t\t\t\t\t\t<li>14 juillet 1862<\/li>\n\t\t\t\t\t\t\t\t\t\t\t\t<\/ul>\n\t\t\t\t\t\t\t\t\t\t\t\t\t\t\t\t\t\t\t\t\t\t\t<div class=\"oew-timeline-excerpt\"><p>Inauguration du service voyageurs de la Petite Ceinture Rive Droite. Seules 5 gares sont desservies&nbsp;: Batignolles-Clichy, Belleville-Villette, M\u00e9nilmontant, Charonne et La R\u00e2p\u00e9e-Bercy. Les gare de l\u2019Avenue de Saint-Ouen et de Bel-Air ouvrent un an plus&nbsp;tard.&nbsp;<\/p><\/div>\n\t\t\t\t\t\t\t\t\t\t\t\t\t\t\t\t\t\t\t\t\t\t\t<a href=\"https:\/\/archives.petiteceinture.org\/Histoire-de-la-Petite-Ceinture-ferroviaire-de-Paris-des-origines-a-1934.html\" class=\"oew-timeline-readmore button\">\n\t\t\t\t\t\t\t\t\t\t\t\t\t\n\t\t\t\t\t\t\t\t\t\t\t\t\tFind out&nbsp;more&nbsp;<span class=\"oew-button-icon oew-align-right\">\n\t\t\t\t\t\t\t\t\t\t\t\t\t\t\t<i aria-hidden=\"true\" class=\"fas fa-long-arrow-alt-right\"><\/i>\t\t\t\t\t\t\t\t\t\t\t\t\t\t<\/span>\n\t\t\t\t\t\t\t\t\t\t\t\t\t\t\t\t\t\t\t\t\t\t\t\t\t<\/a>\n\t\t\t\t\t\t\t\t\t\t\t\t\t\t\t\t\t\t\t  \t\t<\/div>\n\t\t\t\t\t\t\t\t\t<\/div>\n\t\t\t\t\t\t\t\t<\/div>\n\n\t\t\t\t\t\t\t<\/div>\n\t\t\t\t\t\t<\/div>\n\n\t\t\t\t\t  \t\t\t\t\t\t  \t\t\t\t\t\t  \t\t\t<div class=\"oew-timeline-item\">\n\t\t\t\t\t\t  \t\t<div class=\"oew-timeline-date\"><span>14 juillet 1862<\/span><\/div>\n\t\t\t\t\t\t\t<\/div>\n\t\t\t\t\t\t\t\t\t\t\t\t\t<div class=\"oew-timeline-item\">\n\t\t\t\t\t\t  \t\t<div class=\"oew-timeline-date oew-timeline-date-right\"><span>25 f\u00e9vrier 1867<\/span><\/div>\n\t\t\t\t\t\t\t<\/div>\n\t\t\t\t\t\t\n\t\t\t\t  \t\t<div class=\"oew-timeline-item oew-timeline-item-right\">\n\t\t\t\t  \t\t\t<div class=\"oew-timeline-item-wrap\">\n\n\t\t\t\t  \t\t\t\t<div class=\"oew-timeline-line\"><span><\/span><\/div>\n\n\t\t\t\t\t  \t\t\t<div class=\"oew-timeline-item-container\">\n\t\t\t\t\t  \t\t\t\t<div class=\"oew-timeline-icon oew-timeline-custom-icon\"><span><i aria-hidden=\"true\" class=\"fas fa-flag\"><\/i><\/span><\/div>\n\n\t\t\t\t\t\t  \t\t\t<div class=\"oew-timeline-item-main\">\n\t\t\t\t\t\t  \t\t\t\t<span class=\"oew-timeline-arrow\"><\/span>\n\n\t\t\t\t\t\t  \t\t\t\t\t\t\t\t\t\t\t\t\t  \t\t<div class=\"oew-timeline-thumbnail\">\n\t\t\t\t\t\t\t\t\t\t\t\t<a href=\"https:\/\/archives.petiteceinture.org\/Histoire-de-la-Petite-Ceinture-ferroviaire-de-Paris-des-origines-a-1934.html\" title=\"Ouverture de la section Sud de la Petite Ceinture et raccordement avec la ligne d'Auteuil\">\n\t\t\t\t\t\t\t\t\t  \t\t\t\t<img decoding=\"async\" src=\"https:\/\/petiteceinture.org\/wp-content\/uploads\/2020\/07\/petite-ceinture-gare-du-point-du-jour---niveau-superieur-colorisee-vue-vers-l-est-800px-72dpi.jpg\" alt=\"Ouverture de la section Sud de la Petite Ceinture et raccordement avec la ligne d'Auteuil\">\n\t\t\t\t\t\t\t\t\t  \t\t\t<\/a>\n\t\t\t\t\t\t\t\t\t  \t\t<\/div>\n\t\t\t\t\t\t\t\t  \t\t\n\t\t\t\t\t\t\t\t  \t\t<div class=\"oew-timeline-desc\">\n\t\t\t\t\t\t\t\t\t\t\t\t\t\t\t\t\t\t\t\t\t\t\t<h4 class=\"oew-timeline-title\">\n\t\t\t\t\t\t\t\t\t\t\t\t\t<a href=\"https:\/\/archives.petiteceinture.org\/Histoire-de-la-Petite-Ceinture-ferroviaire-de-Paris-des-origines-a-1934.html\" title=\"Ouverture de la section Sud de la Petite Ceinture et raccordement avec la ligne d'Auteuil\">Ouverture de la section Sud de la Petite Ceinture et raccordement avec la ligne d\u2019Auteuil<\/a>\n\t\t\t\t\t\t\t\t\t\t\t\t<\/h4>\n\t\t\t\t\t\t\t\t\t\t\t\t\t\t\t\t\t\t\t\t\t\t\t<ul class=\"oew-timeline-meta oew-timeline-hidden\">\n\t\t\t\t\t\t\t\t\t\t\t\t\t<li>25 f\u00e9vrier 1867<\/li>\n\t\t\t\t\t\t\t\t\t\t\t\t<\/ul>\n\t\t\t\t\t\t\t\t\t\t\t\t\t\t\t\t\t\t\t\t\t\t\t<div class=\"oew-timeline-excerpt\"><p>Ouverture de la Petite Ceinture Rive Gauche. Elle relie les gares d\u2019Auteuil-Boulogne et de La R\u00e2p\u00e9e-Bercy en traversant tout le Sud de&nbsp;Paris.&nbsp;<\/p><p>Pour traverser la Seine, la Compagnie de l\u2019Ouest construit le pont-viaduc du Point-du-Jour, un superbe ouvrage de 175 m\u00e8tres de&nbsp;long.<\/p><\/div>\n\t\t\t\t\t\t\t\t\t\t\t\t\t\t\t\t\t\t\t\t\t\t\t<a href=\"https:\/\/archives.petiteceinture.org\/Histoire-de-la-Petite-Ceinture-ferroviaire-de-Paris-des-origines-a-1934.html\" class=\"oew-timeline-readmore button\">\n\t\t\t\t\t\t\t\t\t\t\t\t\t\n\t\t\t\t\t\t\t\t\t\t\t\t\tFind out&nbsp;more&nbsp;<span class=\"oew-button-icon oew-align-right\">\n\t\t\t\t\t\t\t\t\t\t\t\t\t\t\t<i aria-hidden=\"true\" class=\"fas fa-long-arrow-alt-right\"><\/i>\t\t\t\t\t\t\t\t\t\t\t\t\t\t<\/span>\n\t\t\t\t\t\t\t\t\t\t\t\t\t\t\t\t\t\t\t\t\t\t\t\t\t<\/a>\n\t\t\t\t\t\t\t\t\t\t\t\t\t\t\t\t\t\t\t  \t\t<\/div>\n\t\t\t\t\t\t\t\t\t<\/div>\n\t\t\t\t\t\t\t\t<\/div>\n\n\t\t\t\t\t\t\t<\/div>\n\t\t\t\t\t\t<\/div>\n\n\t\t\t\t\t  \t\n\t\t\t\t  \t\t<div class=\"oew-timeline-item oew-timeline-item-left\">\n\t\t\t\t  \t\t\t<div class=\"oew-timeline-item-wrap\">\n\n\t\t\t\t  \t\t\t\t<div class=\"oew-timeline-line\"><span><\/span><\/div>\n\n\t\t\t\t\t  \t\t\t<div class=\"oew-timeline-item-container\">\n\t\t\t\t\t  \t\t\t\t<div class=\"oew-timeline-icon oew-timeline-custom-icon\"><span><i aria-hidden=\"true\" class=\"fas fa-flag\"><\/i><\/span><\/div>\n\n\t\t\t\t\t\t  \t\t\t<div class=\"oew-timeline-item-main\">\n\t\t\t\t\t\t  \t\t\t\t<span class=\"oew-timeline-arrow\"><\/span>\n\n\t\t\t\t\t\t  \t\t\t\t\t\t\t\t\t\t\t\t\t  \t\t<div class=\"oew-timeline-thumbnail\">\n\t\t\t\t\t\t\t\t\t\t\t\t<a href=\"https:\/\/archives.petiteceinture.org\/Histoire-de-la-Petite-Ceinture-ferroviaire-de-Paris-des-origines-a-1934.html\" title=\"Ouverture du raccordement de Grenelle et de la 1e gare du Champ de Marspour la desserte de l'Exposition universelle\">\n\t\t\t\t\t\t\t\t\t  \t\t\t\t<img decoding=\"async\" src=\"https:\/\/petiteceinture.org\/wp-content\/uploads\/2020\/11\/gare-champ-de-mars-1867-web.jpg\" alt=\"Ouverture du raccordement de Grenelle et de la 1e gare du Champ de Marspour la desserte de l'Exposition universelle\">\n\t\t\t\t\t\t\t\t\t  \t\t\t<\/a>\n\t\t\t\t\t\t\t\t\t  \t\t<\/div>\n\t\t\t\t\t\t\t\t  \t\t\n\t\t\t\t\t\t\t\t  \t\t<div class=\"oew-timeline-desc\">\n\t\t\t\t\t\t\t\t\t\t\t\t\t\t\t\t\t\t\t\t\t\t\t<h4 class=\"oew-timeline-title\">\n\t\t\t\t\t\t\t\t\t\t\t\t\t<a href=\"https:\/\/archives.petiteceinture.org\/Histoire-de-la-Petite-Ceinture-ferroviaire-de-Paris-des-origines-a-1934.html\" title=\"Ouverture du raccordement de Grenelle et de la 1e gare du Champ de Marspour la desserte de l'Exposition universelle\">Ouverture du raccordement de Grenelle et de la 1<sup class=\"ordinal\">e<\/sup> gare du Champ de Marspour la desserte de l\u2019Exposition universelle<\/a>\n\t\t\t\t\t\t\t\t\t\t\t\t<\/h4>\n\t\t\t\t\t\t\t\t\t\t\t\t\t\t\t\t\t\t\t\t\t\t\t<ul class=\"oew-timeline-meta oew-timeline-hidden\">\n\t\t\t\t\t\t\t\t\t\t\t\t\t<li>1867<\/li>\n\t\t\t\t\t\t\t\t\t\t\t\t<\/ul>\n\t\t\t\t\t\t\t\t\t\t\t\t\t\t\t\t\t\t\t\t\t\t\t<div class=\"oew-timeline-excerpt\"><p>La gare et le raccordement sont emprunt\u00e9s par des trains en provenance de la gare Saint-Lazare (via la gare de Grenelle). \u00c0 la fin de l\u2019Exposition, les installations sont enti\u00e8rement d\u00e9mont\u00e9es.<\/p><\/div>\n\t\t\t\t\t\t\t\t\t\t\t\t\t\t\t\t\t\t\t\t\t\t\t<a href=\"https:\/\/archives.petiteceinture.org\/Histoire-de-la-Petite-Ceinture-ferroviaire-de-Paris-des-origines-a-1934.html\" class=\"oew-timeline-readmore button\">\n\t\t\t\t\t\t\t\t\t\t\t\t\t\n\t\t\t\t\t\t\t\t\t\t\t\t\tFind out&nbsp;more&nbsp;<span class=\"oew-button-icon oew-align-right\">\n\t\t\t\t\t\t\t\t\t\t\t\t\t\t\t<i aria-hidden=\"true\" class=\"fas fa-long-arrow-alt-right\"><\/i>\t\t\t\t\t\t\t\t\t\t\t\t\t\t<\/span>\n\t\t\t\t\t\t\t\t\t\t\t\t\t\t\t\t\t\t\t\t\t\t\t\t\t<\/a>\n\t\t\t\t\t\t\t\t\t\t\t\t\t\t\t\t\t\t\t  \t\t<\/div>\n\t\t\t\t\t\t\t\t\t<\/div>\n\t\t\t\t\t\t\t\t<\/div>\n\n\t\t\t\t\t\t\t<\/div>\n\t\t\t\t\t\t<\/div>\n\n\t\t\t\t\t  \t\t\t\t\t\t  \t\t\t\t\t\t  \t\t\t<div class=\"oew-timeline-item\">\n\t\t\t\t\t\t  \t\t<div class=\"oew-timeline-date\"><span>1867<\/span><\/div>\n\t\t\t\t\t\t\t<\/div>\n\t\t\t\t\t\t\t\t\t\t\t\t\t<div class=\"oew-timeline-item\">\n\t\t\t\t\t\t  \t\t<div class=\"oew-timeline-date oew-timeline-date-right\"><span>25 mars&nbsp;1869<\/span><\/div>\n\t\t\t\t\t\t\t<\/div>\n\t\t\t\t\t\t\n\t\t\t\t  \t\t<div class=\"oew-timeline-item oew-timeline-item-right\">\n\t\t\t\t  \t\t\t<div class=\"oew-timeline-item-wrap\">\n\n\t\t\t\t  \t\t\t\t<div class=\"oew-timeline-line\"><span><\/span><\/div>\n\n\t\t\t\t\t  \t\t\t<div class=\"oew-timeline-item-container\">\n\t\t\t\t\t  \t\t\t\t<div class=\"oew-timeline-icon oew-timeline-custom-icon\"><span><i aria-hidden=\"true\" class=\"fas fa-flag\"><\/i><\/span><\/div>\n\n\t\t\t\t\t\t  \t\t\t<div class=\"oew-timeline-item-main\">\n\t\t\t\t\t\t  \t\t\t\t<span class=\"oew-timeline-arrow\"><\/span>\n\n\t\t\t\t\t\t  \t\t\t\t\t\t\t\t\t\t\t\t\t  \t\t<div class=\"oew-timeline-thumbnail\">\n\t\t\t\t\t\t\t\t\t\t\t\t<a href=\"https:\/\/archives.petiteceinture.org\/Histoire-de-la-Petite-Ceinture-ferroviaire-de-Paris-des-origines-a-1934.html\" title=\"Ouverture du raccordement de Courcelles et de la station Courcelles-Ceinture : la boucle est boucl\u00e9e\">\n\t\t\t\t\t\t\t\t\t  \t\t\t\t<img decoding=\"async\" src=\"https:\/\/petiteceinture.org\/wp-content\/uploads\/2020\/07\/petite-ceinture-courcelles-ceinture-2.jpg\" alt=\"Ouverture du raccordement de Courcelles et de la station Courcelles-Ceinture : la boucle est boucl\u00e9e\">\n\t\t\t\t\t\t\t\t\t  \t\t\t<\/a>\n\t\t\t\t\t\t\t\t\t  \t\t<\/div>\n\t\t\t\t\t\t\t\t  \t\t\n\t\t\t\t\t\t\t\t  \t\t<div class=\"oew-timeline-desc\">\n\t\t\t\t\t\t\t\t\t\t\t\t\t\t\t\t\t\t\t\t\t\t\t<h4 class=\"oew-timeline-title\">\n\t\t\t\t\t\t\t\t\t\t\t\t\t<a href=\"https:\/\/archives.petiteceinture.org\/Histoire-de-la-Petite-Ceinture-ferroviaire-de-Paris-des-origines-a-1934.html\" title=\"Ouverture du raccordement de Courcelles et de la station Courcelles-Ceinture : la boucle est boucl\u00e9e\">Ouverture du raccordement de Courcelles et de la station Courcelles-Ceinture&nbsp;: la boucle est boucl\u00e9e<\/a>\n\t\t\t\t\t\t\t\t\t\t\t\t<\/h4>\n\t\t\t\t\t\t\t\t\t\t\t\t\t\t\t\t\t\t\t\t\t\t\t<ul class=\"oew-timeline-meta oew-timeline-hidden\">\n\t\t\t\t\t\t\t\t\t\t\t\t\t<li>25 mars&nbsp;1869<\/li>\n\t\t\t\t\t\t\t\t\t\t\t\t<\/ul>\n\t\t\t\t\t\t\t\t\t\t\t\t\t\t\t\t\t\t\t\t\t\t\t<div class=\"oew-timeline-excerpt\"><p>Inauguration du raccordement de Courcelles. Situ\u00e9 entre les gares de l\u2019Avenue de Clichy et de Courcelles-Levallois, il permet aux trains de faire tout le tour de la capitale.&nbsp;<\/p><p>La nouvelle gare de Courcelles-Ceinture devient l\u2019un des centres n\u00e9vralgiques de la Petite Ceinture.&nbsp;<\/p><\/div>\n\t\t\t\t\t\t\t\t\t\t\t\t\t\t\t\t\t\t\t\t\t\t\t<a href=\"https:\/\/archives.petiteceinture.org\/Histoire-de-la-Petite-Ceinture-ferroviaire-de-Paris-des-origines-a-1934.html\" class=\"oew-timeline-readmore button\">\n\t\t\t\t\t\t\t\t\t\t\t\t\t\n\t\t\t\t\t\t\t\t\t\t\t\t\tFind out&nbsp;more&nbsp;<span class=\"oew-button-icon oew-align-right\">\n\t\t\t\t\t\t\t\t\t\t\t\t\t\t\t<i aria-hidden=\"true\" class=\"fas fa-long-arrow-alt-right\"><\/i>\t\t\t\t\t\t\t\t\t\t\t\t\t\t<\/span>\n\t\t\t\t\t\t\t\t\t\t\t\t\t\t\t\t\t\t\t\t\t\t\t\t\t<\/a>\n\t\t\t\t\t\t\t\t\t\t\t\t\t\t\t\t\t\t\t  \t\t<\/div>\n\t\t\t\t\t\t\t\t\t<\/div>\n\t\t\t\t\t\t\t\t<\/div>\n\n\t\t\t\t\t\t\t<\/div>\n\t\t\t\t\t\t<\/div>\n\n\t\t\t\t\t  \t\n\t\t\t\t  \t\t<div class=\"oew-timeline-item oew-timeline-item-left\">\n\t\t\t\t  \t\t\t<div class=\"oew-timeline-item-wrap\">\n\n\t\t\t\t  \t\t\t\t<div class=\"oew-timeline-line\"><span><\/span><\/div>\n\n\t\t\t\t\t  \t\t\t<div class=\"oew-timeline-item-container\">\n\t\t\t\t\t  \t\t\t\t<div class=\"oew-timeline-icon oew-timeline-custom-icon\"><span><i aria-hidden=\"true\" class=\"fas fa-file-alt\"><\/i><\/span><\/div>\n\n\t\t\t\t\t\t  \t\t\t<div class=\"oew-timeline-item-main\">\n\t\t\t\t\t\t  \t\t\t\t<span class=\"oew-timeline-arrow\"><\/span>\n\n\t\t\t\t\t\t  \t\t\t\t\t\t\t\t\t\t\t\t\t  \t\t<div class=\"oew-timeline-thumbnail\">\n\t\t\t\t\t\t\t\t\t\t\t\t<a href=\"https:\/\/archives.petiteceinture.org\/Conference-projection-sur-la-gare-Lisch-du-Champs-de-Mars.html\" title=\"Reconstruction du raccordement de Grenelle et de la gare du Champ de Mars pour l'Exposition universelle\">\n\t\t\t\t\t\t\t\t\t  \t\t\t\t<img decoding=\"async\" src=\"https:\/\/petiteceinture.org\/wp-content\/uploads\/2020\/11\/gare-du-champ-de-mars-1878-chromo.jpg\" alt=\"Reconstruction du raccordement de Grenelle et de la gare du Champ de Mars pour l'Exposition universelle\">\n\t\t\t\t\t\t\t\t\t  \t\t\t<\/a>\n\t\t\t\t\t\t\t\t\t  \t\t<\/div>\n\t\t\t\t\t\t\t\t  \t\t\n\t\t\t\t\t\t\t\t  \t\t<div class=\"oew-timeline-desc\">\n\t\t\t\t\t\t\t\t\t\t\t\t\t\t\t\t\t\t\t\t\t\t\t<h4 class=\"oew-timeline-title\">\n\t\t\t\t\t\t\t\t\t\t\t\t\t<a href=\"https:\/\/archives.petiteceinture.org\/Conference-projection-sur-la-gare-Lisch-du-Champs-de-Mars.html\" title=\"Reconstruction du raccordement de Grenelle et de la gare du Champ de Mars pour l'Exposition universelle\">Reconstruction du raccordement de Grenelle et de la gare du Champ de Mars pour l\u2019Exposition universelle<\/a>\n\t\t\t\t\t\t\t\t\t\t\t\t<\/h4>\n\t\t\t\t\t\t\t\t\t\t\t\t\t\t\t\t\t\t\t\t\t\t\t<ul class=\"oew-timeline-meta oew-timeline-hidden\">\n\t\t\t\t\t\t\t\t\t\t\t\t\t<li>1878<\/li>\n\t\t\t\t\t\t\t\t\t\t\t\t<\/ul>\n\t\t\t\t\t\t\t\t\t\t\t\t\t\t\t\t\t\t\t\t\t\t\t<div class=\"oew-timeline-excerpt\"><p>\u00c0 l\u2019occasion de l\u2019Exposition universelle de 1878, le raccordement de Grenelle et la gare du Champ de Mars sont reconstruits. La gare est con\u00e7ue par l\u2019architecte Juste Lisch (qui construira plus tard la gare des Invalides et la gare Saint-Lazare, entre autres).<\/p><\/div>\n\t\t\t\t\t\t\t\t\t\t\t\t\t\t\t\t\t\t\t\t\t\t\t<a href=\"https:\/\/archives.petiteceinture.org\/Conference-projection-sur-la-gare-Lisch-du-Champs-de-Mars.html\" class=\"oew-timeline-readmore button\">\n\t\t\t\t\t\t\t\t\t\t\t\t\t\n\t\t\t\t\t\t\t\t\t\t\t\t\tFind out&nbsp;more&nbsp;<span class=\"oew-button-icon oew-align-right\">\n\t\t\t\t\t\t\t\t\t\t\t\t\t\t\t<i aria-hidden=\"true\" class=\"fas fa-long-arrow-alt-right\"><\/i>\t\t\t\t\t\t\t\t\t\t\t\t\t\t<\/span>\n\t\t\t\t\t\t\t\t\t\t\t\t\t\t\t\t\t\t\t\t\t\t\t\t\t<\/a>\n\t\t\t\t\t\t\t\t\t\t\t\t\t\t\t\t\t\t\t  \t\t<\/div>\n\t\t\t\t\t\t\t\t\t<\/div>\n\t\t\t\t\t\t\t\t<\/div>\n\n\t\t\t\t\t\t\t<\/div>\n\t\t\t\t\t\t<\/div>\n\n\t\t\t\t\t  \t\t\t\t\t\t  \t\t\t\t\t\t  \t\t\t<div class=\"oew-timeline-item\">\n\t\t\t\t\t\t  \t\t<div class=\"oew-timeline-date\"><span>1878<\/span><\/div>\n\t\t\t\t\t\t\t<\/div>\n\t\t\t\t\t\t\t\t\t\t\t\t\t<div class=\"oew-timeline-item\">\n\t\t\t\t\t\t  \t\t<div class=\"oew-timeline-date oew-timeline-date-right\"><span>1886\u200a\u2013\u200a1889<\/span><\/div>\n\t\t\t\t\t\t\t<\/div>\n\t\t\t\t\t\t\n\t\t\t\t  \t\t<div class=\"oew-timeline-item oew-timeline-item-right\">\n\t\t\t\t  \t\t\t<div class=\"oew-timeline-item-wrap\">\n\n\t\t\t\t  \t\t\t\t<div class=\"oew-timeline-line\"><span><\/span><\/div>\n\n\t\t\t\t\t  \t\t\t<div class=\"oew-timeline-item-container\">\n\t\t\t\t\t  \t\t\t\t<div class=\"oew-timeline-icon oew-timeline-custom-icon\"><span><i aria-hidden=\"true\" class=\"fas fa-traffic-light\"><\/i><\/span><\/div>\n\n\t\t\t\t\t\t  \t\t\t<div class=\"oew-timeline-item-main\">\n\t\t\t\t\t\t  \t\t\t\t<span class=\"oew-timeline-arrow\"><\/span>\n\n\t\t\t\t\t\t  \t\t\t\t\t\t\t\t\t\t\t\t\t  \t\t<div class=\"oew-timeline-thumbnail\">\n\t\t\t\t\t\t\t\t\t\t\t\t<a href=\"https:\/\/archives.petiteceinture.org\/Visite-du-President-de-la.html\" title=\"Suppression des passages \u00e0 niveau de la Petite Ceinture Rive Droite\">\n\t\t\t\t\t\t\t\t\t  \t\t\t\t<img decoding=\"async\" src=\"https:\/\/petiteceinture.org\/wp-content\/uploads\/2020\/07\/petite-ceinture-suppression-passages-a-niveau.jpg\" alt=\"Suppression des passages \u00e0 niveau de la Petite Ceinture Rive Droite\">\n\t\t\t\t\t\t\t\t\t  \t\t\t<\/a>\n\t\t\t\t\t\t\t\t\t  \t\t<\/div>\n\t\t\t\t\t\t\t\t  \t\t\n\t\t\t\t\t\t\t\t  \t\t<div class=\"oew-timeline-desc\">\n\t\t\t\t\t\t\t\t\t\t\t\t\t\t\t\t\t\t\t\t\t\t\t<h4 class=\"oew-timeline-title\">\n\t\t\t\t\t\t\t\t\t\t\t\t\t<a href=\"https:\/\/archives.petiteceinture.org\/Visite-du-President-de-la.html\" title=\"Suppression des passages \u00e0 niveau de la Petite Ceinture Rive Droite\">Suppression des passages \u00e0 niveau de la Petite Ceinture Rive Droite<\/a>\n\t\t\t\t\t\t\t\t\t\t\t\t<\/h4>\n\t\t\t\t\t\t\t\t\t\t\t\t\t\t\t\t\t\t\t\t\t\t\t<ul class=\"oew-timeline-meta oew-timeline-hidden\">\n\t\t\t\t\t\t\t\t\t\t\t\t\t<li>1886\u200a\u2013\u200a1889<\/li>\n\t\t\t\t\t\t\t\t\t\t\t\t<\/ul>\n\t\t\t\t\t\t\t\t\t\t\t\t\t\t\t\t\t\t\t\t\t\t\t<div class=\"oew-timeline-excerpt\"><p>En vue de l\u2019Exposition Universelle de 1889 (et pour r\u00e9duire les risques d\u2019accidents), les passages de la section Rive Droite sont supprim\u00e9s. Les travaux sont men\u00e9s sans interruption du trafic. Plusieurs gares sont reconstruites \u00e0 cette occasion.<\/p><\/div>\n\t\t\t\t\t\t\t\t\t\t\t\t\t\t\t\t\t\t\t\t\t\t\t<a href=\"https:\/\/archives.petiteceinture.org\/Visite-du-President-de-la.html\" class=\"oew-timeline-readmore button\">\n\t\t\t\t\t\t\t\t\t\t\t\t\t\n\t\t\t\t\t\t\t\t\t\t\t\t\tFind out&nbsp;more&nbsp;<span class=\"oew-button-icon oew-align-right\">\n\t\t\t\t\t\t\t\t\t\t\t\t\t\t\t<i aria-hidden=\"true\" class=\"fas fa-long-arrow-alt-right\"><\/i>\t\t\t\t\t\t\t\t\t\t\t\t\t\t<\/span>\n\t\t\t\t\t\t\t\t\t\t\t\t\t\t\t\t\t\t\t\t\t\t\t\t\t<\/a>\n\t\t\t\t\t\t\t\t\t\t\t\t\t\t\t\t\t\t\t  \t\t<\/div>\n\t\t\t\t\t\t\t\t\t<\/div>\n\t\t\t\t\t\t\t\t<\/div>\n\n\t\t\t\t\t\t\t<\/div>\n\t\t\t\t\t\t<\/div>\n\n\t\t\t\t\t  \t\n\t\t\t\t  \t\t<div class=\"oew-timeline-item oew-timeline-item-left\">\n\t\t\t\t  \t\t\t<div class=\"oew-timeline-item-wrap\">\n\n\t\t\t\t  \t\t\t\t<div class=\"oew-timeline-line\"><span><\/span><\/div>\n\n\t\t\t\t\t  \t\t\t<div class=\"oew-timeline-item-container\">\n\t\t\t\t\t  \t\t\t\t<div class=\"oew-timeline-icon oew-timeline-custom-icon\"><span><i aria-hidden=\"true\" class=\"fas fa-flag\"><\/i><\/span><\/div>\n\n\t\t\t\t\t\t  \t\t\t<div class=\"oew-timeline-item-main\">\n\t\t\t\t\t\t  \t\t\t\t<span class=\"oew-timeline-arrow\"><\/span>\n\n\t\t\t\t\t\t  \t\t\t\t\t\t\t\t\t\t\t\t\t  \t\t<div class=\"oew-timeline-thumbnail\">\n\t\t\t\t\t\t\t\t\t\t\t\t<a href=\"https:\/\/archives.petiteceinture.org\/Conference-projection-sur-la-gare-Lisch-du-Champs-de-Mars.html\" title=\"Exposition universelle de 1889\">\n\t\t\t\t\t\t\t\t\t  \t\t\t\t<img decoding=\"async\" src=\"https:\/\/petiteceinture.org\/wp-content\/uploads\/2020\/11\/gare-champ-de-mars-1889-tour-eiffel-hd.jpg\" alt=\"Exposition universelle de 1889\">\n\t\t\t\t\t\t\t\t\t  \t\t\t<\/a>\n\t\t\t\t\t\t\t\t\t  \t\t<\/div>\n\t\t\t\t\t\t\t\t  \t\t\n\t\t\t\t\t\t\t\t  \t\t<div class=\"oew-timeline-desc\">\n\t\t\t\t\t\t\t\t\t\t\t\t\t\t\t\t\t\t\t\t\t\t\t<h4 class=\"oew-timeline-title\">\n\t\t\t\t\t\t\t\t\t\t\t\t\t<a href=\"https:\/\/archives.petiteceinture.org\/Conference-projection-sur-la-gare-Lisch-du-Champs-de-Mars.html\" title=\"Exposition universelle de 1889\">Exposition universelle de&nbsp;1889<\/a>\n\t\t\t\t\t\t\t\t\t\t\t\t<\/h4>\n\t\t\t\t\t\t\t\t\t\t\t\t\t\t\t\t\t\t\t\t\t\t\t<ul class=\"oew-timeline-meta oew-timeline-hidden\">\n\t\t\t\t\t\t\t\t\t\t\t\t\t<li>6 mai \u2013 31 octobre 1889<\/li>\n\t\t\t\t\t\t\t\t\t\t\t\t<\/ul>\n\t\t\t\t\t\t\t\t\t\t\t\t\t\t\t\t\t\t\t\t\t\t\t<div class=\"oew-timeline-excerpt\"><p>L\u2019Exposition universelle de 1889 met de nouveau la Petite Ceinture \u00e0 contribution. Point notable&nbsp;: la gare du Champ de Mars est situ\u00e9e aux pieds de la toute nouvelle Tour Eiffel.&nbsp;<\/p><\/div>\n\t\t\t\t\t\t\t\t\t\t\t\t\t\t\t\t\t\t\t\t\t\t\t<a href=\"https:\/\/archives.petiteceinture.org\/Conference-projection-sur-la-gare-Lisch-du-Champs-de-Mars.html\" class=\"oew-timeline-readmore button\">\n\t\t\t\t\t\t\t\t\t\t\t\t\t\n\t\t\t\t\t\t\t\t\t\t\t\t\tFind out&nbsp;more&nbsp;<span class=\"oew-button-icon oew-align-right\">\n\t\t\t\t\t\t\t\t\t\t\t\t\t\t\t<i aria-hidden=\"true\" class=\"fas fa-long-arrow-alt-right\"><\/i>\t\t\t\t\t\t\t\t\t\t\t\t\t\t<\/span>\n\t\t\t\t\t\t\t\t\t\t\t\t\t\t\t\t\t\t\t\t\t\t\t\t\t<\/a>\n\t\t\t\t\t\t\t\t\t\t\t\t\t\t\t\t\t\t\t  \t\t<\/div>\n\t\t\t\t\t\t\t\t\t<\/div>\n\t\t\t\t\t\t\t\t<\/div>\n\n\t\t\t\t\t\t\t<\/div>\n\t\t\t\t\t\t<\/div>\n\n\t\t\t\t\t  \t\t\t\t\t\t  \t\t\t\t\t\t  \t\t\t<div class=\"oew-timeline-item\">\n\t\t\t\t\t\t  \t\t<div class=\"oew-timeline-date\"><span>6 mai \u2013 31 octobre 1889<\/span><\/div>\n\t\t\t\t\t\t\t<\/div>\n\t\t\t\t\t\t\t\t\t\t\t\t\t<div class=\"oew-timeline-item\">\n\t\t\t\t\t\t  \t\t<div class=\"oew-timeline-date oew-timeline-date-right\"><span>1<sup class=\"ordinal\">er<\/sup> ao\u00fbt&nbsp;1893<\/span><\/div>\n\t\t\t\t\t\t\t<\/div>\n\t\t\t\t\t\t\n\t\t\t\t  \t\t<div class=\"oew-timeline-item oew-timeline-item-right\">\n\t\t\t\t  \t\t\t<div class=\"oew-timeline-item-wrap\">\n\n\t\t\t\t  \t\t\t\t<div class=\"oew-timeline-line\"><span><\/span><\/div>\n\n\t\t\t\t\t  \t\t\t<div class=\"oew-timeline-item-container\">\n\t\t\t\t\t  \t\t\t\t<div class=\"oew-timeline-icon oew-timeline-custom-icon\"><span><i aria-hidden=\"true\" class=\"fas fa-user-check\"><\/i><\/span><\/div>\n\n\t\t\t\t\t\t  \t\t\t<div class=\"oew-timeline-item-main\">\n\t\t\t\t\t\t  \t\t\t\t<span class=\"oew-timeline-arrow\"><\/span>\n\n\t\t\t\t\t\t  \t\t\t\t\t\t\t\t\t\t\t\t\t  \t\t<div class=\"oew-timeline-thumbnail\">\n\t\t\t\t\t\t\t\t\t\t\t\t<a href=\"https:\/\/archives.petiteceinture.org\/Le-service-circulaire-de-la-Compagnie-du-Nord.html\" title=\"D\u00e9but du service circulaire de la Compagnie du Nord\">\n\t\t\t\t\t\t\t\t\t  \t\t\t\t<img decoding=\"async\" src=\"https:\/\/petiteceinture.org\/wp-content\/uploads\/2020\/07\/petite-ceinture-station-pont-marcadet.jpg\" alt=\"D\u00e9but du service circulaire de la Compagnie du Nord\">\n\t\t\t\t\t\t\t\t\t  \t\t\t<\/a>\n\t\t\t\t\t\t\t\t\t  \t\t<\/div>\n\t\t\t\t\t\t\t\t  \t\t\n\t\t\t\t\t\t\t\t  \t\t<div class=\"oew-timeline-desc\">\n\t\t\t\t\t\t\t\t\t\t\t\t\t\t\t\t\t\t\t\t\t\t\t<h4 class=\"oew-timeline-title\">\n\t\t\t\t\t\t\t\t\t\t\t\t\t<a href=\"https:\/\/archives.petiteceinture.org\/Le-service-circulaire-de-la-Compagnie-du-Nord.html\" title=\"D\u00e9but du service circulaire de la Compagnie du Nord\">D\u00e9but du service circulaire de la Compagnie du&nbsp;Nord<\/a>\n\t\t\t\t\t\t\t\t\t\t\t\t<\/h4>\n\t\t\t\t\t\t\t\t\t\t\t\t\t\t\t\t\t\t\t\t\t\t\t<ul class=\"oew-timeline-meta oew-timeline-hidden\">\n\t\t\t\t\t\t\t\t\t\t\t\t\t<li>1<sup class=\"ordinal\">er<\/sup> ao\u00fbt&nbsp;1893<\/li>\n\t\t\t\t\t\t\t\t\t\t\t\t<\/ul>\n\t\t\t\t\t\t\t\t\t\t\t\t\t\t\t\t\t\t\t\t\t\t\t<div class=\"oew-timeline-excerpt\"><p>Ouverture du service circulaire de la Compagnie du Nord. Il s\u2019agit de l\u2019un des tout premiers chemins de fer m\u00e9tropolitains de&nbsp;Paris.&nbsp;<\/p><\/div>\n\t\t\t\t\t\t\t\t\t\t\t\t\t\t\t\t\t\t\t\t\t\t\t<a href=\"https:\/\/archives.petiteceinture.org\/Le-service-circulaire-de-la-Compagnie-du-Nord.html\" class=\"oew-timeline-readmore button\">\n\t\t\t\t\t\t\t\t\t\t\t\t\t\n\t\t\t\t\t\t\t\t\t\t\t\t\tFind out&nbsp;more&nbsp;<span class=\"oew-button-icon oew-align-right\">\n\t\t\t\t\t\t\t\t\t\t\t\t\t\t\t<i aria-hidden=\"true\" class=\"fas fa-long-arrow-alt-right\"><\/i>\t\t\t\t\t\t\t\t\t\t\t\t\t\t<\/span>\n\t\t\t\t\t\t\t\t\t\t\t\t\t\t\t\t\t\t\t\t\t\t\t\t\t<\/a>\n\t\t\t\t\t\t\t\t\t\t\t\t\t\t\t\t\t\t\t  \t\t<\/div>\n\t\t\t\t\t\t\t\t\t<\/div>\n\t\t\t\t\t\t\t\t<\/div>\n\n\t\t\t\t\t\t\t<\/div>\n\t\t\t\t\t\t<\/div>\n\n\t\t\t\t\t  \t\n\t\t\t\t  \t\t<div class=\"oew-timeline-item oew-timeline-item-left\">\n\t\t\t\t  \t\t\t<div class=\"oew-timeline-item-wrap\">\n\n\t\t\t\t  \t\t\t\t<div class=\"oew-timeline-line\"><span><\/span><\/div>\n\n\t\t\t\t\t  \t\t\t<div class=\"oew-timeline-item-container\">\n\t\t\t\t\t  \t\t\t\t<div class=\"oew-timeline-icon oew-timeline-custom-icon\"><span><i aria-hidden=\"true\" class=\"fas fa-flag\"><\/i><\/span><\/div>\n\n\t\t\t\t\t\t  \t\t\t<div class=\"oew-timeline-item-main\">\n\t\t\t\t\t\t  \t\t\t\t<span class=\"oew-timeline-arrow\"><\/span>\n\n\t\t\t\t\t\t  \t\t\t\t\t\t\t\t\t\t\t\t\t  \t\t<div class=\"oew-timeline-thumbnail\">\n\t\t\t\t\t\t\t\t\t\t\t\t<a href=\"https:\/\/archives.petiteceinture.org\/Le-service-metropolitain-de-la-539.html\" title=\"Ouverture du raccordement de Boulainvilliers\">\n\t\t\t\t\t\t\t\t\t  \t\t\t\t<img decoding=\"async\" src=\"https:\/\/petiteceinture.org\/wp-content\/uploads\/2020\/07\/petite-ceinture-raccordement-boulainvilliers.jpg\" alt=\"Ouverture du raccordement de Boulainvilliers\">\n\t\t\t\t\t\t\t\t\t  \t\t\t<\/a>\n\t\t\t\t\t\t\t\t\t  \t\t<\/div>\n\t\t\t\t\t\t\t\t  \t\t\n\t\t\t\t\t\t\t\t  \t\t<div class=\"oew-timeline-desc\">\n\t\t\t\t\t\t\t\t\t\t\t\t\t\t\t\t\t\t\t\t\t\t\t<h4 class=\"oew-timeline-title\">\n\t\t\t\t\t\t\t\t\t\t\t\t\t<a href=\"https:\/\/archives.petiteceinture.org\/Le-service-metropolitain-de-la-539.html\" title=\"Ouverture du raccordement de Boulainvilliers\">Ouverture du raccordement de Boulainvilliers<\/a>\n\t\t\t\t\t\t\t\t\t\t\t\t<\/h4>\n\t\t\t\t\t\t\t\t\t\t\t\t\t\t\t\t\t\t\t\t\t\t\t<ul class=\"oew-timeline-meta oew-timeline-hidden\">\n\t\t\t\t\t\t\t\t\t\t\t\t\t<li>12 avril&nbsp;1900<\/li>\n\t\t\t\t\t\t\t\t\t\t\t\t<\/ul>\n\t\t\t\t\t\t\t\t\t\t\t\t\t\t\t\t\t\t\t\t\t\t\t<div class=\"oew-timeline-excerpt\"><p>Afin de desservir l\u2019occasion de l\u2019Exposition universelle de 1900, le raccordement de Boulainvilliers est mis en service le 12 avril 1900. Il permet aux trains de relier la gare Saint-Lazare et celle du Champ-de-Mars en 1\/4h seulement.<\/p><\/div>\n\t\t\t\t\t\t\t\t\t\t\t\t\t\t\t\t\t\t\t\t\t\t\t<a href=\"https:\/\/archives.petiteceinture.org\/Le-service-metropolitain-de-la-539.html\" class=\"oew-timeline-readmore button\">\n\t\t\t\t\t\t\t\t\t\t\t\t\t\n\t\t\t\t\t\t\t\t\t\t\t\t\tFind out&nbsp;more&nbsp;<span class=\"oew-button-icon oew-align-right\">\n\t\t\t\t\t\t\t\t\t\t\t\t\t\t\t<i aria-hidden=\"true\" class=\"fas fa-long-arrow-alt-right\"><\/i>\t\t\t\t\t\t\t\t\t\t\t\t\t\t<\/span>\n\t\t\t\t\t\t\t\t\t\t\t\t\t\t\t\t\t\t\t\t\t\t\t\t\t<\/a>\n\t\t\t\t\t\t\t\t\t\t\t\t\t\t\t\t\t\t\t  \t\t<\/div>\n\t\t\t\t\t\t\t\t\t<\/div>\n\t\t\t\t\t\t\t\t<\/div>\n\n\t\t\t\t\t\t\t<\/div>\n\t\t\t\t\t\t<\/div>\n\n\t\t\t\t\t  \t\t\t\t\t\t  \t\t\t\t\t\t  \t\t\t<div class=\"oew-timeline-item\">\n\t\t\t\t\t\t  \t\t<div class=\"oew-timeline-date\"><span>12 avril&nbsp;1900<\/span><\/div>\n\t\t\t\t\t\t\t<\/div>\n\t\t\t\t\t\t\t\t\t\t\t\t\t<div class=\"oew-timeline-item\">\n\t\t\t\t\t\t  \t\t<div class=\"oew-timeline-date oew-timeline-date-right\"><span>15 avril \u2013 12 novembre 1900<\/span><\/div>\n\t\t\t\t\t\t\t<\/div>\n\t\t\t\t\t\t\n\t\t\t\t  \t\t<div class=\"oew-timeline-item oew-timeline-item-right\">\n\t\t\t\t  \t\t\t<div class=\"oew-timeline-item-wrap\">\n\n\t\t\t\t  \t\t\t\t<div class=\"oew-timeline-line\"><span><\/span><\/div>\n\n\t\t\t\t\t  \t\t\t<div class=\"oew-timeline-item-container\">\n\t\t\t\t\t  \t\t\t\t<div class=\"oew-timeline-icon oew-timeline-custom-icon\"><span><i aria-hidden=\"true\" class=\"fab fa-font-awesome-flag\"><\/i><\/span><\/div>\n\n\t\t\t\t\t\t  \t\t\t<div class=\"oew-timeline-item-main\">\n\t\t\t\t\t\t  \t\t\t\t<span class=\"oew-timeline-arrow\"><\/span>\n\n\t\t\t\t\t\t  \t\t\t\t\t\t\t\t\t\t\t\t\t  \t\t<div class=\"oew-timeline-thumbnail\">\n\t\t\t\t\t\t\t\t\t\t\t\t<a href=\"https:\/\/petiteceinture.org\/la-ligne\/histoire-de-la-petite-ceinture\/1900-1934\/\" title=\"Exposition universelle de 1900\">\n\t\t\t\t\t\t\t\t\t  \t\t\t\t<img decoding=\"async\" src=\"https:\/\/petiteceinture.org\/wp-content\/uploads\/2020\/11\/gare-du-champ-de-mars-1900-exposition-universelle.jpg\" alt=\"Exposition universelle de 1900\">\n\t\t\t\t\t\t\t\t\t  \t\t\t<\/a>\n\t\t\t\t\t\t\t\t\t  \t\t<\/div>\n\t\t\t\t\t\t\t\t  \t\t\n\t\t\t\t\t\t\t\t  \t\t<div class=\"oew-timeline-desc\">\n\t\t\t\t\t\t\t\t\t\t\t\t\t\t\t\t\t\t\t\t\t\t\t<h4 class=\"oew-timeline-title\">\n\t\t\t\t\t\t\t\t\t\t\t\t\t<a href=\"https:\/\/petiteceinture.org\/la-ligne\/histoire-de-la-petite-ceinture\/1900-1934\/\" title=\"Exposition universelle de 1900\">Exposition universelle de&nbsp;1900<\/a>\n\t\t\t\t\t\t\t\t\t\t\t\t<\/h4>\n\t\t\t\t\t\t\t\t\t\t\t\t\t\t\t\t\t\t\t\t\t\t\t<ul class=\"oew-timeline-meta oew-timeline-hidden\">\n\t\t\t\t\t\t\t\t\t\t\t\t\t<li>15 avril \u2013 12 novembre 1900<\/li>\n\t\t\t\t\t\t\t\t\t\t\t\t<\/ul>\n\t\t\t\t\t\t\t\t\t\t\t\t\t\t\t\t\t\t\t\t\t\t\t<div class=\"oew-timeline-excerpt\"><p>L\u2019ann\u00e9e 1900 marque l\u2019apog\u00e9e du service voyageur de la Petite Ceinture. Gr\u00e2ce \u00e0 l\u2019Exposition universelle, plus de 39 millions de voyageurs empruntent la&nbsp;ligne.&nbsp;<\/p><\/div>\n\t\t\t\t\t\t\t\t\t\t\t\t\t\t\t\t\t\t\t\t\t\t\t<a href=\"https:\/\/petiteceinture.org\/la-ligne\/histoire-de-la-petite-ceinture\/1900-1934\/\" class=\"oew-timeline-readmore button\">\n\t\t\t\t\t\t\t\t\t\t\t\t\t\n\t\t\t\t\t\t\t\t\t\t\t\t\tFind out&nbsp;more&nbsp;<span class=\"oew-button-icon oew-align-right\">\n\t\t\t\t\t\t\t\t\t\t\t\t\t\t\t<i aria-hidden=\"true\" class=\"fas fa-long-arrow-alt-right\"><\/i>\t\t\t\t\t\t\t\t\t\t\t\t\t\t<\/span>\n\t\t\t\t\t\t\t\t\t\t\t\t\t\t\t\t\t\t\t\t\t\t\t\t\t<\/a>\n\t\t\t\t\t\t\t\t\t\t\t\t\t\t\t\t\t\t\t  \t\t<\/div>\n\t\t\t\t\t\t\t\t\t<\/div>\n\t\t\t\t\t\t\t\t<\/div>\n\n\t\t\t\t\t\t\t<\/div>\n\t\t\t\t\t\t<\/div>\n\n\t\t\t\t\t  \t\n\t\t\t\t  \t\t<div class=\"oew-timeline-item oew-timeline-item-left\">\n\t\t\t\t  \t\t\t<div class=\"oew-timeline-item-wrap\">\n\n\t\t\t\t  \t\t\t\t<div class=\"oew-timeline-line\"><span><\/span><\/div>\n\n\t\t\t\t\t  \t\t\t<div class=\"oew-timeline-item-container\">\n\t\t\t\t\t  \t\t\t\t<div class=\"oew-timeline-icon oew-timeline-custom-icon\"><span><i aria-hidden=\"true\" class=\"far fa-subway\"><\/i><\/span><\/div>\n\n\t\t\t\t\t\t  \t\t\t<div class=\"oew-timeline-item-main\">\n\t\t\t\t\t\t  \t\t\t\t<span class=\"oew-timeline-arrow\"><\/span>\n\n\t\t\t\t\t\t  \t\t\t\t\t\t\t\t\t\t\t\t\t  \t\t<div class=\"oew-timeline-thumbnail\">\n\t\t\t\t\t\t\t\t\t\t\t\t<a href=\"https:\/\/archives.petiteceinture.org\/Pourquoi-le-Metro-parisien-n-a-pas-utilise-la-Petite-Ceinture.html\" title=\"Ouverture du m\u00e9tro de Paris\">\n\t\t\t\t\t\t\t\t\t  \t\t\t\t<img decoding=\"async\" src=\"https:\/\/petiteceinture.org\/wp-content\/uploads\/2020\/07\/petite-ceinture-ligne-1-metro-bastille-1900.jpg\" alt=\"Ouverture du m\u00e9tro de Paris\">\n\t\t\t\t\t\t\t\t\t  \t\t\t<\/a>\n\t\t\t\t\t\t\t\t\t  \t\t<\/div>\n\t\t\t\t\t\t\t\t  \t\t\n\t\t\t\t\t\t\t\t  \t\t<div class=\"oew-timeline-desc\">\n\t\t\t\t\t\t\t\t\t\t\t\t\t\t\t\t\t\t\t\t\t\t\t<h4 class=\"oew-timeline-title\">\n\t\t\t\t\t\t\t\t\t\t\t\t\t<a href=\"https:\/\/archives.petiteceinture.org\/Pourquoi-le-Metro-parisien-n-a-pas-utilise-la-Petite-Ceinture.html\" title=\"Ouverture du m\u00e9tro de Paris\">Ouverture du m\u00e9tro de&nbsp;Paris<\/a>\n\t\t\t\t\t\t\t\t\t\t\t\t<\/h4>\n\t\t\t\t\t\t\t\t\t\t\t\t\t\t\t\t\t\t\t\t\t\t\t<ul class=\"oew-timeline-meta oew-timeline-hidden\">\n\t\t\t\t\t\t\t\t\t\t\t\t\t<li>1<sup class=\"ordinal\">er<\/sup> juillet 1900<\/li>\n\t\t\t\t\t\t\t\t\t\t\t\t<\/ul>\n\t\t\t\t\t\t\t\t\t\t\t\t\t\t\t\t\t\t\t\t\t\t\t<div class=\"oew-timeline-excerpt\"><p>Apr\u00e8s un demi-si\u00e8cle de d\u00e9bats entre la Ville de Paris, l\u2019Etat et les compagnies de chemin de fer, le m\u00e9tropolitain de Paris voit le jour le 1<sup class=\"ordinal\">er<\/sup> juillet 1900.<\/p><\/div>\n\t\t\t\t\t\t\t\t\t\t\t\t\t\t\t\t\t\t\t\t\t\t\t<a href=\"https:\/\/archives.petiteceinture.org\/Pourquoi-le-Metro-parisien-n-a-pas-utilise-la-Petite-Ceinture.html\" class=\"oew-timeline-readmore button\">\n\t\t\t\t\t\t\t\t\t\t\t\t\t\n\t\t\t\t\t\t\t\t\t\t\t\t\tFind out&nbsp;more&nbsp;<span class=\"oew-button-icon oew-align-right\">\n\t\t\t\t\t\t\t\t\t\t\t\t\t\t\t<i aria-hidden=\"true\" class=\"fas fa-long-arrow-alt-right\"><\/i>\t\t\t\t\t\t\t\t\t\t\t\t\t\t<\/span>\n\t\t\t\t\t\t\t\t\t\t\t\t\t\t\t\t\t\t\t\t\t\t\t\t\t<\/a>\n\t\t\t\t\t\t\t\t\t\t\t\t\t\t\t\t\t\t\t  \t\t<\/div>\n\t\t\t\t\t\t\t\t\t<\/div>\n\t\t\t\t\t\t\t\t<\/div>\n\n\t\t\t\t\t\t\t<\/div>\n\t\t\t\t\t\t<\/div>\n\n\t\t\t\t\t  \t\t\t\t\t\t  \t\t\t\t\t\t  \t\t\t<div class=\"oew-timeline-item\">\n\t\t\t\t\t\t  \t\t<div class=\"oew-timeline-date\"><span>1<sup class=\"ordinal\">er<\/sup> juillet 1900<\/span><\/div>\n\t\t\t\t\t\t\t<\/div>\n\t\t\t\t\t\t\t\t\t\t\t\t\t<div class=\"oew-timeline-item\">\n\t\t\t\t\t\t  \t\t<div class=\"oew-timeline-date oew-timeline-date-right\"><span>1902<\/span><\/div>\n\t\t\t\t\t\t\t<\/div>\n\t\t\t\t\t\t\n\t\t\t\t  \t\t<div class=\"oew-timeline-item oew-timeline-item-right\">\n\t\t\t\t  \t\t\t<div class=\"oew-timeline-item-wrap\">\n\n\t\t\t\t  \t\t\t\t<div class=\"oew-timeline-line\"><span><\/span><\/div>\n\n\t\t\t\t\t  \t\t\t<div class=\"oew-timeline-item-container\">\n\t\t\t\t\t  \t\t\t\t<div class=\"oew-timeline-icon oew-timeline-custom-icon\"><span><i aria-hidden=\"true\" class=\"fas fa-user-alt-slash\"><\/i><\/span><\/div>\n\n\t\t\t\t\t\t  \t\t\t<div class=\"oew-timeline-item-main\">\n\t\t\t\t\t\t  \t\t\t\t<span class=\"oew-timeline-arrow\"><\/span>\n\n\t\t\t\t\t\t  \t\t\t\t\t\t\t\t\t\t\t\t\t  \t\t<div class=\"oew-timeline-thumbnail\">\n\t\t\t\t\t\t\t\t\t\t\t\t<a href=\"https:\/\/petiteceinture.org\/la-ligne\/histoire-de-la-petite-ceinture\/1900-1934\/\" title=\"Fin du service voyageur de la Compagnie de l'Ouest (d\u00e9part gare Saint Lazare)\">\n\t\t\t\t\t\t\t\t\t  \t\t\t\t<img decoding=\"async\" src=\"https:\/\/petiteceinture.org\/wp-content\/uploads\/2020\/07\/petite-ceinture-gare-saint-lazare-1880.jpg\" alt=\"Fin du service voyageur de la Compagnie de l'Ouest (d\u00e9part gare Saint Lazare)\">\n\t\t\t\t\t\t\t\t\t  \t\t\t<\/a>\n\t\t\t\t\t\t\t\t\t  \t\t<\/div>\n\t\t\t\t\t\t\t\t  \t\t\n\t\t\t\t\t\t\t\t  \t\t<div class=\"oew-timeline-desc\">\n\t\t\t\t\t\t\t\t\t\t\t\t\t\t\t\t\t\t\t\t\t\t\t<h4 class=\"oew-timeline-title\">\n\t\t\t\t\t\t\t\t\t\t\t\t\t<a href=\"https:\/\/petiteceinture.org\/la-ligne\/histoire-de-la-petite-ceinture\/1900-1934\/\" title=\"Fin du service voyageur de la Compagnie de l'Ouest (d\u00e9part gare Saint Lazare)\">Fin du service voyageur de la Compagnie de l\u2019Ouest (d\u00e9part gare Saint Lazare)<\/a>\n\t\t\t\t\t\t\t\t\t\t\t\t<\/h4>\n\t\t\t\t\t\t\t\t\t\t\t\t\t\t\t\t\t\t\t\t\t\t\t<ul class=\"oew-timeline-meta oew-timeline-hidden\">\n\t\t\t\t\t\t\t\t\t\t\t\t\t<li>1902<\/li>\n\t\t\t\t\t\t\t\t\t\t\t\t<\/ul>\n\t\t\t\t\t\t\t\t\t\t\t\t\t\t\t\t\t\t\t\t\t\t\t<div class=\"oew-timeline-excerpt\"><p>Inaugur\u00e9 en 1867, le service voyageur de la Compagnie de l\u2019Ouest prend fin en 1902. Les trains de la Compagnie du Nord et du Syndicat de Ceinture continuent de desservir les gares de la&nbsp;PC.<\/p><\/div>\n\t\t\t\t\t\t\t\t\t\t\t\t\t\t\t\t\t\t\t\t\t\t\t<a href=\"https:\/\/petiteceinture.org\/la-ligne\/histoire-de-la-petite-ceinture\/1900-1934\/\" class=\"oew-timeline-readmore button\">\n\t\t\t\t\t\t\t\t\t\t\t\t\t\n\t\t\t\t\t\t\t\t\t\t\t\t\tFind out&nbsp;more&nbsp;<span class=\"oew-button-icon oew-align-right\">\n\t\t\t\t\t\t\t\t\t\t\t\t\t\t\t<i aria-hidden=\"true\" class=\"fas fa-long-arrow-alt-right\"><\/i>\t\t\t\t\t\t\t\t\t\t\t\t\t\t<\/span>\n\t\t\t\t\t\t\t\t\t\t\t\t\t\t\t\t\t\t\t\t\t\t\t\t\t<\/a>\n\t\t\t\t\t\t\t\t\t\t\t\t\t\t\t\t\t\t\t  \t\t<\/div>\n\t\t\t\t\t\t\t\t\t<\/div>\n\t\t\t\t\t\t\t\t<\/div>\n\n\t\t\t\t\t\t\t<\/div>\n\t\t\t\t\t\t<\/div>\n\n\t\t\t\t\t  \t\n\t\t\t\t  \t\t<div class=\"oew-timeline-item oew-timeline-item-left\">\n\t\t\t\t  \t\t\t<div class=\"oew-timeline-item-wrap\">\n\n\t\t\t\t  \t\t\t\t<div class=\"oew-timeline-line\"><span><\/span><\/div>\n\n\t\t\t\t\t  \t\t\t<div class=\"oew-timeline-item-container\">\n\t\t\t\t\t  \t\t\t\t<div class=\"oew-timeline-icon oew-timeline-custom-icon\"><span><i aria-hidden=\"true\" class=\"fas fa-user-alt-slash\"><\/i><\/span><\/div>\n\n\t\t\t\t\t\t  \t\t\t<div class=\"oew-timeline-item-main\">\n\t\t\t\t\t\t  \t\t\t\t<span class=\"oew-timeline-arrow\"><\/span>\n\n\t\t\t\t\t\t  \t\t\t\t\t\t\t\t\t\t\t\t\t  \t\t<div class=\"oew-timeline-thumbnail\">\n\t\t\t\t\t\t\t\t\t\t\t\t<a href=\"https:\/\/archives.petiteceinture.org\/Le-service-circulaire-de-la-Compagnie-du-Nord.html\" title=\"Fin du service voyageur Compagnie du Nord\">\n\t\t\t\t\t\t\t\t\t  \t\t\t\t<img decoding=\"async\" src=\"https:\/\/petiteceinture.org\/wp-content\/uploads\/2020\/07\/petite-ceinture-gare-du-nord-r.jpg\" alt=\"Fin du service voyageur Compagnie du Nord\">\n\t\t\t\t\t\t\t\t\t  \t\t\t<\/a>\n\t\t\t\t\t\t\t\t\t  \t\t<\/div>\n\t\t\t\t\t\t\t\t  \t\t\n\t\t\t\t\t\t\t\t  \t\t<div class=\"oew-timeline-desc\">\n\t\t\t\t\t\t\t\t\t\t\t\t\t\t\t\t\t\t\t\t\t\t\t<h4 class=\"oew-timeline-title\">\n\t\t\t\t\t\t\t\t\t\t\t\t\t<a href=\"https:\/\/archives.petiteceinture.org\/Le-service-circulaire-de-la-Compagnie-du-Nord.html\" title=\"Fin du service voyageur Compagnie du Nord\">Fin du service voyageur Compagnie du&nbsp;Nord<\/a>\n\t\t\t\t\t\t\t\t\t\t\t\t<\/h4>\n\t\t\t\t\t\t\t\t\t\t\t\t\t\t\t\t\t\t\t\t\t\t\t<ul class=\"oew-timeline-meta oew-timeline-hidden\">\n\t\t\t\t\t\t\t\t\t\t\t\t\t<li>1908<\/li>\n\t\t\t\t\t\t\t\t\t\t\t\t<\/ul>\n\t\t\t\t\t\t\t\t\t\t\t\t\t\t\t\t\t\t\t\t\t\t\t<div class=\"oew-timeline-excerpt\"><p>Six ans apr\u00e8s la Compagnie de l\u2019Ouest, la Compagnie du Nord se d\u00e9sengage et supprime ses trains circulaires de Ceinture.<\/p><\/div>\n\t\t\t\t\t\t\t\t\t\t\t\t\t\t\t\t\t\t\t\t\t\t\t<a href=\"https:\/\/archives.petiteceinture.org\/Le-service-circulaire-de-la-Compagnie-du-Nord.html\" class=\"oew-timeline-readmore button\">\n\t\t\t\t\t\t\t\t\t\t\t\t\t\n\t\t\t\t\t\t\t\t\t\t\t\t\tFind out&nbsp;more&nbsp;<span class=\"oew-button-icon oew-align-right\">\n\t\t\t\t\t\t\t\t\t\t\t\t\t\t\t<i aria-hidden=\"true\" class=\"fas fa-long-arrow-alt-right\"><\/i>\t\t\t\t\t\t\t\t\t\t\t\t\t\t<\/span>\n\t\t\t\t\t\t\t\t\t\t\t\t\t\t\t\t\t\t\t\t\t\t\t\t\t<\/a>\n\t\t\t\t\t\t\t\t\t\t\t\t\t\t\t\t\t\t\t  \t\t<\/div>\n\t\t\t\t\t\t\t\t\t<\/div>\n\t\t\t\t\t\t\t\t<\/div>\n\n\t\t\t\t\t\t\t<\/div>\n\t\t\t\t\t\t<\/div>\n\n\t\t\t\t\t  \t\t\t\t\t\t  \t\t\t\t\t\t  \t\t\t<div class=\"oew-timeline-item\">\n\t\t\t\t\t\t  \t\t<div class=\"oew-timeline-date\"><span>1908<\/span><\/div>\n\t\t\t\t\t\t\t<\/div>\n\t\t\t\t\t\t\t\t\t\t\t\t\t<div class=\"oew-timeline-item\">\n\t\t\t\t\t\t  \t\t<div class=\"oew-timeline-date oew-timeline-date-right\"><span>22 juillet 1934<\/span><\/div>\n\t\t\t\t\t\t\t<\/div>\n\t\t\t\t\t\t\n\t\t\t\t  \t\t<div class=\"oew-timeline-item oew-timeline-item-right\">\n\t\t\t\t  \t\t\t<div class=\"oew-timeline-item-wrap\">\n\n\t\t\t\t  \t\t\t\t<div class=\"oew-timeline-line\"><span><\/span><\/div>\n\n\t\t\t\t\t  \t\t\t<div class=\"oew-timeline-item-container\">\n\t\t\t\t\t  \t\t\t\t<div class=\"oew-timeline-icon oew-timeline-custom-icon\"><span><i aria-hidden=\"true\" class=\"fas fa-user-slash\"><\/i><\/span><\/div>\n\n\t\t\t\t\t\t  \t\t\t<div class=\"oew-timeline-item-main\">\n\t\t\t\t\t\t  \t\t\t\t<span class=\"oew-timeline-arrow\"><\/span>\n\n\t\t\t\t\t\t  \t\t\t\t\t\t\t\t\t\t\t\t\t  \t\t<div class=\"oew-timeline-thumbnail\">\n\t\t\t\t\t\t\t\t\t\t\t\t<a href=\"https:\/\/petiteceinture.org\/la-ligne\/histoire-petite-ceinture\/23-juillet-1934-adieu-service-voyageurs\/\" title=\"Fin du service voyageur de la Petite Ceinture\">\n\t\t\t\t\t\t\t\t\t  \t\t\t\t<img decoding=\"async\" src=\"https:\/\/petiteceinture.org\/wp-content\/uploads\/2020\/07\/petite-ceinture-fin-service-voyageurs.jpg\" alt=\"Fin du service voyageur de la Petite Ceinture\">\n\t\t\t\t\t\t\t\t\t  \t\t\t<\/a>\n\t\t\t\t\t\t\t\t\t  \t\t<\/div>\n\t\t\t\t\t\t\t\t  \t\t\n\t\t\t\t\t\t\t\t  \t\t<div class=\"oew-timeline-desc\">\n\t\t\t\t\t\t\t\t\t\t\t\t\t\t\t\t\t\t\t\t\t\t\t<h4 class=\"oew-timeline-title\">\n\t\t\t\t\t\t\t\t\t\t\t\t\t<a href=\"https:\/\/petiteceinture.org\/la-ligne\/histoire-petite-ceinture\/23-juillet-1934-adieu-service-voyageurs\/\" title=\"Fin du service voyageur de la Petite Ceinture\">Fin du service voyageur de la Petite Ceinture<\/a>\n\t\t\t\t\t\t\t\t\t\t\t\t<\/h4>\n\t\t\t\t\t\t\t\t\t\t\t\t\t\t\t\t\t\t\t\t\t\t\t<ul class=\"oew-timeline-meta oew-timeline-hidden\">\n\t\t\t\t\t\t\t\t\t\t\t\t\t<li>22 juillet 1934<\/li>\n\t\t\t\t\t\t\t\t\t\t\t\t<\/ul>\n\t\t\t\t\t\t\t\t\t\t\t\t\t\t\t\t\t\t\t\t\t\t\t<div class=\"oew-timeline-excerpt\"><p>Suppression du service de voyageurs de la Petite Ceinture. Il est remplac\u00e9 par le \u00ab&nbsp;bus PC&nbsp;\u00bb. La ligne continue d\u2019\u00eatre arpent\u00e9e par les trains de marchandises et les trains de jonction.<\/p><\/div>\n\t\t\t\t\t\t\t\t\t\t\t\t\t\t\t\t\t\t\t\t\t\t\t<a href=\"https:\/\/petiteceinture.org\/la-ligne\/histoire-petite-ceinture\/23-juillet-1934-adieu-service-voyageurs\/\" class=\"oew-timeline-readmore button\">\n\t\t\t\t\t\t\t\t\t\t\t\t\t\n\t\t\t\t\t\t\t\t\t\t\t\t\tFind out&nbsp;more&nbsp;<span class=\"oew-button-icon oew-align-right\">\n\t\t\t\t\t\t\t\t\t\t\t\t\t\t\t<i aria-hidden=\"true\" class=\"fas fa-long-arrow-alt-right\"><\/i>\t\t\t\t\t\t\t\t\t\t\t\t\t\t<\/span>\n\t\t\t\t\t\t\t\t\t\t\t\t\t\t\t\t\t\t\t\t\t\t\t\t\t<\/a>\n\t\t\t\t\t\t\t\t\t\t\t\t\t\t\t\t\t\t\t  \t\t<\/div>\n\t\t\t\t\t\t\t\t\t<\/div>\n\t\t\t\t\t\t\t\t<\/div>\n\n\t\t\t\t\t\t\t<\/div>\n\t\t\t\t\t\t<\/div>\n\n\t\t\t\t\t  \t\n\t\t\t\t  \t\t<div class=\"oew-timeline-item oew-timeline-item-left\">\n\t\t\t\t  \t\t\t<div class=\"oew-timeline-item-wrap\">\n\n\t\t\t\t  \t\t\t\t<div class=\"oew-timeline-line\"><span><\/span><\/div>\n\n\t\t\t\t\t  \t\t\t<div class=\"oew-timeline-item-container\">\n\t\t\t\t\t  \t\t\t\t<div class=\"oew-timeline-icon oew-timeline-custom-icon\"><span><i aria-hidden=\"true\" class=\"far fa-construction\"><\/i><\/span><\/div>\n\n\t\t\t\t\t\t  \t\t\t<div class=\"oew-timeline-item-main\">\n\t\t\t\t\t\t  \t\t\t\t<span class=\"oew-timeline-arrow\"><\/span>\n\n\t\t\t\t\t\t  \t\t\t\t\t\t\t\t\t\t\t\t\t  \t\t<div class=\"oew-timeline-thumbnail\">\n\t\t\t\t\t\t\t\t\t\t\t\t<a href=\"https:\/\/archives.petiteceinture.org\/Viaducs-d-Auteuil-et-du-Point-du-Jour.html\" title=\"D\u00e9molition du viaduc d'Auteuil et de la gare du Point-du-Jour\">\n\t\t\t\t\t\t\t\t\t  \t\t\t\t<img decoding=\"async\" src=\"https:\/\/petiteceinture.org\/wp-content\/uploads\/2020\/11\/demolition-viaduc-dauteuil-nov-1960-web.jpg\" alt=\"D\u00e9molition du viaduc d'Auteuil et de la gare du Point-du-Jour\">\n\t\t\t\t\t\t\t\t\t  \t\t\t<\/a>\n\t\t\t\t\t\t\t\t\t  \t\t<\/div>\n\t\t\t\t\t\t\t\t  \t\t\n\t\t\t\t\t\t\t\t  \t\t<div class=\"oew-timeline-desc\">\n\t\t\t\t\t\t\t\t\t\t\t\t\t\t\t\t\t\t\t\t\t\t\t<h4 class=\"oew-timeline-title\">\n\t\t\t\t\t\t\t\t\t\t\t\t\t<a href=\"https:\/\/archives.petiteceinture.org\/Viaducs-d-Auteuil-et-du-Point-du-Jour.html\" title=\"D\u00e9molition du viaduc d'Auteuil et de la gare du Point-du-Jour\">D\u00e9molition du viaduc d\u2019Auteuil et de la gare du Point-du-Jour<\/a>\n\t\t\t\t\t\t\t\t\t\t\t\t<\/h4>\n\t\t\t\t\t\t\t\t\t\t\t\t\t\t\t\t\t\t\t\t\t\t\t<ul class=\"oew-timeline-meta oew-timeline-hidden\">\n\t\t\t\t\t\t\t\t\t\t\t\t\t<li>1958\u200a\u2013\u200a1960<\/li>\n\t\t\t\t\t\t\t\t\t\t\t\t<\/ul>\n\t\t\t\t\t\t\t\t\t\t\t\t\t\t\t\t\t\t\t\t\t\t\t<div class=\"oew-timeline-excerpt\"><p>Afin de permettre la construction d\u2019une voie rapide (future rocade 16<sup class=\"ordinal\">e<\/sup>-rive gauche, jamais construite), le viaduc d\u2019Auteuil d\u00e9molis. Le Pont du Garigliano remplace le pont-viaduc du Point-du-Jour.<\/p><\/div>\n\t\t\t\t\t\t\t\t\t\t\t\t\t\t\t\t\t\t\t\t\t\t\t<a href=\"https:\/\/archives.petiteceinture.org\/Viaducs-d-Auteuil-et-du-Point-du-Jour.html\" class=\"oew-timeline-readmore button\">\n\t\t\t\t\t\t\t\t\t\t\t\t\t\n\t\t\t\t\t\t\t\t\t\t\t\t\tFind out&nbsp;more&nbsp;<span class=\"oew-button-icon oew-align-right\">\n\t\t\t\t\t\t\t\t\t\t\t\t\t\t\t<i aria-hidden=\"true\" class=\"fas fa-long-arrow-alt-right\"><\/i>\t\t\t\t\t\t\t\t\t\t\t\t\t\t<\/span>\n\t\t\t\t\t\t\t\t\t\t\t\t\t\t\t\t\t\t\t\t\t\t\t\t\t<\/a>\n\t\t\t\t\t\t\t\t\t\t\t\t\t\t\t\t\t\t\t  \t\t<\/div>\n\t\t\t\t\t\t\t\t\t<\/div>\n\t\t\t\t\t\t\t\t<\/div>\n\n\t\t\t\t\t\t\t<\/div>\n\t\t\t\t\t\t<\/div>\n\n\t\t\t\t\t  \t\t\t\t\t\t  \t\t\t\t\t\t  \t\t\t<div class=\"oew-timeline-item\">\n\t\t\t\t\t\t  \t\t<div class=\"oew-timeline-date\"><span>1958\u200a\u2013\u200a1960<\/span><\/div>\n\t\t\t\t\t\t\t<\/div>\n\t\t\t\t\t\t\t\t\t\t\t\t\t<div class=\"oew-timeline-item\">\n\t\t\t\t\t\t  \t\t<div class=\"oew-timeline-date oew-timeline-date-right\"><span>6 January 1985<\/span><\/div>\n\t\t\t\t\t\t\t<\/div>\n\t\t\t\t\t\t\n\t\t\t\t  \t\t<div class=\"oew-timeline-item oew-timeline-item-right\">\n\t\t\t\t  \t\t\t<div class=\"oew-timeline-item-wrap\">\n\n\t\t\t\t  \t\t\t\t<div class=\"oew-timeline-line\"><span><\/span><\/div>\n\n\t\t\t\t\t  \t\t\t<div class=\"oew-timeline-item-container\">\n\t\t\t\t\t  \t\t\t\t<div class=\"oew-timeline-icon oew-timeline-custom-icon\"><span><i aria-hidden=\"true\" class=\"fas fa-calendar-times\"><\/i><\/span><\/div>\n\n\t\t\t\t\t\t  \t\t\t<div class=\"oew-timeline-item-main\">\n\t\t\t\t\t\t  \t\t\t\t<span class=\"oew-timeline-arrow\"><\/span>\n\n\t\t\t\t\t\t  \t\t\t\t\t\t\t\t\t\t\t\t\t  \t\t<div class=\"oew-timeline-thumbnail\">\n\t\t\t\t\t\t\t\t\t\t\t\t<a href=\"https:\/\/petiteceinture.org\/la-ligne\/histoire-petite-ceinture\/ligne-dauteuil-rer-c-170-ans-histoire-ferroviaire\/\" title=\"Fin du service voyageur sur la ligne d'Auteuil\">\n\t\t\t\t\t\t\t\t\t  \t\t\t\t<img decoding=\"async\" src=\"https:\/\/petiteceinture.org\/wp-content\/uploads\/2020\/12\/dernier-train-o-auteuil-800px-72dpi.jpg\" alt=\"Fin du service voyageur sur la ligne d'Auteuil\">\n\t\t\t\t\t\t\t\t\t  \t\t\t<\/a>\n\t\t\t\t\t\t\t\t\t  \t\t<\/div>\n\t\t\t\t\t\t\t\t  \t\t\n\t\t\t\t\t\t\t\t  \t\t<div class=\"oew-timeline-desc\">\n\t\t\t\t\t\t\t\t\t\t\t\t\t\t\t\t\t\t\t\t\t\t\t<h4 class=\"oew-timeline-title\">\n\t\t\t\t\t\t\t\t\t\t\t\t\t<a href=\"https:\/\/petiteceinture.org\/la-ligne\/histoire-petite-ceinture\/ligne-dauteuil-rer-c-170-ans-histoire-ferroviaire\/\" title=\"Fin du service voyageur sur la ligne d'Auteuil\">Fin du service voyageur sur la ligne d\u2019Auteuil<\/a>\n\t\t\t\t\t\t\t\t\t\t\t\t<\/h4>\n\t\t\t\t\t\t\t\t\t\t\t\t\t\t\t\t\t\t\t\t\t\t\t<ul class=\"oew-timeline-meta oew-timeline-hidden\">\n\t\t\t\t\t\t\t\t\t\t\t\t\t<li>6 January 1985<\/li>\n\t\t\t\t\t\t\t\t\t\t\t\t<\/ul>\n\t\t\t\t\t\t\t\t\t\t\t\t\t\t\t\t\t\t\t\t\t\t\t<div class=\"oew-timeline-excerpt\"><p>Apr\u00e8s 130 ans de bons et loyaux services, la ligne d\u2019Auteuil est ferm\u00e9e au trafic voyageur le 6 janvier 1985.&nbsp;<\/p><\/div>\n\t\t\t\t\t\t\t\t\t\t\t\t\t\t\t\t\t\t\t\t\t\t\t<a href=\"https:\/\/petiteceinture.org\/la-ligne\/histoire-petite-ceinture\/ligne-dauteuil-rer-c-170-ans-histoire-ferroviaire\/\" class=\"oew-timeline-readmore button\">\n\t\t\t\t\t\t\t\t\t\t\t\t\t\n\t\t\t\t\t\t\t\t\t\t\t\t\tFind out&nbsp;more&nbsp;<span class=\"oew-button-icon oew-align-right\">\n\t\t\t\t\t\t\t\t\t\t\t\t\t\t\t<i aria-hidden=\"true\" class=\"fas fa-long-arrow-alt-right\"><\/i>\t\t\t\t\t\t\t\t\t\t\t\t\t\t<\/span>\n\t\t\t\t\t\t\t\t\t\t\t\t\t\t\t\t\t\t\t\t\t\t\t\t\t<\/a>\n\t\t\t\t\t\t\t\t\t\t\t\t\t\t\t\t\t\t\t  \t\t<\/div>\n\t\t\t\t\t\t\t\t\t<\/div>\n\t\t\t\t\t\t\t\t<\/div>\n\n\t\t\t\t\t\t\t<\/div>\n\t\t\t\t\t\t<\/div>\n\n\t\t\t\t\t  \t\n\t\t\t\t  \t\t<div class=\"oew-timeline-item oew-timeline-item-left\">\n\t\t\t\t  \t\t\t<div class=\"oew-timeline-item-wrap\">\n\n\t\t\t\t  \t\t\t\t<div class=\"oew-timeline-line\"><span><\/span><\/div>\n\n\t\t\t\t\t  \t\t\t<div class=\"oew-timeline-item-container\">\n\t\t\t\t\t  \t\t\t\t<div class=\"oew-timeline-icon oew-timeline-custom-icon\"><span><i aria-hidden=\"true\" class=\"fas fa-file-alt\"><\/i><\/span><\/div>\n\n\t\t\t\t\t\t  \t\t\t<div class=\"oew-timeline-item-main\">\n\t\t\t\t\t\t  \t\t\t\t<span class=\"oew-timeline-arrow\"><\/span>\n\n\t\t\t\t\t\t  \t\t\t\t\t\t\t\t\t\t\t\t\t  \t\t<div class=\"oew-timeline-thumbnail\">\n\t\t\t\t\t\t\t\t\t\t\t\t<a href=\"#\" title=\"Ouverture de la branche &quot;VMI&quot; du RER C\">\n\t\t\t\t\t\t\t\t\t  \t\t\t\t<img decoding=\"async\" src=\"https:\/\/petiteceinture.org\/wp-content\/uploads\/2020\/11\/revue-chemins-de-fer-avril-1988-special-vmi-c.jpg\" alt=\"Ouverture de la branche &quot;VMI&quot; du RER C\">\n\t\t\t\t\t\t\t\t\t  \t\t\t<\/a>\n\t\t\t\t\t\t\t\t\t  \t\t<\/div>\n\t\t\t\t\t\t\t\t  \t\t\n\t\t\t\t\t\t\t\t  \t\t<div class=\"oew-timeline-desc\">\n\t\t\t\t\t\t\t\t\t\t\t\t\t\t\t\t\t\t\t\t\t\t\t<h4 class=\"oew-timeline-title\">\n\t\t\t\t\t\t\t\t\t\t\t\t\t<a href=\"#\" title=\"Ouverture de la branche &quot;VMI&quot; du RER C\">Ouverture de la branche \u00ab&nbsp;VMI&nbsp;\u00bb du RER&nbsp;C<\/a>\n\t\t\t\t\t\t\t\t\t\t\t\t<\/h4>\n\t\t\t\t\t\t\t\t\t\t\t\t\t\t\t\t\t\t\t\t\t\t\t<ul class=\"oew-timeline-meta oew-timeline-hidden\">\n\t\t\t\t\t\t\t\t\t\t\t\t\t<li>25 septembre 1988<\/li>\n\t\t\t\t\t\t\t\t\t\t\t\t<\/ul>\n\t\t\t\t\t\t\t\t\t\t\t\t\t\t\t\t\t\t\t\t\t\t\t<div class=\"oew-timeline-excerpt\"><p>Apr\u00e8s 3 ans de travaux, une partie de la partie Ouest de la Petite Ceinture (ligne d\u2019Auteuil) rouvre \u00e0 la circulation, et forme la branche VMI (Vall\u00e9e de Montmorency-Invalides) de la ligne C du&nbsp;RER.&nbsp;<\/p><\/div>\n\t\t\t\t\t\t\t\t\t\t\t\t\t\t\t\t\t\t\t\t\t\t\t<a href=\"#\" class=\"oew-timeline-readmore button\">\n\t\t\t\t\t\t\t\t\t\t\t\t\t\n\t\t\t\t\t\t\t\t\t\t\t\t\tFind out&nbsp;more&nbsp;<span class=\"oew-button-icon oew-align-right\">\n\t\t\t\t\t\t\t\t\t\t\t\t\t\t\t<i aria-hidden=\"true\" class=\"fas fa-long-arrow-alt-right\"><\/i>\t\t\t\t\t\t\t\t\t\t\t\t\t\t<\/span>\n\t\t\t\t\t\t\t\t\t\t\t\t\t\t\t\t\t\t\t\t\t\t\t\t\t<\/a>\n\t\t\t\t\t\t\t\t\t\t\t\t\t\t\t\t\t\t\t  \t\t<\/div>\n\t\t\t\t\t\t\t\t\t<\/div>\n\t\t\t\t\t\t\t\t<\/div>\n\n\t\t\t\t\t\t\t<\/div>\n\t\t\t\t\t\t<\/div>\n\n\t\t\t\t\t  \t\t\t\t\t\t  \t\t\t\t\t\t  \t\t\t<div class=\"oew-timeline-item\">\n\t\t\t\t\t\t  \t\t<div class=\"oew-timeline-date\"><span>25 septembre 1988<\/span><\/div>\n\t\t\t\t\t\t\t<\/div>\n\t\t\t\t\t\t\t\t\t\t\t\t\t<div class=\"oew-timeline-item\">\n\t\t\t\t\t\t  \t\t<div class=\"oew-timeline-date oew-timeline-date-right\"><span>14 d\u00e9cembre 1992<\/span><\/div>\n\t\t\t\t\t\t\t<\/div>\n\t\t\t\t\t\t\n\t\t\t\t  \t\t<div class=\"oew-timeline-item oew-timeline-item-right\">\n\t\t\t\t  \t\t\t<div class=\"oew-timeline-item-wrap\">\n\n\t\t\t\t  \t\t\t\t<div class=\"oew-timeline-line\"><span><\/span><\/div>\n\n\t\t\t\t\t  \t\t\t<div class=\"oew-timeline-item-container\">\n\t\t\t\t\t  \t\t\t\t<div class=\"oew-timeline-icon oew-timeline-custom-icon\"><span><i aria-hidden=\"true\" class=\"fas fa-users\"><\/i><\/span><\/div>\n\n\t\t\t\t\t\t  \t\t\t<div class=\"oew-timeline-item-main\">\n\t\t\t\t\t\t  \t\t\t\t<span class=\"oew-timeline-arrow\"><\/span>\n\n\t\t\t\t\t\t  \t\t\t\t\t\t\t\t\t\t\t\t\t  \t\t<div class=\"oew-timeline-thumbnail\">\n\t\t\t\t\t\t\t\t\t\t\t\t<a href=\"https:\/\/petiteceinture.org\/qui-sommes-nous\/notre-association\/\" title=\"Cr\u00e9ation de notre association\">\n\t\t\t\t\t\t\t\t\t  \t\t\t\t<img decoding=\"async\" src=\"https:\/\/petiteceinture.org\/wp-content\/uploads\/2020\/01\/Logo-SPC-1400.jpg\" alt=\"Cr\u00e9ation de notre association\">\n\t\t\t\t\t\t\t\t\t  \t\t\t<\/a>\n\t\t\t\t\t\t\t\t\t  \t\t<\/div>\n\t\t\t\t\t\t\t\t  \t\t\n\t\t\t\t\t\t\t\t  \t\t<div class=\"oew-timeline-desc\">\n\t\t\t\t\t\t\t\t\t\t\t\t\t\t\t\t\t\t\t\t\t\t\t<h4 class=\"oew-timeline-title\">\n\t\t\t\t\t\t\t\t\t\t\t\t\t<a href=\"https:\/\/petiteceinture.org\/qui-sommes-nous\/notre-association\/\" title=\"Cr\u00e9ation de notre association\">Cr\u00e9ation de notre association<\/a>\n\t\t\t\t\t\t\t\t\t\t\t\t<\/h4>\n\t\t\t\t\t\t\t\t\t\t\t\t\t\t\t\t\t\t\t\t\t\t\t<ul class=\"oew-timeline-meta oew-timeline-hidden\">\n\t\t\t\t\t\t\t\t\t\t\t\t\t<li>14 d\u00e9cembre 1992<\/li>\n\t\t\t\t\t\t\t\t\t\t\t\t<\/ul>\n\t\t\t\t\t\t\t\t\t\t\t\t\t\t\t\t\t\t\t\t\t\t\t<div class=\"oew-timeline-excerpt\"><p>Cr\u00e9\u00e9e fin 1992, l\u2019Association pour la Sauvegarde de la Petite Ceinture et de son R\u00e9seau Ferr\u00e9 (ASPCRF) voit son \u00ab&nbsp;acte de naissance&nbsp;\u00bb para\u00eetre au Journal Officiel le 6 janvier 1993.<\/p><\/div>\n\t\t\t\t\t\t\t\t\t\t\t\t\t\t\t\t\t\t\t\t\t\t\t<a href=\"https:\/\/petiteceinture.org\/qui-sommes-nous\/notre-association\/\" class=\"oew-timeline-readmore button\">\n\t\t\t\t\t\t\t\t\t\t\t\t\t\n\t\t\t\t\t\t\t\t\t\t\t\t\tFind out&nbsp;more&nbsp;<span class=\"oew-button-icon oew-align-right\">\n\t\t\t\t\t\t\t\t\t\t\t\t\t\t\t<i aria-hidden=\"true\" class=\"fas fa-long-arrow-alt-right\"><\/i>\t\t\t\t\t\t\t\t\t\t\t\t\t\t<\/span>\n\t\t\t\t\t\t\t\t\t\t\t\t\t\t\t\t\t\t\t\t\t\t\t\t\t<\/a>\n\t\t\t\t\t\t\t\t\t\t\t\t\t\t\t\t\t\t\t  \t\t<\/div>\n\t\t\t\t\t\t\t\t\t<\/div>\n\t\t\t\t\t\t\t\t<\/div>\n\n\t\t\t\t\t\t\t<\/div>\n\t\t\t\t\t\t<\/div>\n\n\t\t\t\t\t  \t\n\t\t\t\t  \t\t<div class=\"oew-timeline-item oew-timeline-item-left\">\n\t\t\t\t  \t\t\t<div class=\"oew-timeline-item-wrap\">\n\n\t\t\t\t  \t\t\t\t<div class=\"oew-timeline-line\"><span><\/span><\/div>\n\n\t\t\t\t\t  \t\t\t<div class=\"oew-timeline-item-container\">\n\t\t\t\t\t  \t\t\t\t<div class=\"oew-timeline-icon oew-timeline-custom-icon\"><span><i aria-hidden=\"true\" class=\"fas fa-truck-loading\"><\/i><\/span><\/div>\n\n\t\t\t\t\t\t  \t\t\t<div class=\"oew-timeline-item-main\">\n\t\t\t\t\t\t  \t\t\t\t<span class=\"oew-timeline-arrow\"><\/span>\n\n\t\t\t\t\t\t  \t\t\t\t\t\t\t\t\t\t\t\t\t  \t\t<div class=\"oew-timeline-thumbnail\">\n\t\t\t\t\t\t\t\t\t\t\t\t<a href=\"https:\/\/archives.petiteceinture.org\/Histoire-de-la-Petite-Ceinture-377.html\" title=\"Fin du service marchandises de la Petite Ceinture\">\n\t\t\t\t\t\t\t\t\t  \t\t\t\t<img decoding=\"async\" src=\"https:\/\/petiteceinture.org\/wp-content\/uploads\/2020\/07\/petite-ceinture-glaciere-gentilly-aout-1985.jpg\" alt=\"Fin du service marchandises de la Petite Ceinture\">\n\t\t\t\t\t\t\t\t\t  \t\t\t<\/a>\n\t\t\t\t\t\t\t\t\t  \t\t<\/div>\n\t\t\t\t\t\t\t\t  \t\t\n\t\t\t\t\t\t\t\t  \t\t<div class=\"oew-timeline-desc\">\n\t\t\t\t\t\t\t\t\t\t\t\t\t\t\t\t\t\t\t\t\t\t\t<h4 class=\"oew-timeline-title\">\n\t\t\t\t\t\t\t\t\t\t\t\t\t<a href=\"https:\/\/archives.petiteceinture.org\/Histoire-de-la-Petite-Ceinture-377.html\" title=\"Fin du service marchandises de la Petite Ceinture\">Fin du service marchandises de la Petite Ceinture<\/a>\n\t\t\t\t\t\t\t\t\t\t\t\t<\/h4>\n\t\t\t\t\t\t\t\t\t\t\t\t\t\t\t\t\t\t\t\t\t\t\t<ul class=\"oew-timeline-meta oew-timeline-hidden\">\n\t\t\t\t\t\t\t\t\t\t\t\t\t<li>1993<\/li>\n\t\t\t\t\t\t\t\t\t\t\t\t<\/ul>\n\t\t\t\t\t\t\t\t\t\t\t\t\t\t\t\t\t\t\t\t\t\t\t<div class=\"oew-timeline-excerpt\"><p>Fin du trafic de marchandises sur les sections Est et Sud de la Petite Ceinture.<\/p><\/div>\n\t\t\t\t\t\t\t\t\t\t\t\t\t\t\t\t\t\t\t\t\t\t\t<a href=\"https:\/\/archives.petiteceinture.org\/Histoire-de-la-Petite-Ceinture-377.html\" class=\"oew-timeline-readmore button\">\n\t\t\t\t\t\t\t\t\t\t\t\t\t\n\t\t\t\t\t\t\t\t\t\t\t\t\tFind out&nbsp;more&nbsp;<span class=\"oew-button-icon oew-align-right\">\n\t\t\t\t\t\t\t\t\t\t\t\t\t\t\t<i aria-hidden=\"true\" class=\"fas fa-long-arrow-alt-right\"><\/i>\t\t\t\t\t\t\t\t\t\t\t\t\t\t<\/span>\n\t\t\t\t\t\t\t\t\t\t\t\t\t\t\t\t\t\t\t\t\t\t\t\t\t<\/a>\n\t\t\t\t\t\t\t\t\t\t\t\t\t\t\t\t\t\t\t  \t\t<\/div>\n\t\t\t\t\t\t\t\t\t<\/div>\n\t\t\t\t\t\t\t\t<\/div>\n\n\t\t\t\t\t\t\t<\/div>\n\t\t\t\t\t\t<\/div>\n\n\t\t\t\t\t  \t\t\t\t\t\t  \t\t\t\t\t\t  \t\t\t<div class=\"oew-timeline-item\">\n\t\t\t\t\t\t  \t\t<div class=\"oew-timeline-date\"><span>1993<\/span><\/div>\n\t\t\t\t\t\t\t<\/div>\n\t\t\t\t\t\t\t\t\t\t\t\t\t<div class=\"oew-timeline-item\">\n\t\t\t\t\t\t  \t\t<div class=\"oew-timeline-date oew-timeline-date-right\"><span>Jusqu\u2019en 2003<\/span><\/div>\n\t\t\t\t\t\t\t<\/div>\n\t\t\t\t\t\t\n\t\t\t\t  \t\t<div class=\"oew-timeline-item oew-timeline-item-right\">\n\t\t\t\t  \t\t\t<div class=\"oew-timeline-item-wrap\">\n\n\t\t\t\t  \t\t\t\t<div class=\"oew-timeline-line\"><span><\/span><\/div>\n\n\t\t\t\t\t  \t\t\t<div class=\"oew-timeline-item-container\">\n\t\t\t\t\t  \t\t\t\t<div class=\"oew-timeline-icon oew-timeline-custom-icon\"><span><i aria-hidden=\"true\" class=\"fas fa-train\"><\/i><\/span><\/div>\n\n\t\t\t\t\t\t  \t\t\t<div class=\"oew-timeline-item-main\">\n\t\t\t\t\t\t  \t\t\t\t<span class=\"oew-timeline-arrow\"><\/span>\n\n\t\t\t\t\t\t  \t\t\t\t\t\t\t\t\t\t\t\t\t  \t\t<div class=\"oew-timeline-thumbnail\">\n\t\t\t\t\t\t\t\t\t\t\t\t<a href=\"https:\/\/archives.petiteceinture.org\/Immense-succes-pour-les.html\" title=\"Circulation des trains de d\u00e9couverte de l'ASPCRF\">\n\t\t\t\t\t\t\t\t\t  \t\t\t\t<img decoding=\"async\" src=\"https:\/\/petiteceinture.org\/wp-content\/uploads\/2020\/07\/petite-ceinture-paris-gare-avenue-saint-ouen-caravelle.jpg\" alt=\"Circulation des trains de d\u00e9couverte de l'ASPCRF\">\n\t\t\t\t\t\t\t\t\t  \t\t\t<\/a>\n\t\t\t\t\t\t\t\t\t  \t\t<\/div>\n\t\t\t\t\t\t\t\t  \t\t\n\t\t\t\t\t\t\t\t  \t\t<div class=\"oew-timeline-desc\">\n\t\t\t\t\t\t\t\t\t\t\t\t\t\t\t\t\t\t\t\t\t\t\t<h4 class=\"oew-timeline-title\">\n\t\t\t\t\t\t\t\t\t\t\t\t\t<a href=\"https:\/\/archives.petiteceinture.org\/Immense-succes-pour-les.html\" title=\"Circulation des trains de d\u00e9couverte de l'ASPCRF\">Circulation des trains de d\u00e9couverte de l\u2019ASPCRF<\/a>\n\t\t\t\t\t\t\t\t\t\t\t\t<\/h4>\n\t\t\t\t\t\t\t\t\t\t\t\t\t\t\t\t\t\t\t\t\t\t\t<ul class=\"oew-timeline-meta oew-timeline-hidden\">\n\t\t\t\t\t\t\t\t\t\t\t\t\t<li>Jusqu\u2019en 2003<\/li>\n\t\t\t\t\t\t\t\t\t\t\t\t<\/ul>\n\t\t\t\t\t\t\t\t\t\t\t\t\t\t\t\t\t\t\t\t\t\t\t<div class=\"oew-timeline-excerpt\"><p>Jusqu\u2019aux vacances de la Toussaint de l\u2019ann\u00e9e 2003, circulation de l\u2019autorail Caravelle affr\u00eat\u00e9 par notre association sur la Petite Ceinture<\/p><\/div>\n\t\t\t\t\t\t\t\t\t\t\t\t\t\t\t\t\t\t\t\t\t\t\t<a href=\"https:\/\/archives.petiteceinture.org\/Immense-succes-pour-les.html\" class=\"oew-timeline-readmore button\">\n\t\t\t\t\t\t\t\t\t\t\t\t\t\n\t\t\t\t\t\t\t\t\t\t\t\t\tFind out&nbsp;more&nbsp;<span class=\"oew-button-icon oew-align-right\">\n\t\t\t\t\t\t\t\t\t\t\t\t\t\t\t<i aria-hidden=\"true\" class=\"fas fa-long-arrow-alt-right\"><\/i>\t\t\t\t\t\t\t\t\t\t\t\t\t\t<\/span>\n\t\t\t\t\t\t\t\t\t\t\t\t\t\t\t\t\t\t\t\t\t\t\t\t\t<\/a>\n\t\t\t\t\t\t\t\t\t\t\t\t\t\t\t\t\t\t\t  \t\t<\/div>\n\t\t\t\t\t\t\t\t\t<\/div>\n\t\t\t\t\t\t\t\t<\/div>\n\n\t\t\t\t\t\t\t<\/div>\n\t\t\t\t\t\t<\/div>\n\n\t\t\t\t\t  \t\n\t\t\t\t  \t\t<div class=\"oew-timeline-item oew-timeline-item-left\">\n\t\t\t\t  \t\t\t<div class=\"oew-timeline-item-wrap\">\n\n\t\t\t\t  \t\t\t\t<div class=\"oew-timeline-line\"><span><\/span><\/div>\n\n\t\t\t\t\t  \t\t\t<div class=\"oew-timeline-item-container\">\n\t\t\t\t\t  \t\t\t\t<div class=\"oew-timeline-icon oew-timeline-custom-icon\"><span><i aria-hidden=\"true\" class=\"fas fa-train\"><\/i><\/span><\/div>\n\n\t\t\t\t\t\t  \t\t\t<div class=\"oew-timeline-item-main\">\n\t\t\t\t\t\t  \t\t\t\t<span class=\"oew-timeline-arrow\"><\/span>\n\n\t\t\t\t\t\t  \t\t\t\t\t\t\t\t\t\t\t\t\t  \t\t<div class=\"oew-timeline-thumbnail\">\n\t\t\t\t\t\t\t\t\t\t\t\t<a href=\"https:\/\/archives.petiteceinture.org\/Circulation-exceptionnelle-d-un.html\" title=\"Circulation exceptionnelle sur la section Sud de la Petite Ceinture\">\n\t\t\t\t\t\t\t\t\t  \t\t\t\t<img decoding=\"async\" src=\"https:\/\/petiteceinture.org\/wp-content\/uploads\/2020\/07\/petite-ceinture-cc-72084-2012.jpg\" alt=\"Circulation exceptionnelle sur la section Sud de la Petite Ceinture\">\n\t\t\t\t\t\t\t\t\t  \t\t\t<\/a>\n\t\t\t\t\t\t\t\t\t  \t\t<\/div>\n\t\t\t\t\t\t\t\t  \t\t\n\t\t\t\t\t\t\t\t  \t\t<div class=\"oew-timeline-desc\">\n\t\t\t\t\t\t\t\t\t\t\t\t\t\t\t\t\t\t\t\t\t\t\t<h4 class=\"oew-timeline-title\">\n\t\t\t\t\t\t\t\t\t\t\t\t\t<a href=\"https:\/\/archives.petiteceinture.org\/Circulation-exceptionnelle-d-un.html\" title=\"Circulation exceptionnelle sur la section Sud de la Petite Ceinture\">Circulation exceptionnelle sur la section Sud de la Petite Ceinture<\/a>\n\t\t\t\t\t\t\t\t\t\t\t\t<\/h4>\n\t\t\t\t\t\t\t\t\t\t\t\t\t\t\t\t\t\t\t\t\t\t\t<ul class=\"oew-timeline-meta oew-timeline-hidden\">\n\t\t\t\t\t\t\t\t\t\t\t\t\t<li>18 janvier 2012<\/li>\n\t\t\t\t\t\t\t\t\t\t\t\t<\/ul>\n\t\t\t\t\t\t\t\t\t\t\t\t\t\t\t\t\t\t\t\t\t\t\t<div class=\"oew-timeline-excerpt\"><p>Circulation exceptionnelle de la locomotive CC 72084 sur la section Sud de la Petite Ceinture, en vue du d\u00e9placement de voitures UIC pr\u00e9sentes dans l\u2019un des tunnels.<\/p><\/div>\n\t\t\t\t\t\t\t\t\t\t\t\t\t\t\t\t\t\t\t\t\t\t\t<a href=\"https:\/\/archives.petiteceinture.org\/Circulation-exceptionnelle-d-un.html\" class=\"oew-timeline-readmore button\">\n\t\t\t\t\t\t\t\t\t\t\t\t\t\n\t\t\t\t\t\t\t\t\t\t\t\t\tFind out&nbsp;more&nbsp;<span class=\"oew-button-icon oew-align-right\">\n\t\t\t\t\t\t\t\t\t\t\t\t\t\t\t<i aria-hidden=\"true\" class=\"fas fa-long-arrow-alt-right\"><\/i>\t\t\t\t\t\t\t\t\t\t\t\t\t\t<\/span>\n\t\t\t\t\t\t\t\t\t\t\t\t\t\t\t\t\t\t\t\t\t\t\t\t\t<\/a>\n\t\t\t\t\t\t\t\t\t\t\t\t\t\t\t\t\t\t\t  \t\t<\/div>\n\t\t\t\t\t\t\t\t\t<\/div>\n\t\t\t\t\t\t\t\t<\/div>\n\n\t\t\t\t\t\t\t<\/div>\n\t\t\t\t\t\t<\/div>\n\n\t\t\t\t\t  \t\t\t\t\t\t  \t\t\t\t\t\t  \t\t\t<div class=\"oew-timeline-item\">\n\t\t\t\t\t\t  \t\t<div class=\"oew-timeline-date\"><span>18 janvier 2012<\/span><\/div>\n\t\t\t\t\t\t\t<\/div>\n\t\t\t\t\t\t\t\t\t\t\t\t\t<div class=\"oew-timeline-item\">\n\t\t\t\t\t\t  \t\t<div class=\"oew-timeline-date oew-timeline-date-right\"><span>23 juillet 2019<\/span><\/div>\n\t\t\t\t\t\t\t<\/div>\n\t\t\t\t\t\t\n\t\t\t\t  \t\t<div class=\"oew-timeline-item oew-timeline-item-right\">\n\t\t\t\t  \t\t\t<div class=\"oew-timeline-item-wrap\">\n\n\t\t\t\t  \t\t\t\t<div class=\"oew-timeline-line\"><span><\/span><\/div>\n\n\t\t\t\t\t  \t\t\t<div class=\"oew-timeline-item-container\">\n\t\t\t\t\t  \t\t\t\t<div class=\"oew-timeline-icon oew-timeline-custom-icon\"><span><i aria-hidden=\"true\" class=\"fas fa-train\"><\/i><\/span><\/div>\n\n\t\t\t\t\t\t  \t\t\t<div class=\"oew-timeline-item-main\">\n\t\t\t\t\t\t  \t\t\t\t<span class=\"oew-timeline-arrow\"><\/span>\n\n\t\t\t\t\t\t  \t\t\t\t\t\t\t\t\t\t\t\t\t  \t\t<div class=\"oew-timeline-thumbnail\">\n\t\t\t\t\t\t\t\t\t\t\t\t<a href=\"https:\/\/petiteceinture.org\/la-ligne\/petite-ceinture-resiste-reecriture-histoire\/\" title=\"Circulation exceptionnelle d'un train sur la Petite Ceinture \u00e0 Bercy-Charenton\">\n\t\t\t\t\t\t\t\t\t  \t\t\t\t<img decoding=\"async\" src=\"https:\/\/petiteceinture.org\/wp-content\/uploads\/2020\/07\/erwan-quintin-bercy-voitures-uic-2.jpg\" alt=\"Circulation exceptionnelle d'un train sur la Petite Ceinture \u00e0 Bercy-Charenton\">\n\t\t\t\t\t\t\t\t\t  \t\t\t<\/a>\n\t\t\t\t\t\t\t\t\t  \t\t<\/div>\n\t\t\t\t\t\t\t\t  \t\t\n\t\t\t\t\t\t\t\t  \t\t<div class=\"oew-timeline-desc\">\n\t\t\t\t\t\t\t\t\t\t\t\t\t\t\t\t\t\t\t\t\t\t\t<h4 class=\"oew-timeline-title\">\n\t\t\t\t\t\t\t\t\t\t\t\t\t<a href=\"https:\/\/petiteceinture.org\/la-ligne\/petite-ceinture-resiste-reecriture-histoire\/\" title=\"Circulation exceptionnelle d'un train sur la Petite Ceinture \u00e0 Bercy-Charenton\">Circulation exceptionnelle d\u2019un train sur la Petite Ceinture \u00e0 Bercy-Charenton<\/a>\n\t\t\t\t\t\t\t\t\t\t\t\t<\/h4>\n\t\t\t\t\t\t\t\t\t\t\t\t\t\t\t\t\t\t\t\t\t\t\t<ul class=\"oew-timeline-meta oew-timeline-hidden\">\n\t\t\t\t\t\t\t\t\t\t\t\t\t<li>23 juillet 2019<\/li>\n\t\t\t\t\t\t\t\t\t\t\t\t<\/ul>\n\t\t\t\t\t\t\t\t\t\t\t\t\t\t\t\t\t\t\t\t\t\t\t<div class=\"oew-timeline-excerpt\"><p>Circulation exceptionnelle de la BB 64066 de la CMR (Cellule des Mat\u00e9riels Radi\u00e9s) sur la Petite Ceinture, en vue du retrait des voitures UIC gar\u00e9es sur le faisceau de Bercy-Charenton.<\/p><\/div>\n\t\t\t\t\t\t\t\t\t\t\t\t\t\t\t\t\t\t\t\t\t\t\t<a href=\"https:\/\/petiteceinture.org\/la-ligne\/petite-ceinture-resiste-reecriture-histoire\/\" class=\"oew-timeline-readmore button\">\n\t\t\t\t\t\t\t\t\t\t\t\t\t\n\t\t\t\t\t\t\t\t\t\t\t\t\tFind out&nbsp;more&nbsp;<span class=\"oew-button-icon oew-align-right\">\n\t\t\t\t\t\t\t\t\t\t\t\t\t\t\t<i aria-hidden=\"true\" class=\"fas fa-long-arrow-alt-right\"><\/i>\t\t\t\t\t\t\t\t\t\t\t\t\t\t<\/span>\n\t\t\t\t\t\t\t\t\t\t\t\t\t\t\t\t\t\t\t\t\t\t\t\t\t<\/a>\n\t\t\t\t\t\t\t\t\t\t\t\t\t\t\t\t\t\t\t  \t\t<\/div>\n\t\t\t\t\t\t\t\t\t<\/div>\n\t\t\t\t\t\t\t\t<\/div>\n\n\t\t\t\t\t\t\t<\/div>\n\t\t\t\t\t\t<\/div>\n\n\t\t\t\t\t  \t\n\t\t\t\t  \t\t<div class=\"oew-timeline-item oew-timeline-item-left\">\n\t\t\t\t  \t\t\t<div class=\"oew-timeline-item-wrap\">\n\n\t\t\t\t  \t\t\t\t<div class=\"oew-timeline-line\"><span><\/span><\/div>\n\n\t\t\t\t\t  \t\t\t<div class=\"oew-timeline-item-container\">\n\t\t\t\t\t  \t\t\t\t<div class=\"oew-timeline-icon oew-timeline-custom-icon\"><span><i aria-hidden=\"true\" class=\"fas fa-train\"><\/i><\/span><\/div>\n\n\t\t\t\t\t\t  \t\t\t<div class=\"oew-timeline-item-main\">\n\t\t\t\t\t\t  \t\t\t\t<span class=\"oew-timeline-arrow\"><\/span>\n\n\t\t\t\t\t\t  \t\t\t\t\t\t\t\t\t\t\t\t\t  \t\t<div class=\"oew-timeline-thumbnail\">\n\t\t\t\t\t\t\t\t\t\t\t\t<a href=\"https:\/\/petiteceinture.org\/une-ligne-davenir\/retour-du-train-sur-la-petite-ceinture-au-sein-du-parc-martin-luther-king\/\" title=\"Retour du train sur la Petite Ceinture\">\n\t\t\t\t\t\t\t\t\t  \t\t\t\t<img decoding=\"async\" src=\"https:\/\/petiteceinture.org\/wp-content\/uploads\/2021\/12\/Train-Batignolles-matin-JN-Lehec-1400-2.jpg\" alt=\"Retour du train sur la Petite Ceinture\">\n\t\t\t\t\t\t\t\t\t  \t\t\t<\/a>\n\t\t\t\t\t\t\t\t\t  \t\t<\/div>\n\t\t\t\t\t\t\t\t  \t\t\n\t\t\t\t\t\t\t\t  \t\t<div class=\"oew-timeline-desc\">\n\t\t\t\t\t\t\t\t\t\t\t\t\t\t\t\t\t\t\t\t\t\t\t<h4 class=\"oew-timeline-title\">\n\t\t\t\t\t\t\t\t\t\t\t\t\t<a href=\"https:\/\/petiteceinture.org\/une-ligne-davenir\/retour-du-train-sur-la-petite-ceinture-au-sein-du-parc-martin-luther-king\/\" title=\"Retour du train sur la Petite Ceinture\">Retour du train sur la Petite Ceinture<\/a>\n\t\t\t\t\t\t\t\t\t\t\t\t<\/h4>\n\t\t\t\t\t\t\t\t\t\t\t\t\t\t\t\t\t\t\t\t\t\t\t<ul class=\"oew-timeline-meta oew-timeline-hidden\">\n\t\t\t\t\t\t\t\t\t\t\t\t\t<li>14 d\u00e9cembre 2021<\/li>\n\t\t\t\t\t\t\t\t\t\t\t\t<\/ul>\n\t\t\t\t\t\t\t\t\t\t\t\t\t\t\t\t\t\t\t\t\t\t\t<div class=\"oew-timeline-excerpt\"><p>Depuis le 14 d\u00e9cembre 2021, un train dessert 2 fois par semaine la centrale \u00e0 b\u00e9ton&nbsp;Eqiom, dans le 17<sup class=\"ordinal\">e<\/sup> arrondissement, et effectue des man\u0153uvres sur la Petite Ceinture de Paris&nbsp;au niveau du parc&nbsp;Martin Luther King. Ce train \u00e9vite ainsi la circulation d\u2019une cinquantaine de camions en \u00cele-de-France.&nbsp;<\/p><p>Un exemple concret de la n\u00e9cessit\u00e9 de pr\u00e9server les infrastructures ferroviaires existantes, afin qu\u2019elles puissent servir concr\u00e8tement \u00e0 la desserte des activit\u00e9s environnantes.&nbsp;<\/p><\/div>\n\t\t\t\t\t\t\t\t\t\t\t\t\t\t\t\t\t\t\t\t\t\t\t<a href=\"https:\/\/petiteceinture.org\/une-ligne-davenir\/retour-du-train-sur-la-petite-ceinture-au-sein-du-parc-martin-luther-king\/\" class=\"oew-timeline-readmore button\">\n\t\t\t\t\t\t\t\t\t\t\t\t\t\n\t\t\t\t\t\t\t\t\t\t\t\t\tFind out&nbsp;more&nbsp;<span class=\"oew-button-icon oew-align-right\">\n\t\t\t\t\t\t\t\t\t\t\t\t\t\t\t<i aria-hidden=\"true\" class=\"fas fa-long-arrow-alt-right\"><\/i>\t\t\t\t\t\t\t\t\t\t\t\t\t\t<\/span>\n\t\t\t\t\t\t\t\t\t\t\t\t\t\t\t\t\t\t\t\t\t\t\t\t\t<\/a>\n\t\t\t\t\t\t\t\t\t\t\t\t\t\t\t\t\t\t\t  \t\t<\/div>\n\t\t\t\t\t\t\t\t\t<\/div>\n\t\t\t\t\t\t\t\t<\/div>\n\n\t\t\t\t\t\t\t<\/div>\n\t\t\t\t\t\t<\/div>\n\n\t\t\t\t\t  \t\t\t\t\t\t  \t\t\t\t\t\t  \t\t\t<div class=\"oew-timeline-item\">\n\t\t\t\t\t\t  \t\t<div class=\"oew-timeline-date\"><span>14 d\u00e9cembre 2021<\/span><\/div>\n\t\t\t\t\t\t\t<\/div>\n\t\t\t\t\t\t\n\t\t\t\t<\/div>\n\t\t\t<\/div>\n\n\t\t\t\t\t\t<\/div>\n\t\t\t\t<\/div>\n\t\t\t\t\t<\/div>\n\t\t<\/div>\n\t\t\t\t\t<\/div>\n\t\t<\/section>\n\t\t\t\t<\/div>","protected":false},"excerpt":{"rendered":"<p>De 1852 \u00e0 2021, retrouvez toutes les dates-cl\u00e9s de l\u2019histoire de la Petite Ceinture ferroviaire de&nbsp;Paris<\/p>","protected":false},"author":5,"featured_media":3223,"parent":328,"menu_order":11,"comment_status":"closed","ping_status":"closed","template":"elementor_header_footer","meta":{"wp_typography_post_enhancements_disabled":false,"ocean_post_layout":"","ocean_both_sidebars_style":"","ocean_both_sidebars_content_width":0,"ocean_both_sidebars_sidebars_width":0,"ocean_sidebar":"0","ocean_second_sidebar":"0","ocean_disable_margins":"enable","ocean_add_body_class":"","ocean_shortcode_before_top_bar":"","ocean_shortcode_after_top_bar":"","ocean_shortcode_before_header":"","ocean_shortcode_after_header":"","ocean_has_shortcode":"","ocean_shortcode_after_title":"","ocean_shortcode_before_footer_widgets":"","ocean_shortcode_after_footer_widgets":"","ocean_shortcode_before_footer_bottom":"","ocean_shortcode_after_footer_bottom":"","ocean_display_top_bar":"default","ocean_display_header":"default","ocean_header_style":"","ocean_center_header_left_menu":"0","ocean_custom_header_template":"0","ocean_custom_logo":0,"ocean_custom_retina_logo":0,"ocean_custom_logo_max_width":0,"ocean_custom_logo_tablet_max_width":0,"ocean_custom_logo_mobile_max_width":0,"ocean_custom_logo_max_height":0,"ocean_custom_logo_tablet_max_height":0,"ocean_custom_logo_mobile_max_height":0,"ocean_header_custom_menu":"0","ocean_menu_typo_font_family":"0","ocean_menu_typo_font_subset":"","ocean_menu_typo_font_size":0,"ocean_menu_typo_font_size_tablet":0,"ocean_menu_typo_font_size_mobile":0,"ocean_menu_typo_font_size_unit":"px","ocean_menu_typo_font_weight":"","ocean_menu_typo_font_weight_tablet":"","ocean_menu_typo_font_weight_mobile":"","ocean_menu_typo_transform":"","ocean_menu_typo_transform_tablet":"","ocean_menu_typo_transform_mobile":"","ocean_menu_typo_line_height":0,"ocean_menu_typo_line_height_tablet":0,"ocean_menu_typo_line_height_mobile":0,"ocean_menu_typo_line_height_unit":"","ocean_menu_typo_spacing":0,"ocean_menu_typo_spacing_tablet":0,"ocean_menu_typo_spacing_mobile":0,"ocean_menu_typo_spacing_unit":"","ocean_menu_link_color":"","ocean_menu_link_color_hover":"","ocean_menu_link_color_active":"","ocean_menu_link_background":"","ocean_menu_link_hover_background":"","ocean_menu_link_active_background":"","ocean_menu_social_links_bg":"","ocean_menu_social_hover_links_bg":"","ocean_menu_social_links_color":"","ocean_menu_social_hover_links_color":"","ocean_disable_title":"default","ocean_disable_heading":"default","ocean_post_title":"","ocean_post_subheading":"","ocean_post_title_style":"","ocean_post_title_background_color":"","ocean_post_title_background":0,"ocean_post_title_bg_image_position":"","ocean_post_title_bg_image_attachment":"","ocean_post_title_bg_image_repeat":"","ocean_post_title_bg_image_size":"","ocean_post_title_height":0,"ocean_post_title_bg_overlay":0.5,"ocean_post_title_bg_overlay_color":"","ocean_disable_breadcrumbs":"default","ocean_breadcrumbs_color":"","ocean_breadcrumbs_separator_color":"","ocean_breadcrumbs_links_color":"","ocean_breadcrumbs_links_hover_color":"","ocean_display_footer_widgets":"default","ocean_display_footer_bottom":"default","ocean_custom_footer_template":"0","ofc_meta_disable_footer_callout":"","ofc_meta_callout_button_url":"","ofc_meta_callout_button_txt":"","ofc_meta_callout_text":"","ofc_enable_fullscreen":"disable","ofc_fullscreen_speed":0,"ofc_fullscreen_nav":"enable","ofc_fullscreen_nav_pos":"right","ofc_fullscreen_nav_color":"","ofc_fullscreen_nav_tooltip_color":"","ofc_fullscreen_responsive":0,"footnotes":""},"class_list":["post-1461","page","type-page","status-publish","has-post-thumbnail","hentry","entry","has-media"],"yoast_head":"<!-- This site is optimized with the Yoast SEO plugin v27.4 - https:\/\/yoast.com\/product\/yoast-seo-wordpress\/ -->\n<title>Les dates importantes pour la Petite Ceinture - ASPCRF<\/title>\n<meta name=\"description\" content=\"De quand date la Petite Ceinture ferroviaire de Paris ? Quand a-t-elle ferm\u00e9 ? Retrouvez les dates importantes dans notre chronologie.\" \/>\n<meta name=\"robots\" content=\"index, follow, max-snippet:-1, max-image-preview:large, max-video-preview:-1\" \/>\n<link rel=\"canonical\" href=\"https:\/\/petiteceinture.org\/en\/the-line\/chronologie\/\" \/>\n<meta property=\"og:locale\" content=\"en_GB\" \/>\n<meta property=\"og:type\" content=\"article\" \/>\n<meta property=\"og:title\" content=\"Les dates importantes pour la Petite Ceinture - ASPCRF\" \/>\n<meta property=\"og:description\" content=\"De quand date la Petite Ceinture ferroviaire de Paris ? Quand a-t-elle ferm\u00e9 ? Retrouvez les dates importantes dans notre chronologie.\" \/>\n<meta property=\"og:url\" content=\"https:\/\/petiteceinture.org\/en\/the-line\/chronologie\/\" \/>\n<meta property=\"og:site_name\" content=\"Association Sauvegarde Petite Ceinture\" \/>\n<meta property=\"article:publisher\" content=\"https:\/\/www.facebook.com\/pages\/Petite-Ceinture-Ferroviaire-de-Paris\/384748434945135\" \/>\n<meta property=\"article:modified_time\" content=\"2024-07-22T09:58:04+00:00\" \/>\n<meta property=\"og:image\" content=\"https:\/\/petiteceinture.org\/wp-content\/uploads\/2020\/12\/pc06-g-paris-cdf-sncf-petite-ceinture-voyage-copef-30-09-20.jpg\" \/>\n\t<meta property=\"og:image:width\" content=\"850\" \/>\n\t<meta property=\"og:image:height\" content=\"563\" \/>\n\t<meta property=\"og:image:type\" content=\"image\/jpeg\" \/>\n<meta name=\"twitter:card\" content=\"summary_large_image\" \/>\n<meta name=\"twitter:site\" content=\"@aspcrf\" \/>\n<meta name=\"twitter:label1\" content=\"Estimated reading time\" \/>\n\t<meta name=\"twitter:data1\" content=\"14 minutes\" \/>\n<script type=\"application\/ld+json\" class=\"yoast-schema-graph\">{\"@context\":\"https:\\\/\\\/schema.org\",\"@graph\":[{\"@type\":\"WebPage\",\"@id\":\"https:\\\/\\\/petiteceinture.org\\\/la-ligne\\\/chronologie\\\/\",\"url\":\"https:\\\/\\\/petiteceinture.org\\\/la-ligne\\\/chronologie\\\/\",\"name\":\"Les dates importantes pour la Petite Ceinture - ASPCRF\",\"isPartOf\":{\"@id\":\"https:\\\/\\\/petiteceinture.org\\\/#website\"},\"primaryImageOfPage\":{\"@id\":\"https:\\\/\\\/petiteceinture.org\\\/la-ligne\\\/chronologie\\\/#primaryimage\"},\"image\":{\"@id\":\"https:\\\/\\\/petiteceinture.org\\\/la-ligne\\\/chronologie\\\/#primaryimage\"},\"thumbnailUrl\":\"https:\\\/\\\/petiteceinture.org\\\/wp-content\\\/uploads\\\/2020\\\/12\\\/pc06-g-paris-cdf-sncf-petite-ceinture-voyage-copef-30-09-20.jpg\",\"datePublished\":\"2020-07-08T14:05:09+00:00\",\"dateModified\":\"2024-07-22T09:58:04+00:00\",\"description\":\"De quand date la Petite Ceinture ferroviaire de Paris ? Quand a-t-elle ferm\u00e9 ? Retrouvez les dates importantes dans notre chronologie.\",\"breadcrumb\":{\"@id\":\"https:\\\/\\\/petiteceinture.org\\\/la-ligne\\\/chronologie\\\/#breadcrumb\"},\"inLanguage\":\"en-GB\",\"potentialAction\":[{\"@type\":\"ReadAction\",\"target\":[\"https:\\\/\\\/petiteceinture.org\\\/la-ligne\\\/chronologie\\\/\"]}]},{\"@type\":\"ImageObject\",\"inLanguage\":\"en-GB\",\"@id\":\"https:\\\/\\\/petiteceinture.org\\\/la-ligne\\\/chronologie\\\/#primaryimage\",\"url\":\"https:\\\/\\\/petiteceinture.org\\\/wp-content\\\/uploads\\\/2020\\\/12\\\/pc06-g-paris-cdf-sncf-petite-ceinture-voyage-copef-30-09-20.jpg\",\"contentUrl\":\"https:\\\/\\\/petiteceinture.org\\\/wp-content\\\/uploads\\\/2020\\\/12\\\/pc06-g-paris-cdf-sncf-petite-ceinture-voyage-copef-30-09-20.jpg\",\"width\":850,\"height\":563,\"caption\":\"2000, train sp\u00e9cial ASPCRF\"},{\"@type\":\"BreadcrumbList\",\"@id\":\"https:\\\/\\\/petiteceinture.org\\\/la-ligne\\\/chronologie\\\/#breadcrumb\",\"itemListElement\":[{\"@type\":\"ListItem\",\"position\":1,\"name\":\"Accueil\",\"item\":\"https:\\\/\\\/petiteceinture.org\\\/\"},{\"@type\":\"ListItem\",\"position\":2,\"name\":\"La petite ceinture ferroviaire de paris\",\"item\":\"https:\\\/\\\/petiteceinture.org\\\/la-ligne\\\/\"},{\"@type\":\"ListItem\",\"position\":3,\"name\":\"Chronologie\"}]},{\"@type\":\"WebSite\",\"@id\":\"https:\\\/\\\/petiteceinture.org\\\/#website\",\"url\":\"https:\\\/\\\/petiteceinture.org\\\/\",\"name\":\"Association Sauvegarde Petite Ceinture\",\"description\":\"Association pour la Sauvegarde de la Petite Ceinture et de son r\u00e9seau ferr\u00e9\",\"publisher\":{\"@id\":\"https:\\\/\\\/petiteceinture.org\\\/#organization\"},\"potentialAction\":[{\"@type\":\"SearchAction\",\"target\":{\"@type\":\"EntryPoint\",\"urlTemplate\":\"https:\\\/\\\/petiteceinture.org\\\/?s={search_term_string}\"},\"query-input\":{\"@type\":\"PropertyValueSpecification\",\"valueRequired\":true,\"valueName\":\"search_term_string\"}}],\"inLanguage\":\"en-GB\"},{\"@type\":\"Organization\",\"@id\":\"https:\\\/\\\/petiteceinture.org\\\/#organization\",\"name\":\"Association Sauvegarde de la Petite Ceinture et de son R\u00e9seau Ferr\u00e9\",\"url\":\"https:\\\/\\\/petiteceinture.org\\\/\",\"logo\":{\"@type\":\"ImageObject\",\"inLanguage\":\"en-GB\",\"@id\":\"https:\\\/\\\/petiteceinture.org\\\/#\\\/schema\\\/logo\\\/image\\\/\",\"url\":\"https:\\\/\\\/petiteceinture.org\\\/wp-content\\\/uploads\\\/2020\\\/01\\\/Logo-SPC-fond-blanc-200.png\",\"contentUrl\":\"https:\\\/\\\/petiteceinture.org\\\/wp-content\\\/uploads\\\/2020\\\/01\\\/Logo-SPC-fond-blanc-200.png\",\"width\":200,\"height\":206,\"caption\":\"Association Sauvegarde de la Petite Ceinture et de son R\u00e9seau Ferr\u00e9\"},\"image\":{\"@id\":\"https:\\\/\\\/petiteceinture.org\\\/#\\\/schema\\\/logo\\\/image\\\/\"},\"sameAs\":[\"https:\\\/\\\/www.facebook.com\\\/pages\\\/Petite-Ceinture-Ferroviaire-de-Paris\\\/384748434945135\",\"https:\\\/\\\/x.com\\\/aspcrf\",\"https:\\\/\\\/www.instagram.com\\\/petiteceintureparis\",\"https:\\\/\\\/www.pinterest.fr\\\/petiteceintureparis\\\/\",\"https:\\\/\\\/www.youtube.com\\\/channel\\\/UC-HE5oJlzq506aGkEsaZzWA\"]}]}<\/script>\n<!-- \/ Yoast SEO plugin. -->","yoast_head_json":{"title":"Les dates importantes pour la Petite Ceinture \u2013 ASPCRF","description":"De quand date la Petite Ceinture ferroviaire de Paris&nbsp;? Quand a\u2011t-elle ferm\u00e9&nbsp;? Retrouvez les dates importantes dans notre chronologie.","robots":{"index":"index","follow":"follow","max-snippet":"max-snippet:-1","max-image-preview":"max-image-preview:large","max-video-preview":"max-video-preview:-1"},"canonical":"https:\/\/petiteceinture.org\/en\/the-line\/chronologie\/","og_locale":"en_GB","og_type":"article","og_title":"Les dates importantes pour la Petite Ceinture - ASPCRF","og_description":"De quand date la Petite Ceinture ferroviaire de Paris ? Quand a-t-elle ferm\u00e9 ? Retrouvez les dates importantes dans notre chronologie.","og_url":"https:\/\/petiteceinture.org\/en\/the-line\/chronologie\/","og_site_name":"Association Sauvegarde Petite Ceinture","article_publisher":"https:\/\/www.facebook.com\/pages\/Petite-Ceinture-Ferroviaire-de-Paris\/384748434945135","article_modified_time":"2024-07-22T09:58:04+00:00","og_image":[{"width":850,"height":563,"url":"https:\/\/petiteceinture.org\/wp-content\/uploads\/2020\/12\/pc06-g-paris-cdf-sncf-petite-ceinture-voyage-copef-30-09-20.jpg","type":"image\/jpeg"}],"twitter_card":"summary_large_image","twitter_site":"@aspcrf","twitter_misc":{"Estimated reading time":"14 minutes"},"schema":{"@context":"https:\/\/schema.org","@graph":[{"@type":"WebPage","@id":"https:\/\/petiteceinture.org\/la-ligne\/chronologie\/","url":"https:\/\/petiteceinture.org\/la-ligne\/chronologie\/","name":"Les dates importantes pour la Petite Ceinture \u2013 ASPCRF","isPartOf":{"@id":"https:\/\/petiteceinture.org\/#website"},"primaryImageOfPage":{"@id":"https:\/\/petiteceinture.org\/la-ligne\/chronologie\/#primaryimage"},"image":{"@id":"https:\/\/petiteceinture.org\/la-ligne\/chronologie\/#primaryimage"},"thumbnailUrl":"https:\/\/petiteceinture.org\/wp-content\/uploads\/2020\/12\/pc06-g-paris-cdf-sncf-petite-ceinture-voyage-copef-30-09-20.jpg","datePublished":"2020-07-08T14:05:09+00:00","dateModified":"2024-07-22T09:58:04+00:00","description":"De quand date la Petite Ceinture ferroviaire de Paris&nbsp;? Quand a\u2011t-elle ferm\u00e9&nbsp;? Retrouvez les dates importantes dans notre chronologie.","breadcrumb":{"@id":"https:\/\/petiteceinture.org\/la-ligne\/chronologie\/#breadcrumb"},"inLanguage":"en-GB","potentialAction":[{"@type":"ReadAction","target":["https:\/\/petiteceinture.org\/la-ligne\/chronologie\/"]}]},{"@type":"ImageObject","inLanguage":"en-GB","@id":"https:\/\/petiteceinture.org\/la-ligne\/chronologie\/#primaryimage","url":"https:\/\/petiteceinture.org\/wp-content\/uploads\/2020\/12\/pc06-g-paris-cdf-sncf-petite-ceinture-voyage-copef-30-09-20.jpg","contentUrl":"https:\/\/petiteceinture.org\/wp-content\/uploads\/2020\/12\/pc06-g-paris-cdf-sncf-petite-ceinture-voyage-copef-30-09-20.jpg","width":850,"height":563,"caption":"2000, train sp\u00e9cial ASPCRF"},{"@type":"BreadcrumbList","@id":"https:\/\/petiteceinture.org\/la-ligne\/chronologie\/#breadcrumb","itemListElement":[{"@type":"ListItem","position":1,"name":"Accueil","item":"https:\/\/petiteceinture.org\/"},{"@type":"ListItem","position":2,"name":"La petite ceinture ferroviaire de paris","item":"https:\/\/petiteceinture.org\/la-ligne\/"},{"@type":"ListItem","position":3,"name":"Chronologie"}]},{"@type":"WebSite","@id":"https:\/\/petiteceinture.org\/#website","url":"https:\/\/petiteceinture.org\/","name":"Association Sauvegarde Petite Ceinture","description":"Association for the Safeguarding of the Petite Ceinture and its Rail Network","publisher":{"@id":"https:\/\/petiteceinture.org\/#organization"},"potentialAction":[{"@type":"SearchAction","target":{"@type":"EntryPoint","urlTemplate":"https:\/\/petiteceinture.org\/?s={search_term_string}"},"query-input":{"@type":"PropertyValueSpecification","valueRequired":true,"valueName":"search_term_string"}}],"inLanguage":"en-GB"},{"@type":"Organization","@id":"https:\/\/petiteceinture.org\/#organization","name":"Association for the Safeguard of the Petite Ceinture and its Railway Network","url":"https:\/\/petiteceinture.org\/","logo":{"@type":"ImageObject","inLanguage":"en-GB","@id":"https:\/\/petiteceinture.org\/#\/schema\/logo\/image\/","url":"https:\/\/petiteceinture.org\/wp-content\/uploads\/2020\/01\/Logo-SPC-fond-blanc-200.png","contentUrl":"https:\/\/petiteceinture.org\/wp-content\/uploads\/2020\/01\/Logo-SPC-fond-blanc-200.png","width":200,"height":206,"caption":"Association Sauvegarde de la Petite Ceinture et de son R\u00e9seau Ferr\u00e9"},"image":{"@id":"https:\/\/petiteceinture.org\/#\/schema\/logo\/image\/"},"sameAs":["https:\/\/www.facebook.com\/pages\/Petite-Ceinture-Ferroviaire-de-Paris\/384748434945135","https:\/\/x.com\/aspcrf","https:\/\/www.instagram.com\/petiteceintureparis","https:\/\/www.pinterest.fr\/petiteceintureparis\/","https:\/\/www.youtube.com\/channel\/UC-HE5oJlzq506aGkEsaZzWA"]}]}},"_links":{"self":[{"href":"https:\/\/petiteceinture.org\/en\/wp-json\/wp\/v2\/pages\/1461","targetHints":{"allow":["GET"]}}],"collection":[{"href":"https:\/\/petiteceinture.org\/en\/wp-json\/wp\/v2\/pages"}],"about":[{"href":"https:\/\/petiteceinture.org\/en\/wp-json\/wp\/v2\/types\/page"}],"author":[{"embeddable":true,"href":"https:\/\/petiteceinture.org\/en\/wp-json\/wp\/v2\/users\/5"}],"replies":[{"embeddable":true,"href":"https:\/\/petiteceinture.org\/en\/wp-json\/wp\/v2\/comments?post=1461"}],"version-history":[{"count":18,"href":"https:\/\/petiteceinture.org\/en\/wp-json\/wp\/v2\/pages\/1461\/revisions"}],"predecessor-version":[{"id":8637,"href":"https:\/\/petiteceinture.org\/en\/wp-json\/wp\/v2\/pages\/1461\/revisions\/8637"}],"up":[{"embeddable":true,"href":"https:\/\/petiteceinture.org\/en\/wp-json\/wp\/v2\/pages\/328"}],"wp:featuredmedia":[{"embeddable":true,"href":"https:\/\/petiteceinture.org\/en\/wp-json\/wp\/v2\/media\/3223"}],"wp:attachment":[{"href":"https:\/\/petiteceinture.org\/en\/wp-json\/wp\/v2\/media?parent=1461"}],"curies":[{"name":"wp","href":"https:\/\/api.w.org\/{rel}","templated":true}]}}